{"id":22444,"date":"2024-10-29T19:16:00","date_gmt":"2024-10-29T17:16:00","guid":{"rendered":"http:\/\/www.gdansk.baptysci.pl\/?page_id=22444"},"modified":"2024-11-10T19:29:19","modified_gmt":"2024-11-10T17:29:19","slug":"standardy-ochrony-malolenich","status":"publish","type":"page","link":"http:\/\/www.gdansk.baptysci.pl\/index.php\/standardy-ochrony-malolenich\/","title":{"rendered":"Standardy Ochrony Ma\u0142olenich"},"content":{"rendered":"\n<p class=\"has-text-align-center\"><strong>Uchwa\u0142a Rady Pierwszego Zboru KChB w Gda\u0144sku<\/strong><br><strong>z dnia 15 sierpnia 2024 r.<\/strong> <br><strong>wprowadzaj\u0105ca<\/strong><br><strong>Standardy ochrony ma\u0142oletnich<\/strong><br><strong>obowi\u0105zuj\u0105ce<\/strong><br><strong>w Pierwszym Zborze Ko\u015bcio\u0142a Chrze\u015bcijan Baptyst\u00f3w<\/strong><br><strong>w Gda\u0144sku<\/strong><\/p>\n\n\n\n<p>Zwa\u017cywszy, \u017ce:<\/p>\n\n\n\n<ul>\n<li>Pierwszy Zb\u00f3r Ko\u015bcio\u0142a Chrze\u015bcijan Baptyst\u00f3w w Gda\u0144sku, zwany dalej Zborem, prowadzi dzia\u0142alno\u015b\u0107 katechetyczn\u0105 i duszpastersk\u0105 adresowan\u0105 do os\u00f3b ma\u0142oletnich, zwanych dalej \u201eDzie\u0107mi\u201d,<\/li>\n\n\n\n<li>Celem dzia\u0142alno\u015bci katechetycznej i duszpasterskiej Zboru jest duchowy, intelektualny i spo\u0142eczny rozw\u00f3j Dzieci,<\/li>\n\n\n\n<li>Dzia\u0142alno\u015b\u0107 katechetyczna i duszpasterska powinna by\u0107 prowadzona we wsp\u00f3\u0142pracy z Rodzicami i Opiekunami, z poszanowaniem zasad wynikaj\u0105cych z Pisma \u015awi\u0119tego i powszechnie obowi\u0105zuj\u0105cego prawa, a tak\u017ce z poszanowaniem praw i wolno\u015bci Dzieci, oraz ich Rodzic\u00f3w i Opiekun\u00f3w,<\/li>\n\n\n\n<li>Zb\u00f3r powinien by\u0107 miejscem bezpiecznym, a nad dobrem i bezpiecze\u0144stwem Dzieci powinien czuwa\u0107 odpowiednio przygotowany <strong>Personel (Pracownicy Zboru, w tym tak\u017ce duchowni i wolontariusze<\/strong>),<\/li>\n\n\n\n<li>Zgodnie z art. 22 b i 22 c ustawy z 13 maja 2016 r. o przeciwdzia\u0142aniu zagro\u017ceniom przest\u0119pczo\u015bcia\u0328 na tle seksualnym i ochronie ma\u0142oletnich, Zb\u00f3r jest zobowi\u0105zany do wprowadzenia Standard\u00f3w Ochrony Ma\u0142oletnich dostosowanych do charakteru i rodzaju dzia\u0142alno\u015bci prowadzonej przez Zb\u00f3r,<\/li>\n<\/ul>\n\n\n\n<p>Rada Zboru przyjmuje<\/p>\n\n\n\n<p><strong>Standardy ochrony ma\u0142oletnich obowi\u0105zuj\u0105ce w Pierwszym Zborze Ko\u015b<\/strong><strong>cio<\/strong><strong>\u0142a Chrze\u015bcijan Baptyst<\/strong><strong>\u00f3<\/strong><strong>w w Gda\u0144sku, <\/strong>stanowi\u0105ce za\u0142\u0105cznik do niniejszej uchwa\u0142y zwane dalej \u201eStandardami\u201d i zobowi\u0105zuje wszystkie osoby zaanga\u017cowane w dzia\u0142alno\u015b\u0107 katechetyczn\u0105 i duszpastersk\u0105 adresowan\u0105 do Dzieci, zwane dalej \u201ePracownikami\u201d, albo \u201ePersonelem\u201d do ich bezwzgl\u0119dnego stosowania.<\/p>\n\n\n\n<p>Standardy obejmuj\u0105:<\/p>\n\n\n\n<ol>\n<li>zasady zapewniaj\u0105ce bezpieczne relacje mi\u0119dzy Dzieckiem a Personelem Zboru, a w szczeg\u00f3lno\u015bci zachowania niedozwolone wobec Dzieci,<\/li>\n\n\n\n<li>wymogi dotycz\u0105ce bezpiecznych relacji pomi\u0119dzy Dzie\u0107mi, a w szczeg\u00f3lno\u015bci zachowania niedozwolone,<\/li>\n\n\n\n<li>zasady i procedur\u0119 podejmowania interwencji w sytuacji podejrzenia krzywdzenia lub posiadania informacji o krzywdzeniu Dziecka, oraz zasady ustalania planu wsparcia ma\u0142oletniego po ujawnieniu krzywdzenia,<\/li>\n\n\n\n<li>procedury sk\u0142adania zawiadomie\u0144 o podejrzeniu pope\u0142nienia przest\u0119pstwa na szkod\u0119 Dziecka i zawiadamiania s\u0105du opieku\u0144czego,<\/li>\n\n\n\n<li>spos\u00f3b dokumentowania i zasady przechowywania ujawnionych lub zg\u0142oszonych incydent\u00f3w lub zdarze\u0144 zagra\u017caj\u0105cych dobru ma\u0142oletniego,<\/li>\n\n\n\n<li>zasady korzystania z urz\u0105dze\u0144 elektronicznych z dost\u0119pem do sieci Internet i procedury ochrony Dzieci przed tre\u015bciami szkodliwymi i zagro\u017ceniami w sieci Internet oraz utrwalonymi w innej formie;<\/li>\n\n\n\n<li>zasady i spos\u00f3b udost\u0119pniania Rodzicom albo Opiekunom prawnym lub faktycznym oraz dzieciom Standard\u00f3w do zaznajomienia si\u0119 z nimi i ich stosowania,<\/li>\n\n\n\n<li>zasady przygotowania Personelu do stosowania Standard\u00f3w, oraz spos\u00f3b dokumentowania tej czynno\u015bci,<\/li>\n\n\n\n<li>zasady przegl\u0105du i aktualizacji Standard\u00f3w.<\/li>\n<\/ol>\n\n\n\n<p>W Za\u0142\u0105cznikach do Standard\u00f3w okre\u015blono:<\/p>\n\n\n\n<ol>\n<li>Zasady rekrutacji Pracownik\u00f3w (za\u0142. nr 1),<\/li>\n\n\n\n<li>Wersj\u0119 skr\u00f3con\u0105 Standard\u00f3w (za\u0142. nr 2),<\/li>\n\n\n\n<li>Zasady ochrony wizerunku Dzieci (za\u0142. nr 3).<\/li>\n<\/ol>\n\n\n\n<p>W celu wykonania niniejszej uchwa\u0142y Rada Zboru wskazuje:<\/p>\n\n\n\n<ol>\n<li><strong>Krzysztofa Wantucha<\/strong> jako osob\u0119 odpowiedzialn\u0105 za przygotowanie Personelu Zboru do stosowania Standard\u00f3w,<\/li>\n\n\n\n<li><strong>Ew\u0119 Turza\u0144sk\u0105<\/strong> jako osob\u0119 odpowiedzialn\u0105 za przyjmowanie zg\u0142osze\u0144 o zdarzeniach zagra\u017caj\u0105cych ma\u0142oletniemu i udzielenie mu wsparcia.<\/li>\n<\/ol>\n\n\n\n<hr class=\"wp-block-separator has-alpha-channel-opacity is-style-dots\"\/>\n\n\n\n<p class=\"has-text-align-center\">Za\u0142\u0105cznik do uchwa\u0142y Rady Pierwszego Zboru KChB w Gda\u0144sku z dnia 15 sierpnia 2024 r.<\/p>\n\n\n\n<p class=\"has-text-align-center\"><strong>Standardy ochrony ma\u0142oletnich<\/strong><br><strong>obowi\u0105zuj\u0105ce<\/strong><br><strong>w Pierwszym Zborze Ko\u015bcio\u0142a Chrze\u015bcijan Baptyst\u00f3w w Gda\u0144sku,<\/strong><\/p>\n\n\n\n<p class=\"has-text-align-center\">\u00a7 1<\/p>\n\n\n\n<p><strong>Zasady zapewniaj\u0105ce bezpieczne relacje mi\u0119dzy Dzieckiem a Personelem Zboru. Zachowania niedozwolone wobec Dzieci.<\/strong><\/p>\n\n\n\n<ol>\n<li><strong>Personelem Zboru s\u0105 wszyscy Pracownicy Zboru niezale\u017cnie od \u0142\u0105cz\u0105cego ich ze Zborem stosunku prawnego, w szczeg\u00f3lno\u015bci duchowni, pracownicy, wolontariusze, liderzy s\u0142u\u017cb, nauczyciele szk\u00f3\u0142ek niedzielnych, etc.<\/strong><\/li>\n\n\n\n<li>Pracownicy Zboru s\u0105 zobowi\u0105zani:\n<ol>\n<li>Odnosi\u0107 si\u0119 do Dzieci z uwa\u017cno\u015bci\u0105, szacunkiem, cierpliwo\u015bci\u0105 i wyrozumia\u0142o\u015bci\u0105,<\/li>\n\n\n\n<li>Uwzgl\u0119dnia\u0107 w sposobie prowadzenia zaj\u0119\u0107 i relacjach z Dzie\u0107mi ich wiek i dojrza\u0142o\u015b\u0107 intelektualn\u0105 i emocjonaln\u0105, a tak\u017ce niepe\u0142nosprawno\u015b\u0107 i specjalne potrzeby edukacyjne,<\/li>\n\n\n\n<li>Czuwa\u0107 nad bezpiecze\u0144stwem Dzieci.<\/li>\n<\/ol>\n<\/li>\n\n\n\n<li>Pracownikom Zboru zakazuje si\u0119:\n<ol>\n<li>stosowania jakichkolwiek form przemocy fizycznej wobec Dzieci, za wyj\u0105tkiem sytuacji w kt\u00f3rych jest ona niezb\u0119dna w celu unikni\u0119cia gro\u017c\u0105cego Dziecku bezpo\u015bredniego niebezpiecze\u0144stwa,<\/li>\n\n\n\n<li>niestosownego kontaktu fizycznego z Dzie\u0107mi, w szczeg\u00f3lno\u015bci kontaktu niejawnego, ukrywanego, podejmowanego bez zgody Dziecka, nieadekwatnego do sytuacji, wieku i dojrza\u0142o\u015bci Dziecka; dopuszczalny kontakt fizyczny powinien by\u0107 w naturalny spos\u00f3b zwi\u0105zany z zabaw\u0105, pomoc\u0105 Dziecku w czynno\u015bciach higienicznych, konieczno\u015bcia\u0328 zapewnienia Dziecku bezpiecze\u0144stwa, potrzeb\u0105 uspokojenia Dziecka;<\/li>\n\n\n\n<li>stosowania jakichkolwiek form przemocy psychicznej wobec Dzieci, w szczeg\u00f3lno\u015bci o\u015bmieszania, zawstydzania, upokarzania, lekcewa\u017cenia, lub obra\u017cania Dzieci,<\/li>\n\n\n\n<li>dyskryminowania i nier\u00f3wnego traktowania Dzieci z jakiegokolwiek powodu,<\/li>\n\n\n\n<li>nawi\u0105zywania z Dzie\u0107mi relacji o charakterze romantycznym, lub erotycznym,<\/li>\n\n\n\n<li>nawi\u0105zywania z Dzie\u0107mi jakichkolwiek relacji utrzymywanych w tajemnicy przed Rodzicami, lub Opiekunami,<\/li>\n\n\n\n<li>kontaktowania z Dzie\u0107mi poza zaj\u0119ciami, w szczeg\u00f3lno\u015bci drog\u0105 elektroniczn\u0105, bez wiedzy Rodzic\u00f3w, lub Opiekun\u00f3w,<\/li>\n\n\n\n<li>ujawniania jakichkolwiek informacji wra\u017cliwych i poufnych dotycz\u0105cych Dziecka, w szczeg\u00f3lno\u015bci jego sytuacji osobistej, rodzinnej, ekonomicznej i zdrowotnej,<\/li>\n\n\n\n<li>utrwalania i wykorzystywania wizerunku Dzieci bez uprzedniej zgody Rodzic\u00f3w, lub Opiekun\u00f3w,<\/li>\n\n\n\n<li>przebywania z Dzieckiem sam na sam w zamkni\u0119tym pomieszczeniu,<\/li>\n\n\n\n<li>spania w tym samym pokoju, lub namiocie co Dziecko podczas oboz\u00f3w, biwak\u00f3w i innych wyjazd\u00f3w, za wyj\u0105tkiem zbiorczych sal noclegowych w hostelach i schroniskach,<\/li>\n\n\n\n<li>prezentowania Dzieciom niestosownych tre\u015bci,<\/li>\n\n\n\n<li>zach\u0119cania Dzieci do spo\u017cywania alkoholu, lub innych \u015brodk\u00f3w odurzaj\u0105cych.<\/li>\n<\/ol>\n<\/li>\n<\/ol>\n\n\n\n<p class=\"has-text-align-center\">\u00a7 2<\/p>\n\n\n\n<p><strong>Wymogi dotycz\u0105ce bezpiecznych relacji pomi\u0119dzy Dzie\u0107mi. Zachowania niedozwolone.<\/strong><\/p>\n\n\n\n<ol>\n<li>Pracownicy Zboru dbaj\u0105 o to, aby relacje pomi\u0119dzy Dzie\u0107mi by\u0142y pe\u0142ne wzajemnego szacunku i \u017cyczliwo\u015bci.<\/li>\n\n\n\n<li>Pracownicy Zboru stanowczo i niezw\u0142ocznie reaguj\u0105 na niedozwolone zachowania Dzieci wzgl\u0119dem siebie nawzajem, takie jak:\n<ol>\n<li>przemoc fizyczna,<\/li>\n\n\n\n<li>przemoc psychiczna, w szczeg\u00f3lno\u015bci o\u015bmieszanie, zawstydzanie, upokarzanie, lekcewa\u017cenie, lub obra\u017canie,<\/li>\n\n\n\n<li>wulgarne s\u0142ownictwo,<\/li>\n\n\n\n<li>niestosowny kontakt fizyczny,<\/li>\n\n\n\n<li>zachowania niebezpieczne dla \u017cycia, lub zdrowia.<\/li>\n<\/ol>\n<\/li>\n<\/ol>\n\n\n\n<p class=\"has-text-align-center\">\u00a7 3<\/p>\n\n\n\n<p><strong>Zasady i procedura podejmowania interwencji w sytuacji podejrzenia krzywdzenia lub posiadania informacji o krzywdzeniu dziecka, oraz zasady ustalania planu wsparcia ma\u0142oletniego po ujawnieniu krzywdzenia<\/strong><\/p>\n\n\n\n<ol>\n<li><strong>Krzywdzeniem Dziecka jest stosowanie wobec dziecka niedopuszczalnych form przemocy fizycznej, przemoc psychiczna, a tak\u017ce zaniedbywanie Dziecka.<\/strong><\/li>\n<\/ol>\n\n\n\n<ol start=\"5\">\n<li>Ka\u017cdy, kto posiada informacj\u0119, lub uzasadnione podejrzenie, \u017ce Dziecko jest krzywdzone powinien zg\u0142osi\u0107 je osobie odpowiedzialnej za przyjmowanie zg\u0142osze\u0144 o zdarzeniach zagra\u017caj\u0105cych Dziecku i udzielenie mu wsparcia, kt\u00f3ra sporz\u0105dza notatk\u0119 ze zg\u0142oszenia i przekazuje j\u0105 niezw\u0142ocznie Radzie Zboru.<\/li>\n\n\n\n<li>Osoba odpowiedzialna za przyjmowanie zg\u0142osze\u0144 o zdarzeniach zagra\u017caj\u0105cych Dziecku i udzielenie mu wsparcia nie mo\u017ce by\u0107 bezpo\u015brednio zaanga\u017cowana w dzia\u0142alno\u015b\u0107 katechetyczn\u0105 i duszpastersk\u0105 adresowan\u0105 do Dzieci.<\/li>\n\n\n\n<li>Rada Zboru w porozumieniu z Osob\u0105 odpowiedzialn\u0105 za przyjmowanie zg\u0142osze\u0144 o zdarzeniach zagra\u017caj\u0105cych Dziecku i udzielenie mu wsparcia podejmuje dzia\u0142ania zmierzaj\u0105ce do wyja\u015bnienia sytuacji i udzielenia pomocy Dziecku.<\/li>\n\n\n\n<li>Dzia\u0142ania zmierzaj\u0105ce do wyja\u015bnienia sytuacji i udzielenia pomocy Dziecku podejmowane s\u0105 we wsp\u00f3\u0142pracy z Rodzicami, lub Opiekunami Dziecka, o ile nie zagra\u017ca to dobru Dziecka.<\/li>\n\n\n\n<li>Je\u017celi wskazane jest podj\u0119cie dzia\u0142a\u0144 wykraczaj\u0105cych poza dora\u017an\u0105 pomoc, Rada Zboru w porozumieniu z Pracownikami zaanga\u017cowanymi w dzia\u0142alno\u015b\u0107 katechetyczn\u0105 i duszpastersk\u0105 opracowuje na pi\u015bmie plan wsparcia ma\u0142oletniego.<\/li>\n<\/ol>\n\n\n\n<p class=\"has-text-align-center\">\u00a7 4<\/p>\n\n\n\n<p><strong>Procedury sk\u0142adania zawiadomie\u0144 o podejrzeniu pope\u0142nienia przest\u0119pstwa na szkod\u0119 Dziecka i zawiadamiania s\u0105du opieku\u0144czego.<\/strong><\/p>\n\n\n\n<ol>\n<li>Ka\u017cdy, kto posiada informacj\u0119, lub powe\u017amie uzasadnione podejrzenie:<\/li>\n<\/ol>\n\n\n\n<ul>\n<li>wyst\u0105pienia obcowania p\u0142ciowego z Dzieckiem poni\u017cej lat 15,<\/li>\n\n\n\n<li>dopuszczania si\u0119 wobec takiej osoby innej czynno\u015bci seksualnej, doprowadzenia jej do poddania si\u0119 takim czynno\u015bciom albo do ich wykonania,<\/li>\n\n\n\n<li>prezentowania Dziecku, kt\u00f3re nie uko\u0144czy\u0142o lat 15 tre\u015bci pornograficznych lub udost\u0119pniania mu przedmiot\u00f3w maj\u0105cych taki charakter albo rozpowszechnia tre\u015bci pornograficznych w spos\u00f3b umo\u017cliwiaj\u0105cy takiemu ma\u0142oletniemu zapoznanie si\u0119 z nimi,<\/li>\n\n\n\n<li>prezentowania ma\u0142oletniemu poni\u017cej lat 15 wykonywania czynno\u015bci seksualnej w celu swojego zaspokojenia seksualnego lub zaspokojenia seksualnego innej osoby,<\/li>\n\n\n\n<li>prowadzenia reklamy lub promocji dzia\u0142alno\u015bci polegaj\u0105cej na rozpowszechnianiu tre\u015bci pornograficznych w spos\u00f3b umo\u017cliwiaj\u0105cy zapoznanie si\u0119 z nimi ma\u0142oletniemu poni\u017cej lat 15.<\/li>\n<\/ul>\n\n\n\n<p>ma obowi\u0105zek powiadomienia organ\u00f3w \u015bcigania pod rygorem odpowiedzialno\u015bci karnej z art. 240 Kodeksu karnego.<\/p>\n\n\n\n<ol start=\"2\">\n<li>Je\u017celi post\u0119powanie wyja\u015bniaj\u0105ce, o kt\u00f3rym mowa w \u00a7 3 niniejszych Standard\u00f3w potwierdzi uzasadnione podejrzenie pope\u0142nienia przest\u0119pstwa na szkod\u0119 Dziecka, Rada Zboru w porozumieniu z Osob\u0105 odpowiedzialn\u0105 za przyjmowanie zg\u0142osze\u0144 o zdarzeniach zagra\u017caj\u0105cych Dziecku i udzielenie mu wsparcia niezw\u0142ocznie zawiadamia organy \u015bcigania.<\/li>\n<\/ol>\n\n\n\n<ol start=\"10\">\n<li>Je\u017celi post\u0119powanie wyja\u015bniaj\u0105ce, o kt\u00f3rym mowa w \u00a7 3 niniejszych Standard\u00f3w potwierdzi uzasadnione podejrzenie, \u017ce dosz\u0142o do krzywdzenia Dziecka, Rada Zboru w porozumieniu z Osob\u0105 odpowiedzialn\u0105 za przyjmowanie zg\u0142osze\u0144 o zdarzeniach zagra\u017caj\u0105cych Dziecku i udzielenie mu wsparcia powiadamia w\u0142a\u015bciwe organy, lub instytucje w zakresie ich w\u0142a\u015bciwo\u015bci, w szczeg\u00f3lno\u015bci szko\u0142\u0119, s\u0105d rodzinny, o\u015brodek pomocy spo\u0142ecznej b\u0105d\u017a przewodnicz\u0105cego zespo\u0142u interdyscyplinarnego (procedura \u201eNiebieskie Karty\u201d) w zale\u017cno\u015bci od zdiagnozowanego typu krzywdzenia i skorelowanej z nim koniecznej interwencji.<\/li>\n\n\n\n<li>Ka\u017cdy z cz\u0142onk\u00f3w Rady Zboru, oraz Osoba odpowiedzialna za przyjmowanie zg\u0142osze\u0144 o zdarzeniach zagra\u017caj\u0105cych Dziecku i udzielenie mu wsparcia odpowiada osobi\u015bcie za dope\u0142nienie obowi\u0105zku dokonania zg\u0142osze\u0144 przewidzianych niniejszymi Standardami.<\/li>\n\n\n\n<li>Zawiadomienia i zg\u0142oszenia przewidziane niniejszymi Standardami dokonywane s\u0105 we wsp\u00f3\u0142pracy z Rodzicami, lub Opiekunami Dziecka, o ile nie zagra\u017ca to dobru Dziecka.<\/li>\n<\/ol>\n\n\n\n<p class=\"has-text-align-center\">\u00a7 5<\/p>\n\n\n\n<p><strong>Spos<\/strong><strong>\u00f3<\/strong><strong>b dokumentowania i zasady przechowywania ujawnionych lub zg\u0142oszonych incydent<\/strong><strong>\u00f3<\/strong><strong>w lub zdarze\u0144 zagra\u017caj\u0105cych dobru ma\u0142oletniego.<\/strong><\/p>\n\n\n\n<ol>\n<li>Przebieg post\u0119powania wyja\u015bniaj\u0105cego i pomocowego jest dokumentowany na pi\u015bmie.<\/li>\n<\/ol>\n\n\n\n<ol start=\"13\">\n<li>Za dokumentowanie i archiwizacj\u0119 post\u0119powania odpowiada Przewodnicz\u0105cy Rady Zboru.<\/li>\n\n\n\n<li>Dokumentacja przechowywania jest w spos\u00f3b zapewniaj\u0105cy ochron\u0119 przed dost\u0119pem os\u00f3b trzecich, na zasadach przewidzianych dla danych osobowych.<\/li>\n<\/ol>\n\n\n\n<p class=\"has-text-align-center\">\u00a7 6<\/p>\n\n\n\n<p><strong>Zasady korzystania z urz\u0105dze\u0144 elektronicznych z dost\u0119pem do sieci Internet. Procedury ochrony dzieci przed tre\u015bciami szkodliwymi i zagro\u017ceniami w sieci Internet oraz utrwalonymi w innej formie<\/strong><\/p>\n\n\n\n<ol>\n<li>W ramach dzia\u0142alno\u015bci duszpasterskiej i katechetycznej Zboru Dzieci korzystaj\u0105 z urz\u0105dze\u0144 elektronicznych z dost\u0119pem do sieci Internet wy\u0142\u0105cznie podczas zaj\u0119\u0107, pod osobist\u0105 i bezpo\u015bredni\u0105 opiek\u0105 Pracownika Zboru.<\/li>\n<\/ol>\n\n\n\n<ol start=\"15\">\n<li>Udost\u0119pniane Dzieciom urz\u0105dzenia s\u0105 zabezpieczone nowoczesnym oprogramowaniem chroni\u0105cym przed dost\u0119pem do nieodpowiednich tre\u015bci, a zawarto\u015b\u0107 no\u015bnik\u00f3w pami\u0119ci jest ka\u017cdorazowo przed udost\u0119pnieniem urz\u0105dzenia Dziecku sprawdzana przez Pracownika Zboru.<\/li>\n\n\n\n<li>Ko\u015bcielna sie\u0107 wi-fi nie jest udost\u0119pniana Dzieciom do u\u017cytku przy pomocy prywatnych urz\u0105dze\u0144.<\/li>\n<\/ol>\n\n\n\n<p class=\"has-text-align-center\">\u00a7 7<\/p>\n\n\n\n<p><strong>Zasady i spos<\/strong><strong>\u00f3<\/strong><strong>b udost\u0119pniania rodzicom albo opiekunom prawnym lub faktycznym oraz Dzieciom Standard<\/strong><strong>\u00f3<\/strong><strong>w do zaznajomienia si\u0119 z nimi i ich stosowania,<\/strong><\/p>\n\n\n\n<ol>\n<li>Niniejsze Standardy udost\u0119pnione s\u0105 na stronie internetowej Zboru.<\/li>\n\n\n\n<li>Na tablicy og\u0142oszeniowej w siedzibie Zboru (w kaplicy) udost\u0119pniono wersj\u0119 skr\u00f3con\u0105 Standard\u00f3w zawieraj\u0105c\u0105 informacje istotne dla ma\u0142oletnich.<\/li>\n<\/ol>\n\n\n\n<p class=\"has-text-align-center\">\u00a7 8<\/p>\n\n\n\n<p><strong>Zasady przygotowania personelu do stosowania Standard<\/strong><strong>\u00f3<\/strong><strong>w, oraz spos<\/strong><strong>\u00f3<\/strong><strong>b dokumentowania tej czynno\u015bci.<\/strong><\/p>\n\n\n\n<ol>\n<li>Rekrutacja Pracownik\u00f3w Zboru zaanga\u017cowanych w dzia\u0142alno\u015b\u0107 duszpastersk\u0105 i katechetyczn\u0105 adresowan\u0105 do Dzieci odbywa si\u0119 wed\u0142ug zasad okre\u015blonych w za\u0142\u0105czniku nr 1 do niniejszych Standard\u00f3w.<\/li>\n<\/ol>\n\n\n\n<ol start=\"18\">\n<li>Osoba odpowiedzialna za przygotowanie Personelu Zboru do stosowania Standard\u00f3w zaznajamia osobi\u015bcie ka\u017cdego Pracownika ze Standardami przed powierzeniem Pracownikowi jakichkolwiek zada\u0144.<\/li>\n\n\n\n<li>Pracownik na pi\u015bmie potwierdza zaznajomienie si\u0119 ze Standardami i zobowi\u0105zuje si\u0119 do ich bezwzgl\u0119dnego przestrzegania.<\/li>\n<\/ol>\n\n\n\n<p class=\"has-text-align-center\">\u00a7 9<\/p>\n\n\n\n<p><strong>Zasady przegl\u0105du i aktualizacji Standard<\/strong><strong>\u00f3<\/strong><strong>w.<\/strong><\/p>\n\n\n\n<ol>\n<li>Co najmniej raz na dwa lata Zb\u00f3r dokonuje oceny Standard\u00f3w w celu zapewnienia ich dostosowania do aktualnych potrzeb oraz zgodno\u015bci z obowi\u0105zuj\u0105cymi przepisami.<\/li>\n<\/ol>\n\n\n\n<ol start=\"20\">\n<li>W procesie oceny Standard\u00f3w bior\u0105 udzia\u0142 wszyscy Pracownicy Zboru zaanga\u017cowani w dzia\u0142alno\u015b\u0107 katechetyczn\u0105 i duszpastersk\u0105 adresowan\u0105 do Dzieci, cz\u0142onkowie Rady Zboru, oraz Osoba odpowiedzialna za przyjmowanie zg\u0142osze\u0144 o zdarzeniach zagra\u017caj\u0105cych Dziecku<\/li>\n\n\n\n<li>Wnioski z przeprowadzonej oceny s\u0105 utrwalane w formie pisemnego protoko\u0142u, kt\u00f3ry archiwizuje Rada Zboru.<\/li>\n<\/ol>\n\n\n\n<hr class=\"wp-block-separator has-alpha-channel-opacity is-style-dots\"\/>\n\n\n\n<p class=\"has-text-align-center\"><strong>Zasady rekrutacji Pracownik\u00f3w<\/strong><\/p>\n\n\n\n<p class=\"has-text-align-center\">za\u0142\u0105cznik nr 1<br>do Standard\u00f3w ochrony ma\u0142oletnich<br>obowi\u0105zuj\u0105cych w Pierwszym Zborze Ko\u015bcio\u0142a Chrze\u015bcijan Baptyst\u00f3w w Gda\u0144sku,<\/p>\n\n\n\n<ol>\n<li>Pracownikami zaanga\u017cowanymi w dzia\u0142alno\u015b\u0107 katechetyczn\u0105 i duszpastersk\u0105 adresowan\u0105 do os\u00f3b ma\u0142oletnich mog\u0105 by\u0107 jedynie cz\u0142onkowie, lub podopieczni Zboru.<\/li>\n<\/ol>\n\n\n\n<ol start=\"22\">\n<li>Rada Zboru mo\u017ce dopu\u015bci\u0107 do pracy z dzie\u0107mi cz\u0142onk\u00f3w innych Zbor\u00f3w ewangelicznych na podstawie rekomendacji w\u0142a\u015bciwej w\u0142adzy ko\u015bcielnej.<\/li>\n\n\n\n<li>Rada Zboru dokonuje oceny kwalifikacji kandydata i podejmuje decyzj\u0119 o dopuszczeniu go do pracy z dzie\u0107mi.<\/li>\n\n\n\n<li>Przed dopuszczeniem Pracownika do pracy z dzie\u0107mi Rada Zboru jest zobowi\u0105zana sprawdzi\u0107 kandydata w Rejestrze Sprawc\u00f3w Przest\u0119pstw na Tle Seksualnym (rejestr z dost\u0119pem ograniczonym oraz Rejestr os\u00f3b w stosunku do kt\u00f3rych Pa\u0144stwowa Komisja do spraw przeciwdzia\u0142ania wykorzystaniu seksualnemu ma\u0142oletnich poni\u017cej lat 15 wyda\u0142a postanowienie o wpisie w Rejestrze). Rejestr dost\u0119pny jest na stronie rps.ms.gov.pl. By m\u00f3c uzyska\u0107 informacje z rejestru z dost\u0119pem ograniczonym, konieczne jest uprzednie za\u0142o\u017cenie profilu Zboru.<\/li>\n\n\n\n<li>Wydruk z Rejestru nale\u017cy przechowywa\u0107 w aktach osobowych pracownika, duchownego lub analogicznej dokumentacji dotycz\u0105cej wolontariusza\/osoby zatrudnionej w oparciu o umow\u0119 cywilnoprawn\u0105.<\/li>\n\n\n\n<li>Kandydat zobowi\u0105zany jest przed\u0142o\u017cy\u0107 informacj\u0119 z Krajowego Rejestru Karnego o niekaralno\u015bci w zakresie przest\u0119pstw okre\u015blonych w rozdziale XIX i XXV Kodeksu karnego, w art. 189a i art. 207 Kodeksu karnego oraz w ustawie z dnia 29 lipca 2005 r. o przeciwdzia\u0142aniu narkomanii (Dz. U. z 2023 r. poz. 172 oraz z 2022 r. poz. 2600), lub za odpowiadaj\u0105ce tym przest\u0119pstwom czyny zabronione okre\u015blone w przepisach prawa obcego.<\/li>\n\n\n\n<li>Je\u017celi kandydat posiada obywatelstwo inne ni\u017c polskie w\u00f3wczas powinien przed\u0142o\u017cy\u0107 r\u00f3wnie\u017c informacj\u0119 z rejestru karnego pa\u0144stwa obywatelstwa uzyskiwan\u0105 do cel\u00f3w dzia\u0142alno\u015bci zawodowej lub wolontariackiej zwi\u0105zanej z kontaktami z dzie\u0107mi, b\u0105d\u017a informacj\u0119 z rejestru karnego, je\u017celi prawo tego pa\u0144stwa nie przewiduje wydawania informacji dla w\/w cel\u00f3w.<\/li>\n\n\n\n<li>Kandydat sk\u0142ada o\u015bwiadczenie o pa\u0144stwie\/ach zamieszkiwania w ci\u0105gu ostatnich 20 lat, innych ni\u017c Rzeczypospolita Polska i pa\u0144stwo obywatelstwa, z\u0142o\u017cone pod rygorem odpowiedzialno\u015bci karnej (wz\u00f3r nr 1).<\/li>\n\n\n\n<li>Je\u017celi prawo pa\u0144stwa, z kt\u00f3rego ma by\u0107 przed\u0142o\u017cona informacja o niekaralno\u015bci nie przewiduje wydawania takiej informacji lub nie prowadzi rejestru karnego, w\u00f3wczas kandydat sk\u0142ada pod rygorem odpowiedzialno\u015bci karnej o\u015bwiadczenie o tym fakcie wraz z o\u015bwiadczeniem, \u017ce nie by\u0142 prawomocnie skazany w tym pa\u0144stwie za czyny zabronione odpowiadaj\u0105ce przest\u0119pstwom okre\u015blonym w rozdziale XIX i XXV Kodeksu karnego, w art. 189a i art. 207 Kodeksu karnego oraz w ustawie z dnia 29 lipca 2005 r. o przeciwdzia\u0142aniu narkomanii oraz nie wydano wobec niej innego orzeczenia, w kt\u00f3rym stwierdzono, i\u017c dopu\u015bci\u0142a si\u0119 takich czyn\u00f3w zabronionych, oraz \u017ce nie ma obowi\u0105zku wynikaj\u0105cego z orzeczenia s\u0105du, innego uprawnionego organu lub ustawy, stosowania si\u0119 do zakazu zajmowania wszelkich lub okre\u015blonych stanowisk, wykonywania wszelkich lub okre\u015blonych zawod\u00f3w albo dzia\u0142alno\u015bci, zwi\u0105zanych z wychowaniem, edukacj\u0105, wypoczynkiem, leczeniem, \u015bwiadczeniem porad psychologicznych, rozwojem duchowym, uprawianiem sportu lub realizacj\u0105 innych zainteresowa\u0144 przez ma\u0142oletnich, lub z opiek\u0105 nad nimi (wz\u00f3r nr 2).<\/li>\n\n\n\n<li>Pod o\u015bwiadczeniami sk\u0142adanymi pod rygorem odpowiedzialno\u015bci karnej sk\u0142ada si\u0119 o\u015bwiadczenie o nast\u0119puj\u0105cej tre\u015bci: Jestem \u015bwiadomy\/a odpowiedzialno\u015bci karnej za z\u0142o\u017cenie fa\u0142szywego o\u015bwiadczenia. O\u015bwiadczenie to zast\u0119puje pouczenie organu o odpowiedzialno\u015bci karnej za z\u0142o\u017cenie fa\u0142szywego o\u015bwiadczenia.<\/li>\n<\/ol>\n\n\n\n<hr class=\"wp-block-separator has-alpha-channel-opacity is-style-dots\"\/>\n\n\n\n<p class=\"has-text-align-center\">O\u015aWIADCZENIE O KRAJACH ZAMIESZKANIA<\/p>\n\n\n\n<p class=\"has-text-align-center\">(wz\u00f3r nr 1)<\/p>\n\n\n\n<p>O\u015bwiadczam, \u017ce w okresie ostatnich 20 lat zamieszka\u0142em\/am w nast\u0119puj\u0105cych pa\u0144stwach, innych ni\u017c Rzeczypospolita Polska i pa\u0144stwo obywatelstwa:<\/p>\n\n\n\n<p>1.<\/p>\n\n\n\n<p>2.<\/p>\n\n\n\n<p>oraz jednocze\u015bnie przedk\u0142adam informacj\u0119 z rejestr\u00f3w karnych tych pa\u0144stw uzyskiwan\u0105 do cel\u00f3w dzia\u0142alno\u015bci zawodowej lub wolontariackiej zwi\u0105zanej z kontaktami z dzie\u0107mi\/ informacj\u0119 z rejestr\u00f3w karnych.<\/p>\n\n\n\n<p>Jestem \u015bwiadomy\/a odpowiedzialno\u015bci karnej za z\u0142o\u017cenie fa\u0142szywego o\u015bwiadczenia.<\/p>\n\n\n\n<p>&#8230;&#8230;&#8230;&#8230;&#8230;&#8230;&#8230;&#8230;&#8230;&#8230;&#8230;&#8230;&#8230;&#8230;&#8230;&#8230;&#8230;&#8230;&#8230;&#8230;&#8230;&#8230;&#8230;&#8230;..<\/p>\n\n\n\n<p>czytelny podpis<\/p>\n\n\n\n<hr class=\"wp-block-separator has-alpha-channel-opacity is-style-dots\"\/>\n\n\n\n<p class=\"has-text-align-center\">O\u015aWIADCZENIE O NIEKARALNO\u015aCI<\/p>\n\n\n\n<p class=\"has-text-align-center\">(wz\u00f3r nr 2)<\/p>\n\n\n\n<p>Ja,<\/p>\n\n\n\n<p>nr PESEL &#8230;&#8230;&#8230;&#8230;&#8230;&#8230;&#8230;&#8230;&#8230;&#8230;&#8230;&#8230;&#8230;&#8230;&#8230;&#8230;\/nr paszportu &#8230;&#8230;&#8230;&#8230;&#8230;&#8230;&#8230;&#8230;&#8230;&#8230;&#8230;&#8230;&#8230;&#8230;&#8230;&#8230;.<\/p>\n\n\n\n<p>o\u015bwiadczam, \u017ce w pa\u0144stwie &#8230;&#8230;&#8230;&#8230;&#8230;&#8230;&#8230;&#8230;&#8230;&#8230;&#8230;&#8230;. nie jest prowadzony rejestr karny\/ nie wydaje si\u0119 informacji z rejestru karnego. O\u015bwiadczam, \u017ce nie by\u0142am\/em prawomocnie skazana\/y w pa\u0144stwie &#8230;&#8230;&#8230;&#8230;&#8230;&#8230;&#8230;&#8230;&#8230;&#8230;&#8230;&#8230;. za czyny zabronione odpowiadaj\u0105ce przest\u0119pstwom okre\u015blonym w rozdziale XIX i XXV Kodeksu karnego, w art. 189a i art. 207 Kodeksu karnego oraz w ustawie z dnia 29 lipca 2005 r. o przeciwdzia\u0142aniu narkomanii oraz nie wydano wobec mnie innego orzeczenia, w kt\u00f3rym stwierdzono, i\u017c dopu\u015bci\u0142am\/em si\u0119 takich czyn\u00f3w zabronionych, oraz \u017ce nie na\u0142o\u017cono na mnie obowi\u0105zku wynikaj\u0105cego z orzeczenia s\u0105du, innego uprawnionego organu lub ustawy, stosowania si\u0119 do zakazu zajmowania wszelkich lub okre\u015blonych stanowisk, wykonywania wszelkich lub okre\u015blonych zawod\u00f3w albo dzia\u0142alno\u015bci, zwi\u0105zanych z wychowaniem, edukacj\u0105, wypoczynkiem, leczeniem, \u015bwiadczeniem porad psychologicznych, rozwojem duchowym, uprawianiem sportu lub realizacj\u0105 innych zainteresowa\u0144 przez ma\u0142oletnich, lub z opiek\u0105 nad nimi.<\/p>\n\n\n\n<p>Jestem \u015bwiadomy\/a odpowiedzialno\u015bci karnej za z\u0142o\u017cenie fa\u0142szywego o\u015bwiadczenia.<\/p>\n\n\n\n<p>&#8230;&#8230;&#8230;&#8230;&#8230;&#8230;&#8230;&#8230;&#8230;&#8230;&#8230;&#8230;&#8230;&#8230;&#8230;&#8230;&#8230;&#8230;&#8230;&#8230;&#8230;&#8230;&#8230;&#8230;..<\/p>\n\n\n\n<p>czytelny podpis<\/p>\n\n\n\n<hr class=\"wp-block-separator has-alpha-channel-opacity is-style-dots\"\/>\n\n\n\n<p class=\"has-text-align-center\"><strong>Wersja skr<\/strong><strong>\u00f3<\/strong><strong>cona Standard<\/strong><strong>\u00f3<\/strong><strong>w Ochrony Ma\u0142oletnich<\/strong><\/p>\n\n\n\n<p class=\"has-text-align-center\">za\u0142\u0105cznik nr 2<br>do Standard\u00f3w ochrony ma\u0142oletnich<br>obowi\u0105zuj\u0105cych w Pierwszym Zborze Ko\u015bcio\u0142a Chrze\u015bcijan Baptyst\u00f3w w Gda\u0144sku,<\/p>\n\n\n\n<ol>\n<li>Pami\u0119taj, \u017ce jako dziecko masz prawo czu\u0107 si\u0119 bezpiecznie. Je\u017celi uwa\u017casz, \u017ce co\u015b lub kto\u015b Ci\u0119 krzywdzi lub czujesz si\u0119 zagro\u017cony zg\u0142o\u015b si\u0119 do osoby doros\u0142ej w Zborze.<\/li>\n\n\n\n<li>Pami\u0119taj, \u017ce nikt nie mo\u017ce:<\/li>\n<\/ol>\n\n\n\n<ol>\n<li>stosowa\u0107 wobec Ciebie przemocy fizycznej (np. bi\u0107 Ci\u0119),<\/li>\n\n\n\n<li>stosowa\u0107 przemoc psychiczn\u0105 (np. o\u015bmiesza\u0107, zawstydza\u0107, upokarza\u0107),<\/li>\n\n\n\n<li>stosowa\u0107 wobec Ciebie wulgarnego s\u0142ownictwa,<\/li>\n\n\n\n<li>przekracza\u0107 Twojej strefy komfortu i dotyka\u0107 Ci\u0119 w niestosowny spos\u00f3b,<\/li>\n\n\n\n<li>nara\u017ca\u0107 Ci\u0119 na zachowania niebezpieczne dla \u017cycia, lub zdrowia.<\/li>\n<\/ol>\n\n\n\n<ol start=\"3\">\n<li>Pami\u0119taj, \u017ce masz prawo do:\n<ol>\n<li>szacunku i godno\u015bci,<\/li>\n\n\n\n<li>bycia bezpiecznym,<\/li>\n\n\n\n<li>ochrony prywatno\u015bci,<\/li>\n\n\n\n<li>nienaruszalno\u015bci sfery fizycznej.<\/li>\n<\/ol>\n<\/li>\n\n\n\n<li>Pami\u0119taj o w\u0142a\u015bciwym zachowaniu wobec innych. Nie stosuj przemocy fizycznej, nie obra\u017caj, nie zawstydzaj, nie u\u017cywaj wulgarnego s\u0142ownictwa. B\u0105d\u017a przyjacielski i serdeczny wobec innych.<\/li>\n\n\n\n<li>W Zborze w szczeg\u00f3lno\u015bci mo\u017cesz poprosi\u0107 o pomoc nast\u0119puj\u0105ce osoby:\n<ol>\n<li>\u2026<\/li>\n\n\n\n<li>\u2026<\/li>\n<\/ol>\n<\/li>\n\n\n\n<li>Mo\u017cesz te\u017c skorzysta\u0107 z telefon\u00f3w zaufania dla dzieci i m\u0142odzie\u017cy:\n<ol>\n<li>112 \u2013 telefon alarmowy,.<\/li>\n\n\n\n<li>116&nbsp;111 &#8211; telefon zaufania dla dzieci i m\u0142odzie\u017cy od 15 lat prowadzi Fundacja Dajemy Dzieciom Si\u0142\u0119.&nbsp;Telefon jest anonimowy, bezp\u0142atny, ca\u0142odobowy i dyskretny.<\/li>\n\n\n\n<li>800 12 12 12 \u2013 telefon zaufania Rzecznika Praw Dziecka.<\/li>\n<\/ol>\n<\/li>\n<\/ol>\n\n\n\n<hr class=\"wp-block-separator has-alpha-channel-opacity is-style-dots\"\/>\n\n\n\n<p class=\"has-text-align-center\"><strong>Zasady ochrony wizerunku Dzieci<\/strong><\/p>\n\n\n\n<p class=\"has-text-align-center\">za\u0142\u0105cznik nr 3<br>do Standard\u00f3w ochrony ma\u0142oletnich<br>obowi\u0105zuj\u0105cych w Pierwszym Zborze Ko\u015bcio\u0142a Chrze\u015bcijan Baptyst\u00f3w w Gda\u0144sku,<\/p>\n\n\n\n<ol>\n<li>Pracownikom nie wolno utrwala\u0107 wizerunku Dziecka do cel\u00f3w prywatnych.<\/li>\n<\/ol>\n\n\n\n<ol start=\"31\">\n<li>Pracownikom nie wolno umo\u017cliwia\u0107 przedstawicielom medi\u00f3w utrwalania wizerunku Dziecka (filmowanie, fotografowanie, nagrywanie g\u0142osu dziecka) bez pisemnej zgody rodzica lub opiekuna prawnego dziecka.<\/li>\n\n\n\n<li>Je\u017celi wizerunek Dziecka stanowi jedynie szczeg\u00f3\u0142 ca\u0142o\u015bci, takiej jak: zgromadzenie, krajobraz, publiczna impreza, zgoda rodzica lub opiekuna prawnego na utrwalanie wizerunku dziecka nie jest wymagana.<\/li>\n\n\n\n<li>Upublicznienie wizerunku Dziecka utrwalonego w jakiejkolwiek formie (fotografia, nagranie audio-wideo) wymaga pisemnej zgody rodzica lub opiekuna prawnego dziecka.<\/li>\n\n\n\n<li>Materia\u0142y zawieraj\u0105ce wizerunek dzieci przechowujemy z zachowaniem zasad bezpiecze\u0144stwa przewidzianych dla danych osobowych.<\/li>\n<\/ol>\n","protected":false},"excerpt":{"rendered":"<p>Uchwa\u0142a Rady Pierwszego Zboru KChB w Gda\u0144skuz dnia 15 sierpnia 2024 r. wprowadzaj\u0105caStandardy ochrony ma\u0142oletnichobowi\u0105zuj\u0105cew Pierwszym Zborze Ko\u015bcio\u0142a Chrze\u015bcijan Baptyst\u00f3ww Gda\u0144sku Zwa\u017cywszy, \u017ce: Rada Zboru przyjmuje Standardy ochrony ma\u0142oletnich obowi\u0105zuj\u0105ce w Pierwszym Zborze Ko\u015bcio\u0142a Chrze\u015bcijan Baptyst\u00f3w w Gda\u0144sku, stanowi\u0105ce za\u0142\u0105cznik do niniejszej uchwa\u0142y zwane dalej \u201eStandardami\u201d i zobowi\u0105zuje wszystkie osoby zaanga\u017cowane w dzia\u0142alno\u015b\u0107 katechetyczn\u0105 i &hellip; <a href=\"http:\/\/www.gdansk.baptysci.pl\/index.php\/standardy-ochrony-malolenich\/\" class=\"more-link\">Czytaj dalej<span class=\"screen-reader-text\"> \u201eStandardy Ochrony Ma\u0142olenich\u201d<\/span><\/a><\/p>\n","protected":false},"author":33,"featured_media":0,"parent":0,"menu_order":0,"comment_status":"closed","ping_status":"closed","template":"","meta":[],"jetpack_sharing_enabled":true,"_links":{"self":[{"href":"http:\/\/www.gdansk.baptysci.pl\/index.php\/wp-json\/wp\/v2\/pages\/22444"}],"collection":[{"href":"http:\/\/www.gdansk.baptysci.pl\/index.php\/wp-json\/wp\/v2\/pages"}],"about":[{"href":"http:\/\/www.gdansk.baptysci.pl\/index.php\/wp-json\/wp\/v2\/types\/page"}],"author":[{"embeddable":true,"href":"http:\/\/www.gdansk.baptysci.pl\/index.php\/wp-json\/wp\/v2\/users\/33"}],"replies":[{"embeddable":true,"href":"http:\/\/www.gdansk.baptysci.pl\/index.php\/wp-json\/wp\/v2\/comments?post=22444"}],"version-history":[{"count":3,"href":"http:\/\/www.gdansk.baptysci.pl\/index.php\/wp-json\/wp\/v2\/pages\/22444\/revisions"}],"predecessor-version":[{"id":22449,"href":"http:\/\/www.gdansk.baptysci.pl\/index.php\/wp-json\/wp\/v2\/pages\/22444\/revisions\/22449"}],"wp:attachment":[{"href":"http:\/\/www.gdansk.baptysci.pl\/index.php\/wp-json\/wp\/v2\/media?parent=22444"}],"curies":[{"name":"wp","href":"https:\/\/api.w.org\/{rel}","templated":true}]}}