{"id":19425,"date":"2022-12-18T00:34:57","date_gmt":"2022-12-17T22:34:57","guid":{"rendered":"http:\/\/www.gdansk.baptysci.pl\/?page_id=19425"},"modified":"2022-12-18T00:34:57","modified_gmt":"2022-12-17T22:34:57","slug":"ksiega-wyjscia","status":"publish","type":"page","link":"http:\/\/www.gdansk.baptysci.pl\/index.php\/ksiega-wyjscia\/","title":{"rendered":"Ksi\u0119ga Wyj\u015bcia"},"content":{"rendered":"\n<figure class=\"wp-block-image size-full is-resized\"><a href=\"http:\/\/www.gdansk.baptysci.pl\/wp-content\/uploads\/2014\/12\/bible_lightstock_169258_960x250.jpg\"><img data-attachment-id=\"590\" data-permalink=\"http:\/\/www.gdansk.baptysci.pl\/bible_lightstock_169258_960x250\/\" data-orig-file=\"http:\/\/www.gdansk.baptysci.pl\/wp-content\/uploads\/2014\/12\/bible_lightstock_169258_960x250.jpg\" data-orig-size=\"960,250\" data-comments-opened=\"1\" data-image-meta=\"{&quot;aperture&quot;:&quot;1.8&quot;,&quot;credit&quot;:&quot;&quot;,&quot;camera&quot;:&quot;Canon EOS 5D Mark II&quot;,&quot;caption&quot;:&quot;&quot;,&quot;created_timestamp&quot;:&quot;1412620382&quot;,&quot;copyright&quot;:&quot;&quot;,&quot;focal_length&quot;:&quot;50&quot;,&quot;iso&quot;:&quot;500&quot;,&quot;shutter_speed&quot;:&quot;0.008&quot;,&quot;title&quot;:&quot;&quot;,&quot;orientation&quot;:&quot;0&quot;}\" data-image-title=\"bible_lightstock_169258_960x250\" data-image-description=\"\" data-image-caption=\"\" data-medium-file=\"http:\/\/www.gdansk.baptysci.pl\/wp-content\/uploads\/2014\/12\/bible_lightstock_169258_960x250-300x78.jpg\" data-large-file=\"http:\/\/www.gdansk.baptysci.pl\/wp-content\/uploads\/2014\/12\/bible_lightstock_169258_960x250.jpg\" decoding=\"async\" loading=\"lazy\" src=\"http:\/\/www.gdansk.baptysci.pl\/wp-content\/uploads\/2014\/12\/bible_lightstock_169258_960x250.jpg\" alt=\"\" class=\"wp-image-590\" width=\"891\" height=\"232\" srcset=\"http:\/\/www.gdansk.baptysci.pl\/wp-content\/uploads\/2014\/12\/bible_lightstock_169258_960x250.jpg 960w, http:\/\/www.gdansk.baptysci.pl\/wp-content\/uploads\/2014\/12\/bible_lightstock_169258_960x250-300x78.jpg 300w\" sizes=\"(max-width: 709px) 85vw, (max-width: 909px) 67vw, (max-width: 1362px) 62vw, 840px\" \/><\/a><\/figure>\n\n\n\n<p><a href=\"http:\/\/www.gdansk.baptysci.pl\/index.php\/kazania\/\" data-type=\"URL\" data-id=\"http:\/\/www.gdansk.baptysci.pl\/index.php\/kazania\/\">&lt;&lt; Powr\u00f3t do kaza\u0144<\/a><\/p>\n\n\n\n<div class=\"is-layout-flex wp-container-27 wp-block-columns\">\n<div class=\"is-layout-flow wp-block-column\" style=\"flex-basis:90%\">\n<div class=\"is-layout-flow wp-block-query\"><nav class=\"is-layout-flex wp-block-query-pagination\" aria-label=\"Stronicowanie\">\n\n\n<div class=\"wp-block-query-pagination-numbers\"><span aria-current=\"page\" class=\"page-numbers current\">1<\/span>\n<a class=\"page-numbers\" href=\"?query-13-page=2\">2<\/a>\n<a class=\"page-numbers\" href=\"?query-13-page=3\">3<\/a>\n<a class=\"page-numbers\" href=\"?query-13-page=4\">4<\/a><\/div>\n\n<a href=\"\/index.php\/wp-json\/wp\/v2\/pages\/19425?query-13-page=2\" class=\"wp-block-query-pagination-next\">Nast\u0119pna strona<\/a>\n<\/nav>\n\n<ul class=\"is-layout-flow wp-block-post-template\"><li class=\"wp-block-post post-19211 post type-post status-publish format-video hentry category-kazania category-kazania-2022 category-krzysztof-wantuch category-ksiega-daniela category-ksiega-psalmow category-ksiega-wyjscia post_format-post-format-video\">\n\n<div class=\"is-layout-constrained wp-block-group\"><div class=\"wp-block-group__inner-container\">\n<div class=\"is-vertical is-layout-flex wp-container-3 wp-block-group\">\n<div class=\"is-vertical is-content-justification-left is-layout-flex wp-container-2 wp-block-group\"><h2 class=\"wp-block-post-title has-medium-font-size\">2022.09.25 &#8211; Krzysztof Wantuch &#8211; Przebaczenie i odnowa<\/h2><\/div>\n<\/div>\n<\/div><\/div>\n\n\n<div class=\"is-layout-flow entry-content wp-block-post-content\">\n<p>Psalm 51:1-21   |   Wyj\u015bcia 34:6-7   |   Daniela 9:8   |   Daniela 9:16<\/p>\n\n\n\n<figure class=\"wp-block-embed is-type-video is-provider-youtube wp-block-embed-youtube wp-embed-aspect-16-9 wp-has-aspect-ratio\"><div class=\"wp-block-embed__wrapper\">\n<iframe loading=\"lazy\" title=\"Nabo\u017ce\u0144stwo 20220925\" width=\"840\" height=\"473\" src=\"https:\/\/www.youtube.com\/embed\/X-HgfCqBZsI?feature=oembed\" frameborder=\"0\" allow=\"accelerometer; autoplay; clipboard-write; encrypted-media; gyroscope; picture-in-picture\" allowfullscreen><\/iframe>\n<\/div><\/figure>\n<\/div>\n\n\n<hr class=\"wp-block-separator has-text-color has-dark-gray-color has-alpha-channel-opacity has-dark-gray-background-color has-background is-style-wide\"\/>\n\n<\/li><li class=\"wp-block-post post-19356 post type-post status-publish format-video hentry category-kazania category-kazania-2022 category-krzysztof-wantuch category-ksiega-jonasza category-ksiega-przyslow category-ksiega-wyjscia post_format-post-format-video\">\n\n<div class=\"is-layout-constrained wp-block-group\"><div class=\"wp-block-group__inner-container\">\n<div class=\"is-vertical is-layout-flex wp-container-7 wp-block-group\">\n<div class=\"is-vertical is-content-justification-left is-layout-flex wp-container-6 wp-block-group\"><h2 class=\"wp-block-post-title has-medium-font-size\">2022.06.19 &#8211; Krzysztof Wantuch &#8211; Dla mnie \u0142aska, dla innych s\u0105d!<\/h2><\/div>\n<\/div>\n<\/div><\/div>\n\n\n<div class=\"is-layout-flow entry-content wp-block-post-content\">\n<p>Jonasza 4:1-11   |   Wyj\u015bcia 32:9-10  |   Wyj\u015bcia 32:14   |   Wyj\u015bcia 34:6-9   |   Przys\u0142\u00f3w 4:23<\/p>\n\n\n\n<figure class=\"wp-block-embed is-type-video is-provider-youtube wp-block-embed-youtube wp-embed-aspect-16-9 wp-has-aspect-ratio\"><div class=\"wp-block-embed__wrapper\">\n<iframe loading=\"lazy\" title=\"Nabo\u017ce\u0144stwo | 2022-06-19\" width=\"840\" height=\"473\" src=\"https:\/\/www.youtube.com\/embed\/4dRLAxDBVqo?feature=oembed\" frameborder=\"0\" allow=\"accelerometer; autoplay; clipboard-write; encrypted-media; gyroscope; picture-in-picture\" allowfullscreen><\/iframe>\n<\/div><\/figure>\n<\/div>\n\n\n<hr class=\"wp-block-separator has-text-color has-dark-gray-color has-alpha-channel-opacity has-dark-gray-background-color has-background is-style-wide\"\/>\n\n<\/li><li class=\"wp-block-post post-19460 post type-post status-publish format-video hentry category-drugi-list-do-koryntian category-ew-mateusza category-kazania category-kazania-2022 category-konrad-buzala category-ksiega-wyjscia post_format-post-format-video\">\n\n<div class=\"is-layout-constrained wp-block-group\"><div class=\"wp-block-group__inner-container\">\n<div class=\"is-vertical is-layout-flex wp-container-11 wp-block-group\">\n<div class=\"is-vertical is-content-justification-left is-layout-flex wp-container-10 wp-block-group\"><h2 class=\"wp-block-post-title has-medium-font-size\">2022.03.13 &#8211; Konrad Buza\u0142a &#8211; S\u0142uchajcie Go, wsta\u0144cie i nie b\u00f3jcie si\u0119<\/h2><\/div>\n<\/div>\n<\/div><\/div>\n\n\n<div class=\"is-layout-flow entry-content wp-block-post-content\">\n<p>Mateusza 17:1-8   |   2Koryntian 3:6-18   |   Wyj\u015bcia 34:29-30<\/p>\n\n\n\n<figure class=\"wp-block-embed is-type-video is-provider-youtube wp-block-embed-youtube wp-embed-aspect-16-9 wp-has-aspect-ratio\"><div class=\"wp-block-embed__wrapper\">\n<iframe loading=\"lazy\" title=\"Nabo\u017ce\u0144\u015btwo  | 20220313\" width=\"840\" height=\"473\" src=\"https:\/\/www.youtube.com\/embed\/4zyIw_MIiT8?feature=oembed\" frameborder=\"0\" allow=\"accelerometer; autoplay; clipboard-write; encrypted-media; gyroscope; picture-in-picture\" allowfullscreen><\/iframe>\n<\/div><\/figure>\n<\/div>\n\n\n<hr class=\"wp-block-separator has-text-color has-dark-gray-color has-alpha-channel-opacity has-dark-gray-background-color has-background is-style-wide\"\/>\n\n<\/li><li class=\"wp-block-post post-19563 post type-post status-publish format-video hentry category-ewangelia-marka category-kazania category-kazania-2021 category-krzysztof-wantuch category-ksiega-hioba category-ksiega-liczb category-ksiega-rodzaju category-ksiega-wyjscia category-pierwszy-list-piotra post_format-post-format-video\">\n\n<div class=\"is-layout-constrained wp-block-group\"><div class=\"wp-block-group__inner-container\">\n<div class=\"is-vertical is-layout-flex wp-container-15 wp-block-group\">\n<div class=\"is-vertical is-content-justification-left is-layout-flex wp-container-14 wp-block-group\"><h2 class=\"wp-block-post-title has-medium-font-size\">2021.06.06 &#8211; Krzysztof Wantuch &#8211; Pos\u0142uchaj co m\u00f3wi Jezus<\/h2><\/div>\n<\/div>\n<\/div><\/div>\n\n\n<div class=\"is-layout-flow entry-content wp-block-post-content\">\n<p>Marka 6:45-7:30   |   Rodzaju 1:28    |   Rodzaju 12:2-3   |   Wyj\u015bcia 33:17-23   |   Wyj\u015bcia 34:6   |   Hioba 9:2-11   |   Wyj\u015bcia 19:3-6   |   Liczb 15:38-40   |   1 Piotra 2:9,12<\/p>\n\n\n\n<figure class=\"wp-block-embed is-type-video is-provider-youtube wp-block-embed-youtube wp-embed-aspect-16-9 wp-has-aspect-ratio\"><div class=\"wp-block-embed__wrapper\">\n<iframe loading=\"lazy\" title=\"Pos\u0142uchaj co m\u00f3wi Jezus - Nabo\u017ce\u0144stwo 20210606\" width=\"840\" height=\"473\" src=\"https:\/\/www.youtube.com\/embed\/LryralwuQsU?feature=oembed\" frameborder=\"0\" allow=\"accelerometer; autoplay; clipboard-write; encrypted-media; gyroscope; picture-in-picture\" allowfullscreen><\/iframe>\n<\/div><\/figure>\n<\/div>\n\n\n<hr class=\"wp-block-separator has-text-color has-dark-gray-color has-alpha-channel-opacity has-dark-gray-background-color has-background is-style-wide\"\/>\n\n<\/li><li class=\"wp-block-post post-19735 post type-post status-publish format-video hentry category-drugi-list-do-koryntian category-ew-jana category-kazania category-kazania-2020 category-ksiega-izajasza category-ksiega-rodzaju category-ksiega-wyjscia category-mikolaj-haman post_format-post-format-video\">\n\n<div class=\"is-layout-constrained wp-block-group\"><div class=\"wp-block-group__inner-container\">\n<div class=\"is-vertical is-layout-flex wp-container-19 wp-block-group\">\n<div class=\"is-vertical is-content-justification-left is-layout-flex wp-container-18 wp-block-group\"><h2 class=\"wp-block-post-title has-medium-font-size\">2020.12.27 &#8211; Miko\u0142aj Haman<\/h2><\/div>\n<\/div>\n<\/div><\/div>\n\n\n<div class=\"is-layout-flow entry-content wp-block-post-content\">\n<p>Jana 1:1-5   |   Rodzaju 1:1-5   |   2Koryntian 4:6   |   Wyj\u015bcia 27:20-21   |    Izajasza 9:1   |   Jana 8:12 <\/p>\n\n\n\n<figure class=\"wp-block-embed is-type-video is-provider-youtube wp-block-embed-youtube wp-embed-aspect-16-9 wp-has-aspect-ratio\"><div class=\"wp-block-embed__wrapper\">\n<iframe loading=\"lazy\" title=\"Nabo\u017ce\u0144stwo \u015bwi\u0105teczne | 2020-12-27 | Transmisja na \u017cywo\" width=\"840\" height=\"473\" src=\"https:\/\/www.youtube.com\/embed\/qc8_s4SVGug?feature=oembed\" frameborder=\"0\" allow=\"accelerometer; autoplay; clipboard-write; encrypted-media; gyroscope; picture-in-picture; web-share\" allowfullscreen><\/iframe>\n<\/div><\/figure>\n<\/div>\n\n\n<hr class=\"wp-block-separator has-text-color has-dark-gray-color has-alpha-channel-opacity has-dark-gray-background-color has-background is-style-wide\"\/>\n\n<\/li><\/ul>\n\n<nav class=\"is-layout-flex wp-block-query-pagination\" aria-label=\"Stronicowanie\">\n\n\n<div class=\"wp-block-query-pagination-numbers\"><span aria-current=\"page\" class=\"page-numbers current\">1<\/span>\n<a class=\"page-numbers\" href=\"?query-13-page=2\">2<\/a>\n<a class=\"page-numbers\" href=\"?query-13-page=3\">3<\/a>\n<a class=\"page-numbers\" href=\"?query-13-page=4\">4<\/a><\/div>\n\n<a href=\"\/index.php\/wp-json\/wp\/v2\/pages\/19425?query-13-page=2\" class=\"wp-block-query-pagination-next\">Nast\u0119pna strona<\/a>\n<\/nav>\n\n<\/div>\n<\/div>\n\n\n\n<div class=\"is-layout-flow wp-block-column\" style=\"flex-basis:25%\"><\/div>\n<\/div>\n","protected":false},"excerpt":{"rendered":"<p>&lt;&lt; Powr\u00f3t do kaza\u0144<\/p>\n","protected":false},"author":33,"featured_media":0,"parent":0,"menu_order":0,"comment_status":"closed","ping_status":"closed","template":"","meta":[],"jetpack_sharing_enabled":true,"_links":{"self":[{"href":"http:\/\/www.gdansk.baptysci.pl\/index.php\/wp-json\/wp\/v2\/pages\/19425"}],"collection":[{"href":"http:\/\/www.gdansk.baptysci.pl\/index.php\/wp-json\/wp\/v2\/pages"}],"about":[{"href":"http:\/\/www.gdansk.baptysci.pl\/index.php\/wp-json\/wp\/v2\/types\/page"}],"author":[{"embeddable":true,"href":"http:\/\/www.gdansk.baptysci.pl\/index.php\/wp-json\/wp\/v2\/users\/33"}],"replies":[{"embeddable":true,"href":"http:\/\/www.gdansk.baptysci.pl\/index.php\/wp-json\/wp\/v2\/comments?post=19425"}],"version-history":[{"count":1,"href":"http:\/\/www.gdansk.baptysci.pl\/index.php\/wp-json\/wp\/v2\/pages\/19425\/revisions"}],"predecessor-version":[{"id":19427,"href":"http:\/\/www.gdansk.baptysci.pl\/index.php\/wp-json\/wp\/v2\/pages\/19425\/revisions\/19427"}],"wp:attachment":[{"href":"http:\/\/www.gdansk.baptysci.pl\/index.php\/wp-json\/wp\/v2\/media?parent=19425"}],"curies":[{"name":"wp","href":"https:\/\/api.w.org\/{rel}","templated":true}]}}