{"id":18923,"date":"2022-12-14T17:19:37","date_gmt":"2022-12-14T15:19:37","guid":{"rendered":"http:\/\/www.gdansk.baptysci.pl\/?page_id=18923"},"modified":"2023-02-04T12:19:59","modified_gmt":"2023-02-04T10:19:59","slug":"archiwum-2015","status":"publish","type":"page","link":"http:\/\/www.gdansk.baptysci.pl\/index.php\/archiwum-2015\/","title":{"rendered":"Multimedia 2015"},"content":{"rendered":"\n<p><a href=\"http:\/\/www.gdansk.baptysci.pl\/index.php\/archiwum-2022\/\" data-type=\"URL\" data-id=\"http:\/\/www.gdansk.baptysci.pl\/index.php\/archiwum-2022\/\">2022<\/a> >> <a href=\"http:\/\/www.gdansk.baptysci.pl\/index.php\/archiwum-2021\/\" data-type=\"URL\" data-id=\"http:\/\/www.gdansk.baptysci.pl\/index.php\/archiwum-2021\/\">2021<\/a> >> <a href=\"http:\/\/www.gdansk.baptysci.pl\/index.php\/archiwum-2020\/\" data-type=\"URL\" data-id=\"http:\/\/www.gdansk.baptysci.pl\/index.php\/archiwum-2020\/\">2020<\/a> >> <a href=\"http:\/\/www.gdansk.baptysci.pl\/index.php\/archiwum-2016\/\" data-type=\"URL\" data-id=\"http:\/\/www.gdansk.baptysci.pl\/index.php\/archiwum-2016\/\">2016<\/a> >> 2015 >> <a href=\"http:\/\/www.gdansk.baptysci.pl\/index.php\/archiwum-2013\/\" data-type=\"URL\" data-id=\"http:\/\/www.gdansk.baptysci.pl\/index.php\/archiwum-2013\/\">2013<\/a> >> <a href=\"http:\/\/www.gdansk.baptysci.pl\/index.php\/archiwum-2012\/\">2012<\/a> >> <a href=\"http:\/\/www.gdansk.baptysci.pl\/index.php\/archiwum-2011\/\" data-type=\"URL\" data-id=\"http:\/\/www.gdansk.baptysci.pl\/index.php\/archiwum-2011\/\">2011<\/a> >> <a href=\"http:\/\/www.gdansk.baptysci.pl\/index.php\/archiwum-2009\/\" data-type=\"URL\" data-id=\"http:\/\/www.gdansk.baptysci.pl\/index.php\/archiwum-2009\/\">2009<\/a><\/p>\n\n\n\n<hr class=\"wp-block-separator has-alpha-channel-opacity is-style-wide\"\/>\n\n\n\n<div class=\"is-layout-flex wp-container-33 wp-block-columns\">\n<div class=\"is-layout-flow wp-block-column\" style=\"flex-basis:90%\">\n<div class=\"is-layout-flow wp-block-query\"><ul class=\"is-layout-flow wp-block-post-template\"><li class=\"wp-block-post post-1104 post type-post status-publish format-standard has-post-thumbnail hentry category-swiadectwa category-multimedia category-multimedia-2015\">\n\n<div class=\"is-vertical is-layout-flex wp-container-3 wp-block-group\">\n<div class=\"is-vertical is-layout-flex wp-container-2 wp-block-group\">\n<div class=\"is-vertical is-layout-flex wp-container-1 wp-block-group\"><h2 class=\"wp-block-post-title\">2015.03.01 &#8211; \u015awiadectwo os\u00f3b z Pierwomajska<\/h2><\/div>\n<\/div>\n<\/div>\n\n\n<div class=\"is-layout-flow entry-content wp-block-post-content\">\n<div class=\"is-vertical is-layout-flex wp-container-4 wp-block-group\">\n<p>Zapraszamy do wys\u0142uchania pie\u015bni. <\/p>\n\n\n\n<p>Go\u015bcie uczestniczyli na nabo\u017ce\u0144stwie 1 marca 2015.<\/p>\n<\/div>\n\n\n\n<div class=\"is-layout-flex wp-container-6 wp-block-columns\">\n<div class=\"is-layout-flow wp-block-column\" style=\"flex-basis:100%\">\n<figure class=\"wp-block-embed is-type-video is-provider-vimeo wp-block-embed-vimeo wp-embed-aspect-4-3 wp-has-aspect-ratio\"><div class=\"wp-block-embed__wrapper\">\n<iframe loading=\"lazy\" title=\"Bracia i siostry z Pierwomajska ze Zboru &amp;quot;Odrodzenie&amp;quot; w Gda\u0144sku - 20150301 - I Zb&amp;oacute;r KChB\" src=\"https:\/\/player.vimeo.com\/video\/121135795?h=a25bc9570b&amp;dnt=1&amp;app_id=122963\" width=\"840\" height=\"630\" frameborder=\"0\" allow=\"autoplay; fullscreen; picture-in-picture\" allowfullscreen><\/iframe>\n<\/div><\/figure>\n<\/div>\n<\/div>\n\n\n\n<p>&#8222;Od tej pie\u015bni zacz\u0119li swoje \u015bwiadectwo bracia i siostry z Pierwomajska, ze zboru &#8222;Odrodzenie&#8221;. M\u00f3wili o wojnie ale przede wszystkim o Bogu, o wierze, o nadziei, o mocy p\u0142yn\u0105cej z zaufania Jezusowi. Tylko i wy\u0142\u0105cznie z tego powodu, \u017ce powierzyli swoje \u017cycie Jezusowi, mog\u0105 teraz s\u0142u\u017cy\u0107 tym wszystkim kt\u00f3rzy stracili nadziej\u0119, rado\u015b\u0107 i pok\u00f3j. Oni nios\u0105 im to czego potrzebuj\u0105, jedzenie, nadziej\u0119 i wiar\u0119<\/p>\n\n\n\n<p>Wczoraj(tzw. 1 marca 2015) w naszym zborze go\u015bci\u0142a 7-osobowa grupa wierz\u0105cych ludzi ze zboru baptyst\u00f3w w Pierwomajsku. To oko\u0142o 40-tysi\u0119czne miasto we wschodniej Ukrainie, w obwodzie \u0142uga\u0144skim. Pod koniec kwietnia 2014 r. opanowali je Rosjanie (nie pisz\u0119 \u201eseparaty\u015bci\u201d, bo to przyj\u0119cie wygodnej dla Moskwy optyki wydarze\u0144: \u201emiejscowa ludno\u015b\u0107 walczy o swoje prawa z ukrai\u0144sk\u0105 junt\u0105 w Kijowie\u201d; do tej kwestii jeszcze wr\u00f3c\u0119).<\/p>\n\n\n\n<p>Najpierw pokr\u00f3tce przedstawi\u0119 ich opowie\u015b\u0107 na temat wydarze\u0144 ostatniego roku. To \u015bwiadectwo z pierwszej r\u0119ki. Nie relacja dziennikarzy czy polityk\u00f3w (kt\u00f3rym s\u0142usznie lub nie mo\u017cna zarzuci\u0107 uprawianie propagandy), ale ludzi tam \u017cyj\u0105cych, na oczach kt\u00f3rych dzia\u0142y si\u0119 te tragiczne wydarzenia, kt\u00f3re my ogl\u0105dali\u015bmy jedynie w telewizji lub w internecie.<\/p>\n\n\n\n<p>W tym mie\u015bcie \u017cy\u0142 i dzia\u0142a\u0142 ponad 300-osobowy zb\u00f3r. W 1998 r. w\u0142asnymi si\u0142ami zbudowali okaza\u0142y ko\u015bci\u00f3\u0142, architektonicznie nawi\u0105zuj\u0105cy nieco do prawos\u0142awnych cerkwi. By\u0142y dwa ch\u00f3ry, dwa zespo\u0142y muzyczne, dobrze rozwini\u0119ta praca w\u015br\u00f3d dzieci i m\u0142odzie\u017cy, o\u015brodek dla narkoman\u00f3w i alkoholik\u00f3w, wiele dzia\u0142a\u0144 charytatywnych. Karmili g\u0142odnych, rozdawali potrzebuj\u0105cym odzie\u017c i jedzenie \u2013 zebra\u0142o si\u0119 tego kilkana\u015bcie wielkich ci\u0119\u017car\u00f3wek. Jako \u017ce Pierwomajsk nie by\u0142 bogat\u0105 miejscowo\u015bci\u0105, ludzi w trudnej sytuacji bytowej nie brakowa\u0142o.<\/p>\n\n\n\n<p>Dzi\u015b po tym wszystkim zosta\u0142y tylko zdj\u0119cia i wspomnienia. Kiedy wiosn\u0105 2014 r. w Donbasie pojawili si\u0119 separaty\u015bci, bapty\u015bci z Pierwomajska (i wielu innych miejscowo\u015bci, kt\u00f3re tamci zaj\u0119li), wiedzieli, \u017ce musz\u0105 ucieka\u0107. Niedwuznacznie dawano im do zrozumienia, \u017ce s\u0105 zdrajcami i ameryka\u0144skimi szpiegami (po cz\u0119\u015bci dlatego, \u017ce jeden z lider\u00f3w Majdanu, O\u0142eksandr Turczynow, w 2014 r. przewodnicz\u0105cy Rady Najwy\u017cszej Ukrainy i do czas\u00f3w wyboru Petra Poroszenki, czasowo pe\u0142ni\u0105cy obowi\u0105zki prezydenta Ukrainy \u2013 jest baptyst\u0105). Nieliczni, zostawiaj\u0105c swoje domy, wyjechali z Pierwomajska zaraz w maju i czerwcu. Pastora zboru trzeba by\u0142o wywie\u017a\u0107 w ukryciu \u2013 znalaz\u0142 si\u0119 na li\u015bcie proskrypcyjnej. Wi\u0119kszo\u015b\u0107 wierz\u0105cych opu\u015bci\u0142o miasto (i rozproszy\u0142o si\u0119 po r\u00f3\u017cnych cz\u0119\u015bciach Ukrainy) pod koniec czerwca, ju\u017c po tym, jak jego separatystyczny mer na publicznym wiecu wezwa\u0142 mieszka\u0144c\u00f3w do spalenia baptystom ko\u015bcio\u0142a. Miejscowi ludzie, kt\u00f3rzy znali ich z zaanga\u017cowania na rzecz biednych i uzale\u017cnionych, nie dali si\u0119 wmanewrowa\u0107 w ten pogrom. Ko\u015bci\u00f3\u0142 ocala\u0142. Do czasu.<\/p>\n\n\n\n<p>Miasta przed wojskami ukrai\u0144skimi bronili rosyjscy Kozacy, kt\u00f3rzy przybyli zza wschodniej granicy. Pomimo ci\u0119\u017ckich walk, jakie od czerwca toczy\u0142y si\u0119 o Pierwomajsk, ko\u015bcielny budynek sta\u0142 niedra\u015bni\u0119ty \u017cadnym pociskiem artyleryjskim czy rakietowym. 16 sierpnia, zaraz po tym, jak Rosjanie odzyskali panowanie nad miastem, podpalili ko\u015bci\u00f3\u0142. Zwyczajnie, oblali go benzyn\u0105 i podpalili. Jakim\u015b cudem przyjecha\u0142a jednostka miejscowej stra\u017cy po\u017carnej (bo to, \u017ce mieli jeszcze dzia\u0142aj\u0105cy w\u00f3z stra\u017cacki wraz z za\u0142og\u0105 zakrawa\u0142o na cud). Kiedy chcieli przyst\u0105pi\u0107 do dzia\u0142ania, zobaczyli skierowane na siebie lufy rosyjskich karabin\u00f3w: Albo odjedziecie, albo strzelamy \u2013 us\u0142yszeli. Odjechali. Po\u017car bez przeszk\u00f3d dokona\u0142 swego dzie\u0142a zniszczenia. Cz\u0142owiek, kt\u00f3ry to opowiada\u0142, co rusz przerywa\u0142, bo \u0142zy nap\u0142ywa\u0142y mu do oczu. Ogl\u0105daj\u0105c zdj\u0119cia spalonego ko\u015bcio\u0142a, po tym, jak widzia\u0142o si\u0119 wcze\u015bniejsze fotografie pokazuj\u0105ce rozradowanych ludzi, podczas ich uroczysto\u015bci, spotka\u0144, dzia\u0142a\u0144 \u2013 trudno by\u0142o pozosta\u0107 niewzruszonym. A co dopiero, kiedy \u2013 jak on \u2013 ma si\u0119 przed oczami nie tylko nieruchome obrazy, ale poruszaj\u0105cych si\u0119 ludzi, odg\u0142osy muzyki, modlitw, kt\u00f3re zosta\u0142y zast\u0105pione sw\u0105dem spalenizny, dojmuj\u0105c\u0105 cisz\u0105 i obrazem spustoszenia.<\/p>\n\n\n\n<p>W Pierwomajsku zostali w wi\u0119kszo\u015bci tylko ci, kt\u00f3rzy albo byli za starzy i zbyt s\u0142abi, by podr\u00f3\u017cowa\u0107 (wielu ludzi opuszcza\u0142o miasto pieszo, z minimum rzeczy, jakie zabrali ze sob\u0105), ci kt\u00f3rzy nie chcieli zostawi\u0107 swoich bliskich, kt\u00f3rych nie mogli zabra\u0107, a wreszcie tacy, kt\u00f3rzy zwyczajnie nie mieli gdzie p\u00f3j\u015b\u0107. I ci zwyczajni ludzie, w podesz\u0142ym wieku, najs\u0142absi, z miejsca zacz\u0119li si\u0119 rozgl\u0105da\u0107 za takimi \u2013 s\u0105siadami czy nieznajomymi \u2013 kt\u00f3rzy potrzebowali pomocy. Pewna wierz\u0105ca siostra zajrza\u0142a do swego s\u0105siada, kt\u00f3rego ju\u017c od paru dni nie widzia\u0142a. Okaza\u0142o si\u0119, \u017ce sko\u0144czy\u0142y mu si\u0119 zapasy jedzenia, a by\u0142 zbyt s\u0142aby, aby wyj\u015b\u0107 z domu. Nakarmi\u0142a go tym, co mia\u0142a, zwiastowa\u0142a mu Ewangeli\u0119 i doprowadzi\u0142a do wiary w Chrystusa. Trzy dni p\u00f3\u017aniej starszy cz\u0142owiek ju\u017c nie \u017cy\u0142.&#8221; ~ <strong>Artur Grybek<\/strong><\/p>\n\n\n\n<div class=\"is-layout-flex wp-container-8 wp-block-columns\">\n<div class=\"is-layout-flow wp-block-column\" style=\"flex-basis:100%\">\n<figure class=\"wp-block-image size-large\"><img data-attachment-id=\"1120\" data-permalink=\"http:\/\/www.gdansk.baptysci.pl\/index.php\/2015\/03\/01\/swiadectwo-osob-z-pierwomajska\/11046840_1043060762374583_7084679978880591403_n\/\" data-orig-file=\"http:\/\/www.gdansk.baptysci.pl\/wp-content\/uploads\/2015\/03\/11046840_1043060762374583_7084679978880591403_n.jpg\" data-orig-size=\"960,540\" data-comments-opened=\"1\" data-image-meta=\"{&quot;aperture&quot;:&quot;0&quot;,&quot;credit&quot;:&quot;&quot;,&quot;camera&quot;:&quot;&quot;,&quot;caption&quot;:&quot;&quot;,&quot;created_timestamp&quot;:&quot;0&quot;,&quot;copyright&quot;:&quot;&quot;,&quot;focal_length&quot;:&quot;0&quot;,&quot;iso&quot;:&quot;0&quot;,&quot;shutter_speed&quot;:&quot;0&quot;,&quot;title&quot;:&quot;&quot;,&quot;orientation&quot;:&quot;0&quot;}\" data-image-title=\"11046840_1043060762374583_7084679978880591403_n\" data-image-description=\"\" data-image-caption=\"\" data-medium-file=\"http:\/\/www.gdansk.baptysci.pl\/wp-content\/uploads\/2015\/03\/11046840_1043060762374583_7084679978880591403_n-300x169.jpg\" data-large-file=\"http:\/\/www.gdansk.baptysci.pl\/wp-content\/uploads\/2015\/03\/11046840_1043060762374583_7084679978880591403_n.jpg\" data-attachment-id=\"1120\" data-permalink=\"http:\/\/www.gdansk.baptysci.pl\/index.php\/2015\/03\/01\/swiadectwo-osob-z-pierwomajska\/11046840_1043060762374583_7084679978880591403_n\/\" data-orig-file=\"http:\/\/www.gdansk.baptysci.pl\/wp-content\/uploads\/2015\/03\/11046840_1043060762374583_7084679978880591403_n.jpg\" data-orig-size=\"960,540\" data-comments-opened=\"1\" data-image-meta=\"{&quot;aperture&quot;:&quot;0&quot;,&quot;credit&quot;:&quot;&quot;,&quot;camera&quot;:&quot;&quot;,&quot;caption&quot;:&quot;&quot;,&quot;created_timestamp&quot;:&quot;0&quot;,&quot;copyright&quot;:&quot;&quot;,&quot;focal_length&quot;:&quot;0&quot;,&quot;iso&quot;:&quot;0&quot;,&quot;shutter_speed&quot;:&quot;0&quot;,&quot;title&quot;:&quot;&quot;,&quot;orientation&quot;:&quot;0&quot;}\" data-image-title=\"11046840_1043060762374583_7084679978880591403_n\" data-image-description=\"\" data-image-caption=\"\" data-medium-file=\"http:\/\/www.gdansk.baptysci.pl\/wp-content\/uploads\/2015\/03\/11046840_1043060762374583_7084679978880591403_n-300x169.jpg\" data-large-file=\"http:\/\/www.gdansk.baptysci.pl\/wp-content\/uploads\/2015\/03\/11046840_1043060762374583_7084679978880591403_n.jpg\" decoding=\"async\" loading=\"lazy\" width=\"960\" height=\"540\" src=\"http:\/\/www.gdansk.baptysci.pl\/wp-content\/uploads\/2015\/03\/11046840_1043060762374583_7084679978880591403_n.jpg\" alt=\"\" class=\"wp-image-1120\" srcset=\"http:\/\/www.gdansk.baptysci.pl\/wp-content\/uploads\/2015\/03\/11046840_1043060762374583_7084679978880591403_n.jpg 960w, http:\/\/www.gdansk.baptysci.pl\/wp-content\/uploads\/2015\/03\/11046840_1043060762374583_7084679978880591403_n-300x169.jpg 300w\" sizes=\"(max-width: 709px) 85vw, (max-width: 909px) 67vw, (max-width: 1362px) 62vw, 840px\" \/><\/figure>\n<\/div>\n<\/div>\n<\/div>\n\n\n<hr class=\"wp-block-separator has-text-color has-dark-gray-color has-alpha-channel-opacity has-dark-gray-background-color has-background is-style-wide\"\/>\n\n<\/li><li class=\"wp-block-post post-1064 post type-post status-publish format-gallery has-post-thumbnail hentry category-chrzest category-multimedia category-multimedia-2015 post_format-post-format-gallery\">\n\n<div class=\"is-vertical is-layout-flex wp-container-12 wp-block-group\">\n<div class=\"is-vertical is-layout-flex wp-container-11 wp-block-group\">\n<div class=\"is-vertical is-layout-flex wp-container-10 wp-block-group\"><h2 class=\"wp-block-post-title\">2015.03.15 &#8211; Chrzest wiary<\/h2><\/div>\n<\/div>\n<\/div>\n\n\n<div class=\"is-layout-flow entry-content wp-block-post-content\">\n<p>Wsp\u00f3lne nabo\u017ce\u0144stwo z II zborem z Gda\u0144ska.<\/p>\n\n\n\n<div data-carousel-extra='{\"blog_id\":1,\"permalink\":\"http:\\\/\\\/www.gdansk.baptysci.pl\\\/index.php\\\/2015\\\/03\\\/15\\\/chrzest-wiary\\\/\"}'  class=\"wp-block-jetpack-tiled-gallery aligncenter is-style-rectangular\"><div class=\"tiled-gallery__gallery\"><div class=\"tiled-gallery__row\"><div class=\"tiled-gallery__col\" style=\"flex-basis:69.45968%\"><figure class=\"tiled-gallery__item\"><img data-attachment-id=\"1212\" data-permalink=\"http:\/\/www.gdansk.baptysci.pl\/index.php\/2015\/03\/15\/chrzest-wiary\/1399424_1055307961149863_3603631138264114650_o\/\" data-orig-file=\"http:\/\/www.gdansk.baptysci.pl\/wp-content\/uploads\/2015\/02\/1399424_1055307961149863_3603631138264114650_o.jpg\" data-orig-size=\"2048,1356\" data-comments-opened=\"1\" data-image-meta=\"{&quot;aperture&quot;:&quot;0&quot;,&quot;credit&quot;:&quot;&quot;,&quot;camera&quot;:&quot;&quot;,&quot;caption&quot;:&quot;&quot;,&quot;created_timestamp&quot;:&quot;0&quot;,&quot;copyright&quot;:&quot;&quot;,&quot;focal_length&quot;:&quot;0&quot;,&quot;iso&quot;:&quot;0&quot;,&quot;shutter_speed&quot;:&quot;0&quot;,&quot;title&quot;:&quot;&quot;,&quot;orientation&quot;:&quot;0&quot;}\" data-image-title=\"1399424_1055307961149863_3603631138264114650_o\" data-image-description=\"\" data-image-caption=\"&lt;p&gt;fot. Artur Grybek&lt;\/p&gt;\n\" data-medium-file=\"http:\/\/www.gdansk.baptysci.pl\/wp-content\/uploads\/2015\/02\/1399424_1055307961149863_3603631138264114650_o-300x199.jpg\" data-large-file=\"http:\/\/www.gdansk.baptysci.pl\/wp-content\/uploads\/2015\/02\/1399424_1055307961149863_3603631138264114650_o-1024x678.jpg\" data-attachment-id=\"1212\" data-permalink=\"http:\/\/www.gdansk.baptysci.pl\/index.php\/2015\/03\/15\/chrzest-wiary\/1399424_1055307961149863_3603631138264114650_o\/\" data-orig-file=\"http:\/\/www.gdansk.baptysci.pl\/wp-content\/uploads\/2015\/02\/1399424_1055307961149863_3603631138264114650_o.jpg\" data-orig-size=\"2048,1356\" data-comments-opened=\"1\" data-image-meta=\"{&quot;aperture&quot;:&quot;0&quot;,&quot;credit&quot;:&quot;&quot;,&quot;camera&quot;:&quot;&quot;,&quot;caption&quot;:&quot;&quot;,&quot;created_timestamp&quot;:&quot;0&quot;,&quot;copyright&quot;:&quot;&quot;,&quot;focal_length&quot;:&quot;0&quot;,&quot;iso&quot;:&quot;0&quot;,&quot;shutter_speed&quot;:&quot;0&quot;,&quot;title&quot;:&quot;&quot;,&quot;orientation&quot;:&quot;0&quot;}\" data-image-title=\"1399424_1055307961149863_3603631138264114650_o\" data-image-description=\"\" data-image-caption=\"&lt;p&gt;fot. Artur Grybek&lt;\/p&gt;\n\" data-medium-file=\"http:\/\/www.gdansk.baptysci.pl\/wp-content\/uploads\/2015\/02\/1399424_1055307961149863_3603631138264114650_o-300x199.jpg\" data-large-file=\"http:\/\/www.gdansk.baptysci.pl\/wp-content\/uploads\/2015\/02\/1399424_1055307961149863_3603631138264114650_o-1024x678.jpg\" decoding=\"async\" data-attachment-id=\"1212\" data-permalink=\"http:\/\/www.gdansk.baptysci.pl\/index.php\/2015\/03\/15\/chrzest-wiary\/1399424_1055307961149863_3603631138264114650_o\/\" data-orig-file=\"http:\/\/www.gdansk.baptysci.pl\/wp-content\/uploads\/2015\/02\/1399424_1055307961149863_3603631138264114650_o.jpg\" data-orig-size=\"2048,1356\" data-comments-opened=\"1\" data-image-meta=\"{&quot;aperture&quot;:&quot;0&quot;,&quot;credit&quot;:&quot;&quot;,&quot;camera&quot;:&quot;&quot;,&quot;caption&quot;:&quot;&quot;,&quot;created_timestamp&quot;:&quot;0&quot;,&quot;copyright&quot;:&quot;&quot;,&quot;focal_length&quot;:&quot;0&quot;,&quot;iso&quot;:&quot;0&quot;,&quot;shutter_speed&quot;:&quot;0&quot;,&quot;title&quot;:&quot;&quot;,&quot;orientation&quot;:&quot;0&quot;}\" data-image-title=\"1399424_1055307961149863_3603631138264114650_o\" data-image-description=\"\" data-image-caption=\"&lt;p&gt;fot. Artur Grybek&lt;\/p&gt;\n\" data-medium-file=\"http:\/\/www.gdansk.baptysci.pl\/wp-content\/uploads\/2015\/02\/1399424_1055307961149863_3603631138264114650_o-300x199.jpg\" data-large-file=\"http:\/\/www.gdansk.baptysci.pl\/wp-content\/uploads\/2015\/02\/1399424_1055307961149863_3603631138264114650_o-1024x678.jpg\" srcset=\"https:\/\/i2.wp.com\/www.gdansk.baptysci.pl\/wp-content\/uploads\/2015\/02\/1399424_1055307961149863_3603631138264114650_o-1024x678.jpg?strip=info&#038;w=600 600w,https:\/\/i2.wp.com\/www.gdansk.baptysci.pl\/wp-content\/uploads\/2015\/02\/1399424_1055307961149863_3603631138264114650_o-1024x678.jpg?strip=info&#038;w=900 900w,https:\/\/i2.wp.com\/www.gdansk.baptysci.pl\/wp-content\/uploads\/2015\/02\/1399424_1055307961149863_3603631138264114650_o-1024x678.jpg?strip=info&#038;w=1200 1200w,https:\/\/i2.wp.com\/www.gdansk.baptysci.pl\/wp-content\/uploads\/2015\/02\/1399424_1055307961149863_3603631138264114650_o-1024x678.jpg?strip=info&#038;w=1500 1500w,https:\/\/i2.wp.com\/www.gdansk.baptysci.pl\/wp-content\/uploads\/2015\/02\/1399424_1055307961149863_3603631138264114650_o-1024x678.jpg?strip=info&#038;w=1800 1800w,https:\/\/i2.wp.com\/www.gdansk.baptysci.pl\/wp-content\/uploads\/2015\/02\/1399424_1055307961149863_3603631138264114650_o-1024x678.jpg?strip=info&#038;w=2000 2000w\" alt=\"\" data-height=\"1356\" data-id=\"1212\" data-link=\"http:\/\/www.gdansk.baptysci.pl\/index.php\/2015\/02\/22\/chrzest-wiary\/1399424_1055307961149863_3603631138264114650_o\/\" data-url=\"http:\/\/www.gdansk.baptysci.pl\/wp-content\/uploads\/2015\/02\/1399424_1055307961149863_3603631138264114650_o-1024x678.jpg\" data-width=\"2048\" src=\"https:\/\/i2.wp.com\/www.gdansk.baptysci.pl\/wp-content\/uploads\/2015\/02\/1399424_1055307961149863_3603631138264114650_o-1024x678.jpg\" data-amp-layout=\"responsive\"\/><\/figure><\/div><div class=\"tiled-gallery__col\" style=\"flex-basis:30.54032%\"><figure class=\"tiled-gallery__item\"><img data-attachment-id=\"1213\" data-permalink=\"http:\/\/www.gdansk.baptysci.pl\/index.php\/2015\/03\/15\/chrzest-wiary\/1537560_1055312041149455_5506541812357647747_o\/\" data-orig-file=\"http:\/\/www.gdansk.baptysci.pl\/wp-content\/uploads\/2015\/02\/1537560_1055312041149455_5506541812357647747_o.jpg\" data-orig-size=\"1356,2048\" data-comments-opened=\"1\" data-image-meta=\"{&quot;aperture&quot;:&quot;0&quot;,&quot;credit&quot;:&quot;&quot;,&quot;camera&quot;:&quot;&quot;,&quot;caption&quot;:&quot;&quot;,&quot;created_timestamp&quot;:&quot;0&quot;,&quot;copyright&quot;:&quot;&quot;,&quot;focal_length&quot;:&quot;0&quot;,&quot;iso&quot;:&quot;0&quot;,&quot;shutter_speed&quot;:&quot;0&quot;,&quot;title&quot;:&quot;&quot;,&quot;orientation&quot;:&quot;0&quot;}\" data-image-title=\"1537560_1055312041149455_5506541812357647747_o\" data-image-description=\"\" data-image-caption=\"&lt;p&gt;fot. Artur Grybek&lt;\/p&gt;\n\" data-medium-file=\"http:\/\/www.gdansk.baptysci.pl\/wp-content\/uploads\/2015\/02\/1537560_1055312041149455_5506541812357647747_o-199x300.jpg\" data-large-file=\"http:\/\/www.gdansk.baptysci.pl\/wp-content\/uploads\/2015\/02\/1537560_1055312041149455_5506541812357647747_o-678x1024.jpg\" data-attachment-id=\"1213\" data-permalink=\"http:\/\/www.gdansk.baptysci.pl\/index.php\/2015\/03\/15\/chrzest-wiary\/1537560_1055312041149455_5506541812357647747_o\/\" data-orig-file=\"http:\/\/www.gdansk.baptysci.pl\/wp-content\/uploads\/2015\/02\/1537560_1055312041149455_5506541812357647747_o.jpg\" data-orig-size=\"1356,2048\" data-comments-opened=\"1\" data-image-meta=\"{&quot;aperture&quot;:&quot;0&quot;,&quot;credit&quot;:&quot;&quot;,&quot;camera&quot;:&quot;&quot;,&quot;caption&quot;:&quot;&quot;,&quot;created_timestamp&quot;:&quot;0&quot;,&quot;copyright&quot;:&quot;&quot;,&quot;focal_length&quot;:&quot;0&quot;,&quot;iso&quot;:&quot;0&quot;,&quot;shutter_speed&quot;:&quot;0&quot;,&quot;title&quot;:&quot;&quot;,&quot;orientation&quot;:&quot;0&quot;}\" data-image-title=\"1537560_1055312041149455_5506541812357647747_o\" data-image-description=\"\" data-image-caption=\"&lt;p&gt;fot. Artur Grybek&lt;\/p&gt;\n\" data-medium-file=\"http:\/\/www.gdansk.baptysci.pl\/wp-content\/uploads\/2015\/02\/1537560_1055312041149455_5506541812357647747_o-199x300.jpg\" data-large-file=\"http:\/\/www.gdansk.baptysci.pl\/wp-content\/uploads\/2015\/02\/1537560_1055312041149455_5506541812357647747_o-678x1024.jpg\" decoding=\"async\" data-attachment-id=\"1213\" data-permalink=\"http:\/\/www.gdansk.baptysci.pl\/index.php\/2015\/03\/15\/chrzest-wiary\/1537560_1055312041149455_5506541812357647747_o\/\" data-orig-file=\"http:\/\/www.gdansk.baptysci.pl\/wp-content\/uploads\/2015\/02\/1537560_1055312041149455_5506541812357647747_o.jpg\" data-orig-size=\"1356,2048\" data-comments-opened=\"1\" data-image-meta=\"{&quot;aperture&quot;:&quot;0&quot;,&quot;credit&quot;:&quot;&quot;,&quot;camera&quot;:&quot;&quot;,&quot;caption&quot;:&quot;&quot;,&quot;created_timestamp&quot;:&quot;0&quot;,&quot;copyright&quot;:&quot;&quot;,&quot;focal_length&quot;:&quot;0&quot;,&quot;iso&quot;:&quot;0&quot;,&quot;shutter_speed&quot;:&quot;0&quot;,&quot;title&quot;:&quot;&quot;,&quot;orientation&quot;:&quot;0&quot;}\" data-image-title=\"1537560_1055312041149455_5506541812357647747_o\" data-image-description=\"\" data-image-caption=\"&lt;p&gt;fot. Artur Grybek&lt;\/p&gt;\n\" data-medium-file=\"http:\/\/www.gdansk.baptysci.pl\/wp-content\/uploads\/2015\/02\/1537560_1055312041149455_5506541812357647747_o-199x300.jpg\" data-large-file=\"http:\/\/www.gdansk.baptysci.pl\/wp-content\/uploads\/2015\/02\/1537560_1055312041149455_5506541812357647747_o-678x1024.jpg\" srcset=\"https:\/\/i1.wp.com\/www.gdansk.baptysci.pl\/wp-content\/uploads\/2015\/02\/1537560_1055312041149455_5506541812357647747_o-678x1024.jpg?strip=info&#038;w=600 600w,https:\/\/i1.wp.com\/www.gdansk.baptysci.pl\/wp-content\/uploads\/2015\/02\/1537560_1055312041149455_5506541812357647747_o-678x1024.jpg?strip=info&#038;w=900 900w,https:\/\/i1.wp.com\/www.gdansk.baptysci.pl\/wp-content\/uploads\/2015\/02\/1537560_1055312041149455_5506541812357647747_o-678x1024.jpg?strip=info&#038;w=1200 1200w,https:\/\/i1.wp.com\/www.gdansk.baptysci.pl\/wp-content\/uploads\/2015\/02\/1537560_1055312041149455_5506541812357647747_o-678x1024.jpg?strip=info&#038;w=1356 1356w\" alt=\"\" data-height=\"2048\" data-id=\"1213\" data-link=\"http:\/\/www.gdansk.baptysci.pl\/index.php\/2015\/02\/22\/chrzest-wiary\/1537560_1055312041149455_5506541812357647747_o\/\" data-url=\"http:\/\/www.gdansk.baptysci.pl\/wp-content\/uploads\/2015\/02\/1537560_1055312041149455_5506541812357647747_o-678x1024.jpg\" data-width=\"1356\" src=\"https:\/\/i1.wp.com\/www.gdansk.baptysci.pl\/wp-content\/uploads\/2015\/02\/1537560_1055312041149455_5506541812357647747_o-678x1024.jpg\" data-amp-layout=\"responsive\"\/><\/figure><\/div><\/div><div class=\"tiled-gallery__row\"><div class=\"tiled-gallery__col\" style=\"flex-basis:24.98174%\"><figure class=\"tiled-gallery__item\"><img data-attachment-id=\"1214\" data-permalink=\"http:\/\/www.gdansk.baptysci.pl\/index.php\/2015\/03\/15\/chrzest-wiary\/1658574_1055314221149237_5151611430427071601_o\/\" data-orig-file=\"http:\/\/www.gdansk.baptysci.pl\/wp-content\/uploads\/2015\/02\/1658574_1055314221149237_5151611430427071601_o.jpg\" data-orig-size=\"1363,2048\" data-comments-opened=\"1\" data-image-meta=\"{&quot;aperture&quot;:&quot;0&quot;,&quot;credit&quot;:&quot;Picasa&quot;,&quot;camera&quot;:&quot;&quot;,&quot;caption&quot;:&quot;&quot;,&quot;created_timestamp&quot;:&quot;0&quot;,&quot;copyright&quot;:&quot;&quot;,&quot;focal_length&quot;:&quot;0&quot;,&quot;iso&quot;:&quot;0&quot;,&quot;shutter_speed&quot;:&quot;0&quot;,&quot;title&quot;:&quot;&quot;,&quot;orientation&quot;:&quot;0&quot;}\" data-image-title=\"1658574_1055314221149237_5151611430427071601_o\" data-image-description=\"\" data-image-caption=\"&lt;p&gt;fot. Artur Grybek&lt;\/p&gt;\n\" data-medium-file=\"http:\/\/www.gdansk.baptysci.pl\/wp-content\/uploads\/2015\/02\/1658574_1055314221149237_5151611430427071601_o-200x300.jpg\" data-large-file=\"http:\/\/www.gdansk.baptysci.pl\/wp-content\/uploads\/2015\/02\/1658574_1055314221149237_5151611430427071601_o-682x1024.jpg\" data-attachment-id=\"1214\" data-permalink=\"http:\/\/www.gdansk.baptysci.pl\/index.php\/2015\/03\/15\/chrzest-wiary\/1658574_1055314221149237_5151611430427071601_o\/\" data-orig-file=\"http:\/\/www.gdansk.baptysci.pl\/wp-content\/uploads\/2015\/02\/1658574_1055314221149237_5151611430427071601_o.jpg\" data-orig-size=\"1363,2048\" data-comments-opened=\"1\" data-image-meta=\"{&quot;aperture&quot;:&quot;0&quot;,&quot;credit&quot;:&quot;Picasa&quot;,&quot;camera&quot;:&quot;&quot;,&quot;caption&quot;:&quot;&quot;,&quot;created_timestamp&quot;:&quot;0&quot;,&quot;copyright&quot;:&quot;&quot;,&quot;focal_length&quot;:&quot;0&quot;,&quot;iso&quot;:&quot;0&quot;,&quot;shutter_speed&quot;:&quot;0&quot;,&quot;title&quot;:&quot;&quot;,&quot;orientation&quot;:&quot;0&quot;}\" data-image-title=\"1658574_1055314221149237_5151611430427071601_o\" data-image-description=\"\" data-image-caption=\"&lt;p&gt;fot. Artur Grybek&lt;\/p&gt;\n\" data-medium-file=\"http:\/\/www.gdansk.baptysci.pl\/wp-content\/uploads\/2015\/02\/1658574_1055314221149237_5151611430427071601_o-200x300.jpg\" data-large-file=\"http:\/\/www.gdansk.baptysci.pl\/wp-content\/uploads\/2015\/02\/1658574_1055314221149237_5151611430427071601_o-682x1024.jpg\" decoding=\"async\" data-attachment-id=\"1214\" data-permalink=\"http:\/\/www.gdansk.baptysci.pl\/index.php\/2015\/03\/15\/chrzest-wiary\/1658574_1055314221149237_5151611430427071601_o\/\" data-orig-file=\"http:\/\/www.gdansk.baptysci.pl\/wp-content\/uploads\/2015\/02\/1658574_1055314221149237_5151611430427071601_o.jpg\" data-orig-size=\"1363,2048\" data-comments-opened=\"1\" data-image-meta=\"{&quot;aperture&quot;:&quot;0&quot;,&quot;credit&quot;:&quot;Picasa&quot;,&quot;camera&quot;:&quot;&quot;,&quot;caption&quot;:&quot;&quot;,&quot;created_timestamp&quot;:&quot;0&quot;,&quot;copyright&quot;:&quot;&quot;,&quot;focal_length&quot;:&quot;0&quot;,&quot;iso&quot;:&quot;0&quot;,&quot;shutter_speed&quot;:&quot;0&quot;,&quot;title&quot;:&quot;&quot;,&quot;orientation&quot;:&quot;0&quot;}\" data-image-title=\"1658574_1055314221149237_5151611430427071601_o\" data-image-description=\"\" data-image-caption=\"&lt;p&gt;fot. Artur Grybek&lt;\/p&gt;\n\" data-medium-file=\"http:\/\/www.gdansk.baptysci.pl\/wp-content\/uploads\/2015\/02\/1658574_1055314221149237_5151611430427071601_o-200x300.jpg\" data-large-file=\"http:\/\/www.gdansk.baptysci.pl\/wp-content\/uploads\/2015\/02\/1658574_1055314221149237_5151611430427071601_o-682x1024.jpg\" srcset=\"https:\/\/i2.wp.com\/www.gdansk.baptysci.pl\/wp-content\/uploads\/2015\/02\/1658574_1055314221149237_5151611430427071601_o-682x1024.jpg?strip=info&#038;w=600 600w,https:\/\/i2.wp.com\/www.gdansk.baptysci.pl\/wp-content\/uploads\/2015\/02\/1658574_1055314221149237_5151611430427071601_o-682x1024.jpg?strip=info&#038;w=900 900w,https:\/\/i2.wp.com\/www.gdansk.baptysci.pl\/wp-content\/uploads\/2015\/02\/1658574_1055314221149237_5151611430427071601_o-682x1024.jpg?strip=info&#038;w=1200 1200w,https:\/\/i2.wp.com\/www.gdansk.baptysci.pl\/wp-content\/uploads\/2015\/02\/1658574_1055314221149237_5151611430427071601_o-682x1024.jpg?strip=info&#038;w=1363 1363w\" alt=\"\" data-height=\"2048\" data-id=\"1214\" data-link=\"http:\/\/www.gdansk.baptysci.pl\/index.php\/2015\/02\/22\/chrzest-wiary\/1658574_1055314221149237_5151611430427071601_o\/\" data-url=\"http:\/\/www.gdansk.baptysci.pl\/wp-content\/uploads\/2015\/02\/1658574_1055314221149237_5151611430427071601_o-682x1024.jpg\" data-width=\"1363\" src=\"https:\/\/i2.wp.com\/www.gdansk.baptysci.pl\/wp-content\/uploads\/2015\/02\/1658574_1055314221149237_5151611430427071601_o-682x1024.jpg\" data-amp-layout=\"responsive\"\/><\/figure><\/div><div class=\"tiled-gallery__col\" style=\"flex-basis:24.96349%\"><figure class=\"tiled-gallery__item\"><img data-attachment-id=\"1215\" data-permalink=\"http:\/\/www.gdansk.baptysci.pl\/index.php\/2015\/03\/15\/chrzest-wiary\/1669802_1055313261149333_7853592132707207127_o\/\" data-orig-file=\"http:\/\/www.gdansk.baptysci.pl\/wp-content\/uploads\/2015\/02\/1669802_1055313261149333_7853592132707207127_o.jpg\" data-orig-size=\"1362,2048\" data-comments-opened=\"1\" data-image-meta=\"{&quot;aperture&quot;:&quot;0&quot;,&quot;credit&quot;:&quot;Picasa&quot;,&quot;camera&quot;:&quot;&quot;,&quot;caption&quot;:&quot;&quot;,&quot;created_timestamp&quot;:&quot;0&quot;,&quot;copyright&quot;:&quot;&quot;,&quot;focal_length&quot;:&quot;0&quot;,&quot;iso&quot;:&quot;0&quot;,&quot;shutter_speed&quot;:&quot;0&quot;,&quot;title&quot;:&quot;&quot;,&quot;orientation&quot;:&quot;0&quot;}\" data-image-title=\"1669802_1055313261149333_7853592132707207127_o\" data-image-description=\"\" data-image-caption=\"&lt;p&gt;fot. Artur Grybek&lt;\/p&gt;\n\" data-medium-file=\"http:\/\/www.gdansk.baptysci.pl\/wp-content\/uploads\/2015\/02\/1669802_1055313261149333_7853592132707207127_o-200x300.jpg\" data-large-file=\"http:\/\/www.gdansk.baptysci.pl\/wp-content\/uploads\/2015\/02\/1669802_1055313261149333_7853592132707207127_o-681x1024.jpg\" data-attachment-id=\"1215\" data-permalink=\"http:\/\/www.gdansk.baptysci.pl\/index.php\/2015\/03\/15\/chrzest-wiary\/1669802_1055313261149333_7853592132707207127_o\/\" data-orig-file=\"http:\/\/www.gdansk.baptysci.pl\/wp-content\/uploads\/2015\/02\/1669802_1055313261149333_7853592132707207127_o.jpg\" data-orig-size=\"1362,2048\" data-comments-opened=\"1\" data-image-meta=\"{&quot;aperture&quot;:&quot;0&quot;,&quot;credit&quot;:&quot;Picasa&quot;,&quot;camera&quot;:&quot;&quot;,&quot;caption&quot;:&quot;&quot;,&quot;created_timestamp&quot;:&quot;0&quot;,&quot;copyright&quot;:&quot;&quot;,&quot;focal_length&quot;:&quot;0&quot;,&quot;iso&quot;:&quot;0&quot;,&quot;shutter_speed&quot;:&quot;0&quot;,&quot;title&quot;:&quot;&quot;,&quot;orientation&quot;:&quot;0&quot;}\" data-image-title=\"1669802_1055313261149333_7853592132707207127_o\" data-image-description=\"\" data-image-caption=\"&lt;p&gt;fot. Artur Grybek&lt;\/p&gt;\n\" data-medium-file=\"http:\/\/www.gdansk.baptysci.pl\/wp-content\/uploads\/2015\/02\/1669802_1055313261149333_7853592132707207127_o-200x300.jpg\" data-large-file=\"http:\/\/www.gdansk.baptysci.pl\/wp-content\/uploads\/2015\/02\/1669802_1055313261149333_7853592132707207127_o-681x1024.jpg\" decoding=\"async\" data-attachment-id=\"1215\" data-permalink=\"http:\/\/www.gdansk.baptysci.pl\/index.php\/2015\/03\/15\/chrzest-wiary\/1669802_1055313261149333_7853592132707207127_o\/\" data-orig-file=\"http:\/\/www.gdansk.baptysci.pl\/wp-content\/uploads\/2015\/02\/1669802_1055313261149333_7853592132707207127_o.jpg\" data-orig-size=\"1362,2048\" data-comments-opened=\"1\" data-image-meta=\"{&quot;aperture&quot;:&quot;0&quot;,&quot;credit&quot;:&quot;Picasa&quot;,&quot;camera&quot;:&quot;&quot;,&quot;caption&quot;:&quot;&quot;,&quot;created_timestamp&quot;:&quot;0&quot;,&quot;copyright&quot;:&quot;&quot;,&quot;focal_length&quot;:&quot;0&quot;,&quot;iso&quot;:&quot;0&quot;,&quot;shutter_speed&quot;:&quot;0&quot;,&quot;title&quot;:&quot;&quot;,&quot;orientation&quot;:&quot;0&quot;}\" data-image-title=\"1669802_1055313261149333_7853592132707207127_o\" data-image-description=\"\" data-image-caption=\"&lt;p&gt;fot. Artur Grybek&lt;\/p&gt;\n\" data-medium-file=\"http:\/\/www.gdansk.baptysci.pl\/wp-content\/uploads\/2015\/02\/1669802_1055313261149333_7853592132707207127_o-200x300.jpg\" data-large-file=\"http:\/\/www.gdansk.baptysci.pl\/wp-content\/uploads\/2015\/02\/1669802_1055313261149333_7853592132707207127_o-681x1024.jpg\" srcset=\"https:\/\/i1.wp.com\/www.gdansk.baptysci.pl\/wp-content\/uploads\/2015\/02\/1669802_1055313261149333_7853592132707207127_o-681x1024.jpg?strip=info&#038;w=600 600w,https:\/\/i1.wp.com\/www.gdansk.baptysci.pl\/wp-content\/uploads\/2015\/02\/1669802_1055313261149333_7853592132707207127_o-681x1024.jpg?strip=info&#038;w=900 900w,https:\/\/i1.wp.com\/www.gdansk.baptysci.pl\/wp-content\/uploads\/2015\/02\/1669802_1055313261149333_7853592132707207127_o-681x1024.jpg?strip=info&#038;w=1200 1200w,https:\/\/i1.wp.com\/www.gdansk.baptysci.pl\/wp-content\/uploads\/2015\/02\/1669802_1055313261149333_7853592132707207127_o-681x1024.jpg?strip=info&#038;w=1362 1362w\" alt=\"\" data-height=\"2048\" data-id=\"1215\" data-link=\"http:\/\/www.gdansk.baptysci.pl\/index.php\/2015\/02\/22\/chrzest-wiary\/1669802_1055313261149333_7853592132707207127_o\/\" data-url=\"http:\/\/www.gdansk.baptysci.pl\/wp-content\/uploads\/2015\/02\/1669802_1055313261149333_7853592132707207127_o-681x1024.jpg\" data-width=\"1362\" src=\"https:\/\/i1.wp.com\/www.gdansk.baptysci.pl\/wp-content\/uploads\/2015\/02\/1669802_1055313261149333_7853592132707207127_o-681x1024.jpg\" data-amp-layout=\"responsive\"\/><\/figure><\/div><div class=\"tiled-gallery__col\" style=\"flex-basis:25.00000%\"><figure class=\"tiled-gallery__item\"><img data-attachment-id=\"1216\" data-permalink=\"http:\/\/www.gdansk.baptysci.pl\/index.php\/2015\/03\/15\/chrzest-wiary\/1669848_1055315231149136_8416667496286632607_o\/\" data-orig-file=\"http:\/\/www.gdansk.baptysci.pl\/wp-content\/uploads\/2015\/02\/1669848_1055315231149136_8416667496286632607_o.jpg\" data-orig-size=\"1364,2048\" data-comments-opened=\"1\" data-image-meta=\"{&quot;aperture&quot;:&quot;0&quot;,&quot;credit&quot;:&quot;Picasa&quot;,&quot;camera&quot;:&quot;&quot;,&quot;caption&quot;:&quot;&quot;,&quot;created_timestamp&quot;:&quot;0&quot;,&quot;copyright&quot;:&quot;&quot;,&quot;focal_length&quot;:&quot;0&quot;,&quot;iso&quot;:&quot;0&quot;,&quot;shutter_speed&quot;:&quot;0&quot;,&quot;title&quot;:&quot;&quot;,&quot;orientation&quot;:&quot;0&quot;}\" data-image-title=\"1669848_1055315231149136_8416667496286632607_o\" data-image-description=\"\" data-image-caption=\"&lt;p&gt;fot. Artur Grybek&lt;\/p&gt;\n\" data-medium-file=\"http:\/\/www.gdansk.baptysci.pl\/wp-content\/uploads\/2015\/02\/1669848_1055315231149136_8416667496286632607_o-200x300.jpg\" data-large-file=\"http:\/\/www.gdansk.baptysci.pl\/wp-content\/uploads\/2015\/02\/1669848_1055315231149136_8416667496286632607_o-682x1024.jpg\" data-attachment-id=\"1216\" data-permalink=\"http:\/\/www.gdansk.baptysci.pl\/index.php\/2015\/03\/15\/chrzest-wiary\/1669848_1055315231149136_8416667496286632607_o\/\" data-orig-file=\"http:\/\/www.gdansk.baptysci.pl\/wp-content\/uploads\/2015\/02\/1669848_1055315231149136_8416667496286632607_o.jpg\" data-orig-size=\"1364,2048\" data-comments-opened=\"1\" data-image-meta=\"{&quot;aperture&quot;:&quot;0&quot;,&quot;credit&quot;:&quot;Picasa&quot;,&quot;camera&quot;:&quot;&quot;,&quot;caption&quot;:&quot;&quot;,&quot;created_timestamp&quot;:&quot;0&quot;,&quot;copyright&quot;:&quot;&quot;,&quot;focal_length&quot;:&quot;0&quot;,&quot;iso&quot;:&quot;0&quot;,&quot;shutter_speed&quot;:&quot;0&quot;,&quot;title&quot;:&quot;&quot;,&quot;orientation&quot;:&quot;0&quot;}\" data-image-title=\"1669848_1055315231149136_8416667496286632607_o\" data-image-description=\"\" data-image-caption=\"&lt;p&gt;fot. Artur Grybek&lt;\/p&gt;\n\" data-medium-file=\"http:\/\/www.gdansk.baptysci.pl\/wp-content\/uploads\/2015\/02\/1669848_1055315231149136_8416667496286632607_o-200x300.jpg\" data-large-file=\"http:\/\/www.gdansk.baptysci.pl\/wp-content\/uploads\/2015\/02\/1669848_1055315231149136_8416667496286632607_o-682x1024.jpg\" decoding=\"async\" data-attachment-id=\"1216\" data-permalink=\"http:\/\/www.gdansk.baptysci.pl\/index.php\/2015\/03\/15\/chrzest-wiary\/1669848_1055315231149136_8416667496286632607_o\/\" data-orig-file=\"http:\/\/www.gdansk.baptysci.pl\/wp-content\/uploads\/2015\/02\/1669848_1055315231149136_8416667496286632607_o.jpg\" data-orig-size=\"1364,2048\" data-comments-opened=\"1\" data-image-meta=\"{&quot;aperture&quot;:&quot;0&quot;,&quot;credit&quot;:&quot;Picasa&quot;,&quot;camera&quot;:&quot;&quot;,&quot;caption&quot;:&quot;&quot;,&quot;created_timestamp&quot;:&quot;0&quot;,&quot;copyright&quot;:&quot;&quot;,&quot;focal_length&quot;:&quot;0&quot;,&quot;iso&quot;:&quot;0&quot;,&quot;shutter_speed&quot;:&quot;0&quot;,&quot;title&quot;:&quot;&quot;,&quot;orientation&quot;:&quot;0&quot;}\" data-image-title=\"1669848_1055315231149136_8416667496286632607_o\" data-image-description=\"\" data-image-caption=\"&lt;p&gt;fot. Artur Grybek&lt;\/p&gt;\n\" data-medium-file=\"http:\/\/www.gdansk.baptysci.pl\/wp-content\/uploads\/2015\/02\/1669848_1055315231149136_8416667496286632607_o-200x300.jpg\" data-large-file=\"http:\/\/www.gdansk.baptysci.pl\/wp-content\/uploads\/2015\/02\/1669848_1055315231149136_8416667496286632607_o-682x1024.jpg\" srcset=\"https:\/\/i0.wp.com\/www.gdansk.baptysci.pl\/wp-content\/uploads\/2015\/02\/1669848_1055315231149136_8416667496286632607_o-682x1024.jpg?strip=info&#038;w=600 600w,https:\/\/i0.wp.com\/www.gdansk.baptysci.pl\/wp-content\/uploads\/2015\/02\/1669848_1055315231149136_8416667496286632607_o-682x1024.jpg?strip=info&#038;w=900 900w,https:\/\/i0.wp.com\/www.gdansk.baptysci.pl\/wp-content\/uploads\/2015\/02\/1669848_1055315231149136_8416667496286632607_o-682x1024.jpg?strip=info&#038;w=1200 1200w,https:\/\/i0.wp.com\/www.gdansk.baptysci.pl\/wp-content\/uploads\/2015\/02\/1669848_1055315231149136_8416667496286632607_o-682x1024.jpg?strip=info&#038;w=1364 1364w\" alt=\"\" data-height=\"2048\" data-id=\"1216\" data-link=\"http:\/\/www.gdansk.baptysci.pl\/index.php\/2015\/02\/22\/chrzest-wiary\/1669848_1055315231149136_8416667496286632607_o\/\" data-url=\"http:\/\/www.gdansk.baptysci.pl\/wp-content\/uploads\/2015\/02\/1669848_1055315231149136_8416667496286632607_o-682x1024.jpg\" data-width=\"1364\" src=\"https:\/\/i0.wp.com\/www.gdansk.baptysci.pl\/wp-content\/uploads\/2015\/02\/1669848_1055315231149136_8416667496286632607_o-682x1024.jpg\" data-amp-layout=\"responsive\"\/><\/figure><\/div><div class=\"tiled-gallery__col\" style=\"flex-basis:25.05477%\"><figure class=\"tiled-gallery__item\"><img data-attachment-id=\"1217\" data-permalink=\"http:\/\/www.gdansk.baptysci.pl\/index.php\/2015\/03\/15\/chrzest-wiary\/1891327_1055315417815784_2650676167343363559_o\/\" data-orig-file=\"http:\/\/www.gdansk.baptysci.pl\/wp-content\/uploads\/2015\/02\/1891327_1055315417815784_2650676167343363559_o.jpg\" data-orig-size=\"1367,2048\" data-comments-opened=\"1\" data-image-meta=\"{&quot;aperture&quot;:&quot;0&quot;,&quot;credit&quot;:&quot;Picasa&quot;,&quot;camera&quot;:&quot;&quot;,&quot;caption&quot;:&quot;&quot;,&quot;created_timestamp&quot;:&quot;0&quot;,&quot;copyright&quot;:&quot;&quot;,&quot;focal_length&quot;:&quot;0&quot;,&quot;iso&quot;:&quot;0&quot;,&quot;shutter_speed&quot;:&quot;0&quot;,&quot;title&quot;:&quot;&quot;,&quot;orientation&quot;:&quot;0&quot;}\" data-image-title=\"1891327_1055315417815784_2650676167343363559_o\" data-image-description=\"\" data-image-caption=\"&lt;p&gt;fot. Artur Grybek&lt;\/p&gt;\n\" data-medium-file=\"http:\/\/www.gdansk.baptysci.pl\/wp-content\/uploads\/2015\/02\/1891327_1055315417815784_2650676167343363559_o-200x300.jpg\" data-large-file=\"http:\/\/www.gdansk.baptysci.pl\/wp-content\/uploads\/2015\/02\/1891327_1055315417815784_2650676167343363559_o-684x1024.jpg\" data-attachment-id=\"1217\" data-permalink=\"http:\/\/www.gdansk.baptysci.pl\/index.php\/2015\/03\/15\/chrzest-wiary\/1891327_1055315417815784_2650676167343363559_o\/\" data-orig-file=\"http:\/\/www.gdansk.baptysci.pl\/wp-content\/uploads\/2015\/02\/1891327_1055315417815784_2650676167343363559_o.jpg\" data-orig-size=\"1367,2048\" data-comments-opened=\"1\" data-image-meta=\"{&quot;aperture&quot;:&quot;0&quot;,&quot;credit&quot;:&quot;Picasa&quot;,&quot;camera&quot;:&quot;&quot;,&quot;caption&quot;:&quot;&quot;,&quot;created_timestamp&quot;:&quot;0&quot;,&quot;copyright&quot;:&quot;&quot;,&quot;focal_length&quot;:&quot;0&quot;,&quot;iso&quot;:&quot;0&quot;,&quot;shutter_speed&quot;:&quot;0&quot;,&quot;title&quot;:&quot;&quot;,&quot;orientation&quot;:&quot;0&quot;}\" data-image-title=\"1891327_1055315417815784_2650676167343363559_o\" data-image-description=\"\" data-image-caption=\"&lt;p&gt;fot. Artur Grybek&lt;\/p&gt;\n\" data-medium-file=\"http:\/\/www.gdansk.baptysci.pl\/wp-content\/uploads\/2015\/02\/1891327_1055315417815784_2650676167343363559_o-200x300.jpg\" data-large-file=\"http:\/\/www.gdansk.baptysci.pl\/wp-content\/uploads\/2015\/02\/1891327_1055315417815784_2650676167343363559_o-684x1024.jpg\" decoding=\"async\" data-attachment-id=\"1217\" data-permalink=\"http:\/\/www.gdansk.baptysci.pl\/index.php\/2015\/03\/15\/chrzest-wiary\/1891327_1055315417815784_2650676167343363559_o\/\" data-orig-file=\"http:\/\/www.gdansk.baptysci.pl\/wp-content\/uploads\/2015\/02\/1891327_1055315417815784_2650676167343363559_o.jpg\" data-orig-size=\"1367,2048\" data-comments-opened=\"1\" data-image-meta=\"{&quot;aperture&quot;:&quot;0&quot;,&quot;credit&quot;:&quot;Picasa&quot;,&quot;camera&quot;:&quot;&quot;,&quot;caption&quot;:&quot;&quot;,&quot;created_timestamp&quot;:&quot;0&quot;,&quot;copyright&quot;:&quot;&quot;,&quot;focal_length&quot;:&quot;0&quot;,&quot;iso&quot;:&quot;0&quot;,&quot;shutter_speed&quot;:&quot;0&quot;,&quot;title&quot;:&quot;&quot;,&quot;orientation&quot;:&quot;0&quot;}\" data-image-title=\"1891327_1055315417815784_2650676167343363559_o\" data-image-description=\"\" data-image-caption=\"&lt;p&gt;fot. Artur Grybek&lt;\/p&gt;\n\" data-medium-file=\"http:\/\/www.gdansk.baptysci.pl\/wp-content\/uploads\/2015\/02\/1891327_1055315417815784_2650676167343363559_o-200x300.jpg\" data-large-file=\"http:\/\/www.gdansk.baptysci.pl\/wp-content\/uploads\/2015\/02\/1891327_1055315417815784_2650676167343363559_o-684x1024.jpg\" srcset=\"https:\/\/i2.wp.com\/www.gdansk.baptysci.pl\/wp-content\/uploads\/2015\/02\/1891327_1055315417815784_2650676167343363559_o-684x1024.jpg?strip=info&#038;w=600 600w,https:\/\/i2.wp.com\/www.gdansk.baptysci.pl\/wp-content\/uploads\/2015\/02\/1891327_1055315417815784_2650676167343363559_o-684x1024.jpg?strip=info&#038;w=900 900w,https:\/\/i2.wp.com\/www.gdansk.baptysci.pl\/wp-content\/uploads\/2015\/02\/1891327_1055315417815784_2650676167343363559_o-684x1024.jpg?strip=info&#038;w=1200 1200w,https:\/\/i2.wp.com\/www.gdansk.baptysci.pl\/wp-content\/uploads\/2015\/02\/1891327_1055315417815784_2650676167343363559_o-684x1024.jpg?strip=info&#038;w=1367 1367w\" alt=\"\" data-height=\"2048\" data-id=\"1217\" data-link=\"http:\/\/www.gdansk.baptysci.pl\/index.php\/2015\/02\/22\/chrzest-wiary\/1891327_1055315417815784_2650676167343363559_o\/\" data-url=\"http:\/\/www.gdansk.baptysci.pl\/wp-content\/uploads\/2015\/02\/1891327_1055315417815784_2650676167343363559_o-684x1024.jpg\" data-width=\"1367\" src=\"https:\/\/i2.wp.com\/www.gdansk.baptysci.pl\/wp-content\/uploads\/2015\/02\/1891327_1055315417815784_2650676167343363559_o-684x1024.jpg\" data-amp-layout=\"responsive\"\/><\/figure><\/div><\/div><div class=\"tiled-gallery__row\"><div class=\"tiled-gallery__col\" style=\"flex-basis:33.44751%\"><figure class=\"tiled-gallery__item\"><img data-attachment-id=\"1218\" data-permalink=\"http:\/\/www.gdansk.baptysci.pl\/index.php\/2015\/03\/15\/chrzest-wiary\/1900382_1055314144482578_3432102768307857314_o\/\" data-orig-file=\"http:\/\/www.gdansk.baptysci.pl\/wp-content\/uploads\/2015\/02\/1900382_1055314144482578_3432102768307857314_o.jpg\" data-orig-size=\"1363,2048\" data-comments-opened=\"1\" data-image-meta=\"{&quot;aperture&quot;:&quot;0&quot;,&quot;credit&quot;:&quot;Picasa&quot;,&quot;camera&quot;:&quot;&quot;,&quot;caption&quot;:&quot;&quot;,&quot;created_timestamp&quot;:&quot;0&quot;,&quot;copyright&quot;:&quot;&quot;,&quot;focal_length&quot;:&quot;0&quot;,&quot;iso&quot;:&quot;0&quot;,&quot;shutter_speed&quot;:&quot;0&quot;,&quot;title&quot;:&quot;&quot;,&quot;orientation&quot;:&quot;0&quot;}\" data-image-title=\"1900382_1055314144482578_3432102768307857314_o\" data-image-description=\"\" data-image-caption=\"&lt;p&gt;fot. Artur Grybek&lt;\/p&gt;\n\" data-medium-file=\"http:\/\/www.gdansk.baptysci.pl\/wp-content\/uploads\/2015\/02\/1900382_1055314144482578_3432102768307857314_o-200x300.jpg\" data-large-file=\"http:\/\/www.gdansk.baptysci.pl\/wp-content\/uploads\/2015\/02\/1900382_1055314144482578_3432102768307857314_o-682x1024.jpg\" data-attachment-id=\"1218\" data-permalink=\"http:\/\/www.gdansk.baptysci.pl\/index.php\/2015\/03\/15\/chrzest-wiary\/1900382_1055314144482578_3432102768307857314_o\/\" data-orig-file=\"http:\/\/www.gdansk.baptysci.pl\/wp-content\/uploads\/2015\/02\/1900382_1055314144482578_3432102768307857314_o.jpg\" data-orig-size=\"1363,2048\" data-comments-opened=\"1\" data-image-meta=\"{&quot;aperture&quot;:&quot;0&quot;,&quot;credit&quot;:&quot;Picasa&quot;,&quot;camera&quot;:&quot;&quot;,&quot;caption&quot;:&quot;&quot;,&quot;created_timestamp&quot;:&quot;0&quot;,&quot;copyright&quot;:&quot;&quot;,&quot;focal_length&quot;:&quot;0&quot;,&quot;iso&quot;:&quot;0&quot;,&quot;shutter_speed&quot;:&quot;0&quot;,&quot;title&quot;:&quot;&quot;,&quot;orientation&quot;:&quot;0&quot;}\" data-image-title=\"1900382_1055314144482578_3432102768307857314_o\" data-image-description=\"\" data-image-caption=\"&lt;p&gt;fot. Artur Grybek&lt;\/p&gt;\n\" data-medium-file=\"http:\/\/www.gdansk.baptysci.pl\/wp-content\/uploads\/2015\/02\/1900382_1055314144482578_3432102768307857314_o-200x300.jpg\" data-large-file=\"http:\/\/www.gdansk.baptysci.pl\/wp-content\/uploads\/2015\/02\/1900382_1055314144482578_3432102768307857314_o-682x1024.jpg\" decoding=\"async\" data-attachment-id=\"1218\" data-permalink=\"http:\/\/www.gdansk.baptysci.pl\/index.php\/2015\/03\/15\/chrzest-wiary\/1900382_1055314144482578_3432102768307857314_o\/\" data-orig-file=\"http:\/\/www.gdansk.baptysci.pl\/wp-content\/uploads\/2015\/02\/1900382_1055314144482578_3432102768307857314_o.jpg\" data-orig-size=\"1363,2048\" data-comments-opened=\"1\" data-image-meta=\"{&quot;aperture&quot;:&quot;0&quot;,&quot;credit&quot;:&quot;Picasa&quot;,&quot;camera&quot;:&quot;&quot;,&quot;caption&quot;:&quot;&quot;,&quot;created_timestamp&quot;:&quot;0&quot;,&quot;copyright&quot;:&quot;&quot;,&quot;focal_length&quot;:&quot;0&quot;,&quot;iso&quot;:&quot;0&quot;,&quot;shutter_speed&quot;:&quot;0&quot;,&quot;title&quot;:&quot;&quot;,&quot;orientation&quot;:&quot;0&quot;}\" data-image-title=\"1900382_1055314144482578_3432102768307857314_o\" data-image-description=\"\" data-image-caption=\"&lt;p&gt;fot. Artur Grybek&lt;\/p&gt;\n\" data-medium-file=\"http:\/\/www.gdansk.baptysci.pl\/wp-content\/uploads\/2015\/02\/1900382_1055314144482578_3432102768307857314_o-200x300.jpg\" data-large-file=\"http:\/\/www.gdansk.baptysci.pl\/wp-content\/uploads\/2015\/02\/1900382_1055314144482578_3432102768307857314_o-682x1024.jpg\" srcset=\"https:\/\/i0.wp.com\/www.gdansk.baptysci.pl\/wp-content\/uploads\/2015\/02\/1900382_1055314144482578_3432102768307857314_o-682x1024.jpg?strip=info&#038;w=600 600w,https:\/\/i0.wp.com\/www.gdansk.baptysci.pl\/wp-content\/uploads\/2015\/02\/1900382_1055314144482578_3432102768307857314_o-682x1024.jpg?strip=info&#038;w=900 900w,https:\/\/i0.wp.com\/www.gdansk.baptysci.pl\/wp-content\/uploads\/2015\/02\/1900382_1055314144482578_3432102768307857314_o-682x1024.jpg?strip=info&#038;w=1200 1200w,https:\/\/i0.wp.com\/www.gdansk.baptysci.pl\/wp-content\/uploads\/2015\/02\/1900382_1055314144482578_3432102768307857314_o-682x1024.jpg?strip=info&#038;w=1363 1363w\" alt=\"\" data-height=\"2048\" data-id=\"1218\" data-link=\"http:\/\/www.gdansk.baptysci.pl\/index.php\/2015\/02\/22\/chrzest-wiary\/1900382_1055314144482578_3432102768307857314_o\/\" data-url=\"http:\/\/www.gdansk.baptysci.pl\/wp-content\/uploads\/2015\/02\/1900382_1055314144482578_3432102768307857314_o-682x1024.jpg\" data-width=\"1363\" src=\"https:\/\/i0.wp.com\/www.gdansk.baptysci.pl\/wp-content\/uploads\/2015\/02\/1900382_1055314144482578_3432102768307857314_o-682x1024.jpg\" data-amp-layout=\"responsive\"\/><\/figure><\/div><div class=\"tiled-gallery__col\" style=\"flex-basis:33.27624%\"><figure class=\"tiled-gallery__item\"><img data-attachment-id=\"1219\" data-permalink=\"http:\/\/www.gdansk.baptysci.pl\/index.php\/2015\/03\/15\/chrzest-wiary\/1926138_1055312167816109_3773901995539199809_o\/\" data-orig-file=\"http:\/\/www.gdansk.baptysci.pl\/wp-content\/uploads\/2015\/02\/1926138_1055312167816109_3773901995539199809_o.jpg\" data-orig-size=\"1356,2048\" data-comments-opened=\"1\" data-image-meta=\"{&quot;aperture&quot;:&quot;0&quot;,&quot;credit&quot;:&quot;&quot;,&quot;camera&quot;:&quot;&quot;,&quot;caption&quot;:&quot;&quot;,&quot;created_timestamp&quot;:&quot;0&quot;,&quot;copyright&quot;:&quot;&quot;,&quot;focal_length&quot;:&quot;0&quot;,&quot;iso&quot;:&quot;0&quot;,&quot;shutter_speed&quot;:&quot;0&quot;,&quot;title&quot;:&quot;&quot;,&quot;orientation&quot;:&quot;0&quot;}\" data-image-title=\"1926138_1055312167816109_3773901995539199809_o\" data-image-description=\"\" data-image-caption=\"&lt;p&gt;fot. Artur Grybek&lt;\/p&gt;\n\" data-medium-file=\"http:\/\/www.gdansk.baptysci.pl\/wp-content\/uploads\/2015\/02\/1926138_1055312167816109_3773901995539199809_o-199x300.jpg\" data-large-file=\"http:\/\/www.gdansk.baptysci.pl\/wp-content\/uploads\/2015\/02\/1926138_1055312167816109_3773901995539199809_o-678x1024.jpg\" data-attachment-id=\"1219\" data-permalink=\"http:\/\/www.gdansk.baptysci.pl\/index.php\/2015\/03\/15\/chrzest-wiary\/1926138_1055312167816109_3773901995539199809_o\/\" data-orig-file=\"http:\/\/www.gdansk.baptysci.pl\/wp-content\/uploads\/2015\/02\/1926138_1055312167816109_3773901995539199809_o.jpg\" data-orig-size=\"1356,2048\" data-comments-opened=\"1\" data-image-meta=\"{&quot;aperture&quot;:&quot;0&quot;,&quot;credit&quot;:&quot;&quot;,&quot;camera&quot;:&quot;&quot;,&quot;caption&quot;:&quot;&quot;,&quot;created_timestamp&quot;:&quot;0&quot;,&quot;copyright&quot;:&quot;&quot;,&quot;focal_length&quot;:&quot;0&quot;,&quot;iso&quot;:&quot;0&quot;,&quot;shutter_speed&quot;:&quot;0&quot;,&quot;title&quot;:&quot;&quot;,&quot;orientation&quot;:&quot;0&quot;}\" data-image-title=\"1926138_1055312167816109_3773901995539199809_o\" data-image-description=\"\" data-image-caption=\"&lt;p&gt;fot. Artur Grybek&lt;\/p&gt;\n\" data-medium-file=\"http:\/\/www.gdansk.baptysci.pl\/wp-content\/uploads\/2015\/02\/1926138_1055312167816109_3773901995539199809_o-199x300.jpg\" data-large-file=\"http:\/\/www.gdansk.baptysci.pl\/wp-content\/uploads\/2015\/02\/1926138_1055312167816109_3773901995539199809_o-678x1024.jpg\" decoding=\"async\" data-attachment-id=\"1219\" data-permalink=\"http:\/\/www.gdansk.baptysci.pl\/index.php\/2015\/03\/15\/chrzest-wiary\/1926138_1055312167816109_3773901995539199809_o\/\" data-orig-file=\"http:\/\/www.gdansk.baptysci.pl\/wp-content\/uploads\/2015\/02\/1926138_1055312167816109_3773901995539199809_o.jpg\" data-orig-size=\"1356,2048\" data-comments-opened=\"1\" data-image-meta=\"{&quot;aperture&quot;:&quot;0&quot;,&quot;credit&quot;:&quot;&quot;,&quot;camera&quot;:&quot;&quot;,&quot;caption&quot;:&quot;&quot;,&quot;created_timestamp&quot;:&quot;0&quot;,&quot;copyright&quot;:&quot;&quot;,&quot;focal_length&quot;:&quot;0&quot;,&quot;iso&quot;:&quot;0&quot;,&quot;shutter_speed&quot;:&quot;0&quot;,&quot;title&quot;:&quot;&quot;,&quot;orientation&quot;:&quot;0&quot;}\" data-image-title=\"1926138_1055312167816109_3773901995539199809_o\" data-image-description=\"\" data-image-caption=\"&lt;p&gt;fot. Artur Grybek&lt;\/p&gt;\n\" data-medium-file=\"http:\/\/www.gdansk.baptysci.pl\/wp-content\/uploads\/2015\/02\/1926138_1055312167816109_3773901995539199809_o-199x300.jpg\" data-large-file=\"http:\/\/www.gdansk.baptysci.pl\/wp-content\/uploads\/2015\/02\/1926138_1055312167816109_3773901995539199809_o-678x1024.jpg\" srcset=\"https:\/\/i2.wp.com\/www.gdansk.baptysci.pl\/wp-content\/uploads\/2015\/02\/1926138_1055312167816109_3773901995539199809_o-678x1024.jpg?strip=info&#038;w=600 600w,https:\/\/i2.wp.com\/www.gdansk.baptysci.pl\/wp-content\/uploads\/2015\/02\/1926138_1055312167816109_3773901995539199809_o-678x1024.jpg?strip=info&#038;w=900 900w,https:\/\/i2.wp.com\/www.gdansk.baptysci.pl\/wp-content\/uploads\/2015\/02\/1926138_1055312167816109_3773901995539199809_o-678x1024.jpg?strip=info&#038;w=1200 1200w,https:\/\/i2.wp.com\/www.gdansk.baptysci.pl\/wp-content\/uploads\/2015\/02\/1926138_1055312167816109_3773901995539199809_o-678x1024.jpg?strip=info&#038;w=1356 1356w\" alt=\"\" data-height=\"2048\" data-id=\"1219\" data-link=\"http:\/\/www.gdansk.baptysci.pl\/index.php\/2015\/02\/22\/chrzest-wiary\/1926138_1055312167816109_3773901995539199809_o\/\" data-url=\"http:\/\/www.gdansk.baptysci.pl\/wp-content\/uploads\/2015\/02\/1926138_1055312167816109_3773901995539199809_o-678x1024.jpg\" data-width=\"1356\" src=\"https:\/\/i2.wp.com\/www.gdansk.baptysci.pl\/wp-content\/uploads\/2015\/02\/1926138_1055312167816109_3773901995539199809_o-678x1024.jpg\" data-amp-layout=\"responsive\"\/><\/figure><\/div><div class=\"tiled-gallery__col\" style=\"flex-basis:33.27624%\"><figure class=\"tiled-gallery__item\"><img data-attachment-id=\"1220\" data-permalink=\"http:\/\/www.gdansk.baptysci.pl\/index.php\/2015\/03\/15\/chrzest-wiary\/1932763_1055314297815896_2640016950038491707_o\/\" data-orig-file=\"http:\/\/www.gdansk.baptysci.pl\/wp-content\/uploads\/2015\/02\/1932763_1055314297815896_2640016950038491707_o.jpg\" data-orig-size=\"1356,2048\" data-comments-opened=\"1\" data-image-meta=\"{&quot;aperture&quot;:&quot;0&quot;,&quot;credit&quot;:&quot;&quot;,&quot;camera&quot;:&quot;&quot;,&quot;caption&quot;:&quot;&quot;,&quot;created_timestamp&quot;:&quot;0&quot;,&quot;copyright&quot;:&quot;&quot;,&quot;focal_length&quot;:&quot;0&quot;,&quot;iso&quot;:&quot;0&quot;,&quot;shutter_speed&quot;:&quot;0&quot;,&quot;title&quot;:&quot;&quot;,&quot;orientation&quot;:&quot;0&quot;}\" data-image-title=\"1932763_1055314297815896_2640016950038491707_o\" data-image-description=\"\" data-image-caption=\"&lt;p&gt;fot. Artur Grybek&lt;\/p&gt;\n\" data-medium-file=\"http:\/\/www.gdansk.baptysci.pl\/wp-content\/uploads\/2015\/02\/1932763_1055314297815896_2640016950038491707_o-199x300.jpg\" data-large-file=\"http:\/\/www.gdansk.baptysci.pl\/wp-content\/uploads\/2015\/02\/1932763_1055314297815896_2640016950038491707_o-678x1024.jpg\" data-attachment-id=\"1220\" data-permalink=\"http:\/\/www.gdansk.baptysci.pl\/index.php\/2015\/03\/15\/chrzest-wiary\/1932763_1055314297815896_2640016950038491707_o\/\" data-orig-file=\"http:\/\/www.gdansk.baptysci.pl\/wp-content\/uploads\/2015\/02\/1932763_1055314297815896_2640016950038491707_o.jpg\" data-orig-size=\"1356,2048\" data-comments-opened=\"1\" data-image-meta=\"{&quot;aperture&quot;:&quot;0&quot;,&quot;credit&quot;:&quot;&quot;,&quot;camera&quot;:&quot;&quot;,&quot;caption&quot;:&quot;&quot;,&quot;created_timestamp&quot;:&quot;0&quot;,&quot;copyright&quot;:&quot;&quot;,&quot;focal_length&quot;:&quot;0&quot;,&quot;iso&quot;:&quot;0&quot;,&quot;shutter_speed&quot;:&quot;0&quot;,&quot;title&quot;:&quot;&quot;,&quot;orientation&quot;:&quot;0&quot;}\" data-image-title=\"1932763_1055314297815896_2640016950038491707_o\" data-image-description=\"\" data-image-caption=\"&lt;p&gt;fot. Artur Grybek&lt;\/p&gt;\n\" data-medium-file=\"http:\/\/www.gdansk.baptysci.pl\/wp-content\/uploads\/2015\/02\/1932763_1055314297815896_2640016950038491707_o-199x300.jpg\" data-large-file=\"http:\/\/www.gdansk.baptysci.pl\/wp-content\/uploads\/2015\/02\/1932763_1055314297815896_2640016950038491707_o-678x1024.jpg\" decoding=\"async\" data-attachment-id=\"1220\" data-permalink=\"http:\/\/www.gdansk.baptysci.pl\/index.php\/2015\/03\/15\/chrzest-wiary\/1932763_1055314297815896_2640016950038491707_o\/\" data-orig-file=\"http:\/\/www.gdansk.baptysci.pl\/wp-content\/uploads\/2015\/02\/1932763_1055314297815896_2640016950038491707_o.jpg\" data-orig-size=\"1356,2048\" data-comments-opened=\"1\" data-image-meta=\"{&quot;aperture&quot;:&quot;0&quot;,&quot;credit&quot;:&quot;&quot;,&quot;camera&quot;:&quot;&quot;,&quot;caption&quot;:&quot;&quot;,&quot;created_timestamp&quot;:&quot;0&quot;,&quot;copyright&quot;:&quot;&quot;,&quot;focal_length&quot;:&quot;0&quot;,&quot;iso&quot;:&quot;0&quot;,&quot;shutter_speed&quot;:&quot;0&quot;,&quot;title&quot;:&quot;&quot;,&quot;orientation&quot;:&quot;0&quot;}\" data-image-title=\"1932763_1055314297815896_2640016950038491707_o\" data-image-description=\"\" data-image-caption=\"&lt;p&gt;fot. Artur Grybek&lt;\/p&gt;\n\" data-medium-file=\"http:\/\/www.gdansk.baptysci.pl\/wp-content\/uploads\/2015\/02\/1932763_1055314297815896_2640016950038491707_o-199x300.jpg\" data-large-file=\"http:\/\/www.gdansk.baptysci.pl\/wp-content\/uploads\/2015\/02\/1932763_1055314297815896_2640016950038491707_o-678x1024.jpg\" srcset=\"https:\/\/i0.wp.com\/www.gdansk.baptysci.pl\/wp-content\/uploads\/2015\/02\/1932763_1055314297815896_2640016950038491707_o-678x1024.jpg?strip=info&#038;w=600 600w,https:\/\/i0.wp.com\/www.gdansk.baptysci.pl\/wp-content\/uploads\/2015\/02\/1932763_1055314297815896_2640016950038491707_o-678x1024.jpg?strip=info&#038;w=900 900w,https:\/\/i0.wp.com\/www.gdansk.baptysci.pl\/wp-content\/uploads\/2015\/02\/1932763_1055314297815896_2640016950038491707_o-678x1024.jpg?strip=info&#038;w=1200 1200w,https:\/\/i0.wp.com\/www.gdansk.baptysci.pl\/wp-content\/uploads\/2015\/02\/1932763_1055314297815896_2640016950038491707_o-678x1024.jpg?strip=info&#038;w=1356 1356w\" alt=\"\" data-height=\"2048\" data-id=\"1220\" data-link=\"http:\/\/www.gdansk.baptysci.pl\/index.php\/2015\/02\/22\/chrzest-wiary\/1932763_1055314297815896_2640016950038491707_o\/\" data-url=\"http:\/\/www.gdansk.baptysci.pl\/wp-content\/uploads\/2015\/02\/1932763_1055314297815896_2640016950038491707_o-678x1024.jpg\" data-width=\"1356\" src=\"https:\/\/i0.wp.com\/www.gdansk.baptysci.pl\/wp-content\/uploads\/2015\/02\/1932763_1055314297815896_2640016950038491707_o-678x1024.jpg\" data-amp-layout=\"responsive\"\/><\/figure><\/div><\/div><div class=\"tiled-gallery__row\"><div class=\"tiled-gallery__col\" style=\"flex-basis:43.09849%\"><figure class=\"tiled-gallery__item\"><img data-attachment-id=\"1221\" data-permalink=\"http:\/\/www.gdansk.baptysci.pl\/index.php\/2015\/03\/15\/chrzest-wiary\/1941469_1055317891148870_7551068731479985010_o\/\" data-orig-file=\"http:\/\/www.gdansk.baptysci.pl\/wp-content\/uploads\/2015\/02\/1941469_1055317891148870_7551068731479985010_o.jpg\" data-orig-size=\"2048,1356\" data-comments-opened=\"1\" data-image-meta=\"{&quot;aperture&quot;:&quot;0&quot;,&quot;credit&quot;:&quot;&quot;,&quot;camera&quot;:&quot;&quot;,&quot;caption&quot;:&quot;&quot;,&quot;created_timestamp&quot;:&quot;0&quot;,&quot;copyright&quot;:&quot;&quot;,&quot;focal_length&quot;:&quot;0&quot;,&quot;iso&quot;:&quot;0&quot;,&quot;shutter_speed&quot;:&quot;0&quot;,&quot;title&quot;:&quot;&quot;,&quot;orientation&quot;:&quot;0&quot;}\" data-image-title=\"1941469_1055317891148870_7551068731479985010_o\" data-image-description=\"\" data-image-caption=\"&lt;p&gt;fot. Artur Grybek&lt;\/p&gt;\n\" data-medium-file=\"http:\/\/www.gdansk.baptysci.pl\/wp-content\/uploads\/2015\/02\/1941469_1055317891148870_7551068731479985010_o-300x199.jpg\" data-large-file=\"http:\/\/www.gdansk.baptysci.pl\/wp-content\/uploads\/2015\/02\/1941469_1055317891148870_7551068731479985010_o-1024x678.jpg\" data-attachment-id=\"1221\" data-permalink=\"http:\/\/www.gdansk.baptysci.pl\/index.php\/2015\/03\/15\/chrzest-wiary\/1941469_1055317891148870_7551068731479985010_o\/\" data-orig-file=\"http:\/\/www.gdansk.baptysci.pl\/wp-content\/uploads\/2015\/02\/1941469_1055317891148870_7551068731479985010_o.jpg\" data-orig-size=\"2048,1356\" data-comments-opened=\"1\" data-image-meta=\"{&quot;aperture&quot;:&quot;0&quot;,&quot;credit&quot;:&quot;&quot;,&quot;camera&quot;:&quot;&quot;,&quot;caption&quot;:&quot;&quot;,&quot;created_timestamp&quot;:&quot;0&quot;,&quot;copyright&quot;:&quot;&quot;,&quot;focal_length&quot;:&quot;0&quot;,&quot;iso&quot;:&quot;0&quot;,&quot;shutter_speed&quot;:&quot;0&quot;,&quot;title&quot;:&quot;&quot;,&quot;orientation&quot;:&quot;0&quot;}\" data-image-title=\"1941469_1055317891148870_7551068731479985010_o\" data-image-description=\"\" data-image-caption=\"&lt;p&gt;fot. Artur Grybek&lt;\/p&gt;\n\" data-medium-file=\"http:\/\/www.gdansk.baptysci.pl\/wp-content\/uploads\/2015\/02\/1941469_1055317891148870_7551068731479985010_o-300x199.jpg\" data-large-file=\"http:\/\/www.gdansk.baptysci.pl\/wp-content\/uploads\/2015\/02\/1941469_1055317891148870_7551068731479985010_o-1024x678.jpg\" decoding=\"async\" data-attachment-id=\"1221\" data-permalink=\"http:\/\/www.gdansk.baptysci.pl\/index.php\/2015\/03\/15\/chrzest-wiary\/1941469_1055317891148870_7551068731479985010_o\/\" data-orig-file=\"http:\/\/www.gdansk.baptysci.pl\/wp-content\/uploads\/2015\/02\/1941469_1055317891148870_7551068731479985010_o.jpg\" data-orig-size=\"2048,1356\" data-comments-opened=\"1\" data-image-meta=\"{&quot;aperture&quot;:&quot;0&quot;,&quot;credit&quot;:&quot;&quot;,&quot;camera&quot;:&quot;&quot;,&quot;caption&quot;:&quot;&quot;,&quot;created_timestamp&quot;:&quot;0&quot;,&quot;copyright&quot;:&quot;&quot;,&quot;focal_length&quot;:&quot;0&quot;,&quot;iso&quot;:&quot;0&quot;,&quot;shutter_speed&quot;:&quot;0&quot;,&quot;title&quot;:&quot;&quot;,&quot;orientation&quot;:&quot;0&quot;}\" data-image-title=\"1941469_1055317891148870_7551068731479985010_o\" data-image-description=\"\" data-image-caption=\"&lt;p&gt;fot. Artur Grybek&lt;\/p&gt;\n\" data-medium-file=\"http:\/\/www.gdansk.baptysci.pl\/wp-content\/uploads\/2015\/02\/1941469_1055317891148870_7551068731479985010_o-300x199.jpg\" data-large-file=\"http:\/\/www.gdansk.baptysci.pl\/wp-content\/uploads\/2015\/02\/1941469_1055317891148870_7551068731479985010_o-1024x678.jpg\" srcset=\"https:\/\/i1.wp.com\/www.gdansk.baptysci.pl\/wp-content\/uploads\/2015\/02\/1941469_1055317891148870_7551068731479985010_o-1024x678.jpg?strip=info&#038;w=600 600w,https:\/\/i1.wp.com\/www.gdansk.baptysci.pl\/wp-content\/uploads\/2015\/02\/1941469_1055317891148870_7551068731479985010_o-1024x678.jpg?strip=info&#038;w=900 900w,https:\/\/i1.wp.com\/www.gdansk.baptysci.pl\/wp-content\/uploads\/2015\/02\/1941469_1055317891148870_7551068731479985010_o-1024x678.jpg?strip=info&#038;w=1200 1200w,https:\/\/i1.wp.com\/www.gdansk.baptysci.pl\/wp-content\/uploads\/2015\/02\/1941469_1055317891148870_7551068731479985010_o-1024x678.jpg?strip=info&#038;w=1500 1500w,https:\/\/i1.wp.com\/www.gdansk.baptysci.pl\/wp-content\/uploads\/2015\/02\/1941469_1055317891148870_7551068731479985010_o-1024x678.jpg?strip=info&#038;w=1800 1800w,https:\/\/i1.wp.com\/www.gdansk.baptysci.pl\/wp-content\/uploads\/2015\/02\/1941469_1055317891148870_7551068731479985010_o-1024x678.jpg?strip=info&#038;w=2000 2000w\" alt=\"\" data-height=\"1356\" data-id=\"1221\" data-link=\"http:\/\/www.gdansk.baptysci.pl\/index.php\/2015\/02\/22\/chrzest-wiary\/1941469_1055317891148870_7551068731479985010_o\/\" data-url=\"http:\/\/www.gdansk.baptysci.pl\/wp-content\/uploads\/2015\/02\/1941469_1055317891148870_7551068731479985010_o-1024x678.jpg\" data-width=\"2048\" src=\"https:\/\/i1.wp.com\/www.gdansk.baptysci.pl\/wp-content\/uploads\/2015\/02\/1941469_1055317891148870_7551068731479985010_o-1024x678.jpg\" data-amp-layout=\"responsive\"\/><\/figure><\/div><div class=\"tiled-gallery__col\" style=\"flex-basis:18.96717%\"><figure class=\"tiled-gallery__item\"><img data-attachment-id=\"1222\" data-permalink=\"http:\/\/www.gdansk.baptysci.pl\/index.php\/2015\/03\/15\/chrzest-wiary\/10271438_1055312484482744_6689320414716644561_o\/\" data-orig-file=\"http:\/\/www.gdansk.baptysci.pl\/wp-content\/uploads\/2015\/02\/10271438_1055312484482744_6689320414716644561_o.jpg\" data-orig-size=\"1356,2048\" data-comments-opened=\"1\" data-image-meta=\"{&quot;aperture&quot;:&quot;0&quot;,&quot;credit&quot;:&quot;&quot;,&quot;camera&quot;:&quot;&quot;,&quot;caption&quot;:&quot;&quot;,&quot;created_timestamp&quot;:&quot;0&quot;,&quot;copyright&quot;:&quot;&quot;,&quot;focal_length&quot;:&quot;0&quot;,&quot;iso&quot;:&quot;0&quot;,&quot;shutter_speed&quot;:&quot;0&quot;,&quot;title&quot;:&quot;&quot;,&quot;orientation&quot;:&quot;0&quot;}\" data-image-title=\"10271438_1055312484482744_6689320414716644561_o\" data-image-description=\"\" data-image-caption=\"&lt;p&gt;fot. Artur Grybek&lt;\/p&gt;\n\" data-medium-file=\"http:\/\/www.gdansk.baptysci.pl\/wp-content\/uploads\/2015\/02\/10271438_1055312484482744_6689320414716644561_o-199x300.jpg\" data-large-file=\"http:\/\/www.gdansk.baptysci.pl\/wp-content\/uploads\/2015\/02\/10271438_1055312484482744_6689320414716644561_o-678x1024.jpg\" data-attachment-id=\"1222\" data-permalink=\"http:\/\/www.gdansk.baptysci.pl\/index.php\/2015\/03\/15\/chrzest-wiary\/10271438_1055312484482744_6689320414716644561_o\/\" data-orig-file=\"http:\/\/www.gdansk.baptysci.pl\/wp-content\/uploads\/2015\/02\/10271438_1055312484482744_6689320414716644561_o.jpg\" data-orig-size=\"1356,2048\" data-comments-opened=\"1\" data-image-meta=\"{&quot;aperture&quot;:&quot;0&quot;,&quot;credit&quot;:&quot;&quot;,&quot;camera&quot;:&quot;&quot;,&quot;caption&quot;:&quot;&quot;,&quot;created_timestamp&quot;:&quot;0&quot;,&quot;copyright&quot;:&quot;&quot;,&quot;focal_length&quot;:&quot;0&quot;,&quot;iso&quot;:&quot;0&quot;,&quot;shutter_speed&quot;:&quot;0&quot;,&quot;title&quot;:&quot;&quot;,&quot;orientation&quot;:&quot;0&quot;}\" data-image-title=\"10271438_1055312484482744_6689320414716644561_o\" data-image-description=\"\" data-image-caption=\"&lt;p&gt;fot. Artur Grybek&lt;\/p&gt;\n\" data-medium-file=\"http:\/\/www.gdansk.baptysci.pl\/wp-content\/uploads\/2015\/02\/10271438_1055312484482744_6689320414716644561_o-199x300.jpg\" data-large-file=\"http:\/\/www.gdansk.baptysci.pl\/wp-content\/uploads\/2015\/02\/10271438_1055312484482744_6689320414716644561_o-678x1024.jpg\" decoding=\"async\" data-attachment-id=\"1222\" data-permalink=\"http:\/\/www.gdansk.baptysci.pl\/index.php\/2015\/03\/15\/chrzest-wiary\/10271438_1055312484482744_6689320414716644561_o\/\" data-orig-file=\"http:\/\/www.gdansk.baptysci.pl\/wp-content\/uploads\/2015\/02\/10271438_1055312484482744_6689320414716644561_o.jpg\" data-orig-size=\"1356,2048\" data-comments-opened=\"1\" data-image-meta=\"{&quot;aperture&quot;:&quot;0&quot;,&quot;credit&quot;:&quot;&quot;,&quot;camera&quot;:&quot;&quot;,&quot;caption&quot;:&quot;&quot;,&quot;created_timestamp&quot;:&quot;0&quot;,&quot;copyright&quot;:&quot;&quot;,&quot;focal_length&quot;:&quot;0&quot;,&quot;iso&quot;:&quot;0&quot;,&quot;shutter_speed&quot;:&quot;0&quot;,&quot;title&quot;:&quot;&quot;,&quot;orientation&quot;:&quot;0&quot;}\" data-image-title=\"10271438_1055312484482744_6689320414716644561_o\" data-image-description=\"\" data-image-caption=\"&lt;p&gt;fot. Artur Grybek&lt;\/p&gt;\n\" data-medium-file=\"http:\/\/www.gdansk.baptysci.pl\/wp-content\/uploads\/2015\/02\/10271438_1055312484482744_6689320414716644561_o-199x300.jpg\" data-large-file=\"http:\/\/www.gdansk.baptysci.pl\/wp-content\/uploads\/2015\/02\/10271438_1055312484482744_6689320414716644561_o-678x1024.jpg\" srcset=\"https:\/\/i0.wp.com\/www.gdansk.baptysci.pl\/wp-content\/uploads\/2015\/02\/10271438_1055312484482744_6689320414716644561_o-678x1024.jpg?strip=info&#038;w=600 600w,https:\/\/i0.wp.com\/www.gdansk.baptysci.pl\/wp-content\/uploads\/2015\/02\/10271438_1055312484482744_6689320414716644561_o-678x1024.jpg?strip=info&#038;w=900 900w,https:\/\/i0.wp.com\/www.gdansk.baptysci.pl\/wp-content\/uploads\/2015\/02\/10271438_1055312484482744_6689320414716644561_o-678x1024.jpg?strip=info&#038;w=1200 1200w,https:\/\/i0.wp.com\/www.gdansk.baptysci.pl\/wp-content\/uploads\/2015\/02\/10271438_1055312484482744_6689320414716644561_o-678x1024.jpg?strip=info&#038;w=1356 1356w\" alt=\"\" data-height=\"2048\" data-id=\"1222\" data-link=\"http:\/\/www.gdansk.baptysci.pl\/index.php\/2015\/02\/22\/chrzest-wiary\/10271438_1055312484482744_6689320414716644561_o\/\" data-url=\"http:\/\/www.gdansk.baptysci.pl\/wp-content\/uploads\/2015\/02\/10271438_1055312484482744_6689320414716644561_o-678x1024.jpg\" data-width=\"1356\" src=\"https:\/\/i0.wp.com\/www.gdansk.baptysci.pl\/wp-content\/uploads\/2015\/02\/10271438_1055312484482744_6689320414716644561_o-678x1024.jpg\" data-amp-layout=\"responsive\"\/><\/figure><\/div><div class=\"tiled-gallery__col\" style=\"flex-basis:18.96717%\"><figure class=\"tiled-gallery__item\"><img data-attachment-id=\"1223\" data-permalink=\"http:\/\/www.gdansk.baptysci.pl\/index.php\/2015\/03\/15\/chrzest-wiary\/10321488_1055309301149729_6609884070129178744_o\/\" data-orig-file=\"http:\/\/www.gdansk.baptysci.pl\/wp-content\/uploads\/2015\/02\/10321488_1055309301149729_6609884070129178744_o.jpg\" data-orig-size=\"1356,2048\" data-comments-opened=\"1\" data-image-meta=\"{&quot;aperture&quot;:&quot;0&quot;,&quot;credit&quot;:&quot;&quot;,&quot;camera&quot;:&quot;&quot;,&quot;caption&quot;:&quot;&quot;,&quot;created_timestamp&quot;:&quot;0&quot;,&quot;copyright&quot;:&quot;&quot;,&quot;focal_length&quot;:&quot;0&quot;,&quot;iso&quot;:&quot;0&quot;,&quot;shutter_speed&quot;:&quot;0&quot;,&quot;title&quot;:&quot;&quot;,&quot;orientation&quot;:&quot;0&quot;}\" data-image-title=\"10321488_1055309301149729_6609884070129178744_o\" data-image-description=\"\" data-image-caption=\"&lt;p&gt;fot. Artur Grybek&lt;\/p&gt;\n\" data-medium-file=\"http:\/\/www.gdansk.baptysci.pl\/wp-content\/uploads\/2015\/02\/10321488_1055309301149729_6609884070129178744_o-199x300.jpg\" data-large-file=\"http:\/\/www.gdansk.baptysci.pl\/wp-content\/uploads\/2015\/02\/10321488_1055309301149729_6609884070129178744_o-678x1024.jpg\" data-attachment-id=\"1223\" data-permalink=\"http:\/\/www.gdansk.baptysci.pl\/index.php\/2015\/03\/15\/chrzest-wiary\/10321488_1055309301149729_6609884070129178744_o\/\" data-orig-file=\"http:\/\/www.gdansk.baptysci.pl\/wp-content\/uploads\/2015\/02\/10321488_1055309301149729_6609884070129178744_o.jpg\" data-orig-size=\"1356,2048\" data-comments-opened=\"1\" data-image-meta=\"{&quot;aperture&quot;:&quot;0&quot;,&quot;credit&quot;:&quot;&quot;,&quot;camera&quot;:&quot;&quot;,&quot;caption&quot;:&quot;&quot;,&quot;created_timestamp&quot;:&quot;0&quot;,&quot;copyright&quot;:&quot;&quot;,&quot;focal_length&quot;:&quot;0&quot;,&quot;iso&quot;:&quot;0&quot;,&quot;shutter_speed&quot;:&quot;0&quot;,&quot;title&quot;:&quot;&quot;,&quot;orientation&quot;:&quot;0&quot;}\" data-image-title=\"10321488_1055309301149729_6609884070129178744_o\" data-image-description=\"\" data-image-caption=\"&lt;p&gt;fot. Artur Grybek&lt;\/p&gt;\n\" data-medium-file=\"http:\/\/www.gdansk.baptysci.pl\/wp-content\/uploads\/2015\/02\/10321488_1055309301149729_6609884070129178744_o-199x300.jpg\" data-large-file=\"http:\/\/www.gdansk.baptysci.pl\/wp-content\/uploads\/2015\/02\/10321488_1055309301149729_6609884070129178744_o-678x1024.jpg\" decoding=\"async\" data-attachment-id=\"1223\" data-permalink=\"http:\/\/www.gdansk.baptysci.pl\/index.php\/2015\/03\/15\/chrzest-wiary\/10321488_1055309301149729_6609884070129178744_o\/\" data-orig-file=\"http:\/\/www.gdansk.baptysci.pl\/wp-content\/uploads\/2015\/02\/10321488_1055309301149729_6609884070129178744_o.jpg\" data-orig-size=\"1356,2048\" data-comments-opened=\"1\" data-image-meta=\"{&quot;aperture&quot;:&quot;0&quot;,&quot;credit&quot;:&quot;&quot;,&quot;camera&quot;:&quot;&quot;,&quot;caption&quot;:&quot;&quot;,&quot;created_timestamp&quot;:&quot;0&quot;,&quot;copyright&quot;:&quot;&quot;,&quot;focal_length&quot;:&quot;0&quot;,&quot;iso&quot;:&quot;0&quot;,&quot;shutter_speed&quot;:&quot;0&quot;,&quot;title&quot;:&quot;&quot;,&quot;orientation&quot;:&quot;0&quot;}\" data-image-title=\"10321488_1055309301149729_6609884070129178744_o\" data-image-description=\"\" data-image-caption=\"&lt;p&gt;fot. Artur Grybek&lt;\/p&gt;\n\" data-medium-file=\"http:\/\/www.gdansk.baptysci.pl\/wp-content\/uploads\/2015\/02\/10321488_1055309301149729_6609884070129178744_o-199x300.jpg\" data-large-file=\"http:\/\/www.gdansk.baptysci.pl\/wp-content\/uploads\/2015\/02\/10321488_1055309301149729_6609884070129178744_o-678x1024.jpg\" srcset=\"https:\/\/i1.wp.com\/www.gdansk.baptysci.pl\/wp-content\/uploads\/2015\/02\/10321488_1055309301149729_6609884070129178744_o-678x1024.jpg?strip=info&#038;w=600 600w,https:\/\/i1.wp.com\/www.gdansk.baptysci.pl\/wp-content\/uploads\/2015\/02\/10321488_1055309301149729_6609884070129178744_o-678x1024.jpg?strip=info&#038;w=900 900w,https:\/\/i1.wp.com\/www.gdansk.baptysci.pl\/wp-content\/uploads\/2015\/02\/10321488_1055309301149729_6609884070129178744_o-678x1024.jpg?strip=info&#038;w=1200 1200w,https:\/\/i1.wp.com\/www.gdansk.baptysci.pl\/wp-content\/uploads\/2015\/02\/10321488_1055309301149729_6609884070129178744_o-678x1024.jpg?strip=info&#038;w=1356 1356w\" alt=\"\" data-height=\"2048\" data-id=\"1223\" data-link=\"http:\/\/www.gdansk.baptysci.pl\/index.php\/2015\/02\/22\/chrzest-wiary\/10321488_1055309301149729_6609884070129178744_o\/\" data-url=\"http:\/\/www.gdansk.baptysci.pl\/wp-content\/uploads\/2015\/02\/10321488_1055309301149729_6609884070129178744_o-678x1024.jpg\" data-width=\"1356\" src=\"https:\/\/i1.wp.com\/www.gdansk.baptysci.pl\/wp-content\/uploads\/2015\/02\/10321488_1055309301149729_6609884070129178744_o-678x1024.jpg\" data-amp-layout=\"responsive\"\/><\/figure><\/div><div class=\"tiled-gallery__col\" style=\"flex-basis:18.96717%\"><figure class=\"tiled-gallery__item\"><img data-attachment-id=\"1224\" data-permalink=\"http:\/\/www.gdansk.baptysci.pl\/index.php\/2015\/03\/15\/chrzest-wiary\/10380089_1055317504482242_1063358496996715072_o\/\" data-orig-file=\"http:\/\/www.gdansk.baptysci.pl\/wp-content\/uploads\/2015\/02\/10380089_1055317504482242_1063358496996715072_o.jpg\" data-orig-size=\"1356,2048\" data-comments-opened=\"1\" data-image-meta=\"{&quot;aperture&quot;:&quot;0&quot;,&quot;credit&quot;:&quot;Picasa&quot;,&quot;camera&quot;:&quot;&quot;,&quot;caption&quot;:&quot;&quot;,&quot;created_timestamp&quot;:&quot;0&quot;,&quot;copyright&quot;:&quot;&quot;,&quot;focal_length&quot;:&quot;0&quot;,&quot;iso&quot;:&quot;0&quot;,&quot;shutter_speed&quot;:&quot;0&quot;,&quot;title&quot;:&quot;&quot;,&quot;orientation&quot;:&quot;0&quot;}\" data-image-title=\"10380089_1055317504482242_1063358496996715072_o\" data-image-description=\"\" data-image-caption=\"&lt;p&gt;fot. Artur Grybek&lt;\/p&gt;\n\" data-medium-file=\"http:\/\/www.gdansk.baptysci.pl\/wp-content\/uploads\/2015\/02\/10380089_1055317504482242_1063358496996715072_o-199x300.jpg\" data-large-file=\"http:\/\/www.gdansk.baptysci.pl\/wp-content\/uploads\/2015\/02\/10380089_1055317504482242_1063358496996715072_o-678x1024.jpg\" data-attachment-id=\"1224\" data-permalink=\"http:\/\/www.gdansk.baptysci.pl\/index.php\/2015\/03\/15\/chrzest-wiary\/10380089_1055317504482242_1063358496996715072_o\/\" data-orig-file=\"http:\/\/www.gdansk.baptysci.pl\/wp-content\/uploads\/2015\/02\/10380089_1055317504482242_1063358496996715072_o.jpg\" data-orig-size=\"1356,2048\" data-comments-opened=\"1\" data-image-meta=\"{&quot;aperture&quot;:&quot;0&quot;,&quot;credit&quot;:&quot;Picasa&quot;,&quot;camera&quot;:&quot;&quot;,&quot;caption&quot;:&quot;&quot;,&quot;created_timestamp&quot;:&quot;0&quot;,&quot;copyright&quot;:&quot;&quot;,&quot;focal_length&quot;:&quot;0&quot;,&quot;iso&quot;:&quot;0&quot;,&quot;shutter_speed&quot;:&quot;0&quot;,&quot;title&quot;:&quot;&quot;,&quot;orientation&quot;:&quot;0&quot;}\" data-image-title=\"10380089_1055317504482242_1063358496996715072_o\" data-image-description=\"\" data-image-caption=\"&lt;p&gt;fot. Artur Grybek&lt;\/p&gt;\n\" data-medium-file=\"http:\/\/www.gdansk.baptysci.pl\/wp-content\/uploads\/2015\/02\/10380089_1055317504482242_1063358496996715072_o-199x300.jpg\" data-large-file=\"http:\/\/www.gdansk.baptysci.pl\/wp-content\/uploads\/2015\/02\/10380089_1055317504482242_1063358496996715072_o-678x1024.jpg\" decoding=\"async\" data-attachment-id=\"1224\" data-permalink=\"http:\/\/www.gdansk.baptysci.pl\/index.php\/2015\/03\/15\/chrzest-wiary\/10380089_1055317504482242_1063358496996715072_o\/\" data-orig-file=\"http:\/\/www.gdansk.baptysci.pl\/wp-content\/uploads\/2015\/02\/10380089_1055317504482242_1063358496996715072_o.jpg\" data-orig-size=\"1356,2048\" data-comments-opened=\"1\" data-image-meta=\"{&quot;aperture&quot;:&quot;0&quot;,&quot;credit&quot;:&quot;Picasa&quot;,&quot;camera&quot;:&quot;&quot;,&quot;caption&quot;:&quot;&quot;,&quot;created_timestamp&quot;:&quot;0&quot;,&quot;copyright&quot;:&quot;&quot;,&quot;focal_length&quot;:&quot;0&quot;,&quot;iso&quot;:&quot;0&quot;,&quot;shutter_speed&quot;:&quot;0&quot;,&quot;title&quot;:&quot;&quot;,&quot;orientation&quot;:&quot;0&quot;}\" data-image-title=\"10380089_1055317504482242_1063358496996715072_o\" data-image-description=\"\" data-image-caption=\"&lt;p&gt;fot. Artur Grybek&lt;\/p&gt;\n\" data-medium-file=\"http:\/\/www.gdansk.baptysci.pl\/wp-content\/uploads\/2015\/02\/10380089_1055317504482242_1063358496996715072_o-199x300.jpg\" data-large-file=\"http:\/\/www.gdansk.baptysci.pl\/wp-content\/uploads\/2015\/02\/10380089_1055317504482242_1063358496996715072_o-678x1024.jpg\" srcset=\"https:\/\/i1.wp.com\/www.gdansk.baptysci.pl\/wp-content\/uploads\/2015\/02\/10380089_1055317504482242_1063358496996715072_o-678x1024.jpg?strip=info&#038;w=600 600w,https:\/\/i1.wp.com\/www.gdansk.baptysci.pl\/wp-content\/uploads\/2015\/02\/10380089_1055317504482242_1063358496996715072_o-678x1024.jpg?strip=info&#038;w=900 900w,https:\/\/i1.wp.com\/www.gdansk.baptysci.pl\/wp-content\/uploads\/2015\/02\/10380089_1055317504482242_1063358496996715072_o-678x1024.jpg?strip=info&#038;w=1200 1200w,https:\/\/i1.wp.com\/www.gdansk.baptysci.pl\/wp-content\/uploads\/2015\/02\/10380089_1055317504482242_1063358496996715072_o-678x1024.jpg?strip=info&#038;w=1356 1356w\" alt=\"\" data-height=\"2048\" data-id=\"1224\" data-link=\"http:\/\/www.gdansk.baptysci.pl\/index.php\/2015\/02\/22\/chrzest-wiary\/10380089_1055317504482242_1063358496996715072_o\/\" data-url=\"http:\/\/www.gdansk.baptysci.pl\/wp-content\/uploads\/2015\/02\/10380089_1055317504482242_1063358496996715072_o-678x1024.jpg\" data-width=\"1356\" src=\"https:\/\/i1.wp.com\/www.gdansk.baptysci.pl\/wp-content\/uploads\/2015\/02\/10380089_1055317504482242_1063358496996715072_o-678x1024.jpg\" data-amp-layout=\"responsive\"\/><\/figure><\/div><\/div><div class=\"tiled-gallery__row\"><div class=\"tiled-gallery__col\" style=\"flex-basis:69.45968%\"><figure class=\"tiled-gallery__item\"><img data-attachment-id=\"1225\" data-permalink=\"http:\/\/www.gdansk.baptysci.pl\/index.php\/2015\/03\/15\/chrzest-wiary\/10380089_1055317674482225_453071683375844633_o\/\" data-orig-file=\"http:\/\/www.gdansk.baptysci.pl\/wp-content\/uploads\/2015\/02\/10380089_1055317674482225_453071683375844633_o.jpg\" data-orig-size=\"2048,1356\" data-comments-opened=\"1\" data-image-meta=\"{&quot;aperture&quot;:&quot;0&quot;,&quot;credit&quot;:&quot;&quot;,&quot;camera&quot;:&quot;&quot;,&quot;caption&quot;:&quot;&quot;,&quot;created_timestamp&quot;:&quot;0&quot;,&quot;copyright&quot;:&quot;&quot;,&quot;focal_length&quot;:&quot;0&quot;,&quot;iso&quot;:&quot;0&quot;,&quot;shutter_speed&quot;:&quot;0&quot;,&quot;title&quot;:&quot;&quot;,&quot;orientation&quot;:&quot;0&quot;}\" data-image-title=\"10380089_1055317674482225_453071683375844633_o\" data-image-description=\"\" data-image-caption=\"&lt;p&gt;fot. Artur Grybek&lt;\/p&gt;\n\" data-medium-file=\"http:\/\/www.gdansk.baptysci.pl\/wp-content\/uploads\/2015\/02\/10380089_1055317674482225_453071683375844633_o-300x199.jpg\" data-large-file=\"http:\/\/www.gdansk.baptysci.pl\/wp-content\/uploads\/2015\/02\/10380089_1055317674482225_453071683375844633_o-1024x678.jpg\" data-attachment-id=\"1225\" data-permalink=\"http:\/\/www.gdansk.baptysci.pl\/index.php\/2015\/03\/15\/chrzest-wiary\/10380089_1055317674482225_453071683375844633_o\/\" data-orig-file=\"http:\/\/www.gdansk.baptysci.pl\/wp-content\/uploads\/2015\/02\/10380089_1055317674482225_453071683375844633_o.jpg\" data-orig-size=\"2048,1356\" data-comments-opened=\"1\" data-image-meta=\"{&quot;aperture&quot;:&quot;0&quot;,&quot;credit&quot;:&quot;&quot;,&quot;camera&quot;:&quot;&quot;,&quot;caption&quot;:&quot;&quot;,&quot;created_timestamp&quot;:&quot;0&quot;,&quot;copyright&quot;:&quot;&quot;,&quot;focal_length&quot;:&quot;0&quot;,&quot;iso&quot;:&quot;0&quot;,&quot;shutter_speed&quot;:&quot;0&quot;,&quot;title&quot;:&quot;&quot;,&quot;orientation&quot;:&quot;0&quot;}\" data-image-title=\"10380089_1055317674482225_453071683375844633_o\" data-image-description=\"\" data-image-caption=\"&lt;p&gt;fot. Artur Grybek&lt;\/p&gt;\n\" data-medium-file=\"http:\/\/www.gdansk.baptysci.pl\/wp-content\/uploads\/2015\/02\/10380089_1055317674482225_453071683375844633_o-300x199.jpg\" data-large-file=\"http:\/\/www.gdansk.baptysci.pl\/wp-content\/uploads\/2015\/02\/10380089_1055317674482225_453071683375844633_o-1024x678.jpg\" decoding=\"async\" data-attachment-id=\"1225\" data-permalink=\"http:\/\/www.gdansk.baptysci.pl\/index.php\/2015\/03\/15\/chrzest-wiary\/10380089_1055317674482225_453071683375844633_o\/\" data-orig-file=\"http:\/\/www.gdansk.baptysci.pl\/wp-content\/uploads\/2015\/02\/10380089_1055317674482225_453071683375844633_o.jpg\" data-orig-size=\"2048,1356\" data-comments-opened=\"1\" data-image-meta=\"{&quot;aperture&quot;:&quot;0&quot;,&quot;credit&quot;:&quot;&quot;,&quot;camera&quot;:&quot;&quot;,&quot;caption&quot;:&quot;&quot;,&quot;created_timestamp&quot;:&quot;0&quot;,&quot;copyright&quot;:&quot;&quot;,&quot;focal_length&quot;:&quot;0&quot;,&quot;iso&quot;:&quot;0&quot;,&quot;shutter_speed&quot;:&quot;0&quot;,&quot;title&quot;:&quot;&quot;,&quot;orientation&quot;:&quot;0&quot;}\" data-image-title=\"10380089_1055317674482225_453071683375844633_o\" data-image-description=\"\" data-image-caption=\"&lt;p&gt;fot. Artur Grybek&lt;\/p&gt;\n\" data-medium-file=\"http:\/\/www.gdansk.baptysci.pl\/wp-content\/uploads\/2015\/02\/10380089_1055317674482225_453071683375844633_o-300x199.jpg\" data-large-file=\"http:\/\/www.gdansk.baptysci.pl\/wp-content\/uploads\/2015\/02\/10380089_1055317674482225_453071683375844633_o-1024x678.jpg\" srcset=\"https:\/\/i1.wp.com\/www.gdansk.baptysci.pl\/wp-content\/uploads\/2015\/02\/10380089_1055317674482225_453071683375844633_o-1024x678.jpg?strip=info&#038;w=600 600w,https:\/\/i1.wp.com\/www.gdansk.baptysci.pl\/wp-content\/uploads\/2015\/02\/10380089_1055317674482225_453071683375844633_o-1024x678.jpg?strip=info&#038;w=900 900w,https:\/\/i1.wp.com\/www.gdansk.baptysci.pl\/wp-content\/uploads\/2015\/02\/10380089_1055317674482225_453071683375844633_o-1024x678.jpg?strip=info&#038;w=1200 1200w,https:\/\/i1.wp.com\/www.gdansk.baptysci.pl\/wp-content\/uploads\/2015\/02\/10380089_1055317674482225_453071683375844633_o-1024x678.jpg?strip=info&#038;w=1500 1500w,https:\/\/i1.wp.com\/www.gdansk.baptysci.pl\/wp-content\/uploads\/2015\/02\/10380089_1055317674482225_453071683375844633_o-1024x678.jpg?strip=info&#038;w=1800 1800w,https:\/\/i1.wp.com\/www.gdansk.baptysci.pl\/wp-content\/uploads\/2015\/02\/10380089_1055317674482225_453071683375844633_o-1024x678.jpg?strip=info&#038;w=2000 2000w\" alt=\"\" data-height=\"1356\" data-id=\"1225\" data-link=\"http:\/\/www.gdansk.baptysci.pl\/index.php\/2015\/02\/22\/chrzest-wiary\/10380089_1055317674482225_453071683375844633_o\/\" data-url=\"http:\/\/www.gdansk.baptysci.pl\/wp-content\/uploads\/2015\/02\/10380089_1055317674482225_453071683375844633_o-1024x678.jpg\" data-width=\"2048\" src=\"https:\/\/i1.wp.com\/www.gdansk.baptysci.pl\/wp-content\/uploads\/2015\/02\/10380089_1055317674482225_453071683375844633_o-1024x678.jpg\" data-amp-layout=\"responsive\"\/><\/figure><\/div><div class=\"tiled-gallery__col\" style=\"flex-basis:30.54032%\"><figure class=\"tiled-gallery__item\"><img data-attachment-id=\"1226\" data-permalink=\"http:\/\/www.gdansk.baptysci.pl\/index.php\/2015\/03\/15\/chrzest-wiary\/10446339_1055317901148869_8004326472739908172_o\/\" data-orig-file=\"http:\/\/www.gdansk.baptysci.pl\/wp-content\/uploads\/2015\/02\/10446339_1055317901148869_8004326472739908172_o.jpg\" data-orig-size=\"1356,2048\" data-comments-opened=\"1\" data-image-meta=\"{&quot;aperture&quot;:&quot;0&quot;,&quot;credit&quot;:&quot;&quot;,&quot;camera&quot;:&quot;&quot;,&quot;caption&quot;:&quot;&quot;,&quot;created_timestamp&quot;:&quot;0&quot;,&quot;copyright&quot;:&quot;&quot;,&quot;focal_length&quot;:&quot;0&quot;,&quot;iso&quot;:&quot;0&quot;,&quot;shutter_speed&quot;:&quot;0&quot;,&quot;title&quot;:&quot;&quot;,&quot;orientation&quot;:&quot;0&quot;}\" data-image-title=\"10446339_1055317901148869_8004326472739908172_o\" data-image-description=\"\" data-image-caption=\"&lt;p&gt;fot. Artur Grybek&lt;\/p&gt;\n\" data-medium-file=\"http:\/\/www.gdansk.baptysci.pl\/wp-content\/uploads\/2015\/02\/10446339_1055317901148869_8004326472739908172_o-199x300.jpg\" data-large-file=\"http:\/\/www.gdansk.baptysci.pl\/wp-content\/uploads\/2015\/02\/10446339_1055317901148869_8004326472739908172_o-678x1024.jpg\" data-attachment-id=\"1226\" data-permalink=\"http:\/\/www.gdansk.baptysci.pl\/index.php\/2015\/03\/15\/chrzest-wiary\/10446339_1055317901148869_8004326472739908172_o\/\" data-orig-file=\"http:\/\/www.gdansk.baptysci.pl\/wp-content\/uploads\/2015\/02\/10446339_1055317901148869_8004326472739908172_o.jpg\" data-orig-size=\"1356,2048\" data-comments-opened=\"1\" data-image-meta=\"{&quot;aperture&quot;:&quot;0&quot;,&quot;credit&quot;:&quot;&quot;,&quot;camera&quot;:&quot;&quot;,&quot;caption&quot;:&quot;&quot;,&quot;created_timestamp&quot;:&quot;0&quot;,&quot;copyright&quot;:&quot;&quot;,&quot;focal_length&quot;:&quot;0&quot;,&quot;iso&quot;:&quot;0&quot;,&quot;shutter_speed&quot;:&quot;0&quot;,&quot;title&quot;:&quot;&quot;,&quot;orientation&quot;:&quot;0&quot;}\" data-image-title=\"10446339_1055317901148869_8004326472739908172_o\" data-image-description=\"\" data-image-caption=\"&lt;p&gt;fot. Artur Grybek&lt;\/p&gt;\n\" data-medium-file=\"http:\/\/www.gdansk.baptysci.pl\/wp-content\/uploads\/2015\/02\/10446339_1055317901148869_8004326472739908172_o-199x300.jpg\" data-large-file=\"http:\/\/www.gdansk.baptysci.pl\/wp-content\/uploads\/2015\/02\/10446339_1055317901148869_8004326472739908172_o-678x1024.jpg\" decoding=\"async\" data-attachment-id=\"1226\" data-permalink=\"http:\/\/www.gdansk.baptysci.pl\/index.php\/2015\/03\/15\/chrzest-wiary\/10446339_1055317901148869_8004326472739908172_o\/\" data-orig-file=\"http:\/\/www.gdansk.baptysci.pl\/wp-content\/uploads\/2015\/02\/10446339_1055317901148869_8004326472739908172_o.jpg\" data-orig-size=\"1356,2048\" data-comments-opened=\"1\" data-image-meta=\"{&quot;aperture&quot;:&quot;0&quot;,&quot;credit&quot;:&quot;&quot;,&quot;camera&quot;:&quot;&quot;,&quot;caption&quot;:&quot;&quot;,&quot;created_timestamp&quot;:&quot;0&quot;,&quot;copyright&quot;:&quot;&quot;,&quot;focal_length&quot;:&quot;0&quot;,&quot;iso&quot;:&quot;0&quot;,&quot;shutter_speed&quot;:&quot;0&quot;,&quot;title&quot;:&quot;&quot;,&quot;orientation&quot;:&quot;0&quot;}\" data-image-title=\"10446339_1055317901148869_8004326472739908172_o\" data-image-description=\"\" data-image-caption=\"&lt;p&gt;fot. Artur Grybek&lt;\/p&gt;\n\" data-medium-file=\"http:\/\/www.gdansk.baptysci.pl\/wp-content\/uploads\/2015\/02\/10446339_1055317901148869_8004326472739908172_o-199x300.jpg\" data-large-file=\"http:\/\/www.gdansk.baptysci.pl\/wp-content\/uploads\/2015\/02\/10446339_1055317901148869_8004326472739908172_o-678x1024.jpg\" srcset=\"https:\/\/i1.wp.com\/www.gdansk.baptysci.pl\/wp-content\/uploads\/2015\/02\/10446339_1055317901148869_8004326472739908172_o-678x1024.jpg?strip=info&#038;w=600 600w,https:\/\/i1.wp.com\/www.gdansk.baptysci.pl\/wp-content\/uploads\/2015\/02\/10446339_1055317901148869_8004326472739908172_o-678x1024.jpg?strip=info&#038;w=900 900w,https:\/\/i1.wp.com\/www.gdansk.baptysci.pl\/wp-content\/uploads\/2015\/02\/10446339_1055317901148869_8004326472739908172_o-678x1024.jpg?strip=info&#038;w=1200 1200w,https:\/\/i1.wp.com\/www.gdansk.baptysci.pl\/wp-content\/uploads\/2015\/02\/10446339_1055317901148869_8004326472739908172_o-678x1024.jpg?strip=info&#038;w=1356 1356w\" alt=\"\" data-height=\"2048\" data-id=\"1226\" data-link=\"http:\/\/www.gdansk.baptysci.pl\/index.php\/2015\/02\/22\/chrzest-wiary\/10446339_1055317901148869_8004326472739908172_o\/\" data-url=\"http:\/\/www.gdansk.baptysci.pl\/wp-content\/uploads\/2015\/02\/10446339_1055317901148869_8004326472739908172_o-678x1024.jpg\" data-width=\"1356\" src=\"https:\/\/i1.wp.com\/www.gdansk.baptysci.pl\/wp-content\/uploads\/2015\/02\/10446339_1055317901148869_8004326472739908172_o-678x1024.jpg\" data-amp-layout=\"responsive\"\/><\/figure><\/div><\/div><div class=\"tiled-gallery__row\"><div class=\"tiled-gallery__col\" style=\"flex-basis:25.09628%\"><figure class=\"tiled-gallery__item\"><img data-attachment-id=\"1227\" data-permalink=\"http:\/\/www.gdansk.baptysci.pl\/index.php\/2015\/03\/15\/chrzest-wiary\/10448420_1055314311149228_5246222882230804089_o\/\" data-orig-file=\"http:\/\/www.gdansk.baptysci.pl\/wp-content\/uploads\/2015\/02\/10448420_1055314311149228_5246222882230804089_o.jpg\" data-orig-size=\"1363,2048\" data-comments-opened=\"1\" data-image-meta=\"{&quot;aperture&quot;:&quot;0&quot;,&quot;credit&quot;:&quot;Picasa&quot;,&quot;camera&quot;:&quot;&quot;,&quot;caption&quot;:&quot;&quot;,&quot;created_timestamp&quot;:&quot;0&quot;,&quot;copyright&quot;:&quot;&quot;,&quot;focal_length&quot;:&quot;0&quot;,&quot;iso&quot;:&quot;0&quot;,&quot;shutter_speed&quot;:&quot;0&quot;,&quot;title&quot;:&quot;&quot;,&quot;orientation&quot;:&quot;0&quot;}\" data-image-title=\"10448420_1055314311149228_5246222882230804089_o\" data-image-description=\"\" data-image-caption=\"&lt;p&gt;fot. Artur Grybek&lt;\/p&gt;\n\" data-medium-file=\"http:\/\/www.gdansk.baptysci.pl\/wp-content\/uploads\/2015\/02\/10448420_1055314311149228_5246222882230804089_o-200x300.jpg\" data-large-file=\"http:\/\/www.gdansk.baptysci.pl\/wp-content\/uploads\/2015\/02\/10448420_1055314311149228_5246222882230804089_o-682x1024.jpg\" data-attachment-id=\"1227\" data-permalink=\"http:\/\/www.gdansk.baptysci.pl\/index.php\/2015\/03\/15\/chrzest-wiary\/10448420_1055314311149228_5246222882230804089_o\/\" data-orig-file=\"http:\/\/www.gdansk.baptysci.pl\/wp-content\/uploads\/2015\/02\/10448420_1055314311149228_5246222882230804089_o.jpg\" data-orig-size=\"1363,2048\" data-comments-opened=\"1\" data-image-meta=\"{&quot;aperture&quot;:&quot;0&quot;,&quot;credit&quot;:&quot;Picasa&quot;,&quot;camera&quot;:&quot;&quot;,&quot;caption&quot;:&quot;&quot;,&quot;created_timestamp&quot;:&quot;0&quot;,&quot;copyright&quot;:&quot;&quot;,&quot;focal_length&quot;:&quot;0&quot;,&quot;iso&quot;:&quot;0&quot;,&quot;shutter_speed&quot;:&quot;0&quot;,&quot;title&quot;:&quot;&quot;,&quot;orientation&quot;:&quot;0&quot;}\" data-image-title=\"10448420_1055314311149228_5246222882230804089_o\" data-image-description=\"\" data-image-caption=\"&lt;p&gt;fot. Artur Grybek&lt;\/p&gt;\n\" data-medium-file=\"http:\/\/www.gdansk.baptysci.pl\/wp-content\/uploads\/2015\/02\/10448420_1055314311149228_5246222882230804089_o-200x300.jpg\" data-large-file=\"http:\/\/www.gdansk.baptysci.pl\/wp-content\/uploads\/2015\/02\/10448420_1055314311149228_5246222882230804089_o-682x1024.jpg\" decoding=\"async\" data-attachment-id=\"1227\" data-permalink=\"http:\/\/www.gdansk.baptysci.pl\/index.php\/2015\/03\/15\/chrzest-wiary\/10448420_1055314311149228_5246222882230804089_o\/\" data-orig-file=\"http:\/\/www.gdansk.baptysci.pl\/wp-content\/uploads\/2015\/02\/10448420_1055314311149228_5246222882230804089_o.jpg\" data-orig-size=\"1363,2048\" data-comments-opened=\"1\" data-image-meta=\"{&quot;aperture&quot;:&quot;0&quot;,&quot;credit&quot;:&quot;Picasa&quot;,&quot;camera&quot;:&quot;&quot;,&quot;caption&quot;:&quot;&quot;,&quot;created_timestamp&quot;:&quot;0&quot;,&quot;copyright&quot;:&quot;&quot;,&quot;focal_length&quot;:&quot;0&quot;,&quot;iso&quot;:&quot;0&quot;,&quot;shutter_speed&quot;:&quot;0&quot;,&quot;title&quot;:&quot;&quot;,&quot;orientation&quot;:&quot;0&quot;}\" data-image-title=\"10448420_1055314311149228_5246222882230804089_o\" data-image-description=\"\" data-image-caption=\"&lt;p&gt;fot. Artur Grybek&lt;\/p&gt;\n\" data-medium-file=\"http:\/\/www.gdansk.baptysci.pl\/wp-content\/uploads\/2015\/02\/10448420_1055314311149228_5246222882230804089_o-200x300.jpg\" data-large-file=\"http:\/\/www.gdansk.baptysci.pl\/wp-content\/uploads\/2015\/02\/10448420_1055314311149228_5246222882230804089_o-682x1024.jpg\" srcset=\"https:\/\/i0.wp.com\/www.gdansk.baptysci.pl\/wp-content\/uploads\/2015\/02\/10448420_1055314311149228_5246222882230804089_o-682x1024.jpg?strip=info&#038;w=600 600w,https:\/\/i0.wp.com\/www.gdansk.baptysci.pl\/wp-content\/uploads\/2015\/02\/10448420_1055314311149228_5246222882230804089_o-682x1024.jpg?strip=info&#038;w=900 900w,https:\/\/i0.wp.com\/www.gdansk.baptysci.pl\/wp-content\/uploads\/2015\/02\/10448420_1055314311149228_5246222882230804089_o-682x1024.jpg?strip=info&#038;w=1200 1200w,https:\/\/i0.wp.com\/www.gdansk.baptysci.pl\/wp-content\/uploads\/2015\/02\/10448420_1055314311149228_5246222882230804089_o-682x1024.jpg?strip=info&#038;w=1363 1363w\" alt=\"\" data-height=\"2048\" data-id=\"1227\" data-link=\"http:\/\/www.gdansk.baptysci.pl\/index.php\/2015\/02\/22\/chrzest-wiary\/10448420_1055314311149228_5246222882230804089_o\/\" data-url=\"http:\/\/www.gdansk.baptysci.pl\/wp-content\/uploads\/2015\/02\/10448420_1055314311149228_5246222882230804089_o-682x1024.jpg\" data-width=\"1363\" src=\"https:\/\/i0.wp.com\/www.gdansk.baptysci.pl\/wp-content\/uploads\/2015\/02\/10448420_1055314311149228_5246222882230804089_o-682x1024.jpg\" data-amp-layout=\"responsive\"\/><\/figure><\/div><div class=\"tiled-gallery__col\" style=\"flex-basis:24.96791%\"><figure class=\"tiled-gallery__item\"><img data-attachment-id=\"1228\" data-permalink=\"http:\/\/www.gdansk.baptysci.pl\/index.php\/2015\/03\/15\/chrzest-wiary\/10448420_1055315481149111_5551531651975895952_o\/\" data-orig-file=\"http:\/\/www.gdansk.baptysci.pl\/wp-content\/uploads\/2015\/02\/10448420_1055315481149111_5551531651975895952_o.jpg\" data-orig-size=\"1356,2048\" data-comments-opened=\"1\" data-image-meta=\"{&quot;aperture&quot;:&quot;0&quot;,&quot;credit&quot;:&quot;&quot;,&quot;camera&quot;:&quot;&quot;,&quot;caption&quot;:&quot;&quot;,&quot;created_timestamp&quot;:&quot;0&quot;,&quot;copyright&quot;:&quot;&quot;,&quot;focal_length&quot;:&quot;0&quot;,&quot;iso&quot;:&quot;0&quot;,&quot;shutter_speed&quot;:&quot;0&quot;,&quot;title&quot;:&quot;&quot;,&quot;orientation&quot;:&quot;0&quot;}\" data-image-title=\"10448420_1055315481149111_5551531651975895952_o\" data-image-description=\"\" data-image-caption=\"&lt;p&gt;fot. Artur Grybek&lt;\/p&gt;\n\" data-medium-file=\"http:\/\/www.gdansk.baptysci.pl\/wp-content\/uploads\/2015\/02\/10448420_1055315481149111_5551531651975895952_o-199x300.jpg\" data-large-file=\"http:\/\/www.gdansk.baptysci.pl\/wp-content\/uploads\/2015\/02\/10448420_1055315481149111_5551531651975895952_o-678x1024.jpg\" data-attachment-id=\"1228\" data-permalink=\"http:\/\/www.gdansk.baptysci.pl\/index.php\/2015\/03\/15\/chrzest-wiary\/10448420_1055315481149111_5551531651975895952_o\/\" data-orig-file=\"http:\/\/www.gdansk.baptysci.pl\/wp-content\/uploads\/2015\/02\/10448420_1055315481149111_5551531651975895952_o.jpg\" data-orig-size=\"1356,2048\" data-comments-opened=\"1\" data-image-meta=\"{&quot;aperture&quot;:&quot;0&quot;,&quot;credit&quot;:&quot;&quot;,&quot;camera&quot;:&quot;&quot;,&quot;caption&quot;:&quot;&quot;,&quot;created_timestamp&quot;:&quot;0&quot;,&quot;copyright&quot;:&quot;&quot;,&quot;focal_length&quot;:&quot;0&quot;,&quot;iso&quot;:&quot;0&quot;,&quot;shutter_speed&quot;:&quot;0&quot;,&quot;title&quot;:&quot;&quot;,&quot;orientation&quot;:&quot;0&quot;}\" data-image-title=\"10448420_1055315481149111_5551531651975895952_o\" data-image-description=\"\" data-image-caption=\"&lt;p&gt;fot. Artur Grybek&lt;\/p&gt;\n\" data-medium-file=\"http:\/\/www.gdansk.baptysci.pl\/wp-content\/uploads\/2015\/02\/10448420_1055315481149111_5551531651975895952_o-199x300.jpg\" data-large-file=\"http:\/\/www.gdansk.baptysci.pl\/wp-content\/uploads\/2015\/02\/10448420_1055315481149111_5551531651975895952_o-678x1024.jpg\" decoding=\"async\" data-attachment-id=\"1228\" data-permalink=\"http:\/\/www.gdansk.baptysci.pl\/index.php\/2015\/03\/15\/chrzest-wiary\/10448420_1055315481149111_5551531651975895952_o\/\" data-orig-file=\"http:\/\/www.gdansk.baptysci.pl\/wp-content\/uploads\/2015\/02\/10448420_1055315481149111_5551531651975895952_o.jpg\" data-orig-size=\"1356,2048\" data-comments-opened=\"1\" data-image-meta=\"{&quot;aperture&quot;:&quot;0&quot;,&quot;credit&quot;:&quot;&quot;,&quot;camera&quot;:&quot;&quot;,&quot;caption&quot;:&quot;&quot;,&quot;created_timestamp&quot;:&quot;0&quot;,&quot;copyright&quot;:&quot;&quot;,&quot;focal_length&quot;:&quot;0&quot;,&quot;iso&quot;:&quot;0&quot;,&quot;shutter_speed&quot;:&quot;0&quot;,&quot;title&quot;:&quot;&quot;,&quot;orientation&quot;:&quot;0&quot;}\" data-image-title=\"10448420_1055315481149111_5551531651975895952_o\" data-image-description=\"\" data-image-caption=\"&lt;p&gt;fot. Artur Grybek&lt;\/p&gt;\n\" data-medium-file=\"http:\/\/www.gdansk.baptysci.pl\/wp-content\/uploads\/2015\/02\/10448420_1055315481149111_5551531651975895952_o-199x300.jpg\" data-large-file=\"http:\/\/www.gdansk.baptysci.pl\/wp-content\/uploads\/2015\/02\/10448420_1055315481149111_5551531651975895952_o-678x1024.jpg\" srcset=\"https:\/\/i0.wp.com\/www.gdansk.baptysci.pl\/wp-content\/uploads\/2015\/02\/10448420_1055315481149111_5551531651975895952_o-678x1024.jpg?strip=info&#038;w=600 600w,https:\/\/i0.wp.com\/www.gdansk.baptysci.pl\/wp-content\/uploads\/2015\/02\/10448420_1055315481149111_5551531651975895952_o-678x1024.jpg?strip=info&#038;w=900 900w,https:\/\/i0.wp.com\/www.gdansk.baptysci.pl\/wp-content\/uploads\/2015\/02\/10448420_1055315481149111_5551531651975895952_o-678x1024.jpg?strip=info&#038;w=1200 1200w,https:\/\/i0.wp.com\/www.gdansk.baptysci.pl\/wp-content\/uploads\/2015\/02\/10448420_1055315481149111_5551531651975895952_o-678x1024.jpg?strip=info&#038;w=1356 1356w\" alt=\"\" data-height=\"2048\" data-id=\"1228\" data-link=\"http:\/\/www.gdansk.baptysci.pl\/index.php\/2015\/02\/22\/chrzest-wiary\/10448420_1055315481149111_5551531651975895952_o\/\" data-url=\"http:\/\/www.gdansk.baptysci.pl\/wp-content\/uploads\/2015\/02\/10448420_1055315481149111_5551531651975895952_o-678x1024.jpg\" data-width=\"1356\" src=\"https:\/\/i0.wp.com\/www.gdansk.baptysci.pl\/wp-content\/uploads\/2015\/02\/10448420_1055315481149111_5551531651975895952_o-678x1024.jpg\" data-amp-layout=\"responsive\"\/><\/figure><\/div><div class=\"tiled-gallery__col\" style=\"flex-basis:24.96791%\"><figure class=\"tiled-gallery__item\"><img data-attachment-id=\"1229\" data-permalink=\"http:\/\/www.gdansk.baptysci.pl\/index.php\/2015\/03\/15\/chrzest-wiary\/10450264_1055312101149449_3948636245223386201_o\/\" data-orig-file=\"http:\/\/www.gdansk.baptysci.pl\/wp-content\/uploads\/2015\/02\/10450264_1055312101149449_3948636245223386201_o.jpg\" data-orig-size=\"1356,2048\" data-comments-opened=\"1\" data-image-meta=\"{&quot;aperture&quot;:&quot;0&quot;,&quot;credit&quot;:&quot;&quot;,&quot;camera&quot;:&quot;&quot;,&quot;caption&quot;:&quot;&quot;,&quot;created_timestamp&quot;:&quot;0&quot;,&quot;copyright&quot;:&quot;&quot;,&quot;focal_length&quot;:&quot;0&quot;,&quot;iso&quot;:&quot;0&quot;,&quot;shutter_speed&quot;:&quot;0&quot;,&quot;title&quot;:&quot;&quot;,&quot;orientation&quot;:&quot;0&quot;}\" data-image-title=\"10450264_1055312101149449_3948636245223386201_o\" data-image-description=\"\" data-image-caption=\"&lt;p&gt;fot. Artur Grybek&lt;\/p&gt;\n\" data-medium-file=\"http:\/\/www.gdansk.baptysci.pl\/wp-content\/uploads\/2015\/02\/10450264_1055312101149449_3948636245223386201_o-199x300.jpg\" data-large-file=\"http:\/\/www.gdansk.baptysci.pl\/wp-content\/uploads\/2015\/02\/10450264_1055312101149449_3948636245223386201_o-678x1024.jpg\" data-attachment-id=\"1229\" data-permalink=\"http:\/\/www.gdansk.baptysci.pl\/index.php\/2015\/03\/15\/chrzest-wiary\/10450264_1055312101149449_3948636245223386201_o\/\" data-orig-file=\"http:\/\/www.gdansk.baptysci.pl\/wp-content\/uploads\/2015\/02\/10450264_1055312101149449_3948636245223386201_o.jpg\" data-orig-size=\"1356,2048\" data-comments-opened=\"1\" data-image-meta=\"{&quot;aperture&quot;:&quot;0&quot;,&quot;credit&quot;:&quot;&quot;,&quot;camera&quot;:&quot;&quot;,&quot;caption&quot;:&quot;&quot;,&quot;created_timestamp&quot;:&quot;0&quot;,&quot;copyright&quot;:&quot;&quot;,&quot;focal_length&quot;:&quot;0&quot;,&quot;iso&quot;:&quot;0&quot;,&quot;shutter_speed&quot;:&quot;0&quot;,&quot;title&quot;:&quot;&quot;,&quot;orientation&quot;:&quot;0&quot;}\" data-image-title=\"10450264_1055312101149449_3948636245223386201_o\" data-image-description=\"\" data-image-caption=\"&lt;p&gt;fot. Artur Grybek&lt;\/p&gt;\n\" data-medium-file=\"http:\/\/www.gdansk.baptysci.pl\/wp-content\/uploads\/2015\/02\/10450264_1055312101149449_3948636245223386201_o-199x300.jpg\" data-large-file=\"http:\/\/www.gdansk.baptysci.pl\/wp-content\/uploads\/2015\/02\/10450264_1055312101149449_3948636245223386201_o-678x1024.jpg\" decoding=\"async\" data-attachment-id=\"1229\" data-permalink=\"http:\/\/www.gdansk.baptysci.pl\/index.php\/2015\/03\/15\/chrzest-wiary\/10450264_1055312101149449_3948636245223386201_o\/\" data-orig-file=\"http:\/\/www.gdansk.baptysci.pl\/wp-content\/uploads\/2015\/02\/10450264_1055312101149449_3948636245223386201_o.jpg\" data-orig-size=\"1356,2048\" data-comments-opened=\"1\" data-image-meta=\"{&quot;aperture&quot;:&quot;0&quot;,&quot;credit&quot;:&quot;&quot;,&quot;camera&quot;:&quot;&quot;,&quot;caption&quot;:&quot;&quot;,&quot;created_timestamp&quot;:&quot;0&quot;,&quot;copyright&quot;:&quot;&quot;,&quot;focal_length&quot;:&quot;0&quot;,&quot;iso&quot;:&quot;0&quot;,&quot;shutter_speed&quot;:&quot;0&quot;,&quot;title&quot;:&quot;&quot;,&quot;orientation&quot;:&quot;0&quot;}\" data-image-title=\"10450264_1055312101149449_3948636245223386201_o\" data-image-description=\"\" data-image-caption=\"&lt;p&gt;fot. Artur Grybek&lt;\/p&gt;\n\" data-medium-file=\"http:\/\/www.gdansk.baptysci.pl\/wp-content\/uploads\/2015\/02\/10450264_1055312101149449_3948636245223386201_o-199x300.jpg\" data-large-file=\"http:\/\/www.gdansk.baptysci.pl\/wp-content\/uploads\/2015\/02\/10450264_1055312101149449_3948636245223386201_o-678x1024.jpg\" srcset=\"https:\/\/i1.wp.com\/www.gdansk.baptysci.pl\/wp-content\/uploads\/2015\/02\/10450264_1055312101149449_3948636245223386201_o-678x1024.jpg?strip=info&#038;w=600 600w,https:\/\/i1.wp.com\/www.gdansk.baptysci.pl\/wp-content\/uploads\/2015\/02\/10450264_1055312101149449_3948636245223386201_o-678x1024.jpg?strip=info&#038;w=900 900w,https:\/\/i1.wp.com\/www.gdansk.baptysci.pl\/wp-content\/uploads\/2015\/02\/10450264_1055312101149449_3948636245223386201_o-678x1024.jpg?strip=info&#038;w=1200 1200w,https:\/\/i1.wp.com\/www.gdansk.baptysci.pl\/wp-content\/uploads\/2015\/02\/10450264_1055312101149449_3948636245223386201_o-678x1024.jpg?strip=info&#038;w=1356 1356w\" alt=\"\" data-height=\"2048\" data-id=\"1229\" data-link=\"http:\/\/www.gdansk.baptysci.pl\/index.php\/2015\/02\/22\/chrzest-wiary\/10450264_1055312101149449_3948636245223386201_o\/\" data-url=\"http:\/\/www.gdansk.baptysci.pl\/wp-content\/uploads\/2015\/02\/10450264_1055312101149449_3948636245223386201_o-678x1024.jpg\" data-width=\"1356\" src=\"https:\/\/i1.wp.com\/www.gdansk.baptysci.pl\/wp-content\/uploads\/2015\/02\/10450264_1055312101149449_3948636245223386201_o-678x1024.jpg\" data-amp-layout=\"responsive\"\/><\/figure><\/div><div class=\"tiled-gallery__col\" style=\"flex-basis:24.96791%\"><figure class=\"tiled-gallery__item\"><img data-attachment-id=\"1230\" data-permalink=\"http:\/\/www.gdansk.baptysci.pl\/index.php\/2015\/03\/15\/chrzest-wiary\/10481643_1055312191149440_4673311422321300989_o\/\" data-orig-file=\"http:\/\/www.gdansk.baptysci.pl\/wp-content\/uploads\/2015\/02\/10481643_1055312191149440_4673311422321300989_o.jpg\" data-orig-size=\"1356,2048\" data-comments-opened=\"1\" data-image-meta=\"{&quot;aperture&quot;:&quot;0&quot;,&quot;credit&quot;:&quot;&quot;,&quot;camera&quot;:&quot;&quot;,&quot;caption&quot;:&quot;&quot;,&quot;created_timestamp&quot;:&quot;0&quot;,&quot;copyright&quot;:&quot;&quot;,&quot;focal_length&quot;:&quot;0&quot;,&quot;iso&quot;:&quot;0&quot;,&quot;shutter_speed&quot;:&quot;0&quot;,&quot;title&quot;:&quot;&quot;,&quot;orientation&quot;:&quot;0&quot;}\" data-image-title=\"10481643_1055312191149440_4673311422321300989_o\" data-image-description=\"\" data-image-caption=\"&lt;p&gt;fot. Artur Grybek&lt;\/p&gt;\n\" data-medium-file=\"http:\/\/www.gdansk.baptysci.pl\/wp-content\/uploads\/2015\/02\/10481643_1055312191149440_4673311422321300989_o-199x300.jpg\" data-large-file=\"http:\/\/www.gdansk.baptysci.pl\/wp-content\/uploads\/2015\/02\/10481643_1055312191149440_4673311422321300989_o-678x1024.jpg\" data-attachment-id=\"1230\" data-permalink=\"http:\/\/www.gdansk.baptysci.pl\/index.php\/2015\/03\/15\/chrzest-wiary\/10481643_1055312191149440_4673311422321300989_o\/\" data-orig-file=\"http:\/\/www.gdansk.baptysci.pl\/wp-content\/uploads\/2015\/02\/10481643_1055312191149440_4673311422321300989_o.jpg\" data-orig-size=\"1356,2048\" data-comments-opened=\"1\" data-image-meta=\"{&quot;aperture&quot;:&quot;0&quot;,&quot;credit&quot;:&quot;&quot;,&quot;camera&quot;:&quot;&quot;,&quot;caption&quot;:&quot;&quot;,&quot;created_timestamp&quot;:&quot;0&quot;,&quot;copyright&quot;:&quot;&quot;,&quot;focal_length&quot;:&quot;0&quot;,&quot;iso&quot;:&quot;0&quot;,&quot;shutter_speed&quot;:&quot;0&quot;,&quot;title&quot;:&quot;&quot;,&quot;orientation&quot;:&quot;0&quot;}\" data-image-title=\"10481643_1055312191149440_4673311422321300989_o\" data-image-description=\"\" data-image-caption=\"&lt;p&gt;fot. Artur Grybek&lt;\/p&gt;\n\" data-medium-file=\"http:\/\/www.gdansk.baptysci.pl\/wp-content\/uploads\/2015\/02\/10481643_1055312191149440_4673311422321300989_o-199x300.jpg\" data-large-file=\"http:\/\/www.gdansk.baptysci.pl\/wp-content\/uploads\/2015\/02\/10481643_1055312191149440_4673311422321300989_o-678x1024.jpg\" decoding=\"async\" data-attachment-id=\"1230\" data-permalink=\"http:\/\/www.gdansk.baptysci.pl\/index.php\/2015\/03\/15\/chrzest-wiary\/10481643_1055312191149440_4673311422321300989_o\/\" data-orig-file=\"http:\/\/www.gdansk.baptysci.pl\/wp-content\/uploads\/2015\/02\/10481643_1055312191149440_4673311422321300989_o.jpg\" data-orig-size=\"1356,2048\" data-comments-opened=\"1\" data-image-meta=\"{&quot;aperture&quot;:&quot;0&quot;,&quot;credit&quot;:&quot;&quot;,&quot;camera&quot;:&quot;&quot;,&quot;caption&quot;:&quot;&quot;,&quot;created_timestamp&quot;:&quot;0&quot;,&quot;copyright&quot;:&quot;&quot;,&quot;focal_length&quot;:&quot;0&quot;,&quot;iso&quot;:&quot;0&quot;,&quot;shutter_speed&quot;:&quot;0&quot;,&quot;title&quot;:&quot;&quot;,&quot;orientation&quot;:&quot;0&quot;}\" data-image-title=\"10481643_1055312191149440_4673311422321300989_o\" data-image-description=\"\" data-image-caption=\"&lt;p&gt;fot. Artur Grybek&lt;\/p&gt;\n\" data-medium-file=\"http:\/\/www.gdansk.baptysci.pl\/wp-content\/uploads\/2015\/02\/10481643_1055312191149440_4673311422321300989_o-199x300.jpg\" data-large-file=\"http:\/\/www.gdansk.baptysci.pl\/wp-content\/uploads\/2015\/02\/10481643_1055312191149440_4673311422321300989_o-678x1024.jpg\" srcset=\"https:\/\/i0.wp.com\/www.gdansk.baptysci.pl\/wp-content\/uploads\/2015\/02\/10481643_1055312191149440_4673311422321300989_o-678x1024.jpg?strip=info&#038;w=600 600w,https:\/\/i0.wp.com\/www.gdansk.baptysci.pl\/wp-content\/uploads\/2015\/02\/10481643_1055312191149440_4673311422321300989_o-678x1024.jpg?strip=info&#038;w=900 900w,https:\/\/i0.wp.com\/www.gdansk.baptysci.pl\/wp-content\/uploads\/2015\/02\/10481643_1055312191149440_4673311422321300989_o-678x1024.jpg?strip=info&#038;w=1200 1200w,https:\/\/i0.wp.com\/www.gdansk.baptysci.pl\/wp-content\/uploads\/2015\/02\/10481643_1055312191149440_4673311422321300989_o-678x1024.jpg?strip=info&#038;w=1356 1356w\" alt=\"\" data-height=\"2048\" data-id=\"1230\" data-link=\"http:\/\/www.gdansk.baptysci.pl\/index.php\/2015\/02\/22\/chrzest-wiary\/10481643_1055312191149440_4673311422321300989_o\/\" data-url=\"http:\/\/www.gdansk.baptysci.pl\/wp-content\/uploads\/2015\/02\/10481643_1055312191149440_4673311422321300989_o-678x1024.jpg\" data-width=\"1356\" src=\"https:\/\/i0.wp.com\/www.gdansk.baptysci.pl\/wp-content\/uploads\/2015\/02\/10481643_1055312191149440_4673311422321300989_o-678x1024.jpg\" data-amp-layout=\"responsive\"\/><\/figure><\/div><\/div><div class=\"tiled-gallery__row\"><div class=\"tiled-gallery__col\" style=\"flex-basis:69.30458%\"><figure class=\"tiled-gallery__item\"><img data-attachment-id=\"1231\" data-permalink=\"http:\/\/www.gdansk.baptysci.pl\/index.php\/2015\/03\/15\/chrzest-wiary\/10484298_1055309021149757_3846315166129189235_o\/\" data-orig-file=\"http:\/\/www.gdansk.baptysci.pl\/wp-content\/uploads\/2015\/02\/10484298_1055309021149757_3846315166129189235_o.jpg\" data-orig-size=\"2048,1366\" data-comments-opened=\"1\" data-image-meta=\"{&quot;aperture&quot;:&quot;0&quot;,&quot;credit&quot;:&quot;Picasa&quot;,&quot;camera&quot;:&quot;&quot;,&quot;caption&quot;:&quot;&quot;,&quot;created_timestamp&quot;:&quot;0&quot;,&quot;copyright&quot;:&quot;&quot;,&quot;focal_length&quot;:&quot;0&quot;,&quot;iso&quot;:&quot;0&quot;,&quot;shutter_speed&quot;:&quot;0&quot;,&quot;title&quot;:&quot;&quot;,&quot;orientation&quot;:&quot;0&quot;}\" data-image-title=\"10484298_1055309021149757_3846315166129189235_o\" data-image-description=\"\" data-image-caption=\"&lt;p&gt;fot. Artur Grybek&lt;\/p&gt;\n\" data-medium-file=\"http:\/\/www.gdansk.baptysci.pl\/wp-content\/uploads\/2015\/02\/10484298_1055309021149757_3846315166129189235_o-300x200.jpg\" data-large-file=\"http:\/\/www.gdansk.baptysci.pl\/wp-content\/uploads\/2015\/02\/10484298_1055309021149757_3846315166129189235_o-1024x683.jpg\" data-attachment-id=\"1231\" data-permalink=\"http:\/\/www.gdansk.baptysci.pl\/index.php\/2015\/03\/15\/chrzest-wiary\/10484298_1055309021149757_3846315166129189235_o\/\" data-orig-file=\"http:\/\/www.gdansk.baptysci.pl\/wp-content\/uploads\/2015\/02\/10484298_1055309021149757_3846315166129189235_o.jpg\" data-orig-size=\"2048,1366\" data-comments-opened=\"1\" data-image-meta=\"{&quot;aperture&quot;:&quot;0&quot;,&quot;credit&quot;:&quot;Picasa&quot;,&quot;camera&quot;:&quot;&quot;,&quot;caption&quot;:&quot;&quot;,&quot;created_timestamp&quot;:&quot;0&quot;,&quot;copyright&quot;:&quot;&quot;,&quot;focal_length&quot;:&quot;0&quot;,&quot;iso&quot;:&quot;0&quot;,&quot;shutter_speed&quot;:&quot;0&quot;,&quot;title&quot;:&quot;&quot;,&quot;orientation&quot;:&quot;0&quot;}\" data-image-title=\"10484298_1055309021149757_3846315166129189235_o\" data-image-description=\"\" data-image-caption=\"&lt;p&gt;fot. Artur Grybek&lt;\/p&gt;\n\" data-medium-file=\"http:\/\/www.gdansk.baptysci.pl\/wp-content\/uploads\/2015\/02\/10484298_1055309021149757_3846315166129189235_o-300x200.jpg\" data-large-file=\"http:\/\/www.gdansk.baptysci.pl\/wp-content\/uploads\/2015\/02\/10484298_1055309021149757_3846315166129189235_o-1024x683.jpg\" decoding=\"async\" data-attachment-id=\"1231\" data-permalink=\"http:\/\/www.gdansk.baptysci.pl\/index.php\/2015\/03\/15\/chrzest-wiary\/10484298_1055309021149757_3846315166129189235_o\/\" data-orig-file=\"http:\/\/www.gdansk.baptysci.pl\/wp-content\/uploads\/2015\/02\/10484298_1055309021149757_3846315166129189235_o.jpg\" data-orig-size=\"2048,1366\" data-comments-opened=\"1\" data-image-meta=\"{&quot;aperture&quot;:&quot;0&quot;,&quot;credit&quot;:&quot;Picasa&quot;,&quot;camera&quot;:&quot;&quot;,&quot;caption&quot;:&quot;&quot;,&quot;created_timestamp&quot;:&quot;0&quot;,&quot;copyright&quot;:&quot;&quot;,&quot;focal_length&quot;:&quot;0&quot;,&quot;iso&quot;:&quot;0&quot;,&quot;shutter_speed&quot;:&quot;0&quot;,&quot;title&quot;:&quot;&quot;,&quot;orientation&quot;:&quot;0&quot;}\" data-image-title=\"10484298_1055309021149757_3846315166129189235_o\" data-image-description=\"\" data-image-caption=\"&lt;p&gt;fot. Artur Grybek&lt;\/p&gt;\n\" data-medium-file=\"http:\/\/www.gdansk.baptysci.pl\/wp-content\/uploads\/2015\/02\/10484298_1055309021149757_3846315166129189235_o-300x200.jpg\" data-large-file=\"http:\/\/www.gdansk.baptysci.pl\/wp-content\/uploads\/2015\/02\/10484298_1055309021149757_3846315166129189235_o-1024x683.jpg\" srcset=\"https:\/\/i0.wp.com\/www.gdansk.baptysci.pl\/wp-content\/uploads\/2015\/02\/10484298_1055309021149757_3846315166129189235_o-1024x683.jpg?strip=info&#038;w=600 600w,https:\/\/i0.wp.com\/www.gdansk.baptysci.pl\/wp-content\/uploads\/2015\/02\/10484298_1055309021149757_3846315166129189235_o-1024x683.jpg?strip=info&#038;w=900 900w,https:\/\/i0.wp.com\/www.gdansk.baptysci.pl\/wp-content\/uploads\/2015\/02\/10484298_1055309021149757_3846315166129189235_o-1024x683.jpg?strip=info&#038;w=1200 1200w,https:\/\/i0.wp.com\/www.gdansk.baptysci.pl\/wp-content\/uploads\/2015\/02\/10484298_1055309021149757_3846315166129189235_o-1024x683.jpg?strip=info&#038;w=1500 1500w,https:\/\/i0.wp.com\/www.gdansk.baptysci.pl\/wp-content\/uploads\/2015\/02\/10484298_1055309021149757_3846315166129189235_o-1024x683.jpg?strip=info&#038;w=1800 1800w,https:\/\/i0.wp.com\/www.gdansk.baptysci.pl\/wp-content\/uploads\/2015\/02\/10484298_1055309021149757_3846315166129189235_o-1024x683.jpg?strip=info&#038;w=2000 2000w\" alt=\"\" data-height=\"1366\" data-id=\"1231\" data-link=\"http:\/\/www.gdansk.baptysci.pl\/index.php\/2015\/02\/22\/chrzest-wiary\/10484298_1055309021149757_3846315166129189235_o\/\" data-url=\"http:\/\/www.gdansk.baptysci.pl\/wp-content\/uploads\/2015\/02\/10484298_1055309021149757_3846315166129189235_o-1024x683.jpg\" data-width=\"2048\" src=\"https:\/\/i0.wp.com\/www.gdansk.baptysci.pl\/wp-content\/uploads\/2015\/02\/10484298_1055309021149757_3846315166129189235_o-1024x683.jpg\" data-amp-layout=\"responsive\"\/><\/figure><\/div><div class=\"tiled-gallery__col\" style=\"flex-basis:30.69542%\"><figure class=\"tiled-gallery__item\"><img data-attachment-id=\"1232\" data-permalink=\"http:\/\/www.gdansk.baptysci.pl\/index.php\/2015\/03\/15\/chrzest-wiary\/10505260_1055309887816337_1089723467484731553_o\/\" data-orig-file=\"http:\/\/www.gdansk.baptysci.pl\/wp-content\/uploads\/2015\/02\/10505260_1055309887816337_1089723467484731553_o.jpg\" data-orig-size=\"1356,2048\" data-comments-opened=\"1\" data-image-meta=\"{&quot;aperture&quot;:&quot;0&quot;,&quot;credit&quot;:&quot;&quot;,&quot;camera&quot;:&quot;&quot;,&quot;caption&quot;:&quot;&quot;,&quot;created_timestamp&quot;:&quot;0&quot;,&quot;copyright&quot;:&quot;&quot;,&quot;focal_length&quot;:&quot;0&quot;,&quot;iso&quot;:&quot;0&quot;,&quot;shutter_speed&quot;:&quot;0&quot;,&quot;title&quot;:&quot;&quot;,&quot;orientation&quot;:&quot;0&quot;}\" data-image-title=\"10505260_1055309887816337_1089723467484731553_o\" data-image-description=\"\" data-image-caption=\"&lt;p&gt;fot. Artur Grybek&lt;\/p&gt;\n\" data-medium-file=\"http:\/\/www.gdansk.baptysci.pl\/wp-content\/uploads\/2015\/02\/10505260_1055309887816337_1089723467484731553_o-199x300.jpg\" data-large-file=\"http:\/\/www.gdansk.baptysci.pl\/wp-content\/uploads\/2015\/02\/10505260_1055309887816337_1089723467484731553_o-678x1024.jpg\" data-attachment-id=\"1232\" data-permalink=\"http:\/\/www.gdansk.baptysci.pl\/index.php\/2015\/03\/15\/chrzest-wiary\/10505260_1055309887816337_1089723467484731553_o\/\" data-orig-file=\"http:\/\/www.gdansk.baptysci.pl\/wp-content\/uploads\/2015\/02\/10505260_1055309887816337_1089723467484731553_o.jpg\" data-orig-size=\"1356,2048\" data-comments-opened=\"1\" data-image-meta=\"{&quot;aperture&quot;:&quot;0&quot;,&quot;credit&quot;:&quot;&quot;,&quot;camera&quot;:&quot;&quot;,&quot;caption&quot;:&quot;&quot;,&quot;created_timestamp&quot;:&quot;0&quot;,&quot;copyright&quot;:&quot;&quot;,&quot;focal_length&quot;:&quot;0&quot;,&quot;iso&quot;:&quot;0&quot;,&quot;shutter_speed&quot;:&quot;0&quot;,&quot;title&quot;:&quot;&quot;,&quot;orientation&quot;:&quot;0&quot;}\" data-image-title=\"10505260_1055309887816337_1089723467484731553_o\" data-image-description=\"\" data-image-caption=\"&lt;p&gt;fot. Artur Grybek&lt;\/p&gt;\n\" data-medium-file=\"http:\/\/www.gdansk.baptysci.pl\/wp-content\/uploads\/2015\/02\/10505260_1055309887816337_1089723467484731553_o-199x300.jpg\" data-large-file=\"http:\/\/www.gdansk.baptysci.pl\/wp-content\/uploads\/2015\/02\/10505260_1055309887816337_1089723467484731553_o-678x1024.jpg\" decoding=\"async\" data-attachment-id=\"1232\" data-permalink=\"http:\/\/www.gdansk.baptysci.pl\/index.php\/2015\/03\/15\/chrzest-wiary\/10505260_1055309887816337_1089723467484731553_o\/\" data-orig-file=\"http:\/\/www.gdansk.baptysci.pl\/wp-content\/uploads\/2015\/02\/10505260_1055309887816337_1089723467484731553_o.jpg\" data-orig-size=\"1356,2048\" data-comments-opened=\"1\" data-image-meta=\"{&quot;aperture&quot;:&quot;0&quot;,&quot;credit&quot;:&quot;&quot;,&quot;camera&quot;:&quot;&quot;,&quot;caption&quot;:&quot;&quot;,&quot;created_timestamp&quot;:&quot;0&quot;,&quot;copyright&quot;:&quot;&quot;,&quot;focal_length&quot;:&quot;0&quot;,&quot;iso&quot;:&quot;0&quot;,&quot;shutter_speed&quot;:&quot;0&quot;,&quot;title&quot;:&quot;&quot;,&quot;orientation&quot;:&quot;0&quot;}\" data-image-title=\"10505260_1055309887816337_1089723467484731553_o\" data-image-description=\"\" data-image-caption=\"&lt;p&gt;fot. Artur Grybek&lt;\/p&gt;\n\" data-medium-file=\"http:\/\/www.gdansk.baptysci.pl\/wp-content\/uploads\/2015\/02\/10505260_1055309887816337_1089723467484731553_o-199x300.jpg\" data-large-file=\"http:\/\/www.gdansk.baptysci.pl\/wp-content\/uploads\/2015\/02\/10505260_1055309887816337_1089723467484731553_o-678x1024.jpg\" srcset=\"https:\/\/i2.wp.com\/www.gdansk.baptysci.pl\/wp-content\/uploads\/2015\/02\/10505260_1055309887816337_1089723467484731553_o-678x1024.jpg?strip=info&#038;w=600 600w,https:\/\/i2.wp.com\/www.gdansk.baptysci.pl\/wp-content\/uploads\/2015\/02\/10505260_1055309887816337_1089723467484731553_o-678x1024.jpg?strip=info&#038;w=900 900w,https:\/\/i2.wp.com\/www.gdansk.baptysci.pl\/wp-content\/uploads\/2015\/02\/10505260_1055309887816337_1089723467484731553_o-678x1024.jpg?strip=info&#038;w=1200 1200w,https:\/\/i2.wp.com\/www.gdansk.baptysci.pl\/wp-content\/uploads\/2015\/02\/10505260_1055309887816337_1089723467484731553_o-678x1024.jpg?strip=info&#038;w=1356 1356w\" alt=\"\" data-height=\"2048\" data-id=\"1232\" data-link=\"http:\/\/www.gdansk.baptysci.pl\/index.php\/2015\/02\/22\/chrzest-wiary\/10505260_1055309887816337_1089723467484731553_o\/\" data-url=\"http:\/\/www.gdansk.baptysci.pl\/wp-content\/uploads\/2015\/02\/10505260_1055309887816337_1089723467484731553_o-678x1024.jpg\" data-width=\"1356\" src=\"https:\/\/i2.wp.com\/www.gdansk.baptysci.pl\/wp-content\/uploads\/2015\/02\/10505260_1055309887816337_1089723467484731553_o-678x1024.jpg\" data-amp-layout=\"responsive\"\/><\/figure><\/div><\/div><div class=\"tiled-gallery__row\"><div class=\"tiled-gallery__col\" style=\"flex-basis:69.33518%\"><figure class=\"tiled-gallery__item\"><img data-attachment-id=\"1234\" data-permalink=\"http:\/\/www.gdansk.baptysci.pl\/index.php\/2015\/03\/15\/chrzest-wiary\/10507130_1055307951149864_1869013297825296397_o\/\" data-orig-file=\"http:\/\/www.gdansk.baptysci.pl\/wp-content\/uploads\/2015\/02\/10507130_1055307951149864_1869013297825296397_o.jpg\" data-orig-size=\"2048,1356\" data-comments-opened=\"1\" data-image-meta=\"{&quot;aperture&quot;:&quot;0&quot;,&quot;credit&quot;:&quot;&quot;,&quot;camera&quot;:&quot;&quot;,&quot;caption&quot;:&quot;&quot;,&quot;created_timestamp&quot;:&quot;0&quot;,&quot;copyright&quot;:&quot;&quot;,&quot;focal_length&quot;:&quot;0&quot;,&quot;iso&quot;:&quot;0&quot;,&quot;shutter_speed&quot;:&quot;0&quot;,&quot;title&quot;:&quot;&quot;,&quot;orientation&quot;:&quot;0&quot;}\" data-image-title=\"10507130_1055307951149864_1869013297825296397_o\" data-image-description=\"\" data-image-caption=\"&lt;p&gt;fot. Artur Grybek&lt;\/p&gt;\n\" data-medium-file=\"http:\/\/www.gdansk.baptysci.pl\/wp-content\/uploads\/2015\/02\/10507130_1055307951149864_1869013297825296397_o-300x199.jpg\" data-large-file=\"http:\/\/www.gdansk.baptysci.pl\/wp-content\/uploads\/2015\/02\/10507130_1055307951149864_1869013297825296397_o-1024x678.jpg\" data-attachment-id=\"1234\" data-permalink=\"http:\/\/www.gdansk.baptysci.pl\/index.php\/2015\/03\/15\/chrzest-wiary\/10507130_1055307951149864_1869013297825296397_o\/\" data-orig-file=\"http:\/\/www.gdansk.baptysci.pl\/wp-content\/uploads\/2015\/02\/10507130_1055307951149864_1869013297825296397_o.jpg\" data-orig-size=\"2048,1356\" data-comments-opened=\"1\" data-image-meta=\"{&quot;aperture&quot;:&quot;0&quot;,&quot;credit&quot;:&quot;&quot;,&quot;camera&quot;:&quot;&quot;,&quot;caption&quot;:&quot;&quot;,&quot;created_timestamp&quot;:&quot;0&quot;,&quot;copyright&quot;:&quot;&quot;,&quot;focal_length&quot;:&quot;0&quot;,&quot;iso&quot;:&quot;0&quot;,&quot;shutter_speed&quot;:&quot;0&quot;,&quot;title&quot;:&quot;&quot;,&quot;orientation&quot;:&quot;0&quot;}\" data-image-title=\"10507130_1055307951149864_1869013297825296397_o\" data-image-description=\"\" data-image-caption=\"&lt;p&gt;fot. Artur Grybek&lt;\/p&gt;\n\" data-medium-file=\"http:\/\/www.gdansk.baptysci.pl\/wp-content\/uploads\/2015\/02\/10507130_1055307951149864_1869013297825296397_o-300x199.jpg\" data-large-file=\"http:\/\/www.gdansk.baptysci.pl\/wp-content\/uploads\/2015\/02\/10507130_1055307951149864_1869013297825296397_o-1024x678.jpg\" decoding=\"async\" data-attachment-id=\"1234\" data-permalink=\"http:\/\/www.gdansk.baptysci.pl\/index.php\/2015\/03\/15\/chrzest-wiary\/10507130_1055307951149864_1869013297825296397_o\/\" data-orig-file=\"http:\/\/www.gdansk.baptysci.pl\/wp-content\/uploads\/2015\/02\/10507130_1055307951149864_1869013297825296397_o.jpg\" data-orig-size=\"2048,1356\" data-comments-opened=\"1\" data-image-meta=\"{&quot;aperture&quot;:&quot;0&quot;,&quot;credit&quot;:&quot;&quot;,&quot;camera&quot;:&quot;&quot;,&quot;caption&quot;:&quot;&quot;,&quot;created_timestamp&quot;:&quot;0&quot;,&quot;copyright&quot;:&quot;&quot;,&quot;focal_length&quot;:&quot;0&quot;,&quot;iso&quot;:&quot;0&quot;,&quot;shutter_speed&quot;:&quot;0&quot;,&quot;title&quot;:&quot;&quot;,&quot;orientation&quot;:&quot;0&quot;}\" data-image-title=\"10507130_1055307951149864_1869013297825296397_o\" data-image-description=\"\" data-image-caption=\"&lt;p&gt;fot. Artur Grybek&lt;\/p&gt;\n\" data-medium-file=\"http:\/\/www.gdansk.baptysci.pl\/wp-content\/uploads\/2015\/02\/10507130_1055307951149864_1869013297825296397_o-300x199.jpg\" data-large-file=\"http:\/\/www.gdansk.baptysci.pl\/wp-content\/uploads\/2015\/02\/10507130_1055307951149864_1869013297825296397_o-1024x678.jpg\" srcset=\"https:\/\/i0.wp.com\/www.gdansk.baptysci.pl\/wp-content\/uploads\/2015\/02\/10507130_1055307951149864_1869013297825296397_o-1024x678.jpg?strip=info&#038;w=600 600w,https:\/\/i0.wp.com\/www.gdansk.baptysci.pl\/wp-content\/uploads\/2015\/02\/10507130_1055307951149864_1869013297825296397_o-1024x678.jpg?strip=info&#038;w=900 900w,https:\/\/i0.wp.com\/www.gdansk.baptysci.pl\/wp-content\/uploads\/2015\/02\/10507130_1055307951149864_1869013297825296397_o-1024x678.jpg?strip=info&#038;w=1200 1200w,https:\/\/i0.wp.com\/www.gdansk.baptysci.pl\/wp-content\/uploads\/2015\/02\/10507130_1055307951149864_1869013297825296397_o-1024x678.jpg?strip=info&#038;w=1500 1500w,https:\/\/i0.wp.com\/www.gdansk.baptysci.pl\/wp-content\/uploads\/2015\/02\/10507130_1055307951149864_1869013297825296397_o-1024x678.jpg?strip=info&#038;w=1800 1800w,https:\/\/i0.wp.com\/www.gdansk.baptysci.pl\/wp-content\/uploads\/2015\/02\/10507130_1055307951149864_1869013297825296397_o-1024x678.jpg?strip=info&#038;w=2000 2000w\" alt=\"\" data-height=\"1356\" data-id=\"1234\" data-link=\"http:\/\/www.gdansk.baptysci.pl\/index.php\/2015\/02\/22\/chrzest-wiary\/10507130_1055307951149864_1869013297825296397_o\/\" data-url=\"http:\/\/www.gdansk.baptysci.pl\/wp-content\/uploads\/2015\/02\/10507130_1055307951149864_1869013297825296397_o-1024x678.jpg\" data-width=\"2048\" src=\"https:\/\/i0.wp.com\/www.gdansk.baptysci.pl\/wp-content\/uploads\/2015\/02\/10507130_1055307951149864_1869013297825296397_o-1024x678.jpg\" data-amp-layout=\"responsive\"\/><\/figure><\/div><div class=\"tiled-gallery__col\" style=\"flex-basis:30.66482%\"><figure class=\"tiled-gallery__item\"><img data-attachment-id=\"1235\" data-permalink=\"http:\/\/www.gdansk.baptysci.pl\/index.php\/2015\/03\/15\/chrzest-wiary\/10517252_1055317494482243_4408615420268051332_o\/\" data-orig-file=\"http:\/\/www.gdansk.baptysci.pl\/wp-content\/uploads\/2015\/02\/10517252_1055317494482243_4408615420268051332_o.jpg\" data-orig-size=\"1364,2048\" data-comments-opened=\"1\" data-image-meta=\"{&quot;aperture&quot;:&quot;0&quot;,&quot;credit&quot;:&quot;Picasa&quot;,&quot;camera&quot;:&quot;&quot;,&quot;caption&quot;:&quot;&quot;,&quot;created_timestamp&quot;:&quot;0&quot;,&quot;copyright&quot;:&quot;&quot;,&quot;focal_length&quot;:&quot;0&quot;,&quot;iso&quot;:&quot;0&quot;,&quot;shutter_speed&quot;:&quot;0&quot;,&quot;title&quot;:&quot;&quot;,&quot;orientation&quot;:&quot;0&quot;}\" data-image-title=\"10517252_1055317494482243_4408615420268051332_o\" data-image-description=\"\" data-image-caption=\"&lt;p&gt;fot. Artur Grybek &lt;\/p&gt;\n\" data-medium-file=\"http:\/\/www.gdansk.baptysci.pl\/wp-content\/uploads\/2015\/02\/10517252_1055317494482243_4408615420268051332_o-200x300.jpg\" data-large-file=\"http:\/\/www.gdansk.baptysci.pl\/wp-content\/uploads\/2015\/02\/10517252_1055317494482243_4408615420268051332_o-682x1024.jpg\" data-attachment-id=\"1235\" data-permalink=\"http:\/\/www.gdansk.baptysci.pl\/index.php\/2015\/03\/15\/chrzest-wiary\/10517252_1055317494482243_4408615420268051332_o\/\" data-orig-file=\"http:\/\/www.gdansk.baptysci.pl\/wp-content\/uploads\/2015\/02\/10517252_1055317494482243_4408615420268051332_o.jpg\" data-orig-size=\"1364,2048\" data-comments-opened=\"1\" data-image-meta=\"{&quot;aperture&quot;:&quot;0&quot;,&quot;credit&quot;:&quot;Picasa&quot;,&quot;camera&quot;:&quot;&quot;,&quot;caption&quot;:&quot;&quot;,&quot;created_timestamp&quot;:&quot;0&quot;,&quot;copyright&quot;:&quot;&quot;,&quot;focal_length&quot;:&quot;0&quot;,&quot;iso&quot;:&quot;0&quot;,&quot;shutter_speed&quot;:&quot;0&quot;,&quot;title&quot;:&quot;&quot;,&quot;orientation&quot;:&quot;0&quot;}\" data-image-title=\"10517252_1055317494482243_4408615420268051332_o\" data-image-description=\"\" data-image-caption=\"&lt;p&gt;fot. Artur Grybek &lt;\/p&gt;\n\" data-medium-file=\"http:\/\/www.gdansk.baptysci.pl\/wp-content\/uploads\/2015\/02\/10517252_1055317494482243_4408615420268051332_o-200x300.jpg\" data-large-file=\"http:\/\/www.gdansk.baptysci.pl\/wp-content\/uploads\/2015\/02\/10517252_1055317494482243_4408615420268051332_o-682x1024.jpg\" decoding=\"async\" data-attachment-id=\"1235\" data-permalink=\"http:\/\/www.gdansk.baptysci.pl\/index.php\/2015\/03\/15\/chrzest-wiary\/10517252_1055317494482243_4408615420268051332_o\/\" data-orig-file=\"http:\/\/www.gdansk.baptysci.pl\/wp-content\/uploads\/2015\/02\/10517252_1055317494482243_4408615420268051332_o.jpg\" data-orig-size=\"1364,2048\" data-comments-opened=\"1\" data-image-meta=\"{&quot;aperture&quot;:&quot;0&quot;,&quot;credit&quot;:&quot;Picasa&quot;,&quot;camera&quot;:&quot;&quot;,&quot;caption&quot;:&quot;&quot;,&quot;created_timestamp&quot;:&quot;0&quot;,&quot;copyright&quot;:&quot;&quot;,&quot;focal_length&quot;:&quot;0&quot;,&quot;iso&quot;:&quot;0&quot;,&quot;shutter_speed&quot;:&quot;0&quot;,&quot;title&quot;:&quot;&quot;,&quot;orientation&quot;:&quot;0&quot;}\" data-image-title=\"10517252_1055317494482243_4408615420268051332_o\" data-image-description=\"\" data-image-caption=\"&lt;p&gt;fot. Artur Grybek &lt;\/p&gt;\n\" data-medium-file=\"http:\/\/www.gdansk.baptysci.pl\/wp-content\/uploads\/2015\/02\/10517252_1055317494482243_4408615420268051332_o-200x300.jpg\" data-large-file=\"http:\/\/www.gdansk.baptysci.pl\/wp-content\/uploads\/2015\/02\/10517252_1055317494482243_4408615420268051332_o-682x1024.jpg\" srcset=\"https:\/\/i2.wp.com\/www.gdansk.baptysci.pl\/wp-content\/uploads\/2015\/02\/10517252_1055317494482243_4408615420268051332_o-682x1024.jpg?strip=info&#038;w=600 600w,https:\/\/i2.wp.com\/www.gdansk.baptysci.pl\/wp-content\/uploads\/2015\/02\/10517252_1055317494482243_4408615420268051332_o-682x1024.jpg?strip=info&#038;w=900 900w,https:\/\/i2.wp.com\/www.gdansk.baptysci.pl\/wp-content\/uploads\/2015\/02\/10517252_1055317494482243_4408615420268051332_o-682x1024.jpg?strip=info&#038;w=1200 1200w,https:\/\/i2.wp.com\/www.gdansk.baptysci.pl\/wp-content\/uploads\/2015\/02\/10517252_1055317494482243_4408615420268051332_o-682x1024.jpg?strip=info&#038;w=1364 1364w\" alt=\"\" data-height=\"2048\" data-id=\"1235\" data-link=\"http:\/\/www.gdansk.baptysci.pl\/index.php\/2015\/02\/22\/chrzest-wiary\/10517252_1055317494482243_4408615420268051332_o\/\" data-url=\"http:\/\/www.gdansk.baptysci.pl\/wp-content\/uploads\/2015\/02\/10517252_1055317494482243_4408615420268051332_o-682x1024.jpg\" data-width=\"1364\" src=\"https:\/\/i2.wp.com\/www.gdansk.baptysci.pl\/wp-content\/uploads\/2015\/02\/10517252_1055317494482243_4408615420268051332_o-682x1024.jpg\" data-amp-layout=\"responsive\"\/><\/figure><\/div><\/div><div class=\"tiled-gallery__row\"><div class=\"tiled-gallery__col\" style=\"flex-basis:24.90396%\"><figure class=\"tiled-gallery__item\"><img data-attachment-id=\"1236\" data-permalink=\"http:\/\/www.gdansk.baptysci.pl\/index.php\/2015\/03\/15\/chrzest-wiary\/10523328_1055309471149712_2702673792072673756_o\/\" data-orig-file=\"http:\/\/www.gdansk.baptysci.pl\/wp-content\/uploads\/2015\/02\/10523328_1055309471149712_2702673792072673756_o.jpg\" data-orig-size=\"1356,2048\" data-comments-opened=\"1\" data-image-meta=\"{&quot;aperture&quot;:&quot;0&quot;,&quot;credit&quot;:&quot;&quot;,&quot;camera&quot;:&quot;&quot;,&quot;caption&quot;:&quot;&quot;,&quot;created_timestamp&quot;:&quot;0&quot;,&quot;copyright&quot;:&quot;&quot;,&quot;focal_length&quot;:&quot;0&quot;,&quot;iso&quot;:&quot;0&quot;,&quot;shutter_speed&quot;:&quot;0&quot;,&quot;title&quot;:&quot;&quot;,&quot;orientation&quot;:&quot;0&quot;}\" data-image-title=\"10523328_1055309471149712_2702673792072673756_o\" data-image-description=\"\" data-image-caption=\"&lt;p&gt;fot. Artur Grybek&lt;\/p&gt;\n\" data-medium-file=\"http:\/\/www.gdansk.baptysci.pl\/wp-content\/uploads\/2015\/02\/10523328_1055309471149712_2702673792072673756_o-199x300.jpg\" data-large-file=\"http:\/\/www.gdansk.baptysci.pl\/wp-content\/uploads\/2015\/02\/10523328_1055309471149712_2702673792072673756_o-678x1024.jpg\" data-attachment-id=\"1236\" data-permalink=\"http:\/\/www.gdansk.baptysci.pl\/index.php\/2015\/03\/15\/chrzest-wiary\/10523328_1055309471149712_2702673792072673756_o\/\" data-orig-file=\"http:\/\/www.gdansk.baptysci.pl\/wp-content\/uploads\/2015\/02\/10523328_1055309471149712_2702673792072673756_o.jpg\" data-orig-size=\"1356,2048\" data-comments-opened=\"1\" data-image-meta=\"{&quot;aperture&quot;:&quot;0&quot;,&quot;credit&quot;:&quot;&quot;,&quot;camera&quot;:&quot;&quot;,&quot;caption&quot;:&quot;&quot;,&quot;created_timestamp&quot;:&quot;0&quot;,&quot;copyright&quot;:&quot;&quot;,&quot;focal_length&quot;:&quot;0&quot;,&quot;iso&quot;:&quot;0&quot;,&quot;shutter_speed&quot;:&quot;0&quot;,&quot;title&quot;:&quot;&quot;,&quot;orientation&quot;:&quot;0&quot;}\" data-image-title=\"10523328_1055309471149712_2702673792072673756_o\" data-image-description=\"\" data-image-caption=\"&lt;p&gt;fot. Artur Grybek&lt;\/p&gt;\n\" data-medium-file=\"http:\/\/www.gdansk.baptysci.pl\/wp-content\/uploads\/2015\/02\/10523328_1055309471149712_2702673792072673756_o-199x300.jpg\" data-large-file=\"http:\/\/www.gdansk.baptysci.pl\/wp-content\/uploads\/2015\/02\/10523328_1055309471149712_2702673792072673756_o-678x1024.jpg\" decoding=\"async\" data-attachment-id=\"1236\" data-permalink=\"http:\/\/www.gdansk.baptysci.pl\/index.php\/2015\/03\/15\/chrzest-wiary\/10523328_1055309471149712_2702673792072673756_o\/\" data-orig-file=\"http:\/\/www.gdansk.baptysci.pl\/wp-content\/uploads\/2015\/02\/10523328_1055309471149712_2702673792072673756_o.jpg\" data-orig-size=\"1356,2048\" data-comments-opened=\"1\" data-image-meta=\"{&quot;aperture&quot;:&quot;0&quot;,&quot;credit&quot;:&quot;&quot;,&quot;camera&quot;:&quot;&quot;,&quot;caption&quot;:&quot;&quot;,&quot;created_timestamp&quot;:&quot;0&quot;,&quot;copyright&quot;:&quot;&quot;,&quot;focal_length&quot;:&quot;0&quot;,&quot;iso&quot;:&quot;0&quot;,&quot;shutter_speed&quot;:&quot;0&quot;,&quot;title&quot;:&quot;&quot;,&quot;orientation&quot;:&quot;0&quot;}\" data-image-title=\"10523328_1055309471149712_2702673792072673756_o\" data-image-description=\"\" data-image-caption=\"&lt;p&gt;fot. Artur Grybek&lt;\/p&gt;\n\" data-medium-file=\"http:\/\/www.gdansk.baptysci.pl\/wp-content\/uploads\/2015\/02\/10523328_1055309471149712_2702673792072673756_o-199x300.jpg\" data-large-file=\"http:\/\/www.gdansk.baptysci.pl\/wp-content\/uploads\/2015\/02\/10523328_1055309471149712_2702673792072673756_o-678x1024.jpg\" srcset=\"https:\/\/i0.wp.com\/www.gdansk.baptysci.pl\/wp-content\/uploads\/2015\/02\/10523328_1055309471149712_2702673792072673756_o-678x1024.jpg?strip=info&#038;w=600 600w,https:\/\/i0.wp.com\/www.gdansk.baptysci.pl\/wp-content\/uploads\/2015\/02\/10523328_1055309471149712_2702673792072673756_o-678x1024.jpg?strip=info&#038;w=900 900w,https:\/\/i0.wp.com\/www.gdansk.baptysci.pl\/wp-content\/uploads\/2015\/02\/10523328_1055309471149712_2702673792072673756_o-678x1024.jpg?strip=info&#038;w=1200 1200w,https:\/\/i0.wp.com\/www.gdansk.baptysci.pl\/wp-content\/uploads\/2015\/02\/10523328_1055309471149712_2702673792072673756_o-678x1024.jpg?strip=info&#038;w=1356 1356w\" alt=\"\" data-height=\"2048\" data-id=\"1236\" data-link=\"http:\/\/www.gdansk.baptysci.pl\/index.php\/2015\/02\/22\/chrzest-wiary\/10523328_1055309471149712_2702673792072673756_o\/\" data-url=\"http:\/\/www.gdansk.baptysci.pl\/wp-content\/uploads\/2015\/02\/10523328_1055309471149712_2702673792072673756_o-678x1024.jpg\" data-width=\"1356\" src=\"https:\/\/i0.wp.com\/www.gdansk.baptysci.pl\/wp-content\/uploads\/2015\/02\/10523328_1055309471149712_2702673792072673756_o-678x1024.jpg\" data-amp-layout=\"responsive\"\/><\/figure><\/div><div class=\"tiled-gallery__col\" style=\"flex-basis:25.12348%\"><figure class=\"tiled-gallery__item\"><img data-attachment-id=\"1237\" data-permalink=\"http:\/\/www.gdansk.baptysci.pl\/index.php\/2015\/03\/15\/chrzest-wiary\/10533279_1055312241149435_8112518473593916433_o\/\" data-orig-file=\"http:\/\/www.gdansk.baptysci.pl\/wp-content\/uploads\/2015\/02\/10533279_1055312241149435_8112518473593916433_o.jpg\" data-orig-size=\"1368,2048\" data-comments-opened=\"1\" data-image-meta=\"{&quot;aperture&quot;:&quot;0&quot;,&quot;credit&quot;:&quot;Picasa&quot;,&quot;camera&quot;:&quot;&quot;,&quot;caption&quot;:&quot;&quot;,&quot;created_timestamp&quot;:&quot;0&quot;,&quot;copyright&quot;:&quot;&quot;,&quot;focal_length&quot;:&quot;0&quot;,&quot;iso&quot;:&quot;0&quot;,&quot;shutter_speed&quot;:&quot;0&quot;,&quot;title&quot;:&quot;&quot;,&quot;orientation&quot;:&quot;0&quot;}\" data-image-title=\"10533279_1055312241149435_8112518473593916433_o\" data-image-description=\"\" data-image-caption=\"&lt;p&gt;fot. Artur Grybek&lt;\/p&gt;\n\" data-medium-file=\"http:\/\/www.gdansk.baptysci.pl\/wp-content\/uploads\/2015\/02\/10533279_1055312241149435_8112518473593916433_o-200x300.jpg\" data-large-file=\"http:\/\/www.gdansk.baptysci.pl\/wp-content\/uploads\/2015\/02\/10533279_1055312241149435_8112518473593916433_o-684x1024.jpg\" data-attachment-id=\"1237\" data-permalink=\"http:\/\/www.gdansk.baptysci.pl\/index.php\/2015\/03\/15\/chrzest-wiary\/10533279_1055312241149435_8112518473593916433_o\/\" data-orig-file=\"http:\/\/www.gdansk.baptysci.pl\/wp-content\/uploads\/2015\/02\/10533279_1055312241149435_8112518473593916433_o.jpg\" data-orig-size=\"1368,2048\" data-comments-opened=\"1\" data-image-meta=\"{&quot;aperture&quot;:&quot;0&quot;,&quot;credit&quot;:&quot;Picasa&quot;,&quot;camera&quot;:&quot;&quot;,&quot;caption&quot;:&quot;&quot;,&quot;created_timestamp&quot;:&quot;0&quot;,&quot;copyright&quot;:&quot;&quot;,&quot;focal_length&quot;:&quot;0&quot;,&quot;iso&quot;:&quot;0&quot;,&quot;shutter_speed&quot;:&quot;0&quot;,&quot;title&quot;:&quot;&quot;,&quot;orientation&quot;:&quot;0&quot;}\" data-image-title=\"10533279_1055312241149435_8112518473593916433_o\" data-image-description=\"\" data-image-caption=\"&lt;p&gt;fot. Artur Grybek&lt;\/p&gt;\n\" data-medium-file=\"http:\/\/www.gdansk.baptysci.pl\/wp-content\/uploads\/2015\/02\/10533279_1055312241149435_8112518473593916433_o-200x300.jpg\" data-large-file=\"http:\/\/www.gdansk.baptysci.pl\/wp-content\/uploads\/2015\/02\/10533279_1055312241149435_8112518473593916433_o-684x1024.jpg\" decoding=\"async\" data-attachment-id=\"1237\" data-permalink=\"http:\/\/www.gdansk.baptysci.pl\/index.php\/2015\/03\/15\/chrzest-wiary\/10533279_1055312241149435_8112518473593916433_o\/\" data-orig-file=\"http:\/\/www.gdansk.baptysci.pl\/wp-content\/uploads\/2015\/02\/10533279_1055312241149435_8112518473593916433_o.jpg\" data-orig-size=\"1368,2048\" data-comments-opened=\"1\" data-image-meta=\"{&quot;aperture&quot;:&quot;0&quot;,&quot;credit&quot;:&quot;Picasa&quot;,&quot;camera&quot;:&quot;&quot;,&quot;caption&quot;:&quot;&quot;,&quot;created_timestamp&quot;:&quot;0&quot;,&quot;copyright&quot;:&quot;&quot;,&quot;focal_length&quot;:&quot;0&quot;,&quot;iso&quot;:&quot;0&quot;,&quot;shutter_speed&quot;:&quot;0&quot;,&quot;title&quot;:&quot;&quot;,&quot;orientation&quot;:&quot;0&quot;}\" data-image-title=\"10533279_1055312241149435_8112518473593916433_o\" data-image-description=\"\" data-image-caption=\"&lt;p&gt;fot. Artur Grybek&lt;\/p&gt;\n\" data-medium-file=\"http:\/\/www.gdansk.baptysci.pl\/wp-content\/uploads\/2015\/02\/10533279_1055312241149435_8112518473593916433_o-200x300.jpg\" data-large-file=\"http:\/\/www.gdansk.baptysci.pl\/wp-content\/uploads\/2015\/02\/10533279_1055312241149435_8112518473593916433_o-684x1024.jpg\" srcset=\"https:\/\/i2.wp.com\/www.gdansk.baptysci.pl\/wp-content\/uploads\/2015\/02\/10533279_1055312241149435_8112518473593916433_o-684x1024.jpg?strip=info&#038;w=600 600w,https:\/\/i2.wp.com\/www.gdansk.baptysci.pl\/wp-content\/uploads\/2015\/02\/10533279_1055312241149435_8112518473593916433_o-684x1024.jpg?strip=info&#038;w=900 900w,https:\/\/i2.wp.com\/www.gdansk.baptysci.pl\/wp-content\/uploads\/2015\/02\/10533279_1055312241149435_8112518473593916433_o-684x1024.jpg?strip=info&#038;w=1200 1200w,https:\/\/i2.wp.com\/www.gdansk.baptysci.pl\/wp-content\/uploads\/2015\/02\/10533279_1055312241149435_8112518473593916433_o-684x1024.jpg?strip=info&#038;w=1368 1368w\" alt=\"\" data-height=\"2048\" data-id=\"1237\" data-link=\"http:\/\/www.gdansk.baptysci.pl\/index.php\/2015\/02\/22\/chrzest-wiary\/10533279_1055312241149435_8112518473593916433_o\/\" data-url=\"http:\/\/www.gdansk.baptysci.pl\/wp-content\/uploads\/2015\/02\/10533279_1055312241149435_8112518473593916433_o-684x1024.jpg\" data-width=\"1368\" src=\"https:\/\/i2.wp.com\/www.gdansk.baptysci.pl\/wp-content\/uploads\/2015\/02\/10533279_1055312241149435_8112518473593916433_o-684x1024.jpg\" data-amp-layout=\"responsive\"\/><\/figure><\/div><div class=\"tiled-gallery__col\" style=\"flex-basis:25.06860%\"><figure class=\"tiled-gallery__item\"><img data-attachment-id=\"1238\" data-permalink=\"http:\/\/www.gdansk.baptysci.pl\/index.php\/2015\/03\/15\/chrzest-wiary\/10537487_1055309001149759_5023425173429168482_o\/\" data-orig-file=\"http:\/\/www.gdansk.baptysci.pl\/wp-content\/uploads\/2015\/02\/10537487_1055309001149759_5023425173429168482_o.jpg\" data-orig-size=\"1365,2048\" data-comments-opened=\"1\" data-image-meta=\"{&quot;aperture&quot;:&quot;0&quot;,&quot;credit&quot;:&quot;Picasa&quot;,&quot;camera&quot;:&quot;&quot;,&quot;caption&quot;:&quot;&quot;,&quot;created_timestamp&quot;:&quot;0&quot;,&quot;copyright&quot;:&quot;&quot;,&quot;focal_length&quot;:&quot;0&quot;,&quot;iso&quot;:&quot;0&quot;,&quot;shutter_speed&quot;:&quot;0&quot;,&quot;title&quot;:&quot;&quot;,&quot;orientation&quot;:&quot;0&quot;}\" data-image-title=\"10537487_1055309001149759_5023425173429168482_o\" data-image-description=\"\" data-image-caption=\"&lt;p&gt;fot. Artur Grybek&lt;\/p&gt;\n\" data-medium-file=\"http:\/\/www.gdansk.baptysci.pl\/wp-content\/uploads\/2015\/02\/10537487_1055309001149759_5023425173429168482_o-200x300.jpg\" data-large-file=\"http:\/\/www.gdansk.baptysci.pl\/wp-content\/uploads\/2015\/02\/10537487_1055309001149759_5023425173429168482_o-683x1024.jpg\" data-attachment-id=\"1238\" data-permalink=\"http:\/\/www.gdansk.baptysci.pl\/index.php\/2015\/03\/15\/chrzest-wiary\/10537487_1055309001149759_5023425173429168482_o\/\" data-orig-file=\"http:\/\/www.gdansk.baptysci.pl\/wp-content\/uploads\/2015\/02\/10537487_1055309001149759_5023425173429168482_o.jpg\" data-orig-size=\"1365,2048\" data-comments-opened=\"1\" data-image-meta=\"{&quot;aperture&quot;:&quot;0&quot;,&quot;credit&quot;:&quot;Picasa&quot;,&quot;camera&quot;:&quot;&quot;,&quot;caption&quot;:&quot;&quot;,&quot;created_timestamp&quot;:&quot;0&quot;,&quot;copyright&quot;:&quot;&quot;,&quot;focal_length&quot;:&quot;0&quot;,&quot;iso&quot;:&quot;0&quot;,&quot;shutter_speed&quot;:&quot;0&quot;,&quot;title&quot;:&quot;&quot;,&quot;orientation&quot;:&quot;0&quot;}\" data-image-title=\"10537487_1055309001149759_5023425173429168482_o\" data-image-description=\"\" data-image-caption=\"&lt;p&gt;fot. Artur Grybek&lt;\/p&gt;\n\" data-medium-file=\"http:\/\/www.gdansk.baptysci.pl\/wp-content\/uploads\/2015\/02\/10537487_1055309001149759_5023425173429168482_o-200x300.jpg\" data-large-file=\"http:\/\/www.gdansk.baptysci.pl\/wp-content\/uploads\/2015\/02\/10537487_1055309001149759_5023425173429168482_o-683x1024.jpg\" decoding=\"async\" data-attachment-id=\"1238\" data-permalink=\"http:\/\/www.gdansk.baptysci.pl\/index.php\/2015\/03\/15\/chrzest-wiary\/10537487_1055309001149759_5023425173429168482_o\/\" data-orig-file=\"http:\/\/www.gdansk.baptysci.pl\/wp-content\/uploads\/2015\/02\/10537487_1055309001149759_5023425173429168482_o.jpg\" data-orig-size=\"1365,2048\" data-comments-opened=\"1\" data-image-meta=\"{&quot;aperture&quot;:&quot;0&quot;,&quot;credit&quot;:&quot;Picasa&quot;,&quot;camera&quot;:&quot;&quot;,&quot;caption&quot;:&quot;&quot;,&quot;created_timestamp&quot;:&quot;0&quot;,&quot;copyright&quot;:&quot;&quot;,&quot;focal_length&quot;:&quot;0&quot;,&quot;iso&quot;:&quot;0&quot;,&quot;shutter_speed&quot;:&quot;0&quot;,&quot;title&quot;:&quot;&quot;,&quot;orientation&quot;:&quot;0&quot;}\" data-image-title=\"10537487_1055309001149759_5023425173429168482_o\" data-image-description=\"\" data-image-caption=\"&lt;p&gt;fot. Artur Grybek&lt;\/p&gt;\n\" data-medium-file=\"http:\/\/www.gdansk.baptysci.pl\/wp-content\/uploads\/2015\/02\/10537487_1055309001149759_5023425173429168482_o-200x300.jpg\" data-large-file=\"http:\/\/www.gdansk.baptysci.pl\/wp-content\/uploads\/2015\/02\/10537487_1055309001149759_5023425173429168482_o-683x1024.jpg\" srcset=\"https:\/\/i1.wp.com\/www.gdansk.baptysci.pl\/wp-content\/uploads\/2015\/02\/10537487_1055309001149759_5023425173429168482_o-683x1024.jpg?strip=info&#038;w=600 600w,https:\/\/i1.wp.com\/www.gdansk.baptysci.pl\/wp-content\/uploads\/2015\/02\/10537487_1055309001149759_5023425173429168482_o-683x1024.jpg?strip=info&#038;w=900 900w,https:\/\/i1.wp.com\/www.gdansk.baptysci.pl\/wp-content\/uploads\/2015\/02\/10537487_1055309001149759_5023425173429168482_o-683x1024.jpg?strip=info&#038;w=1200 1200w,https:\/\/i1.wp.com\/www.gdansk.baptysci.pl\/wp-content\/uploads\/2015\/02\/10537487_1055309001149759_5023425173429168482_o-683x1024.jpg?strip=info&#038;w=1365 1365w\" alt=\"\" data-height=\"2048\" data-id=\"1238\" data-link=\"http:\/\/www.gdansk.baptysci.pl\/index.php\/2015\/02\/22\/chrzest-wiary\/10537487_1055309001149759_5023425173429168482_o\/\" data-url=\"http:\/\/www.gdansk.baptysci.pl\/wp-content\/uploads\/2015\/02\/10537487_1055309001149759_5023425173429168482_o-683x1024.jpg\" data-width=\"1365\" src=\"https:\/\/i1.wp.com\/www.gdansk.baptysci.pl\/wp-content\/uploads\/2015\/02\/10537487_1055309001149759_5023425173429168482_o-683x1024.jpg\" data-amp-layout=\"responsive\"\/><\/figure><\/div><div class=\"tiled-gallery__col\" style=\"flex-basis:24.90396%\"><figure class=\"tiled-gallery__item\"><img data-attachment-id=\"1239\" data-permalink=\"http:\/\/www.gdansk.baptysci.pl\/index.php\/2015\/03\/15\/chrzest-wiary\/10553865_1055312107816115_1870143608695981255_o\/\" data-orig-file=\"http:\/\/www.gdansk.baptysci.pl\/wp-content\/uploads\/2015\/02\/10553865_1055312107816115_1870143608695981255_o.jpg\" data-orig-size=\"1356,2048\" data-comments-opened=\"1\" data-image-meta=\"{&quot;aperture&quot;:&quot;0&quot;,&quot;credit&quot;:&quot;&quot;,&quot;camera&quot;:&quot;&quot;,&quot;caption&quot;:&quot;&quot;,&quot;created_timestamp&quot;:&quot;0&quot;,&quot;copyright&quot;:&quot;&quot;,&quot;focal_length&quot;:&quot;0&quot;,&quot;iso&quot;:&quot;0&quot;,&quot;shutter_speed&quot;:&quot;0&quot;,&quot;title&quot;:&quot;&quot;,&quot;orientation&quot;:&quot;0&quot;}\" data-image-title=\"10553865_1055312107816115_1870143608695981255_o\" data-image-description=\"\" data-image-caption=\"&lt;p&gt;fot. Artur Grybek&lt;\/p&gt;\n\" data-medium-file=\"http:\/\/www.gdansk.baptysci.pl\/wp-content\/uploads\/2015\/02\/10553865_1055312107816115_1870143608695981255_o-199x300.jpg\" data-large-file=\"http:\/\/www.gdansk.baptysci.pl\/wp-content\/uploads\/2015\/02\/10553865_1055312107816115_1870143608695981255_o-678x1024.jpg\" data-attachment-id=\"1239\" data-permalink=\"http:\/\/www.gdansk.baptysci.pl\/index.php\/2015\/03\/15\/chrzest-wiary\/10553865_1055312107816115_1870143608695981255_o\/\" data-orig-file=\"http:\/\/www.gdansk.baptysci.pl\/wp-content\/uploads\/2015\/02\/10553865_1055312107816115_1870143608695981255_o.jpg\" data-orig-size=\"1356,2048\" data-comments-opened=\"1\" data-image-meta=\"{&quot;aperture&quot;:&quot;0&quot;,&quot;credit&quot;:&quot;&quot;,&quot;camera&quot;:&quot;&quot;,&quot;caption&quot;:&quot;&quot;,&quot;created_timestamp&quot;:&quot;0&quot;,&quot;copyright&quot;:&quot;&quot;,&quot;focal_length&quot;:&quot;0&quot;,&quot;iso&quot;:&quot;0&quot;,&quot;shutter_speed&quot;:&quot;0&quot;,&quot;title&quot;:&quot;&quot;,&quot;orientation&quot;:&quot;0&quot;}\" data-image-title=\"10553865_1055312107816115_1870143608695981255_o\" data-image-description=\"\" data-image-caption=\"&lt;p&gt;fot. Artur Grybek&lt;\/p&gt;\n\" data-medium-file=\"http:\/\/www.gdansk.baptysci.pl\/wp-content\/uploads\/2015\/02\/10553865_1055312107816115_1870143608695981255_o-199x300.jpg\" data-large-file=\"http:\/\/www.gdansk.baptysci.pl\/wp-content\/uploads\/2015\/02\/10553865_1055312107816115_1870143608695981255_o-678x1024.jpg\" decoding=\"async\" data-attachment-id=\"1239\" data-permalink=\"http:\/\/www.gdansk.baptysci.pl\/index.php\/2015\/03\/15\/chrzest-wiary\/10553865_1055312107816115_1870143608695981255_o\/\" data-orig-file=\"http:\/\/www.gdansk.baptysci.pl\/wp-content\/uploads\/2015\/02\/10553865_1055312107816115_1870143608695981255_o.jpg\" data-orig-size=\"1356,2048\" data-comments-opened=\"1\" data-image-meta=\"{&quot;aperture&quot;:&quot;0&quot;,&quot;credit&quot;:&quot;&quot;,&quot;camera&quot;:&quot;&quot;,&quot;caption&quot;:&quot;&quot;,&quot;created_timestamp&quot;:&quot;0&quot;,&quot;copyright&quot;:&quot;&quot;,&quot;focal_length&quot;:&quot;0&quot;,&quot;iso&quot;:&quot;0&quot;,&quot;shutter_speed&quot;:&quot;0&quot;,&quot;title&quot;:&quot;&quot;,&quot;orientation&quot;:&quot;0&quot;}\" data-image-title=\"10553865_1055312107816115_1870143608695981255_o\" data-image-description=\"\" data-image-caption=\"&lt;p&gt;fot. Artur Grybek&lt;\/p&gt;\n\" data-medium-file=\"http:\/\/www.gdansk.baptysci.pl\/wp-content\/uploads\/2015\/02\/10553865_1055312107816115_1870143608695981255_o-199x300.jpg\" data-large-file=\"http:\/\/www.gdansk.baptysci.pl\/wp-content\/uploads\/2015\/02\/10553865_1055312107816115_1870143608695981255_o-678x1024.jpg\" srcset=\"https:\/\/i2.wp.com\/www.gdansk.baptysci.pl\/wp-content\/uploads\/2015\/02\/10553865_1055312107816115_1870143608695981255_o-678x1024.jpg?strip=info&#038;w=600 600w,https:\/\/i2.wp.com\/www.gdansk.baptysci.pl\/wp-content\/uploads\/2015\/02\/10553865_1055312107816115_1870143608695981255_o-678x1024.jpg?strip=info&#038;w=900 900w,https:\/\/i2.wp.com\/www.gdansk.baptysci.pl\/wp-content\/uploads\/2015\/02\/10553865_1055312107816115_1870143608695981255_o-678x1024.jpg?strip=info&#038;w=1200 1200w,https:\/\/i2.wp.com\/www.gdansk.baptysci.pl\/wp-content\/uploads\/2015\/02\/10553865_1055312107816115_1870143608695981255_o-678x1024.jpg?strip=info&#038;w=1356 1356w\" alt=\"\" data-height=\"2048\" data-id=\"1239\" data-link=\"http:\/\/www.gdansk.baptysci.pl\/index.php\/2015\/02\/22\/chrzest-wiary\/10553865_1055312107816115_1870143608695981255_o\/\" data-url=\"http:\/\/www.gdansk.baptysci.pl\/wp-content\/uploads\/2015\/02\/10553865_1055312107816115_1870143608695981255_o-678x1024.jpg\" data-width=\"1356\" src=\"https:\/\/i2.wp.com\/www.gdansk.baptysci.pl\/wp-content\/uploads\/2015\/02\/10553865_1055312107816115_1870143608695981255_o-678x1024.jpg\" data-amp-layout=\"responsive\"\/><\/figure><\/div><\/div><div class=\"tiled-gallery__row\"><div class=\"tiled-gallery__col\" style=\"flex-basis:23.50052%\"><figure class=\"tiled-gallery__item\"><img data-attachment-id=\"1240\" data-permalink=\"http:\/\/www.gdansk.baptysci.pl\/index.php\/2015\/03\/15\/chrzest-wiary\/10560401_1055309831149676_9003624273349936403_o\/\" data-orig-file=\"http:\/\/www.gdansk.baptysci.pl\/wp-content\/uploads\/2015\/02\/10560401_1055309831149676_9003624273349936403_o.jpg\" data-orig-size=\"1356,2048\" data-comments-opened=\"1\" data-image-meta=\"{&quot;aperture&quot;:&quot;0&quot;,&quot;credit&quot;:&quot;&quot;,&quot;camera&quot;:&quot;&quot;,&quot;caption&quot;:&quot;&quot;,&quot;created_timestamp&quot;:&quot;0&quot;,&quot;copyright&quot;:&quot;&quot;,&quot;focal_length&quot;:&quot;0&quot;,&quot;iso&quot;:&quot;0&quot;,&quot;shutter_speed&quot;:&quot;0&quot;,&quot;title&quot;:&quot;&quot;,&quot;orientation&quot;:&quot;0&quot;}\" data-image-title=\"10560401_1055309831149676_9003624273349936403_o\" data-image-description=\"\" data-image-caption=\"&lt;p&gt;fot. Artur Grybek&lt;\/p&gt;\n\" data-medium-file=\"http:\/\/www.gdansk.baptysci.pl\/wp-content\/uploads\/2015\/02\/10560401_1055309831149676_9003624273349936403_o-199x300.jpg\" data-large-file=\"http:\/\/www.gdansk.baptysci.pl\/wp-content\/uploads\/2015\/02\/10560401_1055309831149676_9003624273349936403_o-678x1024.jpg\" data-attachment-id=\"1240\" data-permalink=\"http:\/\/www.gdansk.baptysci.pl\/index.php\/2015\/03\/15\/chrzest-wiary\/10560401_1055309831149676_9003624273349936403_o\/\" data-orig-file=\"http:\/\/www.gdansk.baptysci.pl\/wp-content\/uploads\/2015\/02\/10560401_1055309831149676_9003624273349936403_o.jpg\" data-orig-size=\"1356,2048\" data-comments-opened=\"1\" data-image-meta=\"{&quot;aperture&quot;:&quot;0&quot;,&quot;credit&quot;:&quot;&quot;,&quot;camera&quot;:&quot;&quot;,&quot;caption&quot;:&quot;&quot;,&quot;created_timestamp&quot;:&quot;0&quot;,&quot;copyright&quot;:&quot;&quot;,&quot;focal_length&quot;:&quot;0&quot;,&quot;iso&quot;:&quot;0&quot;,&quot;shutter_speed&quot;:&quot;0&quot;,&quot;title&quot;:&quot;&quot;,&quot;orientation&quot;:&quot;0&quot;}\" data-image-title=\"10560401_1055309831149676_9003624273349936403_o\" data-image-description=\"\" data-image-caption=\"&lt;p&gt;fot. Artur Grybek&lt;\/p&gt;\n\" data-medium-file=\"http:\/\/www.gdansk.baptysci.pl\/wp-content\/uploads\/2015\/02\/10560401_1055309831149676_9003624273349936403_o-199x300.jpg\" data-large-file=\"http:\/\/www.gdansk.baptysci.pl\/wp-content\/uploads\/2015\/02\/10560401_1055309831149676_9003624273349936403_o-678x1024.jpg\" decoding=\"async\" data-attachment-id=\"1240\" data-permalink=\"http:\/\/www.gdansk.baptysci.pl\/index.php\/2015\/03\/15\/chrzest-wiary\/10560401_1055309831149676_9003624273349936403_o\/\" data-orig-file=\"http:\/\/www.gdansk.baptysci.pl\/wp-content\/uploads\/2015\/02\/10560401_1055309831149676_9003624273349936403_o.jpg\" data-orig-size=\"1356,2048\" data-comments-opened=\"1\" data-image-meta=\"{&quot;aperture&quot;:&quot;0&quot;,&quot;credit&quot;:&quot;&quot;,&quot;camera&quot;:&quot;&quot;,&quot;caption&quot;:&quot;&quot;,&quot;created_timestamp&quot;:&quot;0&quot;,&quot;copyright&quot;:&quot;&quot;,&quot;focal_length&quot;:&quot;0&quot;,&quot;iso&quot;:&quot;0&quot;,&quot;shutter_speed&quot;:&quot;0&quot;,&quot;title&quot;:&quot;&quot;,&quot;orientation&quot;:&quot;0&quot;}\" data-image-title=\"10560401_1055309831149676_9003624273349936403_o\" data-image-description=\"\" data-image-caption=\"&lt;p&gt;fot. Artur Grybek&lt;\/p&gt;\n\" data-medium-file=\"http:\/\/www.gdansk.baptysci.pl\/wp-content\/uploads\/2015\/02\/10560401_1055309831149676_9003624273349936403_o-199x300.jpg\" data-large-file=\"http:\/\/www.gdansk.baptysci.pl\/wp-content\/uploads\/2015\/02\/10560401_1055309831149676_9003624273349936403_o-678x1024.jpg\" srcset=\"https:\/\/i2.wp.com\/www.gdansk.baptysci.pl\/wp-content\/uploads\/2015\/02\/10560401_1055309831149676_9003624273349936403_o-678x1024.jpg?strip=info&#038;w=600 600w,https:\/\/i2.wp.com\/www.gdansk.baptysci.pl\/wp-content\/uploads\/2015\/02\/10560401_1055309831149676_9003624273349936403_o-678x1024.jpg?strip=info&#038;w=900 900w,https:\/\/i2.wp.com\/www.gdansk.baptysci.pl\/wp-content\/uploads\/2015\/02\/10560401_1055309831149676_9003624273349936403_o-678x1024.jpg?strip=info&#038;w=1200 1200w,https:\/\/i2.wp.com\/www.gdansk.baptysci.pl\/wp-content\/uploads\/2015\/02\/10560401_1055309831149676_9003624273349936403_o-678x1024.jpg?strip=info&#038;w=1356 1356w\" alt=\"\" data-height=\"2048\" data-id=\"1240\" data-link=\"http:\/\/www.gdansk.baptysci.pl\/index.php\/2015\/02\/22\/chrzest-wiary\/10560401_1055309831149676_9003624273349936403_o\/\" data-url=\"http:\/\/www.gdansk.baptysci.pl\/wp-content\/uploads\/2015\/02\/10560401_1055309831149676_9003624273349936403_o-678x1024.jpg\" data-width=\"1356\" src=\"https:\/\/i2.wp.com\/www.gdansk.baptysci.pl\/wp-content\/uploads\/2015\/02\/10560401_1055309831149676_9003624273349936403_o-678x1024.jpg\" data-amp-layout=\"responsive\"\/><\/figure><\/div><div class=\"tiled-gallery__col\" style=\"flex-basis:52.99895%\"><figure class=\"tiled-gallery__item\"><img data-attachment-id=\"1241\" data-permalink=\"http:\/\/www.gdansk.baptysci.pl\/index.php\/2015\/03\/15\/chrzest-wiary\/10580703_1055307947816531_8852495553924302565_o\/\" data-orig-file=\"http:\/\/www.gdansk.baptysci.pl\/wp-content\/uploads\/2015\/02\/10580703_1055307947816531_8852495553924302565_o.jpg\" data-orig-size=\"2048,1367\" data-comments-opened=\"1\" data-image-meta=\"{&quot;aperture&quot;:&quot;0&quot;,&quot;credit&quot;:&quot;Picasa&quot;,&quot;camera&quot;:&quot;&quot;,&quot;caption&quot;:&quot;&quot;,&quot;created_timestamp&quot;:&quot;0&quot;,&quot;copyright&quot;:&quot;&quot;,&quot;focal_length&quot;:&quot;0&quot;,&quot;iso&quot;:&quot;0&quot;,&quot;shutter_speed&quot;:&quot;0&quot;,&quot;title&quot;:&quot;&quot;,&quot;orientation&quot;:&quot;0&quot;}\" data-image-title=\"10580703_1055307947816531_8852495553924302565_o\" data-image-description=\"\" data-image-caption=\"&lt;p&gt;fot. Artur Grybek&lt;\/p&gt;\n\" data-medium-file=\"http:\/\/www.gdansk.baptysci.pl\/wp-content\/uploads\/2015\/02\/10580703_1055307947816531_8852495553924302565_o-300x200.jpg\" data-large-file=\"http:\/\/www.gdansk.baptysci.pl\/wp-content\/uploads\/2015\/02\/10580703_1055307947816531_8852495553924302565_o-1024x684.jpg\" data-attachment-id=\"1241\" data-permalink=\"http:\/\/www.gdansk.baptysci.pl\/index.php\/2015\/03\/15\/chrzest-wiary\/10580703_1055307947816531_8852495553924302565_o\/\" data-orig-file=\"http:\/\/www.gdansk.baptysci.pl\/wp-content\/uploads\/2015\/02\/10580703_1055307947816531_8852495553924302565_o.jpg\" data-orig-size=\"2048,1367\" data-comments-opened=\"1\" data-image-meta=\"{&quot;aperture&quot;:&quot;0&quot;,&quot;credit&quot;:&quot;Picasa&quot;,&quot;camera&quot;:&quot;&quot;,&quot;caption&quot;:&quot;&quot;,&quot;created_timestamp&quot;:&quot;0&quot;,&quot;copyright&quot;:&quot;&quot;,&quot;focal_length&quot;:&quot;0&quot;,&quot;iso&quot;:&quot;0&quot;,&quot;shutter_speed&quot;:&quot;0&quot;,&quot;title&quot;:&quot;&quot;,&quot;orientation&quot;:&quot;0&quot;}\" data-image-title=\"10580703_1055307947816531_8852495553924302565_o\" data-image-description=\"\" data-image-caption=\"&lt;p&gt;fot. Artur Grybek&lt;\/p&gt;\n\" data-medium-file=\"http:\/\/www.gdansk.baptysci.pl\/wp-content\/uploads\/2015\/02\/10580703_1055307947816531_8852495553924302565_o-300x200.jpg\" data-large-file=\"http:\/\/www.gdansk.baptysci.pl\/wp-content\/uploads\/2015\/02\/10580703_1055307947816531_8852495553924302565_o-1024x684.jpg\" decoding=\"async\" data-attachment-id=\"1241\" data-permalink=\"http:\/\/www.gdansk.baptysci.pl\/index.php\/2015\/03\/15\/chrzest-wiary\/10580703_1055307947816531_8852495553924302565_o\/\" data-orig-file=\"http:\/\/www.gdansk.baptysci.pl\/wp-content\/uploads\/2015\/02\/10580703_1055307947816531_8852495553924302565_o.jpg\" data-orig-size=\"2048,1367\" data-comments-opened=\"1\" data-image-meta=\"{&quot;aperture&quot;:&quot;0&quot;,&quot;credit&quot;:&quot;Picasa&quot;,&quot;camera&quot;:&quot;&quot;,&quot;caption&quot;:&quot;&quot;,&quot;created_timestamp&quot;:&quot;0&quot;,&quot;copyright&quot;:&quot;&quot;,&quot;focal_length&quot;:&quot;0&quot;,&quot;iso&quot;:&quot;0&quot;,&quot;shutter_speed&quot;:&quot;0&quot;,&quot;title&quot;:&quot;&quot;,&quot;orientation&quot;:&quot;0&quot;}\" data-image-title=\"10580703_1055307947816531_8852495553924302565_o\" data-image-description=\"\" data-image-caption=\"&lt;p&gt;fot. Artur Grybek&lt;\/p&gt;\n\" data-medium-file=\"http:\/\/www.gdansk.baptysci.pl\/wp-content\/uploads\/2015\/02\/10580703_1055307947816531_8852495553924302565_o-300x200.jpg\" data-large-file=\"http:\/\/www.gdansk.baptysci.pl\/wp-content\/uploads\/2015\/02\/10580703_1055307947816531_8852495553924302565_o-1024x684.jpg\" srcset=\"https:\/\/i0.wp.com\/www.gdansk.baptysci.pl\/wp-content\/uploads\/2015\/02\/10580703_1055307947816531_8852495553924302565_o-1024x684.jpg?strip=info&#038;w=600 600w,https:\/\/i0.wp.com\/www.gdansk.baptysci.pl\/wp-content\/uploads\/2015\/02\/10580703_1055307947816531_8852495553924302565_o-1024x684.jpg?strip=info&#038;w=900 900w,https:\/\/i0.wp.com\/www.gdansk.baptysci.pl\/wp-content\/uploads\/2015\/02\/10580703_1055307947816531_8852495553924302565_o-1024x684.jpg?strip=info&#038;w=1200 1200w,https:\/\/i0.wp.com\/www.gdansk.baptysci.pl\/wp-content\/uploads\/2015\/02\/10580703_1055307947816531_8852495553924302565_o-1024x684.jpg?strip=info&#038;w=1500 1500w,https:\/\/i0.wp.com\/www.gdansk.baptysci.pl\/wp-content\/uploads\/2015\/02\/10580703_1055307947816531_8852495553924302565_o-1024x684.jpg?strip=info&#038;w=1800 1800w,https:\/\/i0.wp.com\/www.gdansk.baptysci.pl\/wp-content\/uploads\/2015\/02\/10580703_1055307947816531_8852495553924302565_o-1024x684.jpg?strip=info&#038;w=2000 2000w\" alt=\"\" data-height=\"1367\" data-id=\"1241\" data-link=\"http:\/\/www.gdansk.baptysci.pl\/index.php\/2015\/02\/22\/chrzest-wiary\/10580703_1055307947816531_8852495553924302565_o\/\" data-url=\"http:\/\/www.gdansk.baptysci.pl\/wp-content\/uploads\/2015\/02\/10580703_1055307947816531_8852495553924302565_o-1024x684.jpg\" data-width=\"2048\" src=\"https:\/\/i0.wp.com\/www.gdansk.baptysci.pl\/wp-content\/uploads\/2015\/02\/10580703_1055307947816531_8852495553924302565_o-1024x684.jpg\" data-amp-layout=\"responsive\"\/><\/figure><\/div><div class=\"tiled-gallery__col\" style=\"flex-basis:23.50052%\"><figure class=\"tiled-gallery__item\"><img data-attachment-id=\"1242\" data-permalink=\"http:\/\/www.gdansk.baptysci.pl\/index.php\/2015\/03\/15\/chrzest-wiary\/10604425_1055312444482748_6319343921840811577_o\/\" data-orig-file=\"http:\/\/www.gdansk.baptysci.pl\/wp-content\/uploads\/2015\/02\/10604425_1055312444482748_6319343921840811577_o.jpg\" data-orig-size=\"1356,2048\" data-comments-opened=\"1\" data-image-meta=\"{&quot;aperture&quot;:&quot;0&quot;,&quot;credit&quot;:&quot;&quot;,&quot;camera&quot;:&quot;&quot;,&quot;caption&quot;:&quot;&quot;,&quot;created_timestamp&quot;:&quot;0&quot;,&quot;copyright&quot;:&quot;&quot;,&quot;focal_length&quot;:&quot;0&quot;,&quot;iso&quot;:&quot;0&quot;,&quot;shutter_speed&quot;:&quot;0&quot;,&quot;title&quot;:&quot;&quot;,&quot;orientation&quot;:&quot;0&quot;}\" data-image-title=\"10604425_1055312444482748_6319343921840811577_o\" data-image-description=\"\" data-image-caption=\"&lt;p&gt;fot. Artur Grybek&lt;\/p&gt;\n\" data-medium-file=\"http:\/\/www.gdansk.baptysci.pl\/wp-content\/uploads\/2015\/02\/10604425_1055312444482748_6319343921840811577_o-199x300.jpg\" data-large-file=\"http:\/\/www.gdansk.baptysci.pl\/wp-content\/uploads\/2015\/02\/10604425_1055312444482748_6319343921840811577_o-678x1024.jpg\" data-attachment-id=\"1242\" data-permalink=\"http:\/\/www.gdansk.baptysci.pl\/index.php\/2015\/03\/15\/chrzest-wiary\/10604425_1055312444482748_6319343921840811577_o\/\" data-orig-file=\"http:\/\/www.gdansk.baptysci.pl\/wp-content\/uploads\/2015\/02\/10604425_1055312444482748_6319343921840811577_o.jpg\" data-orig-size=\"1356,2048\" data-comments-opened=\"1\" data-image-meta=\"{&quot;aperture&quot;:&quot;0&quot;,&quot;credit&quot;:&quot;&quot;,&quot;camera&quot;:&quot;&quot;,&quot;caption&quot;:&quot;&quot;,&quot;created_timestamp&quot;:&quot;0&quot;,&quot;copyright&quot;:&quot;&quot;,&quot;focal_length&quot;:&quot;0&quot;,&quot;iso&quot;:&quot;0&quot;,&quot;shutter_speed&quot;:&quot;0&quot;,&quot;title&quot;:&quot;&quot;,&quot;orientation&quot;:&quot;0&quot;}\" data-image-title=\"10604425_1055312444482748_6319343921840811577_o\" data-image-description=\"\" data-image-caption=\"&lt;p&gt;fot. Artur Grybek&lt;\/p&gt;\n\" data-medium-file=\"http:\/\/www.gdansk.baptysci.pl\/wp-content\/uploads\/2015\/02\/10604425_1055312444482748_6319343921840811577_o-199x300.jpg\" data-large-file=\"http:\/\/www.gdansk.baptysci.pl\/wp-content\/uploads\/2015\/02\/10604425_1055312444482748_6319343921840811577_o-678x1024.jpg\" decoding=\"async\" data-attachment-id=\"1242\" data-permalink=\"http:\/\/www.gdansk.baptysci.pl\/index.php\/2015\/03\/15\/chrzest-wiary\/10604425_1055312444482748_6319343921840811577_o\/\" data-orig-file=\"http:\/\/www.gdansk.baptysci.pl\/wp-content\/uploads\/2015\/02\/10604425_1055312444482748_6319343921840811577_o.jpg\" data-orig-size=\"1356,2048\" data-comments-opened=\"1\" data-image-meta=\"{&quot;aperture&quot;:&quot;0&quot;,&quot;credit&quot;:&quot;&quot;,&quot;camera&quot;:&quot;&quot;,&quot;caption&quot;:&quot;&quot;,&quot;created_timestamp&quot;:&quot;0&quot;,&quot;copyright&quot;:&quot;&quot;,&quot;focal_length&quot;:&quot;0&quot;,&quot;iso&quot;:&quot;0&quot;,&quot;shutter_speed&quot;:&quot;0&quot;,&quot;title&quot;:&quot;&quot;,&quot;orientation&quot;:&quot;0&quot;}\" data-image-title=\"10604425_1055312444482748_6319343921840811577_o\" data-image-description=\"\" data-image-caption=\"&lt;p&gt;fot. Artur Grybek&lt;\/p&gt;\n\" data-medium-file=\"http:\/\/www.gdansk.baptysci.pl\/wp-content\/uploads\/2015\/02\/10604425_1055312444482748_6319343921840811577_o-199x300.jpg\" data-large-file=\"http:\/\/www.gdansk.baptysci.pl\/wp-content\/uploads\/2015\/02\/10604425_1055312444482748_6319343921840811577_o-678x1024.jpg\" srcset=\"https:\/\/i1.wp.com\/www.gdansk.baptysci.pl\/wp-content\/uploads\/2015\/02\/10604425_1055312444482748_6319343921840811577_o-678x1024.jpg?strip=info&#038;w=600 600w,https:\/\/i1.wp.com\/www.gdansk.baptysci.pl\/wp-content\/uploads\/2015\/02\/10604425_1055312444482748_6319343921840811577_o-678x1024.jpg?strip=info&#038;w=900 900w,https:\/\/i1.wp.com\/www.gdansk.baptysci.pl\/wp-content\/uploads\/2015\/02\/10604425_1055312444482748_6319343921840811577_o-678x1024.jpg?strip=info&#038;w=1200 1200w,https:\/\/i1.wp.com\/www.gdansk.baptysci.pl\/wp-content\/uploads\/2015\/02\/10604425_1055312444482748_6319343921840811577_o-678x1024.jpg?strip=info&#038;w=1356 1356w\" alt=\"\" data-height=\"2048\" data-id=\"1242\" data-link=\"http:\/\/www.gdansk.baptysci.pl\/index.php\/2015\/02\/22\/chrzest-wiary\/10604425_1055312444482748_6319343921840811577_o\/\" data-url=\"http:\/\/www.gdansk.baptysci.pl\/wp-content\/uploads\/2015\/02\/10604425_1055312444482748_6319343921840811577_o-678x1024.jpg\" data-width=\"1356\" src=\"https:\/\/i1.wp.com\/www.gdansk.baptysci.pl\/wp-content\/uploads\/2015\/02\/10604425_1055312444482748_6319343921840811577_o-678x1024.jpg\" data-amp-layout=\"responsive\"\/><\/figure><\/div><\/div><div class=\"tiled-gallery__row\"><div class=\"tiled-gallery__col\" style=\"flex-basis:18.98990%\"><figure class=\"tiled-gallery__item\"><img data-attachment-id=\"1243\" data-permalink=\"http:\/\/www.gdansk.baptysci.pl\/index.php\/2015\/03\/15\/chrzest-wiary\/10708670_1055309327816393_5375859054945034743_o\/\" data-orig-file=\"http:\/\/www.gdansk.baptysci.pl\/wp-content\/uploads\/2015\/02\/10708670_1055309327816393_5375859054945034743_o.jpg\" data-orig-size=\"1356,2048\" data-comments-opened=\"1\" data-image-meta=\"{&quot;aperture&quot;:&quot;0&quot;,&quot;credit&quot;:&quot;&quot;,&quot;camera&quot;:&quot;&quot;,&quot;caption&quot;:&quot;&quot;,&quot;created_timestamp&quot;:&quot;0&quot;,&quot;copyright&quot;:&quot;&quot;,&quot;focal_length&quot;:&quot;0&quot;,&quot;iso&quot;:&quot;0&quot;,&quot;shutter_speed&quot;:&quot;0&quot;,&quot;title&quot;:&quot;&quot;,&quot;orientation&quot;:&quot;0&quot;}\" data-image-title=\"10708670_1055309327816393_5375859054945034743_o\" data-image-description=\"\" data-image-caption=\"&lt;p&gt;fot. Artur Grybek&lt;\/p&gt;\n\" data-medium-file=\"http:\/\/www.gdansk.baptysci.pl\/wp-content\/uploads\/2015\/02\/10708670_1055309327816393_5375859054945034743_o-199x300.jpg\" data-large-file=\"http:\/\/www.gdansk.baptysci.pl\/wp-content\/uploads\/2015\/02\/10708670_1055309327816393_5375859054945034743_o-678x1024.jpg\" data-attachment-id=\"1243\" data-permalink=\"http:\/\/www.gdansk.baptysci.pl\/index.php\/2015\/03\/15\/chrzest-wiary\/10708670_1055309327816393_5375859054945034743_o\/\" data-orig-file=\"http:\/\/www.gdansk.baptysci.pl\/wp-content\/uploads\/2015\/02\/10708670_1055309327816393_5375859054945034743_o.jpg\" data-orig-size=\"1356,2048\" data-comments-opened=\"1\" data-image-meta=\"{&quot;aperture&quot;:&quot;0&quot;,&quot;credit&quot;:&quot;&quot;,&quot;camera&quot;:&quot;&quot;,&quot;caption&quot;:&quot;&quot;,&quot;created_timestamp&quot;:&quot;0&quot;,&quot;copyright&quot;:&quot;&quot;,&quot;focal_length&quot;:&quot;0&quot;,&quot;iso&quot;:&quot;0&quot;,&quot;shutter_speed&quot;:&quot;0&quot;,&quot;title&quot;:&quot;&quot;,&quot;orientation&quot;:&quot;0&quot;}\" data-image-title=\"10708670_1055309327816393_5375859054945034743_o\" data-image-description=\"\" data-image-caption=\"&lt;p&gt;fot. Artur Grybek&lt;\/p&gt;\n\" data-medium-file=\"http:\/\/www.gdansk.baptysci.pl\/wp-content\/uploads\/2015\/02\/10708670_1055309327816393_5375859054945034743_o-199x300.jpg\" data-large-file=\"http:\/\/www.gdansk.baptysci.pl\/wp-content\/uploads\/2015\/02\/10708670_1055309327816393_5375859054945034743_o-678x1024.jpg\" decoding=\"async\" data-attachment-id=\"1243\" data-permalink=\"http:\/\/www.gdansk.baptysci.pl\/index.php\/2015\/03\/15\/chrzest-wiary\/10708670_1055309327816393_5375859054945034743_o\/\" data-orig-file=\"http:\/\/www.gdansk.baptysci.pl\/wp-content\/uploads\/2015\/02\/10708670_1055309327816393_5375859054945034743_o.jpg\" data-orig-size=\"1356,2048\" data-comments-opened=\"1\" data-image-meta=\"{&quot;aperture&quot;:&quot;0&quot;,&quot;credit&quot;:&quot;&quot;,&quot;camera&quot;:&quot;&quot;,&quot;caption&quot;:&quot;&quot;,&quot;created_timestamp&quot;:&quot;0&quot;,&quot;copyright&quot;:&quot;&quot;,&quot;focal_length&quot;:&quot;0&quot;,&quot;iso&quot;:&quot;0&quot;,&quot;shutter_speed&quot;:&quot;0&quot;,&quot;title&quot;:&quot;&quot;,&quot;orientation&quot;:&quot;0&quot;}\" data-image-title=\"10708670_1055309327816393_5375859054945034743_o\" data-image-description=\"\" data-image-caption=\"&lt;p&gt;fot. Artur Grybek&lt;\/p&gt;\n\" data-medium-file=\"http:\/\/www.gdansk.baptysci.pl\/wp-content\/uploads\/2015\/02\/10708670_1055309327816393_5375859054945034743_o-199x300.jpg\" data-large-file=\"http:\/\/www.gdansk.baptysci.pl\/wp-content\/uploads\/2015\/02\/10708670_1055309327816393_5375859054945034743_o-678x1024.jpg\" srcset=\"https:\/\/i0.wp.com\/www.gdansk.baptysci.pl\/wp-content\/uploads\/2015\/02\/10708670_1055309327816393_5375859054945034743_o-678x1024.jpg?strip=info&#038;w=600 600w,https:\/\/i0.wp.com\/www.gdansk.baptysci.pl\/wp-content\/uploads\/2015\/02\/10708670_1055309327816393_5375859054945034743_o-678x1024.jpg?strip=info&#038;w=900 900w,https:\/\/i0.wp.com\/www.gdansk.baptysci.pl\/wp-content\/uploads\/2015\/02\/10708670_1055309327816393_5375859054945034743_o-678x1024.jpg?strip=info&#038;w=1200 1200w,https:\/\/i0.wp.com\/www.gdansk.baptysci.pl\/wp-content\/uploads\/2015\/02\/10708670_1055309327816393_5375859054945034743_o-678x1024.jpg?strip=info&#038;w=1356 1356w\" alt=\"\" data-height=\"2048\" data-id=\"1243\" data-link=\"http:\/\/www.gdansk.baptysci.pl\/index.php\/2015\/02\/22\/chrzest-wiary\/10708670_1055309327816393_5375859054945034743_o\/\" data-url=\"http:\/\/www.gdansk.baptysci.pl\/wp-content\/uploads\/2015\/02\/10708670_1055309327816393_5375859054945034743_o-678x1024.jpg\" data-width=\"1356\" src=\"https:\/\/i0.wp.com\/www.gdansk.baptysci.pl\/wp-content\/uploads\/2015\/02\/10708670_1055309327816393_5375859054945034743_o-678x1024.jpg\" data-amp-layout=\"responsive\"\/><\/figure><\/div><div class=\"tiled-gallery__col\" style=\"flex-basis:42.83559%\"><figure class=\"tiled-gallery__item\"><img data-attachment-id=\"1244\" data-permalink=\"http:\/\/www.gdansk.baptysci.pl\/index.php\/2015\/03\/15\/chrzest-wiary\/10712526_1055317777815548_9053519891812203495_o\/\" data-orig-file=\"http:\/\/www.gdansk.baptysci.pl\/wp-content\/uploads\/2015\/02\/10712526_1055317777815548_9053519891812203495_o.jpg\" data-orig-size=\"2048,1366\" data-comments-opened=\"1\" data-image-meta=\"{&quot;aperture&quot;:&quot;0&quot;,&quot;credit&quot;:&quot;Picasa&quot;,&quot;camera&quot;:&quot;&quot;,&quot;caption&quot;:&quot;&quot;,&quot;created_timestamp&quot;:&quot;0&quot;,&quot;copyright&quot;:&quot;&quot;,&quot;focal_length&quot;:&quot;0&quot;,&quot;iso&quot;:&quot;0&quot;,&quot;shutter_speed&quot;:&quot;0&quot;,&quot;title&quot;:&quot;&quot;,&quot;orientation&quot;:&quot;0&quot;}\" data-image-title=\"10712526_1055317777815548_9053519891812203495_o\" data-image-description=\"\" data-image-caption=\"&lt;p&gt;fot. Artur Grybek&lt;\/p&gt;\n\" data-medium-file=\"http:\/\/www.gdansk.baptysci.pl\/wp-content\/uploads\/2015\/02\/10712526_1055317777815548_9053519891812203495_o-300x200.jpg\" data-large-file=\"http:\/\/www.gdansk.baptysci.pl\/wp-content\/uploads\/2015\/02\/10712526_1055317777815548_9053519891812203495_o-1024x683.jpg\" data-attachment-id=\"1244\" data-permalink=\"http:\/\/www.gdansk.baptysci.pl\/index.php\/2015\/03\/15\/chrzest-wiary\/10712526_1055317777815548_9053519891812203495_o\/\" data-orig-file=\"http:\/\/www.gdansk.baptysci.pl\/wp-content\/uploads\/2015\/02\/10712526_1055317777815548_9053519891812203495_o.jpg\" data-orig-size=\"2048,1366\" data-comments-opened=\"1\" data-image-meta=\"{&quot;aperture&quot;:&quot;0&quot;,&quot;credit&quot;:&quot;Picasa&quot;,&quot;camera&quot;:&quot;&quot;,&quot;caption&quot;:&quot;&quot;,&quot;created_timestamp&quot;:&quot;0&quot;,&quot;copyright&quot;:&quot;&quot;,&quot;focal_length&quot;:&quot;0&quot;,&quot;iso&quot;:&quot;0&quot;,&quot;shutter_speed&quot;:&quot;0&quot;,&quot;title&quot;:&quot;&quot;,&quot;orientation&quot;:&quot;0&quot;}\" data-image-title=\"10712526_1055317777815548_9053519891812203495_o\" data-image-description=\"\" data-image-caption=\"&lt;p&gt;fot. Artur Grybek&lt;\/p&gt;\n\" data-medium-file=\"http:\/\/www.gdansk.baptysci.pl\/wp-content\/uploads\/2015\/02\/10712526_1055317777815548_9053519891812203495_o-300x200.jpg\" data-large-file=\"http:\/\/www.gdansk.baptysci.pl\/wp-content\/uploads\/2015\/02\/10712526_1055317777815548_9053519891812203495_o-1024x683.jpg\" decoding=\"async\" data-attachment-id=\"1244\" data-permalink=\"http:\/\/www.gdansk.baptysci.pl\/index.php\/2015\/03\/15\/chrzest-wiary\/10712526_1055317777815548_9053519891812203495_o\/\" data-orig-file=\"http:\/\/www.gdansk.baptysci.pl\/wp-content\/uploads\/2015\/02\/10712526_1055317777815548_9053519891812203495_o.jpg\" data-orig-size=\"2048,1366\" data-comments-opened=\"1\" data-image-meta=\"{&quot;aperture&quot;:&quot;0&quot;,&quot;credit&quot;:&quot;Picasa&quot;,&quot;camera&quot;:&quot;&quot;,&quot;caption&quot;:&quot;&quot;,&quot;created_timestamp&quot;:&quot;0&quot;,&quot;copyright&quot;:&quot;&quot;,&quot;focal_length&quot;:&quot;0&quot;,&quot;iso&quot;:&quot;0&quot;,&quot;shutter_speed&quot;:&quot;0&quot;,&quot;title&quot;:&quot;&quot;,&quot;orientation&quot;:&quot;0&quot;}\" data-image-title=\"10712526_1055317777815548_9053519891812203495_o\" data-image-description=\"\" data-image-caption=\"&lt;p&gt;fot. Artur Grybek&lt;\/p&gt;\n\" data-medium-file=\"http:\/\/www.gdansk.baptysci.pl\/wp-content\/uploads\/2015\/02\/10712526_1055317777815548_9053519891812203495_o-300x200.jpg\" data-large-file=\"http:\/\/www.gdansk.baptysci.pl\/wp-content\/uploads\/2015\/02\/10712526_1055317777815548_9053519891812203495_o-1024x683.jpg\" srcset=\"https:\/\/i0.wp.com\/www.gdansk.baptysci.pl\/wp-content\/uploads\/2015\/02\/10712526_1055317777815548_9053519891812203495_o-1024x683.jpg?strip=info&#038;w=600 600w,https:\/\/i0.wp.com\/www.gdansk.baptysci.pl\/wp-content\/uploads\/2015\/02\/10712526_1055317777815548_9053519891812203495_o-1024x683.jpg?strip=info&#038;w=900 900w,https:\/\/i0.wp.com\/www.gdansk.baptysci.pl\/wp-content\/uploads\/2015\/02\/10712526_1055317777815548_9053519891812203495_o-1024x683.jpg?strip=info&#038;w=1200 1200w,https:\/\/i0.wp.com\/www.gdansk.baptysci.pl\/wp-content\/uploads\/2015\/02\/10712526_1055317777815548_9053519891812203495_o-1024x683.jpg?strip=info&#038;w=1500 1500w,https:\/\/i0.wp.com\/www.gdansk.baptysci.pl\/wp-content\/uploads\/2015\/02\/10712526_1055317777815548_9053519891812203495_o-1024x683.jpg?strip=info&#038;w=1800 1800w,https:\/\/i0.wp.com\/www.gdansk.baptysci.pl\/wp-content\/uploads\/2015\/02\/10712526_1055317777815548_9053519891812203495_o-1024x683.jpg?strip=info&#038;w=2000 2000w\" alt=\"\" data-height=\"1366\" data-id=\"1244\" data-link=\"http:\/\/www.gdansk.baptysci.pl\/index.php\/2015\/02\/22\/chrzest-wiary\/10712526_1055317777815548_9053519891812203495_o\/\" data-url=\"http:\/\/www.gdansk.baptysci.pl\/wp-content\/uploads\/2015\/02\/10712526_1055317777815548_9053519891812203495_o-1024x683.jpg\" data-width=\"2048\" src=\"https:\/\/i0.wp.com\/www.gdansk.baptysci.pl\/wp-content\/uploads\/2015\/02\/10712526_1055317777815548_9053519891812203495_o-1024x683.jpg\" data-amp-layout=\"responsive\"\/><\/figure><\/div><div class=\"tiled-gallery__col\" style=\"flex-basis:19.11507%\"><figure class=\"tiled-gallery__item\"><img data-attachment-id=\"1245\" data-permalink=\"http:\/\/www.gdansk.baptysci.pl\/index.php\/2015\/03\/15\/chrzest-wiary\/10750181_1055312044482788_3182620551495730551_o\/\" data-orig-file=\"http:\/\/www.gdansk.baptysci.pl\/wp-content\/uploads\/2015\/02\/10750181_1055312044482788_3182620551495730551_o.jpg\" data-orig-size=\"1365,2048\" data-comments-opened=\"1\" data-image-meta=\"{&quot;aperture&quot;:&quot;0&quot;,&quot;credit&quot;:&quot;Picasa&quot;,&quot;camera&quot;:&quot;&quot;,&quot;caption&quot;:&quot;&quot;,&quot;created_timestamp&quot;:&quot;0&quot;,&quot;copyright&quot;:&quot;&quot;,&quot;focal_length&quot;:&quot;0&quot;,&quot;iso&quot;:&quot;0&quot;,&quot;shutter_speed&quot;:&quot;0&quot;,&quot;title&quot;:&quot;&quot;,&quot;orientation&quot;:&quot;0&quot;}\" data-image-title=\"10750181_1055312044482788_3182620551495730551_o\" data-image-description=\"\" data-image-caption=\"&lt;p&gt;fot. Artur Grybek&lt;\/p&gt;\n\" data-medium-file=\"http:\/\/www.gdansk.baptysci.pl\/wp-content\/uploads\/2015\/02\/10750181_1055312044482788_3182620551495730551_o-200x300.jpg\" data-large-file=\"http:\/\/www.gdansk.baptysci.pl\/wp-content\/uploads\/2015\/02\/10750181_1055312044482788_3182620551495730551_o-683x1024.jpg\" data-attachment-id=\"1245\" data-permalink=\"http:\/\/www.gdansk.baptysci.pl\/index.php\/2015\/03\/15\/chrzest-wiary\/10750181_1055312044482788_3182620551495730551_o\/\" data-orig-file=\"http:\/\/www.gdansk.baptysci.pl\/wp-content\/uploads\/2015\/02\/10750181_1055312044482788_3182620551495730551_o.jpg\" data-orig-size=\"1365,2048\" data-comments-opened=\"1\" data-image-meta=\"{&quot;aperture&quot;:&quot;0&quot;,&quot;credit&quot;:&quot;Picasa&quot;,&quot;camera&quot;:&quot;&quot;,&quot;caption&quot;:&quot;&quot;,&quot;created_timestamp&quot;:&quot;0&quot;,&quot;copyright&quot;:&quot;&quot;,&quot;focal_length&quot;:&quot;0&quot;,&quot;iso&quot;:&quot;0&quot;,&quot;shutter_speed&quot;:&quot;0&quot;,&quot;title&quot;:&quot;&quot;,&quot;orientation&quot;:&quot;0&quot;}\" data-image-title=\"10750181_1055312044482788_3182620551495730551_o\" data-image-description=\"\" data-image-caption=\"&lt;p&gt;fot. Artur Grybek&lt;\/p&gt;\n\" data-medium-file=\"http:\/\/www.gdansk.baptysci.pl\/wp-content\/uploads\/2015\/02\/10750181_1055312044482788_3182620551495730551_o-200x300.jpg\" data-large-file=\"http:\/\/www.gdansk.baptysci.pl\/wp-content\/uploads\/2015\/02\/10750181_1055312044482788_3182620551495730551_o-683x1024.jpg\" decoding=\"async\" data-attachment-id=\"1245\" data-permalink=\"http:\/\/www.gdansk.baptysci.pl\/index.php\/2015\/03\/15\/chrzest-wiary\/10750181_1055312044482788_3182620551495730551_o\/\" data-orig-file=\"http:\/\/www.gdansk.baptysci.pl\/wp-content\/uploads\/2015\/02\/10750181_1055312044482788_3182620551495730551_o.jpg\" data-orig-size=\"1365,2048\" data-comments-opened=\"1\" data-image-meta=\"{&quot;aperture&quot;:&quot;0&quot;,&quot;credit&quot;:&quot;Picasa&quot;,&quot;camera&quot;:&quot;&quot;,&quot;caption&quot;:&quot;&quot;,&quot;created_timestamp&quot;:&quot;0&quot;,&quot;copyright&quot;:&quot;&quot;,&quot;focal_length&quot;:&quot;0&quot;,&quot;iso&quot;:&quot;0&quot;,&quot;shutter_speed&quot;:&quot;0&quot;,&quot;title&quot;:&quot;&quot;,&quot;orientation&quot;:&quot;0&quot;}\" data-image-title=\"10750181_1055312044482788_3182620551495730551_o\" data-image-description=\"\" data-image-caption=\"&lt;p&gt;fot. Artur Grybek&lt;\/p&gt;\n\" data-medium-file=\"http:\/\/www.gdansk.baptysci.pl\/wp-content\/uploads\/2015\/02\/10750181_1055312044482788_3182620551495730551_o-200x300.jpg\" data-large-file=\"http:\/\/www.gdansk.baptysci.pl\/wp-content\/uploads\/2015\/02\/10750181_1055312044482788_3182620551495730551_o-683x1024.jpg\" srcset=\"https:\/\/i0.wp.com\/www.gdansk.baptysci.pl\/wp-content\/uploads\/2015\/02\/10750181_1055312044482788_3182620551495730551_o-683x1024.jpg?strip=info&#038;w=600 600w,https:\/\/i0.wp.com\/www.gdansk.baptysci.pl\/wp-content\/uploads\/2015\/02\/10750181_1055312044482788_3182620551495730551_o-683x1024.jpg?strip=info&#038;w=900 900w,https:\/\/i0.wp.com\/www.gdansk.baptysci.pl\/wp-content\/uploads\/2015\/02\/10750181_1055312044482788_3182620551495730551_o-683x1024.jpg?strip=info&#038;w=1200 1200w,https:\/\/i0.wp.com\/www.gdansk.baptysci.pl\/wp-content\/uploads\/2015\/02\/10750181_1055312044482788_3182620551495730551_o-683x1024.jpg?strip=info&#038;w=1365 1365w\" alt=\"\" data-height=\"2048\" data-id=\"1245\" data-link=\"http:\/\/www.gdansk.baptysci.pl\/index.php\/2015\/02\/22\/chrzest-wiary\/10750181_1055312044482788_3182620551495730551_o\/\" data-url=\"http:\/\/www.gdansk.baptysci.pl\/wp-content\/uploads\/2015\/02\/10750181_1055312044482788_3182620551495730551_o-683x1024.jpg\" data-width=\"1365\" src=\"https:\/\/i0.wp.com\/www.gdansk.baptysci.pl\/wp-content\/uploads\/2015\/02\/10750181_1055312044482788_3182620551495730551_o-683x1024.jpg\" data-amp-layout=\"responsive\"\/><\/figure><\/div><div class=\"tiled-gallery__col\" style=\"flex-basis:19.05944%\"><figure class=\"tiled-gallery__item\"><img data-attachment-id=\"1246\" data-permalink=\"http:\/\/www.gdansk.baptysci.pl\/index.php\/2015\/03\/15\/chrzest-wiary\/10750182_1055317997815526_6224432323130509425_o\/\" data-orig-file=\"http:\/\/www.gdansk.baptysci.pl\/wp-content\/uploads\/2015\/02\/10750182_1055317997815526_6224432323130509425_o.jpg\" data-orig-size=\"1361,2048\" data-comments-opened=\"1\" data-image-meta=\"{&quot;aperture&quot;:&quot;0&quot;,&quot;credit&quot;:&quot;Picasa&quot;,&quot;camera&quot;:&quot;&quot;,&quot;caption&quot;:&quot;&quot;,&quot;created_timestamp&quot;:&quot;0&quot;,&quot;copyright&quot;:&quot;&quot;,&quot;focal_length&quot;:&quot;0&quot;,&quot;iso&quot;:&quot;0&quot;,&quot;shutter_speed&quot;:&quot;0&quot;,&quot;title&quot;:&quot;&quot;,&quot;orientation&quot;:&quot;0&quot;}\" data-image-title=\"10750182_1055317997815526_6224432323130509425_o\" data-image-description=\"\" data-image-caption=\"&lt;p&gt;fot. Artur Grybek&lt;\/p&gt;\n\" data-medium-file=\"http:\/\/www.gdansk.baptysci.pl\/wp-content\/uploads\/2015\/02\/10750182_1055317997815526_6224432323130509425_o-199x300.jpg\" data-large-file=\"http:\/\/www.gdansk.baptysci.pl\/wp-content\/uploads\/2015\/02\/10750182_1055317997815526_6224432323130509425_o-681x1024.jpg\" data-attachment-id=\"1246\" data-permalink=\"http:\/\/www.gdansk.baptysci.pl\/index.php\/2015\/03\/15\/chrzest-wiary\/10750182_1055317997815526_6224432323130509425_o\/\" data-orig-file=\"http:\/\/www.gdansk.baptysci.pl\/wp-content\/uploads\/2015\/02\/10750182_1055317997815526_6224432323130509425_o.jpg\" data-orig-size=\"1361,2048\" data-comments-opened=\"1\" data-image-meta=\"{&quot;aperture&quot;:&quot;0&quot;,&quot;credit&quot;:&quot;Picasa&quot;,&quot;camera&quot;:&quot;&quot;,&quot;caption&quot;:&quot;&quot;,&quot;created_timestamp&quot;:&quot;0&quot;,&quot;copyright&quot;:&quot;&quot;,&quot;focal_length&quot;:&quot;0&quot;,&quot;iso&quot;:&quot;0&quot;,&quot;shutter_speed&quot;:&quot;0&quot;,&quot;title&quot;:&quot;&quot;,&quot;orientation&quot;:&quot;0&quot;}\" data-image-title=\"10750182_1055317997815526_6224432323130509425_o\" data-image-description=\"\" data-image-caption=\"&lt;p&gt;fot. Artur Grybek&lt;\/p&gt;\n\" data-medium-file=\"http:\/\/www.gdansk.baptysci.pl\/wp-content\/uploads\/2015\/02\/10750182_1055317997815526_6224432323130509425_o-199x300.jpg\" data-large-file=\"http:\/\/www.gdansk.baptysci.pl\/wp-content\/uploads\/2015\/02\/10750182_1055317997815526_6224432323130509425_o-681x1024.jpg\" decoding=\"async\" data-attachment-id=\"1246\" data-permalink=\"http:\/\/www.gdansk.baptysci.pl\/index.php\/2015\/03\/15\/chrzest-wiary\/10750182_1055317997815526_6224432323130509425_o\/\" data-orig-file=\"http:\/\/www.gdansk.baptysci.pl\/wp-content\/uploads\/2015\/02\/10750182_1055317997815526_6224432323130509425_o.jpg\" data-orig-size=\"1361,2048\" data-comments-opened=\"1\" data-image-meta=\"{&quot;aperture&quot;:&quot;0&quot;,&quot;credit&quot;:&quot;Picasa&quot;,&quot;camera&quot;:&quot;&quot;,&quot;caption&quot;:&quot;&quot;,&quot;created_timestamp&quot;:&quot;0&quot;,&quot;copyright&quot;:&quot;&quot;,&quot;focal_length&quot;:&quot;0&quot;,&quot;iso&quot;:&quot;0&quot;,&quot;shutter_speed&quot;:&quot;0&quot;,&quot;title&quot;:&quot;&quot;,&quot;orientation&quot;:&quot;0&quot;}\" data-image-title=\"10750182_1055317997815526_6224432323130509425_o\" data-image-description=\"\" data-image-caption=\"&lt;p&gt;fot. Artur Grybek&lt;\/p&gt;\n\" data-medium-file=\"http:\/\/www.gdansk.baptysci.pl\/wp-content\/uploads\/2015\/02\/10750182_1055317997815526_6224432323130509425_o-199x300.jpg\" data-large-file=\"http:\/\/www.gdansk.baptysci.pl\/wp-content\/uploads\/2015\/02\/10750182_1055317997815526_6224432323130509425_o-681x1024.jpg\" srcset=\"https:\/\/i2.wp.com\/www.gdansk.baptysci.pl\/wp-content\/uploads\/2015\/02\/10750182_1055317997815526_6224432323130509425_o-681x1024.jpg?strip=info&#038;w=600 600w,https:\/\/i2.wp.com\/www.gdansk.baptysci.pl\/wp-content\/uploads\/2015\/02\/10750182_1055317997815526_6224432323130509425_o-681x1024.jpg?strip=info&#038;w=900 900w,https:\/\/i2.wp.com\/www.gdansk.baptysci.pl\/wp-content\/uploads\/2015\/02\/10750182_1055317997815526_6224432323130509425_o-681x1024.jpg?strip=info&#038;w=1200 1200w,https:\/\/i2.wp.com\/www.gdansk.baptysci.pl\/wp-content\/uploads\/2015\/02\/10750182_1055317997815526_6224432323130509425_o-681x1024.jpg?strip=info&#038;w=1361 1361w\" alt=\"\" data-height=\"2048\" data-id=\"1246\" data-link=\"http:\/\/www.gdansk.baptysci.pl\/index.php\/2015\/02\/22\/chrzest-wiary\/10750182_1055317997815526_6224432323130509425_o\/\" data-url=\"http:\/\/www.gdansk.baptysci.pl\/wp-content\/uploads\/2015\/02\/10750182_1055317997815526_6224432323130509425_o-681x1024.jpg\" data-width=\"1361\" src=\"https:\/\/i2.wp.com\/www.gdansk.baptysci.pl\/wp-content\/uploads\/2015\/02\/10750182_1055317997815526_6224432323130509425_o-681x1024.jpg\" data-amp-layout=\"responsive\"\/><\/figure><\/div><\/div><div class=\"tiled-gallery__row\"><div class=\"tiled-gallery__col\" style=\"flex-basis:50.00000%\"><figure class=\"tiled-gallery__item\"><img data-attachment-id=\"1247\" data-permalink=\"http:\/\/www.gdansk.baptysci.pl\/index.php\/2015\/03\/15\/chrzest-wiary\/10750194_1055313334482659_1761049356896762602_o\/\" data-orig-file=\"http:\/\/www.gdansk.baptysci.pl\/wp-content\/uploads\/2015\/02\/10750194_1055313334482659_1761049356896762602_o.jpg\" data-orig-size=\"1356,2048\" data-comments-opened=\"1\" data-image-meta=\"{&quot;aperture&quot;:&quot;0&quot;,&quot;credit&quot;:&quot;&quot;,&quot;camera&quot;:&quot;&quot;,&quot;caption&quot;:&quot;&quot;,&quot;created_timestamp&quot;:&quot;0&quot;,&quot;copyright&quot;:&quot;&quot;,&quot;focal_length&quot;:&quot;0&quot;,&quot;iso&quot;:&quot;0&quot;,&quot;shutter_speed&quot;:&quot;0&quot;,&quot;title&quot;:&quot;&quot;,&quot;orientation&quot;:&quot;0&quot;}\" data-image-title=\"10750194_1055313334482659_1761049356896762602_o\" data-image-description=\"\" data-image-caption=\"&lt;p&gt;fot. Artur Grybek&lt;\/p&gt;\n\" data-medium-file=\"http:\/\/www.gdansk.baptysci.pl\/wp-content\/uploads\/2015\/02\/10750194_1055313334482659_1761049356896762602_o-199x300.jpg\" data-large-file=\"http:\/\/www.gdansk.baptysci.pl\/wp-content\/uploads\/2015\/02\/10750194_1055313334482659_1761049356896762602_o-678x1024.jpg\" data-attachment-id=\"1247\" data-permalink=\"http:\/\/www.gdansk.baptysci.pl\/index.php\/2015\/03\/15\/chrzest-wiary\/10750194_1055313334482659_1761049356896762602_o\/\" data-orig-file=\"http:\/\/www.gdansk.baptysci.pl\/wp-content\/uploads\/2015\/02\/10750194_1055313334482659_1761049356896762602_o.jpg\" data-orig-size=\"1356,2048\" data-comments-opened=\"1\" data-image-meta=\"{&quot;aperture&quot;:&quot;0&quot;,&quot;credit&quot;:&quot;&quot;,&quot;camera&quot;:&quot;&quot;,&quot;caption&quot;:&quot;&quot;,&quot;created_timestamp&quot;:&quot;0&quot;,&quot;copyright&quot;:&quot;&quot;,&quot;focal_length&quot;:&quot;0&quot;,&quot;iso&quot;:&quot;0&quot;,&quot;shutter_speed&quot;:&quot;0&quot;,&quot;title&quot;:&quot;&quot;,&quot;orientation&quot;:&quot;0&quot;}\" data-image-title=\"10750194_1055313334482659_1761049356896762602_o\" data-image-description=\"\" data-image-caption=\"&lt;p&gt;fot. Artur Grybek&lt;\/p&gt;\n\" data-medium-file=\"http:\/\/www.gdansk.baptysci.pl\/wp-content\/uploads\/2015\/02\/10750194_1055313334482659_1761049356896762602_o-199x300.jpg\" data-large-file=\"http:\/\/www.gdansk.baptysci.pl\/wp-content\/uploads\/2015\/02\/10750194_1055313334482659_1761049356896762602_o-678x1024.jpg\" decoding=\"async\" data-attachment-id=\"1247\" data-permalink=\"http:\/\/www.gdansk.baptysci.pl\/index.php\/2015\/03\/15\/chrzest-wiary\/10750194_1055313334482659_1761049356896762602_o\/\" data-orig-file=\"http:\/\/www.gdansk.baptysci.pl\/wp-content\/uploads\/2015\/02\/10750194_1055313334482659_1761049356896762602_o.jpg\" data-orig-size=\"1356,2048\" data-comments-opened=\"1\" data-image-meta=\"{&quot;aperture&quot;:&quot;0&quot;,&quot;credit&quot;:&quot;&quot;,&quot;camera&quot;:&quot;&quot;,&quot;caption&quot;:&quot;&quot;,&quot;created_timestamp&quot;:&quot;0&quot;,&quot;copyright&quot;:&quot;&quot;,&quot;focal_length&quot;:&quot;0&quot;,&quot;iso&quot;:&quot;0&quot;,&quot;shutter_speed&quot;:&quot;0&quot;,&quot;title&quot;:&quot;&quot;,&quot;orientation&quot;:&quot;0&quot;}\" data-image-title=\"10750194_1055313334482659_1761049356896762602_o\" data-image-description=\"\" data-image-caption=\"&lt;p&gt;fot. Artur Grybek&lt;\/p&gt;\n\" data-medium-file=\"http:\/\/www.gdansk.baptysci.pl\/wp-content\/uploads\/2015\/02\/10750194_1055313334482659_1761049356896762602_o-199x300.jpg\" data-large-file=\"http:\/\/www.gdansk.baptysci.pl\/wp-content\/uploads\/2015\/02\/10750194_1055313334482659_1761049356896762602_o-678x1024.jpg\" srcset=\"https:\/\/i0.wp.com\/www.gdansk.baptysci.pl\/wp-content\/uploads\/2015\/02\/10750194_1055313334482659_1761049356896762602_o-678x1024.jpg?strip=info&#038;w=600 600w,https:\/\/i0.wp.com\/www.gdansk.baptysci.pl\/wp-content\/uploads\/2015\/02\/10750194_1055313334482659_1761049356896762602_o-678x1024.jpg?strip=info&#038;w=900 900w,https:\/\/i0.wp.com\/www.gdansk.baptysci.pl\/wp-content\/uploads\/2015\/02\/10750194_1055313334482659_1761049356896762602_o-678x1024.jpg?strip=info&#038;w=1200 1200w,https:\/\/i0.wp.com\/www.gdansk.baptysci.pl\/wp-content\/uploads\/2015\/02\/10750194_1055313334482659_1761049356896762602_o-678x1024.jpg?strip=info&#038;w=1356 1356w\" alt=\"\" data-height=\"2048\" data-id=\"1247\" data-link=\"http:\/\/www.gdansk.baptysci.pl\/index.php\/2015\/02\/22\/chrzest-wiary\/10750194_1055313334482659_1761049356896762602_o\/\" data-url=\"http:\/\/www.gdansk.baptysci.pl\/wp-content\/uploads\/2015\/02\/10750194_1055313334482659_1761049356896762602_o-678x1024.jpg\" data-width=\"1356\" src=\"https:\/\/i0.wp.com\/www.gdansk.baptysci.pl\/wp-content\/uploads\/2015\/02\/10750194_1055313334482659_1761049356896762602_o-678x1024.jpg\" data-amp-layout=\"responsive\"\/><\/figure><\/div><div class=\"tiled-gallery__col\" style=\"flex-basis:50.00000%\"><figure class=\"tiled-gallery__item\"><img data-attachment-id=\"1248\" data-permalink=\"http:\/\/www.gdansk.baptysci.pl\/index.php\/2015\/03\/15\/chrzest-wiary\/10828054_1055309494483043_9155823633655895903_o\/\" data-orig-file=\"http:\/\/www.gdansk.baptysci.pl\/wp-content\/uploads\/2015\/02\/10828054_1055309494483043_9155823633655895903_o.jpg\" data-orig-size=\"1356,2048\" data-comments-opened=\"1\" data-image-meta=\"{&quot;aperture&quot;:&quot;0&quot;,&quot;credit&quot;:&quot;&quot;,&quot;camera&quot;:&quot;&quot;,&quot;caption&quot;:&quot;&quot;,&quot;created_timestamp&quot;:&quot;0&quot;,&quot;copyright&quot;:&quot;&quot;,&quot;focal_length&quot;:&quot;0&quot;,&quot;iso&quot;:&quot;0&quot;,&quot;shutter_speed&quot;:&quot;0&quot;,&quot;title&quot;:&quot;&quot;,&quot;orientation&quot;:&quot;0&quot;}\" data-image-title=\"10828054_1055309494483043_9155823633655895903_o\" data-image-description=\"\" data-image-caption=\"&lt;p&gt;fot. Artur Grybek&lt;\/p&gt;\n\" data-medium-file=\"http:\/\/www.gdansk.baptysci.pl\/wp-content\/uploads\/2015\/02\/10828054_1055309494483043_9155823633655895903_o-199x300.jpg\" data-large-file=\"http:\/\/www.gdansk.baptysci.pl\/wp-content\/uploads\/2015\/02\/10828054_1055309494483043_9155823633655895903_o-678x1024.jpg\" data-attachment-id=\"1248\" data-permalink=\"http:\/\/www.gdansk.baptysci.pl\/index.php\/2015\/03\/15\/chrzest-wiary\/10828054_1055309494483043_9155823633655895903_o\/\" data-orig-file=\"http:\/\/www.gdansk.baptysci.pl\/wp-content\/uploads\/2015\/02\/10828054_1055309494483043_9155823633655895903_o.jpg\" data-orig-size=\"1356,2048\" data-comments-opened=\"1\" data-image-meta=\"{&quot;aperture&quot;:&quot;0&quot;,&quot;credit&quot;:&quot;&quot;,&quot;camera&quot;:&quot;&quot;,&quot;caption&quot;:&quot;&quot;,&quot;created_timestamp&quot;:&quot;0&quot;,&quot;copyright&quot;:&quot;&quot;,&quot;focal_length&quot;:&quot;0&quot;,&quot;iso&quot;:&quot;0&quot;,&quot;shutter_speed&quot;:&quot;0&quot;,&quot;title&quot;:&quot;&quot;,&quot;orientation&quot;:&quot;0&quot;}\" data-image-title=\"10828054_1055309494483043_9155823633655895903_o\" data-image-description=\"\" data-image-caption=\"&lt;p&gt;fot. Artur Grybek&lt;\/p&gt;\n\" data-medium-file=\"http:\/\/www.gdansk.baptysci.pl\/wp-content\/uploads\/2015\/02\/10828054_1055309494483043_9155823633655895903_o-199x300.jpg\" data-large-file=\"http:\/\/www.gdansk.baptysci.pl\/wp-content\/uploads\/2015\/02\/10828054_1055309494483043_9155823633655895903_o-678x1024.jpg\" decoding=\"async\" data-attachment-id=\"1248\" data-permalink=\"http:\/\/www.gdansk.baptysci.pl\/index.php\/2015\/03\/15\/chrzest-wiary\/10828054_1055309494483043_9155823633655895903_o\/\" data-orig-file=\"http:\/\/www.gdansk.baptysci.pl\/wp-content\/uploads\/2015\/02\/10828054_1055309494483043_9155823633655895903_o.jpg\" data-orig-size=\"1356,2048\" data-comments-opened=\"1\" data-image-meta=\"{&quot;aperture&quot;:&quot;0&quot;,&quot;credit&quot;:&quot;&quot;,&quot;camera&quot;:&quot;&quot;,&quot;caption&quot;:&quot;&quot;,&quot;created_timestamp&quot;:&quot;0&quot;,&quot;copyright&quot;:&quot;&quot;,&quot;focal_length&quot;:&quot;0&quot;,&quot;iso&quot;:&quot;0&quot;,&quot;shutter_speed&quot;:&quot;0&quot;,&quot;title&quot;:&quot;&quot;,&quot;orientation&quot;:&quot;0&quot;}\" data-image-title=\"10828054_1055309494483043_9155823633655895903_o\" data-image-description=\"\" data-image-caption=\"&lt;p&gt;fot. Artur Grybek&lt;\/p&gt;\n\" data-medium-file=\"http:\/\/www.gdansk.baptysci.pl\/wp-content\/uploads\/2015\/02\/10828054_1055309494483043_9155823633655895903_o-199x300.jpg\" data-large-file=\"http:\/\/www.gdansk.baptysci.pl\/wp-content\/uploads\/2015\/02\/10828054_1055309494483043_9155823633655895903_o-678x1024.jpg\" srcset=\"https:\/\/i1.wp.com\/www.gdansk.baptysci.pl\/wp-content\/uploads\/2015\/02\/10828054_1055309494483043_9155823633655895903_o-678x1024.jpg?strip=info&#038;w=600 600w,https:\/\/i1.wp.com\/www.gdansk.baptysci.pl\/wp-content\/uploads\/2015\/02\/10828054_1055309494483043_9155823633655895903_o-678x1024.jpg?strip=info&#038;w=900 900w,https:\/\/i1.wp.com\/www.gdansk.baptysci.pl\/wp-content\/uploads\/2015\/02\/10828054_1055309494483043_9155823633655895903_o-678x1024.jpg?strip=info&#038;w=1200 1200w,https:\/\/i1.wp.com\/www.gdansk.baptysci.pl\/wp-content\/uploads\/2015\/02\/10828054_1055309494483043_9155823633655895903_o-678x1024.jpg?strip=info&#038;w=1356 1356w\" alt=\"\" data-height=\"2048\" data-id=\"1248\" data-link=\"http:\/\/www.gdansk.baptysci.pl\/index.php\/2015\/02\/22\/chrzest-wiary\/10828054_1055309494483043_9155823633655895903_o\/\" data-url=\"http:\/\/www.gdansk.baptysci.pl\/wp-content\/uploads\/2015\/02\/10828054_1055309494483043_9155823633655895903_o-678x1024.jpg\" data-width=\"1356\" src=\"https:\/\/i1.wp.com\/www.gdansk.baptysci.pl\/wp-content\/uploads\/2015\/02\/10828054_1055309494483043_9155823633655895903_o-678x1024.jpg\" data-amp-layout=\"responsive\"\/><\/figure><\/div><\/div><div class=\"tiled-gallery__row\"><div class=\"tiled-gallery__col\" style=\"flex-basis:24.95875%\"><figure class=\"tiled-gallery__item\"><img data-attachment-id=\"1249\" data-permalink=\"http:\/\/www.gdansk.baptysci.pl\/index.php\/2015\/03\/15\/chrzest-wiary\/10830954_1055309774483015_8551900174529661616_o\/\" data-orig-file=\"http:\/\/www.gdansk.baptysci.pl\/wp-content\/uploads\/2015\/02\/10830954_1055309774483015_8551900174529661616_o.jpg\" data-orig-size=\"1356,2048\" data-comments-opened=\"1\" data-image-meta=\"{&quot;aperture&quot;:&quot;0&quot;,&quot;credit&quot;:&quot;&quot;,&quot;camera&quot;:&quot;&quot;,&quot;caption&quot;:&quot;&quot;,&quot;created_timestamp&quot;:&quot;0&quot;,&quot;copyright&quot;:&quot;&quot;,&quot;focal_length&quot;:&quot;0&quot;,&quot;iso&quot;:&quot;0&quot;,&quot;shutter_speed&quot;:&quot;0&quot;,&quot;title&quot;:&quot;&quot;,&quot;orientation&quot;:&quot;0&quot;}\" data-image-title=\"10830954_1055309774483015_8551900174529661616_o\" data-image-description=\"\" data-image-caption=\"&lt;p&gt;fot. Artur Grybek&lt;\/p&gt;\n\" data-medium-file=\"http:\/\/www.gdansk.baptysci.pl\/wp-content\/uploads\/2015\/02\/10830954_1055309774483015_8551900174529661616_o-199x300.jpg\" data-large-file=\"http:\/\/www.gdansk.baptysci.pl\/wp-content\/uploads\/2015\/02\/10830954_1055309774483015_8551900174529661616_o-678x1024.jpg\" data-attachment-id=\"1249\" data-permalink=\"http:\/\/www.gdansk.baptysci.pl\/index.php\/2015\/03\/15\/chrzest-wiary\/10830954_1055309774483015_8551900174529661616_o\/\" data-orig-file=\"http:\/\/www.gdansk.baptysci.pl\/wp-content\/uploads\/2015\/02\/10830954_1055309774483015_8551900174529661616_o.jpg\" data-orig-size=\"1356,2048\" data-comments-opened=\"1\" data-image-meta=\"{&quot;aperture&quot;:&quot;0&quot;,&quot;credit&quot;:&quot;&quot;,&quot;camera&quot;:&quot;&quot;,&quot;caption&quot;:&quot;&quot;,&quot;created_timestamp&quot;:&quot;0&quot;,&quot;copyright&quot;:&quot;&quot;,&quot;focal_length&quot;:&quot;0&quot;,&quot;iso&quot;:&quot;0&quot;,&quot;shutter_speed&quot;:&quot;0&quot;,&quot;title&quot;:&quot;&quot;,&quot;orientation&quot;:&quot;0&quot;}\" data-image-title=\"10830954_1055309774483015_8551900174529661616_o\" data-image-description=\"\" data-image-caption=\"&lt;p&gt;fot. Artur Grybek&lt;\/p&gt;\n\" data-medium-file=\"http:\/\/www.gdansk.baptysci.pl\/wp-content\/uploads\/2015\/02\/10830954_1055309774483015_8551900174529661616_o-199x300.jpg\" data-large-file=\"http:\/\/www.gdansk.baptysci.pl\/wp-content\/uploads\/2015\/02\/10830954_1055309774483015_8551900174529661616_o-678x1024.jpg\" decoding=\"async\" data-attachment-id=\"1249\" data-permalink=\"http:\/\/www.gdansk.baptysci.pl\/index.php\/2015\/03\/15\/chrzest-wiary\/10830954_1055309774483015_8551900174529661616_o\/\" data-orig-file=\"http:\/\/www.gdansk.baptysci.pl\/wp-content\/uploads\/2015\/02\/10830954_1055309774483015_8551900174529661616_o.jpg\" data-orig-size=\"1356,2048\" data-comments-opened=\"1\" data-image-meta=\"{&quot;aperture&quot;:&quot;0&quot;,&quot;credit&quot;:&quot;&quot;,&quot;camera&quot;:&quot;&quot;,&quot;caption&quot;:&quot;&quot;,&quot;created_timestamp&quot;:&quot;0&quot;,&quot;copyright&quot;:&quot;&quot;,&quot;focal_length&quot;:&quot;0&quot;,&quot;iso&quot;:&quot;0&quot;,&quot;shutter_speed&quot;:&quot;0&quot;,&quot;title&quot;:&quot;&quot;,&quot;orientation&quot;:&quot;0&quot;}\" data-image-title=\"10830954_1055309774483015_8551900174529661616_o\" data-image-description=\"\" data-image-caption=\"&lt;p&gt;fot. Artur Grybek&lt;\/p&gt;\n\" data-medium-file=\"http:\/\/www.gdansk.baptysci.pl\/wp-content\/uploads\/2015\/02\/10830954_1055309774483015_8551900174529661616_o-199x300.jpg\" data-large-file=\"http:\/\/www.gdansk.baptysci.pl\/wp-content\/uploads\/2015\/02\/10830954_1055309774483015_8551900174529661616_o-678x1024.jpg\" srcset=\"https:\/\/i1.wp.com\/www.gdansk.baptysci.pl\/wp-content\/uploads\/2015\/02\/10830954_1055309774483015_8551900174529661616_o-678x1024.jpg?strip=info&#038;w=600 600w,https:\/\/i1.wp.com\/www.gdansk.baptysci.pl\/wp-content\/uploads\/2015\/02\/10830954_1055309774483015_8551900174529661616_o-678x1024.jpg?strip=info&#038;w=900 900w,https:\/\/i1.wp.com\/www.gdansk.baptysci.pl\/wp-content\/uploads\/2015\/02\/10830954_1055309774483015_8551900174529661616_o-678x1024.jpg?strip=info&#038;w=1200 1200w,https:\/\/i1.wp.com\/www.gdansk.baptysci.pl\/wp-content\/uploads\/2015\/02\/10830954_1055309774483015_8551900174529661616_o-678x1024.jpg?strip=info&#038;w=1356 1356w\" alt=\"\" data-height=\"2048\" data-id=\"1249\" data-link=\"http:\/\/www.gdansk.baptysci.pl\/index.php\/2015\/02\/22\/chrzest-wiary\/10830954_1055309774483015_8551900174529661616_o\/\" data-url=\"http:\/\/www.gdansk.baptysci.pl\/wp-content\/uploads\/2015\/02\/10830954_1055309774483015_8551900174529661616_o-678x1024.jpg\" data-width=\"1356\" src=\"https:\/\/i1.wp.com\/www.gdansk.baptysci.pl\/wp-content\/uploads\/2015\/02\/10830954_1055309774483015_8551900174529661616_o-678x1024.jpg\" data-amp-layout=\"responsive\"\/><\/figure><\/div><div class=\"tiled-gallery__col\" style=\"flex-basis:24.95875%\"><figure class=\"tiled-gallery__item\"><img data-attachment-id=\"1250\" data-permalink=\"http:\/\/www.gdansk.baptysci.pl\/index.php\/2015\/03\/15\/chrzest-wiary\/10835360_1055315251149134_2695931953840799540_o\/\" data-orig-file=\"http:\/\/www.gdansk.baptysci.pl\/wp-content\/uploads\/2015\/02\/10835360_1055315251149134_2695931953840799540_o.jpg\" data-orig-size=\"1356,2048\" data-comments-opened=\"1\" data-image-meta=\"{&quot;aperture&quot;:&quot;0&quot;,&quot;credit&quot;:&quot;&quot;,&quot;camera&quot;:&quot;&quot;,&quot;caption&quot;:&quot;&quot;,&quot;created_timestamp&quot;:&quot;0&quot;,&quot;copyright&quot;:&quot;&quot;,&quot;focal_length&quot;:&quot;0&quot;,&quot;iso&quot;:&quot;0&quot;,&quot;shutter_speed&quot;:&quot;0&quot;,&quot;title&quot;:&quot;&quot;,&quot;orientation&quot;:&quot;0&quot;}\" data-image-title=\"10835360_1055315251149134_2695931953840799540_o\" data-image-description=\"\" data-image-caption=\"&lt;p&gt;fot. Artur Grybek&lt;\/p&gt;\n\" data-medium-file=\"http:\/\/www.gdansk.baptysci.pl\/wp-content\/uploads\/2015\/02\/10835360_1055315251149134_2695931953840799540_o-199x300.jpg\" data-large-file=\"http:\/\/www.gdansk.baptysci.pl\/wp-content\/uploads\/2015\/02\/10835360_1055315251149134_2695931953840799540_o-678x1024.jpg\" data-attachment-id=\"1250\" data-permalink=\"http:\/\/www.gdansk.baptysci.pl\/index.php\/2015\/03\/15\/chrzest-wiary\/10835360_1055315251149134_2695931953840799540_o\/\" data-orig-file=\"http:\/\/www.gdansk.baptysci.pl\/wp-content\/uploads\/2015\/02\/10835360_1055315251149134_2695931953840799540_o.jpg\" data-orig-size=\"1356,2048\" data-comments-opened=\"1\" data-image-meta=\"{&quot;aperture&quot;:&quot;0&quot;,&quot;credit&quot;:&quot;&quot;,&quot;camera&quot;:&quot;&quot;,&quot;caption&quot;:&quot;&quot;,&quot;created_timestamp&quot;:&quot;0&quot;,&quot;copyright&quot;:&quot;&quot;,&quot;focal_length&quot;:&quot;0&quot;,&quot;iso&quot;:&quot;0&quot;,&quot;shutter_speed&quot;:&quot;0&quot;,&quot;title&quot;:&quot;&quot;,&quot;orientation&quot;:&quot;0&quot;}\" data-image-title=\"10835360_1055315251149134_2695931953840799540_o\" data-image-description=\"\" data-image-caption=\"&lt;p&gt;fot. Artur Grybek&lt;\/p&gt;\n\" data-medium-file=\"http:\/\/www.gdansk.baptysci.pl\/wp-content\/uploads\/2015\/02\/10835360_1055315251149134_2695931953840799540_o-199x300.jpg\" data-large-file=\"http:\/\/www.gdansk.baptysci.pl\/wp-content\/uploads\/2015\/02\/10835360_1055315251149134_2695931953840799540_o-678x1024.jpg\" decoding=\"async\" data-attachment-id=\"1250\" data-permalink=\"http:\/\/www.gdansk.baptysci.pl\/index.php\/2015\/03\/15\/chrzest-wiary\/10835360_1055315251149134_2695931953840799540_o\/\" data-orig-file=\"http:\/\/www.gdansk.baptysci.pl\/wp-content\/uploads\/2015\/02\/10835360_1055315251149134_2695931953840799540_o.jpg\" data-orig-size=\"1356,2048\" data-comments-opened=\"1\" data-image-meta=\"{&quot;aperture&quot;:&quot;0&quot;,&quot;credit&quot;:&quot;&quot;,&quot;camera&quot;:&quot;&quot;,&quot;caption&quot;:&quot;&quot;,&quot;created_timestamp&quot;:&quot;0&quot;,&quot;copyright&quot;:&quot;&quot;,&quot;focal_length&quot;:&quot;0&quot;,&quot;iso&quot;:&quot;0&quot;,&quot;shutter_speed&quot;:&quot;0&quot;,&quot;title&quot;:&quot;&quot;,&quot;orientation&quot;:&quot;0&quot;}\" data-image-title=\"10835360_1055315251149134_2695931953840799540_o\" data-image-description=\"\" data-image-caption=\"&lt;p&gt;fot. Artur Grybek&lt;\/p&gt;\n\" data-medium-file=\"http:\/\/www.gdansk.baptysci.pl\/wp-content\/uploads\/2015\/02\/10835360_1055315251149134_2695931953840799540_o-199x300.jpg\" data-large-file=\"http:\/\/www.gdansk.baptysci.pl\/wp-content\/uploads\/2015\/02\/10835360_1055315251149134_2695931953840799540_o-678x1024.jpg\" srcset=\"https:\/\/i1.wp.com\/www.gdansk.baptysci.pl\/wp-content\/uploads\/2015\/02\/10835360_1055315251149134_2695931953840799540_o-678x1024.jpg?strip=info&#038;w=600 600w,https:\/\/i1.wp.com\/www.gdansk.baptysci.pl\/wp-content\/uploads\/2015\/02\/10835360_1055315251149134_2695931953840799540_o-678x1024.jpg?strip=info&#038;w=900 900w,https:\/\/i1.wp.com\/www.gdansk.baptysci.pl\/wp-content\/uploads\/2015\/02\/10835360_1055315251149134_2695931953840799540_o-678x1024.jpg?strip=info&#038;w=1200 1200w,https:\/\/i1.wp.com\/www.gdansk.baptysci.pl\/wp-content\/uploads\/2015\/02\/10835360_1055315251149134_2695931953840799540_o-678x1024.jpg?strip=info&#038;w=1356 1356w\" alt=\"\" data-height=\"2048\" data-id=\"1250\" data-link=\"http:\/\/www.gdansk.baptysci.pl\/index.php\/2015\/02\/22\/chrzest-wiary\/10835360_1055315251149134_2695931953840799540_o\/\" data-url=\"http:\/\/www.gdansk.baptysci.pl\/wp-content\/uploads\/2015\/02\/10835360_1055315251149134_2695931953840799540_o-678x1024.jpg\" data-width=\"1356\" src=\"https:\/\/i1.wp.com\/www.gdansk.baptysci.pl\/wp-content\/uploads\/2015\/02\/10835360_1055315251149134_2695931953840799540_o-678x1024.jpg\" data-amp-layout=\"responsive\"\/><\/figure><\/div><div class=\"tiled-gallery__col\" style=\"flex-basis:25.12375%\"><figure class=\"tiled-gallery__item\"><img data-attachment-id=\"1251\" data-permalink=\"http:\/\/www.gdansk.baptysci.pl\/index.php\/2015\/03\/15\/chrzest-wiary\/10842238_1055317491148910_8987378092977280440_o\/\" data-orig-file=\"http:\/\/www.gdansk.baptysci.pl\/wp-content\/uploads\/2015\/02\/10842238_1055317491148910_8987378092977280440_o.jpg\" data-orig-size=\"1365,2048\" data-comments-opened=\"1\" data-image-meta=\"{&quot;aperture&quot;:&quot;0&quot;,&quot;credit&quot;:&quot;Picasa&quot;,&quot;camera&quot;:&quot;&quot;,&quot;caption&quot;:&quot;&quot;,&quot;created_timestamp&quot;:&quot;0&quot;,&quot;copyright&quot;:&quot;&quot;,&quot;focal_length&quot;:&quot;0&quot;,&quot;iso&quot;:&quot;0&quot;,&quot;shutter_speed&quot;:&quot;0&quot;,&quot;title&quot;:&quot;&quot;,&quot;orientation&quot;:&quot;0&quot;}\" data-image-title=\"10842238_1055317491148910_8987378092977280440_o\" data-image-description=\"\" data-image-caption=\"&lt;p&gt;fot. Artur Grybek&lt;\/p&gt;\n\" data-medium-file=\"http:\/\/www.gdansk.baptysci.pl\/wp-content\/uploads\/2015\/02\/10842238_1055317491148910_8987378092977280440_o-200x300.jpg\" data-large-file=\"http:\/\/www.gdansk.baptysci.pl\/wp-content\/uploads\/2015\/02\/10842238_1055317491148910_8987378092977280440_o-683x1024.jpg\" data-attachment-id=\"1251\" data-permalink=\"http:\/\/www.gdansk.baptysci.pl\/index.php\/2015\/03\/15\/chrzest-wiary\/10842238_1055317491148910_8987378092977280440_o\/\" data-orig-file=\"http:\/\/www.gdansk.baptysci.pl\/wp-content\/uploads\/2015\/02\/10842238_1055317491148910_8987378092977280440_o.jpg\" data-orig-size=\"1365,2048\" data-comments-opened=\"1\" data-image-meta=\"{&quot;aperture&quot;:&quot;0&quot;,&quot;credit&quot;:&quot;Picasa&quot;,&quot;camera&quot;:&quot;&quot;,&quot;caption&quot;:&quot;&quot;,&quot;created_timestamp&quot;:&quot;0&quot;,&quot;copyright&quot;:&quot;&quot;,&quot;focal_length&quot;:&quot;0&quot;,&quot;iso&quot;:&quot;0&quot;,&quot;shutter_speed&quot;:&quot;0&quot;,&quot;title&quot;:&quot;&quot;,&quot;orientation&quot;:&quot;0&quot;}\" data-image-title=\"10842238_1055317491148910_8987378092977280440_o\" data-image-description=\"\" data-image-caption=\"&lt;p&gt;fot. Artur Grybek&lt;\/p&gt;\n\" data-medium-file=\"http:\/\/www.gdansk.baptysci.pl\/wp-content\/uploads\/2015\/02\/10842238_1055317491148910_8987378092977280440_o-200x300.jpg\" data-large-file=\"http:\/\/www.gdansk.baptysci.pl\/wp-content\/uploads\/2015\/02\/10842238_1055317491148910_8987378092977280440_o-683x1024.jpg\" decoding=\"async\" data-attachment-id=\"1251\" data-permalink=\"http:\/\/www.gdansk.baptysci.pl\/index.php\/2015\/03\/15\/chrzest-wiary\/10842238_1055317491148910_8987378092977280440_o\/\" data-orig-file=\"http:\/\/www.gdansk.baptysci.pl\/wp-content\/uploads\/2015\/02\/10842238_1055317491148910_8987378092977280440_o.jpg\" data-orig-size=\"1365,2048\" data-comments-opened=\"1\" data-image-meta=\"{&quot;aperture&quot;:&quot;0&quot;,&quot;credit&quot;:&quot;Picasa&quot;,&quot;camera&quot;:&quot;&quot;,&quot;caption&quot;:&quot;&quot;,&quot;created_timestamp&quot;:&quot;0&quot;,&quot;copyright&quot;:&quot;&quot;,&quot;focal_length&quot;:&quot;0&quot;,&quot;iso&quot;:&quot;0&quot;,&quot;shutter_speed&quot;:&quot;0&quot;,&quot;title&quot;:&quot;&quot;,&quot;orientation&quot;:&quot;0&quot;}\" data-image-title=\"10842238_1055317491148910_8987378092977280440_o\" data-image-description=\"\" data-image-caption=\"&lt;p&gt;fot. Artur Grybek&lt;\/p&gt;\n\" data-medium-file=\"http:\/\/www.gdansk.baptysci.pl\/wp-content\/uploads\/2015\/02\/10842238_1055317491148910_8987378092977280440_o-200x300.jpg\" data-large-file=\"http:\/\/www.gdansk.baptysci.pl\/wp-content\/uploads\/2015\/02\/10842238_1055317491148910_8987378092977280440_o-683x1024.jpg\" srcset=\"https:\/\/i2.wp.com\/www.gdansk.baptysci.pl\/wp-content\/uploads\/2015\/02\/10842238_1055317491148910_8987378092977280440_o-683x1024.jpg?strip=info&#038;w=600 600w,https:\/\/i2.wp.com\/www.gdansk.baptysci.pl\/wp-content\/uploads\/2015\/02\/10842238_1055317491148910_8987378092977280440_o-683x1024.jpg?strip=info&#038;w=900 900w,https:\/\/i2.wp.com\/www.gdansk.baptysci.pl\/wp-content\/uploads\/2015\/02\/10842238_1055317491148910_8987378092977280440_o-683x1024.jpg?strip=info&#038;w=1200 1200w,https:\/\/i2.wp.com\/www.gdansk.baptysci.pl\/wp-content\/uploads\/2015\/02\/10842238_1055317491148910_8987378092977280440_o-683x1024.jpg?strip=info&#038;w=1365 1365w\" alt=\"\" data-height=\"2048\" data-id=\"1251\" data-link=\"http:\/\/www.gdansk.baptysci.pl\/index.php\/2015\/02\/22\/chrzest-wiary\/10842238_1055317491148910_8987378092977280440_o\/\" data-url=\"http:\/\/www.gdansk.baptysci.pl\/wp-content\/uploads\/2015\/02\/10842238_1055317491148910_8987378092977280440_o-683x1024.jpg\" data-width=\"1365\" src=\"https:\/\/i2.wp.com\/www.gdansk.baptysci.pl\/wp-content\/uploads\/2015\/02\/10842238_1055317491148910_8987378092977280440_o-683x1024.jpg\" data-amp-layout=\"responsive\"\/><\/figure><\/div><div class=\"tiled-gallery__col\" style=\"flex-basis:24.95875%\"><figure class=\"tiled-gallery__item\"><img data-attachment-id=\"1252\" data-permalink=\"http:\/\/www.gdansk.baptysci.pl\/index.php\/2015\/03\/15\/chrzest-wiary\/10845664_1055315411149118_2743907301948973903_o\/\" data-orig-file=\"http:\/\/www.gdansk.baptysci.pl\/wp-content\/uploads\/2015\/02\/10845664_1055315411149118_2743907301948973903_o.jpg\" data-orig-size=\"1356,2048\" data-comments-opened=\"1\" data-image-meta=\"{&quot;aperture&quot;:&quot;0&quot;,&quot;credit&quot;:&quot;&quot;,&quot;camera&quot;:&quot;&quot;,&quot;caption&quot;:&quot;&quot;,&quot;created_timestamp&quot;:&quot;0&quot;,&quot;copyright&quot;:&quot;&quot;,&quot;focal_length&quot;:&quot;0&quot;,&quot;iso&quot;:&quot;0&quot;,&quot;shutter_speed&quot;:&quot;0&quot;,&quot;title&quot;:&quot;&quot;,&quot;orientation&quot;:&quot;0&quot;}\" data-image-title=\"10845664_1055315411149118_2743907301948973903_o\" data-image-description=\"\" data-image-caption=\"&lt;p&gt;fot. Artur Grybek&lt;\/p&gt;\n\" data-medium-file=\"http:\/\/www.gdansk.baptysci.pl\/wp-content\/uploads\/2015\/02\/10845664_1055315411149118_2743907301948973903_o-199x300.jpg\" data-large-file=\"http:\/\/www.gdansk.baptysci.pl\/wp-content\/uploads\/2015\/02\/10845664_1055315411149118_2743907301948973903_o-678x1024.jpg\" data-attachment-id=\"1252\" data-permalink=\"http:\/\/www.gdansk.baptysci.pl\/index.php\/2015\/03\/15\/chrzest-wiary\/10845664_1055315411149118_2743907301948973903_o\/\" data-orig-file=\"http:\/\/www.gdansk.baptysci.pl\/wp-content\/uploads\/2015\/02\/10845664_1055315411149118_2743907301948973903_o.jpg\" data-orig-size=\"1356,2048\" data-comments-opened=\"1\" data-image-meta=\"{&quot;aperture&quot;:&quot;0&quot;,&quot;credit&quot;:&quot;&quot;,&quot;camera&quot;:&quot;&quot;,&quot;caption&quot;:&quot;&quot;,&quot;created_timestamp&quot;:&quot;0&quot;,&quot;copyright&quot;:&quot;&quot;,&quot;focal_length&quot;:&quot;0&quot;,&quot;iso&quot;:&quot;0&quot;,&quot;shutter_speed&quot;:&quot;0&quot;,&quot;title&quot;:&quot;&quot;,&quot;orientation&quot;:&quot;0&quot;}\" data-image-title=\"10845664_1055315411149118_2743907301948973903_o\" data-image-description=\"\" data-image-caption=\"&lt;p&gt;fot. Artur Grybek&lt;\/p&gt;\n\" data-medium-file=\"http:\/\/www.gdansk.baptysci.pl\/wp-content\/uploads\/2015\/02\/10845664_1055315411149118_2743907301948973903_o-199x300.jpg\" data-large-file=\"http:\/\/www.gdansk.baptysci.pl\/wp-content\/uploads\/2015\/02\/10845664_1055315411149118_2743907301948973903_o-678x1024.jpg\" decoding=\"async\" data-attachment-id=\"1252\" data-permalink=\"http:\/\/www.gdansk.baptysci.pl\/index.php\/2015\/03\/15\/chrzest-wiary\/10845664_1055315411149118_2743907301948973903_o\/\" data-orig-file=\"http:\/\/www.gdansk.baptysci.pl\/wp-content\/uploads\/2015\/02\/10845664_1055315411149118_2743907301948973903_o.jpg\" data-orig-size=\"1356,2048\" data-comments-opened=\"1\" data-image-meta=\"{&quot;aperture&quot;:&quot;0&quot;,&quot;credit&quot;:&quot;&quot;,&quot;camera&quot;:&quot;&quot;,&quot;caption&quot;:&quot;&quot;,&quot;created_timestamp&quot;:&quot;0&quot;,&quot;copyright&quot;:&quot;&quot;,&quot;focal_length&quot;:&quot;0&quot;,&quot;iso&quot;:&quot;0&quot;,&quot;shutter_speed&quot;:&quot;0&quot;,&quot;title&quot;:&quot;&quot;,&quot;orientation&quot;:&quot;0&quot;}\" data-image-title=\"10845664_1055315411149118_2743907301948973903_o\" data-image-description=\"\" data-image-caption=\"&lt;p&gt;fot. Artur Grybek&lt;\/p&gt;\n\" data-medium-file=\"http:\/\/www.gdansk.baptysci.pl\/wp-content\/uploads\/2015\/02\/10845664_1055315411149118_2743907301948973903_o-199x300.jpg\" data-large-file=\"http:\/\/www.gdansk.baptysci.pl\/wp-content\/uploads\/2015\/02\/10845664_1055315411149118_2743907301948973903_o-678x1024.jpg\" srcset=\"https:\/\/i0.wp.com\/www.gdansk.baptysci.pl\/wp-content\/uploads\/2015\/02\/10845664_1055315411149118_2743907301948973903_o-678x1024.jpg?strip=info&#038;w=600 600w,https:\/\/i0.wp.com\/www.gdansk.baptysci.pl\/wp-content\/uploads\/2015\/02\/10845664_1055315411149118_2743907301948973903_o-678x1024.jpg?strip=info&#038;w=900 900w,https:\/\/i0.wp.com\/www.gdansk.baptysci.pl\/wp-content\/uploads\/2015\/02\/10845664_1055315411149118_2743907301948973903_o-678x1024.jpg?strip=info&#038;w=1200 1200w,https:\/\/i0.wp.com\/www.gdansk.baptysci.pl\/wp-content\/uploads\/2015\/02\/10845664_1055315411149118_2743907301948973903_o-678x1024.jpg?strip=info&#038;w=1356 1356w\" alt=\"\" data-height=\"2048\" data-id=\"1252\" data-link=\"http:\/\/www.gdansk.baptysci.pl\/index.php\/2015\/02\/22\/chrzest-wiary\/10845664_1055315411149118_2743907301948973903_o\/\" data-url=\"http:\/\/www.gdansk.baptysci.pl\/wp-content\/uploads\/2015\/02\/10845664_1055315411149118_2743907301948973903_o-678x1024.jpg\" data-width=\"1356\" src=\"https:\/\/i0.wp.com\/www.gdansk.baptysci.pl\/wp-content\/uploads\/2015\/02\/10845664_1055315411149118_2743907301948973903_o-678x1024.jpg\" data-amp-layout=\"responsive\"\/><\/figure><\/div><\/div><div class=\"tiled-gallery__row\"><div class=\"tiled-gallery__col\" style=\"flex-basis:33.41481%\"><figure class=\"tiled-gallery__item\"><img data-attachment-id=\"1253\" data-permalink=\"http:\/\/www.gdansk.baptysci.pl\/index.php\/2015\/03\/15\/chrzest-wiary\/10847733_1055312507816075_5948555597673092028_o\/\" data-orig-file=\"http:\/\/www.gdansk.baptysci.pl\/wp-content\/uploads\/2015\/02\/10847733_1055312507816075_5948555597673092028_o.jpg\" data-orig-size=\"1363,2048\" data-comments-opened=\"1\" data-image-meta=\"{&quot;aperture&quot;:&quot;0&quot;,&quot;credit&quot;:&quot;Picasa&quot;,&quot;camera&quot;:&quot;&quot;,&quot;caption&quot;:&quot;&quot;,&quot;created_timestamp&quot;:&quot;0&quot;,&quot;copyright&quot;:&quot;&quot;,&quot;focal_length&quot;:&quot;0&quot;,&quot;iso&quot;:&quot;0&quot;,&quot;shutter_speed&quot;:&quot;0&quot;,&quot;title&quot;:&quot;&quot;,&quot;orientation&quot;:&quot;0&quot;}\" data-image-title=\"10847733_1055312507816075_5948555597673092028_o\" data-image-description=\"\" data-image-caption=\"&lt;p&gt;fot. Artur Grybek&lt;\/p&gt;\n\" data-medium-file=\"http:\/\/www.gdansk.baptysci.pl\/wp-content\/uploads\/2015\/02\/10847733_1055312507816075_5948555597673092028_o-200x300.jpg\" data-large-file=\"http:\/\/www.gdansk.baptysci.pl\/wp-content\/uploads\/2015\/02\/10847733_1055312507816075_5948555597673092028_o-682x1024.jpg\" data-attachment-id=\"1253\" data-permalink=\"http:\/\/www.gdansk.baptysci.pl\/index.php\/2015\/03\/15\/chrzest-wiary\/10847733_1055312507816075_5948555597673092028_o\/\" data-orig-file=\"http:\/\/www.gdansk.baptysci.pl\/wp-content\/uploads\/2015\/02\/10847733_1055312507816075_5948555597673092028_o.jpg\" data-orig-size=\"1363,2048\" data-comments-opened=\"1\" data-image-meta=\"{&quot;aperture&quot;:&quot;0&quot;,&quot;credit&quot;:&quot;Picasa&quot;,&quot;camera&quot;:&quot;&quot;,&quot;caption&quot;:&quot;&quot;,&quot;created_timestamp&quot;:&quot;0&quot;,&quot;copyright&quot;:&quot;&quot;,&quot;focal_length&quot;:&quot;0&quot;,&quot;iso&quot;:&quot;0&quot;,&quot;shutter_speed&quot;:&quot;0&quot;,&quot;title&quot;:&quot;&quot;,&quot;orientation&quot;:&quot;0&quot;}\" data-image-title=\"10847733_1055312507816075_5948555597673092028_o\" data-image-description=\"\" data-image-caption=\"&lt;p&gt;fot. Artur Grybek&lt;\/p&gt;\n\" data-medium-file=\"http:\/\/www.gdansk.baptysci.pl\/wp-content\/uploads\/2015\/02\/10847733_1055312507816075_5948555597673092028_o-200x300.jpg\" data-large-file=\"http:\/\/www.gdansk.baptysci.pl\/wp-content\/uploads\/2015\/02\/10847733_1055312507816075_5948555597673092028_o-682x1024.jpg\" decoding=\"async\" data-attachment-id=\"1253\" data-permalink=\"http:\/\/www.gdansk.baptysci.pl\/index.php\/2015\/03\/15\/chrzest-wiary\/10847733_1055312507816075_5948555597673092028_o\/\" data-orig-file=\"http:\/\/www.gdansk.baptysci.pl\/wp-content\/uploads\/2015\/02\/10847733_1055312507816075_5948555597673092028_o.jpg\" data-orig-size=\"1363,2048\" data-comments-opened=\"1\" data-image-meta=\"{&quot;aperture&quot;:&quot;0&quot;,&quot;credit&quot;:&quot;Picasa&quot;,&quot;camera&quot;:&quot;&quot;,&quot;caption&quot;:&quot;&quot;,&quot;created_timestamp&quot;:&quot;0&quot;,&quot;copyright&quot;:&quot;&quot;,&quot;focal_length&quot;:&quot;0&quot;,&quot;iso&quot;:&quot;0&quot;,&quot;shutter_speed&quot;:&quot;0&quot;,&quot;title&quot;:&quot;&quot;,&quot;orientation&quot;:&quot;0&quot;}\" data-image-title=\"10847733_1055312507816075_5948555597673092028_o\" data-image-description=\"\" data-image-caption=\"&lt;p&gt;fot. Artur Grybek&lt;\/p&gt;\n\" data-medium-file=\"http:\/\/www.gdansk.baptysci.pl\/wp-content\/uploads\/2015\/02\/10847733_1055312507816075_5948555597673092028_o-200x300.jpg\" data-large-file=\"http:\/\/www.gdansk.baptysci.pl\/wp-content\/uploads\/2015\/02\/10847733_1055312507816075_5948555597673092028_o-682x1024.jpg\" srcset=\"https:\/\/i1.wp.com\/www.gdansk.baptysci.pl\/wp-content\/uploads\/2015\/02\/10847733_1055312507816075_5948555597673092028_o-682x1024.jpg?strip=info&#038;w=600 600w,https:\/\/i1.wp.com\/www.gdansk.baptysci.pl\/wp-content\/uploads\/2015\/02\/10847733_1055312507816075_5948555597673092028_o-682x1024.jpg?strip=info&#038;w=900 900w,https:\/\/i1.wp.com\/www.gdansk.baptysci.pl\/wp-content\/uploads\/2015\/02\/10847733_1055312507816075_5948555597673092028_o-682x1024.jpg?strip=info&#038;w=1200 1200w,https:\/\/i1.wp.com\/www.gdansk.baptysci.pl\/wp-content\/uploads\/2015\/02\/10847733_1055312507816075_5948555597673092028_o-682x1024.jpg?strip=info&#038;w=1363 1363w\" alt=\"\" data-height=\"2048\" data-id=\"1253\" data-link=\"http:\/\/www.gdansk.baptysci.pl\/index.php\/2015\/02\/22\/chrzest-wiary\/10847733_1055312507816075_5948555597673092028_o\/\" data-url=\"http:\/\/www.gdansk.baptysci.pl\/wp-content\/uploads\/2015\/02\/10847733_1055312507816075_5948555597673092028_o-682x1024.jpg\" data-width=\"1363\" src=\"https:\/\/i1.wp.com\/www.gdansk.baptysci.pl\/wp-content\/uploads\/2015\/02\/10847733_1055312507816075_5948555597673092028_o-682x1024.jpg\" data-amp-layout=\"responsive\"\/><\/figure><\/div><div class=\"tiled-gallery__col\" style=\"flex-basis:33.24371%\"><figure class=\"tiled-gallery__item\"><img data-attachment-id=\"1254\" data-permalink=\"http:\/\/www.gdansk.baptysci.pl\/index.php\/2015\/03\/15\/chrzest-wiary\/10855015_1055315477815778_1659270995787675574_o\/\" data-orig-file=\"http:\/\/www.gdansk.baptysci.pl\/wp-content\/uploads\/2015\/02\/10855015_1055315477815778_1659270995787675574_o.jpg\" data-orig-size=\"1356,2048\" data-comments-opened=\"1\" data-image-meta=\"{&quot;aperture&quot;:&quot;0&quot;,&quot;credit&quot;:&quot;&quot;,&quot;camera&quot;:&quot;&quot;,&quot;caption&quot;:&quot;&quot;,&quot;created_timestamp&quot;:&quot;0&quot;,&quot;copyright&quot;:&quot;&quot;,&quot;focal_length&quot;:&quot;0&quot;,&quot;iso&quot;:&quot;0&quot;,&quot;shutter_speed&quot;:&quot;0&quot;,&quot;title&quot;:&quot;&quot;,&quot;orientation&quot;:&quot;0&quot;}\" data-image-title=\"10855015_1055315477815778_1659270995787675574_o\" data-image-description=\"\" data-image-caption=\"&lt;p&gt;fot. Artur Grybek&lt;\/p&gt;\n\" data-medium-file=\"http:\/\/www.gdansk.baptysci.pl\/wp-content\/uploads\/2015\/02\/10855015_1055315477815778_1659270995787675574_o-199x300.jpg\" data-large-file=\"http:\/\/www.gdansk.baptysci.pl\/wp-content\/uploads\/2015\/02\/10855015_1055315477815778_1659270995787675574_o-678x1024.jpg\" data-attachment-id=\"1254\" data-permalink=\"http:\/\/www.gdansk.baptysci.pl\/index.php\/2015\/03\/15\/chrzest-wiary\/10855015_1055315477815778_1659270995787675574_o\/\" data-orig-file=\"http:\/\/www.gdansk.baptysci.pl\/wp-content\/uploads\/2015\/02\/10855015_1055315477815778_1659270995787675574_o.jpg\" data-orig-size=\"1356,2048\" data-comments-opened=\"1\" data-image-meta=\"{&quot;aperture&quot;:&quot;0&quot;,&quot;credit&quot;:&quot;&quot;,&quot;camera&quot;:&quot;&quot;,&quot;caption&quot;:&quot;&quot;,&quot;created_timestamp&quot;:&quot;0&quot;,&quot;copyright&quot;:&quot;&quot;,&quot;focal_length&quot;:&quot;0&quot;,&quot;iso&quot;:&quot;0&quot;,&quot;shutter_speed&quot;:&quot;0&quot;,&quot;title&quot;:&quot;&quot;,&quot;orientation&quot;:&quot;0&quot;}\" data-image-title=\"10855015_1055315477815778_1659270995787675574_o\" data-image-description=\"\" data-image-caption=\"&lt;p&gt;fot. Artur Grybek&lt;\/p&gt;\n\" data-medium-file=\"http:\/\/www.gdansk.baptysci.pl\/wp-content\/uploads\/2015\/02\/10855015_1055315477815778_1659270995787675574_o-199x300.jpg\" data-large-file=\"http:\/\/www.gdansk.baptysci.pl\/wp-content\/uploads\/2015\/02\/10855015_1055315477815778_1659270995787675574_o-678x1024.jpg\" decoding=\"async\" data-attachment-id=\"1254\" data-permalink=\"http:\/\/www.gdansk.baptysci.pl\/index.php\/2015\/03\/15\/chrzest-wiary\/10855015_1055315477815778_1659270995787675574_o\/\" data-orig-file=\"http:\/\/www.gdansk.baptysci.pl\/wp-content\/uploads\/2015\/02\/10855015_1055315477815778_1659270995787675574_o.jpg\" data-orig-size=\"1356,2048\" data-comments-opened=\"1\" data-image-meta=\"{&quot;aperture&quot;:&quot;0&quot;,&quot;credit&quot;:&quot;&quot;,&quot;camera&quot;:&quot;&quot;,&quot;caption&quot;:&quot;&quot;,&quot;created_timestamp&quot;:&quot;0&quot;,&quot;copyright&quot;:&quot;&quot;,&quot;focal_length&quot;:&quot;0&quot;,&quot;iso&quot;:&quot;0&quot;,&quot;shutter_speed&quot;:&quot;0&quot;,&quot;title&quot;:&quot;&quot;,&quot;orientation&quot;:&quot;0&quot;}\" data-image-title=\"10855015_1055315477815778_1659270995787675574_o\" data-image-description=\"\" data-image-caption=\"&lt;p&gt;fot. Artur Grybek&lt;\/p&gt;\n\" data-medium-file=\"http:\/\/www.gdansk.baptysci.pl\/wp-content\/uploads\/2015\/02\/10855015_1055315477815778_1659270995787675574_o-199x300.jpg\" data-large-file=\"http:\/\/www.gdansk.baptysci.pl\/wp-content\/uploads\/2015\/02\/10855015_1055315477815778_1659270995787675574_o-678x1024.jpg\" srcset=\"https:\/\/i2.wp.com\/www.gdansk.baptysci.pl\/wp-content\/uploads\/2015\/02\/10855015_1055315477815778_1659270995787675574_o-678x1024.jpg?strip=info&#038;w=600 600w,https:\/\/i2.wp.com\/www.gdansk.baptysci.pl\/wp-content\/uploads\/2015\/02\/10855015_1055315477815778_1659270995787675574_o-678x1024.jpg?strip=info&#038;w=900 900w,https:\/\/i2.wp.com\/www.gdansk.baptysci.pl\/wp-content\/uploads\/2015\/02\/10855015_1055315477815778_1659270995787675574_o-678x1024.jpg?strip=info&#038;w=1200 1200w,https:\/\/i2.wp.com\/www.gdansk.baptysci.pl\/wp-content\/uploads\/2015\/02\/10855015_1055315477815778_1659270995787675574_o-678x1024.jpg?strip=info&#038;w=1356 1356w\" alt=\"\" data-height=\"2048\" data-id=\"1254\" data-link=\"http:\/\/www.gdansk.baptysci.pl\/index.php\/2015\/02\/22\/chrzest-wiary\/10855015_1055315477815778_1659270995787675574_o\/\" data-url=\"http:\/\/www.gdansk.baptysci.pl\/wp-content\/uploads\/2015\/02\/10855015_1055315477815778_1659270995787675574_o-678x1024.jpg\" data-width=\"1356\" src=\"https:\/\/i2.wp.com\/www.gdansk.baptysci.pl\/wp-content\/uploads\/2015\/02\/10855015_1055315477815778_1659270995787675574_o-678x1024.jpg\" data-amp-layout=\"responsive\"\/><\/figure><\/div><div class=\"tiled-gallery__col\" style=\"flex-basis:33.34148%\"><figure class=\"tiled-gallery__item\"><img data-attachment-id=\"1255\" data-permalink=\"http:\/\/www.gdansk.baptysci.pl\/index.php\/2015\/03\/15\/chrzest-wiary\/10873343_1055312414482751_494031956892346070_o\/\" data-orig-file=\"http:\/\/www.gdansk.baptysci.pl\/wp-content\/uploads\/2015\/02\/10873343_1055312414482751_494031956892346070_o.jpg\" data-orig-size=\"1360,2048\" data-comments-opened=\"1\" data-image-meta=\"{&quot;aperture&quot;:&quot;0&quot;,&quot;credit&quot;:&quot;Picasa&quot;,&quot;camera&quot;:&quot;&quot;,&quot;caption&quot;:&quot;&quot;,&quot;created_timestamp&quot;:&quot;0&quot;,&quot;copyright&quot;:&quot;&quot;,&quot;focal_length&quot;:&quot;0&quot;,&quot;iso&quot;:&quot;0&quot;,&quot;shutter_speed&quot;:&quot;0&quot;,&quot;title&quot;:&quot;&quot;,&quot;orientation&quot;:&quot;0&quot;}\" data-image-title=\"10873343_1055312414482751_494031956892346070_o\" data-image-description=\"\" data-image-caption=\"&lt;p&gt;fot. Artur Grybek&lt;\/p&gt;\n\" data-medium-file=\"http:\/\/www.gdansk.baptysci.pl\/wp-content\/uploads\/2015\/02\/10873343_1055312414482751_494031956892346070_o-199x300.jpg\" data-large-file=\"http:\/\/www.gdansk.baptysci.pl\/wp-content\/uploads\/2015\/02\/10873343_1055312414482751_494031956892346070_o-680x1024.jpg\" data-attachment-id=\"1255\" data-permalink=\"http:\/\/www.gdansk.baptysci.pl\/index.php\/2015\/03\/15\/chrzest-wiary\/10873343_1055312414482751_494031956892346070_o\/\" data-orig-file=\"http:\/\/www.gdansk.baptysci.pl\/wp-content\/uploads\/2015\/02\/10873343_1055312414482751_494031956892346070_o.jpg\" data-orig-size=\"1360,2048\" data-comments-opened=\"1\" data-image-meta=\"{&quot;aperture&quot;:&quot;0&quot;,&quot;credit&quot;:&quot;Picasa&quot;,&quot;camera&quot;:&quot;&quot;,&quot;caption&quot;:&quot;&quot;,&quot;created_timestamp&quot;:&quot;0&quot;,&quot;copyright&quot;:&quot;&quot;,&quot;focal_length&quot;:&quot;0&quot;,&quot;iso&quot;:&quot;0&quot;,&quot;shutter_speed&quot;:&quot;0&quot;,&quot;title&quot;:&quot;&quot;,&quot;orientation&quot;:&quot;0&quot;}\" data-image-title=\"10873343_1055312414482751_494031956892346070_o\" data-image-description=\"\" data-image-caption=\"&lt;p&gt;fot. Artur Grybek&lt;\/p&gt;\n\" data-medium-file=\"http:\/\/www.gdansk.baptysci.pl\/wp-content\/uploads\/2015\/02\/10873343_1055312414482751_494031956892346070_o-199x300.jpg\" data-large-file=\"http:\/\/www.gdansk.baptysci.pl\/wp-content\/uploads\/2015\/02\/10873343_1055312414482751_494031956892346070_o-680x1024.jpg\" decoding=\"async\" data-attachment-id=\"1255\" data-permalink=\"http:\/\/www.gdansk.baptysci.pl\/index.php\/2015\/03\/15\/chrzest-wiary\/10873343_1055312414482751_494031956892346070_o\/\" data-orig-file=\"http:\/\/www.gdansk.baptysci.pl\/wp-content\/uploads\/2015\/02\/10873343_1055312414482751_494031956892346070_o.jpg\" data-orig-size=\"1360,2048\" data-comments-opened=\"1\" data-image-meta=\"{&quot;aperture&quot;:&quot;0&quot;,&quot;credit&quot;:&quot;Picasa&quot;,&quot;camera&quot;:&quot;&quot;,&quot;caption&quot;:&quot;&quot;,&quot;created_timestamp&quot;:&quot;0&quot;,&quot;copyright&quot;:&quot;&quot;,&quot;focal_length&quot;:&quot;0&quot;,&quot;iso&quot;:&quot;0&quot;,&quot;shutter_speed&quot;:&quot;0&quot;,&quot;title&quot;:&quot;&quot;,&quot;orientation&quot;:&quot;0&quot;}\" data-image-title=\"10873343_1055312414482751_494031956892346070_o\" data-image-description=\"\" data-image-caption=\"&lt;p&gt;fot. Artur Grybek&lt;\/p&gt;\n\" data-medium-file=\"http:\/\/www.gdansk.baptysci.pl\/wp-content\/uploads\/2015\/02\/10873343_1055312414482751_494031956892346070_o-199x300.jpg\" data-large-file=\"http:\/\/www.gdansk.baptysci.pl\/wp-content\/uploads\/2015\/02\/10873343_1055312414482751_494031956892346070_o-680x1024.jpg\" srcset=\"https:\/\/i0.wp.com\/www.gdansk.baptysci.pl\/wp-content\/uploads\/2015\/02\/10873343_1055312414482751_494031956892346070_o-680x1024.jpg?strip=info&#038;w=600 600w,https:\/\/i0.wp.com\/www.gdansk.baptysci.pl\/wp-content\/uploads\/2015\/02\/10873343_1055312414482751_494031956892346070_o-680x1024.jpg?strip=info&#038;w=900 900w,https:\/\/i0.wp.com\/www.gdansk.baptysci.pl\/wp-content\/uploads\/2015\/02\/10873343_1055312414482751_494031956892346070_o-680x1024.jpg?strip=info&#038;w=1200 1200w,https:\/\/i0.wp.com\/www.gdansk.baptysci.pl\/wp-content\/uploads\/2015\/02\/10873343_1055312414482751_494031956892346070_o-680x1024.jpg?strip=info&#038;w=1360 1360w\" alt=\"\" data-height=\"2048\" data-id=\"1255\" data-link=\"http:\/\/www.gdansk.baptysci.pl\/index.php\/2015\/02\/22\/chrzest-wiary\/10873343_1055312414482751_494031956892346070_o\/\" data-url=\"http:\/\/www.gdansk.baptysci.pl\/wp-content\/uploads\/2015\/02\/10873343_1055312414482751_494031956892346070_o-680x1024.jpg\" data-width=\"1360\" src=\"https:\/\/i0.wp.com\/www.gdansk.baptysci.pl\/wp-content\/uploads\/2015\/02\/10873343_1055312414482751_494031956892346070_o-680x1024.jpg\" data-amp-layout=\"responsive\"\/><\/figure><\/div><\/div><div class=\"tiled-gallery__row\"><div class=\"tiled-gallery__col\" style=\"flex-basis:25.06865%\"><figure class=\"tiled-gallery__item\"><img data-attachment-id=\"1256\" data-permalink=\"http:\/\/www.gdansk.baptysci.pl\/index.php\/2015\/03\/15\/chrzest-wiary\/10873357_1055315324482460_2931096855711069781_o\/\" data-orig-file=\"http:\/\/www.gdansk.baptysci.pl\/wp-content\/uploads\/2015\/02\/10873357_1055315324482460_2931096855711069781_o.jpg\" data-orig-size=\"1364,2048\" data-comments-opened=\"1\" data-image-meta=\"{&quot;aperture&quot;:&quot;0&quot;,&quot;credit&quot;:&quot;Picasa&quot;,&quot;camera&quot;:&quot;&quot;,&quot;caption&quot;:&quot;&quot;,&quot;created_timestamp&quot;:&quot;0&quot;,&quot;copyright&quot;:&quot;&quot;,&quot;focal_length&quot;:&quot;0&quot;,&quot;iso&quot;:&quot;0&quot;,&quot;shutter_speed&quot;:&quot;0&quot;,&quot;title&quot;:&quot;&quot;,&quot;orientation&quot;:&quot;0&quot;}\" data-image-title=\"10873357_1055315324482460_2931096855711069781_o\" data-image-description=\"\" data-image-caption=\"&lt;p&gt;fot. Artur Grybek&lt;\/p&gt;\n\" data-medium-file=\"http:\/\/www.gdansk.baptysci.pl\/wp-content\/uploads\/2015\/02\/10873357_1055315324482460_2931096855711069781_o-200x300.jpg\" data-large-file=\"http:\/\/www.gdansk.baptysci.pl\/wp-content\/uploads\/2015\/02\/10873357_1055315324482460_2931096855711069781_o-682x1024.jpg\" data-attachment-id=\"1256\" data-permalink=\"http:\/\/www.gdansk.baptysci.pl\/index.php\/2015\/03\/15\/chrzest-wiary\/10873357_1055315324482460_2931096855711069781_o\/\" data-orig-file=\"http:\/\/www.gdansk.baptysci.pl\/wp-content\/uploads\/2015\/02\/10873357_1055315324482460_2931096855711069781_o.jpg\" data-orig-size=\"1364,2048\" data-comments-opened=\"1\" data-image-meta=\"{&quot;aperture&quot;:&quot;0&quot;,&quot;credit&quot;:&quot;Picasa&quot;,&quot;camera&quot;:&quot;&quot;,&quot;caption&quot;:&quot;&quot;,&quot;created_timestamp&quot;:&quot;0&quot;,&quot;copyright&quot;:&quot;&quot;,&quot;focal_length&quot;:&quot;0&quot;,&quot;iso&quot;:&quot;0&quot;,&quot;shutter_speed&quot;:&quot;0&quot;,&quot;title&quot;:&quot;&quot;,&quot;orientation&quot;:&quot;0&quot;}\" data-image-title=\"10873357_1055315324482460_2931096855711069781_o\" data-image-description=\"\" data-image-caption=\"&lt;p&gt;fot. Artur Grybek&lt;\/p&gt;\n\" data-medium-file=\"http:\/\/www.gdansk.baptysci.pl\/wp-content\/uploads\/2015\/02\/10873357_1055315324482460_2931096855711069781_o-200x300.jpg\" data-large-file=\"http:\/\/www.gdansk.baptysci.pl\/wp-content\/uploads\/2015\/02\/10873357_1055315324482460_2931096855711069781_o-682x1024.jpg\" decoding=\"async\" data-attachment-id=\"1256\" data-permalink=\"http:\/\/www.gdansk.baptysci.pl\/index.php\/2015\/03\/15\/chrzest-wiary\/10873357_1055315324482460_2931096855711069781_o\/\" data-orig-file=\"http:\/\/www.gdansk.baptysci.pl\/wp-content\/uploads\/2015\/02\/10873357_1055315324482460_2931096855711069781_o.jpg\" data-orig-size=\"1364,2048\" data-comments-opened=\"1\" data-image-meta=\"{&quot;aperture&quot;:&quot;0&quot;,&quot;credit&quot;:&quot;Picasa&quot;,&quot;camera&quot;:&quot;&quot;,&quot;caption&quot;:&quot;&quot;,&quot;created_timestamp&quot;:&quot;0&quot;,&quot;copyright&quot;:&quot;&quot;,&quot;focal_length&quot;:&quot;0&quot;,&quot;iso&quot;:&quot;0&quot;,&quot;shutter_speed&quot;:&quot;0&quot;,&quot;title&quot;:&quot;&quot;,&quot;orientation&quot;:&quot;0&quot;}\" data-image-title=\"10873357_1055315324482460_2931096855711069781_o\" data-image-description=\"\" data-image-caption=\"&lt;p&gt;fot. Artur Grybek&lt;\/p&gt;\n\" data-medium-file=\"http:\/\/www.gdansk.baptysci.pl\/wp-content\/uploads\/2015\/02\/10873357_1055315324482460_2931096855711069781_o-200x300.jpg\" data-large-file=\"http:\/\/www.gdansk.baptysci.pl\/wp-content\/uploads\/2015\/02\/10873357_1055315324482460_2931096855711069781_o-682x1024.jpg\" srcset=\"https:\/\/i0.wp.com\/www.gdansk.baptysci.pl\/wp-content\/uploads\/2015\/02\/10873357_1055315324482460_2931096855711069781_o-682x1024.jpg?strip=info&#038;w=600 600w,https:\/\/i0.wp.com\/www.gdansk.baptysci.pl\/wp-content\/uploads\/2015\/02\/10873357_1055315324482460_2931096855711069781_o-682x1024.jpg?strip=info&#038;w=900 900w,https:\/\/i0.wp.com\/www.gdansk.baptysci.pl\/wp-content\/uploads\/2015\/02\/10873357_1055315324482460_2931096855711069781_o-682x1024.jpg?strip=info&#038;w=1200 1200w,https:\/\/i0.wp.com\/www.gdansk.baptysci.pl\/wp-content\/uploads\/2015\/02\/10873357_1055315324482460_2931096855711069781_o-682x1024.jpg?strip=info&#038;w=1364 1364w\" alt=\"\" data-height=\"2048\" data-id=\"1256\" data-link=\"http:\/\/www.gdansk.baptysci.pl\/index.php\/2015\/02\/22\/chrzest-wiary\/10873357_1055315324482460_2931096855711069781_o\/\" data-url=\"http:\/\/www.gdansk.baptysci.pl\/wp-content\/uploads\/2015\/02\/10873357_1055315324482460_2931096855711069781_o-682x1024.jpg\" data-width=\"1364\" src=\"https:\/\/i0.wp.com\/www.gdansk.baptysci.pl\/wp-content\/uploads\/2015\/02\/10873357_1055315324482460_2931096855711069781_o-682x1024.jpg\" data-amp-layout=\"responsive\"\/><\/figure><\/div><div class=\"tiled-gallery__col\" style=\"flex-basis:24.92220%\"><figure class=\"tiled-gallery__item\"><img data-attachment-id=\"1257\" data-permalink=\"http:\/\/www.gdansk.baptysci.pl\/index.php\/2015\/03\/15\/chrzest-wiary\/10980197_1055317771148882_2862128224859709178_o\/\" data-orig-file=\"http:\/\/www.gdansk.baptysci.pl\/wp-content\/uploads\/2015\/02\/10980197_1055317771148882_2862128224859709178_o.jpg\" data-orig-size=\"1356,2048\" data-comments-opened=\"1\" data-image-meta=\"{&quot;aperture&quot;:&quot;0&quot;,&quot;credit&quot;:&quot;&quot;,&quot;camera&quot;:&quot;&quot;,&quot;caption&quot;:&quot;&quot;,&quot;created_timestamp&quot;:&quot;0&quot;,&quot;copyright&quot;:&quot;&quot;,&quot;focal_length&quot;:&quot;0&quot;,&quot;iso&quot;:&quot;0&quot;,&quot;shutter_speed&quot;:&quot;0&quot;,&quot;title&quot;:&quot;&quot;,&quot;orientation&quot;:&quot;0&quot;}\" data-image-title=\"10980197_1055317771148882_2862128224859709178_o\" data-image-description=\"\" data-image-caption=\"&lt;p&gt;fot. Artur Grybek&lt;\/p&gt;\n\" data-medium-file=\"http:\/\/www.gdansk.baptysci.pl\/wp-content\/uploads\/2015\/02\/10980197_1055317771148882_2862128224859709178_o-199x300.jpg\" data-large-file=\"http:\/\/www.gdansk.baptysci.pl\/wp-content\/uploads\/2015\/02\/10980197_1055317771148882_2862128224859709178_o-678x1024.jpg\" data-attachment-id=\"1257\" data-permalink=\"http:\/\/www.gdansk.baptysci.pl\/index.php\/2015\/03\/15\/chrzest-wiary\/10980197_1055317771148882_2862128224859709178_o\/\" data-orig-file=\"http:\/\/www.gdansk.baptysci.pl\/wp-content\/uploads\/2015\/02\/10980197_1055317771148882_2862128224859709178_o.jpg\" data-orig-size=\"1356,2048\" data-comments-opened=\"1\" data-image-meta=\"{&quot;aperture&quot;:&quot;0&quot;,&quot;credit&quot;:&quot;&quot;,&quot;camera&quot;:&quot;&quot;,&quot;caption&quot;:&quot;&quot;,&quot;created_timestamp&quot;:&quot;0&quot;,&quot;copyright&quot;:&quot;&quot;,&quot;focal_length&quot;:&quot;0&quot;,&quot;iso&quot;:&quot;0&quot;,&quot;shutter_speed&quot;:&quot;0&quot;,&quot;title&quot;:&quot;&quot;,&quot;orientation&quot;:&quot;0&quot;}\" data-image-title=\"10980197_1055317771148882_2862128224859709178_o\" data-image-description=\"\" data-image-caption=\"&lt;p&gt;fot. Artur Grybek&lt;\/p&gt;\n\" data-medium-file=\"http:\/\/www.gdansk.baptysci.pl\/wp-content\/uploads\/2015\/02\/10980197_1055317771148882_2862128224859709178_o-199x300.jpg\" data-large-file=\"http:\/\/www.gdansk.baptysci.pl\/wp-content\/uploads\/2015\/02\/10980197_1055317771148882_2862128224859709178_o-678x1024.jpg\" decoding=\"async\" data-attachment-id=\"1257\" data-permalink=\"http:\/\/www.gdansk.baptysci.pl\/index.php\/2015\/03\/15\/chrzest-wiary\/10980197_1055317771148882_2862128224859709178_o\/\" data-orig-file=\"http:\/\/www.gdansk.baptysci.pl\/wp-content\/uploads\/2015\/02\/10980197_1055317771148882_2862128224859709178_o.jpg\" data-orig-size=\"1356,2048\" data-comments-opened=\"1\" data-image-meta=\"{&quot;aperture&quot;:&quot;0&quot;,&quot;credit&quot;:&quot;&quot;,&quot;camera&quot;:&quot;&quot;,&quot;caption&quot;:&quot;&quot;,&quot;created_timestamp&quot;:&quot;0&quot;,&quot;copyright&quot;:&quot;&quot;,&quot;focal_length&quot;:&quot;0&quot;,&quot;iso&quot;:&quot;0&quot;,&quot;shutter_speed&quot;:&quot;0&quot;,&quot;title&quot;:&quot;&quot;,&quot;orientation&quot;:&quot;0&quot;}\" data-image-title=\"10980197_1055317771148882_2862128224859709178_o\" data-image-description=\"\" data-image-caption=\"&lt;p&gt;fot. Artur Grybek&lt;\/p&gt;\n\" data-medium-file=\"http:\/\/www.gdansk.baptysci.pl\/wp-content\/uploads\/2015\/02\/10980197_1055317771148882_2862128224859709178_o-199x300.jpg\" data-large-file=\"http:\/\/www.gdansk.baptysci.pl\/wp-content\/uploads\/2015\/02\/10980197_1055317771148882_2862128224859709178_o-678x1024.jpg\" srcset=\"https:\/\/i2.wp.com\/www.gdansk.baptysci.pl\/wp-content\/uploads\/2015\/02\/10980197_1055317771148882_2862128224859709178_o-678x1024.jpg?strip=info&#038;w=600 600w,https:\/\/i2.wp.com\/www.gdansk.baptysci.pl\/wp-content\/uploads\/2015\/02\/10980197_1055317771148882_2862128224859709178_o-678x1024.jpg?strip=info&#038;w=900 900w,https:\/\/i2.wp.com\/www.gdansk.baptysci.pl\/wp-content\/uploads\/2015\/02\/10980197_1055317771148882_2862128224859709178_o-678x1024.jpg?strip=info&#038;w=1200 1200w,https:\/\/i2.wp.com\/www.gdansk.baptysci.pl\/wp-content\/uploads\/2015\/02\/10980197_1055317771148882_2862128224859709178_o-678x1024.jpg?strip=info&#038;w=1356 1356w\" alt=\"\" data-height=\"2048\" data-id=\"1257\" data-link=\"http:\/\/www.gdansk.baptysci.pl\/index.php\/2015\/02\/22\/chrzest-wiary\/10980197_1055317771148882_2862128224859709178_o\/\" data-url=\"http:\/\/www.gdansk.baptysci.pl\/wp-content\/uploads\/2015\/02\/10980197_1055317771148882_2862128224859709178_o-678x1024.jpg\" data-width=\"1356\" src=\"https:\/\/i2.wp.com\/www.gdansk.baptysci.pl\/wp-content\/uploads\/2015\/02\/10980197_1055317771148882_2862128224859709178_o-678x1024.jpg\" data-amp-layout=\"responsive\"\/><\/figure><\/div><div class=\"tiled-gallery__col\" style=\"flex-basis:25.08695%\"><figure class=\"tiled-gallery__item\"><img data-attachment-id=\"1258\" data-permalink=\"http:\/\/www.gdansk.baptysci.pl\/index.php\/2015\/03\/15\/chrzest-wiary\/10987486_1055309014483091_9139757032329885769_o\/\" data-orig-file=\"http:\/\/www.gdansk.baptysci.pl\/wp-content\/uploads\/2015\/02\/10987486_1055309014483091_9139757032329885769_o.jpg\" data-orig-size=\"1365,2048\" data-comments-opened=\"1\" data-image-meta=\"{&quot;aperture&quot;:&quot;0&quot;,&quot;credit&quot;:&quot;Picasa&quot;,&quot;camera&quot;:&quot;&quot;,&quot;caption&quot;:&quot;&quot;,&quot;created_timestamp&quot;:&quot;0&quot;,&quot;copyright&quot;:&quot;&quot;,&quot;focal_length&quot;:&quot;0&quot;,&quot;iso&quot;:&quot;0&quot;,&quot;shutter_speed&quot;:&quot;0&quot;,&quot;title&quot;:&quot;&quot;,&quot;orientation&quot;:&quot;0&quot;}\" data-image-title=\"10987486_1055309014483091_9139757032329885769_o\" data-image-description=\"\" data-image-caption=\"&lt;p&gt;fot. Artur Grybek&lt;\/p&gt;\n\" data-medium-file=\"http:\/\/www.gdansk.baptysci.pl\/wp-content\/uploads\/2015\/02\/10987486_1055309014483091_9139757032329885769_o-200x300.jpg\" data-large-file=\"http:\/\/www.gdansk.baptysci.pl\/wp-content\/uploads\/2015\/02\/10987486_1055309014483091_9139757032329885769_o-683x1024.jpg\" data-attachment-id=\"1258\" data-permalink=\"http:\/\/www.gdansk.baptysci.pl\/index.php\/2015\/03\/15\/chrzest-wiary\/10987486_1055309014483091_9139757032329885769_o\/\" data-orig-file=\"http:\/\/www.gdansk.baptysci.pl\/wp-content\/uploads\/2015\/02\/10987486_1055309014483091_9139757032329885769_o.jpg\" data-orig-size=\"1365,2048\" data-comments-opened=\"1\" data-image-meta=\"{&quot;aperture&quot;:&quot;0&quot;,&quot;credit&quot;:&quot;Picasa&quot;,&quot;camera&quot;:&quot;&quot;,&quot;caption&quot;:&quot;&quot;,&quot;created_timestamp&quot;:&quot;0&quot;,&quot;copyright&quot;:&quot;&quot;,&quot;focal_length&quot;:&quot;0&quot;,&quot;iso&quot;:&quot;0&quot;,&quot;shutter_speed&quot;:&quot;0&quot;,&quot;title&quot;:&quot;&quot;,&quot;orientation&quot;:&quot;0&quot;}\" data-image-title=\"10987486_1055309014483091_9139757032329885769_o\" data-image-description=\"\" data-image-caption=\"&lt;p&gt;fot. Artur Grybek&lt;\/p&gt;\n\" data-medium-file=\"http:\/\/www.gdansk.baptysci.pl\/wp-content\/uploads\/2015\/02\/10987486_1055309014483091_9139757032329885769_o-200x300.jpg\" data-large-file=\"http:\/\/www.gdansk.baptysci.pl\/wp-content\/uploads\/2015\/02\/10987486_1055309014483091_9139757032329885769_o-683x1024.jpg\" decoding=\"async\" data-attachment-id=\"1258\" data-permalink=\"http:\/\/www.gdansk.baptysci.pl\/index.php\/2015\/03\/15\/chrzest-wiary\/10987486_1055309014483091_9139757032329885769_o\/\" data-orig-file=\"http:\/\/www.gdansk.baptysci.pl\/wp-content\/uploads\/2015\/02\/10987486_1055309014483091_9139757032329885769_o.jpg\" data-orig-size=\"1365,2048\" data-comments-opened=\"1\" data-image-meta=\"{&quot;aperture&quot;:&quot;0&quot;,&quot;credit&quot;:&quot;Picasa&quot;,&quot;camera&quot;:&quot;&quot;,&quot;caption&quot;:&quot;&quot;,&quot;created_timestamp&quot;:&quot;0&quot;,&quot;copyright&quot;:&quot;&quot;,&quot;focal_length&quot;:&quot;0&quot;,&quot;iso&quot;:&quot;0&quot;,&quot;shutter_speed&quot;:&quot;0&quot;,&quot;title&quot;:&quot;&quot;,&quot;orientation&quot;:&quot;0&quot;}\" data-image-title=\"10987486_1055309014483091_9139757032329885769_o\" data-image-description=\"\" data-image-caption=\"&lt;p&gt;fot. Artur Grybek&lt;\/p&gt;\n\" data-medium-file=\"http:\/\/www.gdansk.baptysci.pl\/wp-content\/uploads\/2015\/02\/10987486_1055309014483091_9139757032329885769_o-200x300.jpg\" data-large-file=\"http:\/\/www.gdansk.baptysci.pl\/wp-content\/uploads\/2015\/02\/10987486_1055309014483091_9139757032329885769_o-683x1024.jpg\" srcset=\"https:\/\/i2.wp.com\/www.gdansk.baptysci.pl\/wp-content\/uploads\/2015\/02\/10987486_1055309014483091_9139757032329885769_o-683x1024.jpg?strip=info&#038;w=600 600w,https:\/\/i2.wp.com\/www.gdansk.baptysci.pl\/wp-content\/uploads\/2015\/02\/10987486_1055309014483091_9139757032329885769_o-683x1024.jpg?strip=info&#038;w=900 900w,https:\/\/i2.wp.com\/www.gdansk.baptysci.pl\/wp-content\/uploads\/2015\/02\/10987486_1055309014483091_9139757032329885769_o-683x1024.jpg?strip=info&#038;w=1200 1200w,https:\/\/i2.wp.com\/www.gdansk.baptysci.pl\/wp-content\/uploads\/2015\/02\/10987486_1055309014483091_9139757032329885769_o-683x1024.jpg?strip=info&#038;w=1365 1365w\" alt=\"\" data-height=\"2048\" data-id=\"1258\" data-link=\"http:\/\/www.gdansk.baptysci.pl\/index.php\/2015\/02\/22\/chrzest-wiary\/10987486_1055309014483091_9139757032329885769_o\/\" data-url=\"http:\/\/www.gdansk.baptysci.pl\/wp-content\/uploads\/2015\/02\/10987486_1055309014483091_9139757032329885769_o-683x1024.jpg\" data-width=\"1365\" src=\"https:\/\/i2.wp.com\/www.gdansk.baptysci.pl\/wp-content\/uploads\/2015\/02\/10987486_1055309014483091_9139757032329885769_o-683x1024.jpg\" data-amp-layout=\"responsive\"\/><\/figure><\/div><div class=\"tiled-gallery__col\" style=\"flex-basis:24.92220%\"><figure class=\"tiled-gallery__item\"><img data-attachment-id=\"1259\" data-permalink=\"http:\/\/www.gdansk.baptysci.pl\/index.php\/2015\/03\/15\/chrzest-wiary\/10996354_1055317684482224_1816119363688936309_o\/\" data-orig-file=\"http:\/\/www.gdansk.baptysci.pl\/wp-content\/uploads\/2015\/02\/10996354_1055317684482224_1816119363688936309_o.jpg\" data-orig-size=\"1356,2048\" data-comments-opened=\"1\" data-image-meta=\"{&quot;aperture&quot;:&quot;0&quot;,&quot;credit&quot;:&quot;&quot;,&quot;camera&quot;:&quot;&quot;,&quot;caption&quot;:&quot;&quot;,&quot;created_timestamp&quot;:&quot;0&quot;,&quot;copyright&quot;:&quot;&quot;,&quot;focal_length&quot;:&quot;0&quot;,&quot;iso&quot;:&quot;0&quot;,&quot;shutter_speed&quot;:&quot;0&quot;,&quot;title&quot;:&quot;&quot;,&quot;orientation&quot;:&quot;0&quot;}\" data-image-title=\"10996354_1055317684482224_1816119363688936309_o\" data-image-description=\"\" data-image-caption=\"&lt;p&gt;fot. Artur Grybek&lt;\/p&gt;\n\" data-medium-file=\"http:\/\/www.gdansk.baptysci.pl\/wp-content\/uploads\/2015\/02\/10996354_1055317684482224_1816119363688936309_o-199x300.jpg\" data-large-file=\"http:\/\/www.gdansk.baptysci.pl\/wp-content\/uploads\/2015\/02\/10996354_1055317684482224_1816119363688936309_o-678x1024.jpg\" data-attachment-id=\"1259\" data-permalink=\"http:\/\/www.gdansk.baptysci.pl\/index.php\/2015\/03\/15\/chrzest-wiary\/10996354_1055317684482224_1816119363688936309_o\/\" data-orig-file=\"http:\/\/www.gdansk.baptysci.pl\/wp-content\/uploads\/2015\/02\/10996354_1055317684482224_1816119363688936309_o.jpg\" data-orig-size=\"1356,2048\" data-comments-opened=\"1\" data-image-meta=\"{&quot;aperture&quot;:&quot;0&quot;,&quot;credit&quot;:&quot;&quot;,&quot;camera&quot;:&quot;&quot;,&quot;caption&quot;:&quot;&quot;,&quot;created_timestamp&quot;:&quot;0&quot;,&quot;copyright&quot;:&quot;&quot;,&quot;focal_length&quot;:&quot;0&quot;,&quot;iso&quot;:&quot;0&quot;,&quot;shutter_speed&quot;:&quot;0&quot;,&quot;title&quot;:&quot;&quot;,&quot;orientation&quot;:&quot;0&quot;}\" data-image-title=\"10996354_1055317684482224_1816119363688936309_o\" data-image-description=\"\" data-image-caption=\"&lt;p&gt;fot. Artur Grybek&lt;\/p&gt;\n\" data-medium-file=\"http:\/\/www.gdansk.baptysci.pl\/wp-content\/uploads\/2015\/02\/10996354_1055317684482224_1816119363688936309_o-199x300.jpg\" data-large-file=\"http:\/\/www.gdansk.baptysci.pl\/wp-content\/uploads\/2015\/02\/10996354_1055317684482224_1816119363688936309_o-678x1024.jpg\" decoding=\"async\" data-attachment-id=\"1259\" data-permalink=\"http:\/\/www.gdansk.baptysci.pl\/index.php\/2015\/03\/15\/chrzest-wiary\/10996354_1055317684482224_1816119363688936309_o\/\" data-orig-file=\"http:\/\/www.gdansk.baptysci.pl\/wp-content\/uploads\/2015\/02\/10996354_1055317684482224_1816119363688936309_o.jpg\" data-orig-size=\"1356,2048\" data-comments-opened=\"1\" data-image-meta=\"{&quot;aperture&quot;:&quot;0&quot;,&quot;credit&quot;:&quot;&quot;,&quot;camera&quot;:&quot;&quot;,&quot;caption&quot;:&quot;&quot;,&quot;created_timestamp&quot;:&quot;0&quot;,&quot;copyright&quot;:&quot;&quot;,&quot;focal_length&quot;:&quot;0&quot;,&quot;iso&quot;:&quot;0&quot;,&quot;shutter_speed&quot;:&quot;0&quot;,&quot;title&quot;:&quot;&quot;,&quot;orientation&quot;:&quot;0&quot;}\" data-image-title=\"10996354_1055317684482224_1816119363688936309_o\" data-image-description=\"\" data-image-caption=\"&lt;p&gt;fot. Artur Grybek&lt;\/p&gt;\n\" data-medium-file=\"http:\/\/www.gdansk.baptysci.pl\/wp-content\/uploads\/2015\/02\/10996354_1055317684482224_1816119363688936309_o-199x300.jpg\" data-large-file=\"http:\/\/www.gdansk.baptysci.pl\/wp-content\/uploads\/2015\/02\/10996354_1055317684482224_1816119363688936309_o-678x1024.jpg\" srcset=\"https:\/\/i2.wp.com\/www.gdansk.baptysci.pl\/wp-content\/uploads\/2015\/02\/10996354_1055317684482224_1816119363688936309_o-678x1024.jpg?strip=info&#038;w=600 600w,https:\/\/i2.wp.com\/www.gdansk.baptysci.pl\/wp-content\/uploads\/2015\/02\/10996354_1055317684482224_1816119363688936309_o-678x1024.jpg?strip=info&#038;w=900 900w,https:\/\/i2.wp.com\/www.gdansk.baptysci.pl\/wp-content\/uploads\/2015\/02\/10996354_1055317684482224_1816119363688936309_o-678x1024.jpg?strip=info&#038;w=1200 1200w,https:\/\/i2.wp.com\/www.gdansk.baptysci.pl\/wp-content\/uploads\/2015\/02\/10996354_1055317684482224_1816119363688936309_o-678x1024.jpg?strip=info&#038;w=1356 1356w\" alt=\"\" data-height=\"2048\" data-id=\"1259\" data-link=\"http:\/\/www.gdansk.baptysci.pl\/index.php\/2015\/02\/22\/chrzest-wiary\/10996354_1055317684482224_1816119363688936309_o\/\" data-url=\"http:\/\/www.gdansk.baptysci.pl\/wp-content\/uploads\/2015\/02\/10996354_1055317684482224_1816119363688936309_o-678x1024.jpg\" data-width=\"1356\" src=\"https:\/\/i2.wp.com\/www.gdansk.baptysci.pl\/wp-content\/uploads\/2015\/02\/10996354_1055317684482224_1816119363688936309_o-678x1024.jpg\" data-amp-layout=\"responsive\"\/><\/figure><\/div><\/div><div class=\"tiled-gallery__row\"><div class=\"tiled-gallery__col\" style=\"flex-basis:40.03627%\"><figure class=\"tiled-gallery__item\"><img data-attachment-id=\"1260\" data-permalink=\"http:\/\/www.gdansk.baptysci.pl\/index.php\/2015\/03\/15\/chrzest-wiary\/10996444_1055314207815905_7977862390423672461_o\/\" data-orig-file=\"http:\/\/www.gdansk.baptysci.pl\/wp-content\/uploads\/2015\/02\/10996444_1055314207815905_7977862390423672461_o.jpg\" data-orig-size=\"1366,2048\" data-comments-opened=\"1\" data-image-meta=\"{&quot;aperture&quot;:&quot;0&quot;,&quot;credit&quot;:&quot;Picasa&quot;,&quot;camera&quot;:&quot;&quot;,&quot;caption&quot;:&quot;&quot;,&quot;created_timestamp&quot;:&quot;0&quot;,&quot;copyright&quot;:&quot;&quot;,&quot;focal_length&quot;:&quot;0&quot;,&quot;iso&quot;:&quot;0&quot;,&quot;shutter_speed&quot;:&quot;0&quot;,&quot;title&quot;:&quot;&quot;,&quot;orientation&quot;:&quot;0&quot;}\" data-image-title=\"10996444_1055314207815905_7977862390423672461_o\" data-image-description=\"\" data-image-caption=\"&lt;p&gt;fot. Artur Grybek&lt;\/p&gt;\n\" data-medium-file=\"http:\/\/www.gdansk.baptysci.pl\/wp-content\/uploads\/2015\/02\/10996444_1055314207815905_7977862390423672461_o-200x300.jpg\" data-large-file=\"http:\/\/www.gdansk.baptysci.pl\/wp-content\/uploads\/2015\/02\/10996444_1055314207815905_7977862390423672461_o-683x1024.jpg\" data-attachment-id=\"1260\" data-permalink=\"http:\/\/www.gdansk.baptysci.pl\/index.php\/2015\/03\/15\/chrzest-wiary\/10996444_1055314207815905_7977862390423672461_o\/\" data-orig-file=\"http:\/\/www.gdansk.baptysci.pl\/wp-content\/uploads\/2015\/02\/10996444_1055314207815905_7977862390423672461_o.jpg\" data-orig-size=\"1366,2048\" data-comments-opened=\"1\" data-image-meta=\"{&quot;aperture&quot;:&quot;0&quot;,&quot;credit&quot;:&quot;Picasa&quot;,&quot;camera&quot;:&quot;&quot;,&quot;caption&quot;:&quot;&quot;,&quot;created_timestamp&quot;:&quot;0&quot;,&quot;copyright&quot;:&quot;&quot;,&quot;focal_length&quot;:&quot;0&quot;,&quot;iso&quot;:&quot;0&quot;,&quot;shutter_speed&quot;:&quot;0&quot;,&quot;title&quot;:&quot;&quot;,&quot;orientation&quot;:&quot;0&quot;}\" data-image-title=\"10996444_1055314207815905_7977862390423672461_o\" data-image-description=\"\" data-image-caption=\"&lt;p&gt;fot. Artur Grybek&lt;\/p&gt;\n\" data-medium-file=\"http:\/\/www.gdansk.baptysci.pl\/wp-content\/uploads\/2015\/02\/10996444_1055314207815905_7977862390423672461_o-200x300.jpg\" data-large-file=\"http:\/\/www.gdansk.baptysci.pl\/wp-content\/uploads\/2015\/02\/10996444_1055314207815905_7977862390423672461_o-683x1024.jpg\" decoding=\"async\" data-attachment-id=\"1260\" data-permalink=\"http:\/\/www.gdansk.baptysci.pl\/index.php\/2015\/03\/15\/chrzest-wiary\/10996444_1055314207815905_7977862390423672461_o\/\" data-orig-file=\"http:\/\/www.gdansk.baptysci.pl\/wp-content\/uploads\/2015\/02\/10996444_1055314207815905_7977862390423672461_o.jpg\" data-orig-size=\"1366,2048\" data-comments-opened=\"1\" data-image-meta=\"{&quot;aperture&quot;:&quot;0&quot;,&quot;credit&quot;:&quot;Picasa&quot;,&quot;camera&quot;:&quot;&quot;,&quot;caption&quot;:&quot;&quot;,&quot;created_timestamp&quot;:&quot;0&quot;,&quot;copyright&quot;:&quot;&quot;,&quot;focal_length&quot;:&quot;0&quot;,&quot;iso&quot;:&quot;0&quot;,&quot;shutter_speed&quot;:&quot;0&quot;,&quot;title&quot;:&quot;&quot;,&quot;orientation&quot;:&quot;0&quot;}\" data-image-title=\"10996444_1055314207815905_7977862390423672461_o\" data-image-description=\"\" data-image-caption=\"&lt;p&gt;fot. Artur Grybek&lt;\/p&gt;\n\" data-medium-file=\"http:\/\/www.gdansk.baptysci.pl\/wp-content\/uploads\/2015\/02\/10996444_1055314207815905_7977862390423672461_o-200x300.jpg\" data-large-file=\"http:\/\/www.gdansk.baptysci.pl\/wp-content\/uploads\/2015\/02\/10996444_1055314207815905_7977862390423672461_o-683x1024.jpg\" srcset=\"https:\/\/i0.wp.com\/www.gdansk.baptysci.pl\/wp-content\/uploads\/2015\/02\/10996444_1055314207815905_7977862390423672461_o-683x1024.jpg?strip=info&#038;w=600 600w,https:\/\/i0.wp.com\/www.gdansk.baptysci.pl\/wp-content\/uploads\/2015\/02\/10996444_1055314207815905_7977862390423672461_o-683x1024.jpg?strip=info&#038;w=900 900w,https:\/\/i0.wp.com\/www.gdansk.baptysci.pl\/wp-content\/uploads\/2015\/02\/10996444_1055314207815905_7977862390423672461_o-683x1024.jpg?strip=info&#038;w=1200 1200w,https:\/\/i0.wp.com\/www.gdansk.baptysci.pl\/wp-content\/uploads\/2015\/02\/10996444_1055314207815905_7977862390423672461_o-683x1024.jpg?strip=info&#038;w=1366 1366w\" alt=\"\" data-height=\"2048\" data-id=\"1260\" data-link=\"http:\/\/www.gdansk.baptysci.pl\/index.php\/2015\/02\/22\/chrzest-wiary\/10996444_1055314207815905_7977862390423672461_o\/\" data-url=\"http:\/\/www.gdansk.baptysci.pl\/wp-content\/uploads\/2015\/02\/10996444_1055314207815905_7977862390423672461_o-683x1024.jpg\" data-width=\"1366\" src=\"https:\/\/i0.wp.com\/www.gdansk.baptysci.pl\/wp-content\/uploads\/2015\/02\/10996444_1055314207815905_7977862390423672461_o-683x1024.jpg\" data-amp-layout=\"responsive\"\/><\/figure><\/div><div class=\"tiled-gallery__col\" style=\"flex-basis:59.96373%\"><figure class=\"tiled-gallery__item\"><img data-attachment-id=\"1261\" data-permalink=\"http:\/\/www.gdansk.baptysci.pl\/index.php\/2015\/03\/15\/chrzest-wiary\/11009857_1055317564482236_8398168914468892503_o\/\" data-orig-file=\"http:\/\/www.gdansk.baptysci.pl\/wp-content\/uploads\/2015\/02\/11009857_1055317564482236_8398168914468892503_o.jpg\" data-orig-size=\"960,960\" data-comments-opened=\"1\" data-image-meta=\"{&quot;aperture&quot;:&quot;0&quot;,&quot;credit&quot;:&quot;Picasa&quot;,&quot;camera&quot;:&quot;&quot;,&quot;caption&quot;:&quot;&quot;,&quot;created_timestamp&quot;:&quot;0&quot;,&quot;copyright&quot;:&quot;&quot;,&quot;focal_length&quot;:&quot;0&quot;,&quot;iso&quot;:&quot;0&quot;,&quot;shutter_speed&quot;:&quot;0&quot;,&quot;title&quot;:&quot;&quot;,&quot;orientation&quot;:&quot;0&quot;}\" data-image-title=\"11009857_1055317564482236_8398168914468892503_o\" data-image-description=\"\" data-image-caption=\"&lt;p&gt;fot. Artur Grybek&lt;\/p&gt;\n\" data-medium-file=\"http:\/\/www.gdansk.baptysci.pl\/wp-content\/uploads\/2015\/02\/11009857_1055317564482236_8398168914468892503_o-300x300.jpg\" data-large-file=\"http:\/\/www.gdansk.baptysci.pl\/wp-content\/uploads\/2015\/02\/11009857_1055317564482236_8398168914468892503_o.jpg\" data-attachment-id=\"1261\" data-permalink=\"http:\/\/www.gdansk.baptysci.pl\/index.php\/2015\/03\/15\/chrzest-wiary\/11009857_1055317564482236_8398168914468892503_o\/\" data-orig-file=\"http:\/\/www.gdansk.baptysci.pl\/wp-content\/uploads\/2015\/02\/11009857_1055317564482236_8398168914468892503_o.jpg\" data-orig-size=\"960,960\" data-comments-opened=\"1\" data-image-meta=\"{&quot;aperture&quot;:&quot;0&quot;,&quot;credit&quot;:&quot;Picasa&quot;,&quot;camera&quot;:&quot;&quot;,&quot;caption&quot;:&quot;&quot;,&quot;created_timestamp&quot;:&quot;0&quot;,&quot;copyright&quot;:&quot;&quot;,&quot;focal_length&quot;:&quot;0&quot;,&quot;iso&quot;:&quot;0&quot;,&quot;shutter_speed&quot;:&quot;0&quot;,&quot;title&quot;:&quot;&quot;,&quot;orientation&quot;:&quot;0&quot;}\" data-image-title=\"11009857_1055317564482236_8398168914468892503_o\" data-image-description=\"\" data-image-caption=\"&lt;p&gt;fot. Artur Grybek&lt;\/p&gt;\n\" data-medium-file=\"http:\/\/www.gdansk.baptysci.pl\/wp-content\/uploads\/2015\/02\/11009857_1055317564482236_8398168914468892503_o-300x300.jpg\" data-large-file=\"http:\/\/www.gdansk.baptysci.pl\/wp-content\/uploads\/2015\/02\/11009857_1055317564482236_8398168914468892503_o.jpg\" decoding=\"async\" data-attachment-id=\"1261\" data-permalink=\"http:\/\/www.gdansk.baptysci.pl\/index.php\/2015\/03\/15\/chrzest-wiary\/11009857_1055317564482236_8398168914468892503_o\/\" data-orig-file=\"http:\/\/www.gdansk.baptysci.pl\/wp-content\/uploads\/2015\/02\/11009857_1055317564482236_8398168914468892503_o.jpg\" data-orig-size=\"960,960\" data-comments-opened=\"1\" data-image-meta=\"{&quot;aperture&quot;:&quot;0&quot;,&quot;credit&quot;:&quot;Picasa&quot;,&quot;camera&quot;:&quot;&quot;,&quot;caption&quot;:&quot;&quot;,&quot;created_timestamp&quot;:&quot;0&quot;,&quot;copyright&quot;:&quot;&quot;,&quot;focal_length&quot;:&quot;0&quot;,&quot;iso&quot;:&quot;0&quot;,&quot;shutter_speed&quot;:&quot;0&quot;,&quot;title&quot;:&quot;&quot;,&quot;orientation&quot;:&quot;0&quot;}\" data-image-title=\"11009857_1055317564482236_8398168914468892503_o\" data-image-description=\"\" data-image-caption=\"&lt;p&gt;fot. Artur Grybek&lt;\/p&gt;\n\" data-medium-file=\"http:\/\/www.gdansk.baptysci.pl\/wp-content\/uploads\/2015\/02\/11009857_1055317564482236_8398168914468892503_o-300x300.jpg\" data-large-file=\"http:\/\/www.gdansk.baptysci.pl\/wp-content\/uploads\/2015\/02\/11009857_1055317564482236_8398168914468892503_o.jpg\" srcset=\"https:\/\/i2.wp.com\/www.gdansk.baptysci.pl\/wp-content\/uploads\/2015\/02\/11009857_1055317564482236_8398168914468892503_o.jpg?strip=info&#038;w=600 600w,https:\/\/i2.wp.com\/www.gdansk.baptysci.pl\/wp-content\/uploads\/2015\/02\/11009857_1055317564482236_8398168914468892503_o.jpg?strip=info&#038;w=900 900w,https:\/\/i2.wp.com\/www.gdansk.baptysci.pl\/wp-content\/uploads\/2015\/02\/11009857_1055317564482236_8398168914468892503_o.jpg?strip=info&#038;w=960 960w\" alt=\"\" data-height=\"960\" data-id=\"1261\" data-link=\"http:\/\/www.gdansk.baptysci.pl\/index.php\/2015\/02\/22\/chrzest-wiary\/11009857_1055317564482236_8398168914468892503_o\/\" data-url=\"http:\/\/www.gdansk.baptysci.pl\/wp-content\/uploads\/2015\/02\/11009857_1055317564482236_8398168914468892503_o.jpg\" data-width=\"960\" src=\"https:\/\/i2.wp.com\/www.gdansk.baptysci.pl\/wp-content\/uploads\/2015\/02\/11009857_1055317564482236_8398168914468892503_o.jpg\" data-amp-layout=\"responsive\"\/><\/figure><\/div><\/div><div class=\"tiled-gallery__row\"><div class=\"tiled-gallery__col\" style=\"flex-basis:57.14112%\"><figure class=\"tiled-gallery__item\"><img data-attachment-id=\"1262\" data-permalink=\"http:\/\/www.gdansk.baptysci.pl\/index.php\/2015\/03\/15\/chrzest-wiary\/11021547_1055309154483077_7448959653519094073_o\/\" data-orig-file=\"http:\/\/www.gdansk.baptysci.pl\/wp-content\/uploads\/2015\/02\/11021547_1055309154483077_7448959653519094073_o.jpg\" data-orig-size=\"1356,2048\" data-comments-opened=\"1\" data-image-meta=\"{&quot;aperture&quot;:&quot;0&quot;,&quot;credit&quot;:&quot;&quot;,&quot;camera&quot;:&quot;&quot;,&quot;caption&quot;:&quot;&quot;,&quot;created_timestamp&quot;:&quot;0&quot;,&quot;copyright&quot;:&quot;&quot;,&quot;focal_length&quot;:&quot;0&quot;,&quot;iso&quot;:&quot;0&quot;,&quot;shutter_speed&quot;:&quot;0&quot;,&quot;title&quot;:&quot;&quot;,&quot;orientation&quot;:&quot;0&quot;}\" data-image-title=\"11021547_1055309154483077_7448959653519094073_o\" data-image-description=\"\" data-image-caption=\"&lt;p&gt;fot. Artur Grybek&lt;\/p&gt;\n\" data-medium-file=\"http:\/\/www.gdansk.baptysci.pl\/wp-content\/uploads\/2015\/02\/11021547_1055309154483077_7448959653519094073_o-199x300.jpg\" data-large-file=\"http:\/\/www.gdansk.baptysci.pl\/wp-content\/uploads\/2015\/02\/11021547_1055309154483077_7448959653519094073_o-678x1024.jpg\" data-attachment-id=\"1262\" data-permalink=\"http:\/\/www.gdansk.baptysci.pl\/index.php\/2015\/03\/15\/chrzest-wiary\/11021547_1055309154483077_7448959653519094073_o\/\" data-orig-file=\"http:\/\/www.gdansk.baptysci.pl\/wp-content\/uploads\/2015\/02\/11021547_1055309154483077_7448959653519094073_o.jpg\" data-orig-size=\"1356,2048\" data-comments-opened=\"1\" data-image-meta=\"{&quot;aperture&quot;:&quot;0&quot;,&quot;credit&quot;:&quot;&quot;,&quot;camera&quot;:&quot;&quot;,&quot;caption&quot;:&quot;&quot;,&quot;created_timestamp&quot;:&quot;0&quot;,&quot;copyright&quot;:&quot;&quot;,&quot;focal_length&quot;:&quot;0&quot;,&quot;iso&quot;:&quot;0&quot;,&quot;shutter_speed&quot;:&quot;0&quot;,&quot;title&quot;:&quot;&quot;,&quot;orientation&quot;:&quot;0&quot;}\" data-image-title=\"11021547_1055309154483077_7448959653519094073_o\" data-image-description=\"\" data-image-caption=\"&lt;p&gt;fot. Artur Grybek&lt;\/p&gt;\n\" data-medium-file=\"http:\/\/www.gdansk.baptysci.pl\/wp-content\/uploads\/2015\/02\/11021547_1055309154483077_7448959653519094073_o-199x300.jpg\" data-large-file=\"http:\/\/www.gdansk.baptysci.pl\/wp-content\/uploads\/2015\/02\/11021547_1055309154483077_7448959653519094073_o-678x1024.jpg\" decoding=\"async\" data-attachment-id=\"1262\" data-permalink=\"http:\/\/www.gdansk.baptysci.pl\/index.php\/2015\/03\/15\/chrzest-wiary\/11021547_1055309154483077_7448959653519094073_o\/\" data-orig-file=\"http:\/\/www.gdansk.baptysci.pl\/wp-content\/uploads\/2015\/02\/11021547_1055309154483077_7448959653519094073_o.jpg\" data-orig-size=\"1356,2048\" data-comments-opened=\"1\" data-image-meta=\"{&quot;aperture&quot;:&quot;0&quot;,&quot;credit&quot;:&quot;&quot;,&quot;camera&quot;:&quot;&quot;,&quot;caption&quot;:&quot;&quot;,&quot;created_timestamp&quot;:&quot;0&quot;,&quot;copyright&quot;:&quot;&quot;,&quot;focal_length&quot;:&quot;0&quot;,&quot;iso&quot;:&quot;0&quot;,&quot;shutter_speed&quot;:&quot;0&quot;,&quot;title&quot;:&quot;&quot;,&quot;orientation&quot;:&quot;0&quot;}\" data-image-title=\"11021547_1055309154483077_7448959653519094073_o\" data-image-description=\"\" data-image-caption=\"&lt;p&gt;fot. Artur Grybek&lt;\/p&gt;\n\" data-medium-file=\"http:\/\/www.gdansk.baptysci.pl\/wp-content\/uploads\/2015\/02\/11021547_1055309154483077_7448959653519094073_o-199x300.jpg\" data-large-file=\"http:\/\/www.gdansk.baptysci.pl\/wp-content\/uploads\/2015\/02\/11021547_1055309154483077_7448959653519094073_o-678x1024.jpg\" srcset=\"https:\/\/i1.wp.com\/www.gdansk.baptysci.pl\/wp-content\/uploads\/2015\/02\/11021547_1055309154483077_7448959653519094073_o-678x1024.jpg?strip=info&#038;w=600 600w,https:\/\/i1.wp.com\/www.gdansk.baptysci.pl\/wp-content\/uploads\/2015\/02\/11021547_1055309154483077_7448959653519094073_o-678x1024.jpg?strip=info&#038;w=900 900w,https:\/\/i1.wp.com\/www.gdansk.baptysci.pl\/wp-content\/uploads\/2015\/02\/11021547_1055309154483077_7448959653519094073_o-678x1024.jpg?strip=info&#038;w=1200 1200w,https:\/\/i1.wp.com\/www.gdansk.baptysci.pl\/wp-content\/uploads\/2015\/02\/11021547_1055309154483077_7448959653519094073_o-678x1024.jpg?strip=info&#038;w=1356 1356w\" alt=\"\" data-height=\"2048\" data-id=\"1262\" data-link=\"http:\/\/www.gdansk.baptysci.pl\/index.php\/2015\/02\/22\/chrzest-wiary\/11021547_1055309154483077_7448959653519094073_o\/\" data-url=\"http:\/\/www.gdansk.baptysci.pl\/wp-content\/uploads\/2015\/02\/11021547_1055309154483077_7448959653519094073_o-678x1024.jpg\" data-width=\"1356\" src=\"https:\/\/i1.wp.com\/www.gdansk.baptysci.pl\/wp-content\/uploads\/2015\/02\/11021547_1055309154483077_7448959653519094073_o-678x1024.jpg\" data-amp-layout=\"responsive\"\/><\/figure><\/div><div class=\"tiled-gallery__col\" style=\"flex-basis:42.85888%\"><figure class=\"tiled-gallery__item\"><img data-attachment-id=\"1263\" data-permalink=\"http:\/\/www.gdansk.baptysci.pl\/index.php\/2015\/03\/15\/chrzest-wiary\/11026079_1055317571148902_6033733269564686483_o\/\" data-orig-file=\"http:\/\/www.gdansk.baptysci.pl\/wp-content\/uploads\/2015\/02\/11026079_1055317571148902_6033733269564686483_o.jpg\" data-orig-size=\"2048,1356\" data-comments-opened=\"1\" data-image-meta=\"{&quot;aperture&quot;:&quot;0&quot;,&quot;credit&quot;:&quot;&quot;,&quot;camera&quot;:&quot;&quot;,&quot;caption&quot;:&quot;&quot;,&quot;created_timestamp&quot;:&quot;0&quot;,&quot;copyright&quot;:&quot;&quot;,&quot;focal_length&quot;:&quot;0&quot;,&quot;iso&quot;:&quot;0&quot;,&quot;shutter_speed&quot;:&quot;0&quot;,&quot;title&quot;:&quot;&quot;,&quot;orientation&quot;:&quot;0&quot;}\" data-image-title=\"11026079_1055317571148902_6033733269564686483_o\" data-image-description=\"\" data-image-caption=\"&lt;p&gt;fot. Artur Grybek&lt;\/p&gt;\n\" data-medium-file=\"http:\/\/www.gdansk.baptysci.pl\/wp-content\/uploads\/2015\/02\/11026079_1055317571148902_6033733269564686483_o-300x199.jpg\" data-large-file=\"http:\/\/www.gdansk.baptysci.pl\/wp-content\/uploads\/2015\/02\/11026079_1055317571148902_6033733269564686483_o-1024x678.jpg\" data-attachment-id=\"1263\" data-permalink=\"http:\/\/www.gdansk.baptysci.pl\/index.php\/2015\/03\/15\/chrzest-wiary\/11026079_1055317571148902_6033733269564686483_o\/\" data-orig-file=\"http:\/\/www.gdansk.baptysci.pl\/wp-content\/uploads\/2015\/02\/11026079_1055317571148902_6033733269564686483_o.jpg\" data-orig-size=\"2048,1356\" data-comments-opened=\"1\" data-image-meta=\"{&quot;aperture&quot;:&quot;0&quot;,&quot;credit&quot;:&quot;&quot;,&quot;camera&quot;:&quot;&quot;,&quot;caption&quot;:&quot;&quot;,&quot;created_timestamp&quot;:&quot;0&quot;,&quot;copyright&quot;:&quot;&quot;,&quot;focal_length&quot;:&quot;0&quot;,&quot;iso&quot;:&quot;0&quot;,&quot;shutter_speed&quot;:&quot;0&quot;,&quot;title&quot;:&quot;&quot;,&quot;orientation&quot;:&quot;0&quot;}\" data-image-title=\"11026079_1055317571148902_6033733269564686483_o\" data-image-description=\"\" data-image-caption=\"&lt;p&gt;fot. Artur Grybek&lt;\/p&gt;\n\" data-medium-file=\"http:\/\/www.gdansk.baptysci.pl\/wp-content\/uploads\/2015\/02\/11026079_1055317571148902_6033733269564686483_o-300x199.jpg\" data-large-file=\"http:\/\/www.gdansk.baptysci.pl\/wp-content\/uploads\/2015\/02\/11026079_1055317571148902_6033733269564686483_o-1024x678.jpg\" decoding=\"async\" data-attachment-id=\"1263\" data-permalink=\"http:\/\/www.gdansk.baptysci.pl\/index.php\/2015\/03\/15\/chrzest-wiary\/11026079_1055317571148902_6033733269564686483_o\/\" data-orig-file=\"http:\/\/www.gdansk.baptysci.pl\/wp-content\/uploads\/2015\/02\/11026079_1055317571148902_6033733269564686483_o.jpg\" data-orig-size=\"2048,1356\" data-comments-opened=\"1\" data-image-meta=\"{&quot;aperture&quot;:&quot;0&quot;,&quot;credit&quot;:&quot;&quot;,&quot;camera&quot;:&quot;&quot;,&quot;caption&quot;:&quot;&quot;,&quot;created_timestamp&quot;:&quot;0&quot;,&quot;copyright&quot;:&quot;&quot;,&quot;focal_length&quot;:&quot;0&quot;,&quot;iso&quot;:&quot;0&quot;,&quot;shutter_speed&quot;:&quot;0&quot;,&quot;title&quot;:&quot;&quot;,&quot;orientation&quot;:&quot;0&quot;}\" data-image-title=\"11026079_1055317571148902_6033733269564686483_o\" data-image-description=\"\" data-image-caption=\"&lt;p&gt;fot. Artur Grybek&lt;\/p&gt;\n\" data-medium-file=\"http:\/\/www.gdansk.baptysci.pl\/wp-content\/uploads\/2015\/02\/11026079_1055317571148902_6033733269564686483_o-300x199.jpg\" data-large-file=\"http:\/\/www.gdansk.baptysci.pl\/wp-content\/uploads\/2015\/02\/11026079_1055317571148902_6033733269564686483_o-1024x678.jpg\" srcset=\"https:\/\/i1.wp.com\/www.gdansk.baptysci.pl\/wp-content\/uploads\/2015\/02\/11026079_1055317571148902_6033733269564686483_o-1024x678.jpg?strip=info&#038;w=600 600w,https:\/\/i1.wp.com\/www.gdansk.baptysci.pl\/wp-content\/uploads\/2015\/02\/11026079_1055317571148902_6033733269564686483_o-1024x678.jpg?strip=info&#038;w=900 900w,https:\/\/i1.wp.com\/www.gdansk.baptysci.pl\/wp-content\/uploads\/2015\/02\/11026079_1055317571148902_6033733269564686483_o-1024x678.jpg?strip=info&#038;w=1200 1200w,https:\/\/i1.wp.com\/www.gdansk.baptysci.pl\/wp-content\/uploads\/2015\/02\/11026079_1055317571148902_6033733269564686483_o-1024x678.jpg?strip=info&#038;w=1500 1500w,https:\/\/i1.wp.com\/www.gdansk.baptysci.pl\/wp-content\/uploads\/2015\/02\/11026079_1055317571148902_6033733269564686483_o-1024x678.jpg?strip=info&#038;w=1800 1800w,https:\/\/i1.wp.com\/www.gdansk.baptysci.pl\/wp-content\/uploads\/2015\/02\/11026079_1055317571148902_6033733269564686483_o-1024x678.jpg?strip=info&#038;w=2000 2000w\" alt=\"\" data-height=\"1356\" data-id=\"1263\" data-link=\"http:\/\/www.gdansk.baptysci.pl\/index.php\/2015\/02\/22\/chrzest-wiary\/11026079_1055317571148902_6033733269564686483_o\/\" data-url=\"http:\/\/www.gdansk.baptysci.pl\/wp-content\/uploads\/2015\/02\/11026079_1055317571148902_6033733269564686483_o-1024x678.jpg\" data-width=\"2048\" src=\"https:\/\/i1.wp.com\/www.gdansk.baptysci.pl\/wp-content\/uploads\/2015\/02\/11026079_1055317571148902_6033733269564686483_o-1024x678.jpg\" data-amp-layout=\"responsive\"\/><\/figure><figure class=\"tiled-gallery__item\"><img data-attachment-id=\"1264\" data-permalink=\"http:\/\/www.gdansk.baptysci.pl\/index.php\/2015\/03\/15\/chrzest-wiary\/11037338_1055309631149696_5958311672662356234_o\/\" data-orig-file=\"http:\/\/www.gdansk.baptysci.pl\/wp-content\/uploads\/2015\/02\/11037338_1055309631149696_5958311672662356234_o.jpg\" data-orig-size=\"2048,1366\" data-comments-opened=\"1\" data-image-meta=\"{&quot;aperture&quot;:&quot;0&quot;,&quot;credit&quot;:&quot;Picasa&quot;,&quot;camera&quot;:&quot;&quot;,&quot;caption&quot;:&quot;&quot;,&quot;created_timestamp&quot;:&quot;0&quot;,&quot;copyright&quot;:&quot;&quot;,&quot;focal_length&quot;:&quot;0&quot;,&quot;iso&quot;:&quot;0&quot;,&quot;shutter_speed&quot;:&quot;0&quot;,&quot;title&quot;:&quot;&quot;,&quot;orientation&quot;:&quot;0&quot;}\" data-image-title=\"11037338_1055309631149696_5958311672662356234_o\" data-image-description=\"\" data-image-caption=\"&lt;p&gt;fot. Artur Grybek&lt;\/p&gt;\n\" data-medium-file=\"http:\/\/www.gdansk.baptysci.pl\/wp-content\/uploads\/2015\/02\/11037338_1055309631149696_5958311672662356234_o-300x200.jpg\" data-large-file=\"http:\/\/www.gdansk.baptysci.pl\/wp-content\/uploads\/2015\/02\/11037338_1055309631149696_5958311672662356234_o-1024x683.jpg\" data-attachment-id=\"1264\" data-permalink=\"http:\/\/www.gdansk.baptysci.pl\/index.php\/2015\/03\/15\/chrzest-wiary\/11037338_1055309631149696_5958311672662356234_o\/\" data-orig-file=\"http:\/\/www.gdansk.baptysci.pl\/wp-content\/uploads\/2015\/02\/11037338_1055309631149696_5958311672662356234_o.jpg\" data-orig-size=\"2048,1366\" data-comments-opened=\"1\" data-image-meta=\"{&quot;aperture&quot;:&quot;0&quot;,&quot;credit&quot;:&quot;Picasa&quot;,&quot;camera&quot;:&quot;&quot;,&quot;caption&quot;:&quot;&quot;,&quot;created_timestamp&quot;:&quot;0&quot;,&quot;copyright&quot;:&quot;&quot;,&quot;focal_length&quot;:&quot;0&quot;,&quot;iso&quot;:&quot;0&quot;,&quot;shutter_speed&quot;:&quot;0&quot;,&quot;title&quot;:&quot;&quot;,&quot;orientation&quot;:&quot;0&quot;}\" data-image-title=\"11037338_1055309631149696_5958311672662356234_o\" data-image-description=\"\" data-image-caption=\"&lt;p&gt;fot. Artur Grybek&lt;\/p&gt;\n\" data-medium-file=\"http:\/\/www.gdansk.baptysci.pl\/wp-content\/uploads\/2015\/02\/11037338_1055309631149696_5958311672662356234_o-300x200.jpg\" data-large-file=\"http:\/\/www.gdansk.baptysci.pl\/wp-content\/uploads\/2015\/02\/11037338_1055309631149696_5958311672662356234_o-1024x683.jpg\" decoding=\"async\" data-attachment-id=\"1264\" data-permalink=\"http:\/\/www.gdansk.baptysci.pl\/index.php\/2015\/03\/15\/chrzest-wiary\/11037338_1055309631149696_5958311672662356234_o\/\" data-orig-file=\"http:\/\/www.gdansk.baptysci.pl\/wp-content\/uploads\/2015\/02\/11037338_1055309631149696_5958311672662356234_o.jpg\" data-orig-size=\"2048,1366\" data-comments-opened=\"1\" data-image-meta=\"{&quot;aperture&quot;:&quot;0&quot;,&quot;credit&quot;:&quot;Picasa&quot;,&quot;camera&quot;:&quot;&quot;,&quot;caption&quot;:&quot;&quot;,&quot;created_timestamp&quot;:&quot;0&quot;,&quot;copyright&quot;:&quot;&quot;,&quot;focal_length&quot;:&quot;0&quot;,&quot;iso&quot;:&quot;0&quot;,&quot;shutter_speed&quot;:&quot;0&quot;,&quot;title&quot;:&quot;&quot;,&quot;orientation&quot;:&quot;0&quot;}\" data-image-title=\"11037338_1055309631149696_5958311672662356234_o\" data-image-description=\"\" data-image-caption=\"&lt;p&gt;fot. Artur Grybek&lt;\/p&gt;\n\" data-medium-file=\"http:\/\/www.gdansk.baptysci.pl\/wp-content\/uploads\/2015\/02\/11037338_1055309631149696_5958311672662356234_o-300x200.jpg\" data-large-file=\"http:\/\/www.gdansk.baptysci.pl\/wp-content\/uploads\/2015\/02\/11037338_1055309631149696_5958311672662356234_o-1024x683.jpg\" srcset=\"https:\/\/i2.wp.com\/www.gdansk.baptysci.pl\/wp-content\/uploads\/2015\/02\/11037338_1055309631149696_5958311672662356234_o-1024x683.jpg?strip=info&#038;w=600 600w,https:\/\/i2.wp.com\/www.gdansk.baptysci.pl\/wp-content\/uploads\/2015\/02\/11037338_1055309631149696_5958311672662356234_o-1024x683.jpg?strip=info&#038;w=900 900w,https:\/\/i2.wp.com\/www.gdansk.baptysci.pl\/wp-content\/uploads\/2015\/02\/11037338_1055309631149696_5958311672662356234_o-1024x683.jpg?strip=info&#038;w=1200 1200w,https:\/\/i2.wp.com\/www.gdansk.baptysci.pl\/wp-content\/uploads\/2015\/02\/11037338_1055309631149696_5958311672662356234_o-1024x683.jpg?strip=info&#038;w=1500 1500w,https:\/\/i2.wp.com\/www.gdansk.baptysci.pl\/wp-content\/uploads\/2015\/02\/11037338_1055309631149696_5958311672662356234_o-1024x683.jpg?strip=info&#038;w=1800 1800w,https:\/\/i2.wp.com\/www.gdansk.baptysci.pl\/wp-content\/uploads\/2015\/02\/11037338_1055309631149696_5958311672662356234_o-1024x683.jpg?strip=info&#038;w=2000 2000w\" alt=\"\" data-height=\"1366\" data-id=\"1264\" data-link=\"http:\/\/www.gdansk.baptysci.pl\/index.php\/2015\/02\/22\/chrzest-wiary\/11037338_1055309631149696_5958311672662356234_o\/\" data-url=\"http:\/\/www.gdansk.baptysci.pl\/wp-content\/uploads\/2015\/02\/11037338_1055309631149696_5958311672662356234_o-1024x683.jpg\" data-width=\"2048\" src=\"https:\/\/i2.wp.com\/www.gdansk.baptysci.pl\/wp-content\/uploads\/2015\/02\/11037338_1055309631149696_5958311672662356234_o-1024x683.jpg\" data-amp-layout=\"responsive\"\/><\/figure><figure class=\"tiled-gallery__item\"><img data-attachment-id=\"1265\" data-permalink=\"http:\/\/www.gdansk.baptysci.pl\/index.php\/2015\/03\/15\/chrzest-wiary\/11038259_1055308024483190_2381012990533821298_o\/\" data-orig-file=\"http:\/\/www.gdansk.baptysci.pl\/wp-content\/uploads\/2015\/02\/11038259_1055308024483190_2381012990533821298_o.jpg\" data-orig-size=\"2048,1356\" data-comments-opened=\"1\" data-image-meta=\"{&quot;aperture&quot;:&quot;0&quot;,&quot;credit&quot;:&quot;&quot;,&quot;camera&quot;:&quot;&quot;,&quot;caption&quot;:&quot;&quot;,&quot;created_timestamp&quot;:&quot;0&quot;,&quot;copyright&quot;:&quot;&quot;,&quot;focal_length&quot;:&quot;0&quot;,&quot;iso&quot;:&quot;0&quot;,&quot;shutter_speed&quot;:&quot;0&quot;,&quot;title&quot;:&quot;&quot;,&quot;orientation&quot;:&quot;0&quot;}\" data-image-title=\"11038259_1055308024483190_2381012990533821298_o\" data-image-description=\"\" data-image-caption=\"&lt;p&gt;fot. Artur Grybek&lt;\/p&gt;\n\" data-medium-file=\"http:\/\/www.gdansk.baptysci.pl\/wp-content\/uploads\/2015\/02\/11038259_1055308024483190_2381012990533821298_o-300x199.jpg\" data-large-file=\"http:\/\/www.gdansk.baptysci.pl\/wp-content\/uploads\/2015\/02\/11038259_1055308024483190_2381012990533821298_o-1024x678.jpg\" data-attachment-id=\"1265\" data-permalink=\"http:\/\/www.gdansk.baptysci.pl\/index.php\/2015\/03\/15\/chrzest-wiary\/11038259_1055308024483190_2381012990533821298_o\/\" data-orig-file=\"http:\/\/www.gdansk.baptysci.pl\/wp-content\/uploads\/2015\/02\/11038259_1055308024483190_2381012990533821298_o.jpg\" data-orig-size=\"2048,1356\" data-comments-opened=\"1\" data-image-meta=\"{&quot;aperture&quot;:&quot;0&quot;,&quot;credit&quot;:&quot;&quot;,&quot;camera&quot;:&quot;&quot;,&quot;caption&quot;:&quot;&quot;,&quot;created_timestamp&quot;:&quot;0&quot;,&quot;copyright&quot;:&quot;&quot;,&quot;focal_length&quot;:&quot;0&quot;,&quot;iso&quot;:&quot;0&quot;,&quot;shutter_speed&quot;:&quot;0&quot;,&quot;title&quot;:&quot;&quot;,&quot;orientation&quot;:&quot;0&quot;}\" data-image-title=\"11038259_1055308024483190_2381012990533821298_o\" data-image-description=\"\" data-image-caption=\"&lt;p&gt;fot. Artur Grybek&lt;\/p&gt;\n\" data-medium-file=\"http:\/\/www.gdansk.baptysci.pl\/wp-content\/uploads\/2015\/02\/11038259_1055308024483190_2381012990533821298_o-300x199.jpg\" data-large-file=\"http:\/\/www.gdansk.baptysci.pl\/wp-content\/uploads\/2015\/02\/11038259_1055308024483190_2381012990533821298_o-1024x678.jpg\" decoding=\"async\" data-attachment-id=\"1265\" data-permalink=\"http:\/\/www.gdansk.baptysci.pl\/index.php\/2015\/03\/15\/chrzest-wiary\/11038259_1055308024483190_2381012990533821298_o\/\" data-orig-file=\"http:\/\/www.gdansk.baptysci.pl\/wp-content\/uploads\/2015\/02\/11038259_1055308024483190_2381012990533821298_o.jpg\" data-orig-size=\"2048,1356\" data-comments-opened=\"1\" data-image-meta=\"{&quot;aperture&quot;:&quot;0&quot;,&quot;credit&quot;:&quot;&quot;,&quot;camera&quot;:&quot;&quot;,&quot;caption&quot;:&quot;&quot;,&quot;created_timestamp&quot;:&quot;0&quot;,&quot;copyright&quot;:&quot;&quot;,&quot;focal_length&quot;:&quot;0&quot;,&quot;iso&quot;:&quot;0&quot;,&quot;shutter_speed&quot;:&quot;0&quot;,&quot;title&quot;:&quot;&quot;,&quot;orientation&quot;:&quot;0&quot;}\" data-image-title=\"11038259_1055308024483190_2381012990533821298_o\" data-image-description=\"\" data-image-caption=\"&lt;p&gt;fot. Artur Grybek&lt;\/p&gt;\n\" data-medium-file=\"http:\/\/www.gdansk.baptysci.pl\/wp-content\/uploads\/2015\/02\/11038259_1055308024483190_2381012990533821298_o-300x199.jpg\" data-large-file=\"http:\/\/www.gdansk.baptysci.pl\/wp-content\/uploads\/2015\/02\/11038259_1055308024483190_2381012990533821298_o-1024x678.jpg\" srcset=\"https:\/\/i2.wp.com\/www.gdansk.baptysci.pl\/wp-content\/uploads\/2015\/02\/11038259_1055308024483190_2381012990533821298_o-1024x678.jpg?strip=info&#038;w=600 600w,https:\/\/i2.wp.com\/www.gdansk.baptysci.pl\/wp-content\/uploads\/2015\/02\/11038259_1055308024483190_2381012990533821298_o-1024x678.jpg?strip=info&#038;w=900 900w,https:\/\/i2.wp.com\/www.gdansk.baptysci.pl\/wp-content\/uploads\/2015\/02\/11038259_1055308024483190_2381012990533821298_o-1024x678.jpg?strip=info&#038;w=1200 1200w,https:\/\/i2.wp.com\/www.gdansk.baptysci.pl\/wp-content\/uploads\/2015\/02\/11038259_1055308024483190_2381012990533821298_o-1024x678.jpg?strip=info&#038;w=1500 1500w,https:\/\/i2.wp.com\/www.gdansk.baptysci.pl\/wp-content\/uploads\/2015\/02\/11038259_1055308024483190_2381012990533821298_o-1024x678.jpg?strip=info&#038;w=1800 1800w,https:\/\/i2.wp.com\/www.gdansk.baptysci.pl\/wp-content\/uploads\/2015\/02\/11038259_1055308024483190_2381012990533821298_o-1024x678.jpg?strip=info&#038;w=2000 2000w\" alt=\"\" data-height=\"1356\" data-id=\"1265\" data-link=\"http:\/\/www.gdansk.baptysci.pl\/index.php\/2015\/02\/22\/chrzest-wiary\/11038259_1055308024483190_2381012990533821298_o\/\" data-url=\"http:\/\/www.gdansk.baptysci.pl\/wp-content\/uploads\/2015\/02\/11038259_1055308024483190_2381012990533821298_o-1024x678.jpg\" data-width=\"2048\" src=\"https:\/\/i2.wp.com\/www.gdansk.baptysci.pl\/wp-content\/uploads\/2015\/02\/11038259_1055308024483190_2381012990533821298_o-1024x678.jpg\" data-amp-layout=\"responsive\"\/><\/figure><\/div><\/div><div class=\"tiled-gallery__row\"><div class=\"tiled-gallery__col\" style=\"flex-basis:42.85322%\"><figure class=\"tiled-gallery__item\"><img data-attachment-id=\"1266\" data-permalink=\"http:\/\/www.gdansk.baptysci.pl\/index.php\/2015\/03\/15\/chrzest-wiary\/11038384_1055307441149915_8679799192109380255_o\/\" data-orig-file=\"http:\/\/www.gdansk.baptysci.pl\/wp-content\/uploads\/2015\/02\/11038384_1055307441149915_8679799192109380255_o.jpg\" data-orig-size=\"2048,1363\" data-comments-opened=\"1\" data-image-meta=\"{&quot;aperture&quot;:&quot;0&quot;,&quot;credit&quot;:&quot;Picasa&quot;,&quot;camera&quot;:&quot;&quot;,&quot;caption&quot;:&quot;&quot;,&quot;created_timestamp&quot;:&quot;0&quot;,&quot;copyright&quot;:&quot;&quot;,&quot;focal_length&quot;:&quot;0&quot;,&quot;iso&quot;:&quot;0&quot;,&quot;shutter_speed&quot;:&quot;0&quot;,&quot;title&quot;:&quot;&quot;,&quot;orientation&quot;:&quot;0&quot;}\" data-image-title=\"11038384_1055307441149915_8679799192109380255_o\" data-image-description=\"\" data-image-caption=\"&lt;p&gt;fot. Artur Grybek &lt;\/p&gt;\n\" data-medium-file=\"http:\/\/www.gdansk.baptysci.pl\/wp-content\/uploads\/2015\/02\/11038384_1055307441149915_8679799192109380255_o-300x200.jpg\" data-large-file=\"http:\/\/www.gdansk.baptysci.pl\/wp-content\/uploads\/2015\/02\/11038384_1055307441149915_8679799192109380255_o-1024x682.jpg\" data-attachment-id=\"1266\" data-permalink=\"http:\/\/www.gdansk.baptysci.pl\/index.php\/2015\/03\/15\/chrzest-wiary\/11038384_1055307441149915_8679799192109380255_o\/\" data-orig-file=\"http:\/\/www.gdansk.baptysci.pl\/wp-content\/uploads\/2015\/02\/11038384_1055307441149915_8679799192109380255_o.jpg\" data-orig-size=\"2048,1363\" data-comments-opened=\"1\" data-image-meta=\"{&quot;aperture&quot;:&quot;0&quot;,&quot;credit&quot;:&quot;Picasa&quot;,&quot;camera&quot;:&quot;&quot;,&quot;caption&quot;:&quot;&quot;,&quot;created_timestamp&quot;:&quot;0&quot;,&quot;copyright&quot;:&quot;&quot;,&quot;focal_length&quot;:&quot;0&quot;,&quot;iso&quot;:&quot;0&quot;,&quot;shutter_speed&quot;:&quot;0&quot;,&quot;title&quot;:&quot;&quot;,&quot;orientation&quot;:&quot;0&quot;}\" data-image-title=\"11038384_1055307441149915_8679799192109380255_o\" data-image-description=\"\" data-image-caption=\"&lt;p&gt;fot. Artur Grybek &lt;\/p&gt;\n\" data-medium-file=\"http:\/\/www.gdansk.baptysci.pl\/wp-content\/uploads\/2015\/02\/11038384_1055307441149915_8679799192109380255_o-300x200.jpg\" data-large-file=\"http:\/\/www.gdansk.baptysci.pl\/wp-content\/uploads\/2015\/02\/11038384_1055307441149915_8679799192109380255_o-1024x682.jpg\" decoding=\"async\" data-attachment-id=\"1266\" data-permalink=\"http:\/\/www.gdansk.baptysci.pl\/index.php\/2015\/03\/15\/chrzest-wiary\/11038384_1055307441149915_8679799192109380255_o\/\" data-orig-file=\"http:\/\/www.gdansk.baptysci.pl\/wp-content\/uploads\/2015\/02\/11038384_1055307441149915_8679799192109380255_o.jpg\" data-orig-size=\"2048,1363\" data-comments-opened=\"1\" data-image-meta=\"{&quot;aperture&quot;:&quot;0&quot;,&quot;credit&quot;:&quot;Picasa&quot;,&quot;camera&quot;:&quot;&quot;,&quot;caption&quot;:&quot;&quot;,&quot;created_timestamp&quot;:&quot;0&quot;,&quot;copyright&quot;:&quot;&quot;,&quot;focal_length&quot;:&quot;0&quot;,&quot;iso&quot;:&quot;0&quot;,&quot;shutter_speed&quot;:&quot;0&quot;,&quot;title&quot;:&quot;&quot;,&quot;orientation&quot;:&quot;0&quot;}\" data-image-title=\"11038384_1055307441149915_8679799192109380255_o\" data-image-description=\"\" data-image-caption=\"&lt;p&gt;fot. Artur Grybek &lt;\/p&gt;\n\" data-medium-file=\"http:\/\/www.gdansk.baptysci.pl\/wp-content\/uploads\/2015\/02\/11038384_1055307441149915_8679799192109380255_o-300x200.jpg\" data-large-file=\"http:\/\/www.gdansk.baptysci.pl\/wp-content\/uploads\/2015\/02\/11038384_1055307441149915_8679799192109380255_o-1024x682.jpg\" srcset=\"https:\/\/i0.wp.com\/www.gdansk.baptysci.pl\/wp-content\/uploads\/2015\/02\/11038384_1055307441149915_8679799192109380255_o-1024x682.jpg?strip=info&#038;w=600 600w,https:\/\/i0.wp.com\/www.gdansk.baptysci.pl\/wp-content\/uploads\/2015\/02\/11038384_1055307441149915_8679799192109380255_o-1024x682.jpg?strip=info&#038;w=900 900w,https:\/\/i0.wp.com\/www.gdansk.baptysci.pl\/wp-content\/uploads\/2015\/02\/11038384_1055307441149915_8679799192109380255_o-1024x682.jpg?strip=info&#038;w=1200 1200w,https:\/\/i0.wp.com\/www.gdansk.baptysci.pl\/wp-content\/uploads\/2015\/02\/11038384_1055307441149915_8679799192109380255_o-1024x682.jpg?strip=info&#038;w=1500 1500w,https:\/\/i0.wp.com\/www.gdansk.baptysci.pl\/wp-content\/uploads\/2015\/02\/11038384_1055307441149915_8679799192109380255_o-1024x682.jpg?strip=info&#038;w=1800 1800w,https:\/\/i0.wp.com\/www.gdansk.baptysci.pl\/wp-content\/uploads\/2015\/02\/11038384_1055307441149915_8679799192109380255_o-1024x682.jpg?strip=info&#038;w=2000 2000w\" alt=\"\" data-height=\"1363\" data-id=\"1266\" data-link=\"http:\/\/www.gdansk.baptysci.pl\/index.php\/2015\/02\/22\/chrzest-wiary\/11038384_1055307441149915_8679799192109380255_o\/\" data-url=\"http:\/\/www.gdansk.baptysci.pl\/wp-content\/uploads\/2015\/02\/11038384_1055307441149915_8679799192109380255_o-1024x682.jpg\" data-width=\"2048\" src=\"https:\/\/i0.wp.com\/www.gdansk.baptysci.pl\/wp-content\/uploads\/2015\/02\/11038384_1055307441149915_8679799192109380255_o-1024x682.jpg\" data-amp-layout=\"responsive\"\/><\/figure><\/div><div class=\"tiled-gallery__col\" style=\"flex-basis:19.08132%\"><figure class=\"tiled-gallery__item\"><img data-attachment-id=\"1267\" data-permalink=\"http:\/\/www.gdansk.baptysci.pl\/index.php\/2015\/03\/15\/chrzest-wiary\/11038941_1055313257816000_5720342322435523752_o\/\" data-orig-file=\"http:\/\/www.gdansk.baptysci.pl\/wp-content\/uploads\/2015\/02\/11038941_1055313257816000_5720342322435523752_o.jpg\" data-orig-size=\"1365,2048\" data-comments-opened=\"1\" data-image-meta=\"{&quot;aperture&quot;:&quot;0&quot;,&quot;credit&quot;:&quot;Picasa&quot;,&quot;camera&quot;:&quot;&quot;,&quot;caption&quot;:&quot;&quot;,&quot;created_timestamp&quot;:&quot;0&quot;,&quot;copyright&quot;:&quot;&quot;,&quot;focal_length&quot;:&quot;0&quot;,&quot;iso&quot;:&quot;0&quot;,&quot;shutter_speed&quot;:&quot;0&quot;,&quot;title&quot;:&quot;&quot;,&quot;orientation&quot;:&quot;0&quot;}\" data-image-title=\"11038941_1055313257816000_5720342322435523752_o\" data-image-description=\"\" data-image-caption=\"&lt;p&gt;fot. Artur Grybek&lt;\/p&gt;\n\" data-medium-file=\"http:\/\/www.gdansk.baptysci.pl\/wp-content\/uploads\/2015\/02\/11038941_1055313257816000_5720342322435523752_o-200x300.jpg\" data-large-file=\"http:\/\/www.gdansk.baptysci.pl\/wp-content\/uploads\/2015\/02\/11038941_1055313257816000_5720342322435523752_o-683x1024.jpg\" data-attachment-id=\"1267\" data-permalink=\"http:\/\/www.gdansk.baptysci.pl\/index.php\/2015\/03\/15\/chrzest-wiary\/11038941_1055313257816000_5720342322435523752_o\/\" data-orig-file=\"http:\/\/www.gdansk.baptysci.pl\/wp-content\/uploads\/2015\/02\/11038941_1055313257816000_5720342322435523752_o.jpg\" data-orig-size=\"1365,2048\" data-comments-opened=\"1\" data-image-meta=\"{&quot;aperture&quot;:&quot;0&quot;,&quot;credit&quot;:&quot;Picasa&quot;,&quot;camera&quot;:&quot;&quot;,&quot;caption&quot;:&quot;&quot;,&quot;created_timestamp&quot;:&quot;0&quot;,&quot;copyright&quot;:&quot;&quot;,&quot;focal_length&quot;:&quot;0&quot;,&quot;iso&quot;:&quot;0&quot;,&quot;shutter_speed&quot;:&quot;0&quot;,&quot;title&quot;:&quot;&quot;,&quot;orientation&quot;:&quot;0&quot;}\" data-image-title=\"11038941_1055313257816000_5720342322435523752_o\" data-image-description=\"\" data-image-caption=\"&lt;p&gt;fot. Artur Grybek&lt;\/p&gt;\n\" data-medium-file=\"http:\/\/www.gdansk.baptysci.pl\/wp-content\/uploads\/2015\/02\/11038941_1055313257816000_5720342322435523752_o-200x300.jpg\" data-large-file=\"http:\/\/www.gdansk.baptysci.pl\/wp-content\/uploads\/2015\/02\/11038941_1055313257816000_5720342322435523752_o-683x1024.jpg\" decoding=\"async\" data-attachment-id=\"1267\" data-permalink=\"http:\/\/www.gdansk.baptysci.pl\/index.php\/2015\/03\/15\/chrzest-wiary\/11038941_1055313257816000_5720342322435523752_o\/\" data-orig-file=\"http:\/\/www.gdansk.baptysci.pl\/wp-content\/uploads\/2015\/02\/11038941_1055313257816000_5720342322435523752_o.jpg\" data-orig-size=\"1365,2048\" data-comments-opened=\"1\" data-image-meta=\"{&quot;aperture&quot;:&quot;0&quot;,&quot;credit&quot;:&quot;Picasa&quot;,&quot;camera&quot;:&quot;&quot;,&quot;caption&quot;:&quot;&quot;,&quot;created_timestamp&quot;:&quot;0&quot;,&quot;copyright&quot;:&quot;&quot;,&quot;focal_length&quot;:&quot;0&quot;,&quot;iso&quot;:&quot;0&quot;,&quot;shutter_speed&quot;:&quot;0&quot;,&quot;title&quot;:&quot;&quot;,&quot;orientation&quot;:&quot;0&quot;}\" data-image-title=\"11038941_1055313257816000_5720342322435523752_o\" data-image-description=\"\" data-image-caption=\"&lt;p&gt;fot. Artur Grybek&lt;\/p&gt;\n\" data-medium-file=\"http:\/\/www.gdansk.baptysci.pl\/wp-content\/uploads\/2015\/02\/11038941_1055313257816000_5720342322435523752_o-200x300.jpg\" data-large-file=\"http:\/\/www.gdansk.baptysci.pl\/wp-content\/uploads\/2015\/02\/11038941_1055313257816000_5720342322435523752_o-683x1024.jpg\" srcset=\"https:\/\/i0.wp.com\/www.gdansk.baptysci.pl\/wp-content\/uploads\/2015\/02\/11038941_1055313257816000_5720342322435523752_o-683x1024.jpg?strip=info&#038;w=600 600w,https:\/\/i0.wp.com\/www.gdansk.baptysci.pl\/wp-content\/uploads\/2015\/02\/11038941_1055313257816000_5720342322435523752_o-683x1024.jpg?strip=info&#038;w=900 900w,https:\/\/i0.wp.com\/www.gdansk.baptysci.pl\/wp-content\/uploads\/2015\/02\/11038941_1055313257816000_5720342322435523752_o-683x1024.jpg?strip=info&#038;w=1200 1200w,https:\/\/i0.wp.com\/www.gdansk.baptysci.pl\/wp-content\/uploads\/2015\/02\/11038941_1055313257816000_5720342322435523752_o-683x1024.jpg?strip=info&#038;w=1365 1365w\" alt=\"\" data-height=\"2048\" data-id=\"1267\" data-link=\"http:\/\/www.gdansk.baptysci.pl\/index.php\/2015\/02\/22\/chrzest-wiary\/11038941_1055313257816000_5720342322435523752_o\/\" data-url=\"http:\/\/www.gdansk.baptysci.pl\/wp-content\/uploads\/2015\/02\/11038941_1055313257816000_5720342322435523752_o-683x1024.jpg\" data-width=\"1365\" src=\"https:\/\/i0.wp.com\/www.gdansk.baptysci.pl\/wp-content\/uploads\/2015\/02\/11038941_1055313257816000_5720342322435523752_o-683x1024.jpg\" data-amp-layout=\"responsive\"\/><\/figure><\/div><div class=\"tiled-gallery__col\" style=\"flex-basis:19.10909%\"><figure class=\"tiled-gallery__item\"><img data-attachment-id=\"1268\" data-permalink=\"http:\/\/www.gdansk.baptysci.pl\/index.php\/2015\/03\/15\/chrzest-wiary\/11050803_1055315337815792_4786091263800642327_o\/\" data-orig-file=\"http:\/\/www.gdansk.baptysci.pl\/wp-content\/uploads\/2015\/02\/11050803_1055315337815792_4786091263800642327_o.jpg\" data-orig-size=\"1367,2048\" data-comments-opened=\"1\" data-image-meta=\"{&quot;aperture&quot;:&quot;0&quot;,&quot;credit&quot;:&quot;Picasa&quot;,&quot;camera&quot;:&quot;&quot;,&quot;caption&quot;:&quot;&quot;,&quot;created_timestamp&quot;:&quot;0&quot;,&quot;copyright&quot;:&quot;&quot;,&quot;focal_length&quot;:&quot;0&quot;,&quot;iso&quot;:&quot;0&quot;,&quot;shutter_speed&quot;:&quot;0&quot;,&quot;title&quot;:&quot;&quot;,&quot;orientation&quot;:&quot;0&quot;}\" data-image-title=\"11050803_1055315337815792_4786091263800642327_o\" data-image-description=\"\" data-image-caption=\"&lt;p&gt;fot. Artur Grybek&lt;\/p&gt;\n\" data-medium-file=\"http:\/\/www.gdansk.baptysci.pl\/wp-content\/uploads\/2015\/02\/11050803_1055315337815792_4786091263800642327_o-200x300.jpg\" data-large-file=\"http:\/\/www.gdansk.baptysci.pl\/wp-content\/uploads\/2015\/02\/11050803_1055315337815792_4786091263800642327_o-684x1024.jpg\" data-attachment-id=\"1268\" data-permalink=\"http:\/\/www.gdansk.baptysci.pl\/index.php\/2015\/03\/15\/chrzest-wiary\/11050803_1055315337815792_4786091263800642327_o\/\" data-orig-file=\"http:\/\/www.gdansk.baptysci.pl\/wp-content\/uploads\/2015\/02\/11050803_1055315337815792_4786091263800642327_o.jpg\" data-orig-size=\"1367,2048\" data-comments-opened=\"1\" data-image-meta=\"{&quot;aperture&quot;:&quot;0&quot;,&quot;credit&quot;:&quot;Picasa&quot;,&quot;camera&quot;:&quot;&quot;,&quot;caption&quot;:&quot;&quot;,&quot;created_timestamp&quot;:&quot;0&quot;,&quot;copyright&quot;:&quot;&quot;,&quot;focal_length&quot;:&quot;0&quot;,&quot;iso&quot;:&quot;0&quot;,&quot;shutter_speed&quot;:&quot;0&quot;,&quot;title&quot;:&quot;&quot;,&quot;orientation&quot;:&quot;0&quot;}\" data-image-title=\"11050803_1055315337815792_4786091263800642327_o\" data-image-description=\"\" data-image-caption=\"&lt;p&gt;fot. Artur Grybek&lt;\/p&gt;\n\" data-medium-file=\"http:\/\/www.gdansk.baptysci.pl\/wp-content\/uploads\/2015\/02\/11050803_1055315337815792_4786091263800642327_o-200x300.jpg\" data-large-file=\"http:\/\/www.gdansk.baptysci.pl\/wp-content\/uploads\/2015\/02\/11050803_1055315337815792_4786091263800642327_o-684x1024.jpg\" decoding=\"async\" data-attachment-id=\"1268\" data-permalink=\"http:\/\/www.gdansk.baptysci.pl\/index.php\/2015\/03\/15\/chrzest-wiary\/11050803_1055315337815792_4786091263800642327_o\/\" data-orig-file=\"http:\/\/www.gdansk.baptysci.pl\/wp-content\/uploads\/2015\/02\/11050803_1055315337815792_4786091263800642327_o.jpg\" data-orig-size=\"1367,2048\" data-comments-opened=\"1\" data-image-meta=\"{&quot;aperture&quot;:&quot;0&quot;,&quot;credit&quot;:&quot;Picasa&quot;,&quot;camera&quot;:&quot;&quot;,&quot;caption&quot;:&quot;&quot;,&quot;created_timestamp&quot;:&quot;0&quot;,&quot;copyright&quot;:&quot;&quot;,&quot;focal_length&quot;:&quot;0&quot;,&quot;iso&quot;:&quot;0&quot;,&quot;shutter_speed&quot;:&quot;0&quot;,&quot;title&quot;:&quot;&quot;,&quot;orientation&quot;:&quot;0&quot;}\" data-image-title=\"11050803_1055315337815792_4786091263800642327_o\" data-image-description=\"\" data-image-caption=\"&lt;p&gt;fot. Artur Grybek&lt;\/p&gt;\n\" data-medium-file=\"http:\/\/www.gdansk.baptysci.pl\/wp-content\/uploads\/2015\/02\/11050803_1055315337815792_4786091263800642327_o-200x300.jpg\" data-large-file=\"http:\/\/www.gdansk.baptysci.pl\/wp-content\/uploads\/2015\/02\/11050803_1055315337815792_4786091263800642327_o-684x1024.jpg\" srcset=\"https:\/\/i2.wp.com\/www.gdansk.baptysci.pl\/wp-content\/uploads\/2015\/02\/11050803_1055315337815792_4786091263800642327_o-684x1024.jpg?strip=info&#038;w=600 600w,https:\/\/i2.wp.com\/www.gdansk.baptysci.pl\/wp-content\/uploads\/2015\/02\/11050803_1055315337815792_4786091263800642327_o-684x1024.jpg?strip=info&#038;w=900 900w,https:\/\/i2.wp.com\/www.gdansk.baptysci.pl\/wp-content\/uploads\/2015\/02\/11050803_1055315337815792_4786091263800642327_o-684x1024.jpg?strip=info&#038;w=1200 1200w,https:\/\/i2.wp.com\/www.gdansk.baptysci.pl\/wp-content\/uploads\/2015\/02\/11050803_1055315337815792_4786091263800642327_o-684x1024.jpg?strip=info&#038;w=1367 1367w\" alt=\"\" data-height=\"2048\" data-id=\"1268\" data-link=\"http:\/\/www.gdansk.baptysci.pl\/index.php\/2015\/02\/22\/chrzest-wiary\/11050803_1055315337815792_4786091263800642327_o\/\" data-url=\"http:\/\/www.gdansk.baptysci.pl\/wp-content\/uploads\/2015\/02\/11050803_1055315337815792_4786091263800642327_o-684x1024.jpg\" data-width=\"1367\" src=\"https:\/\/i2.wp.com\/www.gdansk.baptysci.pl\/wp-content\/uploads\/2015\/02\/11050803_1055315337815792_4786091263800642327_o-684x1024.jpg\" data-amp-layout=\"responsive\"\/><\/figure><\/div><div class=\"tiled-gallery__col\" style=\"flex-basis:18.95637%\"><figure class=\"tiled-gallery__item\"><img data-attachment-id=\"1269\" data-permalink=\"http:\/\/www.gdansk.baptysci.pl\/index.php\/2015\/03\/15\/chrzest-wiary\/11054387_1055313317815994_768363265546382896_o\/\" data-orig-file=\"http:\/\/www.gdansk.baptysci.pl\/wp-content\/uploads\/2015\/02\/11054387_1055313317815994_768363265546382896_o.jpg\" data-orig-size=\"1356,2048\" data-comments-opened=\"1\" data-image-meta=\"{&quot;aperture&quot;:&quot;0&quot;,&quot;credit&quot;:&quot;&quot;,&quot;camera&quot;:&quot;&quot;,&quot;caption&quot;:&quot;&quot;,&quot;created_timestamp&quot;:&quot;0&quot;,&quot;copyright&quot;:&quot;&quot;,&quot;focal_length&quot;:&quot;0&quot;,&quot;iso&quot;:&quot;0&quot;,&quot;shutter_speed&quot;:&quot;0&quot;,&quot;title&quot;:&quot;&quot;,&quot;orientation&quot;:&quot;0&quot;}\" data-image-title=\"11054387_1055313317815994_768363265546382896_o\" data-image-description=\"\" data-image-caption=\"&lt;p&gt;fot. Artur Grybek&lt;\/p&gt;\n\" data-medium-file=\"http:\/\/www.gdansk.baptysci.pl\/wp-content\/uploads\/2015\/02\/11054387_1055313317815994_768363265546382896_o-199x300.jpg\" data-large-file=\"http:\/\/www.gdansk.baptysci.pl\/wp-content\/uploads\/2015\/02\/11054387_1055313317815994_768363265546382896_o-678x1024.jpg\" data-attachment-id=\"1269\" data-permalink=\"http:\/\/www.gdansk.baptysci.pl\/index.php\/2015\/03\/15\/chrzest-wiary\/11054387_1055313317815994_768363265546382896_o\/\" data-orig-file=\"http:\/\/www.gdansk.baptysci.pl\/wp-content\/uploads\/2015\/02\/11054387_1055313317815994_768363265546382896_o.jpg\" data-orig-size=\"1356,2048\" data-comments-opened=\"1\" data-image-meta=\"{&quot;aperture&quot;:&quot;0&quot;,&quot;credit&quot;:&quot;&quot;,&quot;camera&quot;:&quot;&quot;,&quot;caption&quot;:&quot;&quot;,&quot;created_timestamp&quot;:&quot;0&quot;,&quot;copyright&quot;:&quot;&quot;,&quot;focal_length&quot;:&quot;0&quot;,&quot;iso&quot;:&quot;0&quot;,&quot;shutter_speed&quot;:&quot;0&quot;,&quot;title&quot;:&quot;&quot;,&quot;orientation&quot;:&quot;0&quot;}\" data-image-title=\"11054387_1055313317815994_768363265546382896_o\" data-image-description=\"\" data-image-caption=\"&lt;p&gt;fot. Artur Grybek&lt;\/p&gt;\n\" data-medium-file=\"http:\/\/www.gdansk.baptysci.pl\/wp-content\/uploads\/2015\/02\/11054387_1055313317815994_768363265546382896_o-199x300.jpg\" data-large-file=\"http:\/\/www.gdansk.baptysci.pl\/wp-content\/uploads\/2015\/02\/11054387_1055313317815994_768363265546382896_o-678x1024.jpg\" decoding=\"async\" data-attachment-id=\"1269\" data-permalink=\"http:\/\/www.gdansk.baptysci.pl\/index.php\/2015\/03\/15\/chrzest-wiary\/11054387_1055313317815994_768363265546382896_o\/\" data-orig-file=\"http:\/\/www.gdansk.baptysci.pl\/wp-content\/uploads\/2015\/02\/11054387_1055313317815994_768363265546382896_o.jpg\" data-orig-size=\"1356,2048\" data-comments-opened=\"1\" data-image-meta=\"{&quot;aperture&quot;:&quot;0&quot;,&quot;credit&quot;:&quot;&quot;,&quot;camera&quot;:&quot;&quot;,&quot;caption&quot;:&quot;&quot;,&quot;created_timestamp&quot;:&quot;0&quot;,&quot;copyright&quot;:&quot;&quot;,&quot;focal_length&quot;:&quot;0&quot;,&quot;iso&quot;:&quot;0&quot;,&quot;shutter_speed&quot;:&quot;0&quot;,&quot;title&quot;:&quot;&quot;,&quot;orientation&quot;:&quot;0&quot;}\" data-image-title=\"11054387_1055313317815994_768363265546382896_o\" data-image-description=\"\" data-image-caption=\"&lt;p&gt;fot. Artur Grybek&lt;\/p&gt;\n\" data-medium-file=\"http:\/\/www.gdansk.baptysci.pl\/wp-content\/uploads\/2015\/02\/11054387_1055313317815994_768363265546382896_o-199x300.jpg\" data-large-file=\"http:\/\/www.gdansk.baptysci.pl\/wp-content\/uploads\/2015\/02\/11054387_1055313317815994_768363265546382896_o-678x1024.jpg\" srcset=\"https:\/\/i0.wp.com\/www.gdansk.baptysci.pl\/wp-content\/uploads\/2015\/02\/11054387_1055313317815994_768363265546382896_o-678x1024.jpg?strip=info&#038;w=600 600w,https:\/\/i0.wp.com\/www.gdansk.baptysci.pl\/wp-content\/uploads\/2015\/02\/11054387_1055313317815994_768363265546382896_o-678x1024.jpg?strip=info&#038;w=900 900w,https:\/\/i0.wp.com\/www.gdansk.baptysci.pl\/wp-content\/uploads\/2015\/02\/11054387_1055313317815994_768363265546382896_o-678x1024.jpg?strip=info&#038;w=1200 1200w,https:\/\/i0.wp.com\/www.gdansk.baptysci.pl\/wp-content\/uploads\/2015\/02\/11054387_1055313317815994_768363265546382896_o-678x1024.jpg?strip=info&#038;w=1356 1356w\" alt=\"\" data-height=\"2048\" data-id=\"1269\" data-link=\"http:\/\/www.gdansk.baptysci.pl\/index.php\/2015\/02\/22\/chrzest-wiary\/11054387_1055313317815994_768363265546382896_o\/\" data-url=\"http:\/\/www.gdansk.baptysci.pl\/wp-content\/uploads\/2015\/02\/11054387_1055313317815994_768363265546382896_o-678x1024.jpg\" data-width=\"1356\" src=\"https:\/\/i0.wp.com\/www.gdansk.baptysci.pl\/wp-content\/uploads\/2015\/02\/11054387_1055313317815994_768363265546382896_o-678x1024.jpg\" data-amp-layout=\"responsive\"\/><\/figure><\/div><\/div><div class=\"tiled-gallery__row\"><div class=\"tiled-gallery__col\" style=\"flex-basis:33.51258%\"><figure class=\"tiled-gallery__item\"><img data-attachment-id=\"1270\" data-permalink=\"http:\/\/www.gdansk.baptysci.pl\/index.php\/2015\/03\/15\/chrzest-wiary\/11061733_1055314217815904_2554487971473500441_o\/\" data-orig-file=\"http:\/\/www.gdansk.baptysci.pl\/wp-content\/uploads\/2015\/02\/11061733_1055314217815904_2554487971473500441_o.jpg\" data-orig-size=\"1367,2048\" data-comments-opened=\"1\" data-image-meta=\"{&quot;aperture&quot;:&quot;0&quot;,&quot;credit&quot;:&quot;Picasa&quot;,&quot;camera&quot;:&quot;&quot;,&quot;caption&quot;:&quot;&quot;,&quot;created_timestamp&quot;:&quot;0&quot;,&quot;copyright&quot;:&quot;&quot;,&quot;focal_length&quot;:&quot;0&quot;,&quot;iso&quot;:&quot;0&quot;,&quot;shutter_speed&quot;:&quot;0&quot;,&quot;title&quot;:&quot;&quot;,&quot;orientation&quot;:&quot;0&quot;}\" data-image-title=\"11061733_1055314217815904_2554487971473500441_o\" data-image-description=\"\" data-image-caption=\"&lt;p&gt;fot. Artur Grybek&lt;\/p&gt;\n\" data-medium-file=\"http:\/\/www.gdansk.baptysci.pl\/wp-content\/uploads\/2015\/02\/11061733_1055314217815904_2554487971473500441_o-200x300.jpg\" data-large-file=\"http:\/\/www.gdansk.baptysci.pl\/wp-content\/uploads\/2015\/02\/11061733_1055314217815904_2554487971473500441_o-684x1024.jpg\" data-attachment-id=\"1270\" data-permalink=\"http:\/\/www.gdansk.baptysci.pl\/index.php\/2015\/03\/15\/chrzest-wiary\/11061733_1055314217815904_2554487971473500441_o\/\" data-orig-file=\"http:\/\/www.gdansk.baptysci.pl\/wp-content\/uploads\/2015\/02\/11061733_1055314217815904_2554487971473500441_o.jpg\" data-orig-size=\"1367,2048\" data-comments-opened=\"1\" data-image-meta=\"{&quot;aperture&quot;:&quot;0&quot;,&quot;credit&quot;:&quot;Picasa&quot;,&quot;camera&quot;:&quot;&quot;,&quot;caption&quot;:&quot;&quot;,&quot;created_timestamp&quot;:&quot;0&quot;,&quot;copyright&quot;:&quot;&quot;,&quot;focal_length&quot;:&quot;0&quot;,&quot;iso&quot;:&quot;0&quot;,&quot;shutter_speed&quot;:&quot;0&quot;,&quot;title&quot;:&quot;&quot;,&quot;orientation&quot;:&quot;0&quot;}\" data-image-title=\"11061733_1055314217815904_2554487971473500441_o\" data-image-description=\"\" data-image-caption=\"&lt;p&gt;fot. Artur Grybek&lt;\/p&gt;\n\" data-medium-file=\"http:\/\/www.gdansk.baptysci.pl\/wp-content\/uploads\/2015\/02\/11061733_1055314217815904_2554487971473500441_o-200x300.jpg\" data-large-file=\"http:\/\/www.gdansk.baptysci.pl\/wp-content\/uploads\/2015\/02\/11061733_1055314217815904_2554487971473500441_o-684x1024.jpg\" decoding=\"async\" data-attachment-id=\"1270\" data-permalink=\"http:\/\/www.gdansk.baptysci.pl\/index.php\/2015\/03\/15\/chrzest-wiary\/11061733_1055314217815904_2554487971473500441_o\/\" data-orig-file=\"http:\/\/www.gdansk.baptysci.pl\/wp-content\/uploads\/2015\/02\/11061733_1055314217815904_2554487971473500441_o.jpg\" data-orig-size=\"1367,2048\" data-comments-opened=\"1\" data-image-meta=\"{&quot;aperture&quot;:&quot;0&quot;,&quot;credit&quot;:&quot;Picasa&quot;,&quot;camera&quot;:&quot;&quot;,&quot;caption&quot;:&quot;&quot;,&quot;created_timestamp&quot;:&quot;0&quot;,&quot;copyright&quot;:&quot;&quot;,&quot;focal_length&quot;:&quot;0&quot;,&quot;iso&quot;:&quot;0&quot;,&quot;shutter_speed&quot;:&quot;0&quot;,&quot;title&quot;:&quot;&quot;,&quot;orientation&quot;:&quot;0&quot;}\" data-image-title=\"11061733_1055314217815904_2554487971473500441_o\" data-image-description=\"\" data-image-caption=\"&lt;p&gt;fot. Artur Grybek&lt;\/p&gt;\n\" data-medium-file=\"http:\/\/www.gdansk.baptysci.pl\/wp-content\/uploads\/2015\/02\/11061733_1055314217815904_2554487971473500441_o-200x300.jpg\" data-large-file=\"http:\/\/www.gdansk.baptysci.pl\/wp-content\/uploads\/2015\/02\/11061733_1055314217815904_2554487971473500441_o-684x1024.jpg\" srcset=\"https:\/\/i0.wp.com\/www.gdansk.baptysci.pl\/wp-content\/uploads\/2015\/02\/11061733_1055314217815904_2554487971473500441_o-684x1024.jpg?strip=info&#038;w=600 600w,https:\/\/i0.wp.com\/www.gdansk.baptysci.pl\/wp-content\/uploads\/2015\/02\/11061733_1055314217815904_2554487971473500441_o-684x1024.jpg?strip=info&#038;w=900 900w,https:\/\/i0.wp.com\/www.gdansk.baptysci.pl\/wp-content\/uploads\/2015\/02\/11061733_1055314217815904_2554487971473500441_o-684x1024.jpg?strip=info&#038;w=1200 1200w,https:\/\/i0.wp.com\/www.gdansk.baptysci.pl\/wp-content\/uploads\/2015\/02\/11061733_1055314217815904_2554487971473500441_o-684x1024.jpg?strip=info&#038;w=1367 1367w\" alt=\"\" data-height=\"2048\" data-id=\"1270\" data-link=\"http:\/\/www.gdansk.baptysci.pl\/index.php\/2015\/02\/22\/chrzest-wiary\/11061733_1055314217815904_2554487971473500441_o\/\" data-url=\"http:\/\/www.gdansk.baptysci.pl\/wp-content\/uploads\/2015\/02\/11061733_1055314217815904_2554487971473500441_o-684x1024.jpg\" data-width=\"1367\" src=\"https:\/\/i0.wp.com\/www.gdansk.baptysci.pl\/wp-content\/uploads\/2015\/02\/11061733_1055314217815904_2554487971473500441_o-684x1024.jpg\" data-amp-layout=\"responsive\"\/><\/figure><\/div><div class=\"tiled-gallery__col\" style=\"flex-basis:33.24371%\"><figure class=\"tiled-gallery__item\"><img data-attachment-id=\"1271\" data-permalink=\"http:\/\/www.gdansk.baptysci.pl\/index.php\/2015\/03\/15\/chrzest-wiary\/11071618_1055318011148858_369235234400714938_o\/\" data-orig-file=\"http:\/\/www.gdansk.baptysci.pl\/wp-content\/uploads\/2015\/02\/11071618_1055318011148858_369235234400714938_o.jpg\" data-orig-size=\"1356,2048\" data-comments-opened=\"1\" data-image-meta=\"{&quot;aperture&quot;:&quot;0&quot;,&quot;credit&quot;:&quot;&quot;,&quot;camera&quot;:&quot;&quot;,&quot;caption&quot;:&quot;&quot;,&quot;created_timestamp&quot;:&quot;0&quot;,&quot;copyright&quot;:&quot;&quot;,&quot;focal_length&quot;:&quot;0&quot;,&quot;iso&quot;:&quot;0&quot;,&quot;shutter_speed&quot;:&quot;0&quot;,&quot;title&quot;:&quot;&quot;,&quot;orientation&quot;:&quot;0&quot;}\" data-image-title=\"11071618_1055318011148858_369235234400714938_o\" data-image-description=\"\" data-image-caption=\"&lt;p&gt;fot. Artur Grybek&lt;\/p&gt;\n\" data-medium-file=\"http:\/\/www.gdansk.baptysci.pl\/wp-content\/uploads\/2015\/02\/11071618_1055318011148858_369235234400714938_o-199x300.jpg\" data-large-file=\"http:\/\/www.gdansk.baptysci.pl\/wp-content\/uploads\/2015\/02\/11071618_1055318011148858_369235234400714938_o-678x1024.jpg\" data-attachment-id=\"1271\" data-permalink=\"http:\/\/www.gdansk.baptysci.pl\/index.php\/2015\/03\/15\/chrzest-wiary\/11071618_1055318011148858_369235234400714938_o\/\" data-orig-file=\"http:\/\/www.gdansk.baptysci.pl\/wp-content\/uploads\/2015\/02\/11071618_1055318011148858_369235234400714938_o.jpg\" data-orig-size=\"1356,2048\" data-comments-opened=\"1\" data-image-meta=\"{&quot;aperture&quot;:&quot;0&quot;,&quot;credit&quot;:&quot;&quot;,&quot;camera&quot;:&quot;&quot;,&quot;caption&quot;:&quot;&quot;,&quot;created_timestamp&quot;:&quot;0&quot;,&quot;copyright&quot;:&quot;&quot;,&quot;focal_length&quot;:&quot;0&quot;,&quot;iso&quot;:&quot;0&quot;,&quot;shutter_speed&quot;:&quot;0&quot;,&quot;title&quot;:&quot;&quot;,&quot;orientation&quot;:&quot;0&quot;}\" data-image-title=\"11071618_1055318011148858_369235234400714938_o\" data-image-description=\"\" data-image-caption=\"&lt;p&gt;fot. Artur Grybek&lt;\/p&gt;\n\" data-medium-file=\"http:\/\/www.gdansk.baptysci.pl\/wp-content\/uploads\/2015\/02\/11071618_1055318011148858_369235234400714938_o-199x300.jpg\" data-large-file=\"http:\/\/www.gdansk.baptysci.pl\/wp-content\/uploads\/2015\/02\/11071618_1055318011148858_369235234400714938_o-678x1024.jpg\" decoding=\"async\" data-attachment-id=\"1271\" data-permalink=\"http:\/\/www.gdansk.baptysci.pl\/index.php\/2015\/03\/15\/chrzest-wiary\/11071618_1055318011148858_369235234400714938_o\/\" data-orig-file=\"http:\/\/www.gdansk.baptysci.pl\/wp-content\/uploads\/2015\/02\/11071618_1055318011148858_369235234400714938_o.jpg\" data-orig-size=\"1356,2048\" data-comments-opened=\"1\" data-image-meta=\"{&quot;aperture&quot;:&quot;0&quot;,&quot;credit&quot;:&quot;&quot;,&quot;camera&quot;:&quot;&quot;,&quot;caption&quot;:&quot;&quot;,&quot;created_timestamp&quot;:&quot;0&quot;,&quot;copyright&quot;:&quot;&quot;,&quot;focal_length&quot;:&quot;0&quot;,&quot;iso&quot;:&quot;0&quot;,&quot;shutter_speed&quot;:&quot;0&quot;,&quot;title&quot;:&quot;&quot;,&quot;orientation&quot;:&quot;0&quot;}\" data-image-title=\"11071618_1055318011148858_369235234400714938_o\" data-image-description=\"\" data-image-caption=\"&lt;p&gt;fot. Artur Grybek&lt;\/p&gt;\n\" data-medium-file=\"http:\/\/www.gdansk.baptysci.pl\/wp-content\/uploads\/2015\/02\/11071618_1055318011148858_369235234400714938_o-199x300.jpg\" data-large-file=\"http:\/\/www.gdansk.baptysci.pl\/wp-content\/uploads\/2015\/02\/11071618_1055318011148858_369235234400714938_o-678x1024.jpg\" srcset=\"https:\/\/i1.wp.com\/www.gdansk.baptysci.pl\/wp-content\/uploads\/2015\/02\/11071618_1055318011148858_369235234400714938_o-678x1024.jpg?strip=info&#038;w=600 600w,https:\/\/i1.wp.com\/www.gdansk.baptysci.pl\/wp-content\/uploads\/2015\/02\/11071618_1055318011148858_369235234400714938_o-678x1024.jpg?strip=info&#038;w=900 900w,https:\/\/i1.wp.com\/www.gdansk.baptysci.pl\/wp-content\/uploads\/2015\/02\/11071618_1055318011148858_369235234400714938_o-678x1024.jpg?strip=info&#038;w=1200 1200w,https:\/\/i1.wp.com\/www.gdansk.baptysci.pl\/wp-content\/uploads\/2015\/02\/11071618_1055318011148858_369235234400714938_o-678x1024.jpg?strip=info&#038;w=1356 1356w\" alt=\"\" data-height=\"2048\" data-id=\"1271\" data-link=\"http:\/\/www.gdansk.baptysci.pl\/index.php\/2015\/02\/22\/chrzest-wiary\/11071618_1055318011148858_369235234400714938_o\/\" data-url=\"http:\/\/www.gdansk.baptysci.pl\/wp-content\/uploads\/2015\/02\/11071618_1055318011148858_369235234400714938_o-678x1024.jpg\" data-width=\"1356\" src=\"https:\/\/i1.wp.com\/www.gdansk.baptysci.pl\/wp-content\/uploads\/2015\/02\/11071618_1055318011148858_369235234400714938_o-678x1024.jpg\" data-amp-layout=\"responsive\"\/><\/figure><\/div><div class=\"tiled-gallery__col\" style=\"flex-basis:33.24371%\"><figure class=\"tiled-gallery__item\"><img data-attachment-id=\"1272\" data-permalink=\"http:\/\/www.gdansk.baptysci.pl\/index.php\/2015\/03\/15\/chrzest-wiary\/11071732_1055312177816108_3869351798314824172_o\/\" data-orig-file=\"http:\/\/www.gdansk.baptysci.pl\/wp-content\/uploads\/2015\/02\/11071732_1055312177816108_3869351798314824172_o.jpg\" data-orig-size=\"1356,2048\" data-comments-opened=\"1\" data-image-meta=\"{&quot;aperture&quot;:&quot;0&quot;,&quot;credit&quot;:&quot;&quot;,&quot;camera&quot;:&quot;&quot;,&quot;caption&quot;:&quot;&quot;,&quot;created_timestamp&quot;:&quot;0&quot;,&quot;copyright&quot;:&quot;&quot;,&quot;focal_length&quot;:&quot;0&quot;,&quot;iso&quot;:&quot;0&quot;,&quot;shutter_speed&quot;:&quot;0&quot;,&quot;title&quot;:&quot;&quot;,&quot;orientation&quot;:&quot;0&quot;}\" data-image-title=\"11071732_1055312177816108_3869351798314824172_o\" data-image-description=\"\" data-image-caption=\"&lt;p&gt;fot. Artur Grybek&lt;\/p&gt;\n\" data-medium-file=\"http:\/\/www.gdansk.baptysci.pl\/wp-content\/uploads\/2015\/02\/11071732_1055312177816108_3869351798314824172_o-199x300.jpg\" data-large-file=\"http:\/\/www.gdansk.baptysci.pl\/wp-content\/uploads\/2015\/02\/11071732_1055312177816108_3869351798314824172_o-678x1024.jpg\" data-attachment-id=\"1272\" data-permalink=\"http:\/\/www.gdansk.baptysci.pl\/index.php\/2015\/03\/15\/chrzest-wiary\/11071732_1055312177816108_3869351798314824172_o\/\" data-orig-file=\"http:\/\/www.gdansk.baptysci.pl\/wp-content\/uploads\/2015\/02\/11071732_1055312177816108_3869351798314824172_o.jpg\" data-orig-size=\"1356,2048\" data-comments-opened=\"1\" data-image-meta=\"{&quot;aperture&quot;:&quot;0&quot;,&quot;credit&quot;:&quot;&quot;,&quot;camera&quot;:&quot;&quot;,&quot;caption&quot;:&quot;&quot;,&quot;created_timestamp&quot;:&quot;0&quot;,&quot;copyright&quot;:&quot;&quot;,&quot;focal_length&quot;:&quot;0&quot;,&quot;iso&quot;:&quot;0&quot;,&quot;shutter_speed&quot;:&quot;0&quot;,&quot;title&quot;:&quot;&quot;,&quot;orientation&quot;:&quot;0&quot;}\" data-image-title=\"11071732_1055312177816108_3869351798314824172_o\" data-image-description=\"\" data-image-caption=\"&lt;p&gt;fot. Artur Grybek&lt;\/p&gt;\n\" data-medium-file=\"http:\/\/www.gdansk.baptysci.pl\/wp-content\/uploads\/2015\/02\/11071732_1055312177816108_3869351798314824172_o-199x300.jpg\" data-large-file=\"http:\/\/www.gdansk.baptysci.pl\/wp-content\/uploads\/2015\/02\/11071732_1055312177816108_3869351798314824172_o-678x1024.jpg\" decoding=\"async\" data-attachment-id=\"1272\" data-permalink=\"http:\/\/www.gdansk.baptysci.pl\/index.php\/2015\/03\/15\/chrzest-wiary\/11071732_1055312177816108_3869351798314824172_o\/\" data-orig-file=\"http:\/\/www.gdansk.baptysci.pl\/wp-content\/uploads\/2015\/02\/11071732_1055312177816108_3869351798314824172_o.jpg\" data-orig-size=\"1356,2048\" data-comments-opened=\"1\" data-image-meta=\"{&quot;aperture&quot;:&quot;0&quot;,&quot;credit&quot;:&quot;&quot;,&quot;camera&quot;:&quot;&quot;,&quot;caption&quot;:&quot;&quot;,&quot;created_timestamp&quot;:&quot;0&quot;,&quot;copyright&quot;:&quot;&quot;,&quot;focal_length&quot;:&quot;0&quot;,&quot;iso&quot;:&quot;0&quot;,&quot;shutter_speed&quot;:&quot;0&quot;,&quot;title&quot;:&quot;&quot;,&quot;orientation&quot;:&quot;0&quot;}\" data-image-title=\"11071732_1055312177816108_3869351798314824172_o\" data-image-description=\"\" data-image-caption=\"&lt;p&gt;fot. Artur Grybek&lt;\/p&gt;\n\" data-medium-file=\"http:\/\/www.gdansk.baptysci.pl\/wp-content\/uploads\/2015\/02\/11071732_1055312177816108_3869351798314824172_o-199x300.jpg\" data-large-file=\"http:\/\/www.gdansk.baptysci.pl\/wp-content\/uploads\/2015\/02\/11071732_1055312177816108_3869351798314824172_o-678x1024.jpg\" srcset=\"https:\/\/i2.wp.com\/www.gdansk.baptysci.pl\/wp-content\/uploads\/2015\/02\/11071732_1055312177816108_3869351798314824172_o-678x1024.jpg?strip=info&#038;w=600 600w,https:\/\/i2.wp.com\/www.gdansk.baptysci.pl\/wp-content\/uploads\/2015\/02\/11071732_1055312177816108_3869351798314824172_o-678x1024.jpg?strip=info&#038;w=900 900w,https:\/\/i2.wp.com\/www.gdansk.baptysci.pl\/wp-content\/uploads\/2015\/02\/11071732_1055312177816108_3869351798314824172_o-678x1024.jpg?strip=info&#038;w=1200 1200w,https:\/\/i2.wp.com\/www.gdansk.baptysci.pl\/wp-content\/uploads\/2015\/02\/11071732_1055312177816108_3869351798314824172_o-678x1024.jpg?strip=info&#038;w=1356 1356w\" alt=\"\" data-height=\"2048\" data-id=\"1272\" data-link=\"http:\/\/www.gdansk.baptysci.pl\/index.php\/2015\/02\/22\/chrzest-wiary\/11071732_1055312177816108_3869351798314824172_o\/\" data-url=\"http:\/\/www.gdansk.baptysci.pl\/wp-content\/uploads\/2015\/02\/11071732_1055312177816108_3869351798314824172_o-678x1024.jpg\" data-width=\"1356\" src=\"https:\/\/i2.wp.com\/www.gdansk.baptysci.pl\/wp-content\/uploads\/2015\/02\/11071732_1055312177816108_3869351798314824172_o-678x1024.jpg\" data-amp-layout=\"responsive\"\/><\/figure><\/div><\/div><div class=\"tiled-gallery__row\"><div class=\"tiled-gallery__col\" style=\"flex-basis:24.90852%\"><figure class=\"tiled-gallery__item\"><img data-attachment-id=\"1273\" data-permalink=\"http:\/\/www.gdansk.baptysci.pl\/index.php\/2015\/03\/15\/chrzest-wiary\/11072497_1055312327816093_2887354521912979653_o\/\" data-orig-file=\"http:\/\/www.gdansk.baptysci.pl\/wp-content\/uploads\/2015\/02\/11072497_1055312327816093_2887354521912979653_o.jpg\" data-orig-size=\"1356,2048\" data-comments-opened=\"1\" data-image-meta=\"{&quot;aperture&quot;:&quot;0&quot;,&quot;credit&quot;:&quot;&quot;,&quot;camera&quot;:&quot;&quot;,&quot;caption&quot;:&quot;&quot;,&quot;created_timestamp&quot;:&quot;0&quot;,&quot;copyright&quot;:&quot;&quot;,&quot;focal_length&quot;:&quot;0&quot;,&quot;iso&quot;:&quot;0&quot;,&quot;shutter_speed&quot;:&quot;0&quot;,&quot;title&quot;:&quot;&quot;,&quot;orientation&quot;:&quot;0&quot;}\" data-image-title=\"11072497_1055312327816093_2887354521912979653_o\" data-image-description=\"\" data-image-caption=\"&lt;p&gt;fot. Artur Grybek&lt;\/p&gt;\n\" data-medium-file=\"http:\/\/www.gdansk.baptysci.pl\/wp-content\/uploads\/2015\/02\/11072497_1055312327816093_2887354521912979653_o-199x300.jpg\" data-large-file=\"http:\/\/www.gdansk.baptysci.pl\/wp-content\/uploads\/2015\/02\/11072497_1055312327816093_2887354521912979653_o-678x1024.jpg\" data-attachment-id=\"1273\" data-permalink=\"http:\/\/www.gdansk.baptysci.pl\/index.php\/2015\/03\/15\/chrzest-wiary\/11072497_1055312327816093_2887354521912979653_o\/\" data-orig-file=\"http:\/\/www.gdansk.baptysci.pl\/wp-content\/uploads\/2015\/02\/11072497_1055312327816093_2887354521912979653_o.jpg\" data-orig-size=\"1356,2048\" data-comments-opened=\"1\" data-image-meta=\"{&quot;aperture&quot;:&quot;0&quot;,&quot;credit&quot;:&quot;&quot;,&quot;camera&quot;:&quot;&quot;,&quot;caption&quot;:&quot;&quot;,&quot;created_timestamp&quot;:&quot;0&quot;,&quot;copyright&quot;:&quot;&quot;,&quot;focal_length&quot;:&quot;0&quot;,&quot;iso&quot;:&quot;0&quot;,&quot;shutter_speed&quot;:&quot;0&quot;,&quot;title&quot;:&quot;&quot;,&quot;orientation&quot;:&quot;0&quot;}\" data-image-title=\"11072497_1055312327816093_2887354521912979653_o\" data-image-description=\"\" data-image-caption=\"&lt;p&gt;fot. Artur Grybek&lt;\/p&gt;\n\" data-medium-file=\"http:\/\/www.gdansk.baptysci.pl\/wp-content\/uploads\/2015\/02\/11072497_1055312327816093_2887354521912979653_o-199x300.jpg\" data-large-file=\"http:\/\/www.gdansk.baptysci.pl\/wp-content\/uploads\/2015\/02\/11072497_1055312327816093_2887354521912979653_o-678x1024.jpg\" decoding=\"async\" data-attachment-id=\"1273\" data-permalink=\"http:\/\/www.gdansk.baptysci.pl\/index.php\/2015\/03\/15\/chrzest-wiary\/11072497_1055312327816093_2887354521912979653_o\/\" data-orig-file=\"http:\/\/www.gdansk.baptysci.pl\/wp-content\/uploads\/2015\/02\/11072497_1055312327816093_2887354521912979653_o.jpg\" data-orig-size=\"1356,2048\" data-comments-opened=\"1\" data-image-meta=\"{&quot;aperture&quot;:&quot;0&quot;,&quot;credit&quot;:&quot;&quot;,&quot;camera&quot;:&quot;&quot;,&quot;caption&quot;:&quot;&quot;,&quot;created_timestamp&quot;:&quot;0&quot;,&quot;copyright&quot;:&quot;&quot;,&quot;focal_length&quot;:&quot;0&quot;,&quot;iso&quot;:&quot;0&quot;,&quot;shutter_speed&quot;:&quot;0&quot;,&quot;title&quot;:&quot;&quot;,&quot;orientation&quot;:&quot;0&quot;}\" data-image-title=\"11072497_1055312327816093_2887354521912979653_o\" data-image-description=\"\" data-image-caption=\"&lt;p&gt;fot. Artur Grybek&lt;\/p&gt;\n\" data-medium-file=\"http:\/\/www.gdansk.baptysci.pl\/wp-content\/uploads\/2015\/02\/11072497_1055312327816093_2887354521912979653_o-199x300.jpg\" data-large-file=\"http:\/\/www.gdansk.baptysci.pl\/wp-content\/uploads\/2015\/02\/11072497_1055312327816093_2887354521912979653_o-678x1024.jpg\" srcset=\"https:\/\/i0.wp.com\/www.gdansk.baptysci.pl\/wp-content\/uploads\/2015\/02\/11072497_1055312327816093_2887354521912979653_o-678x1024.jpg?strip=info&#038;w=600 600w,https:\/\/i0.wp.com\/www.gdansk.baptysci.pl\/wp-content\/uploads\/2015\/02\/11072497_1055312327816093_2887354521912979653_o-678x1024.jpg?strip=info&#038;w=900 900w,https:\/\/i0.wp.com\/www.gdansk.baptysci.pl\/wp-content\/uploads\/2015\/02\/11072497_1055312327816093_2887354521912979653_o-678x1024.jpg?strip=info&#038;w=1200 1200w,https:\/\/i0.wp.com\/www.gdansk.baptysci.pl\/wp-content\/uploads\/2015\/02\/11072497_1055312327816093_2887354521912979653_o-678x1024.jpg?strip=info&#038;w=1356 1356w\" alt=\"\" data-height=\"2048\" data-id=\"1273\" data-link=\"http:\/\/www.gdansk.baptysci.pl\/index.php\/2015\/02\/22\/chrzest-wiary\/11072497_1055312327816093_2887354521912979653_o\/\" data-url=\"http:\/\/www.gdansk.baptysci.pl\/wp-content\/uploads\/2015\/02\/11072497_1055312327816093_2887354521912979653_o-678x1024.jpg\" data-width=\"1356\" src=\"https:\/\/i0.wp.com\/www.gdansk.baptysci.pl\/wp-content\/uploads\/2015\/02\/11072497_1055312327816093_2887354521912979653_o-678x1024.jpg\" data-amp-layout=\"responsive\"\/><\/figure><\/div><div class=\"tiled-gallery__col\" style=\"flex-basis:25.09148%\"><figure class=\"tiled-gallery__item\"><img data-attachment-id=\"1274\" data-permalink=\"http:\/\/www.gdansk.baptysci.pl\/index.php\/2015\/03\/15\/chrzest-wiary\/11074599_1055312451149414_3351841002923406146_o\/\" data-orig-file=\"http:\/\/www.gdansk.baptysci.pl\/wp-content\/uploads\/2015\/02\/11074599_1055312451149414_3351841002923406146_o.jpg\" data-orig-size=\"1366,2048\" data-comments-opened=\"1\" data-image-meta=\"{&quot;aperture&quot;:&quot;0&quot;,&quot;credit&quot;:&quot;Picasa&quot;,&quot;camera&quot;:&quot;&quot;,&quot;caption&quot;:&quot;&quot;,&quot;created_timestamp&quot;:&quot;0&quot;,&quot;copyright&quot;:&quot;&quot;,&quot;focal_length&quot;:&quot;0&quot;,&quot;iso&quot;:&quot;0&quot;,&quot;shutter_speed&quot;:&quot;0&quot;,&quot;title&quot;:&quot;&quot;,&quot;orientation&quot;:&quot;0&quot;}\" data-image-title=\"11074599_1055312451149414_3351841002923406146_o\" data-image-description=\"\" data-image-caption=\"&lt;p&gt;fot. Artur Grybek&lt;\/p&gt;\n\" data-medium-file=\"http:\/\/www.gdansk.baptysci.pl\/wp-content\/uploads\/2015\/02\/11074599_1055312451149414_3351841002923406146_o-200x300.jpg\" data-large-file=\"http:\/\/www.gdansk.baptysci.pl\/wp-content\/uploads\/2015\/02\/11074599_1055312451149414_3351841002923406146_o-683x1024.jpg\" data-attachment-id=\"1274\" data-permalink=\"http:\/\/www.gdansk.baptysci.pl\/index.php\/2015\/03\/15\/chrzest-wiary\/11074599_1055312451149414_3351841002923406146_o\/\" data-orig-file=\"http:\/\/www.gdansk.baptysci.pl\/wp-content\/uploads\/2015\/02\/11074599_1055312451149414_3351841002923406146_o.jpg\" data-orig-size=\"1366,2048\" data-comments-opened=\"1\" data-image-meta=\"{&quot;aperture&quot;:&quot;0&quot;,&quot;credit&quot;:&quot;Picasa&quot;,&quot;camera&quot;:&quot;&quot;,&quot;caption&quot;:&quot;&quot;,&quot;created_timestamp&quot;:&quot;0&quot;,&quot;copyright&quot;:&quot;&quot;,&quot;focal_length&quot;:&quot;0&quot;,&quot;iso&quot;:&quot;0&quot;,&quot;shutter_speed&quot;:&quot;0&quot;,&quot;title&quot;:&quot;&quot;,&quot;orientation&quot;:&quot;0&quot;}\" data-image-title=\"11074599_1055312451149414_3351841002923406146_o\" data-image-description=\"\" data-image-caption=\"&lt;p&gt;fot. Artur Grybek&lt;\/p&gt;\n\" data-medium-file=\"http:\/\/www.gdansk.baptysci.pl\/wp-content\/uploads\/2015\/02\/11074599_1055312451149414_3351841002923406146_o-200x300.jpg\" data-large-file=\"http:\/\/www.gdansk.baptysci.pl\/wp-content\/uploads\/2015\/02\/11074599_1055312451149414_3351841002923406146_o-683x1024.jpg\" decoding=\"async\" data-attachment-id=\"1274\" data-permalink=\"http:\/\/www.gdansk.baptysci.pl\/index.php\/2015\/03\/15\/chrzest-wiary\/11074599_1055312451149414_3351841002923406146_o\/\" data-orig-file=\"http:\/\/www.gdansk.baptysci.pl\/wp-content\/uploads\/2015\/02\/11074599_1055312451149414_3351841002923406146_o.jpg\" data-orig-size=\"1366,2048\" data-comments-opened=\"1\" data-image-meta=\"{&quot;aperture&quot;:&quot;0&quot;,&quot;credit&quot;:&quot;Picasa&quot;,&quot;camera&quot;:&quot;&quot;,&quot;caption&quot;:&quot;&quot;,&quot;created_timestamp&quot;:&quot;0&quot;,&quot;copyright&quot;:&quot;&quot;,&quot;focal_length&quot;:&quot;0&quot;,&quot;iso&quot;:&quot;0&quot;,&quot;shutter_speed&quot;:&quot;0&quot;,&quot;title&quot;:&quot;&quot;,&quot;orientation&quot;:&quot;0&quot;}\" data-image-title=\"11074599_1055312451149414_3351841002923406146_o\" data-image-description=\"\" data-image-caption=\"&lt;p&gt;fot. Artur Grybek&lt;\/p&gt;\n\" data-medium-file=\"http:\/\/www.gdansk.baptysci.pl\/wp-content\/uploads\/2015\/02\/11074599_1055312451149414_3351841002923406146_o-200x300.jpg\" data-large-file=\"http:\/\/www.gdansk.baptysci.pl\/wp-content\/uploads\/2015\/02\/11074599_1055312451149414_3351841002923406146_o-683x1024.jpg\" srcset=\"https:\/\/i1.wp.com\/www.gdansk.baptysci.pl\/wp-content\/uploads\/2015\/02\/11074599_1055312451149414_3351841002923406146_o-683x1024.jpg?strip=info&#038;w=600 600w,https:\/\/i1.wp.com\/www.gdansk.baptysci.pl\/wp-content\/uploads\/2015\/02\/11074599_1055312451149414_3351841002923406146_o-683x1024.jpg?strip=info&#038;w=900 900w,https:\/\/i1.wp.com\/www.gdansk.baptysci.pl\/wp-content\/uploads\/2015\/02\/11074599_1055312451149414_3351841002923406146_o-683x1024.jpg?strip=info&#038;w=1200 1200w,https:\/\/i1.wp.com\/www.gdansk.baptysci.pl\/wp-content\/uploads\/2015\/02\/11074599_1055312451149414_3351841002923406146_o-683x1024.jpg?strip=info&#038;w=1366 1366w\" alt=\"\" data-height=\"2048\" data-id=\"1274\" data-link=\"http:\/\/www.gdansk.baptysci.pl\/index.php\/2015\/02\/22\/chrzest-wiary\/11074599_1055312451149414_3351841002923406146_o\/\" data-url=\"http:\/\/www.gdansk.baptysci.pl\/wp-content\/uploads\/2015\/02\/11074599_1055312451149414_3351841002923406146_o-683x1024.jpg\" data-width=\"1366\" src=\"https:\/\/i1.wp.com\/www.gdansk.baptysci.pl\/wp-content\/uploads\/2015\/02\/11074599_1055312451149414_3351841002923406146_o-683x1024.jpg\" data-amp-layout=\"responsive\"\/><\/figure><\/div><div class=\"tiled-gallery__col\" style=\"flex-basis:24.90852%\"><figure class=\"tiled-gallery__item\"><img data-attachment-id=\"1275\" data-permalink=\"http:\/\/www.gdansk.baptysci.pl\/index.php\/2015\/03\/15\/chrzest-wiary\/11074837_1055313324482660_1059236332487349371_o\/\" data-orig-file=\"http:\/\/www.gdansk.baptysci.pl\/wp-content\/uploads\/2015\/02\/11074837_1055313324482660_1059236332487349371_o.jpg\" data-orig-size=\"1356,2048\" data-comments-opened=\"1\" data-image-meta=\"{&quot;aperture&quot;:&quot;0&quot;,&quot;credit&quot;:&quot;&quot;,&quot;camera&quot;:&quot;&quot;,&quot;caption&quot;:&quot;&quot;,&quot;created_timestamp&quot;:&quot;0&quot;,&quot;copyright&quot;:&quot;&quot;,&quot;focal_length&quot;:&quot;0&quot;,&quot;iso&quot;:&quot;0&quot;,&quot;shutter_speed&quot;:&quot;0&quot;,&quot;title&quot;:&quot;&quot;,&quot;orientation&quot;:&quot;0&quot;}\" data-image-title=\"11074837_1055313324482660_1059236332487349371_o\" data-image-description=\"\" data-image-caption=\"&lt;p&gt;fot. Artur Grybek&lt;\/p&gt;\n\" data-medium-file=\"http:\/\/www.gdansk.baptysci.pl\/wp-content\/uploads\/2015\/02\/11074837_1055313324482660_1059236332487349371_o-199x300.jpg\" data-large-file=\"http:\/\/www.gdansk.baptysci.pl\/wp-content\/uploads\/2015\/02\/11074837_1055313324482660_1059236332487349371_o-678x1024.jpg\" data-attachment-id=\"1275\" data-permalink=\"http:\/\/www.gdansk.baptysci.pl\/index.php\/2015\/03\/15\/chrzest-wiary\/11074837_1055313324482660_1059236332487349371_o\/\" data-orig-file=\"http:\/\/www.gdansk.baptysci.pl\/wp-content\/uploads\/2015\/02\/11074837_1055313324482660_1059236332487349371_o.jpg\" data-orig-size=\"1356,2048\" data-comments-opened=\"1\" data-image-meta=\"{&quot;aperture&quot;:&quot;0&quot;,&quot;credit&quot;:&quot;&quot;,&quot;camera&quot;:&quot;&quot;,&quot;caption&quot;:&quot;&quot;,&quot;created_timestamp&quot;:&quot;0&quot;,&quot;copyright&quot;:&quot;&quot;,&quot;focal_length&quot;:&quot;0&quot;,&quot;iso&quot;:&quot;0&quot;,&quot;shutter_speed&quot;:&quot;0&quot;,&quot;title&quot;:&quot;&quot;,&quot;orientation&quot;:&quot;0&quot;}\" data-image-title=\"11074837_1055313324482660_1059236332487349371_o\" data-image-description=\"\" data-image-caption=\"&lt;p&gt;fot. Artur Grybek&lt;\/p&gt;\n\" data-medium-file=\"http:\/\/www.gdansk.baptysci.pl\/wp-content\/uploads\/2015\/02\/11074837_1055313324482660_1059236332487349371_o-199x300.jpg\" data-large-file=\"http:\/\/www.gdansk.baptysci.pl\/wp-content\/uploads\/2015\/02\/11074837_1055313324482660_1059236332487349371_o-678x1024.jpg\" decoding=\"async\" data-attachment-id=\"1275\" data-permalink=\"http:\/\/www.gdansk.baptysci.pl\/index.php\/2015\/03\/15\/chrzest-wiary\/11074837_1055313324482660_1059236332487349371_o\/\" data-orig-file=\"http:\/\/www.gdansk.baptysci.pl\/wp-content\/uploads\/2015\/02\/11074837_1055313324482660_1059236332487349371_o.jpg\" data-orig-size=\"1356,2048\" data-comments-opened=\"1\" data-image-meta=\"{&quot;aperture&quot;:&quot;0&quot;,&quot;credit&quot;:&quot;&quot;,&quot;camera&quot;:&quot;&quot;,&quot;caption&quot;:&quot;&quot;,&quot;created_timestamp&quot;:&quot;0&quot;,&quot;copyright&quot;:&quot;&quot;,&quot;focal_length&quot;:&quot;0&quot;,&quot;iso&quot;:&quot;0&quot;,&quot;shutter_speed&quot;:&quot;0&quot;,&quot;title&quot;:&quot;&quot;,&quot;orientation&quot;:&quot;0&quot;}\" data-image-title=\"11074837_1055313324482660_1059236332487349371_o\" data-image-description=\"\" data-image-caption=\"&lt;p&gt;fot. Artur Grybek&lt;\/p&gt;\n\" data-medium-file=\"http:\/\/www.gdansk.baptysci.pl\/wp-content\/uploads\/2015\/02\/11074837_1055313324482660_1059236332487349371_o-199x300.jpg\" data-large-file=\"http:\/\/www.gdansk.baptysci.pl\/wp-content\/uploads\/2015\/02\/11074837_1055313324482660_1059236332487349371_o-678x1024.jpg\" srcset=\"https:\/\/i1.wp.com\/www.gdansk.baptysci.pl\/wp-content\/uploads\/2015\/02\/11074837_1055313324482660_1059236332487349371_o-678x1024.jpg?strip=info&#038;w=600 600w,https:\/\/i1.wp.com\/www.gdansk.baptysci.pl\/wp-content\/uploads\/2015\/02\/11074837_1055313324482660_1059236332487349371_o-678x1024.jpg?strip=info&#038;w=900 900w,https:\/\/i1.wp.com\/www.gdansk.baptysci.pl\/wp-content\/uploads\/2015\/02\/11074837_1055313324482660_1059236332487349371_o-678x1024.jpg?strip=info&#038;w=1200 1200w,https:\/\/i1.wp.com\/www.gdansk.baptysci.pl\/wp-content\/uploads\/2015\/02\/11074837_1055313324482660_1059236332487349371_o-678x1024.jpg?strip=info&#038;w=1356 1356w\" alt=\"\" data-height=\"2048\" data-id=\"1275\" data-link=\"http:\/\/www.gdansk.baptysci.pl\/index.php\/2015\/02\/22\/chrzest-wiary\/11074837_1055313324482660_1059236332487349371_o\/\" data-url=\"http:\/\/www.gdansk.baptysci.pl\/wp-content\/uploads\/2015\/02\/11074837_1055313324482660_1059236332487349371_o-678x1024.jpg\" data-width=\"1356\" src=\"https:\/\/i1.wp.com\/www.gdansk.baptysci.pl\/wp-content\/uploads\/2015\/02\/11074837_1055313324482660_1059236332487349371_o-678x1024.jpg\" data-amp-layout=\"responsive\"\/><\/figure><\/div><div class=\"tiled-gallery__col\" style=\"flex-basis:25.09148%\"><figure class=\"tiled-gallery__item\"><img data-attachment-id=\"1276\" data-permalink=\"http:\/\/www.gdansk.baptysci.pl\/index.php\/2015\/03\/15\/chrzest-wiary\/11075146_1055309184483074_4442312906223270169_o\/\" data-orig-file=\"http:\/\/www.gdansk.baptysci.pl\/wp-content\/uploads\/2015\/02\/11075146_1055309184483074_4442312906223270169_o.jpg\" data-orig-size=\"1366,2048\" data-comments-opened=\"1\" data-image-meta=\"{&quot;aperture&quot;:&quot;0&quot;,&quot;credit&quot;:&quot;Picasa&quot;,&quot;camera&quot;:&quot;&quot;,&quot;caption&quot;:&quot;&quot;,&quot;created_timestamp&quot;:&quot;0&quot;,&quot;copyright&quot;:&quot;&quot;,&quot;focal_length&quot;:&quot;0&quot;,&quot;iso&quot;:&quot;0&quot;,&quot;shutter_speed&quot;:&quot;0&quot;,&quot;title&quot;:&quot;&quot;,&quot;orientation&quot;:&quot;0&quot;}\" data-image-title=\"11075146_1055309184483074_4442312906223270169_o\" data-image-description=\"\" data-image-caption=\"&lt;p&gt;fot. Artur Grybek&lt;\/p&gt;\n\" data-medium-file=\"http:\/\/www.gdansk.baptysci.pl\/wp-content\/uploads\/2015\/02\/11075146_1055309184483074_4442312906223270169_o-200x300.jpg\" data-large-file=\"http:\/\/www.gdansk.baptysci.pl\/wp-content\/uploads\/2015\/02\/11075146_1055309184483074_4442312906223270169_o-683x1024.jpg\" data-attachment-id=\"1276\" data-permalink=\"http:\/\/www.gdansk.baptysci.pl\/index.php\/2015\/03\/15\/chrzest-wiary\/11075146_1055309184483074_4442312906223270169_o\/\" data-orig-file=\"http:\/\/www.gdansk.baptysci.pl\/wp-content\/uploads\/2015\/02\/11075146_1055309184483074_4442312906223270169_o.jpg\" data-orig-size=\"1366,2048\" data-comments-opened=\"1\" data-image-meta=\"{&quot;aperture&quot;:&quot;0&quot;,&quot;credit&quot;:&quot;Picasa&quot;,&quot;camera&quot;:&quot;&quot;,&quot;caption&quot;:&quot;&quot;,&quot;created_timestamp&quot;:&quot;0&quot;,&quot;copyright&quot;:&quot;&quot;,&quot;focal_length&quot;:&quot;0&quot;,&quot;iso&quot;:&quot;0&quot;,&quot;shutter_speed&quot;:&quot;0&quot;,&quot;title&quot;:&quot;&quot;,&quot;orientation&quot;:&quot;0&quot;}\" data-image-title=\"11075146_1055309184483074_4442312906223270169_o\" data-image-description=\"\" data-image-caption=\"&lt;p&gt;fot. Artur Grybek&lt;\/p&gt;\n\" data-medium-file=\"http:\/\/www.gdansk.baptysci.pl\/wp-content\/uploads\/2015\/02\/11075146_1055309184483074_4442312906223270169_o-200x300.jpg\" data-large-file=\"http:\/\/www.gdansk.baptysci.pl\/wp-content\/uploads\/2015\/02\/11075146_1055309184483074_4442312906223270169_o-683x1024.jpg\" decoding=\"async\" data-attachment-id=\"1276\" data-permalink=\"http:\/\/www.gdansk.baptysci.pl\/index.php\/2015\/03\/15\/chrzest-wiary\/11075146_1055309184483074_4442312906223270169_o\/\" data-orig-file=\"http:\/\/www.gdansk.baptysci.pl\/wp-content\/uploads\/2015\/02\/11075146_1055309184483074_4442312906223270169_o.jpg\" data-orig-size=\"1366,2048\" data-comments-opened=\"1\" data-image-meta=\"{&quot;aperture&quot;:&quot;0&quot;,&quot;credit&quot;:&quot;Picasa&quot;,&quot;camera&quot;:&quot;&quot;,&quot;caption&quot;:&quot;&quot;,&quot;created_timestamp&quot;:&quot;0&quot;,&quot;copyright&quot;:&quot;&quot;,&quot;focal_length&quot;:&quot;0&quot;,&quot;iso&quot;:&quot;0&quot;,&quot;shutter_speed&quot;:&quot;0&quot;,&quot;title&quot;:&quot;&quot;,&quot;orientation&quot;:&quot;0&quot;}\" data-image-title=\"11075146_1055309184483074_4442312906223270169_o\" data-image-description=\"\" data-image-caption=\"&lt;p&gt;fot. Artur Grybek&lt;\/p&gt;\n\" data-medium-file=\"http:\/\/www.gdansk.baptysci.pl\/wp-content\/uploads\/2015\/02\/11075146_1055309184483074_4442312906223270169_o-200x300.jpg\" data-large-file=\"http:\/\/www.gdansk.baptysci.pl\/wp-content\/uploads\/2015\/02\/11075146_1055309184483074_4442312906223270169_o-683x1024.jpg\" srcset=\"https:\/\/i0.wp.com\/www.gdansk.baptysci.pl\/wp-content\/uploads\/2015\/02\/11075146_1055309184483074_4442312906223270169_o-683x1024.jpg?strip=info&#038;w=600 600w,https:\/\/i0.wp.com\/www.gdansk.baptysci.pl\/wp-content\/uploads\/2015\/02\/11075146_1055309184483074_4442312906223270169_o-683x1024.jpg?strip=info&#038;w=900 900w,https:\/\/i0.wp.com\/www.gdansk.baptysci.pl\/wp-content\/uploads\/2015\/02\/11075146_1055309184483074_4442312906223270169_o-683x1024.jpg?strip=info&#038;w=1200 1200w,https:\/\/i0.wp.com\/www.gdansk.baptysci.pl\/wp-content\/uploads\/2015\/02\/11075146_1055309184483074_4442312906223270169_o-683x1024.jpg?strip=info&#038;w=1366 1366w\" alt=\"\" data-height=\"2048\" data-id=\"1276\" data-link=\"http:\/\/www.gdansk.baptysci.pl\/index.php\/2015\/02\/22\/chrzest-wiary\/11075146_1055309184483074_4442312906223270169_o\/\" data-url=\"http:\/\/www.gdansk.baptysci.pl\/wp-content\/uploads\/2015\/02\/11075146_1055309184483074_4442312906223270169_o-683x1024.jpg\" data-width=\"1366\" src=\"https:\/\/i0.wp.com\/www.gdansk.baptysci.pl\/wp-content\/uploads\/2015\/02\/11075146_1055309184483074_4442312906223270169_o-683x1024.jpg\" data-amp-layout=\"responsive\"\/><\/figure><\/div><\/div><div class=\"tiled-gallery__row\"><div class=\"tiled-gallery__col\" style=\"flex-basis:49.78017%\"><figure class=\"tiled-gallery__item\"><img data-attachment-id=\"1278\" data-permalink=\"http:\/\/www.gdansk.baptysci.pl\/index.php\/2015\/03\/15\/chrzest-wiary\/11075250_1055314301149229_6564761149260784319_o\/\" data-orig-file=\"http:\/\/www.gdansk.baptysci.pl\/wp-content\/uploads\/2015\/02\/11075250_1055314301149229_6564761149260784319_o.jpg\" data-orig-size=\"1356,2048\" data-comments-opened=\"1\" data-image-meta=\"{&quot;aperture&quot;:&quot;0&quot;,&quot;credit&quot;:&quot;&quot;,&quot;camera&quot;:&quot;&quot;,&quot;caption&quot;:&quot;&quot;,&quot;created_timestamp&quot;:&quot;0&quot;,&quot;copyright&quot;:&quot;&quot;,&quot;focal_length&quot;:&quot;0&quot;,&quot;iso&quot;:&quot;0&quot;,&quot;shutter_speed&quot;:&quot;0&quot;,&quot;title&quot;:&quot;&quot;,&quot;orientation&quot;:&quot;0&quot;}\" data-image-title=\"11075250_1055314301149229_6564761149260784319_o\" data-image-description=\"\" data-image-caption=\"&lt;p&gt;fot. Artur Grybek&lt;\/p&gt;\n\" data-medium-file=\"http:\/\/www.gdansk.baptysci.pl\/wp-content\/uploads\/2015\/02\/11075250_1055314301149229_6564761149260784319_o-199x300.jpg\" data-large-file=\"http:\/\/www.gdansk.baptysci.pl\/wp-content\/uploads\/2015\/02\/11075250_1055314301149229_6564761149260784319_o-678x1024.jpg\" data-attachment-id=\"1278\" data-permalink=\"http:\/\/www.gdansk.baptysci.pl\/index.php\/2015\/03\/15\/chrzest-wiary\/11075250_1055314301149229_6564761149260784319_o\/\" data-orig-file=\"http:\/\/www.gdansk.baptysci.pl\/wp-content\/uploads\/2015\/02\/11075250_1055314301149229_6564761149260784319_o.jpg\" data-orig-size=\"1356,2048\" data-comments-opened=\"1\" data-image-meta=\"{&quot;aperture&quot;:&quot;0&quot;,&quot;credit&quot;:&quot;&quot;,&quot;camera&quot;:&quot;&quot;,&quot;caption&quot;:&quot;&quot;,&quot;created_timestamp&quot;:&quot;0&quot;,&quot;copyright&quot;:&quot;&quot;,&quot;focal_length&quot;:&quot;0&quot;,&quot;iso&quot;:&quot;0&quot;,&quot;shutter_speed&quot;:&quot;0&quot;,&quot;title&quot;:&quot;&quot;,&quot;orientation&quot;:&quot;0&quot;}\" data-image-title=\"11075250_1055314301149229_6564761149260784319_o\" data-image-description=\"\" data-image-caption=\"&lt;p&gt;fot. Artur Grybek&lt;\/p&gt;\n\" data-medium-file=\"http:\/\/www.gdansk.baptysci.pl\/wp-content\/uploads\/2015\/02\/11075250_1055314301149229_6564761149260784319_o-199x300.jpg\" data-large-file=\"http:\/\/www.gdansk.baptysci.pl\/wp-content\/uploads\/2015\/02\/11075250_1055314301149229_6564761149260784319_o-678x1024.jpg\" decoding=\"async\" data-attachment-id=\"1278\" data-permalink=\"http:\/\/www.gdansk.baptysci.pl\/index.php\/2015\/03\/15\/chrzest-wiary\/11075250_1055314301149229_6564761149260784319_o\/\" data-orig-file=\"http:\/\/www.gdansk.baptysci.pl\/wp-content\/uploads\/2015\/02\/11075250_1055314301149229_6564761149260784319_o.jpg\" data-orig-size=\"1356,2048\" data-comments-opened=\"1\" data-image-meta=\"{&quot;aperture&quot;:&quot;0&quot;,&quot;credit&quot;:&quot;&quot;,&quot;camera&quot;:&quot;&quot;,&quot;caption&quot;:&quot;&quot;,&quot;created_timestamp&quot;:&quot;0&quot;,&quot;copyright&quot;:&quot;&quot;,&quot;focal_length&quot;:&quot;0&quot;,&quot;iso&quot;:&quot;0&quot;,&quot;shutter_speed&quot;:&quot;0&quot;,&quot;title&quot;:&quot;&quot;,&quot;orientation&quot;:&quot;0&quot;}\" data-image-title=\"11075250_1055314301149229_6564761149260784319_o\" data-image-description=\"\" data-image-caption=\"&lt;p&gt;fot. Artur Grybek&lt;\/p&gt;\n\" data-medium-file=\"http:\/\/www.gdansk.baptysci.pl\/wp-content\/uploads\/2015\/02\/11075250_1055314301149229_6564761149260784319_o-199x300.jpg\" data-large-file=\"http:\/\/www.gdansk.baptysci.pl\/wp-content\/uploads\/2015\/02\/11075250_1055314301149229_6564761149260784319_o-678x1024.jpg\" srcset=\"https:\/\/i1.wp.com\/www.gdansk.baptysci.pl\/wp-content\/uploads\/2015\/02\/11075250_1055314301149229_6564761149260784319_o-678x1024.jpg?strip=info&#038;w=600 600w,https:\/\/i1.wp.com\/www.gdansk.baptysci.pl\/wp-content\/uploads\/2015\/02\/11075250_1055314301149229_6564761149260784319_o-678x1024.jpg?strip=info&#038;w=900 900w,https:\/\/i1.wp.com\/www.gdansk.baptysci.pl\/wp-content\/uploads\/2015\/02\/11075250_1055314301149229_6564761149260784319_o-678x1024.jpg?strip=info&#038;w=1200 1200w,https:\/\/i1.wp.com\/www.gdansk.baptysci.pl\/wp-content\/uploads\/2015\/02\/11075250_1055314301149229_6564761149260784319_o-678x1024.jpg?strip=info&#038;w=1356 1356w\" alt=\"\" data-height=\"2048\" data-id=\"1278\" data-link=\"http:\/\/www.gdansk.baptysci.pl\/index.php\/2015\/02\/22\/chrzest-wiary\/11075250_1055314301149229_6564761149260784319_o\/\" data-url=\"http:\/\/www.gdansk.baptysci.pl\/wp-content\/uploads\/2015\/02\/11075250_1055314301149229_6564761149260784319_o-678x1024.jpg\" data-width=\"1356\" src=\"https:\/\/i1.wp.com\/www.gdansk.baptysci.pl\/wp-content\/uploads\/2015\/02\/11075250_1055314301149229_6564761149260784319_o-678x1024.jpg\" data-amp-layout=\"responsive\"\/><\/figure><\/div><div class=\"tiled-gallery__col\" style=\"flex-basis:50.21983%\"><figure class=\"tiled-gallery__item\"><img data-attachment-id=\"1279\" data-permalink=\"http:\/\/www.gdansk.baptysci.pl\/index.php\/2015\/03\/15\/chrzest-wiary\/11077852_1055309171149742_9184283632386984047_o\/\" data-orig-file=\"http:\/\/www.gdansk.baptysci.pl\/wp-content\/uploads\/2015\/02\/11077852_1055309171149742_9184283632386984047_o.jpg\" data-orig-size=\"1368,2048\" data-comments-opened=\"1\" data-image-meta=\"{&quot;aperture&quot;:&quot;0&quot;,&quot;credit&quot;:&quot;Picasa&quot;,&quot;camera&quot;:&quot;&quot;,&quot;caption&quot;:&quot;&quot;,&quot;created_timestamp&quot;:&quot;0&quot;,&quot;copyright&quot;:&quot;&quot;,&quot;focal_length&quot;:&quot;0&quot;,&quot;iso&quot;:&quot;0&quot;,&quot;shutter_speed&quot;:&quot;0&quot;,&quot;title&quot;:&quot;&quot;,&quot;orientation&quot;:&quot;0&quot;}\" data-image-title=\"11077852_1055309171149742_9184283632386984047_o\" data-image-description=\"\" data-image-caption=\"&lt;p&gt;fot. Artur Grybek&lt;\/p&gt;\n\" data-medium-file=\"http:\/\/www.gdansk.baptysci.pl\/wp-content\/uploads\/2015\/02\/11077852_1055309171149742_9184283632386984047_o-200x300.jpg\" data-large-file=\"http:\/\/www.gdansk.baptysci.pl\/wp-content\/uploads\/2015\/02\/11077852_1055309171149742_9184283632386984047_o-684x1024.jpg\" data-attachment-id=\"1279\" data-permalink=\"http:\/\/www.gdansk.baptysci.pl\/index.php\/2015\/03\/15\/chrzest-wiary\/11077852_1055309171149742_9184283632386984047_o\/\" data-orig-file=\"http:\/\/www.gdansk.baptysci.pl\/wp-content\/uploads\/2015\/02\/11077852_1055309171149742_9184283632386984047_o.jpg\" data-orig-size=\"1368,2048\" data-comments-opened=\"1\" data-image-meta=\"{&quot;aperture&quot;:&quot;0&quot;,&quot;credit&quot;:&quot;Picasa&quot;,&quot;camera&quot;:&quot;&quot;,&quot;caption&quot;:&quot;&quot;,&quot;created_timestamp&quot;:&quot;0&quot;,&quot;copyright&quot;:&quot;&quot;,&quot;focal_length&quot;:&quot;0&quot;,&quot;iso&quot;:&quot;0&quot;,&quot;shutter_speed&quot;:&quot;0&quot;,&quot;title&quot;:&quot;&quot;,&quot;orientation&quot;:&quot;0&quot;}\" data-image-title=\"11077852_1055309171149742_9184283632386984047_o\" data-image-description=\"\" data-image-caption=\"&lt;p&gt;fot. Artur Grybek&lt;\/p&gt;\n\" data-medium-file=\"http:\/\/www.gdansk.baptysci.pl\/wp-content\/uploads\/2015\/02\/11077852_1055309171149742_9184283632386984047_o-200x300.jpg\" data-large-file=\"http:\/\/www.gdansk.baptysci.pl\/wp-content\/uploads\/2015\/02\/11077852_1055309171149742_9184283632386984047_o-684x1024.jpg\" decoding=\"async\" data-attachment-id=\"1279\" data-permalink=\"http:\/\/www.gdansk.baptysci.pl\/index.php\/2015\/03\/15\/chrzest-wiary\/11077852_1055309171149742_9184283632386984047_o\/\" data-orig-file=\"http:\/\/www.gdansk.baptysci.pl\/wp-content\/uploads\/2015\/02\/11077852_1055309171149742_9184283632386984047_o.jpg\" data-orig-size=\"1368,2048\" data-comments-opened=\"1\" data-image-meta=\"{&quot;aperture&quot;:&quot;0&quot;,&quot;credit&quot;:&quot;Picasa&quot;,&quot;camera&quot;:&quot;&quot;,&quot;caption&quot;:&quot;&quot;,&quot;created_timestamp&quot;:&quot;0&quot;,&quot;copyright&quot;:&quot;&quot;,&quot;focal_length&quot;:&quot;0&quot;,&quot;iso&quot;:&quot;0&quot;,&quot;shutter_speed&quot;:&quot;0&quot;,&quot;title&quot;:&quot;&quot;,&quot;orientation&quot;:&quot;0&quot;}\" data-image-title=\"11077852_1055309171149742_9184283632386984047_o\" data-image-description=\"\" data-image-caption=\"&lt;p&gt;fot. Artur Grybek&lt;\/p&gt;\n\" data-medium-file=\"http:\/\/www.gdansk.baptysci.pl\/wp-content\/uploads\/2015\/02\/11077852_1055309171149742_9184283632386984047_o-200x300.jpg\" data-large-file=\"http:\/\/www.gdansk.baptysci.pl\/wp-content\/uploads\/2015\/02\/11077852_1055309171149742_9184283632386984047_o-684x1024.jpg\" srcset=\"https:\/\/i0.wp.com\/www.gdansk.baptysci.pl\/wp-content\/uploads\/2015\/02\/11077852_1055309171149742_9184283632386984047_o-684x1024.jpg?strip=info&#038;w=600 600w,https:\/\/i0.wp.com\/www.gdansk.baptysci.pl\/wp-content\/uploads\/2015\/02\/11077852_1055309171149742_9184283632386984047_o-684x1024.jpg?strip=info&#038;w=900 900w,https:\/\/i0.wp.com\/www.gdansk.baptysci.pl\/wp-content\/uploads\/2015\/02\/11077852_1055309171149742_9184283632386984047_o-684x1024.jpg?strip=info&#038;w=1200 1200w,https:\/\/i0.wp.com\/www.gdansk.baptysci.pl\/wp-content\/uploads\/2015\/02\/11077852_1055309171149742_9184283632386984047_o-684x1024.jpg?strip=info&#038;w=1368 1368w\" alt=\"\" data-height=\"2048\" data-id=\"1279\" data-link=\"http:\/\/www.gdansk.baptysci.pl\/index.php\/2015\/02\/22\/chrzest-wiary\/11077852_1055309171149742_9184283632386984047_o\/\" data-url=\"http:\/\/www.gdansk.baptysci.pl\/wp-content\/uploads\/2015\/02\/11077852_1055309171149742_9184283632386984047_o-684x1024.jpg\" data-width=\"1368\" src=\"https:\/\/i0.wp.com\/www.gdansk.baptysci.pl\/wp-content\/uploads\/2015\/02\/11077852_1055309171149742_9184283632386984047_o-684x1024.jpg\" data-amp-layout=\"responsive\"\/><\/figure><\/div><\/div><div class=\"tiled-gallery__row\"><div class=\"tiled-gallery__col\" style=\"flex-basis:30.68035%\"><figure class=\"tiled-gallery__item\"><img data-attachment-id=\"1280\" data-permalink=\"http:\/\/www.gdansk.baptysci.pl\/index.php\/2015\/03\/15\/chrzest-wiary\/11078073_1055312547816071_8842372010295990074_o\/\" data-orig-file=\"http:\/\/www.gdansk.baptysci.pl\/wp-content\/uploads\/2015\/02\/11078073_1055312547816071_8842372010295990074_o.jpg\" data-orig-size=\"1365,2048\" data-comments-opened=\"1\" data-image-meta=\"{&quot;aperture&quot;:&quot;0&quot;,&quot;credit&quot;:&quot;Picasa&quot;,&quot;camera&quot;:&quot;&quot;,&quot;caption&quot;:&quot;&quot;,&quot;created_timestamp&quot;:&quot;0&quot;,&quot;copyright&quot;:&quot;&quot;,&quot;focal_length&quot;:&quot;0&quot;,&quot;iso&quot;:&quot;0&quot;,&quot;shutter_speed&quot;:&quot;0&quot;,&quot;title&quot;:&quot;&quot;,&quot;orientation&quot;:&quot;0&quot;}\" data-image-title=\"11078073_1055312547816071_8842372010295990074_o\" data-image-description=\"\" data-image-caption=\"&lt;p&gt;fot. Artur Grybek&lt;\/p&gt;\n\" data-medium-file=\"http:\/\/www.gdansk.baptysci.pl\/wp-content\/uploads\/2015\/02\/11078073_1055312547816071_8842372010295990074_o-200x300.jpg\" data-large-file=\"http:\/\/www.gdansk.baptysci.pl\/wp-content\/uploads\/2015\/02\/11078073_1055312547816071_8842372010295990074_o-683x1024.jpg\" data-attachment-id=\"1280\" data-permalink=\"http:\/\/www.gdansk.baptysci.pl\/index.php\/2015\/03\/15\/chrzest-wiary\/11078073_1055312547816071_8842372010295990074_o\/\" data-orig-file=\"http:\/\/www.gdansk.baptysci.pl\/wp-content\/uploads\/2015\/02\/11078073_1055312547816071_8842372010295990074_o.jpg\" data-orig-size=\"1365,2048\" data-comments-opened=\"1\" data-image-meta=\"{&quot;aperture&quot;:&quot;0&quot;,&quot;credit&quot;:&quot;Picasa&quot;,&quot;camera&quot;:&quot;&quot;,&quot;caption&quot;:&quot;&quot;,&quot;created_timestamp&quot;:&quot;0&quot;,&quot;copyright&quot;:&quot;&quot;,&quot;focal_length&quot;:&quot;0&quot;,&quot;iso&quot;:&quot;0&quot;,&quot;shutter_speed&quot;:&quot;0&quot;,&quot;title&quot;:&quot;&quot;,&quot;orientation&quot;:&quot;0&quot;}\" data-image-title=\"11078073_1055312547816071_8842372010295990074_o\" data-image-description=\"\" data-image-caption=\"&lt;p&gt;fot. Artur Grybek&lt;\/p&gt;\n\" data-medium-file=\"http:\/\/www.gdansk.baptysci.pl\/wp-content\/uploads\/2015\/02\/11078073_1055312547816071_8842372010295990074_o-200x300.jpg\" data-large-file=\"http:\/\/www.gdansk.baptysci.pl\/wp-content\/uploads\/2015\/02\/11078073_1055312547816071_8842372010295990074_o-683x1024.jpg\" decoding=\"async\" data-attachment-id=\"1280\" data-permalink=\"http:\/\/www.gdansk.baptysci.pl\/index.php\/2015\/03\/15\/chrzest-wiary\/11078073_1055312547816071_8842372010295990074_o\/\" data-orig-file=\"http:\/\/www.gdansk.baptysci.pl\/wp-content\/uploads\/2015\/02\/11078073_1055312547816071_8842372010295990074_o.jpg\" data-orig-size=\"1365,2048\" data-comments-opened=\"1\" data-image-meta=\"{&quot;aperture&quot;:&quot;0&quot;,&quot;credit&quot;:&quot;Picasa&quot;,&quot;camera&quot;:&quot;&quot;,&quot;caption&quot;:&quot;&quot;,&quot;created_timestamp&quot;:&quot;0&quot;,&quot;copyright&quot;:&quot;&quot;,&quot;focal_length&quot;:&quot;0&quot;,&quot;iso&quot;:&quot;0&quot;,&quot;shutter_speed&quot;:&quot;0&quot;,&quot;title&quot;:&quot;&quot;,&quot;orientation&quot;:&quot;0&quot;}\" data-image-title=\"11078073_1055312547816071_8842372010295990074_o\" data-image-description=\"\" data-image-caption=\"&lt;p&gt;fot. Artur Grybek&lt;\/p&gt;\n\" data-medium-file=\"http:\/\/www.gdansk.baptysci.pl\/wp-content\/uploads\/2015\/02\/11078073_1055312547816071_8842372010295990074_o-200x300.jpg\" data-large-file=\"http:\/\/www.gdansk.baptysci.pl\/wp-content\/uploads\/2015\/02\/11078073_1055312547816071_8842372010295990074_o-683x1024.jpg\" srcset=\"https:\/\/i0.wp.com\/www.gdansk.baptysci.pl\/wp-content\/uploads\/2015\/02\/11078073_1055312547816071_8842372010295990074_o-683x1024.jpg?strip=info&#038;w=600 600w,https:\/\/i0.wp.com\/www.gdansk.baptysci.pl\/wp-content\/uploads\/2015\/02\/11078073_1055312547816071_8842372010295990074_o-683x1024.jpg?strip=info&#038;w=900 900w,https:\/\/i0.wp.com\/www.gdansk.baptysci.pl\/wp-content\/uploads\/2015\/02\/11078073_1055312547816071_8842372010295990074_o-683x1024.jpg?strip=info&#038;w=1200 1200w,https:\/\/i0.wp.com\/www.gdansk.baptysci.pl\/wp-content\/uploads\/2015\/02\/11078073_1055312547816071_8842372010295990074_o-683x1024.jpg?strip=info&#038;w=1365 1365w\" alt=\"\" data-height=\"2048\" data-id=\"1280\" data-link=\"http:\/\/www.gdansk.baptysci.pl\/index.php\/2015\/02\/22\/chrzest-wiary\/11078073_1055312547816071_8842372010295990074_o\/\" data-url=\"http:\/\/www.gdansk.baptysci.pl\/wp-content\/uploads\/2015\/02\/11078073_1055312547816071_8842372010295990074_o-683x1024.jpg\" data-width=\"1365\" src=\"https:\/\/i0.wp.com\/www.gdansk.baptysci.pl\/wp-content\/uploads\/2015\/02\/11078073_1055312547816071_8842372010295990074_o-683x1024.jpg\" data-amp-layout=\"responsive\"\/><\/figure><\/div><div class=\"tiled-gallery__col\" style=\"flex-basis:69.31965%\"><figure class=\"tiled-gallery__item\"><img data-attachment-id=\"1281\" data-permalink=\"http:\/\/www.gdansk.baptysci.pl\/index.php\/2015\/03\/15\/chrzest-wiary\/11078172_1055317784482214_6190095639115083151_o\/\" data-orig-file=\"http:\/\/www.gdansk.baptysci.pl\/wp-content\/uploads\/2015\/02\/11078172_1055317784482214_6190095639115083151_o.jpg\" data-orig-size=\"2048,1356\" data-comments-opened=\"1\" data-image-meta=\"{&quot;aperture&quot;:&quot;0&quot;,&quot;credit&quot;:&quot;&quot;,&quot;camera&quot;:&quot;&quot;,&quot;caption&quot;:&quot;&quot;,&quot;created_timestamp&quot;:&quot;0&quot;,&quot;copyright&quot;:&quot;&quot;,&quot;focal_length&quot;:&quot;0&quot;,&quot;iso&quot;:&quot;0&quot;,&quot;shutter_speed&quot;:&quot;0&quot;,&quot;title&quot;:&quot;&quot;,&quot;orientation&quot;:&quot;0&quot;}\" data-image-title=\"11078172_1055317784482214_6190095639115083151_o\" data-image-description=\"\" data-image-caption=\"&lt;p&gt;fot. Artur Grybek&lt;\/p&gt;\n\" data-medium-file=\"http:\/\/www.gdansk.baptysci.pl\/wp-content\/uploads\/2015\/02\/11078172_1055317784482214_6190095639115083151_o-300x199.jpg\" data-large-file=\"http:\/\/www.gdansk.baptysci.pl\/wp-content\/uploads\/2015\/02\/11078172_1055317784482214_6190095639115083151_o-1024x678.jpg\" data-attachment-id=\"1281\" data-permalink=\"http:\/\/www.gdansk.baptysci.pl\/index.php\/2015\/03\/15\/chrzest-wiary\/11078172_1055317784482214_6190095639115083151_o\/\" data-orig-file=\"http:\/\/www.gdansk.baptysci.pl\/wp-content\/uploads\/2015\/02\/11078172_1055317784482214_6190095639115083151_o.jpg\" data-orig-size=\"2048,1356\" data-comments-opened=\"1\" data-image-meta=\"{&quot;aperture&quot;:&quot;0&quot;,&quot;credit&quot;:&quot;&quot;,&quot;camera&quot;:&quot;&quot;,&quot;caption&quot;:&quot;&quot;,&quot;created_timestamp&quot;:&quot;0&quot;,&quot;copyright&quot;:&quot;&quot;,&quot;focal_length&quot;:&quot;0&quot;,&quot;iso&quot;:&quot;0&quot;,&quot;shutter_speed&quot;:&quot;0&quot;,&quot;title&quot;:&quot;&quot;,&quot;orientation&quot;:&quot;0&quot;}\" data-image-title=\"11078172_1055317784482214_6190095639115083151_o\" data-image-description=\"\" data-image-caption=\"&lt;p&gt;fot. Artur Grybek&lt;\/p&gt;\n\" data-medium-file=\"http:\/\/www.gdansk.baptysci.pl\/wp-content\/uploads\/2015\/02\/11078172_1055317784482214_6190095639115083151_o-300x199.jpg\" data-large-file=\"http:\/\/www.gdansk.baptysci.pl\/wp-content\/uploads\/2015\/02\/11078172_1055317784482214_6190095639115083151_o-1024x678.jpg\" decoding=\"async\" data-attachment-id=\"1281\" data-permalink=\"http:\/\/www.gdansk.baptysci.pl\/index.php\/2015\/03\/15\/chrzest-wiary\/11078172_1055317784482214_6190095639115083151_o\/\" data-orig-file=\"http:\/\/www.gdansk.baptysci.pl\/wp-content\/uploads\/2015\/02\/11078172_1055317784482214_6190095639115083151_o.jpg\" data-orig-size=\"2048,1356\" data-comments-opened=\"1\" data-image-meta=\"{&quot;aperture&quot;:&quot;0&quot;,&quot;credit&quot;:&quot;&quot;,&quot;camera&quot;:&quot;&quot;,&quot;caption&quot;:&quot;&quot;,&quot;created_timestamp&quot;:&quot;0&quot;,&quot;copyright&quot;:&quot;&quot;,&quot;focal_length&quot;:&quot;0&quot;,&quot;iso&quot;:&quot;0&quot;,&quot;shutter_speed&quot;:&quot;0&quot;,&quot;title&quot;:&quot;&quot;,&quot;orientation&quot;:&quot;0&quot;}\" data-image-title=\"11078172_1055317784482214_6190095639115083151_o\" data-image-description=\"\" data-image-caption=\"&lt;p&gt;fot. Artur Grybek&lt;\/p&gt;\n\" data-medium-file=\"http:\/\/www.gdansk.baptysci.pl\/wp-content\/uploads\/2015\/02\/11078172_1055317784482214_6190095639115083151_o-300x199.jpg\" data-large-file=\"http:\/\/www.gdansk.baptysci.pl\/wp-content\/uploads\/2015\/02\/11078172_1055317784482214_6190095639115083151_o-1024x678.jpg\" srcset=\"https:\/\/i0.wp.com\/www.gdansk.baptysci.pl\/wp-content\/uploads\/2015\/02\/11078172_1055317784482214_6190095639115083151_o-1024x678.jpg?strip=info&#038;w=600 600w,https:\/\/i0.wp.com\/www.gdansk.baptysci.pl\/wp-content\/uploads\/2015\/02\/11078172_1055317784482214_6190095639115083151_o-1024x678.jpg?strip=info&#038;w=900 900w,https:\/\/i0.wp.com\/www.gdansk.baptysci.pl\/wp-content\/uploads\/2015\/02\/11078172_1055317784482214_6190095639115083151_o-1024x678.jpg?strip=info&#038;w=1200 1200w,https:\/\/i0.wp.com\/www.gdansk.baptysci.pl\/wp-content\/uploads\/2015\/02\/11078172_1055317784482214_6190095639115083151_o-1024x678.jpg?strip=info&#038;w=1500 1500w,https:\/\/i0.wp.com\/www.gdansk.baptysci.pl\/wp-content\/uploads\/2015\/02\/11078172_1055317784482214_6190095639115083151_o-1024x678.jpg?strip=info&#038;w=1800 1800w,https:\/\/i0.wp.com\/www.gdansk.baptysci.pl\/wp-content\/uploads\/2015\/02\/11078172_1055317784482214_6190095639115083151_o-1024x678.jpg?strip=info&#038;w=2000 2000w\" alt=\"\" data-height=\"1356\" data-id=\"1281\" data-link=\"http:\/\/www.gdansk.baptysci.pl\/index.php\/2015\/02\/22\/chrzest-wiary\/11078172_1055317784482214_6190095639115083151_o\/\" data-url=\"http:\/\/www.gdansk.baptysci.pl\/wp-content\/uploads\/2015\/02\/11078172_1055317784482214_6190095639115083151_o-1024x678.jpg\" data-width=\"2048\" src=\"https:\/\/i0.wp.com\/www.gdansk.baptysci.pl\/wp-content\/uploads\/2015\/02\/11078172_1055317784482214_6190095639115083151_o-1024x678.jpg\" data-amp-layout=\"responsive\"\/><\/figure><\/div><\/div><div class=\"tiled-gallery__row\"><div class=\"tiled-gallery__col\" style=\"flex-basis:25.00916%\"><figure class=\"tiled-gallery__item\"><img data-attachment-id=\"1282\" data-permalink=\"http:\/\/www.gdansk.baptysci.pl\/index.php\/2015\/03\/15\/chrzest-wiary\/11079036_1055315414482451_5171667772910388278_o\/\" data-orig-file=\"http:\/\/www.gdansk.baptysci.pl\/wp-content\/uploads\/2015\/02\/11079036_1055315414482451_5171667772910388278_o.jpg\" data-orig-size=\"1359,2048\" data-comments-opened=\"1\" data-image-meta=\"{&quot;aperture&quot;:&quot;0&quot;,&quot;credit&quot;:&quot;Picasa&quot;,&quot;camera&quot;:&quot;&quot;,&quot;caption&quot;:&quot;&quot;,&quot;created_timestamp&quot;:&quot;0&quot;,&quot;copyright&quot;:&quot;&quot;,&quot;focal_length&quot;:&quot;0&quot;,&quot;iso&quot;:&quot;0&quot;,&quot;shutter_speed&quot;:&quot;0&quot;,&quot;title&quot;:&quot;&quot;,&quot;orientation&quot;:&quot;0&quot;}\" data-image-title=\"11079036_1055315414482451_5171667772910388278_o\" data-image-description=\"\" data-image-caption=\"&lt;p&gt;fot. Artur Grybek&lt;\/p&gt;\n\" data-medium-file=\"http:\/\/www.gdansk.baptysci.pl\/wp-content\/uploads\/2015\/02\/11079036_1055315414482451_5171667772910388278_o-199x300.jpg\" data-large-file=\"http:\/\/www.gdansk.baptysci.pl\/wp-content\/uploads\/2015\/02\/11079036_1055315414482451_5171667772910388278_o-680x1024.jpg\" data-attachment-id=\"1282\" data-permalink=\"http:\/\/www.gdansk.baptysci.pl\/index.php\/2015\/03\/15\/chrzest-wiary\/11079036_1055315414482451_5171667772910388278_o\/\" data-orig-file=\"http:\/\/www.gdansk.baptysci.pl\/wp-content\/uploads\/2015\/02\/11079036_1055315414482451_5171667772910388278_o.jpg\" data-orig-size=\"1359,2048\" data-comments-opened=\"1\" data-image-meta=\"{&quot;aperture&quot;:&quot;0&quot;,&quot;credit&quot;:&quot;Picasa&quot;,&quot;camera&quot;:&quot;&quot;,&quot;caption&quot;:&quot;&quot;,&quot;created_timestamp&quot;:&quot;0&quot;,&quot;copyright&quot;:&quot;&quot;,&quot;focal_length&quot;:&quot;0&quot;,&quot;iso&quot;:&quot;0&quot;,&quot;shutter_speed&quot;:&quot;0&quot;,&quot;title&quot;:&quot;&quot;,&quot;orientation&quot;:&quot;0&quot;}\" data-image-title=\"11079036_1055315414482451_5171667772910388278_o\" data-image-description=\"\" data-image-caption=\"&lt;p&gt;fot. Artur Grybek&lt;\/p&gt;\n\" data-medium-file=\"http:\/\/www.gdansk.baptysci.pl\/wp-content\/uploads\/2015\/02\/11079036_1055315414482451_5171667772910388278_o-199x300.jpg\" data-large-file=\"http:\/\/www.gdansk.baptysci.pl\/wp-content\/uploads\/2015\/02\/11079036_1055315414482451_5171667772910388278_o-680x1024.jpg\" decoding=\"async\" data-attachment-id=\"1282\" data-permalink=\"http:\/\/www.gdansk.baptysci.pl\/index.php\/2015\/03\/15\/chrzest-wiary\/11079036_1055315414482451_5171667772910388278_o\/\" data-orig-file=\"http:\/\/www.gdansk.baptysci.pl\/wp-content\/uploads\/2015\/02\/11079036_1055315414482451_5171667772910388278_o.jpg\" data-orig-size=\"1359,2048\" data-comments-opened=\"1\" data-image-meta=\"{&quot;aperture&quot;:&quot;0&quot;,&quot;credit&quot;:&quot;Picasa&quot;,&quot;camera&quot;:&quot;&quot;,&quot;caption&quot;:&quot;&quot;,&quot;created_timestamp&quot;:&quot;0&quot;,&quot;copyright&quot;:&quot;&quot;,&quot;focal_length&quot;:&quot;0&quot;,&quot;iso&quot;:&quot;0&quot;,&quot;shutter_speed&quot;:&quot;0&quot;,&quot;title&quot;:&quot;&quot;,&quot;orientation&quot;:&quot;0&quot;}\" data-image-title=\"11079036_1055315414482451_5171667772910388278_o\" data-image-description=\"\" data-image-caption=\"&lt;p&gt;fot. Artur Grybek&lt;\/p&gt;\n\" data-medium-file=\"http:\/\/www.gdansk.baptysci.pl\/wp-content\/uploads\/2015\/02\/11079036_1055315414482451_5171667772910388278_o-199x300.jpg\" data-large-file=\"http:\/\/www.gdansk.baptysci.pl\/wp-content\/uploads\/2015\/02\/11079036_1055315414482451_5171667772910388278_o-680x1024.jpg\" srcset=\"https:\/\/i2.wp.com\/www.gdansk.baptysci.pl\/wp-content\/uploads\/2015\/02\/11079036_1055315414482451_5171667772910388278_o-680x1024.jpg?strip=info&#038;w=600 600w,https:\/\/i2.wp.com\/www.gdansk.baptysci.pl\/wp-content\/uploads\/2015\/02\/11079036_1055315414482451_5171667772910388278_o-680x1024.jpg?strip=info&#038;w=900 900w,https:\/\/i2.wp.com\/www.gdansk.baptysci.pl\/wp-content\/uploads\/2015\/02\/11079036_1055315414482451_5171667772910388278_o-680x1024.jpg?strip=info&#038;w=1200 1200w,https:\/\/i2.wp.com\/www.gdansk.baptysci.pl\/wp-content\/uploads\/2015\/02\/11079036_1055315414482451_5171667772910388278_o-680x1024.jpg?strip=info&#038;w=1359 1359w\" alt=\"\" data-height=\"2048\" data-id=\"1282\" data-link=\"http:\/\/www.gdansk.baptysci.pl\/index.php\/2015\/02\/22\/chrzest-wiary\/11079036_1055315414482451_5171667772910388278_o\/\" data-url=\"http:\/\/www.gdansk.baptysci.pl\/wp-content\/uploads\/2015\/02\/11079036_1055315414482451_5171667772910388278_o-680x1024.jpg\" data-width=\"1359\" src=\"https:\/\/i2.wp.com\/www.gdansk.baptysci.pl\/wp-content\/uploads\/2015\/02\/11079036_1055315414482451_5171667772910388278_o-680x1024.jpg\" data-amp-layout=\"responsive\"\/><\/figure><\/div><div class=\"tiled-gallery__col\" style=\"flex-basis:25.08248%\"><figure class=\"tiled-gallery__item\"><img data-attachment-id=\"1283\" data-permalink=\"http:\/\/www.gdansk.baptysci.pl\/index.php\/2015\/03\/15\/chrzest-wiary\/11079535_1055324091148250_8893141926523327200_o\/\" data-orig-file=\"http:\/\/www.gdansk.baptysci.pl\/wp-content\/uploads\/2015\/02\/11079535_1055324091148250_8893141926523327200_o.jpg\" data-orig-size=\"1363,2048\" data-comments-opened=\"1\" data-image-meta=\"{&quot;aperture&quot;:&quot;0&quot;,&quot;credit&quot;:&quot;Picasa&quot;,&quot;camera&quot;:&quot;&quot;,&quot;caption&quot;:&quot;&quot;,&quot;created_timestamp&quot;:&quot;0&quot;,&quot;copyright&quot;:&quot;&quot;,&quot;focal_length&quot;:&quot;0&quot;,&quot;iso&quot;:&quot;0&quot;,&quot;shutter_speed&quot;:&quot;0&quot;,&quot;title&quot;:&quot;&quot;,&quot;orientation&quot;:&quot;0&quot;}\" data-image-title=\"11079535_1055324091148250_8893141926523327200_o\" data-image-description=\"\" data-image-caption=\"&lt;p&gt;fot. Artur Grybek&lt;\/p&gt;\n\" data-medium-file=\"http:\/\/www.gdansk.baptysci.pl\/wp-content\/uploads\/2015\/02\/11079535_1055324091148250_8893141926523327200_o-200x300.jpg\" data-large-file=\"http:\/\/www.gdansk.baptysci.pl\/wp-content\/uploads\/2015\/02\/11079535_1055324091148250_8893141926523327200_o-682x1024.jpg\" data-attachment-id=\"1283\" data-permalink=\"http:\/\/www.gdansk.baptysci.pl\/index.php\/2015\/03\/15\/chrzest-wiary\/11079535_1055324091148250_8893141926523327200_o\/\" data-orig-file=\"http:\/\/www.gdansk.baptysci.pl\/wp-content\/uploads\/2015\/02\/11079535_1055324091148250_8893141926523327200_o.jpg\" data-orig-size=\"1363,2048\" data-comments-opened=\"1\" data-image-meta=\"{&quot;aperture&quot;:&quot;0&quot;,&quot;credit&quot;:&quot;Picasa&quot;,&quot;camera&quot;:&quot;&quot;,&quot;caption&quot;:&quot;&quot;,&quot;created_timestamp&quot;:&quot;0&quot;,&quot;copyright&quot;:&quot;&quot;,&quot;focal_length&quot;:&quot;0&quot;,&quot;iso&quot;:&quot;0&quot;,&quot;shutter_speed&quot;:&quot;0&quot;,&quot;title&quot;:&quot;&quot;,&quot;orientation&quot;:&quot;0&quot;}\" data-image-title=\"11079535_1055324091148250_8893141926523327200_o\" data-image-description=\"\" data-image-caption=\"&lt;p&gt;fot. Artur Grybek&lt;\/p&gt;\n\" data-medium-file=\"http:\/\/www.gdansk.baptysci.pl\/wp-content\/uploads\/2015\/02\/11079535_1055324091148250_8893141926523327200_o-200x300.jpg\" data-large-file=\"http:\/\/www.gdansk.baptysci.pl\/wp-content\/uploads\/2015\/02\/11079535_1055324091148250_8893141926523327200_o-682x1024.jpg\" decoding=\"async\" data-attachment-id=\"1283\" data-permalink=\"http:\/\/www.gdansk.baptysci.pl\/index.php\/2015\/03\/15\/chrzest-wiary\/11079535_1055324091148250_8893141926523327200_o\/\" data-orig-file=\"http:\/\/www.gdansk.baptysci.pl\/wp-content\/uploads\/2015\/02\/11079535_1055324091148250_8893141926523327200_o.jpg\" data-orig-size=\"1363,2048\" data-comments-opened=\"1\" data-image-meta=\"{&quot;aperture&quot;:&quot;0&quot;,&quot;credit&quot;:&quot;Picasa&quot;,&quot;camera&quot;:&quot;&quot;,&quot;caption&quot;:&quot;&quot;,&quot;created_timestamp&quot;:&quot;0&quot;,&quot;copyright&quot;:&quot;&quot;,&quot;focal_length&quot;:&quot;0&quot;,&quot;iso&quot;:&quot;0&quot;,&quot;shutter_speed&quot;:&quot;0&quot;,&quot;title&quot;:&quot;&quot;,&quot;orientation&quot;:&quot;0&quot;}\" data-image-title=\"11079535_1055324091148250_8893141926523327200_o\" data-image-description=\"\" data-image-caption=\"&lt;p&gt;fot. Artur Grybek&lt;\/p&gt;\n\" data-medium-file=\"http:\/\/www.gdansk.baptysci.pl\/wp-content\/uploads\/2015\/02\/11079535_1055324091148250_8893141926523327200_o-200x300.jpg\" data-large-file=\"http:\/\/www.gdansk.baptysci.pl\/wp-content\/uploads\/2015\/02\/11079535_1055324091148250_8893141926523327200_o-682x1024.jpg\" srcset=\"https:\/\/i2.wp.com\/www.gdansk.baptysci.pl\/wp-content\/uploads\/2015\/02\/11079535_1055324091148250_8893141926523327200_o-682x1024.jpg?strip=info&#038;w=600 600w,https:\/\/i2.wp.com\/www.gdansk.baptysci.pl\/wp-content\/uploads\/2015\/02\/11079535_1055324091148250_8893141926523327200_o-682x1024.jpg?strip=info&#038;w=900 900w,https:\/\/i2.wp.com\/www.gdansk.baptysci.pl\/wp-content\/uploads\/2015\/02\/11079535_1055324091148250_8893141926523327200_o-682x1024.jpg?strip=info&#038;w=1200 1200w,https:\/\/i2.wp.com\/www.gdansk.baptysci.pl\/wp-content\/uploads\/2015\/02\/11079535_1055324091148250_8893141926523327200_o-682x1024.jpg?strip=info&#038;w=1363 1363w\" alt=\"\" data-height=\"2048\" data-id=\"1283\" data-link=\"http:\/\/www.gdansk.baptysci.pl\/index.php\/2015\/02\/22\/chrzest-wiary\/11079535_1055324091148250_8893141926523327200_o\/\" data-url=\"http:\/\/www.gdansk.baptysci.pl\/wp-content\/uploads\/2015\/02\/11079535_1055324091148250_8893141926523327200_o-682x1024.jpg\" data-width=\"1363\" src=\"https:\/\/i2.wp.com\/www.gdansk.baptysci.pl\/wp-content\/uploads\/2015\/02\/11079535_1055324091148250_8893141926523327200_o-682x1024.jpg\" data-amp-layout=\"responsive\"\/><\/figure><\/div><div class=\"tiled-gallery__col\" style=\"flex-basis:24.95418%\"><figure class=\"tiled-gallery__item\"><img data-attachment-id=\"1284\" data-permalink=\"http:\/\/www.gdansk.baptysci.pl\/index.php\/2015\/03\/15\/chrzest-wiary\/11080283_1055312094482783_1714886920820513462_o\/\" data-orig-file=\"http:\/\/www.gdansk.baptysci.pl\/wp-content\/uploads\/2015\/02\/11080283_1055312094482783_1714886920820513462_o.jpg\" data-orig-size=\"1356,2048\" data-comments-opened=\"1\" data-image-meta=\"{&quot;aperture&quot;:&quot;0&quot;,&quot;credit&quot;:&quot;&quot;,&quot;camera&quot;:&quot;&quot;,&quot;caption&quot;:&quot;&quot;,&quot;created_timestamp&quot;:&quot;0&quot;,&quot;copyright&quot;:&quot;&quot;,&quot;focal_length&quot;:&quot;0&quot;,&quot;iso&quot;:&quot;0&quot;,&quot;shutter_speed&quot;:&quot;0&quot;,&quot;title&quot;:&quot;&quot;,&quot;orientation&quot;:&quot;0&quot;}\" data-image-title=\"11080283_1055312094482783_1714886920820513462_o\" data-image-description=\"\" data-image-caption=\"&lt;p&gt;fot. Artur Grybek&lt;\/p&gt;\n\" data-medium-file=\"http:\/\/www.gdansk.baptysci.pl\/wp-content\/uploads\/2015\/02\/11080283_1055312094482783_1714886920820513462_o-199x300.jpg\" data-large-file=\"http:\/\/www.gdansk.baptysci.pl\/wp-content\/uploads\/2015\/02\/11080283_1055312094482783_1714886920820513462_o-678x1024.jpg\" data-attachment-id=\"1284\" data-permalink=\"http:\/\/www.gdansk.baptysci.pl\/index.php\/2015\/03\/15\/chrzest-wiary\/11080283_1055312094482783_1714886920820513462_o\/\" data-orig-file=\"http:\/\/www.gdansk.baptysci.pl\/wp-content\/uploads\/2015\/02\/11080283_1055312094482783_1714886920820513462_o.jpg\" data-orig-size=\"1356,2048\" data-comments-opened=\"1\" data-image-meta=\"{&quot;aperture&quot;:&quot;0&quot;,&quot;credit&quot;:&quot;&quot;,&quot;camera&quot;:&quot;&quot;,&quot;caption&quot;:&quot;&quot;,&quot;created_timestamp&quot;:&quot;0&quot;,&quot;copyright&quot;:&quot;&quot;,&quot;focal_length&quot;:&quot;0&quot;,&quot;iso&quot;:&quot;0&quot;,&quot;shutter_speed&quot;:&quot;0&quot;,&quot;title&quot;:&quot;&quot;,&quot;orientation&quot;:&quot;0&quot;}\" data-image-title=\"11080283_1055312094482783_1714886920820513462_o\" data-image-description=\"\" data-image-caption=\"&lt;p&gt;fot. Artur Grybek&lt;\/p&gt;\n\" data-medium-file=\"http:\/\/www.gdansk.baptysci.pl\/wp-content\/uploads\/2015\/02\/11080283_1055312094482783_1714886920820513462_o-199x300.jpg\" data-large-file=\"http:\/\/www.gdansk.baptysci.pl\/wp-content\/uploads\/2015\/02\/11080283_1055312094482783_1714886920820513462_o-678x1024.jpg\" decoding=\"async\" data-attachment-id=\"1284\" data-permalink=\"http:\/\/www.gdansk.baptysci.pl\/index.php\/2015\/03\/15\/chrzest-wiary\/11080283_1055312094482783_1714886920820513462_o\/\" data-orig-file=\"http:\/\/www.gdansk.baptysci.pl\/wp-content\/uploads\/2015\/02\/11080283_1055312094482783_1714886920820513462_o.jpg\" data-orig-size=\"1356,2048\" data-comments-opened=\"1\" data-image-meta=\"{&quot;aperture&quot;:&quot;0&quot;,&quot;credit&quot;:&quot;&quot;,&quot;camera&quot;:&quot;&quot;,&quot;caption&quot;:&quot;&quot;,&quot;created_timestamp&quot;:&quot;0&quot;,&quot;copyright&quot;:&quot;&quot;,&quot;focal_length&quot;:&quot;0&quot;,&quot;iso&quot;:&quot;0&quot;,&quot;shutter_speed&quot;:&quot;0&quot;,&quot;title&quot;:&quot;&quot;,&quot;orientation&quot;:&quot;0&quot;}\" data-image-title=\"11080283_1055312094482783_1714886920820513462_o\" data-image-description=\"\" data-image-caption=\"&lt;p&gt;fot. Artur Grybek&lt;\/p&gt;\n\" data-medium-file=\"http:\/\/www.gdansk.baptysci.pl\/wp-content\/uploads\/2015\/02\/11080283_1055312094482783_1714886920820513462_o-199x300.jpg\" data-large-file=\"http:\/\/www.gdansk.baptysci.pl\/wp-content\/uploads\/2015\/02\/11080283_1055312094482783_1714886920820513462_o-678x1024.jpg\" srcset=\"https:\/\/i1.wp.com\/www.gdansk.baptysci.pl\/wp-content\/uploads\/2015\/02\/11080283_1055312094482783_1714886920820513462_o-678x1024.jpg?strip=info&#038;w=600 600w,https:\/\/i1.wp.com\/www.gdansk.baptysci.pl\/wp-content\/uploads\/2015\/02\/11080283_1055312094482783_1714886920820513462_o-678x1024.jpg?strip=info&#038;w=900 900w,https:\/\/i1.wp.com\/www.gdansk.baptysci.pl\/wp-content\/uploads\/2015\/02\/11080283_1055312094482783_1714886920820513462_o-678x1024.jpg?strip=info&#038;w=1200 1200w,https:\/\/i1.wp.com\/www.gdansk.baptysci.pl\/wp-content\/uploads\/2015\/02\/11080283_1055312094482783_1714886920820513462_o-678x1024.jpg?strip=info&#038;w=1356 1356w\" alt=\"\" data-height=\"2048\" data-id=\"1284\" data-link=\"http:\/\/www.gdansk.baptysci.pl\/index.php\/2015\/02\/22\/chrzest-wiary\/11080283_1055312094482783_1714886920820513462_o\/\" data-url=\"http:\/\/www.gdansk.baptysci.pl\/wp-content\/uploads\/2015\/02\/11080283_1055312094482783_1714886920820513462_o-678x1024.jpg\" data-width=\"1356\" src=\"https:\/\/i1.wp.com\/www.gdansk.baptysci.pl\/wp-content\/uploads\/2015\/02\/11080283_1055312094482783_1714886920820513462_o-678x1024.jpg\" data-amp-layout=\"responsive\"\/><\/figure><\/div><div class=\"tiled-gallery__col\" style=\"flex-basis:24.95418%\"><figure class=\"tiled-gallery__item\"><img data-attachment-id=\"1285\" data-permalink=\"http:\/\/www.gdansk.baptysci.pl\/index.php\/2015\/03\/15\/chrzest-wiary\/11080298_1055309681149691_2663607391117142106_o\/\" data-orig-file=\"http:\/\/www.gdansk.baptysci.pl\/wp-content\/uploads\/2015\/02\/11080298_1055309681149691_2663607391117142106_o.jpg\" data-orig-size=\"1356,2048\" data-comments-opened=\"1\" data-image-meta=\"{&quot;aperture&quot;:&quot;0&quot;,&quot;credit&quot;:&quot;&quot;,&quot;camera&quot;:&quot;&quot;,&quot;caption&quot;:&quot;&quot;,&quot;created_timestamp&quot;:&quot;0&quot;,&quot;copyright&quot;:&quot;&quot;,&quot;focal_length&quot;:&quot;0&quot;,&quot;iso&quot;:&quot;0&quot;,&quot;shutter_speed&quot;:&quot;0&quot;,&quot;title&quot;:&quot;&quot;,&quot;orientation&quot;:&quot;0&quot;}\" data-image-title=\"11080298_1055309681149691_2663607391117142106_o\" data-image-description=\"\" data-image-caption=\"&lt;p&gt;fot. Artur Grybek&lt;\/p&gt;\n\" data-medium-file=\"http:\/\/www.gdansk.baptysci.pl\/wp-content\/uploads\/2015\/02\/11080298_1055309681149691_2663607391117142106_o-199x300.jpg\" data-large-file=\"http:\/\/www.gdansk.baptysci.pl\/wp-content\/uploads\/2015\/02\/11080298_1055309681149691_2663607391117142106_o-678x1024.jpg\" data-attachment-id=\"1285\" data-permalink=\"http:\/\/www.gdansk.baptysci.pl\/index.php\/2015\/03\/15\/chrzest-wiary\/11080298_1055309681149691_2663607391117142106_o\/\" data-orig-file=\"http:\/\/www.gdansk.baptysci.pl\/wp-content\/uploads\/2015\/02\/11080298_1055309681149691_2663607391117142106_o.jpg\" data-orig-size=\"1356,2048\" data-comments-opened=\"1\" data-image-meta=\"{&quot;aperture&quot;:&quot;0&quot;,&quot;credit&quot;:&quot;&quot;,&quot;camera&quot;:&quot;&quot;,&quot;caption&quot;:&quot;&quot;,&quot;created_timestamp&quot;:&quot;0&quot;,&quot;copyright&quot;:&quot;&quot;,&quot;focal_length&quot;:&quot;0&quot;,&quot;iso&quot;:&quot;0&quot;,&quot;shutter_speed&quot;:&quot;0&quot;,&quot;title&quot;:&quot;&quot;,&quot;orientation&quot;:&quot;0&quot;}\" data-image-title=\"11080298_1055309681149691_2663607391117142106_o\" data-image-description=\"\" data-image-caption=\"&lt;p&gt;fot. Artur Grybek&lt;\/p&gt;\n\" data-medium-file=\"http:\/\/www.gdansk.baptysci.pl\/wp-content\/uploads\/2015\/02\/11080298_1055309681149691_2663607391117142106_o-199x300.jpg\" data-large-file=\"http:\/\/www.gdansk.baptysci.pl\/wp-content\/uploads\/2015\/02\/11080298_1055309681149691_2663607391117142106_o-678x1024.jpg\" decoding=\"async\" data-attachment-id=\"1285\" data-permalink=\"http:\/\/www.gdansk.baptysci.pl\/index.php\/2015\/03\/15\/chrzest-wiary\/11080298_1055309681149691_2663607391117142106_o\/\" data-orig-file=\"http:\/\/www.gdansk.baptysci.pl\/wp-content\/uploads\/2015\/02\/11080298_1055309681149691_2663607391117142106_o.jpg\" data-orig-size=\"1356,2048\" data-comments-opened=\"1\" data-image-meta=\"{&quot;aperture&quot;:&quot;0&quot;,&quot;credit&quot;:&quot;&quot;,&quot;camera&quot;:&quot;&quot;,&quot;caption&quot;:&quot;&quot;,&quot;created_timestamp&quot;:&quot;0&quot;,&quot;copyright&quot;:&quot;&quot;,&quot;focal_length&quot;:&quot;0&quot;,&quot;iso&quot;:&quot;0&quot;,&quot;shutter_speed&quot;:&quot;0&quot;,&quot;title&quot;:&quot;&quot;,&quot;orientation&quot;:&quot;0&quot;}\" data-image-title=\"11080298_1055309681149691_2663607391117142106_o\" data-image-description=\"\" data-image-caption=\"&lt;p&gt;fot. Artur Grybek&lt;\/p&gt;\n\" data-medium-file=\"http:\/\/www.gdansk.baptysci.pl\/wp-content\/uploads\/2015\/02\/11080298_1055309681149691_2663607391117142106_o-199x300.jpg\" data-large-file=\"http:\/\/www.gdansk.baptysci.pl\/wp-content\/uploads\/2015\/02\/11080298_1055309681149691_2663607391117142106_o-678x1024.jpg\" srcset=\"https:\/\/i0.wp.com\/www.gdansk.baptysci.pl\/wp-content\/uploads\/2015\/02\/11080298_1055309681149691_2663607391117142106_o-678x1024.jpg?strip=info&#038;w=600 600w,https:\/\/i0.wp.com\/www.gdansk.baptysci.pl\/wp-content\/uploads\/2015\/02\/11080298_1055309681149691_2663607391117142106_o-678x1024.jpg?strip=info&#038;w=900 900w,https:\/\/i0.wp.com\/www.gdansk.baptysci.pl\/wp-content\/uploads\/2015\/02\/11080298_1055309681149691_2663607391117142106_o-678x1024.jpg?strip=info&#038;w=1200 1200w,https:\/\/i0.wp.com\/www.gdansk.baptysci.pl\/wp-content\/uploads\/2015\/02\/11080298_1055309681149691_2663607391117142106_o-678x1024.jpg?strip=info&#038;w=1356 1356w\" alt=\"\" data-height=\"2048\" data-id=\"1285\" data-link=\"http:\/\/www.gdansk.baptysci.pl\/index.php\/2015\/02\/22\/chrzest-wiary\/11080298_1055309681149691_2663607391117142106_o\/\" data-url=\"http:\/\/www.gdansk.baptysci.pl\/wp-content\/uploads\/2015\/02\/11080298_1055309681149691_2663607391117142106_o-678x1024.jpg\" data-width=\"1356\" src=\"https:\/\/i0.wp.com\/www.gdansk.baptysci.pl\/wp-content\/uploads\/2015\/02\/11080298_1055309681149691_2663607391117142106_o-678x1024.jpg\" data-amp-layout=\"responsive\"\/><\/figure><\/div><\/div><div class=\"tiled-gallery__row\"><div class=\"tiled-gallery__col\" style=\"flex-basis:33.33333%\"><figure class=\"tiled-gallery__item\"><img data-attachment-id=\"1286\" data-permalink=\"http:\/\/www.gdansk.baptysci.pl\/index.php\/2015\/03\/15\/chrzest-wiary\/11080329_1055309561149703_476530148307486110_o\/\" data-orig-file=\"http:\/\/www.gdansk.baptysci.pl\/wp-content\/uploads\/2015\/02\/11080329_1055309561149703_476530148307486110_o.jpg\" data-orig-size=\"1356,2048\" data-comments-opened=\"1\" data-image-meta=\"{&quot;aperture&quot;:&quot;0&quot;,&quot;credit&quot;:&quot;&quot;,&quot;camera&quot;:&quot;&quot;,&quot;caption&quot;:&quot;&quot;,&quot;created_timestamp&quot;:&quot;0&quot;,&quot;copyright&quot;:&quot;&quot;,&quot;focal_length&quot;:&quot;0&quot;,&quot;iso&quot;:&quot;0&quot;,&quot;shutter_speed&quot;:&quot;0&quot;,&quot;title&quot;:&quot;&quot;,&quot;orientation&quot;:&quot;0&quot;}\" data-image-title=\"IMG_034\" data-image-description=\"\" data-image-caption=\"&lt;p&gt;fot. Artur Grybek&lt;\/p&gt;\n\" data-medium-file=\"http:\/\/www.gdansk.baptysci.pl\/wp-content\/uploads\/2015\/02\/11080329_1055309561149703_476530148307486110_o-199x300.jpg\" data-large-file=\"http:\/\/www.gdansk.baptysci.pl\/wp-content\/uploads\/2015\/02\/11080329_1055309561149703_476530148307486110_o-678x1024.jpg\" data-attachment-id=\"1286\" data-permalink=\"http:\/\/www.gdansk.baptysci.pl\/index.php\/2015\/03\/15\/chrzest-wiary\/11080329_1055309561149703_476530148307486110_o\/\" data-orig-file=\"http:\/\/www.gdansk.baptysci.pl\/wp-content\/uploads\/2015\/02\/11080329_1055309561149703_476530148307486110_o.jpg\" data-orig-size=\"1356,2048\" data-comments-opened=\"1\" data-image-meta=\"{&quot;aperture&quot;:&quot;0&quot;,&quot;credit&quot;:&quot;&quot;,&quot;camera&quot;:&quot;&quot;,&quot;caption&quot;:&quot;&quot;,&quot;created_timestamp&quot;:&quot;0&quot;,&quot;copyright&quot;:&quot;&quot;,&quot;focal_length&quot;:&quot;0&quot;,&quot;iso&quot;:&quot;0&quot;,&quot;shutter_speed&quot;:&quot;0&quot;,&quot;title&quot;:&quot;&quot;,&quot;orientation&quot;:&quot;0&quot;}\" data-image-title=\"IMG_034\" data-image-description=\"\" data-image-caption=\"&lt;p&gt;fot. Artur Grybek&lt;\/p&gt;\n\" data-medium-file=\"http:\/\/www.gdansk.baptysci.pl\/wp-content\/uploads\/2015\/02\/11080329_1055309561149703_476530148307486110_o-199x300.jpg\" data-large-file=\"http:\/\/www.gdansk.baptysci.pl\/wp-content\/uploads\/2015\/02\/11080329_1055309561149703_476530148307486110_o-678x1024.jpg\" decoding=\"async\" data-attachment-id=\"1286\" data-permalink=\"http:\/\/www.gdansk.baptysci.pl\/index.php\/2015\/03\/15\/chrzest-wiary\/11080329_1055309561149703_476530148307486110_o\/\" data-orig-file=\"http:\/\/www.gdansk.baptysci.pl\/wp-content\/uploads\/2015\/02\/11080329_1055309561149703_476530148307486110_o.jpg\" data-orig-size=\"1356,2048\" data-comments-opened=\"1\" data-image-meta=\"{&quot;aperture&quot;:&quot;0&quot;,&quot;credit&quot;:&quot;&quot;,&quot;camera&quot;:&quot;&quot;,&quot;caption&quot;:&quot;&quot;,&quot;created_timestamp&quot;:&quot;0&quot;,&quot;copyright&quot;:&quot;&quot;,&quot;focal_length&quot;:&quot;0&quot;,&quot;iso&quot;:&quot;0&quot;,&quot;shutter_speed&quot;:&quot;0&quot;,&quot;title&quot;:&quot;&quot;,&quot;orientation&quot;:&quot;0&quot;}\" data-image-title=\"IMG_034\" data-image-description=\"\" data-image-caption=\"&lt;p&gt;fot. Artur Grybek&lt;\/p&gt;\n\" data-medium-file=\"http:\/\/www.gdansk.baptysci.pl\/wp-content\/uploads\/2015\/02\/11080329_1055309561149703_476530148307486110_o-199x300.jpg\" data-large-file=\"http:\/\/www.gdansk.baptysci.pl\/wp-content\/uploads\/2015\/02\/11080329_1055309561149703_476530148307486110_o-678x1024.jpg\" srcset=\"https:\/\/i2.wp.com\/www.gdansk.baptysci.pl\/wp-content\/uploads\/2015\/02\/11080329_1055309561149703_476530148307486110_o-678x1024.jpg?strip=info&#038;w=600 600w,https:\/\/i2.wp.com\/www.gdansk.baptysci.pl\/wp-content\/uploads\/2015\/02\/11080329_1055309561149703_476530148307486110_o-678x1024.jpg?strip=info&#038;w=900 900w,https:\/\/i2.wp.com\/www.gdansk.baptysci.pl\/wp-content\/uploads\/2015\/02\/11080329_1055309561149703_476530148307486110_o-678x1024.jpg?strip=info&#038;w=1200 1200w,https:\/\/i2.wp.com\/www.gdansk.baptysci.pl\/wp-content\/uploads\/2015\/02\/11080329_1055309561149703_476530148307486110_o-678x1024.jpg?strip=info&#038;w=1356 1356w\" alt=\"\" data-height=\"2048\" data-id=\"1286\" data-link=\"http:\/\/www.gdansk.baptysci.pl\/index.php\/2015\/02\/22\/chrzest-wiary\/11080329_1055309561149703_476530148307486110_o\/\" data-url=\"http:\/\/www.gdansk.baptysci.pl\/wp-content\/uploads\/2015\/02\/11080329_1055309561149703_476530148307486110_o-678x1024.jpg\" data-width=\"1356\" src=\"https:\/\/i2.wp.com\/www.gdansk.baptysci.pl\/wp-content\/uploads\/2015\/02\/11080329_1055309561149703_476530148307486110_o-678x1024.jpg\" data-amp-layout=\"responsive\"\/><\/figure><\/div><div class=\"tiled-gallery__col\" style=\"flex-basis:33.33333%\"><figure class=\"tiled-gallery__item\"><img data-attachment-id=\"1287\" data-permalink=\"http:\/\/www.gdansk.baptysci.pl\/index.php\/2015\/03\/15\/chrzest-wiary\/11080399_1055312047816121_4846360414331509882_o\/\" data-orig-file=\"http:\/\/www.gdansk.baptysci.pl\/wp-content\/uploads\/2015\/02\/11080399_1055312047816121_4846360414331509882_o.jpg\" data-orig-size=\"1356,2048\" data-comments-opened=\"1\" data-image-meta=\"{&quot;aperture&quot;:&quot;0&quot;,&quot;credit&quot;:&quot;&quot;,&quot;camera&quot;:&quot;&quot;,&quot;caption&quot;:&quot;&quot;,&quot;created_timestamp&quot;:&quot;0&quot;,&quot;copyright&quot;:&quot;&quot;,&quot;focal_length&quot;:&quot;0&quot;,&quot;iso&quot;:&quot;0&quot;,&quot;shutter_speed&quot;:&quot;0&quot;,&quot;title&quot;:&quot;&quot;,&quot;orientation&quot;:&quot;0&quot;}\" data-image-title=\"IMG_033\" data-image-description=\"\" data-image-caption=\"&lt;p&gt;fot. Artur Grybek&lt;\/p&gt;\n\" data-medium-file=\"http:\/\/www.gdansk.baptysci.pl\/wp-content\/uploads\/2015\/02\/11080399_1055312047816121_4846360414331509882_o-199x300.jpg\" data-large-file=\"http:\/\/www.gdansk.baptysci.pl\/wp-content\/uploads\/2015\/02\/11080399_1055312047816121_4846360414331509882_o-678x1024.jpg\" data-attachment-id=\"1287\" data-permalink=\"http:\/\/www.gdansk.baptysci.pl\/index.php\/2015\/03\/15\/chrzest-wiary\/11080399_1055312047816121_4846360414331509882_o\/\" data-orig-file=\"http:\/\/www.gdansk.baptysci.pl\/wp-content\/uploads\/2015\/02\/11080399_1055312047816121_4846360414331509882_o.jpg\" data-orig-size=\"1356,2048\" data-comments-opened=\"1\" data-image-meta=\"{&quot;aperture&quot;:&quot;0&quot;,&quot;credit&quot;:&quot;&quot;,&quot;camera&quot;:&quot;&quot;,&quot;caption&quot;:&quot;&quot;,&quot;created_timestamp&quot;:&quot;0&quot;,&quot;copyright&quot;:&quot;&quot;,&quot;focal_length&quot;:&quot;0&quot;,&quot;iso&quot;:&quot;0&quot;,&quot;shutter_speed&quot;:&quot;0&quot;,&quot;title&quot;:&quot;&quot;,&quot;orientation&quot;:&quot;0&quot;}\" data-image-title=\"IMG_033\" data-image-description=\"\" data-image-caption=\"&lt;p&gt;fot. Artur Grybek&lt;\/p&gt;\n\" data-medium-file=\"http:\/\/www.gdansk.baptysci.pl\/wp-content\/uploads\/2015\/02\/11080399_1055312047816121_4846360414331509882_o-199x300.jpg\" data-large-file=\"http:\/\/www.gdansk.baptysci.pl\/wp-content\/uploads\/2015\/02\/11080399_1055312047816121_4846360414331509882_o-678x1024.jpg\" decoding=\"async\" data-attachment-id=\"1287\" data-permalink=\"http:\/\/www.gdansk.baptysci.pl\/index.php\/2015\/03\/15\/chrzest-wiary\/11080399_1055312047816121_4846360414331509882_o\/\" data-orig-file=\"http:\/\/www.gdansk.baptysci.pl\/wp-content\/uploads\/2015\/02\/11080399_1055312047816121_4846360414331509882_o.jpg\" data-orig-size=\"1356,2048\" data-comments-opened=\"1\" data-image-meta=\"{&quot;aperture&quot;:&quot;0&quot;,&quot;credit&quot;:&quot;&quot;,&quot;camera&quot;:&quot;&quot;,&quot;caption&quot;:&quot;&quot;,&quot;created_timestamp&quot;:&quot;0&quot;,&quot;copyright&quot;:&quot;&quot;,&quot;focal_length&quot;:&quot;0&quot;,&quot;iso&quot;:&quot;0&quot;,&quot;shutter_speed&quot;:&quot;0&quot;,&quot;title&quot;:&quot;&quot;,&quot;orientation&quot;:&quot;0&quot;}\" data-image-title=\"IMG_033\" data-image-description=\"\" data-image-caption=\"&lt;p&gt;fot. Artur Grybek&lt;\/p&gt;\n\" data-medium-file=\"http:\/\/www.gdansk.baptysci.pl\/wp-content\/uploads\/2015\/02\/11080399_1055312047816121_4846360414331509882_o-199x300.jpg\" data-large-file=\"http:\/\/www.gdansk.baptysci.pl\/wp-content\/uploads\/2015\/02\/11080399_1055312047816121_4846360414331509882_o-678x1024.jpg\" srcset=\"https:\/\/i2.wp.com\/www.gdansk.baptysci.pl\/wp-content\/uploads\/2015\/02\/11080399_1055312047816121_4846360414331509882_o-678x1024.jpg?strip=info&#038;w=600 600w,https:\/\/i2.wp.com\/www.gdansk.baptysci.pl\/wp-content\/uploads\/2015\/02\/11080399_1055312047816121_4846360414331509882_o-678x1024.jpg?strip=info&#038;w=900 900w,https:\/\/i2.wp.com\/www.gdansk.baptysci.pl\/wp-content\/uploads\/2015\/02\/11080399_1055312047816121_4846360414331509882_o-678x1024.jpg?strip=info&#038;w=1200 1200w,https:\/\/i2.wp.com\/www.gdansk.baptysci.pl\/wp-content\/uploads\/2015\/02\/11080399_1055312047816121_4846360414331509882_o-678x1024.jpg?strip=info&#038;w=1356 1356w\" alt=\"\" data-height=\"2048\" data-id=\"1287\" data-link=\"http:\/\/www.gdansk.baptysci.pl\/index.php\/2015\/02\/22\/chrzest-wiary\/11080399_1055312047816121_4846360414331509882_o\/\" data-url=\"http:\/\/www.gdansk.baptysci.pl\/wp-content\/uploads\/2015\/02\/11080399_1055312047816121_4846360414331509882_o-678x1024.jpg\" data-width=\"1356\" src=\"https:\/\/i2.wp.com\/www.gdansk.baptysci.pl\/wp-content\/uploads\/2015\/02\/11080399_1055312047816121_4846360414331509882_o-678x1024.jpg\" data-amp-layout=\"responsive\"\/><\/figure><\/div><div class=\"tiled-gallery__col\" style=\"flex-basis:33.33333%\"><figure class=\"tiled-gallery__item\"><img data-attachment-id=\"1289\" data-permalink=\"http:\/\/www.gdansk.baptysci.pl\/index.php\/2015\/03\/15\/chrzest-wiary\/11080510_1055309447816381_1707762383890317752_o\/\" data-orig-file=\"http:\/\/www.gdansk.baptysci.pl\/wp-content\/uploads\/2015\/02\/11080510_1055309447816381_1707762383890317752_o.jpg\" data-orig-size=\"1356,2048\" data-comments-opened=\"1\" data-image-meta=\"{&quot;aperture&quot;:&quot;0&quot;,&quot;credit&quot;:&quot;&quot;,&quot;camera&quot;:&quot;&quot;,&quot;caption&quot;:&quot;&quot;,&quot;created_timestamp&quot;:&quot;0&quot;,&quot;copyright&quot;:&quot;&quot;,&quot;focal_length&quot;:&quot;0&quot;,&quot;iso&quot;:&quot;0&quot;,&quot;shutter_speed&quot;:&quot;0&quot;,&quot;title&quot;:&quot;&quot;,&quot;orientation&quot;:&quot;0&quot;}\" data-image-title=\"IMG_032\" data-image-description=\"\" data-image-caption=\"&lt;p&gt;fot. Artur Grybek&lt;\/p&gt;\n\" data-medium-file=\"http:\/\/www.gdansk.baptysci.pl\/wp-content\/uploads\/2015\/02\/11080510_1055309447816381_1707762383890317752_o-199x300.jpg\" data-large-file=\"http:\/\/www.gdansk.baptysci.pl\/wp-content\/uploads\/2015\/02\/11080510_1055309447816381_1707762383890317752_o-678x1024.jpg\" data-attachment-id=\"1289\" data-permalink=\"http:\/\/www.gdansk.baptysci.pl\/index.php\/2015\/03\/15\/chrzest-wiary\/11080510_1055309447816381_1707762383890317752_o\/\" data-orig-file=\"http:\/\/www.gdansk.baptysci.pl\/wp-content\/uploads\/2015\/02\/11080510_1055309447816381_1707762383890317752_o.jpg\" data-orig-size=\"1356,2048\" data-comments-opened=\"1\" data-image-meta=\"{&quot;aperture&quot;:&quot;0&quot;,&quot;credit&quot;:&quot;&quot;,&quot;camera&quot;:&quot;&quot;,&quot;caption&quot;:&quot;&quot;,&quot;created_timestamp&quot;:&quot;0&quot;,&quot;copyright&quot;:&quot;&quot;,&quot;focal_length&quot;:&quot;0&quot;,&quot;iso&quot;:&quot;0&quot;,&quot;shutter_speed&quot;:&quot;0&quot;,&quot;title&quot;:&quot;&quot;,&quot;orientation&quot;:&quot;0&quot;}\" data-image-title=\"IMG_032\" data-image-description=\"\" data-image-caption=\"&lt;p&gt;fot. Artur Grybek&lt;\/p&gt;\n\" data-medium-file=\"http:\/\/www.gdansk.baptysci.pl\/wp-content\/uploads\/2015\/02\/11080510_1055309447816381_1707762383890317752_o-199x300.jpg\" data-large-file=\"http:\/\/www.gdansk.baptysci.pl\/wp-content\/uploads\/2015\/02\/11080510_1055309447816381_1707762383890317752_o-678x1024.jpg\" decoding=\"async\" data-attachment-id=\"1289\" data-permalink=\"http:\/\/www.gdansk.baptysci.pl\/index.php\/2015\/03\/15\/chrzest-wiary\/11080510_1055309447816381_1707762383890317752_o\/\" data-orig-file=\"http:\/\/www.gdansk.baptysci.pl\/wp-content\/uploads\/2015\/02\/11080510_1055309447816381_1707762383890317752_o.jpg\" data-orig-size=\"1356,2048\" data-comments-opened=\"1\" data-image-meta=\"{&quot;aperture&quot;:&quot;0&quot;,&quot;credit&quot;:&quot;&quot;,&quot;camera&quot;:&quot;&quot;,&quot;caption&quot;:&quot;&quot;,&quot;created_timestamp&quot;:&quot;0&quot;,&quot;copyright&quot;:&quot;&quot;,&quot;focal_length&quot;:&quot;0&quot;,&quot;iso&quot;:&quot;0&quot;,&quot;shutter_speed&quot;:&quot;0&quot;,&quot;title&quot;:&quot;&quot;,&quot;orientation&quot;:&quot;0&quot;}\" data-image-title=\"IMG_032\" data-image-description=\"\" data-image-caption=\"&lt;p&gt;fot. Artur Grybek&lt;\/p&gt;\n\" data-medium-file=\"http:\/\/www.gdansk.baptysci.pl\/wp-content\/uploads\/2015\/02\/11080510_1055309447816381_1707762383890317752_o-199x300.jpg\" data-large-file=\"http:\/\/www.gdansk.baptysci.pl\/wp-content\/uploads\/2015\/02\/11080510_1055309447816381_1707762383890317752_o-678x1024.jpg\" srcset=\"https:\/\/i2.wp.com\/www.gdansk.baptysci.pl\/wp-content\/uploads\/2015\/02\/11080510_1055309447816381_1707762383890317752_o-678x1024.jpg?strip=info&#038;w=600 600w,https:\/\/i2.wp.com\/www.gdansk.baptysci.pl\/wp-content\/uploads\/2015\/02\/11080510_1055309447816381_1707762383890317752_o-678x1024.jpg?strip=info&#038;w=900 900w,https:\/\/i2.wp.com\/www.gdansk.baptysci.pl\/wp-content\/uploads\/2015\/02\/11080510_1055309447816381_1707762383890317752_o-678x1024.jpg?strip=info&#038;w=1200 1200w,https:\/\/i2.wp.com\/www.gdansk.baptysci.pl\/wp-content\/uploads\/2015\/02\/11080510_1055309447816381_1707762383890317752_o-678x1024.jpg?strip=info&#038;w=1356 1356w\" alt=\"\" data-height=\"2048\" data-id=\"1289\" data-link=\"http:\/\/www.gdansk.baptysci.pl\/index.php\/2015\/02\/22\/chrzest-wiary\/11080510_1055309447816381_1707762383890317752_o\/\" data-url=\"http:\/\/www.gdansk.baptysci.pl\/wp-content\/uploads\/2015\/02\/11080510_1055309447816381_1707762383890317752_o-678x1024.jpg\" data-width=\"1356\" src=\"https:\/\/i2.wp.com\/www.gdansk.baptysci.pl\/wp-content\/uploads\/2015\/02\/11080510_1055309447816381_1707762383890317752_o-678x1024.jpg\" data-amp-layout=\"responsive\"\/><\/figure><\/div><\/div><div class=\"tiled-gallery__row\"><div class=\"tiled-gallery__col\" style=\"flex-basis:25.06850%\"><figure class=\"tiled-gallery__item\"><img data-attachment-id=\"1290\" data-permalink=\"http:\/\/www.gdansk.baptysci.pl\/index.php\/2015\/03\/15\/chrzest-wiary\/11080550_1055318241148835_3554019645925092346_o\/\" data-orig-file=\"http:\/\/www.gdansk.baptysci.pl\/wp-content\/uploads\/2015\/02\/11080550_1055318241148835_3554019645925092346_o.jpg\" data-orig-size=\"1367,2048\" data-comments-opened=\"1\" data-image-meta=\"{&quot;aperture&quot;:&quot;0&quot;,&quot;credit&quot;:&quot;Picasa&quot;,&quot;camera&quot;:&quot;&quot;,&quot;caption&quot;:&quot;&quot;,&quot;created_timestamp&quot;:&quot;0&quot;,&quot;copyright&quot;:&quot;&quot;,&quot;focal_length&quot;:&quot;0&quot;,&quot;iso&quot;:&quot;0&quot;,&quot;shutter_speed&quot;:&quot;0&quot;,&quot;title&quot;:&quot;&quot;,&quot;orientation&quot;:&quot;0&quot;}\" data-image-title=\"IMG_031\" data-image-description=\"\" data-image-caption=\"&lt;p&gt;fot. Artur Grybek&lt;\/p&gt;\n\" data-medium-file=\"http:\/\/www.gdansk.baptysci.pl\/wp-content\/uploads\/2015\/02\/11080550_1055318241148835_3554019645925092346_o-200x300.jpg\" data-large-file=\"http:\/\/www.gdansk.baptysci.pl\/wp-content\/uploads\/2015\/02\/11080550_1055318241148835_3554019645925092346_o-684x1024.jpg\" data-attachment-id=\"1290\" data-permalink=\"http:\/\/www.gdansk.baptysci.pl\/index.php\/2015\/03\/15\/chrzest-wiary\/11080550_1055318241148835_3554019645925092346_o\/\" data-orig-file=\"http:\/\/www.gdansk.baptysci.pl\/wp-content\/uploads\/2015\/02\/11080550_1055318241148835_3554019645925092346_o.jpg\" data-orig-size=\"1367,2048\" data-comments-opened=\"1\" data-image-meta=\"{&quot;aperture&quot;:&quot;0&quot;,&quot;credit&quot;:&quot;Picasa&quot;,&quot;camera&quot;:&quot;&quot;,&quot;caption&quot;:&quot;&quot;,&quot;created_timestamp&quot;:&quot;0&quot;,&quot;copyright&quot;:&quot;&quot;,&quot;focal_length&quot;:&quot;0&quot;,&quot;iso&quot;:&quot;0&quot;,&quot;shutter_speed&quot;:&quot;0&quot;,&quot;title&quot;:&quot;&quot;,&quot;orientation&quot;:&quot;0&quot;}\" data-image-title=\"IMG_031\" data-image-description=\"\" data-image-caption=\"&lt;p&gt;fot. Artur Grybek&lt;\/p&gt;\n\" data-medium-file=\"http:\/\/www.gdansk.baptysci.pl\/wp-content\/uploads\/2015\/02\/11080550_1055318241148835_3554019645925092346_o-200x300.jpg\" data-large-file=\"http:\/\/www.gdansk.baptysci.pl\/wp-content\/uploads\/2015\/02\/11080550_1055318241148835_3554019645925092346_o-684x1024.jpg\" decoding=\"async\" data-attachment-id=\"1290\" data-permalink=\"http:\/\/www.gdansk.baptysci.pl\/index.php\/2015\/03\/15\/chrzest-wiary\/11080550_1055318241148835_3554019645925092346_o\/\" data-orig-file=\"http:\/\/www.gdansk.baptysci.pl\/wp-content\/uploads\/2015\/02\/11080550_1055318241148835_3554019645925092346_o.jpg\" data-orig-size=\"1367,2048\" data-comments-opened=\"1\" data-image-meta=\"{&quot;aperture&quot;:&quot;0&quot;,&quot;credit&quot;:&quot;Picasa&quot;,&quot;camera&quot;:&quot;&quot;,&quot;caption&quot;:&quot;&quot;,&quot;created_timestamp&quot;:&quot;0&quot;,&quot;copyright&quot;:&quot;&quot;,&quot;focal_length&quot;:&quot;0&quot;,&quot;iso&quot;:&quot;0&quot;,&quot;shutter_speed&quot;:&quot;0&quot;,&quot;title&quot;:&quot;&quot;,&quot;orientation&quot;:&quot;0&quot;}\" data-image-title=\"IMG_031\" data-image-description=\"\" data-image-caption=\"&lt;p&gt;fot. Artur Grybek&lt;\/p&gt;\n\" data-medium-file=\"http:\/\/www.gdansk.baptysci.pl\/wp-content\/uploads\/2015\/02\/11080550_1055318241148835_3554019645925092346_o-200x300.jpg\" data-large-file=\"http:\/\/www.gdansk.baptysci.pl\/wp-content\/uploads\/2015\/02\/11080550_1055318241148835_3554019645925092346_o-684x1024.jpg\" srcset=\"https:\/\/i2.wp.com\/www.gdansk.baptysci.pl\/wp-content\/uploads\/2015\/02\/11080550_1055318241148835_3554019645925092346_o-684x1024.jpg?strip=info&#038;w=600 600w,https:\/\/i2.wp.com\/www.gdansk.baptysci.pl\/wp-content\/uploads\/2015\/02\/11080550_1055318241148835_3554019645925092346_o-684x1024.jpg?strip=info&#038;w=900 900w,https:\/\/i2.wp.com\/www.gdansk.baptysci.pl\/wp-content\/uploads\/2015\/02\/11080550_1055318241148835_3554019645925092346_o-684x1024.jpg?strip=info&#038;w=1200 1200w,https:\/\/i2.wp.com\/www.gdansk.baptysci.pl\/wp-content\/uploads\/2015\/02\/11080550_1055318241148835_3554019645925092346_o-684x1024.jpg?strip=info&#038;w=1367 1367w\" alt=\"\" data-height=\"2048\" data-id=\"1290\" data-link=\"http:\/\/www.gdansk.baptysci.pl\/index.php\/2015\/02\/22\/chrzest-wiary\/11080550_1055318241148835_3554019645925092346_o\/\" data-url=\"http:\/\/www.gdansk.baptysci.pl\/wp-content\/uploads\/2015\/02\/11080550_1055318241148835_3554019645925092346_o-684x1024.jpg\" data-width=\"1367\" src=\"https:\/\/i2.wp.com\/www.gdansk.baptysci.pl\/wp-content\/uploads\/2015\/02\/11080550_1055318241148835_3554019645925092346_o-684x1024.jpg\" data-amp-layout=\"responsive\"\/><\/figure><\/div><div class=\"tiled-gallery__col\" style=\"flex-basis:25.05023%\"><figure class=\"tiled-gallery__item\"><img data-attachment-id=\"1291\" data-permalink=\"http:\/\/www.gdansk.baptysci.pl\/index.php\/2015\/03\/15\/chrzest-wiary\/11080641_1055312494482743_1205166176497437226_o\/\" data-orig-file=\"http:\/\/www.gdansk.baptysci.pl\/wp-content\/uploads\/2015\/02\/11080641_1055312494482743_1205166176497437226_o.jpg\" data-orig-size=\"1366,2048\" data-comments-opened=\"1\" data-image-meta=\"{&quot;aperture&quot;:&quot;0&quot;,&quot;credit&quot;:&quot;Picasa&quot;,&quot;camera&quot;:&quot;&quot;,&quot;caption&quot;:&quot;&quot;,&quot;created_timestamp&quot;:&quot;0&quot;,&quot;copyright&quot;:&quot;&quot;,&quot;focal_length&quot;:&quot;0&quot;,&quot;iso&quot;:&quot;0&quot;,&quot;shutter_speed&quot;:&quot;0&quot;,&quot;title&quot;:&quot;&quot;,&quot;orientation&quot;:&quot;0&quot;}\" data-image-title=\"IMG_030\" data-image-description=\"\" data-image-caption=\"&lt;p&gt;fot. Artur Grybek&lt;\/p&gt;\n\" data-medium-file=\"http:\/\/www.gdansk.baptysci.pl\/wp-content\/uploads\/2015\/02\/11080641_1055312494482743_1205166176497437226_o-200x300.jpg\" data-large-file=\"http:\/\/www.gdansk.baptysci.pl\/wp-content\/uploads\/2015\/02\/11080641_1055312494482743_1205166176497437226_o-683x1024.jpg\" data-attachment-id=\"1291\" data-permalink=\"http:\/\/www.gdansk.baptysci.pl\/index.php\/2015\/03\/15\/chrzest-wiary\/11080641_1055312494482743_1205166176497437226_o\/\" data-orig-file=\"http:\/\/www.gdansk.baptysci.pl\/wp-content\/uploads\/2015\/02\/11080641_1055312494482743_1205166176497437226_o.jpg\" data-orig-size=\"1366,2048\" data-comments-opened=\"1\" data-image-meta=\"{&quot;aperture&quot;:&quot;0&quot;,&quot;credit&quot;:&quot;Picasa&quot;,&quot;camera&quot;:&quot;&quot;,&quot;caption&quot;:&quot;&quot;,&quot;created_timestamp&quot;:&quot;0&quot;,&quot;copyright&quot;:&quot;&quot;,&quot;focal_length&quot;:&quot;0&quot;,&quot;iso&quot;:&quot;0&quot;,&quot;shutter_speed&quot;:&quot;0&quot;,&quot;title&quot;:&quot;&quot;,&quot;orientation&quot;:&quot;0&quot;}\" data-image-title=\"IMG_030\" data-image-description=\"\" data-image-caption=\"&lt;p&gt;fot. Artur Grybek&lt;\/p&gt;\n\" data-medium-file=\"http:\/\/www.gdansk.baptysci.pl\/wp-content\/uploads\/2015\/02\/11080641_1055312494482743_1205166176497437226_o-200x300.jpg\" data-large-file=\"http:\/\/www.gdansk.baptysci.pl\/wp-content\/uploads\/2015\/02\/11080641_1055312494482743_1205166176497437226_o-683x1024.jpg\" decoding=\"async\" data-attachment-id=\"1291\" data-permalink=\"http:\/\/www.gdansk.baptysci.pl\/index.php\/2015\/03\/15\/chrzest-wiary\/11080641_1055312494482743_1205166176497437226_o\/\" data-orig-file=\"http:\/\/www.gdansk.baptysci.pl\/wp-content\/uploads\/2015\/02\/11080641_1055312494482743_1205166176497437226_o.jpg\" data-orig-size=\"1366,2048\" data-comments-opened=\"1\" data-image-meta=\"{&quot;aperture&quot;:&quot;0&quot;,&quot;credit&quot;:&quot;Picasa&quot;,&quot;camera&quot;:&quot;&quot;,&quot;caption&quot;:&quot;&quot;,&quot;created_timestamp&quot;:&quot;0&quot;,&quot;copyright&quot;:&quot;&quot;,&quot;focal_length&quot;:&quot;0&quot;,&quot;iso&quot;:&quot;0&quot;,&quot;shutter_speed&quot;:&quot;0&quot;,&quot;title&quot;:&quot;&quot;,&quot;orientation&quot;:&quot;0&quot;}\" data-image-title=\"IMG_030\" data-image-description=\"\" data-image-caption=\"&lt;p&gt;fot. Artur Grybek&lt;\/p&gt;\n\" data-medium-file=\"http:\/\/www.gdansk.baptysci.pl\/wp-content\/uploads\/2015\/02\/11080641_1055312494482743_1205166176497437226_o-200x300.jpg\" data-large-file=\"http:\/\/www.gdansk.baptysci.pl\/wp-content\/uploads\/2015\/02\/11080641_1055312494482743_1205166176497437226_o-683x1024.jpg\" srcset=\"https:\/\/i1.wp.com\/www.gdansk.baptysci.pl\/wp-content\/uploads\/2015\/02\/11080641_1055312494482743_1205166176497437226_o-683x1024.jpg?strip=info&#038;w=600 600w,https:\/\/i1.wp.com\/www.gdansk.baptysci.pl\/wp-content\/uploads\/2015\/02\/11080641_1055312494482743_1205166176497437226_o-683x1024.jpg?strip=info&#038;w=900 900w,https:\/\/i1.wp.com\/www.gdansk.baptysci.pl\/wp-content\/uploads\/2015\/02\/11080641_1055312494482743_1205166176497437226_o-683x1024.jpg?strip=info&#038;w=1200 1200w,https:\/\/i1.wp.com\/www.gdansk.baptysci.pl\/wp-content\/uploads\/2015\/02\/11080641_1055312494482743_1205166176497437226_o-683x1024.jpg?strip=info&#038;w=1366 1366w\" alt=\"\" data-height=\"2048\" data-id=\"1291\" data-link=\"http:\/\/www.gdansk.baptysci.pl\/index.php\/2015\/02\/22\/chrzest-wiary\/11080641_1055312494482743_1205166176497437226_o\/\" data-url=\"http:\/\/www.gdansk.baptysci.pl\/wp-content\/uploads\/2015\/02\/11080641_1055312494482743_1205166176497437226_o-683x1024.jpg\" data-width=\"1366\" src=\"https:\/\/i1.wp.com\/www.gdansk.baptysci.pl\/wp-content\/uploads\/2015\/02\/11080641_1055312494482743_1205166176497437226_o-683x1024.jpg\" data-amp-layout=\"responsive\"\/><\/figure><\/div><div class=\"tiled-gallery__col\" style=\"flex-basis:24.86757%\"><figure class=\"tiled-gallery__item\"><img data-attachment-id=\"1292\" data-permalink=\"http:\/\/www.gdansk.baptysci.pl\/index.php\/2015\/03\/15\/chrzest-wiary\/11080761_1055309311149728_6927885037844723514_o\/\" data-orig-file=\"http:\/\/www.gdansk.baptysci.pl\/wp-content\/uploads\/2015\/02\/11080761_1055309311149728_6927885037844723514_o.jpg\" data-orig-size=\"1356,2048\" data-comments-opened=\"1\" data-image-meta=\"{&quot;aperture&quot;:&quot;0&quot;,&quot;credit&quot;:&quot;&quot;,&quot;camera&quot;:&quot;&quot;,&quot;caption&quot;:&quot;&quot;,&quot;created_timestamp&quot;:&quot;0&quot;,&quot;copyright&quot;:&quot;&quot;,&quot;focal_length&quot;:&quot;0&quot;,&quot;iso&quot;:&quot;0&quot;,&quot;shutter_speed&quot;:&quot;0&quot;,&quot;title&quot;:&quot;&quot;,&quot;orientation&quot;:&quot;0&quot;}\" data-image-title=\"IMG_029\" data-image-description=\"\" data-image-caption=\"&lt;p&gt;fot. Artur Grybek&lt;\/p&gt;\n\" data-medium-file=\"http:\/\/www.gdansk.baptysci.pl\/wp-content\/uploads\/2015\/02\/11080761_1055309311149728_6927885037844723514_o-199x300.jpg\" data-large-file=\"http:\/\/www.gdansk.baptysci.pl\/wp-content\/uploads\/2015\/02\/11080761_1055309311149728_6927885037844723514_o-678x1024.jpg\" data-attachment-id=\"1292\" data-permalink=\"http:\/\/www.gdansk.baptysci.pl\/index.php\/2015\/03\/15\/chrzest-wiary\/11080761_1055309311149728_6927885037844723514_o\/\" data-orig-file=\"http:\/\/www.gdansk.baptysci.pl\/wp-content\/uploads\/2015\/02\/11080761_1055309311149728_6927885037844723514_o.jpg\" data-orig-size=\"1356,2048\" data-comments-opened=\"1\" data-image-meta=\"{&quot;aperture&quot;:&quot;0&quot;,&quot;credit&quot;:&quot;&quot;,&quot;camera&quot;:&quot;&quot;,&quot;caption&quot;:&quot;&quot;,&quot;created_timestamp&quot;:&quot;0&quot;,&quot;copyright&quot;:&quot;&quot;,&quot;focal_length&quot;:&quot;0&quot;,&quot;iso&quot;:&quot;0&quot;,&quot;shutter_speed&quot;:&quot;0&quot;,&quot;title&quot;:&quot;&quot;,&quot;orientation&quot;:&quot;0&quot;}\" data-image-title=\"IMG_029\" data-image-description=\"\" data-image-caption=\"&lt;p&gt;fot. Artur Grybek&lt;\/p&gt;\n\" data-medium-file=\"http:\/\/www.gdansk.baptysci.pl\/wp-content\/uploads\/2015\/02\/11080761_1055309311149728_6927885037844723514_o-199x300.jpg\" data-large-file=\"http:\/\/www.gdansk.baptysci.pl\/wp-content\/uploads\/2015\/02\/11080761_1055309311149728_6927885037844723514_o-678x1024.jpg\" decoding=\"async\" data-attachment-id=\"1292\" data-permalink=\"http:\/\/www.gdansk.baptysci.pl\/index.php\/2015\/03\/15\/chrzest-wiary\/11080761_1055309311149728_6927885037844723514_o\/\" data-orig-file=\"http:\/\/www.gdansk.baptysci.pl\/wp-content\/uploads\/2015\/02\/11080761_1055309311149728_6927885037844723514_o.jpg\" data-orig-size=\"1356,2048\" data-comments-opened=\"1\" data-image-meta=\"{&quot;aperture&quot;:&quot;0&quot;,&quot;credit&quot;:&quot;&quot;,&quot;camera&quot;:&quot;&quot;,&quot;caption&quot;:&quot;&quot;,&quot;created_timestamp&quot;:&quot;0&quot;,&quot;copyright&quot;:&quot;&quot;,&quot;focal_length&quot;:&quot;0&quot;,&quot;iso&quot;:&quot;0&quot;,&quot;shutter_speed&quot;:&quot;0&quot;,&quot;title&quot;:&quot;&quot;,&quot;orientation&quot;:&quot;0&quot;}\" data-image-title=\"IMG_029\" data-image-description=\"\" data-image-caption=\"&lt;p&gt;fot. Artur Grybek&lt;\/p&gt;\n\" data-medium-file=\"http:\/\/www.gdansk.baptysci.pl\/wp-content\/uploads\/2015\/02\/11080761_1055309311149728_6927885037844723514_o-199x300.jpg\" data-large-file=\"http:\/\/www.gdansk.baptysci.pl\/wp-content\/uploads\/2015\/02\/11080761_1055309311149728_6927885037844723514_o-678x1024.jpg\" srcset=\"https:\/\/i0.wp.com\/www.gdansk.baptysci.pl\/wp-content\/uploads\/2015\/02\/11080761_1055309311149728_6927885037844723514_o-678x1024.jpg?strip=info&#038;w=600 600w,https:\/\/i0.wp.com\/www.gdansk.baptysci.pl\/wp-content\/uploads\/2015\/02\/11080761_1055309311149728_6927885037844723514_o-678x1024.jpg?strip=info&#038;w=900 900w,https:\/\/i0.wp.com\/www.gdansk.baptysci.pl\/wp-content\/uploads\/2015\/02\/11080761_1055309311149728_6927885037844723514_o-678x1024.jpg?strip=info&#038;w=1200 1200w,https:\/\/i0.wp.com\/www.gdansk.baptysci.pl\/wp-content\/uploads\/2015\/02\/11080761_1055309311149728_6927885037844723514_o-678x1024.jpg?strip=info&#038;w=1356 1356w\" alt=\"\" data-height=\"2048\" data-id=\"1292\" data-link=\"http:\/\/www.gdansk.baptysci.pl\/index.php\/2015\/02\/22\/chrzest-wiary\/11080761_1055309311149728_6927885037844723514_o\/\" data-url=\"http:\/\/www.gdansk.baptysci.pl\/wp-content\/uploads\/2015\/02\/11080761_1055309311149728_6927885037844723514_o-678x1024.jpg\" data-width=\"1356\" src=\"https:\/\/i0.wp.com\/www.gdansk.baptysci.pl\/wp-content\/uploads\/2015\/02\/11080761_1055309311149728_6927885037844723514_o-678x1024.jpg\" data-amp-layout=\"responsive\"\/><\/figure><\/div><div class=\"tiled-gallery__col\" style=\"flex-basis:25.01370%\"><figure class=\"tiled-gallery__item\"><img data-attachment-id=\"1293\" data-permalink=\"http:\/\/www.gdansk.baptysci.pl\/index.php\/2015\/03\/15\/chrzest-wiary\/11080784_1055314134482579_7191723873849142911_o\/\" data-orig-file=\"http:\/\/www.gdansk.baptysci.pl\/wp-content\/uploads\/2015\/02\/11080784_1055314134482579_7191723873849142911_o.jpg\" data-orig-size=\"1364,2048\" data-comments-opened=\"1\" data-image-meta=\"{&quot;aperture&quot;:&quot;0&quot;,&quot;credit&quot;:&quot;Picasa&quot;,&quot;camera&quot;:&quot;&quot;,&quot;caption&quot;:&quot;&quot;,&quot;created_timestamp&quot;:&quot;0&quot;,&quot;copyright&quot;:&quot;&quot;,&quot;focal_length&quot;:&quot;0&quot;,&quot;iso&quot;:&quot;0&quot;,&quot;shutter_speed&quot;:&quot;0&quot;,&quot;title&quot;:&quot;&quot;,&quot;orientation&quot;:&quot;0&quot;}\" data-image-title=\"IMG_028\" data-image-description=\"\" data-image-caption=\"&lt;p&gt;fot. Artur Grybek&lt;\/p&gt;\n\" data-medium-file=\"http:\/\/www.gdansk.baptysci.pl\/wp-content\/uploads\/2015\/02\/11080784_1055314134482579_7191723873849142911_o-200x300.jpg\" data-large-file=\"http:\/\/www.gdansk.baptysci.pl\/wp-content\/uploads\/2015\/02\/11080784_1055314134482579_7191723873849142911_o-682x1024.jpg\" data-attachment-id=\"1293\" data-permalink=\"http:\/\/www.gdansk.baptysci.pl\/index.php\/2015\/03\/15\/chrzest-wiary\/11080784_1055314134482579_7191723873849142911_o\/\" data-orig-file=\"http:\/\/www.gdansk.baptysci.pl\/wp-content\/uploads\/2015\/02\/11080784_1055314134482579_7191723873849142911_o.jpg\" data-orig-size=\"1364,2048\" data-comments-opened=\"1\" data-image-meta=\"{&quot;aperture&quot;:&quot;0&quot;,&quot;credit&quot;:&quot;Picasa&quot;,&quot;camera&quot;:&quot;&quot;,&quot;caption&quot;:&quot;&quot;,&quot;created_timestamp&quot;:&quot;0&quot;,&quot;copyright&quot;:&quot;&quot;,&quot;focal_length&quot;:&quot;0&quot;,&quot;iso&quot;:&quot;0&quot;,&quot;shutter_speed&quot;:&quot;0&quot;,&quot;title&quot;:&quot;&quot;,&quot;orientation&quot;:&quot;0&quot;}\" data-image-title=\"IMG_028\" data-image-description=\"\" data-image-caption=\"&lt;p&gt;fot. Artur Grybek&lt;\/p&gt;\n\" data-medium-file=\"http:\/\/www.gdansk.baptysci.pl\/wp-content\/uploads\/2015\/02\/11080784_1055314134482579_7191723873849142911_o-200x300.jpg\" data-large-file=\"http:\/\/www.gdansk.baptysci.pl\/wp-content\/uploads\/2015\/02\/11080784_1055314134482579_7191723873849142911_o-682x1024.jpg\" decoding=\"async\" data-attachment-id=\"1293\" data-permalink=\"http:\/\/www.gdansk.baptysci.pl\/index.php\/2015\/03\/15\/chrzest-wiary\/11080784_1055314134482579_7191723873849142911_o\/\" data-orig-file=\"http:\/\/www.gdansk.baptysci.pl\/wp-content\/uploads\/2015\/02\/11080784_1055314134482579_7191723873849142911_o.jpg\" data-orig-size=\"1364,2048\" data-comments-opened=\"1\" data-image-meta=\"{&quot;aperture&quot;:&quot;0&quot;,&quot;credit&quot;:&quot;Picasa&quot;,&quot;camera&quot;:&quot;&quot;,&quot;caption&quot;:&quot;&quot;,&quot;created_timestamp&quot;:&quot;0&quot;,&quot;copyright&quot;:&quot;&quot;,&quot;focal_length&quot;:&quot;0&quot;,&quot;iso&quot;:&quot;0&quot;,&quot;shutter_speed&quot;:&quot;0&quot;,&quot;title&quot;:&quot;&quot;,&quot;orientation&quot;:&quot;0&quot;}\" data-image-title=\"IMG_028\" data-image-description=\"\" data-image-caption=\"&lt;p&gt;fot. Artur Grybek&lt;\/p&gt;\n\" data-medium-file=\"http:\/\/www.gdansk.baptysci.pl\/wp-content\/uploads\/2015\/02\/11080784_1055314134482579_7191723873849142911_o-200x300.jpg\" data-large-file=\"http:\/\/www.gdansk.baptysci.pl\/wp-content\/uploads\/2015\/02\/11080784_1055314134482579_7191723873849142911_o-682x1024.jpg\" srcset=\"https:\/\/i0.wp.com\/www.gdansk.baptysci.pl\/wp-content\/uploads\/2015\/02\/11080784_1055314134482579_7191723873849142911_o-682x1024.jpg?strip=info&#038;w=600 600w,https:\/\/i0.wp.com\/www.gdansk.baptysci.pl\/wp-content\/uploads\/2015\/02\/11080784_1055314134482579_7191723873849142911_o-682x1024.jpg?strip=info&#038;w=900 900w,https:\/\/i0.wp.com\/www.gdansk.baptysci.pl\/wp-content\/uploads\/2015\/02\/11080784_1055314134482579_7191723873849142911_o-682x1024.jpg?strip=info&#038;w=1200 1200w,https:\/\/i0.wp.com\/www.gdansk.baptysci.pl\/wp-content\/uploads\/2015\/02\/11080784_1055314134482579_7191723873849142911_o-682x1024.jpg?strip=info&#038;w=1364 1364w\" alt=\"\" data-height=\"2048\" data-id=\"1293\" data-link=\"http:\/\/www.gdansk.baptysci.pl\/index.php\/2015\/02\/22\/chrzest-wiary\/11080784_1055314134482579_7191723873849142911_o\/\" data-url=\"http:\/\/www.gdansk.baptysci.pl\/wp-content\/uploads\/2015\/02\/11080784_1055314134482579_7191723873849142911_o-682x1024.jpg\" data-width=\"1364\" src=\"https:\/\/i0.wp.com\/www.gdansk.baptysci.pl\/wp-content\/uploads\/2015\/02\/11080784_1055314134482579_7191723873849142911_o-682x1024.jpg\" data-amp-layout=\"responsive\"\/><\/figure><\/div><\/div><div class=\"tiled-gallery__row\"><div class=\"tiled-gallery__col\" style=\"flex-basis:49.87153%\"><figure class=\"tiled-gallery__item\"><img data-attachment-id=\"1294\" data-permalink=\"http:\/\/www.gdansk.baptysci.pl\/index.php\/2015\/03\/15\/chrzest-wiary\/11082244_1055314374482555_4628407866875696160_o\/\" data-orig-file=\"http:\/\/www.gdansk.baptysci.pl\/wp-content\/uploads\/2015\/02\/11082244_1055314374482555_4628407866875696160_o.jpg\" data-orig-size=\"1356,2048\" data-comments-opened=\"1\" data-image-meta=\"{&quot;aperture&quot;:&quot;0&quot;,&quot;credit&quot;:&quot;&quot;,&quot;camera&quot;:&quot;&quot;,&quot;caption&quot;:&quot;&quot;,&quot;created_timestamp&quot;:&quot;0&quot;,&quot;copyright&quot;:&quot;&quot;,&quot;focal_length&quot;:&quot;0&quot;,&quot;iso&quot;:&quot;0&quot;,&quot;shutter_speed&quot;:&quot;0&quot;,&quot;title&quot;:&quot;&quot;,&quot;orientation&quot;:&quot;0&quot;}\" data-image-title=\"IMG_027\" data-image-description=\"\" data-image-caption=\"&lt;p&gt;fot. Artur Grybek&lt;\/p&gt;\n\" data-medium-file=\"http:\/\/www.gdansk.baptysci.pl\/wp-content\/uploads\/2015\/02\/11082244_1055314374482555_4628407866875696160_o-199x300.jpg\" data-large-file=\"http:\/\/www.gdansk.baptysci.pl\/wp-content\/uploads\/2015\/02\/11082244_1055314374482555_4628407866875696160_o-678x1024.jpg\" data-attachment-id=\"1294\" data-permalink=\"http:\/\/www.gdansk.baptysci.pl\/index.php\/2015\/03\/15\/chrzest-wiary\/11082244_1055314374482555_4628407866875696160_o\/\" data-orig-file=\"http:\/\/www.gdansk.baptysci.pl\/wp-content\/uploads\/2015\/02\/11082244_1055314374482555_4628407866875696160_o.jpg\" data-orig-size=\"1356,2048\" data-comments-opened=\"1\" data-image-meta=\"{&quot;aperture&quot;:&quot;0&quot;,&quot;credit&quot;:&quot;&quot;,&quot;camera&quot;:&quot;&quot;,&quot;caption&quot;:&quot;&quot;,&quot;created_timestamp&quot;:&quot;0&quot;,&quot;copyright&quot;:&quot;&quot;,&quot;focal_length&quot;:&quot;0&quot;,&quot;iso&quot;:&quot;0&quot;,&quot;shutter_speed&quot;:&quot;0&quot;,&quot;title&quot;:&quot;&quot;,&quot;orientation&quot;:&quot;0&quot;}\" data-image-title=\"IMG_027\" data-image-description=\"\" data-image-caption=\"&lt;p&gt;fot. Artur Grybek&lt;\/p&gt;\n\" data-medium-file=\"http:\/\/www.gdansk.baptysci.pl\/wp-content\/uploads\/2015\/02\/11082244_1055314374482555_4628407866875696160_o-199x300.jpg\" data-large-file=\"http:\/\/www.gdansk.baptysci.pl\/wp-content\/uploads\/2015\/02\/11082244_1055314374482555_4628407866875696160_o-678x1024.jpg\" decoding=\"async\" data-attachment-id=\"1294\" data-permalink=\"http:\/\/www.gdansk.baptysci.pl\/index.php\/2015\/03\/15\/chrzest-wiary\/11082244_1055314374482555_4628407866875696160_o\/\" data-orig-file=\"http:\/\/www.gdansk.baptysci.pl\/wp-content\/uploads\/2015\/02\/11082244_1055314374482555_4628407866875696160_o.jpg\" data-orig-size=\"1356,2048\" data-comments-opened=\"1\" data-image-meta=\"{&quot;aperture&quot;:&quot;0&quot;,&quot;credit&quot;:&quot;&quot;,&quot;camera&quot;:&quot;&quot;,&quot;caption&quot;:&quot;&quot;,&quot;created_timestamp&quot;:&quot;0&quot;,&quot;copyright&quot;:&quot;&quot;,&quot;focal_length&quot;:&quot;0&quot;,&quot;iso&quot;:&quot;0&quot;,&quot;shutter_speed&quot;:&quot;0&quot;,&quot;title&quot;:&quot;&quot;,&quot;orientation&quot;:&quot;0&quot;}\" data-image-title=\"IMG_027\" data-image-description=\"\" data-image-caption=\"&lt;p&gt;fot. Artur Grybek&lt;\/p&gt;\n\" data-medium-file=\"http:\/\/www.gdansk.baptysci.pl\/wp-content\/uploads\/2015\/02\/11082244_1055314374482555_4628407866875696160_o-199x300.jpg\" data-large-file=\"http:\/\/www.gdansk.baptysci.pl\/wp-content\/uploads\/2015\/02\/11082244_1055314374482555_4628407866875696160_o-678x1024.jpg\" srcset=\"https:\/\/i2.wp.com\/www.gdansk.baptysci.pl\/wp-content\/uploads\/2015\/02\/11082244_1055314374482555_4628407866875696160_o-678x1024.jpg?strip=info&#038;w=600 600w,https:\/\/i2.wp.com\/www.gdansk.baptysci.pl\/wp-content\/uploads\/2015\/02\/11082244_1055314374482555_4628407866875696160_o-678x1024.jpg?strip=info&#038;w=900 900w,https:\/\/i2.wp.com\/www.gdansk.baptysci.pl\/wp-content\/uploads\/2015\/02\/11082244_1055314374482555_4628407866875696160_o-678x1024.jpg?strip=info&#038;w=1200 1200w,https:\/\/i2.wp.com\/www.gdansk.baptysci.pl\/wp-content\/uploads\/2015\/02\/11082244_1055314374482555_4628407866875696160_o-678x1024.jpg?strip=info&#038;w=1356 1356w\" alt=\"\" data-height=\"2048\" data-id=\"1294\" data-link=\"http:\/\/www.gdansk.baptysci.pl\/index.php\/2015\/02\/22\/chrzest-wiary\/11082244_1055314374482555_4628407866875696160_o\/\" data-url=\"http:\/\/www.gdansk.baptysci.pl\/wp-content\/uploads\/2015\/02\/11082244_1055314374482555_4628407866875696160_o-678x1024.jpg\" data-width=\"1356\" src=\"https:\/\/i2.wp.com\/www.gdansk.baptysci.pl\/wp-content\/uploads\/2015\/02\/11082244_1055314374482555_4628407866875696160_o-678x1024.jpg\" data-amp-layout=\"responsive\"\/><\/figure><\/div><div class=\"tiled-gallery__col\" style=\"flex-basis:50.12847%\"><figure class=\"tiled-gallery__item\"><img data-attachment-id=\"1295\" data-permalink=\"http:\/\/www.gdansk.baptysci.pl\/index.php\/2015\/03\/15\/chrzest-wiary\/11082414_1055309587816367_7278066948466460934_o\/\" data-orig-file=\"http:\/\/www.gdansk.baptysci.pl\/wp-content\/uploads\/2015\/02\/11082414_1055309587816367_7278066948466460934_o.jpg\" data-orig-size=\"1363,2048\" data-comments-opened=\"1\" data-image-meta=\"{&quot;aperture&quot;:&quot;0&quot;,&quot;credit&quot;:&quot;Picasa&quot;,&quot;camera&quot;:&quot;&quot;,&quot;caption&quot;:&quot;&quot;,&quot;created_timestamp&quot;:&quot;0&quot;,&quot;copyright&quot;:&quot;&quot;,&quot;focal_length&quot;:&quot;0&quot;,&quot;iso&quot;:&quot;0&quot;,&quot;shutter_speed&quot;:&quot;0&quot;,&quot;title&quot;:&quot;&quot;,&quot;orientation&quot;:&quot;0&quot;}\" data-image-title=\"IMG_026\" data-image-description=\"\" data-image-caption=\"&lt;p&gt;fot. Artur Grybek&lt;\/p&gt;\n\" data-medium-file=\"http:\/\/www.gdansk.baptysci.pl\/wp-content\/uploads\/2015\/02\/11082414_1055309587816367_7278066948466460934_o-200x300.jpg\" data-large-file=\"http:\/\/www.gdansk.baptysci.pl\/wp-content\/uploads\/2015\/02\/11082414_1055309587816367_7278066948466460934_o-682x1024.jpg\" data-attachment-id=\"1295\" data-permalink=\"http:\/\/www.gdansk.baptysci.pl\/index.php\/2015\/03\/15\/chrzest-wiary\/11082414_1055309587816367_7278066948466460934_o\/\" data-orig-file=\"http:\/\/www.gdansk.baptysci.pl\/wp-content\/uploads\/2015\/02\/11082414_1055309587816367_7278066948466460934_o.jpg\" data-orig-size=\"1363,2048\" data-comments-opened=\"1\" data-image-meta=\"{&quot;aperture&quot;:&quot;0&quot;,&quot;credit&quot;:&quot;Picasa&quot;,&quot;camera&quot;:&quot;&quot;,&quot;caption&quot;:&quot;&quot;,&quot;created_timestamp&quot;:&quot;0&quot;,&quot;copyright&quot;:&quot;&quot;,&quot;focal_length&quot;:&quot;0&quot;,&quot;iso&quot;:&quot;0&quot;,&quot;shutter_speed&quot;:&quot;0&quot;,&quot;title&quot;:&quot;&quot;,&quot;orientation&quot;:&quot;0&quot;}\" data-image-title=\"IMG_026\" data-image-description=\"\" data-image-caption=\"&lt;p&gt;fot. Artur Grybek&lt;\/p&gt;\n\" data-medium-file=\"http:\/\/www.gdansk.baptysci.pl\/wp-content\/uploads\/2015\/02\/11082414_1055309587816367_7278066948466460934_o-200x300.jpg\" data-large-file=\"http:\/\/www.gdansk.baptysci.pl\/wp-content\/uploads\/2015\/02\/11082414_1055309587816367_7278066948466460934_o-682x1024.jpg\" decoding=\"async\" data-attachment-id=\"1295\" data-permalink=\"http:\/\/www.gdansk.baptysci.pl\/index.php\/2015\/03\/15\/chrzest-wiary\/11082414_1055309587816367_7278066948466460934_o\/\" data-orig-file=\"http:\/\/www.gdansk.baptysci.pl\/wp-content\/uploads\/2015\/02\/11082414_1055309587816367_7278066948466460934_o.jpg\" data-orig-size=\"1363,2048\" data-comments-opened=\"1\" data-image-meta=\"{&quot;aperture&quot;:&quot;0&quot;,&quot;credit&quot;:&quot;Picasa&quot;,&quot;camera&quot;:&quot;&quot;,&quot;caption&quot;:&quot;&quot;,&quot;created_timestamp&quot;:&quot;0&quot;,&quot;copyright&quot;:&quot;&quot;,&quot;focal_length&quot;:&quot;0&quot;,&quot;iso&quot;:&quot;0&quot;,&quot;shutter_speed&quot;:&quot;0&quot;,&quot;title&quot;:&quot;&quot;,&quot;orientation&quot;:&quot;0&quot;}\" data-image-title=\"IMG_026\" data-image-description=\"\" data-image-caption=\"&lt;p&gt;fot. Artur Grybek&lt;\/p&gt;\n\" data-medium-file=\"http:\/\/www.gdansk.baptysci.pl\/wp-content\/uploads\/2015\/02\/11082414_1055309587816367_7278066948466460934_o-200x300.jpg\" data-large-file=\"http:\/\/www.gdansk.baptysci.pl\/wp-content\/uploads\/2015\/02\/11082414_1055309587816367_7278066948466460934_o-682x1024.jpg\" srcset=\"https:\/\/i1.wp.com\/www.gdansk.baptysci.pl\/wp-content\/uploads\/2015\/02\/11082414_1055309587816367_7278066948466460934_o-682x1024.jpg?strip=info&#038;w=600 600w,https:\/\/i1.wp.com\/www.gdansk.baptysci.pl\/wp-content\/uploads\/2015\/02\/11082414_1055309587816367_7278066948466460934_o-682x1024.jpg?strip=info&#038;w=900 900w,https:\/\/i1.wp.com\/www.gdansk.baptysci.pl\/wp-content\/uploads\/2015\/02\/11082414_1055309587816367_7278066948466460934_o-682x1024.jpg?strip=info&#038;w=1200 1200w,https:\/\/i1.wp.com\/www.gdansk.baptysci.pl\/wp-content\/uploads\/2015\/02\/11082414_1055309587816367_7278066948466460934_o-682x1024.jpg?strip=info&#038;w=1363 1363w\" alt=\"\" data-height=\"2048\" data-id=\"1295\" data-link=\"http:\/\/www.gdansk.baptysci.pl\/index.php\/2015\/02\/22\/chrzest-wiary\/11082414_1055309587816367_7278066948466460934_o\/\" data-url=\"http:\/\/www.gdansk.baptysci.pl\/wp-content\/uploads\/2015\/02\/11082414_1055309587816367_7278066948466460934_o-682x1024.jpg\" data-width=\"1363\" src=\"https:\/\/i1.wp.com\/www.gdansk.baptysci.pl\/wp-content\/uploads\/2015\/02\/11082414_1055309587816367_7278066948466460934_o-682x1024.jpg\" data-amp-layout=\"responsive\"\/><\/figure><\/div><\/div><div class=\"tiled-gallery__row\"><div class=\"tiled-gallery__col\" style=\"flex-basis:50.11016%\"><figure class=\"tiled-gallery__item\"><img data-attachment-id=\"1296\" data-permalink=\"http:\/\/www.gdansk.baptysci.pl\/index.php\/2015\/03\/15\/chrzest-wiary\/11082414_1055312251149434_536652808709226519_o\/\" data-orig-file=\"http:\/\/www.gdansk.baptysci.pl\/wp-content\/uploads\/2015\/02\/11082414_1055312251149434_536652808709226519_o.jpg\" data-orig-size=\"1362,2048\" data-comments-opened=\"1\" data-image-meta=\"{&quot;aperture&quot;:&quot;0&quot;,&quot;credit&quot;:&quot;Picasa&quot;,&quot;camera&quot;:&quot;&quot;,&quot;caption&quot;:&quot;&quot;,&quot;created_timestamp&quot;:&quot;0&quot;,&quot;copyright&quot;:&quot;&quot;,&quot;focal_length&quot;:&quot;0&quot;,&quot;iso&quot;:&quot;0&quot;,&quot;shutter_speed&quot;:&quot;0&quot;,&quot;title&quot;:&quot;&quot;,&quot;orientation&quot;:&quot;0&quot;}\" data-image-title=\"IMG_025\" data-image-description=\"\" data-image-caption=\"&lt;p&gt;fot. Artur Grybek&lt;\/p&gt;\n\" data-medium-file=\"http:\/\/www.gdansk.baptysci.pl\/wp-content\/uploads\/2015\/02\/11082414_1055312251149434_536652808709226519_o-200x300.jpg\" data-large-file=\"http:\/\/www.gdansk.baptysci.pl\/wp-content\/uploads\/2015\/02\/11082414_1055312251149434_536652808709226519_o-681x1024.jpg\" data-attachment-id=\"1296\" data-permalink=\"http:\/\/www.gdansk.baptysci.pl\/index.php\/2015\/03\/15\/chrzest-wiary\/11082414_1055312251149434_536652808709226519_o\/\" data-orig-file=\"http:\/\/www.gdansk.baptysci.pl\/wp-content\/uploads\/2015\/02\/11082414_1055312251149434_536652808709226519_o.jpg\" data-orig-size=\"1362,2048\" data-comments-opened=\"1\" data-image-meta=\"{&quot;aperture&quot;:&quot;0&quot;,&quot;credit&quot;:&quot;Picasa&quot;,&quot;camera&quot;:&quot;&quot;,&quot;caption&quot;:&quot;&quot;,&quot;created_timestamp&quot;:&quot;0&quot;,&quot;copyright&quot;:&quot;&quot;,&quot;focal_length&quot;:&quot;0&quot;,&quot;iso&quot;:&quot;0&quot;,&quot;shutter_speed&quot;:&quot;0&quot;,&quot;title&quot;:&quot;&quot;,&quot;orientation&quot;:&quot;0&quot;}\" data-image-title=\"IMG_025\" data-image-description=\"\" data-image-caption=\"&lt;p&gt;fot. Artur Grybek&lt;\/p&gt;\n\" data-medium-file=\"http:\/\/www.gdansk.baptysci.pl\/wp-content\/uploads\/2015\/02\/11082414_1055312251149434_536652808709226519_o-200x300.jpg\" data-large-file=\"http:\/\/www.gdansk.baptysci.pl\/wp-content\/uploads\/2015\/02\/11082414_1055312251149434_536652808709226519_o-681x1024.jpg\" decoding=\"async\" data-attachment-id=\"1296\" data-permalink=\"http:\/\/www.gdansk.baptysci.pl\/index.php\/2015\/03\/15\/chrzest-wiary\/11082414_1055312251149434_536652808709226519_o\/\" data-orig-file=\"http:\/\/www.gdansk.baptysci.pl\/wp-content\/uploads\/2015\/02\/11082414_1055312251149434_536652808709226519_o.jpg\" data-orig-size=\"1362,2048\" data-comments-opened=\"1\" data-image-meta=\"{&quot;aperture&quot;:&quot;0&quot;,&quot;credit&quot;:&quot;Picasa&quot;,&quot;camera&quot;:&quot;&quot;,&quot;caption&quot;:&quot;&quot;,&quot;created_timestamp&quot;:&quot;0&quot;,&quot;copyright&quot;:&quot;&quot;,&quot;focal_length&quot;:&quot;0&quot;,&quot;iso&quot;:&quot;0&quot;,&quot;shutter_speed&quot;:&quot;0&quot;,&quot;title&quot;:&quot;&quot;,&quot;orientation&quot;:&quot;0&quot;}\" data-image-title=\"IMG_025\" data-image-description=\"\" data-image-caption=\"&lt;p&gt;fot. Artur Grybek&lt;\/p&gt;\n\" data-medium-file=\"http:\/\/www.gdansk.baptysci.pl\/wp-content\/uploads\/2015\/02\/11082414_1055312251149434_536652808709226519_o-200x300.jpg\" data-large-file=\"http:\/\/www.gdansk.baptysci.pl\/wp-content\/uploads\/2015\/02\/11082414_1055312251149434_536652808709226519_o-681x1024.jpg\" srcset=\"https:\/\/i1.wp.com\/www.gdansk.baptysci.pl\/wp-content\/uploads\/2015\/02\/11082414_1055312251149434_536652808709226519_o-681x1024.jpg?strip=info&#038;w=600 600w,https:\/\/i1.wp.com\/www.gdansk.baptysci.pl\/wp-content\/uploads\/2015\/02\/11082414_1055312251149434_536652808709226519_o-681x1024.jpg?strip=info&#038;w=900 900w,https:\/\/i1.wp.com\/www.gdansk.baptysci.pl\/wp-content\/uploads\/2015\/02\/11082414_1055312251149434_536652808709226519_o-681x1024.jpg?strip=info&#038;w=1200 1200w,https:\/\/i1.wp.com\/www.gdansk.baptysci.pl\/wp-content\/uploads\/2015\/02\/11082414_1055312251149434_536652808709226519_o-681x1024.jpg?strip=info&#038;w=1362 1362w\" alt=\"\" data-height=\"2048\" data-id=\"1296\" data-link=\"http:\/\/www.gdansk.baptysci.pl\/index.php\/2015\/02\/22\/chrzest-wiary\/11082414_1055312251149434_536652808709226519_o\/\" data-url=\"http:\/\/www.gdansk.baptysci.pl\/wp-content\/uploads\/2015\/02\/11082414_1055312251149434_536652808709226519_o-681x1024.jpg\" data-width=\"1362\" src=\"https:\/\/i1.wp.com\/www.gdansk.baptysci.pl\/wp-content\/uploads\/2015\/02\/11082414_1055312251149434_536652808709226519_o-681x1024.jpg\" data-amp-layout=\"responsive\"\/><\/figure><\/div><div class=\"tiled-gallery__col\" style=\"flex-basis:49.88984%\"><figure class=\"tiled-gallery__item\"><img data-attachment-id=\"1297\" data-permalink=\"http:\/\/www.gdansk.baptysci.pl\/index.php\/2015\/03\/15\/chrzest-wiary\/11083703_1055312361149423_7939602934452517082_o\/\" data-orig-file=\"http:\/\/www.gdansk.baptysci.pl\/wp-content\/uploads\/2015\/02\/11083703_1055312361149423_7939602934452517082_o.jpg\" data-orig-size=\"1356,2048\" data-comments-opened=\"1\" data-image-meta=\"{&quot;aperture&quot;:&quot;0&quot;,&quot;credit&quot;:&quot;&quot;,&quot;camera&quot;:&quot;&quot;,&quot;caption&quot;:&quot;&quot;,&quot;created_timestamp&quot;:&quot;0&quot;,&quot;copyright&quot;:&quot;&quot;,&quot;focal_length&quot;:&quot;0&quot;,&quot;iso&quot;:&quot;0&quot;,&quot;shutter_speed&quot;:&quot;0&quot;,&quot;title&quot;:&quot;&quot;,&quot;orientation&quot;:&quot;0&quot;}\" data-image-title=\"IMG_024\" data-image-description=\"\" data-image-caption=\"&lt;p&gt;fot. Artur Grybek&lt;\/p&gt;\n\" data-medium-file=\"http:\/\/www.gdansk.baptysci.pl\/wp-content\/uploads\/2015\/02\/11083703_1055312361149423_7939602934452517082_o-199x300.jpg\" data-large-file=\"http:\/\/www.gdansk.baptysci.pl\/wp-content\/uploads\/2015\/02\/11083703_1055312361149423_7939602934452517082_o-678x1024.jpg\" data-attachment-id=\"1297\" data-permalink=\"http:\/\/www.gdansk.baptysci.pl\/index.php\/2015\/03\/15\/chrzest-wiary\/11083703_1055312361149423_7939602934452517082_o\/\" data-orig-file=\"http:\/\/www.gdansk.baptysci.pl\/wp-content\/uploads\/2015\/02\/11083703_1055312361149423_7939602934452517082_o.jpg\" data-orig-size=\"1356,2048\" data-comments-opened=\"1\" data-image-meta=\"{&quot;aperture&quot;:&quot;0&quot;,&quot;credit&quot;:&quot;&quot;,&quot;camera&quot;:&quot;&quot;,&quot;caption&quot;:&quot;&quot;,&quot;created_timestamp&quot;:&quot;0&quot;,&quot;copyright&quot;:&quot;&quot;,&quot;focal_length&quot;:&quot;0&quot;,&quot;iso&quot;:&quot;0&quot;,&quot;shutter_speed&quot;:&quot;0&quot;,&quot;title&quot;:&quot;&quot;,&quot;orientation&quot;:&quot;0&quot;}\" data-image-title=\"IMG_024\" data-image-description=\"\" data-image-caption=\"&lt;p&gt;fot. Artur Grybek&lt;\/p&gt;\n\" data-medium-file=\"http:\/\/www.gdansk.baptysci.pl\/wp-content\/uploads\/2015\/02\/11083703_1055312361149423_7939602934452517082_o-199x300.jpg\" data-large-file=\"http:\/\/www.gdansk.baptysci.pl\/wp-content\/uploads\/2015\/02\/11083703_1055312361149423_7939602934452517082_o-678x1024.jpg\" decoding=\"async\" data-attachment-id=\"1297\" data-permalink=\"http:\/\/www.gdansk.baptysci.pl\/index.php\/2015\/03\/15\/chrzest-wiary\/11083703_1055312361149423_7939602934452517082_o\/\" data-orig-file=\"http:\/\/www.gdansk.baptysci.pl\/wp-content\/uploads\/2015\/02\/11083703_1055312361149423_7939602934452517082_o.jpg\" data-orig-size=\"1356,2048\" data-comments-opened=\"1\" data-image-meta=\"{&quot;aperture&quot;:&quot;0&quot;,&quot;credit&quot;:&quot;&quot;,&quot;camera&quot;:&quot;&quot;,&quot;caption&quot;:&quot;&quot;,&quot;created_timestamp&quot;:&quot;0&quot;,&quot;copyright&quot;:&quot;&quot;,&quot;focal_length&quot;:&quot;0&quot;,&quot;iso&quot;:&quot;0&quot;,&quot;shutter_speed&quot;:&quot;0&quot;,&quot;title&quot;:&quot;&quot;,&quot;orientation&quot;:&quot;0&quot;}\" data-image-title=\"IMG_024\" data-image-description=\"\" data-image-caption=\"&lt;p&gt;fot. Artur Grybek&lt;\/p&gt;\n\" data-medium-file=\"http:\/\/www.gdansk.baptysci.pl\/wp-content\/uploads\/2015\/02\/11083703_1055312361149423_7939602934452517082_o-199x300.jpg\" data-large-file=\"http:\/\/www.gdansk.baptysci.pl\/wp-content\/uploads\/2015\/02\/11083703_1055312361149423_7939602934452517082_o-678x1024.jpg\" srcset=\"https:\/\/i0.wp.com\/www.gdansk.baptysci.pl\/wp-content\/uploads\/2015\/02\/11083703_1055312361149423_7939602934452517082_o-678x1024.jpg?strip=info&#038;w=600 600w,https:\/\/i0.wp.com\/www.gdansk.baptysci.pl\/wp-content\/uploads\/2015\/02\/11083703_1055312361149423_7939602934452517082_o-678x1024.jpg?strip=info&#038;w=900 900w,https:\/\/i0.wp.com\/www.gdansk.baptysci.pl\/wp-content\/uploads\/2015\/02\/11083703_1055312361149423_7939602934452517082_o-678x1024.jpg?strip=info&#038;w=1200 1200w,https:\/\/i0.wp.com\/www.gdansk.baptysci.pl\/wp-content\/uploads\/2015\/02\/11083703_1055312361149423_7939602934452517082_o-678x1024.jpg?strip=info&#038;w=1356 1356w\" alt=\"\" data-height=\"2048\" data-id=\"1297\" data-link=\"http:\/\/www.gdansk.baptysci.pl\/index.php\/2015\/02\/22\/chrzest-wiary\/11083703_1055312361149423_7939602934452517082_o\/\" data-url=\"http:\/\/www.gdansk.baptysci.pl\/wp-content\/uploads\/2015\/02\/11083703_1055312361149423_7939602934452517082_o-678x1024.jpg\" data-width=\"1356\" src=\"https:\/\/i0.wp.com\/www.gdansk.baptysci.pl\/wp-content\/uploads\/2015\/02\/11083703_1055312361149423_7939602934452517082_o-678x1024.jpg\" data-amp-layout=\"responsive\"\/><\/figure><\/div><\/div><div class=\"tiled-gallery__row\"><div class=\"tiled-gallery__col\" style=\"flex-basis:69.31965%\"><figure class=\"tiled-gallery__item\"><img data-attachment-id=\"1298\" data-permalink=\"http:\/\/www.gdansk.baptysci.pl\/index.php\/2015\/03\/15\/chrzest-wiary\/11083703_1055317574482235_7447144944568623041_o\/\" data-orig-file=\"http:\/\/www.gdansk.baptysci.pl\/wp-content\/uploads\/2015\/02\/11083703_1055317574482235_7447144944568623041_o.jpg\" data-orig-size=\"2048,1356\" data-comments-opened=\"1\" data-image-meta=\"{&quot;aperture&quot;:&quot;0&quot;,&quot;credit&quot;:&quot;&quot;,&quot;camera&quot;:&quot;&quot;,&quot;caption&quot;:&quot;&quot;,&quot;created_timestamp&quot;:&quot;0&quot;,&quot;copyright&quot;:&quot;&quot;,&quot;focal_length&quot;:&quot;0&quot;,&quot;iso&quot;:&quot;0&quot;,&quot;shutter_speed&quot;:&quot;0&quot;,&quot;title&quot;:&quot;&quot;,&quot;orientation&quot;:&quot;0&quot;}\" data-image-title=\"IMG_023\" data-image-description=\"\" data-image-caption=\"&lt;p&gt;fot. Artur Grybek&lt;\/p&gt;\n\" data-medium-file=\"http:\/\/www.gdansk.baptysci.pl\/wp-content\/uploads\/2015\/02\/11083703_1055317574482235_7447144944568623041_o-300x199.jpg\" data-large-file=\"http:\/\/www.gdansk.baptysci.pl\/wp-content\/uploads\/2015\/02\/11083703_1055317574482235_7447144944568623041_o-1024x678.jpg\" data-attachment-id=\"1298\" data-permalink=\"http:\/\/www.gdansk.baptysci.pl\/index.php\/2015\/03\/15\/chrzest-wiary\/11083703_1055317574482235_7447144944568623041_o\/\" data-orig-file=\"http:\/\/www.gdansk.baptysci.pl\/wp-content\/uploads\/2015\/02\/11083703_1055317574482235_7447144944568623041_o.jpg\" data-orig-size=\"2048,1356\" data-comments-opened=\"1\" data-image-meta=\"{&quot;aperture&quot;:&quot;0&quot;,&quot;credit&quot;:&quot;&quot;,&quot;camera&quot;:&quot;&quot;,&quot;caption&quot;:&quot;&quot;,&quot;created_timestamp&quot;:&quot;0&quot;,&quot;copyright&quot;:&quot;&quot;,&quot;focal_length&quot;:&quot;0&quot;,&quot;iso&quot;:&quot;0&quot;,&quot;shutter_speed&quot;:&quot;0&quot;,&quot;title&quot;:&quot;&quot;,&quot;orientation&quot;:&quot;0&quot;}\" data-image-title=\"IMG_023\" data-image-description=\"\" data-image-caption=\"&lt;p&gt;fot. Artur Grybek&lt;\/p&gt;\n\" data-medium-file=\"http:\/\/www.gdansk.baptysci.pl\/wp-content\/uploads\/2015\/02\/11083703_1055317574482235_7447144944568623041_o-300x199.jpg\" data-large-file=\"http:\/\/www.gdansk.baptysci.pl\/wp-content\/uploads\/2015\/02\/11083703_1055317574482235_7447144944568623041_o-1024x678.jpg\" decoding=\"async\" data-attachment-id=\"1298\" data-permalink=\"http:\/\/www.gdansk.baptysci.pl\/index.php\/2015\/03\/15\/chrzest-wiary\/11083703_1055317574482235_7447144944568623041_o\/\" data-orig-file=\"http:\/\/www.gdansk.baptysci.pl\/wp-content\/uploads\/2015\/02\/11083703_1055317574482235_7447144944568623041_o.jpg\" data-orig-size=\"2048,1356\" data-comments-opened=\"1\" data-image-meta=\"{&quot;aperture&quot;:&quot;0&quot;,&quot;credit&quot;:&quot;&quot;,&quot;camera&quot;:&quot;&quot;,&quot;caption&quot;:&quot;&quot;,&quot;created_timestamp&quot;:&quot;0&quot;,&quot;copyright&quot;:&quot;&quot;,&quot;focal_length&quot;:&quot;0&quot;,&quot;iso&quot;:&quot;0&quot;,&quot;shutter_speed&quot;:&quot;0&quot;,&quot;title&quot;:&quot;&quot;,&quot;orientation&quot;:&quot;0&quot;}\" data-image-title=\"IMG_023\" data-image-description=\"\" data-image-caption=\"&lt;p&gt;fot. Artur Grybek&lt;\/p&gt;\n\" data-medium-file=\"http:\/\/www.gdansk.baptysci.pl\/wp-content\/uploads\/2015\/02\/11083703_1055317574482235_7447144944568623041_o-300x199.jpg\" data-large-file=\"http:\/\/www.gdansk.baptysci.pl\/wp-content\/uploads\/2015\/02\/11083703_1055317574482235_7447144944568623041_o-1024x678.jpg\" srcset=\"https:\/\/i2.wp.com\/www.gdansk.baptysci.pl\/wp-content\/uploads\/2015\/02\/11083703_1055317574482235_7447144944568623041_o-1024x678.jpg?strip=info&#038;w=600 600w,https:\/\/i2.wp.com\/www.gdansk.baptysci.pl\/wp-content\/uploads\/2015\/02\/11083703_1055317574482235_7447144944568623041_o-1024x678.jpg?strip=info&#038;w=900 900w,https:\/\/i2.wp.com\/www.gdansk.baptysci.pl\/wp-content\/uploads\/2015\/02\/11083703_1055317574482235_7447144944568623041_o-1024x678.jpg?strip=info&#038;w=1200 1200w,https:\/\/i2.wp.com\/www.gdansk.baptysci.pl\/wp-content\/uploads\/2015\/02\/11083703_1055317574482235_7447144944568623041_o-1024x678.jpg?strip=info&#038;w=1500 1500w,https:\/\/i2.wp.com\/www.gdansk.baptysci.pl\/wp-content\/uploads\/2015\/02\/11083703_1055317574482235_7447144944568623041_o-1024x678.jpg?strip=info&#038;w=1800 1800w,https:\/\/i2.wp.com\/www.gdansk.baptysci.pl\/wp-content\/uploads\/2015\/02\/11083703_1055317574482235_7447144944568623041_o-1024x678.jpg?strip=info&#038;w=2000 2000w\" alt=\"\" data-height=\"1356\" data-id=\"1298\" data-link=\"http:\/\/www.gdansk.baptysci.pl\/index.php\/2015\/02\/22\/chrzest-wiary\/11083703_1055317574482235_7447144944568623041_o\/\" data-url=\"http:\/\/www.gdansk.baptysci.pl\/wp-content\/uploads\/2015\/02\/11083703_1055317574482235_7447144944568623041_o-1024x678.jpg\" data-width=\"2048\" src=\"https:\/\/i2.wp.com\/www.gdansk.baptysci.pl\/wp-content\/uploads\/2015\/02\/11083703_1055317574482235_7447144944568623041_o-1024x678.jpg\" data-amp-layout=\"responsive\"\/><\/figure><\/div><div class=\"tiled-gallery__col\" style=\"flex-basis:30.68035%\"><figure class=\"tiled-gallery__item\"><img data-attachment-id=\"1299\" data-permalink=\"http:\/\/www.gdansk.baptysci.pl\/index.php\/2015\/03\/15\/chrzest-wiary\/11083925_1055314127815913_7087465496266920880_o\/\" data-orig-file=\"http:\/\/www.gdansk.baptysci.pl\/wp-content\/uploads\/2015\/02\/11083925_1055314127815913_7087465496266920880_o.jpg\" data-orig-size=\"1365,2048\" data-comments-opened=\"1\" data-image-meta=\"{&quot;aperture&quot;:&quot;0&quot;,&quot;credit&quot;:&quot;Picasa&quot;,&quot;camera&quot;:&quot;&quot;,&quot;caption&quot;:&quot;&quot;,&quot;created_timestamp&quot;:&quot;0&quot;,&quot;copyright&quot;:&quot;&quot;,&quot;focal_length&quot;:&quot;0&quot;,&quot;iso&quot;:&quot;0&quot;,&quot;shutter_speed&quot;:&quot;0&quot;,&quot;title&quot;:&quot;&quot;,&quot;orientation&quot;:&quot;0&quot;}\" data-image-title=\"IMG_022\" data-image-description=\"\" data-image-caption=\"&lt;p&gt;fot. Artur Grybek&lt;\/p&gt;\n\" data-medium-file=\"http:\/\/www.gdansk.baptysci.pl\/wp-content\/uploads\/2015\/02\/11083925_1055314127815913_7087465496266920880_o-200x300.jpg\" data-large-file=\"http:\/\/www.gdansk.baptysci.pl\/wp-content\/uploads\/2015\/02\/11083925_1055314127815913_7087465496266920880_o-683x1024.jpg\" data-attachment-id=\"1299\" data-permalink=\"http:\/\/www.gdansk.baptysci.pl\/index.php\/2015\/03\/15\/chrzest-wiary\/11083925_1055314127815913_7087465496266920880_o\/\" data-orig-file=\"http:\/\/www.gdansk.baptysci.pl\/wp-content\/uploads\/2015\/02\/11083925_1055314127815913_7087465496266920880_o.jpg\" data-orig-size=\"1365,2048\" data-comments-opened=\"1\" data-image-meta=\"{&quot;aperture&quot;:&quot;0&quot;,&quot;credit&quot;:&quot;Picasa&quot;,&quot;camera&quot;:&quot;&quot;,&quot;caption&quot;:&quot;&quot;,&quot;created_timestamp&quot;:&quot;0&quot;,&quot;copyright&quot;:&quot;&quot;,&quot;focal_length&quot;:&quot;0&quot;,&quot;iso&quot;:&quot;0&quot;,&quot;shutter_speed&quot;:&quot;0&quot;,&quot;title&quot;:&quot;&quot;,&quot;orientation&quot;:&quot;0&quot;}\" data-image-title=\"IMG_022\" data-image-description=\"\" data-image-caption=\"&lt;p&gt;fot. Artur Grybek&lt;\/p&gt;\n\" data-medium-file=\"http:\/\/www.gdansk.baptysci.pl\/wp-content\/uploads\/2015\/02\/11083925_1055314127815913_7087465496266920880_o-200x300.jpg\" data-large-file=\"http:\/\/www.gdansk.baptysci.pl\/wp-content\/uploads\/2015\/02\/11083925_1055314127815913_7087465496266920880_o-683x1024.jpg\" decoding=\"async\" data-attachment-id=\"1299\" data-permalink=\"http:\/\/www.gdansk.baptysci.pl\/index.php\/2015\/03\/15\/chrzest-wiary\/11083925_1055314127815913_7087465496266920880_o\/\" data-orig-file=\"http:\/\/www.gdansk.baptysci.pl\/wp-content\/uploads\/2015\/02\/11083925_1055314127815913_7087465496266920880_o.jpg\" data-orig-size=\"1365,2048\" data-comments-opened=\"1\" data-image-meta=\"{&quot;aperture&quot;:&quot;0&quot;,&quot;credit&quot;:&quot;Picasa&quot;,&quot;camera&quot;:&quot;&quot;,&quot;caption&quot;:&quot;&quot;,&quot;created_timestamp&quot;:&quot;0&quot;,&quot;copyright&quot;:&quot;&quot;,&quot;focal_length&quot;:&quot;0&quot;,&quot;iso&quot;:&quot;0&quot;,&quot;shutter_speed&quot;:&quot;0&quot;,&quot;title&quot;:&quot;&quot;,&quot;orientation&quot;:&quot;0&quot;}\" data-image-title=\"IMG_022\" data-image-description=\"\" data-image-caption=\"&lt;p&gt;fot. Artur Grybek&lt;\/p&gt;\n\" data-medium-file=\"http:\/\/www.gdansk.baptysci.pl\/wp-content\/uploads\/2015\/02\/11083925_1055314127815913_7087465496266920880_o-200x300.jpg\" data-large-file=\"http:\/\/www.gdansk.baptysci.pl\/wp-content\/uploads\/2015\/02\/11083925_1055314127815913_7087465496266920880_o-683x1024.jpg\" srcset=\"https:\/\/i0.wp.com\/www.gdansk.baptysci.pl\/wp-content\/uploads\/2015\/02\/11083925_1055314127815913_7087465496266920880_o-683x1024.jpg?strip=info&#038;w=600 600w,https:\/\/i0.wp.com\/www.gdansk.baptysci.pl\/wp-content\/uploads\/2015\/02\/11083925_1055314127815913_7087465496266920880_o-683x1024.jpg?strip=info&#038;w=900 900w,https:\/\/i0.wp.com\/www.gdansk.baptysci.pl\/wp-content\/uploads\/2015\/02\/11083925_1055314127815913_7087465496266920880_o-683x1024.jpg?strip=info&#038;w=1200 1200w,https:\/\/i0.wp.com\/www.gdansk.baptysci.pl\/wp-content\/uploads\/2015\/02\/11083925_1055314127815913_7087465496266920880_o-683x1024.jpg?strip=info&#038;w=1365 1365w\" alt=\"\" data-height=\"2048\" data-id=\"1299\" data-link=\"http:\/\/www.gdansk.baptysci.pl\/index.php\/2015\/02\/22\/chrzest-wiary\/11083925_1055314127815913_7087465496266920880_o\/\" data-url=\"http:\/\/www.gdansk.baptysci.pl\/wp-content\/uploads\/2015\/02\/11083925_1055314127815913_7087465496266920880_o-683x1024.jpg\" data-width=\"1365\" src=\"https:\/\/i0.wp.com\/www.gdansk.baptysci.pl\/wp-content\/uploads\/2015\/02\/11083925_1055314127815913_7087465496266920880_o-683x1024.jpg\" data-amp-layout=\"responsive\"\/><\/figure><\/div><\/div><div class=\"tiled-gallery__row\"><div class=\"tiled-gallery__col\" style=\"flex-basis:33.33874%\"><figure class=\"tiled-gallery__item\"><img data-attachment-id=\"1300\" data-permalink=\"http:\/\/www.gdansk.baptysci.pl\/index.php\/2015\/03\/15\/chrzest-wiary\/11083956_1055323897814936_2344530577863642059_o\/\" data-orig-file=\"http:\/\/www.gdansk.baptysci.pl\/wp-content\/uploads\/2015\/02\/11083956_1055323897814936_2344530577863642059_o.jpg\" data-orig-size=\"1365,2048\" data-comments-opened=\"1\" data-image-meta=\"{&quot;aperture&quot;:&quot;0&quot;,&quot;credit&quot;:&quot;Picasa&quot;,&quot;camera&quot;:&quot;&quot;,&quot;caption&quot;:&quot;&quot;,&quot;created_timestamp&quot;:&quot;0&quot;,&quot;copyright&quot;:&quot;&quot;,&quot;focal_length&quot;:&quot;0&quot;,&quot;iso&quot;:&quot;0&quot;,&quot;shutter_speed&quot;:&quot;0&quot;,&quot;title&quot;:&quot;&quot;,&quot;orientation&quot;:&quot;0&quot;}\" data-image-title=\"IMG_021\" data-image-description=\"\" data-image-caption=\"&lt;p&gt;fot. Artur Grybek&lt;\/p&gt;\n\" data-medium-file=\"http:\/\/www.gdansk.baptysci.pl\/wp-content\/uploads\/2015\/02\/11083956_1055323897814936_2344530577863642059_o-200x300.jpg\" data-large-file=\"http:\/\/www.gdansk.baptysci.pl\/wp-content\/uploads\/2015\/02\/11083956_1055323897814936_2344530577863642059_o-683x1024.jpg\" data-attachment-id=\"1300\" data-permalink=\"http:\/\/www.gdansk.baptysci.pl\/index.php\/2015\/03\/15\/chrzest-wiary\/11083956_1055323897814936_2344530577863642059_o\/\" data-orig-file=\"http:\/\/www.gdansk.baptysci.pl\/wp-content\/uploads\/2015\/02\/11083956_1055323897814936_2344530577863642059_o.jpg\" data-orig-size=\"1365,2048\" data-comments-opened=\"1\" data-image-meta=\"{&quot;aperture&quot;:&quot;0&quot;,&quot;credit&quot;:&quot;Picasa&quot;,&quot;camera&quot;:&quot;&quot;,&quot;caption&quot;:&quot;&quot;,&quot;created_timestamp&quot;:&quot;0&quot;,&quot;copyright&quot;:&quot;&quot;,&quot;focal_length&quot;:&quot;0&quot;,&quot;iso&quot;:&quot;0&quot;,&quot;shutter_speed&quot;:&quot;0&quot;,&quot;title&quot;:&quot;&quot;,&quot;orientation&quot;:&quot;0&quot;}\" data-image-title=\"IMG_021\" data-image-description=\"\" data-image-caption=\"&lt;p&gt;fot. Artur Grybek&lt;\/p&gt;\n\" data-medium-file=\"http:\/\/www.gdansk.baptysci.pl\/wp-content\/uploads\/2015\/02\/11083956_1055323897814936_2344530577863642059_o-200x300.jpg\" data-large-file=\"http:\/\/www.gdansk.baptysci.pl\/wp-content\/uploads\/2015\/02\/11083956_1055323897814936_2344530577863642059_o-683x1024.jpg\" decoding=\"async\" data-attachment-id=\"1300\" data-permalink=\"http:\/\/www.gdansk.baptysci.pl\/index.php\/2015\/03\/15\/chrzest-wiary\/11083956_1055323897814936_2344530577863642059_o\/\" data-orig-file=\"http:\/\/www.gdansk.baptysci.pl\/wp-content\/uploads\/2015\/02\/11083956_1055323897814936_2344530577863642059_o.jpg\" data-orig-size=\"1365,2048\" data-comments-opened=\"1\" data-image-meta=\"{&quot;aperture&quot;:&quot;0&quot;,&quot;credit&quot;:&quot;Picasa&quot;,&quot;camera&quot;:&quot;&quot;,&quot;caption&quot;:&quot;&quot;,&quot;created_timestamp&quot;:&quot;0&quot;,&quot;copyright&quot;:&quot;&quot;,&quot;focal_length&quot;:&quot;0&quot;,&quot;iso&quot;:&quot;0&quot;,&quot;shutter_speed&quot;:&quot;0&quot;,&quot;title&quot;:&quot;&quot;,&quot;orientation&quot;:&quot;0&quot;}\" data-image-title=\"IMG_021\" data-image-description=\"\" data-image-caption=\"&lt;p&gt;fot. Artur Grybek&lt;\/p&gt;\n\" data-medium-file=\"http:\/\/www.gdansk.baptysci.pl\/wp-content\/uploads\/2015\/02\/11083956_1055323897814936_2344530577863642059_o-200x300.jpg\" data-large-file=\"http:\/\/www.gdansk.baptysci.pl\/wp-content\/uploads\/2015\/02\/11083956_1055323897814936_2344530577863642059_o-683x1024.jpg\" srcset=\"https:\/\/i0.wp.com\/www.gdansk.baptysci.pl\/wp-content\/uploads\/2015\/02\/11083956_1055323897814936_2344530577863642059_o-683x1024.jpg?strip=info&#038;w=600 600w,https:\/\/i0.wp.com\/www.gdansk.baptysci.pl\/wp-content\/uploads\/2015\/02\/11083956_1055323897814936_2344530577863642059_o-683x1024.jpg?strip=info&#038;w=900 900w,https:\/\/i0.wp.com\/www.gdansk.baptysci.pl\/wp-content\/uploads\/2015\/02\/11083956_1055323897814936_2344530577863642059_o-683x1024.jpg?strip=info&#038;w=1200 1200w,https:\/\/i0.wp.com\/www.gdansk.baptysci.pl\/wp-content\/uploads\/2015\/02\/11083956_1055323897814936_2344530577863642059_o-683x1024.jpg?strip=info&#038;w=1365 1365w\" alt=\"\" data-height=\"2048\" data-id=\"1300\" data-link=\"http:\/\/www.gdansk.baptysci.pl\/index.php\/2015\/02\/22\/chrzest-wiary\/11083956_1055323897814936_2344530577863642059_o\/\" data-url=\"http:\/\/www.gdansk.baptysci.pl\/wp-content\/uploads\/2015\/02\/11083956_1055323897814936_2344530577863642059_o-683x1024.jpg\" data-width=\"1365\" src=\"https:\/\/i0.wp.com\/www.gdansk.baptysci.pl\/wp-content\/uploads\/2015\/02\/11083956_1055323897814936_2344530577863642059_o-683x1024.jpg\" data-amp-layout=\"responsive\"\/><\/figure><\/div><div class=\"tiled-gallery__col\" style=\"flex-basis:33.31439%\"><figure class=\"tiled-gallery__item\"><img data-attachment-id=\"1301\" data-permalink=\"http:\/\/www.gdansk.baptysci.pl\/index.php\/2015\/03\/15\/chrzest-wiary\/11084203_1055315321149127_6525404342930307655_o\/\" data-orig-file=\"http:\/\/www.gdansk.baptysci.pl\/wp-content\/uploads\/2015\/02\/11084203_1055315321149127_6525404342930307655_o.jpg\" data-orig-size=\"1364,2048\" data-comments-opened=\"1\" data-image-meta=\"{&quot;aperture&quot;:&quot;0&quot;,&quot;credit&quot;:&quot;Picasa&quot;,&quot;camera&quot;:&quot;&quot;,&quot;caption&quot;:&quot;&quot;,&quot;created_timestamp&quot;:&quot;0&quot;,&quot;copyright&quot;:&quot;&quot;,&quot;focal_length&quot;:&quot;0&quot;,&quot;iso&quot;:&quot;0&quot;,&quot;shutter_speed&quot;:&quot;0&quot;,&quot;title&quot;:&quot;&quot;,&quot;orientation&quot;:&quot;0&quot;}\" data-image-title=\"IMG_020\" data-image-description=\"\" data-image-caption=\"&lt;p&gt;fot. Artur Grybek&lt;\/p&gt;\n\" data-medium-file=\"http:\/\/www.gdansk.baptysci.pl\/wp-content\/uploads\/2015\/02\/11084203_1055315321149127_6525404342930307655_o-200x300.jpg\" data-large-file=\"http:\/\/www.gdansk.baptysci.pl\/wp-content\/uploads\/2015\/02\/11084203_1055315321149127_6525404342930307655_o-682x1024.jpg\" data-attachment-id=\"1301\" data-permalink=\"http:\/\/www.gdansk.baptysci.pl\/index.php\/2015\/03\/15\/chrzest-wiary\/11084203_1055315321149127_6525404342930307655_o\/\" data-orig-file=\"http:\/\/www.gdansk.baptysci.pl\/wp-content\/uploads\/2015\/02\/11084203_1055315321149127_6525404342930307655_o.jpg\" data-orig-size=\"1364,2048\" data-comments-opened=\"1\" data-image-meta=\"{&quot;aperture&quot;:&quot;0&quot;,&quot;credit&quot;:&quot;Picasa&quot;,&quot;camera&quot;:&quot;&quot;,&quot;caption&quot;:&quot;&quot;,&quot;created_timestamp&quot;:&quot;0&quot;,&quot;copyright&quot;:&quot;&quot;,&quot;focal_length&quot;:&quot;0&quot;,&quot;iso&quot;:&quot;0&quot;,&quot;shutter_speed&quot;:&quot;0&quot;,&quot;title&quot;:&quot;&quot;,&quot;orientation&quot;:&quot;0&quot;}\" data-image-title=\"IMG_020\" data-image-description=\"\" data-image-caption=\"&lt;p&gt;fot. Artur Grybek&lt;\/p&gt;\n\" data-medium-file=\"http:\/\/www.gdansk.baptysci.pl\/wp-content\/uploads\/2015\/02\/11084203_1055315321149127_6525404342930307655_o-200x300.jpg\" data-large-file=\"http:\/\/www.gdansk.baptysci.pl\/wp-content\/uploads\/2015\/02\/11084203_1055315321149127_6525404342930307655_o-682x1024.jpg\" decoding=\"async\" data-attachment-id=\"1301\" data-permalink=\"http:\/\/www.gdansk.baptysci.pl\/index.php\/2015\/03\/15\/chrzest-wiary\/11084203_1055315321149127_6525404342930307655_o\/\" data-orig-file=\"http:\/\/www.gdansk.baptysci.pl\/wp-content\/uploads\/2015\/02\/11084203_1055315321149127_6525404342930307655_o.jpg\" data-orig-size=\"1364,2048\" data-comments-opened=\"1\" data-image-meta=\"{&quot;aperture&quot;:&quot;0&quot;,&quot;credit&quot;:&quot;Picasa&quot;,&quot;camera&quot;:&quot;&quot;,&quot;caption&quot;:&quot;&quot;,&quot;created_timestamp&quot;:&quot;0&quot;,&quot;copyright&quot;:&quot;&quot;,&quot;focal_length&quot;:&quot;0&quot;,&quot;iso&quot;:&quot;0&quot;,&quot;shutter_speed&quot;:&quot;0&quot;,&quot;title&quot;:&quot;&quot;,&quot;orientation&quot;:&quot;0&quot;}\" data-image-title=\"IMG_020\" data-image-description=\"\" data-image-caption=\"&lt;p&gt;fot. Artur Grybek&lt;\/p&gt;\n\" data-medium-file=\"http:\/\/www.gdansk.baptysci.pl\/wp-content\/uploads\/2015\/02\/11084203_1055315321149127_6525404342930307655_o-200x300.jpg\" data-large-file=\"http:\/\/www.gdansk.baptysci.pl\/wp-content\/uploads\/2015\/02\/11084203_1055315321149127_6525404342930307655_o-682x1024.jpg\" srcset=\"https:\/\/i2.wp.com\/www.gdansk.baptysci.pl\/wp-content\/uploads\/2015\/02\/11084203_1055315321149127_6525404342930307655_o-682x1024.jpg?strip=info&#038;w=600 600w,https:\/\/i2.wp.com\/www.gdansk.baptysci.pl\/wp-content\/uploads\/2015\/02\/11084203_1055315321149127_6525404342930307655_o-682x1024.jpg?strip=info&#038;w=900 900w,https:\/\/i2.wp.com\/www.gdansk.baptysci.pl\/wp-content\/uploads\/2015\/02\/11084203_1055315321149127_6525404342930307655_o-682x1024.jpg?strip=info&#038;w=1200 1200w,https:\/\/i2.wp.com\/www.gdansk.baptysci.pl\/wp-content\/uploads\/2015\/02\/11084203_1055315321149127_6525404342930307655_o-682x1024.jpg?strip=info&#038;w=1364 1364w\" alt=\"\" data-height=\"2048\" data-id=\"1301\" data-link=\"http:\/\/www.gdansk.baptysci.pl\/index.php\/2015\/02\/22\/chrzest-wiary\/11084203_1055315321149127_6525404342930307655_o\/\" data-url=\"http:\/\/www.gdansk.baptysci.pl\/wp-content\/uploads\/2015\/02\/11084203_1055315321149127_6525404342930307655_o-682x1024.jpg\" data-width=\"1364\" src=\"https:\/\/i2.wp.com\/www.gdansk.baptysci.pl\/wp-content\/uploads\/2015\/02\/11084203_1055315321149127_6525404342930307655_o-682x1024.jpg\" data-amp-layout=\"responsive\"\/><\/figure><\/div><div class=\"tiled-gallery__col\" style=\"flex-basis:33.34686%\"><figure class=\"tiled-gallery__item\"><img data-attachment-id=\"1336\" data-permalink=\"http:\/\/www.gdansk.baptysci.pl\/index.php\/2015\/03\/15\/chrzest-wiary\/img_6599_wr\/\" data-orig-file=\"http:\/\/www.gdansk.baptysci.pl\/wp-content\/uploads\/2015\/02\/IMG_6599_WR.jpg\" data-orig-size=\"512,768\" data-comments-opened=\"1\" data-image-meta=\"{&quot;aperture&quot;:&quot;0&quot;,&quot;credit&quot;:&quot;&quot;,&quot;camera&quot;:&quot;&quot;,&quot;caption&quot;:&quot;&quot;,&quot;created_timestamp&quot;:&quot;0&quot;,&quot;copyright&quot;:&quot;&quot;,&quot;focal_length&quot;:&quot;0&quot;,&quot;iso&quot;:&quot;0&quot;,&quot;shutter_speed&quot;:&quot;0&quot;,&quot;title&quot;:&quot;&quot;,&quot;orientation&quot;:&quot;0&quot;}\" data-image-title=\"IMG_6599_WR\" data-image-description=\"\" data-image-caption=\"&lt;p&gt;fot. Wojciech Roeding&lt;\/p&gt;\n\" data-medium-file=\"http:\/\/www.gdansk.baptysci.pl\/wp-content\/uploads\/2015\/02\/IMG_6599_WR-200x300.jpg\" data-large-file=\"http:\/\/www.gdansk.baptysci.pl\/wp-content\/uploads\/2015\/02\/IMG_6599_WR.jpg\" data-attachment-id=\"1336\" data-permalink=\"http:\/\/www.gdansk.baptysci.pl\/index.php\/2015\/03\/15\/chrzest-wiary\/img_6599_wr\/\" data-orig-file=\"http:\/\/www.gdansk.baptysci.pl\/wp-content\/uploads\/2015\/02\/IMG_6599_WR.jpg\" data-orig-size=\"512,768\" data-comments-opened=\"1\" data-image-meta=\"{&quot;aperture&quot;:&quot;0&quot;,&quot;credit&quot;:&quot;&quot;,&quot;camera&quot;:&quot;&quot;,&quot;caption&quot;:&quot;&quot;,&quot;created_timestamp&quot;:&quot;0&quot;,&quot;copyright&quot;:&quot;&quot;,&quot;focal_length&quot;:&quot;0&quot;,&quot;iso&quot;:&quot;0&quot;,&quot;shutter_speed&quot;:&quot;0&quot;,&quot;title&quot;:&quot;&quot;,&quot;orientation&quot;:&quot;0&quot;}\" data-image-title=\"IMG_6599_WR\" data-image-description=\"\" data-image-caption=\"&lt;p&gt;fot. Wojciech Roeding&lt;\/p&gt;\n\" data-medium-file=\"http:\/\/www.gdansk.baptysci.pl\/wp-content\/uploads\/2015\/02\/IMG_6599_WR-200x300.jpg\" data-large-file=\"http:\/\/www.gdansk.baptysci.pl\/wp-content\/uploads\/2015\/02\/IMG_6599_WR.jpg\" decoding=\"async\" data-attachment-id=\"1336\" data-permalink=\"http:\/\/www.gdansk.baptysci.pl\/index.php\/2015\/03\/15\/chrzest-wiary\/img_6599_wr\/\" data-orig-file=\"http:\/\/www.gdansk.baptysci.pl\/wp-content\/uploads\/2015\/02\/IMG_6599_WR.jpg\" data-orig-size=\"512,768\" data-comments-opened=\"1\" data-image-meta=\"{&quot;aperture&quot;:&quot;0&quot;,&quot;credit&quot;:&quot;&quot;,&quot;camera&quot;:&quot;&quot;,&quot;caption&quot;:&quot;&quot;,&quot;created_timestamp&quot;:&quot;0&quot;,&quot;copyright&quot;:&quot;&quot;,&quot;focal_length&quot;:&quot;0&quot;,&quot;iso&quot;:&quot;0&quot;,&quot;shutter_speed&quot;:&quot;0&quot;,&quot;title&quot;:&quot;&quot;,&quot;orientation&quot;:&quot;0&quot;}\" data-image-title=\"IMG_6599_WR\" data-image-description=\"\" data-image-caption=\"&lt;p&gt;fot. Wojciech Roeding&lt;\/p&gt;\n\" data-medium-file=\"http:\/\/www.gdansk.baptysci.pl\/wp-content\/uploads\/2015\/02\/IMG_6599_WR-200x300.jpg\" data-large-file=\"http:\/\/www.gdansk.baptysci.pl\/wp-content\/uploads\/2015\/02\/IMG_6599_WR.jpg\" srcset=\"https:\/\/i2.wp.com\/www.gdansk.baptysci.pl\/wp-content\/uploads\/2015\/02\/IMG_6599_WR.jpg?strip=info&#038;w=512 512w\" alt=\"\" data-height=\"768\" data-id=\"1336\" data-link=\"http:\/\/www.gdansk.baptysci.pl\/index.php\/2015\/02\/22\/chrzest-wiary\/img_6599_wr\/\" data-url=\"http:\/\/www.gdansk.baptysci.pl\/wp-content\/uploads\/2015\/02\/IMG_6599_WR.jpg\" data-width=\"512\" src=\"https:\/\/i2.wp.com\/www.gdansk.baptysci.pl\/wp-content\/uploads\/2015\/02\/IMG_6599_WR.jpg\" data-amp-layout=\"responsive\"\/><\/figure><\/div><\/div><div class=\"tiled-gallery__row\"><div class=\"tiled-gallery__col\" style=\"flex-basis:69.81809%\"><figure class=\"tiled-gallery__item\"><img data-attachment-id=\"1337\" data-permalink=\"http:\/\/www.gdansk.baptysci.pl\/index.php\/2015\/03\/15\/chrzest-wiary\/img_6604_wr\/\" data-orig-file=\"http:\/\/www.gdansk.baptysci.pl\/wp-content\/uploads\/2015\/02\/IMG_6604_WR.jpg\" data-orig-size=\"1024,682\" data-comments-opened=\"1\" data-image-meta=\"{&quot;aperture&quot;:&quot;0&quot;,&quot;credit&quot;:&quot;&quot;,&quot;camera&quot;:&quot;&quot;,&quot;caption&quot;:&quot;&quot;,&quot;created_timestamp&quot;:&quot;0&quot;,&quot;copyright&quot;:&quot;&quot;,&quot;focal_length&quot;:&quot;0&quot;,&quot;iso&quot;:&quot;0&quot;,&quot;shutter_speed&quot;:&quot;0&quot;,&quot;title&quot;:&quot;&quot;,&quot;orientation&quot;:&quot;0&quot;}\" data-image-title=\"IMG_6604_WR\" data-image-description=\"\" data-image-caption=\"&lt;p&gt;fot. Wojciech Roeding&lt;\/p&gt;\n\" data-medium-file=\"http:\/\/www.gdansk.baptysci.pl\/wp-content\/uploads\/2015\/02\/IMG_6604_WR-300x200.jpg\" data-large-file=\"http:\/\/www.gdansk.baptysci.pl\/wp-content\/uploads\/2015\/02\/IMG_6604_WR-1024x682.jpg\" data-attachment-id=\"1337\" data-permalink=\"http:\/\/www.gdansk.baptysci.pl\/index.php\/2015\/03\/15\/chrzest-wiary\/img_6604_wr\/\" data-orig-file=\"http:\/\/www.gdansk.baptysci.pl\/wp-content\/uploads\/2015\/02\/IMG_6604_WR.jpg\" data-orig-size=\"1024,682\" data-comments-opened=\"1\" data-image-meta=\"{&quot;aperture&quot;:&quot;0&quot;,&quot;credit&quot;:&quot;&quot;,&quot;camera&quot;:&quot;&quot;,&quot;caption&quot;:&quot;&quot;,&quot;created_timestamp&quot;:&quot;0&quot;,&quot;copyright&quot;:&quot;&quot;,&quot;focal_length&quot;:&quot;0&quot;,&quot;iso&quot;:&quot;0&quot;,&quot;shutter_speed&quot;:&quot;0&quot;,&quot;title&quot;:&quot;&quot;,&quot;orientation&quot;:&quot;0&quot;}\" data-image-title=\"IMG_6604_WR\" data-image-description=\"\" data-image-caption=\"&lt;p&gt;fot. Wojciech Roeding&lt;\/p&gt;\n\" data-medium-file=\"http:\/\/www.gdansk.baptysci.pl\/wp-content\/uploads\/2015\/02\/IMG_6604_WR-300x200.jpg\" data-large-file=\"http:\/\/www.gdansk.baptysci.pl\/wp-content\/uploads\/2015\/02\/IMG_6604_WR-1024x682.jpg\" decoding=\"async\" data-attachment-id=\"1337\" data-permalink=\"http:\/\/www.gdansk.baptysci.pl\/index.php\/2015\/03\/15\/chrzest-wiary\/img_6604_wr\/\" data-orig-file=\"http:\/\/www.gdansk.baptysci.pl\/wp-content\/uploads\/2015\/02\/IMG_6604_WR.jpg\" data-orig-size=\"1024,682\" data-comments-opened=\"1\" data-image-meta=\"{&quot;aperture&quot;:&quot;0&quot;,&quot;credit&quot;:&quot;&quot;,&quot;camera&quot;:&quot;&quot;,&quot;caption&quot;:&quot;&quot;,&quot;created_timestamp&quot;:&quot;0&quot;,&quot;copyright&quot;:&quot;&quot;,&quot;focal_length&quot;:&quot;0&quot;,&quot;iso&quot;:&quot;0&quot;,&quot;shutter_speed&quot;:&quot;0&quot;,&quot;title&quot;:&quot;&quot;,&quot;orientation&quot;:&quot;0&quot;}\" data-image-title=\"IMG_6604_WR\" data-image-description=\"\" data-image-caption=\"&lt;p&gt;fot. Wojciech Roeding&lt;\/p&gt;\n\" data-medium-file=\"http:\/\/www.gdansk.baptysci.pl\/wp-content\/uploads\/2015\/02\/IMG_6604_WR-300x200.jpg\" data-large-file=\"http:\/\/www.gdansk.baptysci.pl\/wp-content\/uploads\/2015\/02\/IMG_6604_WR-1024x682.jpg\" srcset=\"https:\/\/i1.wp.com\/www.gdansk.baptysci.pl\/wp-content\/uploads\/2015\/02\/IMG_6604_WR-1024x682.jpg?strip=info&#038;w=600 600w,https:\/\/i1.wp.com\/www.gdansk.baptysci.pl\/wp-content\/uploads\/2015\/02\/IMG_6604_WR-1024x682.jpg?strip=info&#038;w=900 900w,https:\/\/i1.wp.com\/www.gdansk.baptysci.pl\/wp-content\/uploads\/2015\/02\/IMG_6604_WR-1024x682.jpg?strip=info&#038;w=1024 1024w\" alt=\"\" data-height=\"682\" data-id=\"1337\" data-link=\"http:\/\/www.gdansk.baptysci.pl\/index.php\/2015\/02\/22\/chrzest-wiary\/img_6604_wr\/\" data-url=\"http:\/\/www.gdansk.baptysci.pl\/wp-content\/uploads\/2015\/02\/IMG_6604_WR-1024x682.jpg\" data-width=\"1024\" src=\"https:\/\/i1.wp.com\/www.gdansk.baptysci.pl\/wp-content\/uploads\/2015\/02\/IMG_6604_WR-1024x682.jpg\" data-amp-layout=\"responsive\"\/><\/figure><\/div><div class=\"tiled-gallery__col\" style=\"flex-basis:30.18191%\"><figure class=\"tiled-gallery__item\"><img data-attachment-id=\"1338\" data-permalink=\"http:\/\/www.gdansk.baptysci.pl\/index.php\/2015\/03\/15\/chrzest-wiary\/img_6616_wr\/\" data-orig-file=\"http:\/\/www.gdansk.baptysci.pl\/wp-content\/uploads\/2015\/02\/IMG_6616_WR.jpg\" data-orig-size=\"497,768\" data-comments-opened=\"1\" data-image-meta=\"{&quot;aperture&quot;:&quot;0&quot;,&quot;credit&quot;:&quot;&quot;,&quot;camera&quot;:&quot;&quot;,&quot;caption&quot;:&quot;&quot;,&quot;created_timestamp&quot;:&quot;0&quot;,&quot;copyright&quot;:&quot;&quot;,&quot;focal_length&quot;:&quot;0&quot;,&quot;iso&quot;:&quot;0&quot;,&quot;shutter_speed&quot;:&quot;0&quot;,&quot;title&quot;:&quot;&quot;,&quot;orientation&quot;:&quot;0&quot;}\" data-image-title=\"IMG_6616_WR\" data-image-description=\"\" data-image-caption=\"&lt;p&gt;fot. Wojciech Roeding&lt;\/p&gt;\n\" data-medium-file=\"http:\/\/www.gdansk.baptysci.pl\/wp-content\/uploads\/2015\/02\/IMG_6616_WR-194x300.jpg\" data-large-file=\"http:\/\/www.gdansk.baptysci.pl\/wp-content\/uploads\/2015\/02\/IMG_6616_WR.jpg\" data-attachment-id=\"1338\" data-permalink=\"http:\/\/www.gdansk.baptysci.pl\/index.php\/2015\/03\/15\/chrzest-wiary\/img_6616_wr\/\" data-orig-file=\"http:\/\/www.gdansk.baptysci.pl\/wp-content\/uploads\/2015\/02\/IMG_6616_WR.jpg\" data-orig-size=\"497,768\" data-comments-opened=\"1\" data-image-meta=\"{&quot;aperture&quot;:&quot;0&quot;,&quot;credit&quot;:&quot;&quot;,&quot;camera&quot;:&quot;&quot;,&quot;caption&quot;:&quot;&quot;,&quot;created_timestamp&quot;:&quot;0&quot;,&quot;copyright&quot;:&quot;&quot;,&quot;focal_length&quot;:&quot;0&quot;,&quot;iso&quot;:&quot;0&quot;,&quot;shutter_speed&quot;:&quot;0&quot;,&quot;title&quot;:&quot;&quot;,&quot;orientation&quot;:&quot;0&quot;}\" data-image-title=\"IMG_6616_WR\" data-image-description=\"\" data-image-caption=\"&lt;p&gt;fot. Wojciech Roeding&lt;\/p&gt;\n\" data-medium-file=\"http:\/\/www.gdansk.baptysci.pl\/wp-content\/uploads\/2015\/02\/IMG_6616_WR-194x300.jpg\" data-large-file=\"http:\/\/www.gdansk.baptysci.pl\/wp-content\/uploads\/2015\/02\/IMG_6616_WR.jpg\" decoding=\"async\" data-attachment-id=\"1338\" data-permalink=\"http:\/\/www.gdansk.baptysci.pl\/index.php\/2015\/03\/15\/chrzest-wiary\/img_6616_wr\/\" data-orig-file=\"http:\/\/www.gdansk.baptysci.pl\/wp-content\/uploads\/2015\/02\/IMG_6616_WR.jpg\" data-orig-size=\"497,768\" data-comments-opened=\"1\" data-image-meta=\"{&quot;aperture&quot;:&quot;0&quot;,&quot;credit&quot;:&quot;&quot;,&quot;camera&quot;:&quot;&quot;,&quot;caption&quot;:&quot;&quot;,&quot;created_timestamp&quot;:&quot;0&quot;,&quot;copyright&quot;:&quot;&quot;,&quot;focal_length&quot;:&quot;0&quot;,&quot;iso&quot;:&quot;0&quot;,&quot;shutter_speed&quot;:&quot;0&quot;,&quot;title&quot;:&quot;&quot;,&quot;orientation&quot;:&quot;0&quot;}\" data-image-title=\"IMG_6616_WR\" data-image-description=\"\" data-image-caption=\"&lt;p&gt;fot. Wojciech Roeding&lt;\/p&gt;\n\" data-medium-file=\"http:\/\/www.gdansk.baptysci.pl\/wp-content\/uploads\/2015\/02\/IMG_6616_WR-194x300.jpg\" data-large-file=\"http:\/\/www.gdansk.baptysci.pl\/wp-content\/uploads\/2015\/02\/IMG_6616_WR.jpg\" srcset=\"https:\/\/i2.wp.com\/www.gdansk.baptysci.pl\/wp-content\/uploads\/2015\/02\/IMG_6616_WR.jpg?strip=info&#038;w=497 497w\" alt=\"\" data-height=\"768\" data-id=\"1338\" data-link=\"http:\/\/www.gdansk.baptysci.pl\/index.php\/2015\/02\/22\/chrzest-wiary\/img_6616_wr\/\" data-url=\"http:\/\/www.gdansk.baptysci.pl\/wp-content\/uploads\/2015\/02\/IMG_6616_WR.jpg\" data-width=\"497\" src=\"https:\/\/i2.wp.com\/www.gdansk.baptysci.pl\/wp-content\/uploads\/2015\/02\/IMG_6616_WR.jpg\" data-amp-layout=\"responsive\"\/><\/figure><\/div><\/div><div class=\"tiled-gallery__row\"><div class=\"tiled-gallery__col\" style=\"flex-basis:69.81809%\"><figure class=\"tiled-gallery__item\"><img data-attachment-id=\"1339\" data-permalink=\"http:\/\/www.gdansk.baptysci.pl\/index.php\/2015\/03\/15\/chrzest-wiary\/img_6617_wr\/\" data-orig-file=\"http:\/\/www.gdansk.baptysci.pl\/wp-content\/uploads\/2015\/02\/IMG_6617_WR.jpg\" data-orig-size=\"1024,682\" data-comments-opened=\"1\" data-image-meta=\"{&quot;aperture&quot;:&quot;0&quot;,&quot;credit&quot;:&quot;&quot;,&quot;camera&quot;:&quot;&quot;,&quot;caption&quot;:&quot;&quot;,&quot;created_timestamp&quot;:&quot;0&quot;,&quot;copyright&quot;:&quot;&quot;,&quot;focal_length&quot;:&quot;0&quot;,&quot;iso&quot;:&quot;0&quot;,&quot;shutter_speed&quot;:&quot;0&quot;,&quot;title&quot;:&quot;&quot;,&quot;orientation&quot;:&quot;0&quot;}\" data-image-title=\"IMG_6617_WR\" data-image-description=\"\" data-image-caption=\"&lt;p&gt;fot. Wojciech Roeding&lt;\/p&gt;\n\" data-medium-file=\"http:\/\/www.gdansk.baptysci.pl\/wp-content\/uploads\/2015\/02\/IMG_6617_WR-300x200.jpg\" data-large-file=\"http:\/\/www.gdansk.baptysci.pl\/wp-content\/uploads\/2015\/02\/IMG_6617_WR-1024x682.jpg\" data-attachment-id=\"1339\" data-permalink=\"http:\/\/www.gdansk.baptysci.pl\/index.php\/2015\/03\/15\/chrzest-wiary\/img_6617_wr\/\" data-orig-file=\"http:\/\/www.gdansk.baptysci.pl\/wp-content\/uploads\/2015\/02\/IMG_6617_WR.jpg\" data-orig-size=\"1024,682\" data-comments-opened=\"1\" data-image-meta=\"{&quot;aperture&quot;:&quot;0&quot;,&quot;credit&quot;:&quot;&quot;,&quot;camera&quot;:&quot;&quot;,&quot;caption&quot;:&quot;&quot;,&quot;created_timestamp&quot;:&quot;0&quot;,&quot;copyright&quot;:&quot;&quot;,&quot;focal_length&quot;:&quot;0&quot;,&quot;iso&quot;:&quot;0&quot;,&quot;shutter_speed&quot;:&quot;0&quot;,&quot;title&quot;:&quot;&quot;,&quot;orientation&quot;:&quot;0&quot;}\" data-image-title=\"IMG_6617_WR\" data-image-description=\"\" data-image-caption=\"&lt;p&gt;fot. Wojciech Roeding&lt;\/p&gt;\n\" data-medium-file=\"http:\/\/www.gdansk.baptysci.pl\/wp-content\/uploads\/2015\/02\/IMG_6617_WR-300x200.jpg\" data-large-file=\"http:\/\/www.gdansk.baptysci.pl\/wp-content\/uploads\/2015\/02\/IMG_6617_WR-1024x682.jpg\" decoding=\"async\" data-attachment-id=\"1339\" data-permalink=\"http:\/\/www.gdansk.baptysci.pl\/index.php\/2015\/03\/15\/chrzest-wiary\/img_6617_wr\/\" data-orig-file=\"http:\/\/www.gdansk.baptysci.pl\/wp-content\/uploads\/2015\/02\/IMG_6617_WR.jpg\" data-orig-size=\"1024,682\" data-comments-opened=\"1\" data-image-meta=\"{&quot;aperture&quot;:&quot;0&quot;,&quot;credit&quot;:&quot;&quot;,&quot;camera&quot;:&quot;&quot;,&quot;caption&quot;:&quot;&quot;,&quot;created_timestamp&quot;:&quot;0&quot;,&quot;copyright&quot;:&quot;&quot;,&quot;focal_length&quot;:&quot;0&quot;,&quot;iso&quot;:&quot;0&quot;,&quot;shutter_speed&quot;:&quot;0&quot;,&quot;title&quot;:&quot;&quot;,&quot;orientation&quot;:&quot;0&quot;}\" data-image-title=\"IMG_6617_WR\" data-image-description=\"\" data-image-caption=\"&lt;p&gt;fot. Wojciech Roeding&lt;\/p&gt;\n\" data-medium-file=\"http:\/\/www.gdansk.baptysci.pl\/wp-content\/uploads\/2015\/02\/IMG_6617_WR-300x200.jpg\" data-large-file=\"http:\/\/www.gdansk.baptysci.pl\/wp-content\/uploads\/2015\/02\/IMG_6617_WR-1024x682.jpg\" srcset=\"https:\/\/i0.wp.com\/www.gdansk.baptysci.pl\/wp-content\/uploads\/2015\/02\/IMG_6617_WR-1024x682.jpg?strip=info&#038;w=600 600w,https:\/\/i0.wp.com\/www.gdansk.baptysci.pl\/wp-content\/uploads\/2015\/02\/IMG_6617_WR-1024x682.jpg?strip=info&#038;w=900 900w,https:\/\/i0.wp.com\/www.gdansk.baptysci.pl\/wp-content\/uploads\/2015\/02\/IMG_6617_WR-1024x682.jpg?strip=info&#038;w=1024 1024w\" alt=\"\" data-height=\"682\" data-id=\"1339\" data-link=\"http:\/\/www.gdansk.baptysci.pl\/index.php\/2015\/02\/22\/chrzest-wiary\/img_6617_wr\/\" data-url=\"http:\/\/www.gdansk.baptysci.pl\/wp-content\/uploads\/2015\/02\/IMG_6617_WR-1024x682.jpg\" data-width=\"1024\" src=\"https:\/\/i0.wp.com\/www.gdansk.baptysci.pl\/wp-content\/uploads\/2015\/02\/IMG_6617_WR-1024x682.jpg\" data-amp-layout=\"responsive\"\/><\/figure><\/div><div class=\"tiled-gallery__col\" style=\"flex-basis:30.18191%\"><figure class=\"tiled-gallery__item\"><img data-attachment-id=\"1340\" data-permalink=\"http:\/\/www.gdansk.baptysci.pl\/index.php\/2015\/03\/15\/chrzest-wiary\/img_6618_wr\/\" data-orig-file=\"http:\/\/www.gdansk.baptysci.pl\/wp-content\/uploads\/2015\/02\/IMG_6618_WR.jpg\" data-orig-size=\"497,768\" data-comments-opened=\"1\" data-image-meta=\"{&quot;aperture&quot;:&quot;0&quot;,&quot;credit&quot;:&quot;&quot;,&quot;camera&quot;:&quot;&quot;,&quot;caption&quot;:&quot;&quot;,&quot;created_timestamp&quot;:&quot;0&quot;,&quot;copyright&quot;:&quot;&quot;,&quot;focal_length&quot;:&quot;0&quot;,&quot;iso&quot;:&quot;0&quot;,&quot;shutter_speed&quot;:&quot;0&quot;,&quot;title&quot;:&quot;&quot;,&quot;orientation&quot;:&quot;0&quot;}\" data-image-title=\"IMG_6618_WR\" data-image-description=\"\" data-image-caption=\"&lt;p&gt;fot. Wojciech Roeding&lt;\/p&gt;\n\" data-medium-file=\"http:\/\/www.gdansk.baptysci.pl\/wp-content\/uploads\/2015\/02\/IMG_6618_WR-194x300.jpg\" data-large-file=\"http:\/\/www.gdansk.baptysci.pl\/wp-content\/uploads\/2015\/02\/IMG_6618_WR.jpg\" data-attachment-id=\"1340\" data-permalink=\"http:\/\/www.gdansk.baptysci.pl\/index.php\/2015\/03\/15\/chrzest-wiary\/img_6618_wr\/\" data-orig-file=\"http:\/\/www.gdansk.baptysci.pl\/wp-content\/uploads\/2015\/02\/IMG_6618_WR.jpg\" data-orig-size=\"497,768\" data-comments-opened=\"1\" data-image-meta=\"{&quot;aperture&quot;:&quot;0&quot;,&quot;credit&quot;:&quot;&quot;,&quot;camera&quot;:&quot;&quot;,&quot;caption&quot;:&quot;&quot;,&quot;created_timestamp&quot;:&quot;0&quot;,&quot;copyright&quot;:&quot;&quot;,&quot;focal_length&quot;:&quot;0&quot;,&quot;iso&quot;:&quot;0&quot;,&quot;shutter_speed&quot;:&quot;0&quot;,&quot;title&quot;:&quot;&quot;,&quot;orientation&quot;:&quot;0&quot;}\" data-image-title=\"IMG_6618_WR\" data-image-description=\"\" data-image-caption=\"&lt;p&gt;fot. Wojciech Roeding&lt;\/p&gt;\n\" data-medium-file=\"http:\/\/www.gdansk.baptysci.pl\/wp-content\/uploads\/2015\/02\/IMG_6618_WR-194x300.jpg\" data-large-file=\"http:\/\/www.gdansk.baptysci.pl\/wp-content\/uploads\/2015\/02\/IMG_6618_WR.jpg\" decoding=\"async\" data-attachment-id=\"1340\" data-permalink=\"http:\/\/www.gdansk.baptysci.pl\/index.php\/2015\/03\/15\/chrzest-wiary\/img_6618_wr\/\" data-orig-file=\"http:\/\/www.gdansk.baptysci.pl\/wp-content\/uploads\/2015\/02\/IMG_6618_WR.jpg\" data-orig-size=\"497,768\" data-comments-opened=\"1\" data-image-meta=\"{&quot;aperture&quot;:&quot;0&quot;,&quot;credit&quot;:&quot;&quot;,&quot;camera&quot;:&quot;&quot;,&quot;caption&quot;:&quot;&quot;,&quot;created_timestamp&quot;:&quot;0&quot;,&quot;copyright&quot;:&quot;&quot;,&quot;focal_length&quot;:&quot;0&quot;,&quot;iso&quot;:&quot;0&quot;,&quot;shutter_speed&quot;:&quot;0&quot;,&quot;title&quot;:&quot;&quot;,&quot;orientation&quot;:&quot;0&quot;}\" data-image-title=\"IMG_6618_WR\" data-image-description=\"\" data-image-caption=\"&lt;p&gt;fot. Wojciech Roeding&lt;\/p&gt;\n\" data-medium-file=\"http:\/\/www.gdansk.baptysci.pl\/wp-content\/uploads\/2015\/02\/IMG_6618_WR-194x300.jpg\" data-large-file=\"http:\/\/www.gdansk.baptysci.pl\/wp-content\/uploads\/2015\/02\/IMG_6618_WR.jpg\" srcset=\"https:\/\/i1.wp.com\/www.gdansk.baptysci.pl\/wp-content\/uploads\/2015\/02\/IMG_6618_WR.jpg?strip=info&#038;w=497 497w\" alt=\"\" data-height=\"768\" data-id=\"1340\" data-link=\"http:\/\/www.gdansk.baptysci.pl\/index.php\/2015\/02\/22\/chrzest-wiary\/img_6618_wr\/\" data-url=\"http:\/\/www.gdansk.baptysci.pl\/wp-content\/uploads\/2015\/02\/IMG_6618_WR.jpg\" data-width=\"497\" src=\"https:\/\/i1.wp.com\/www.gdansk.baptysci.pl\/wp-content\/uploads\/2015\/02\/IMG_6618_WR.jpg\" data-amp-layout=\"responsive\"\/><\/figure><\/div><\/div><div class=\"tiled-gallery__row\"><div class=\"tiled-gallery__col\" style=\"flex-basis:67.27079%\"><figure class=\"tiled-gallery__item\"><img data-attachment-id=\"1341\" data-permalink=\"http:\/\/www.gdansk.baptysci.pl\/index.php\/2015\/03\/15\/chrzest-wiary\/img_6620_wr\/\" data-orig-file=\"http:\/\/www.gdansk.baptysci.pl\/wp-content\/uploads\/2015\/02\/IMG_6620_WR.jpg\" data-orig-size=\"1024,668\" data-comments-opened=\"1\" data-image-meta=\"{&quot;aperture&quot;:&quot;0&quot;,&quot;credit&quot;:&quot;&quot;,&quot;camera&quot;:&quot;&quot;,&quot;caption&quot;:&quot;&quot;,&quot;created_timestamp&quot;:&quot;0&quot;,&quot;copyright&quot;:&quot;&quot;,&quot;focal_length&quot;:&quot;0&quot;,&quot;iso&quot;:&quot;0&quot;,&quot;shutter_speed&quot;:&quot;0&quot;,&quot;title&quot;:&quot;&quot;,&quot;orientation&quot;:&quot;0&quot;}\" data-image-title=\"IMG_6620_WR\" data-image-description=\"\" data-image-caption=\"&lt;p&gt;fot. Wojciech Roeding&lt;\/p&gt;\n\" data-medium-file=\"http:\/\/www.gdansk.baptysci.pl\/wp-content\/uploads\/2015\/02\/IMG_6620_WR-300x196.jpg\" data-large-file=\"http:\/\/www.gdansk.baptysci.pl\/wp-content\/uploads\/2015\/02\/IMG_6620_WR-1024x668.jpg\" data-attachment-id=\"1341\" data-permalink=\"http:\/\/www.gdansk.baptysci.pl\/index.php\/2015\/03\/15\/chrzest-wiary\/img_6620_wr\/\" data-orig-file=\"http:\/\/www.gdansk.baptysci.pl\/wp-content\/uploads\/2015\/02\/IMG_6620_WR.jpg\" data-orig-size=\"1024,668\" data-comments-opened=\"1\" data-image-meta=\"{&quot;aperture&quot;:&quot;0&quot;,&quot;credit&quot;:&quot;&quot;,&quot;camera&quot;:&quot;&quot;,&quot;caption&quot;:&quot;&quot;,&quot;created_timestamp&quot;:&quot;0&quot;,&quot;copyright&quot;:&quot;&quot;,&quot;focal_length&quot;:&quot;0&quot;,&quot;iso&quot;:&quot;0&quot;,&quot;shutter_speed&quot;:&quot;0&quot;,&quot;title&quot;:&quot;&quot;,&quot;orientation&quot;:&quot;0&quot;}\" data-image-title=\"IMG_6620_WR\" data-image-description=\"\" data-image-caption=\"&lt;p&gt;fot. Wojciech Roeding&lt;\/p&gt;\n\" data-medium-file=\"http:\/\/www.gdansk.baptysci.pl\/wp-content\/uploads\/2015\/02\/IMG_6620_WR-300x196.jpg\" data-large-file=\"http:\/\/www.gdansk.baptysci.pl\/wp-content\/uploads\/2015\/02\/IMG_6620_WR-1024x668.jpg\" decoding=\"async\" data-attachment-id=\"1341\" data-permalink=\"http:\/\/www.gdansk.baptysci.pl\/index.php\/2015\/03\/15\/chrzest-wiary\/img_6620_wr\/\" data-orig-file=\"http:\/\/www.gdansk.baptysci.pl\/wp-content\/uploads\/2015\/02\/IMG_6620_WR.jpg\" data-orig-size=\"1024,668\" data-comments-opened=\"1\" data-image-meta=\"{&quot;aperture&quot;:&quot;0&quot;,&quot;credit&quot;:&quot;&quot;,&quot;camera&quot;:&quot;&quot;,&quot;caption&quot;:&quot;&quot;,&quot;created_timestamp&quot;:&quot;0&quot;,&quot;copyright&quot;:&quot;&quot;,&quot;focal_length&quot;:&quot;0&quot;,&quot;iso&quot;:&quot;0&quot;,&quot;shutter_speed&quot;:&quot;0&quot;,&quot;title&quot;:&quot;&quot;,&quot;orientation&quot;:&quot;0&quot;}\" data-image-title=\"IMG_6620_WR\" data-image-description=\"\" data-image-caption=\"&lt;p&gt;fot. Wojciech Roeding&lt;\/p&gt;\n\" data-medium-file=\"http:\/\/www.gdansk.baptysci.pl\/wp-content\/uploads\/2015\/02\/IMG_6620_WR-300x196.jpg\" data-large-file=\"http:\/\/www.gdansk.baptysci.pl\/wp-content\/uploads\/2015\/02\/IMG_6620_WR-1024x668.jpg\" srcset=\"https:\/\/i0.wp.com\/www.gdansk.baptysci.pl\/wp-content\/uploads\/2015\/02\/IMG_6620_WR-1024x668.jpg?strip=info&#038;w=600 600w,https:\/\/i0.wp.com\/www.gdansk.baptysci.pl\/wp-content\/uploads\/2015\/02\/IMG_6620_WR-1024x668.jpg?strip=info&#038;w=900 900w,https:\/\/i0.wp.com\/www.gdansk.baptysci.pl\/wp-content\/uploads\/2015\/02\/IMG_6620_WR-1024x668.jpg?strip=info&#038;w=1024 1024w\" alt=\"\" data-height=\"668\" data-id=\"1341\" data-link=\"http:\/\/www.gdansk.baptysci.pl\/index.php\/2015\/02\/22\/chrzest-wiary\/img_6620_wr\/\" data-url=\"http:\/\/www.gdansk.baptysci.pl\/wp-content\/uploads\/2015\/02\/IMG_6620_WR-1024x668.jpg\" data-width=\"1024\" src=\"https:\/\/i0.wp.com\/www.gdansk.baptysci.pl\/wp-content\/uploads\/2015\/02\/IMG_6620_WR-1024x668.jpg\" data-amp-layout=\"responsive\"\/><\/figure><\/div><div class=\"tiled-gallery__col\" style=\"flex-basis:32.72921%\"><figure class=\"tiled-gallery__item\"><img data-attachment-id=\"1342\" data-permalink=\"http:\/\/www.gdansk.baptysci.pl\/index.php\/2015\/03\/15\/chrzest-wiary\/img_6621_wr\/\" data-orig-file=\"http:\/\/www.gdansk.baptysci.pl\/wp-content\/uploads\/2015\/02\/IMG_6621_WR.jpg\" data-orig-size=\"1024,682\" data-comments-opened=\"1\" data-image-meta=\"{&quot;aperture&quot;:&quot;0&quot;,&quot;credit&quot;:&quot;&quot;,&quot;camera&quot;:&quot;&quot;,&quot;caption&quot;:&quot;&quot;,&quot;created_timestamp&quot;:&quot;0&quot;,&quot;copyright&quot;:&quot;&quot;,&quot;focal_length&quot;:&quot;0&quot;,&quot;iso&quot;:&quot;0&quot;,&quot;shutter_speed&quot;:&quot;0&quot;,&quot;title&quot;:&quot;&quot;,&quot;orientation&quot;:&quot;0&quot;}\" data-image-title=\"IMG_6621_WR\" data-image-description=\"\" data-image-caption=\"&lt;p&gt;fot. Wojciech Roeding&lt;\/p&gt;\n\" data-medium-file=\"http:\/\/www.gdansk.baptysci.pl\/wp-content\/uploads\/2015\/02\/IMG_6621_WR-300x200.jpg\" data-large-file=\"http:\/\/www.gdansk.baptysci.pl\/wp-content\/uploads\/2015\/02\/IMG_6621_WR-1024x682.jpg\" data-attachment-id=\"1342\" data-permalink=\"http:\/\/www.gdansk.baptysci.pl\/index.php\/2015\/03\/15\/chrzest-wiary\/img_6621_wr\/\" data-orig-file=\"http:\/\/www.gdansk.baptysci.pl\/wp-content\/uploads\/2015\/02\/IMG_6621_WR.jpg\" data-orig-size=\"1024,682\" data-comments-opened=\"1\" data-image-meta=\"{&quot;aperture&quot;:&quot;0&quot;,&quot;credit&quot;:&quot;&quot;,&quot;camera&quot;:&quot;&quot;,&quot;caption&quot;:&quot;&quot;,&quot;created_timestamp&quot;:&quot;0&quot;,&quot;copyright&quot;:&quot;&quot;,&quot;focal_length&quot;:&quot;0&quot;,&quot;iso&quot;:&quot;0&quot;,&quot;shutter_speed&quot;:&quot;0&quot;,&quot;title&quot;:&quot;&quot;,&quot;orientation&quot;:&quot;0&quot;}\" data-image-title=\"IMG_6621_WR\" data-image-description=\"\" data-image-caption=\"&lt;p&gt;fot. Wojciech Roeding&lt;\/p&gt;\n\" data-medium-file=\"http:\/\/www.gdansk.baptysci.pl\/wp-content\/uploads\/2015\/02\/IMG_6621_WR-300x200.jpg\" data-large-file=\"http:\/\/www.gdansk.baptysci.pl\/wp-content\/uploads\/2015\/02\/IMG_6621_WR-1024x682.jpg\" decoding=\"async\" data-attachment-id=\"1342\" data-permalink=\"http:\/\/www.gdansk.baptysci.pl\/index.php\/2015\/03\/15\/chrzest-wiary\/img_6621_wr\/\" data-orig-file=\"http:\/\/www.gdansk.baptysci.pl\/wp-content\/uploads\/2015\/02\/IMG_6621_WR.jpg\" data-orig-size=\"1024,682\" data-comments-opened=\"1\" data-image-meta=\"{&quot;aperture&quot;:&quot;0&quot;,&quot;credit&quot;:&quot;&quot;,&quot;camera&quot;:&quot;&quot;,&quot;caption&quot;:&quot;&quot;,&quot;created_timestamp&quot;:&quot;0&quot;,&quot;copyright&quot;:&quot;&quot;,&quot;focal_length&quot;:&quot;0&quot;,&quot;iso&quot;:&quot;0&quot;,&quot;shutter_speed&quot;:&quot;0&quot;,&quot;title&quot;:&quot;&quot;,&quot;orientation&quot;:&quot;0&quot;}\" data-image-title=\"IMG_6621_WR\" data-image-description=\"\" data-image-caption=\"&lt;p&gt;fot. Wojciech Roeding&lt;\/p&gt;\n\" data-medium-file=\"http:\/\/www.gdansk.baptysci.pl\/wp-content\/uploads\/2015\/02\/IMG_6621_WR-300x200.jpg\" data-large-file=\"http:\/\/www.gdansk.baptysci.pl\/wp-content\/uploads\/2015\/02\/IMG_6621_WR-1024x682.jpg\" srcset=\"https:\/\/i2.wp.com\/www.gdansk.baptysci.pl\/wp-content\/uploads\/2015\/02\/IMG_6621_WR-1024x682.jpg?strip=info&#038;w=600 600w,https:\/\/i2.wp.com\/www.gdansk.baptysci.pl\/wp-content\/uploads\/2015\/02\/IMG_6621_WR-1024x682.jpg?strip=info&#038;w=900 900w,https:\/\/i2.wp.com\/www.gdansk.baptysci.pl\/wp-content\/uploads\/2015\/02\/IMG_6621_WR-1024x682.jpg?strip=info&#038;w=1024 1024w\" alt=\"\" data-height=\"682\" data-id=\"1342\" data-link=\"http:\/\/www.gdansk.baptysci.pl\/index.php\/2015\/02\/22\/chrzest-wiary\/img_6621_wr\/\" data-url=\"http:\/\/www.gdansk.baptysci.pl\/wp-content\/uploads\/2015\/02\/IMG_6621_WR-1024x682.jpg\" data-width=\"1024\" src=\"https:\/\/i2.wp.com\/www.gdansk.baptysci.pl\/wp-content\/uploads\/2015\/02\/IMG_6621_WR-1024x682.jpg\" data-amp-layout=\"responsive\"\/><\/figure><figure class=\"tiled-gallery__item\"><img data-attachment-id=\"1343\" data-permalink=\"http:\/\/www.gdansk.baptysci.pl\/index.php\/2015\/03\/15\/chrzest-wiary\/img_6623_wr\/\" data-orig-file=\"http:\/\/www.gdansk.baptysci.pl\/wp-content\/uploads\/2015\/02\/IMG_6623_WR.jpg\" data-orig-size=\"1024,682\" data-comments-opened=\"1\" data-image-meta=\"{&quot;aperture&quot;:&quot;0&quot;,&quot;credit&quot;:&quot;&quot;,&quot;camera&quot;:&quot;&quot;,&quot;caption&quot;:&quot;&quot;,&quot;created_timestamp&quot;:&quot;0&quot;,&quot;copyright&quot;:&quot;&quot;,&quot;focal_length&quot;:&quot;0&quot;,&quot;iso&quot;:&quot;0&quot;,&quot;shutter_speed&quot;:&quot;0&quot;,&quot;title&quot;:&quot;&quot;,&quot;orientation&quot;:&quot;0&quot;}\" data-image-title=\"IMG_6623_WR\" data-image-description=\"\" data-image-caption=\"&lt;p&gt;fot. Wojciech Roeding&lt;\/p&gt;\n\" data-medium-file=\"http:\/\/www.gdansk.baptysci.pl\/wp-content\/uploads\/2015\/02\/IMG_6623_WR-300x200.jpg\" data-large-file=\"http:\/\/www.gdansk.baptysci.pl\/wp-content\/uploads\/2015\/02\/IMG_6623_WR-1024x682.jpg\" data-attachment-id=\"1343\" data-permalink=\"http:\/\/www.gdansk.baptysci.pl\/index.php\/2015\/03\/15\/chrzest-wiary\/img_6623_wr\/\" data-orig-file=\"http:\/\/www.gdansk.baptysci.pl\/wp-content\/uploads\/2015\/02\/IMG_6623_WR.jpg\" data-orig-size=\"1024,682\" data-comments-opened=\"1\" data-image-meta=\"{&quot;aperture&quot;:&quot;0&quot;,&quot;credit&quot;:&quot;&quot;,&quot;camera&quot;:&quot;&quot;,&quot;caption&quot;:&quot;&quot;,&quot;created_timestamp&quot;:&quot;0&quot;,&quot;copyright&quot;:&quot;&quot;,&quot;focal_length&quot;:&quot;0&quot;,&quot;iso&quot;:&quot;0&quot;,&quot;shutter_speed&quot;:&quot;0&quot;,&quot;title&quot;:&quot;&quot;,&quot;orientation&quot;:&quot;0&quot;}\" data-image-title=\"IMG_6623_WR\" data-image-description=\"\" data-image-caption=\"&lt;p&gt;fot. Wojciech Roeding&lt;\/p&gt;\n\" data-medium-file=\"http:\/\/www.gdansk.baptysci.pl\/wp-content\/uploads\/2015\/02\/IMG_6623_WR-300x200.jpg\" data-large-file=\"http:\/\/www.gdansk.baptysci.pl\/wp-content\/uploads\/2015\/02\/IMG_6623_WR-1024x682.jpg\" decoding=\"async\" data-attachment-id=\"1343\" data-permalink=\"http:\/\/www.gdansk.baptysci.pl\/index.php\/2015\/03\/15\/chrzest-wiary\/img_6623_wr\/\" data-orig-file=\"http:\/\/www.gdansk.baptysci.pl\/wp-content\/uploads\/2015\/02\/IMG_6623_WR.jpg\" data-orig-size=\"1024,682\" data-comments-opened=\"1\" data-image-meta=\"{&quot;aperture&quot;:&quot;0&quot;,&quot;credit&quot;:&quot;&quot;,&quot;camera&quot;:&quot;&quot;,&quot;caption&quot;:&quot;&quot;,&quot;created_timestamp&quot;:&quot;0&quot;,&quot;copyright&quot;:&quot;&quot;,&quot;focal_length&quot;:&quot;0&quot;,&quot;iso&quot;:&quot;0&quot;,&quot;shutter_speed&quot;:&quot;0&quot;,&quot;title&quot;:&quot;&quot;,&quot;orientation&quot;:&quot;0&quot;}\" data-image-title=\"IMG_6623_WR\" data-image-description=\"\" data-image-caption=\"&lt;p&gt;fot. Wojciech Roeding&lt;\/p&gt;\n\" data-medium-file=\"http:\/\/www.gdansk.baptysci.pl\/wp-content\/uploads\/2015\/02\/IMG_6623_WR-300x200.jpg\" data-large-file=\"http:\/\/www.gdansk.baptysci.pl\/wp-content\/uploads\/2015\/02\/IMG_6623_WR-1024x682.jpg\" srcset=\"https:\/\/i1.wp.com\/www.gdansk.baptysci.pl\/wp-content\/uploads\/2015\/02\/IMG_6623_WR-1024x682.jpg?strip=info&#038;w=600 600w,https:\/\/i1.wp.com\/www.gdansk.baptysci.pl\/wp-content\/uploads\/2015\/02\/IMG_6623_WR-1024x682.jpg?strip=info&#038;w=900 900w,https:\/\/i1.wp.com\/www.gdansk.baptysci.pl\/wp-content\/uploads\/2015\/02\/IMG_6623_WR-1024x682.jpg?strip=info&#038;w=1024 1024w\" alt=\"\" data-height=\"682\" data-id=\"1343\" data-link=\"http:\/\/www.gdansk.baptysci.pl\/index.php\/2015\/02\/22\/chrzest-wiary\/img_6623_wr\/\" data-url=\"http:\/\/www.gdansk.baptysci.pl\/wp-content\/uploads\/2015\/02\/IMG_6623_WR-1024x682.jpg\" data-width=\"1024\" src=\"https:\/\/i1.wp.com\/www.gdansk.baptysci.pl\/wp-content\/uploads\/2015\/02\/IMG_6623_WR-1024x682.jpg\" data-amp-layout=\"responsive\"\/><\/figure><\/div><\/div><div class=\"tiled-gallery__row\"><div class=\"tiled-gallery__col\" style=\"flex-basis:69.19001%\"><figure class=\"tiled-gallery__item\"><img data-attachment-id=\"1344\" data-permalink=\"http:\/\/www.gdansk.baptysci.pl\/index.php\/2015\/03\/15\/chrzest-wiary\/img_6626_wr\/\" data-orig-file=\"http:\/\/www.gdansk.baptysci.pl\/wp-content\/uploads\/2015\/02\/IMG_6626_WR.jpg\" data-orig-size=\"1024,682\" data-comments-opened=\"1\" data-image-meta=\"{&quot;aperture&quot;:&quot;0&quot;,&quot;credit&quot;:&quot;&quot;,&quot;camera&quot;:&quot;&quot;,&quot;caption&quot;:&quot;&quot;,&quot;created_timestamp&quot;:&quot;0&quot;,&quot;copyright&quot;:&quot;&quot;,&quot;focal_length&quot;:&quot;0&quot;,&quot;iso&quot;:&quot;0&quot;,&quot;shutter_speed&quot;:&quot;0&quot;,&quot;title&quot;:&quot;&quot;,&quot;orientation&quot;:&quot;0&quot;}\" data-image-title=\"IMG_6626_WR\" data-image-description=\"\" data-image-caption=\"&lt;p&gt;fot. Wojciech Roeding&lt;\/p&gt;\n\" data-medium-file=\"http:\/\/www.gdansk.baptysci.pl\/wp-content\/uploads\/2015\/02\/IMG_6626_WR-300x200.jpg\" data-large-file=\"http:\/\/www.gdansk.baptysci.pl\/wp-content\/uploads\/2015\/02\/IMG_6626_WR-1024x682.jpg\" data-attachment-id=\"1344\" data-permalink=\"http:\/\/www.gdansk.baptysci.pl\/index.php\/2015\/03\/15\/chrzest-wiary\/img_6626_wr\/\" data-orig-file=\"http:\/\/www.gdansk.baptysci.pl\/wp-content\/uploads\/2015\/02\/IMG_6626_WR.jpg\" data-orig-size=\"1024,682\" data-comments-opened=\"1\" data-image-meta=\"{&quot;aperture&quot;:&quot;0&quot;,&quot;credit&quot;:&quot;&quot;,&quot;camera&quot;:&quot;&quot;,&quot;caption&quot;:&quot;&quot;,&quot;created_timestamp&quot;:&quot;0&quot;,&quot;copyright&quot;:&quot;&quot;,&quot;focal_length&quot;:&quot;0&quot;,&quot;iso&quot;:&quot;0&quot;,&quot;shutter_speed&quot;:&quot;0&quot;,&quot;title&quot;:&quot;&quot;,&quot;orientation&quot;:&quot;0&quot;}\" data-image-title=\"IMG_6626_WR\" data-image-description=\"\" data-image-caption=\"&lt;p&gt;fot. Wojciech Roeding&lt;\/p&gt;\n\" data-medium-file=\"http:\/\/www.gdansk.baptysci.pl\/wp-content\/uploads\/2015\/02\/IMG_6626_WR-300x200.jpg\" data-large-file=\"http:\/\/www.gdansk.baptysci.pl\/wp-content\/uploads\/2015\/02\/IMG_6626_WR-1024x682.jpg\" decoding=\"async\" data-attachment-id=\"1344\" data-permalink=\"http:\/\/www.gdansk.baptysci.pl\/index.php\/2015\/03\/15\/chrzest-wiary\/img_6626_wr\/\" data-orig-file=\"http:\/\/www.gdansk.baptysci.pl\/wp-content\/uploads\/2015\/02\/IMG_6626_WR.jpg\" data-orig-size=\"1024,682\" data-comments-opened=\"1\" data-image-meta=\"{&quot;aperture&quot;:&quot;0&quot;,&quot;credit&quot;:&quot;&quot;,&quot;camera&quot;:&quot;&quot;,&quot;caption&quot;:&quot;&quot;,&quot;created_timestamp&quot;:&quot;0&quot;,&quot;copyright&quot;:&quot;&quot;,&quot;focal_length&quot;:&quot;0&quot;,&quot;iso&quot;:&quot;0&quot;,&quot;shutter_speed&quot;:&quot;0&quot;,&quot;title&quot;:&quot;&quot;,&quot;orientation&quot;:&quot;0&quot;}\" data-image-title=\"IMG_6626_WR\" data-image-description=\"\" data-image-caption=\"&lt;p&gt;fot. Wojciech Roeding&lt;\/p&gt;\n\" data-medium-file=\"http:\/\/www.gdansk.baptysci.pl\/wp-content\/uploads\/2015\/02\/IMG_6626_WR-300x200.jpg\" data-large-file=\"http:\/\/www.gdansk.baptysci.pl\/wp-content\/uploads\/2015\/02\/IMG_6626_WR-1024x682.jpg\" srcset=\"https:\/\/i0.wp.com\/www.gdansk.baptysci.pl\/wp-content\/uploads\/2015\/02\/IMG_6626_WR-1024x682.jpg?strip=info&#038;w=600 600w,https:\/\/i0.wp.com\/www.gdansk.baptysci.pl\/wp-content\/uploads\/2015\/02\/IMG_6626_WR-1024x682.jpg?strip=info&#038;w=900 900w,https:\/\/i0.wp.com\/www.gdansk.baptysci.pl\/wp-content\/uploads\/2015\/02\/IMG_6626_WR-1024x682.jpg?strip=info&#038;w=1024 1024w\" alt=\"\" data-height=\"682\" data-id=\"1344\" data-link=\"http:\/\/www.gdansk.baptysci.pl\/index.php\/2015\/02\/22\/chrzest-wiary\/img_6626_wr\/\" data-url=\"http:\/\/www.gdansk.baptysci.pl\/wp-content\/uploads\/2015\/02\/IMG_6626_WR-1024x682.jpg\" data-width=\"1024\" src=\"https:\/\/i0.wp.com\/www.gdansk.baptysci.pl\/wp-content\/uploads\/2015\/02\/IMG_6626_WR-1024x682.jpg\" data-amp-layout=\"responsive\"\/><\/figure><\/div><div class=\"tiled-gallery__col\" style=\"flex-basis:30.80999%\"><figure class=\"tiled-gallery__item\"><img data-attachment-id=\"1345\" data-permalink=\"http:\/\/www.gdansk.baptysci.pl\/index.php\/2015\/03\/15\/chrzest-wiary\/img_6629_wr\/\" data-orig-file=\"http:\/\/www.gdansk.baptysci.pl\/wp-content\/uploads\/2015\/02\/IMG_6629_WR.jpg\" data-orig-size=\"512,768\" data-comments-opened=\"1\" data-image-meta=\"{&quot;aperture&quot;:&quot;0&quot;,&quot;credit&quot;:&quot;&quot;,&quot;camera&quot;:&quot;&quot;,&quot;caption&quot;:&quot;&quot;,&quot;created_timestamp&quot;:&quot;0&quot;,&quot;copyright&quot;:&quot;&quot;,&quot;focal_length&quot;:&quot;0&quot;,&quot;iso&quot;:&quot;0&quot;,&quot;shutter_speed&quot;:&quot;0&quot;,&quot;title&quot;:&quot;&quot;,&quot;orientation&quot;:&quot;0&quot;}\" data-image-title=\"IMG_6629_WR\" data-image-description=\"\" data-image-caption=\"&lt;p&gt;fot. Wojciech Roeding&lt;\/p&gt;\n\" data-medium-file=\"http:\/\/www.gdansk.baptysci.pl\/wp-content\/uploads\/2015\/02\/IMG_6629_WR-200x300.jpg\" data-large-file=\"http:\/\/www.gdansk.baptysci.pl\/wp-content\/uploads\/2015\/02\/IMG_6629_WR.jpg\" data-attachment-id=\"1345\" data-permalink=\"http:\/\/www.gdansk.baptysci.pl\/index.php\/2015\/03\/15\/chrzest-wiary\/img_6629_wr\/\" data-orig-file=\"http:\/\/www.gdansk.baptysci.pl\/wp-content\/uploads\/2015\/02\/IMG_6629_WR.jpg\" data-orig-size=\"512,768\" data-comments-opened=\"1\" data-image-meta=\"{&quot;aperture&quot;:&quot;0&quot;,&quot;credit&quot;:&quot;&quot;,&quot;camera&quot;:&quot;&quot;,&quot;caption&quot;:&quot;&quot;,&quot;created_timestamp&quot;:&quot;0&quot;,&quot;copyright&quot;:&quot;&quot;,&quot;focal_length&quot;:&quot;0&quot;,&quot;iso&quot;:&quot;0&quot;,&quot;shutter_speed&quot;:&quot;0&quot;,&quot;title&quot;:&quot;&quot;,&quot;orientation&quot;:&quot;0&quot;}\" data-image-title=\"IMG_6629_WR\" data-image-description=\"\" data-image-caption=\"&lt;p&gt;fot. Wojciech Roeding&lt;\/p&gt;\n\" data-medium-file=\"http:\/\/www.gdansk.baptysci.pl\/wp-content\/uploads\/2015\/02\/IMG_6629_WR-200x300.jpg\" data-large-file=\"http:\/\/www.gdansk.baptysci.pl\/wp-content\/uploads\/2015\/02\/IMG_6629_WR.jpg\" decoding=\"async\" data-attachment-id=\"1345\" data-permalink=\"http:\/\/www.gdansk.baptysci.pl\/index.php\/2015\/03\/15\/chrzest-wiary\/img_6629_wr\/\" data-orig-file=\"http:\/\/www.gdansk.baptysci.pl\/wp-content\/uploads\/2015\/02\/IMG_6629_WR.jpg\" data-orig-size=\"512,768\" data-comments-opened=\"1\" data-image-meta=\"{&quot;aperture&quot;:&quot;0&quot;,&quot;credit&quot;:&quot;&quot;,&quot;camera&quot;:&quot;&quot;,&quot;caption&quot;:&quot;&quot;,&quot;created_timestamp&quot;:&quot;0&quot;,&quot;copyright&quot;:&quot;&quot;,&quot;focal_length&quot;:&quot;0&quot;,&quot;iso&quot;:&quot;0&quot;,&quot;shutter_speed&quot;:&quot;0&quot;,&quot;title&quot;:&quot;&quot;,&quot;orientation&quot;:&quot;0&quot;}\" data-image-title=\"IMG_6629_WR\" data-image-description=\"\" data-image-caption=\"&lt;p&gt;fot. Wojciech Roeding&lt;\/p&gt;\n\" data-medium-file=\"http:\/\/www.gdansk.baptysci.pl\/wp-content\/uploads\/2015\/02\/IMG_6629_WR-200x300.jpg\" data-large-file=\"http:\/\/www.gdansk.baptysci.pl\/wp-content\/uploads\/2015\/02\/IMG_6629_WR.jpg\" srcset=\"https:\/\/i0.wp.com\/www.gdansk.baptysci.pl\/wp-content\/uploads\/2015\/02\/IMG_6629_WR.jpg?strip=info&#038;w=512 512w\" alt=\"\" data-height=\"768\" data-id=\"1345\" data-link=\"http:\/\/www.gdansk.baptysci.pl\/index.php\/2015\/02\/22\/chrzest-wiary\/img_6629_wr\/\" data-url=\"http:\/\/www.gdansk.baptysci.pl\/wp-content\/uploads\/2015\/02\/IMG_6629_WR.jpg\" data-width=\"512\" src=\"https:\/\/i0.wp.com\/www.gdansk.baptysci.pl\/wp-content\/uploads\/2015\/02\/IMG_6629_WR.jpg\" data-amp-layout=\"responsive\"\/><\/figure><\/div><\/div><div class=\"tiled-gallery__row\"><div class=\"tiled-gallery__col\" style=\"flex-basis:19.17686%\"><figure class=\"tiled-gallery__item\"><img data-attachment-id=\"1346\" data-permalink=\"http:\/\/www.gdansk.baptysci.pl\/index.php\/2015\/03\/15\/chrzest-wiary\/img_6630_wr\/\" data-orig-file=\"http:\/\/www.gdansk.baptysci.pl\/wp-content\/uploads\/2015\/02\/IMG_6630_WR.jpg\" data-orig-size=\"512,768\" data-comments-opened=\"1\" data-image-meta=\"{&quot;aperture&quot;:&quot;0&quot;,&quot;credit&quot;:&quot;&quot;,&quot;camera&quot;:&quot;&quot;,&quot;caption&quot;:&quot;&quot;,&quot;created_timestamp&quot;:&quot;0&quot;,&quot;copyright&quot;:&quot;&quot;,&quot;focal_length&quot;:&quot;0&quot;,&quot;iso&quot;:&quot;0&quot;,&quot;shutter_speed&quot;:&quot;0&quot;,&quot;title&quot;:&quot;&quot;,&quot;orientation&quot;:&quot;0&quot;}\" data-image-title=\"IMG_6630_WR\" data-image-description=\"\" data-image-caption=\"&lt;p&gt;fot. Wojciech Roeding&lt;\/p&gt;\n\" data-medium-file=\"http:\/\/www.gdansk.baptysci.pl\/wp-content\/uploads\/2015\/02\/IMG_6630_WR-200x300.jpg\" data-large-file=\"http:\/\/www.gdansk.baptysci.pl\/wp-content\/uploads\/2015\/02\/IMG_6630_WR.jpg\" data-attachment-id=\"1346\" data-permalink=\"http:\/\/www.gdansk.baptysci.pl\/index.php\/2015\/03\/15\/chrzest-wiary\/img_6630_wr\/\" data-orig-file=\"http:\/\/www.gdansk.baptysci.pl\/wp-content\/uploads\/2015\/02\/IMG_6630_WR.jpg\" data-orig-size=\"512,768\" data-comments-opened=\"1\" data-image-meta=\"{&quot;aperture&quot;:&quot;0&quot;,&quot;credit&quot;:&quot;&quot;,&quot;camera&quot;:&quot;&quot;,&quot;caption&quot;:&quot;&quot;,&quot;created_timestamp&quot;:&quot;0&quot;,&quot;copyright&quot;:&quot;&quot;,&quot;focal_length&quot;:&quot;0&quot;,&quot;iso&quot;:&quot;0&quot;,&quot;shutter_speed&quot;:&quot;0&quot;,&quot;title&quot;:&quot;&quot;,&quot;orientation&quot;:&quot;0&quot;}\" data-image-title=\"IMG_6630_WR\" data-image-description=\"\" data-image-caption=\"&lt;p&gt;fot. Wojciech Roeding&lt;\/p&gt;\n\" data-medium-file=\"http:\/\/www.gdansk.baptysci.pl\/wp-content\/uploads\/2015\/02\/IMG_6630_WR-200x300.jpg\" data-large-file=\"http:\/\/www.gdansk.baptysci.pl\/wp-content\/uploads\/2015\/02\/IMG_6630_WR.jpg\" decoding=\"async\" data-attachment-id=\"1346\" data-permalink=\"http:\/\/www.gdansk.baptysci.pl\/index.php\/2015\/03\/15\/chrzest-wiary\/img_6630_wr\/\" data-orig-file=\"http:\/\/www.gdansk.baptysci.pl\/wp-content\/uploads\/2015\/02\/IMG_6630_WR.jpg\" data-orig-size=\"512,768\" data-comments-opened=\"1\" data-image-meta=\"{&quot;aperture&quot;:&quot;0&quot;,&quot;credit&quot;:&quot;&quot;,&quot;camera&quot;:&quot;&quot;,&quot;caption&quot;:&quot;&quot;,&quot;created_timestamp&quot;:&quot;0&quot;,&quot;copyright&quot;:&quot;&quot;,&quot;focal_length&quot;:&quot;0&quot;,&quot;iso&quot;:&quot;0&quot;,&quot;shutter_speed&quot;:&quot;0&quot;,&quot;title&quot;:&quot;&quot;,&quot;orientation&quot;:&quot;0&quot;}\" data-image-title=\"IMG_6630_WR\" data-image-description=\"\" data-image-caption=\"&lt;p&gt;fot. Wojciech Roeding&lt;\/p&gt;\n\" data-medium-file=\"http:\/\/www.gdansk.baptysci.pl\/wp-content\/uploads\/2015\/02\/IMG_6630_WR-200x300.jpg\" data-large-file=\"http:\/\/www.gdansk.baptysci.pl\/wp-content\/uploads\/2015\/02\/IMG_6630_WR.jpg\" srcset=\"https:\/\/i2.wp.com\/www.gdansk.baptysci.pl\/wp-content\/uploads\/2015\/02\/IMG_6630_WR.jpg?strip=info&#038;w=512 512w\" alt=\"\" data-height=\"768\" data-id=\"1346\" data-link=\"http:\/\/www.gdansk.baptysci.pl\/index.php\/2015\/02\/22\/chrzest-wiary\/img_6630_wr\/\" data-url=\"http:\/\/www.gdansk.baptysci.pl\/wp-content\/uploads\/2015\/02\/IMG_6630_WR.jpg\" data-width=\"512\" src=\"https:\/\/i2.wp.com\/www.gdansk.baptysci.pl\/wp-content\/uploads\/2015\/02\/IMG_6630_WR.jpg\" data-amp-layout=\"responsive\"\/><\/figure><\/div><div class=\"tiled-gallery__col\" style=\"flex-basis:43.02743%\"><figure class=\"tiled-gallery__item\"><img data-attachment-id=\"1347\" data-permalink=\"http:\/\/www.gdansk.baptysci.pl\/index.php\/2015\/03\/15\/chrzest-wiary\/img_6636_wr\/\" data-orig-file=\"http:\/\/www.gdansk.baptysci.pl\/wp-content\/uploads\/2015\/02\/IMG_6636_WR.jpg\" data-orig-size=\"1024,682\" data-comments-opened=\"1\" data-image-meta=\"{&quot;aperture&quot;:&quot;0&quot;,&quot;credit&quot;:&quot;&quot;,&quot;camera&quot;:&quot;&quot;,&quot;caption&quot;:&quot;&quot;,&quot;created_timestamp&quot;:&quot;0&quot;,&quot;copyright&quot;:&quot;&quot;,&quot;focal_length&quot;:&quot;0&quot;,&quot;iso&quot;:&quot;0&quot;,&quot;shutter_speed&quot;:&quot;0&quot;,&quot;title&quot;:&quot;&quot;,&quot;orientation&quot;:&quot;0&quot;}\" data-image-title=\"IMG_6636_WR\" data-image-description=\"\" data-image-caption=\"&lt;p&gt;fot. Wojciech Roeding&lt;\/p&gt;\n\" data-medium-file=\"http:\/\/www.gdansk.baptysci.pl\/wp-content\/uploads\/2015\/02\/IMG_6636_WR-300x200.jpg\" data-large-file=\"http:\/\/www.gdansk.baptysci.pl\/wp-content\/uploads\/2015\/02\/IMG_6636_WR-1024x682.jpg\" data-attachment-id=\"1347\" data-permalink=\"http:\/\/www.gdansk.baptysci.pl\/index.php\/2015\/03\/15\/chrzest-wiary\/img_6636_wr\/\" data-orig-file=\"http:\/\/www.gdansk.baptysci.pl\/wp-content\/uploads\/2015\/02\/IMG_6636_WR.jpg\" data-orig-size=\"1024,682\" data-comments-opened=\"1\" data-image-meta=\"{&quot;aperture&quot;:&quot;0&quot;,&quot;credit&quot;:&quot;&quot;,&quot;camera&quot;:&quot;&quot;,&quot;caption&quot;:&quot;&quot;,&quot;created_timestamp&quot;:&quot;0&quot;,&quot;copyright&quot;:&quot;&quot;,&quot;focal_length&quot;:&quot;0&quot;,&quot;iso&quot;:&quot;0&quot;,&quot;shutter_speed&quot;:&quot;0&quot;,&quot;title&quot;:&quot;&quot;,&quot;orientation&quot;:&quot;0&quot;}\" data-image-title=\"IMG_6636_WR\" data-image-description=\"\" data-image-caption=\"&lt;p&gt;fot. Wojciech Roeding&lt;\/p&gt;\n\" data-medium-file=\"http:\/\/www.gdansk.baptysci.pl\/wp-content\/uploads\/2015\/02\/IMG_6636_WR-300x200.jpg\" data-large-file=\"http:\/\/www.gdansk.baptysci.pl\/wp-content\/uploads\/2015\/02\/IMG_6636_WR-1024x682.jpg\" decoding=\"async\" data-attachment-id=\"1347\" data-permalink=\"http:\/\/www.gdansk.baptysci.pl\/index.php\/2015\/03\/15\/chrzest-wiary\/img_6636_wr\/\" data-orig-file=\"http:\/\/www.gdansk.baptysci.pl\/wp-content\/uploads\/2015\/02\/IMG_6636_WR.jpg\" data-orig-size=\"1024,682\" data-comments-opened=\"1\" data-image-meta=\"{&quot;aperture&quot;:&quot;0&quot;,&quot;credit&quot;:&quot;&quot;,&quot;camera&quot;:&quot;&quot;,&quot;caption&quot;:&quot;&quot;,&quot;created_timestamp&quot;:&quot;0&quot;,&quot;copyright&quot;:&quot;&quot;,&quot;focal_length&quot;:&quot;0&quot;,&quot;iso&quot;:&quot;0&quot;,&quot;shutter_speed&quot;:&quot;0&quot;,&quot;title&quot;:&quot;&quot;,&quot;orientation&quot;:&quot;0&quot;}\" data-image-title=\"IMG_6636_WR\" data-image-description=\"\" data-image-caption=\"&lt;p&gt;fot. Wojciech Roeding&lt;\/p&gt;\n\" data-medium-file=\"http:\/\/www.gdansk.baptysci.pl\/wp-content\/uploads\/2015\/02\/IMG_6636_WR-300x200.jpg\" data-large-file=\"http:\/\/www.gdansk.baptysci.pl\/wp-content\/uploads\/2015\/02\/IMG_6636_WR-1024x682.jpg\" srcset=\"https:\/\/i1.wp.com\/www.gdansk.baptysci.pl\/wp-content\/uploads\/2015\/02\/IMG_6636_WR-1024x682.jpg?strip=info&#038;w=600 600w,https:\/\/i1.wp.com\/www.gdansk.baptysci.pl\/wp-content\/uploads\/2015\/02\/IMG_6636_WR-1024x682.jpg?strip=info&#038;w=900 900w,https:\/\/i1.wp.com\/www.gdansk.baptysci.pl\/wp-content\/uploads\/2015\/02\/IMG_6636_WR-1024x682.jpg?strip=info&#038;w=1024 1024w\" alt=\"\" data-height=\"682\" data-id=\"1347\" data-link=\"http:\/\/www.gdansk.baptysci.pl\/index.php\/2015\/02\/22\/chrzest-wiary\/img_6636_wr\/\" data-url=\"http:\/\/www.gdansk.baptysci.pl\/wp-content\/uploads\/2015\/02\/IMG_6636_WR-1024x682.jpg\" data-width=\"1024\" src=\"https:\/\/i1.wp.com\/www.gdansk.baptysci.pl\/wp-content\/uploads\/2015\/02\/IMG_6636_WR-1024x682.jpg\" data-amp-layout=\"responsive\"\/><\/figure><\/div><div class=\"tiled-gallery__col\" style=\"flex-basis:18.61885%\"><figure class=\"tiled-gallery__item\"><img data-attachment-id=\"1348\" data-permalink=\"http:\/\/www.gdansk.baptysci.pl\/index.php\/2015\/03\/15\/chrzest-wiary\/img_6646_wr\/\" data-orig-file=\"http:\/\/www.gdansk.baptysci.pl\/wp-content\/uploads\/2015\/02\/IMG_6646_WR.jpg\" data-orig-size=\"497,768\" data-comments-opened=\"1\" data-image-meta=\"{&quot;aperture&quot;:&quot;0&quot;,&quot;credit&quot;:&quot;&quot;,&quot;camera&quot;:&quot;&quot;,&quot;caption&quot;:&quot;&quot;,&quot;created_timestamp&quot;:&quot;0&quot;,&quot;copyright&quot;:&quot;&quot;,&quot;focal_length&quot;:&quot;0&quot;,&quot;iso&quot;:&quot;0&quot;,&quot;shutter_speed&quot;:&quot;0&quot;,&quot;title&quot;:&quot;&quot;,&quot;orientation&quot;:&quot;0&quot;}\" data-image-title=\"IMG_6646_WR\" data-image-description=\"\" data-image-caption=\"&lt;p&gt;fot. Wojciech Roeding&lt;\/p&gt;\n\" data-medium-file=\"http:\/\/www.gdansk.baptysci.pl\/wp-content\/uploads\/2015\/02\/IMG_6646_WR-194x300.jpg\" data-large-file=\"http:\/\/www.gdansk.baptysci.pl\/wp-content\/uploads\/2015\/02\/IMG_6646_WR.jpg\" data-attachment-id=\"1348\" data-permalink=\"http:\/\/www.gdansk.baptysci.pl\/index.php\/2015\/03\/15\/chrzest-wiary\/img_6646_wr\/\" data-orig-file=\"http:\/\/www.gdansk.baptysci.pl\/wp-content\/uploads\/2015\/02\/IMG_6646_WR.jpg\" data-orig-size=\"497,768\" data-comments-opened=\"1\" data-image-meta=\"{&quot;aperture&quot;:&quot;0&quot;,&quot;credit&quot;:&quot;&quot;,&quot;camera&quot;:&quot;&quot;,&quot;caption&quot;:&quot;&quot;,&quot;created_timestamp&quot;:&quot;0&quot;,&quot;copyright&quot;:&quot;&quot;,&quot;focal_length&quot;:&quot;0&quot;,&quot;iso&quot;:&quot;0&quot;,&quot;shutter_speed&quot;:&quot;0&quot;,&quot;title&quot;:&quot;&quot;,&quot;orientation&quot;:&quot;0&quot;}\" data-image-title=\"IMG_6646_WR\" data-image-description=\"\" data-image-caption=\"&lt;p&gt;fot. Wojciech Roeding&lt;\/p&gt;\n\" data-medium-file=\"http:\/\/www.gdansk.baptysci.pl\/wp-content\/uploads\/2015\/02\/IMG_6646_WR-194x300.jpg\" data-large-file=\"http:\/\/www.gdansk.baptysci.pl\/wp-content\/uploads\/2015\/02\/IMG_6646_WR.jpg\" decoding=\"async\" data-attachment-id=\"1348\" data-permalink=\"http:\/\/www.gdansk.baptysci.pl\/index.php\/2015\/03\/15\/chrzest-wiary\/img_6646_wr\/\" data-orig-file=\"http:\/\/www.gdansk.baptysci.pl\/wp-content\/uploads\/2015\/02\/IMG_6646_WR.jpg\" data-orig-size=\"497,768\" data-comments-opened=\"1\" data-image-meta=\"{&quot;aperture&quot;:&quot;0&quot;,&quot;credit&quot;:&quot;&quot;,&quot;camera&quot;:&quot;&quot;,&quot;caption&quot;:&quot;&quot;,&quot;created_timestamp&quot;:&quot;0&quot;,&quot;copyright&quot;:&quot;&quot;,&quot;focal_length&quot;:&quot;0&quot;,&quot;iso&quot;:&quot;0&quot;,&quot;shutter_speed&quot;:&quot;0&quot;,&quot;title&quot;:&quot;&quot;,&quot;orientation&quot;:&quot;0&quot;}\" data-image-title=\"IMG_6646_WR\" data-image-description=\"\" data-image-caption=\"&lt;p&gt;fot. Wojciech Roeding&lt;\/p&gt;\n\" data-medium-file=\"http:\/\/www.gdansk.baptysci.pl\/wp-content\/uploads\/2015\/02\/IMG_6646_WR-194x300.jpg\" data-large-file=\"http:\/\/www.gdansk.baptysci.pl\/wp-content\/uploads\/2015\/02\/IMG_6646_WR.jpg\" srcset=\"https:\/\/i2.wp.com\/www.gdansk.baptysci.pl\/wp-content\/uploads\/2015\/02\/IMG_6646_WR.jpg?strip=info&#038;w=497 497w\" alt=\"\" data-height=\"768\" data-id=\"1348\" data-link=\"http:\/\/www.gdansk.baptysci.pl\/index.php\/2015\/02\/22\/chrzest-wiary\/img_6646_wr\/\" data-url=\"http:\/\/www.gdansk.baptysci.pl\/wp-content\/uploads\/2015\/02\/IMG_6646_WR.jpg\" data-width=\"497\" src=\"https:\/\/i2.wp.com\/www.gdansk.baptysci.pl\/wp-content\/uploads\/2015\/02\/IMG_6646_WR.jpg\" data-amp-layout=\"responsive\"\/><\/figure><\/div><div class=\"tiled-gallery__col\" style=\"flex-basis:19.17686%\"><figure class=\"tiled-gallery__item\"><img data-attachment-id=\"1349\" data-permalink=\"http:\/\/www.gdansk.baptysci.pl\/index.php\/2015\/03\/15\/chrzest-wiary\/img_6652_wr\/\" data-orig-file=\"http:\/\/www.gdansk.baptysci.pl\/wp-content\/uploads\/2015\/02\/IMG_6652_WR.jpg\" data-orig-size=\"512,768\" data-comments-opened=\"1\" data-image-meta=\"{&quot;aperture&quot;:&quot;0&quot;,&quot;credit&quot;:&quot;&quot;,&quot;camera&quot;:&quot;&quot;,&quot;caption&quot;:&quot;&quot;,&quot;created_timestamp&quot;:&quot;0&quot;,&quot;copyright&quot;:&quot;&quot;,&quot;focal_length&quot;:&quot;0&quot;,&quot;iso&quot;:&quot;0&quot;,&quot;shutter_speed&quot;:&quot;0&quot;,&quot;title&quot;:&quot;&quot;,&quot;orientation&quot;:&quot;0&quot;}\" data-image-title=\"IMG_6652_WR\" data-image-description=\"\" data-image-caption=\"&lt;p&gt;fot. Wojciech Roeding&lt;\/p&gt;\n\" data-medium-file=\"http:\/\/www.gdansk.baptysci.pl\/wp-content\/uploads\/2015\/02\/IMG_6652_WR-200x300.jpg\" data-large-file=\"http:\/\/www.gdansk.baptysci.pl\/wp-content\/uploads\/2015\/02\/IMG_6652_WR.jpg\" data-attachment-id=\"1349\" data-permalink=\"http:\/\/www.gdansk.baptysci.pl\/index.php\/2015\/03\/15\/chrzest-wiary\/img_6652_wr\/\" data-orig-file=\"http:\/\/www.gdansk.baptysci.pl\/wp-content\/uploads\/2015\/02\/IMG_6652_WR.jpg\" data-orig-size=\"512,768\" data-comments-opened=\"1\" data-image-meta=\"{&quot;aperture&quot;:&quot;0&quot;,&quot;credit&quot;:&quot;&quot;,&quot;camera&quot;:&quot;&quot;,&quot;caption&quot;:&quot;&quot;,&quot;created_timestamp&quot;:&quot;0&quot;,&quot;copyright&quot;:&quot;&quot;,&quot;focal_length&quot;:&quot;0&quot;,&quot;iso&quot;:&quot;0&quot;,&quot;shutter_speed&quot;:&quot;0&quot;,&quot;title&quot;:&quot;&quot;,&quot;orientation&quot;:&quot;0&quot;}\" data-image-title=\"IMG_6652_WR\" data-image-description=\"\" data-image-caption=\"&lt;p&gt;fot. Wojciech Roeding&lt;\/p&gt;\n\" data-medium-file=\"http:\/\/www.gdansk.baptysci.pl\/wp-content\/uploads\/2015\/02\/IMG_6652_WR-200x300.jpg\" data-large-file=\"http:\/\/www.gdansk.baptysci.pl\/wp-content\/uploads\/2015\/02\/IMG_6652_WR.jpg\" decoding=\"async\" data-attachment-id=\"1349\" data-permalink=\"http:\/\/www.gdansk.baptysci.pl\/index.php\/2015\/03\/15\/chrzest-wiary\/img_6652_wr\/\" data-orig-file=\"http:\/\/www.gdansk.baptysci.pl\/wp-content\/uploads\/2015\/02\/IMG_6652_WR.jpg\" data-orig-size=\"512,768\" data-comments-opened=\"1\" data-image-meta=\"{&quot;aperture&quot;:&quot;0&quot;,&quot;credit&quot;:&quot;&quot;,&quot;camera&quot;:&quot;&quot;,&quot;caption&quot;:&quot;&quot;,&quot;created_timestamp&quot;:&quot;0&quot;,&quot;copyright&quot;:&quot;&quot;,&quot;focal_length&quot;:&quot;0&quot;,&quot;iso&quot;:&quot;0&quot;,&quot;shutter_speed&quot;:&quot;0&quot;,&quot;title&quot;:&quot;&quot;,&quot;orientation&quot;:&quot;0&quot;}\" data-image-title=\"IMG_6652_WR\" data-image-description=\"\" data-image-caption=\"&lt;p&gt;fot. Wojciech Roeding&lt;\/p&gt;\n\" data-medium-file=\"http:\/\/www.gdansk.baptysci.pl\/wp-content\/uploads\/2015\/02\/IMG_6652_WR-200x300.jpg\" data-large-file=\"http:\/\/www.gdansk.baptysci.pl\/wp-content\/uploads\/2015\/02\/IMG_6652_WR.jpg\" srcset=\"https:\/\/i1.wp.com\/www.gdansk.baptysci.pl\/wp-content\/uploads\/2015\/02\/IMG_6652_WR.jpg?strip=info&#038;w=512 512w\" alt=\"\" data-height=\"768\" data-id=\"1349\" data-link=\"http:\/\/www.gdansk.baptysci.pl\/index.php\/2015\/02\/22\/chrzest-wiary\/img_6652_wr\/\" data-url=\"http:\/\/www.gdansk.baptysci.pl\/wp-content\/uploads\/2015\/02\/IMG_6652_WR.jpg\" data-width=\"512\" src=\"https:\/\/i1.wp.com\/www.gdansk.baptysci.pl\/wp-content\/uploads\/2015\/02\/IMG_6652_WR.jpg\" data-amp-layout=\"responsive\"\/><\/figure><\/div><\/div><div class=\"tiled-gallery__row\"><div class=\"tiled-gallery__col\" style=\"flex-basis:33.89116%\"><figure class=\"tiled-gallery__item\"><img data-attachment-id=\"1350\" data-permalink=\"http:\/\/www.gdansk.baptysci.pl\/index.php\/2015\/03\/15\/chrzest-wiary\/img_6660_wr\/\" data-orig-file=\"http:\/\/www.gdansk.baptysci.pl\/wp-content\/uploads\/2015\/02\/IMG_6660_WR.jpg\" data-orig-size=\"525,768\" data-comments-opened=\"1\" data-image-meta=\"{&quot;aperture&quot;:&quot;0&quot;,&quot;credit&quot;:&quot;&quot;,&quot;camera&quot;:&quot;&quot;,&quot;caption&quot;:&quot;&quot;,&quot;created_timestamp&quot;:&quot;0&quot;,&quot;copyright&quot;:&quot;&quot;,&quot;focal_length&quot;:&quot;0&quot;,&quot;iso&quot;:&quot;0&quot;,&quot;shutter_speed&quot;:&quot;0&quot;,&quot;title&quot;:&quot;&quot;,&quot;orientation&quot;:&quot;0&quot;}\" data-image-title=\"IMG_6660_WR\" data-image-description=\"\" data-image-caption=\"&lt;p&gt;fot. Wojciech Roeding&lt;\/p&gt;\n\" data-medium-file=\"http:\/\/www.gdansk.baptysci.pl\/wp-content\/uploads\/2015\/02\/IMG_6660_WR-205x300.jpg\" data-large-file=\"http:\/\/www.gdansk.baptysci.pl\/wp-content\/uploads\/2015\/02\/IMG_6660_WR.jpg\" data-attachment-id=\"1350\" data-permalink=\"http:\/\/www.gdansk.baptysci.pl\/index.php\/2015\/03\/15\/chrzest-wiary\/img_6660_wr\/\" data-orig-file=\"http:\/\/www.gdansk.baptysci.pl\/wp-content\/uploads\/2015\/02\/IMG_6660_WR.jpg\" data-orig-size=\"525,768\" data-comments-opened=\"1\" data-image-meta=\"{&quot;aperture&quot;:&quot;0&quot;,&quot;credit&quot;:&quot;&quot;,&quot;camera&quot;:&quot;&quot;,&quot;caption&quot;:&quot;&quot;,&quot;created_timestamp&quot;:&quot;0&quot;,&quot;copyright&quot;:&quot;&quot;,&quot;focal_length&quot;:&quot;0&quot;,&quot;iso&quot;:&quot;0&quot;,&quot;shutter_speed&quot;:&quot;0&quot;,&quot;title&quot;:&quot;&quot;,&quot;orientation&quot;:&quot;0&quot;}\" data-image-title=\"IMG_6660_WR\" data-image-description=\"\" data-image-caption=\"&lt;p&gt;fot. Wojciech Roeding&lt;\/p&gt;\n\" data-medium-file=\"http:\/\/www.gdansk.baptysci.pl\/wp-content\/uploads\/2015\/02\/IMG_6660_WR-205x300.jpg\" data-large-file=\"http:\/\/www.gdansk.baptysci.pl\/wp-content\/uploads\/2015\/02\/IMG_6660_WR.jpg\" decoding=\"async\" data-attachment-id=\"1350\" data-permalink=\"http:\/\/www.gdansk.baptysci.pl\/index.php\/2015\/03\/15\/chrzest-wiary\/img_6660_wr\/\" data-orig-file=\"http:\/\/www.gdansk.baptysci.pl\/wp-content\/uploads\/2015\/02\/IMG_6660_WR.jpg\" data-orig-size=\"525,768\" data-comments-opened=\"1\" data-image-meta=\"{&quot;aperture&quot;:&quot;0&quot;,&quot;credit&quot;:&quot;&quot;,&quot;camera&quot;:&quot;&quot;,&quot;caption&quot;:&quot;&quot;,&quot;created_timestamp&quot;:&quot;0&quot;,&quot;copyright&quot;:&quot;&quot;,&quot;focal_length&quot;:&quot;0&quot;,&quot;iso&quot;:&quot;0&quot;,&quot;shutter_speed&quot;:&quot;0&quot;,&quot;title&quot;:&quot;&quot;,&quot;orientation&quot;:&quot;0&quot;}\" data-image-title=\"IMG_6660_WR\" data-image-description=\"\" data-image-caption=\"&lt;p&gt;fot. Wojciech Roeding&lt;\/p&gt;\n\" data-medium-file=\"http:\/\/www.gdansk.baptysci.pl\/wp-content\/uploads\/2015\/02\/IMG_6660_WR-205x300.jpg\" data-large-file=\"http:\/\/www.gdansk.baptysci.pl\/wp-content\/uploads\/2015\/02\/IMG_6660_WR.jpg\" srcset=\"https:\/\/i2.wp.com\/www.gdansk.baptysci.pl\/wp-content\/uploads\/2015\/02\/IMG_6660_WR.jpg?strip=info&#038;w=525 525w\" alt=\"\" data-height=\"768\" data-id=\"1350\" data-link=\"http:\/\/www.gdansk.baptysci.pl\/index.php\/2015\/02\/22\/chrzest-wiary\/img_6660_wr\/\" data-url=\"http:\/\/www.gdansk.baptysci.pl\/wp-content\/uploads\/2015\/02\/IMG_6660_WR.jpg\" data-width=\"525\" src=\"https:\/\/i2.wp.com\/www.gdansk.baptysci.pl\/wp-content\/uploads\/2015\/02\/IMG_6660_WR.jpg\" data-amp-layout=\"responsive\"\/><\/figure><\/div><div class=\"tiled-gallery__col\" style=\"flex-basis:33.05442%\"><figure class=\"tiled-gallery__item\"><img data-attachment-id=\"1351\" data-permalink=\"http:\/\/www.gdansk.baptysci.pl\/index.php\/2015\/03\/15\/chrzest-wiary\/img_6676_wr\/\" data-orig-file=\"http:\/\/www.gdansk.baptysci.pl\/wp-content\/uploads\/2015\/02\/IMG_6676_WR.jpg\" data-orig-size=\"512,768\" data-comments-opened=\"1\" data-image-meta=\"{&quot;aperture&quot;:&quot;0&quot;,&quot;credit&quot;:&quot;&quot;,&quot;camera&quot;:&quot;&quot;,&quot;caption&quot;:&quot;&quot;,&quot;created_timestamp&quot;:&quot;0&quot;,&quot;copyright&quot;:&quot;&quot;,&quot;focal_length&quot;:&quot;0&quot;,&quot;iso&quot;:&quot;0&quot;,&quot;shutter_speed&quot;:&quot;0&quot;,&quot;title&quot;:&quot;&quot;,&quot;orientation&quot;:&quot;0&quot;}\" data-image-title=\"IMG_6676_WR\" data-image-description=\"\" data-image-caption=\"&lt;p&gt;fot. Wojciech Roeding&lt;\/p&gt;\n\" data-medium-file=\"http:\/\/www.gdansk.baptysci.pl\/wp-content\/uploads\/2015\/02\/IMG_6676_WR-200x300.jpg\" data-large-file=\"http:\/\/www.gdansk.baptysci.pl\/wp-content\/uploads\/2015\/02\/IMG_6676_WR.jpg\" data-attachment-id=\"1351\" data-permalink=\"http:\/\/www.gdansk.baptysci.pl\/index.php\/2015\/03\/15\/chrzest-wiary\/img_6676_wr\/\" data-orig-file=\"http:\/\/www.gdansk.baptysci.pl\/wp-content\/uploads\/2015\/02\/IMG_6676_WR.jpg\" data-orig-size=\"512,768\" data-comments-opened=\"1\" data-image-meta=\"{&quot;aperture&quot;:&quot;0&quot;,&quot;credit&quot;:&quot;&quot;,&quot;camera&quot;:&quot;&quot;,&quot;caption&quot;:&quot;&quot;,&quot;created_timestamp&quot;:&quot;0&quot;,&quot;copyright&quot;:&quot;&quot;,&quot;focal_length&quot;:&quot;0&quot;,&quot;iso&quot;:&quot;0&quot;,&quot;shutter_speed&quot;:&quot;0&quot;,&quot;title&quot;:&quot;&quot;,&quot;orientation&quot;:&quot;0&quot;}\" data-image-title=\"IMG_6676_WR\" data-image-description=\"\" data-image-caption=\"&lt;p&gt;fot. Wojciech Roeding&lt;\/p&gt;\n\" data-medium-file=\"http:\/\/www.gdansk.baptysci.pl\/wp-content\/uploads\/2015\/02\/IMG_6676_WR-200x300.jpg\" data-large-file=\"http:\/\/www.gdansk.baptysci.pl\/wp-content\/uploads\/2015\/02\/IMG_6676_WR.jpg\" decoding=\"async\" data-attachment-id=\"1351\" data-permalink=\"http:\/\/www.gdansk.baptysci.pl\/index.php\/2015\/03\/15\/chrzest-wiary\/img_6676_wr\/\" data-orig-file=\"http:\/\/www.gdansk.baptysci.pl\/wp-content\/uploads\/2015\/02\/IMG_6676_WR.jpg\" data-orig-size=\"512,768\" data-comments-opened=\"1\" data-image-meta=\"{&quot;aperture&quot;:&quot;0&quot;,&quot;credit&quot;:&quot;&quot;,&quot;camera&quot;:&quot;&quot;,&quot;caption&quot;:&quot;&quot;,&quot;created_timestamp&quot;:&quot;0&quot;,&quot;copyright&quot;:&quot;&quot;,&quot;focal_length&quot;:&quot;0&quot;,&quot;iso&quot;:&quot;0&quot;,&quot;shutter_speed&quot;:&quot;0&quot;,&quot;title&quot;:&quot;&quot;,&quot;orientation&quot;:&quot;0&quot;}\" data-image-title=\"IMG_6676_WR\" data-image-description=\"\" data-image-caption=\"&lt;p&gt;fot. Wojciech Roeding&lt;\/p&gt;\n\" data-medium-file=\"http:\/\/www.gdansk.baptysci.pl\/wp-content\/uploads\/2015\/02\/IMG_6676_WR-200x300.jpg\" data-large-file=\"http:\/\/www.gdansk.baptysci.pl\/wp-content\/uploads\/2015\/02\/IMG_6676_WR.jpg\" srcset=\"https:\/\/i1.wp.com\/www.gdansk.baptysci.pl\/wp-content\/uploads\/2015\/02\/IMG_6676_WR.jpg?strip=info&#038;w=512 512w\" alt=\"\" data-height=\"768\" data-id=\"1351\" data-link=\"http:\/\/www.gdansk.baptysci.pl\/index.php\/2015\/02\/22\/chrzest-wiary\/img_6676_wr\/\" data-url=\"http:\/\/www.gdansk.baptysci.pl\/wp-content\/uploads\/2015\/02\/IMG_6676_WR.jpg\" data-width=\"512\" src=\"https:\/\/i1.wp.com\/www.gdansk.baptysci.pl\/wp-content\/uploads\/2015\/02\/IMG_6676_WR.jpg\" data-amp-layout=\"responsive\"\/><\/figure><\/div><div class=\"tiled-gallery__col\" style=\"flex-basis:33.05442%\"><figure class=\"tiled-gallery__item\"><img data-attachment-id=\"1352\" data-permalink=\"http:\/\/www.gdansk.baptysci.pl\/index.php\/2015\/03\/15\/chrzest-wiary\/img_6678_wr\/\" data-orig-file=\"http:\/\/www.gdansk.baptysci.pl\/wp-content\/uploads\/2015\/02\/IMG_6678_WR.jpg\" data-orig-size=\"512,768\" data-comments-opened=\"1\" data-image-meta=\"{&quot;aperture&quot;:&quot;0&quot;,&quot;credit&quot;:&quot;&quot;,&quot;camera&quot;:&quot;&quot;,&quot;caption&quot;:&quot;&quot;,&quot;created_timestamp&quot;:&quot;0&quot;,&quot;copyright&quot;:&quot;&quot;,&quot;focal_length&quot;:&quot;0&quot;,&quot;iso&quot;:&quot;0&quot;,&quot;shutter_speed&quot;:&quot;0&quot;,&quot;title&quot;:&quot;&quot;,&quot;orientation&quot;:&quot;0&quot;}\" data-image-title=\"IMG_6678_WR\" data-image-description=\"\" data-image-caption=\"&lt;p&gt;fot. Wojciech Roeding&lt;\/p&gt;\n\" data-medium-file=\"http:\/\/www.gdansk.baptysci.pl\/wp-content\/uploads\/2015\/02\/IMG_6678_WR-200x300.jpg\" data-large-file=\"http:\/\/www.gdansk.baptysci.pl\/wp-content\/uploads\/2015\/02\/IMG_6678_WR.jpg\" data-attachment-id=\"1352\" data-permalink=\"http:\/\/www.gdansk.baptysci.pl\/index.php\/2015\/03\/15\/chrzest-wiary\/img_6678_wr\/\" data-orig-file=\"http:\/\/www.gdansk.baptysci.pl\/wp-content\/uploads\/2015\/02\/IMG_6678_WR.jpg\" data-orig-size=\"512,768\" data-comments-opened=\"1\" data-image-meta=\"{&quot;aperture&quot;:&quot;0&quot;,&quot;credit&quot;:&quot;&quot;,&quot;camera&quot;:&quot;&quot;,&quot;caption&quot;:&quot;&quot;,&quot;created_timestamp&quot;:&quot;0&quot;,&quot;copyright&quot;:&quot;&quot;,&quot;focal_length&quot;:&quot;0&quot;,&quot;iso&quot;:&quot;0&quot;,&quot;shutter_speed&quot;:&quot;0&quot;,&quot;title&quot;:&quot;&quot;,&quot;orientation&quot;:&quot;0&quot;}\" data-image-title=\"IMG_6678_WR\" data-image-description=\"\" data-image-caption=\"&lt;p&gt;fot. Wojciech Roeding&lt;\/p&gt;\n\" data-medium-file=\"http:\/\/www.gdansk.baptysci.pl\/wp-content\/uploads\/2015\/02\/IMG_6678_WR-200x300.jpg\" data-large-file=\"http:\/\/www.gdansk.baptysci.pl\/wp-content\/uploads\/2015\/02\/IMG_6678_WR.jpg\" decoding=\"async\" data-attachment-id=\"1352\" data-permalink=\"http:\/\/www.gdansk.baptysci.pl\/index.php\/2015\/03\/15\/chrzest-wiary\/img_6678_wr\/\" data-orig-file=\"http:\/\/www.gdansk.baptysci.pl\/wp-content\/uploads\/2015\/02\/IMG_6678_WR.jpg\" data-orig-size=\"512,768\" data-comments-opened=\"1\" data-image-meta=\"{&quot;aperture&quot;:&quot;0&quot;,&quot;credit&quot;:&quot;&quot;,&quot;camera&quot;:&quot;&quot;,&quot;caption&quot;:&quot;&quot;,&quot;created_timestamp&quot;:&quot;0&quot;,&quot;copyright&quot;:&quot;&quot;,&quot;focal_length&quot;:&quot;0&quot;,&quot;iso&quot;:&quot;0&quot;,&quot;shutter_speed&quot;:&quot;0&quot;,&quot;title&quot;:&quot;&quot;,&quot;orientation&quot;:&quot;0&quot;}\" data-image-title=\"IMG_6678_WR\" data-image-description=\"\" data-image-caption=\"&lt;p&gt;fot. Wojciech Roeding&lt;\/p&gt;\n\" data-medium-file=\"http:\/\/www.gdansk.baptysci.pl\/wp-content\/uploads\/2015\/02\/IMG_6678_WR-200x300.jpg\" data-large-file=\"http:\/\/www.gdansk.baptysci.pl\/wp-content\/uploads\/2015\/02\/IMG_6678_WR.jpg\" srcset=\"https:\/\/i0.wp.com\/www.gdansk.baptysci.pl\/wp-content\/uploads\/2015\/02\/IMG_6678_WR.jpg?strip=info&#038;w=512 512w\" alt=\"\" data-height=\"768\" data-id=\"1352\" data-link=\"http:\/\/www.gdansk.baptysci.pl\/index.php\/2015\/02\/22\/chrzest-wiary\/img_6678_wr\/\" data-url=\"http:\/\/www.gdansk.baptysci.pl\/wp-content\/uploads\/2015\/02\/IMG_6678_WR.jpg\" data-width=\"512\" src=\"https:\/\/i0.wp.com\/www.gdansk.baptysci.pl\/wp-content\/uploads\/2015\/02\/IMG_6678_WR.jpg\" data-amp-layout=\"responsive\"\/><\/figure><\/div><\/div><div class=\"tiled-gallery__row\"><div class=\"tiled-gallery__col\" style=\"flex-basis:30.27793%\"><figure class=\"tiled-gallery__item\"><img data-attachment-id=\"1353\" data-permalink=\"http:\/\/www.gdansk.baptysci.pl\/index.php\/2015\/03\/15\/chrzest-wiary\/img_6679_wr\/\" data-orig-file=\"http:\/\/www.gdansk.baptysci.pl\/wp-content\/uploads\/2015\/02\/IMG_6679_WR.jpg\" data-orig-size=\"512,768\" data-comments-opened=\"1\" data-image-meta=\"{&quot;aperture&quot;:&quot;0&quot;,&quot;credit&quot;:&quot;&quot;,&quot;camera&quot;:&quot;&quot;,&quot;caption&quot;:&quot;&quot;,&quot;created_timestamp&quot;:&quot;0&quot;,&quot;copyright&quot;:&quot;&quot;,&quot;focal_length&quot;:&quot;0&quot;,&quot;iso&quot;:&quot;0&quot;,&quot;shutter_speed&quot;:&quot;0&quot;,&quot;title&quot;:&quot;&quot;,&quot;orientation&quot;:&quot;0&quot;}\" data-image-title=\"IMG_6679_WR\" data-image-description=\"\" data-image-caption=\"&lt;p&gt;fot. Wojciech Roeding&lt;\/p&gt;\n\" data-medium-file=\"http:\/\/www.gdansk.baptysci.pl\/wp-content\/uploads\/2015\/02\/IMG_6679_WR-200x300.jpg\" data-large-file=\"http:\/\/www.gdansk.baptysci.pl\/wp-content\/uploads\/2015\/02\/IMG_6679_WR.jpg\" data-attachment-id=\"1353\" data-permalink=\"http:\/\/www.gdansk.baptysci.pl\/index.php\/2015\/03\/15\/chrzest-wiary\/img_6679_wr\/\" data-orig-file=\"http:\/\/www.gdansk.baptysci.pl\/wp-content\/uploads\/2015\/02\/IMG_6679_WR.jpg\" data-orig-size=\"512,768\" data-comments-opened=\"1\" data-image-meta=\"{&quot;aperture&quot;:&quot;0&quot;,&quot;credit&quot;:&quot;&quot;,&quot;camera&quot;:&quot;&quot;,&quot;caption&quot;:&quot;&quot;,&quot;created_timestamp&quot;:&quot;0&quot;,&quot;copyright&quot;:&quot;&quot;,&quot;focal_length&quot;:&quot;0&quot;,&quot;iso&quot;:&quot;0&quot;,&quot;shutter_speed&quot;:&quot;0&quot;,&quot;title&quot;:&quot;&quot;,&quot;orientation&quot;:&quot;0&quot;}\" data-image-title=\"IMG_6679_WR\" data-image-description=\"\" data-image-caption=\"&lt;p&gt;fot. Wojciech Roeding&lt;\/p&gt;\n\" data-medium-file=\"http:\/\/www.gdansk.baptysci.pl\/wp-content\/uploads\/2015\/02\/IMG_6679_WR-200x300.jpg\" data-large-file=\"http:\/\/www.gdansk.baptysci.pl\/wp-content\/uploads\/2015\/02\/IMG_6679_WR.jpg\" decoding=\"async\" data-attachment-id=\"1353\" data-permalink=\"http:\/\/www.gdansk.baptysci.pl\/index.php\/2015\/03\/15\/chrzest-wiary\/img_6679_wr\/\" data-orig-file=\"http:\/\/www.gdansk.baptysci.pl\/wp-content\/uploads\/2015\/02\/IMG_6679_WR.jpg\" data-orig-size=\"512,768\" data-comments-opened=\"1\" data-image-meta=\"{&quot;aperture&quot;:&quot;0&quot;,&quot;credit&quot;:&quot;&quot;,&quot;camera&quot;:&quot;&quot;,&quot;caption&quot;:&quot;&quot;,&quot;created_timestamp&quot;:&quot;0&quot;,&quot;copyright&quot;:&quot;&quot;,&quot;focal_length&quot;:&quot;0&quot;,&quot;iso&quot;:&quot;0&quot;,&quot;shutter_speed&quot;:&quot;0&quot;,&quot;title&quot;:&quot;&quot;,&quot;orientation&quot;:&quot;0&quot;}\" data-image-title=\"IMG_6679_WR\" data-image-description=\"\" data-image-caption=\"&lt;p&gt;fot. Wojciech Roeding&lt;\/p&gt;\n\" data-medium-file=\"http:\/\/www.gdansk.baptysci.pl\/wp-content\/uploads\/2015\/02\/IMG_6679_WR-200x300.jpg\" data-large-file=\"http:\/\/www.gdansk.baptysci.pl\/wp-content\/uploads\/2015\/02\/IMG_6679_WR.jpg\" srcset=\"https:\/\/i2.wp.com\/www.gdansk.baptysci.pl\/wp-content\/uploads\/2015\/02\/IMG_6679_WR.jpg?strip=info&#038;w=512 512w\" alt=\"\" data-height=\"768\" data-id=\"1353\" data-link=\"http:\/\/www.gdansk.baptysci.pl\/index.php\/2015\/02\/22\/chrzest-wiary\/img_6679_wr\/\" data-url=\"http:\/\/www.gdansk.baptysci.pl\/wp-content\/uploads\/2015\/02\/IMG_6679_WR.jpg\" data-width=\"512\" src=\"https:\/\/i2.wp.com\/www.gdansk.baptysci.pl\/wp-content\/uploads\/2015\/02\/IMG_6679_WR.jpg\" data-amp-layout=\"responsive\"\/><\/figure><\/div><div class=\"tiled-gallery__col\" style=\"flex-basis:69.72207%\"><figure class=\"tiled-gallery__item\"><img data-attachment-id=\"1354\" data-permalink=\"http:\/\/www.gdansk.baptysci.pl\/index.php\/2015\/03\/15\/chrzest-wiary\/img_6682_wr\/\" data-orig-file=\"http:\/\/www.gdansk.baptysci.pl\/wp-content\/uploads\/2015\/02\/IMG_6682_WR.jpg\" data-orig-size=\"1024,665\" data-comments-opened=\"1\" data-image-meta=\"{&quot;aperture&quot;:&quot;0&quot;,&quot;credit&quot;:&quot;&quot;,&quot;camera&quot;:&quot;&quot;,&quot;caption&quot;:&quot;&quot;,&quot;created_timestamp&quot;:&quot;0&quot;,&quot;copyright&quot;:&quot;&quot;,&quot;focal_length&quot;:&quot;0&quot;,&quot;iso&quot;:&quot;0&quot;,&quot;shutter_speed&quot;:&quot;0&quot;,&quot;title&quot;:&quot;&quot;,&quot;orientation&quot;:&quot;0&quot;}\" data-image-title=\"IMG_6682_WR\" data-image-description=\"\" data-image-caption=\"&lt;p&gt;fot. Wojciech Roeding&lt;\/p&gt;\n\" data-medium-file=\"http:\/\/www.gdansk.baptysci.pl\/wp-content\/uploads\/2015\/02\/IMG_6682_WR-300x195.jpg\" data-large-file=\"http:\/\/www.gdansk.baptysci.pl\/wp-content\/uploads\/2015\/02\/IMG_6682_WR-1024x665.jpg\" data-attachment-id=\"1354\" data-permalink=\"http:\/\/www.gdansk.baptysci.pl\/index.php\/2015\/03\/15\/chrzest-wiary\/img_6682_wr\/\" data-orig-file=\"http:\/\/www.gdansk.baptysci.pl\/wp-content\/uploads\/2015\/02\/IMG_6682_WR.jpg\" data-orig-size=\"1024,665\" data-comments-opened=\"1\" data-image-meta=\"{&quot;aperture&quot;:&quot;0&quot;,&quot;credit&quot;:&quot;&quot;,&quot;camera&quot;:&quot;&quot;,&quot;caption&quot;:&quot;&quot;,&quot;created_timestamp&quot;:&quot;0&quot;,&quot;copyright&quot;:&quot;&quot;,&quot;focal_length&quot;:&quot;0&quot;,&quot;iso&quot;:&quot;0&quot;,&quot;shutter_speed&quot;:&quot;0&quot;,&quot;title&quot;:&quot;&quot;,&quot;orientation&quot;:&quot;0&quot;}\" data-image-title=\"IMG_6682_WR\" data-image-description=\"\" data-image-caption=\"&lt;p&gt;fot. Wojciech Roeding&lt;\/p&gt;\n\" data-medium-file=\"http:\/\/www.gdansk.baptysci.pl\/wp-content\/uploads\/2015\/02\/IMG_6682_WR-300x195.jpg\" data-large-file=\"http:\/\/www.gdansk.baptysci.pl\/wp-content\/uploads\/2015\/02\/IMG_6682_WR-1024x665.jpg\" decoding=\"async\" data-attachment-id=\"1354\" data-permalink=\"http:\/\/www.gdansk.baptysci.pl\/index.php\/2015\/03\/15\/chrzest-wiary\/img_6682_wr\/\" data-orig-file=\"http:\/\/www.gdansk.baptysci.pl\/wp-content\/uploads\/2015\/02\/IMG_6682_WR.jpg\" data-orig-size=\"1024,665\" data-comments-opened=\"1\" data-image-meta=\"{&quot;aperture&quot;:&quot;0&quot;,&quot;credit&quot;:&quot;&quot;,&quot;camera&quot;:&quot;&quot;,&quot;caption&quot;:&quot;&quot;,&quot;created_timestamp&quot;:&quot;0&quot;,&quot;copyright&quot;:&quot;&quot;,&quot;focal_length&quot;:&quot;0&quot;,&quot;iso&quot;:&quot;0&quot;,&quot;shutter_speed&quot;:&quot;0&quot;,&quot;title&quot;:&quot;&quot;,&quot;orientation&quot;:&quot;0&quot;}\" data-image-title=\"IMG_6682_WR\" data-image-description=\"\" data-image-caption=\"&lt;p&gt;fot. Wojciech Roeding&lt;\/p&gt;\n\" data-medium-file=\"http:\/\/www.gdansk.baptysci.pl\/wp-content\/uploads\/2015\/02\/IMG_6682_WR-300x195.jpg\" data-large-file=\"http:\/\/www.gdansk.baptysci.pl\/wp-content\/uploads\/2015\/02\/IMG_6682_WR-1024x665.jpg\" srcset=\"https:\/\/i2.wp.com\/www.gdansk.baptysci.pl\/wp-content\/uploads\/2015\/02\/IMG_6682_WR-1024x665.jpg?strip=info&#038;w=600 600w,https:\/\/i2.wp.com\/www.gdansk.baptysci.pl\/wp-content\/uploads\/2015\/02\/IMG_6682_WR-1024x665.jpg?strip=info&#038;w=900 900w,https:\/\/i2.wp.com\/www.gdansk.baptysci.pl\/wp-content\/uploads\/2015\/02\/IMG_6682_WR-1024x665.jpg?strip=info&#038;w=1024 1024w\" alt=\"\" data-height=\"665\" data-id=\"1354\" data-link=\"http:\/\/www.gdansk.baptysci.pl\/index.php\/2015\/02\/22\/chrzest-wiary\/img_6682_wr\/\" data-url=\"http:\/\/www.gdansk.baptysci.pl\/wp-content\/uploads\/2015\/02\/IMG_6682_WR-1024x665.jpg\" data-width=\"1024\" src=\"https:\/\/i2.wp.com\/www.gdansk.baptysci.pl\/wp-content\/uploads\/2015\/02\/IMG_6682_WR-1024x665.jpg\" data-amp-layout=\"responsive\"\/><\/figure><\/div><\/div><div class=\"tiled-gallery__row\"><div class=\"tiled-gallery__col\" style=\"flex-basis:25.00000%\"><figure class=\"tiled-gallery__item\"><img data-attachment-id=\"1355\" data-permalink=\"http:\/\/www.gdansk.baptysci.pl\/index.php\/2015\/03\/15\/chrzest-wiary\/img_6684_wr\/\" data-orig-file=\"http:\/\/www.gdansk.baptysci.pl\/wp-content\/uploads\/2015\/02\/IMG_6684_WR.jpg\" data-orig-size=\"512,768\" data-comments-opened=\"1\" data-image-meta=\"{&quot;aperture&quot;:&quot;0&quot;,&quot;credit&quot;:&quot;&quot;,&quot;camera&quot;:&quot;&quot;,&quot;caption&quot;:&quot;&quot;,&quot;created_timestamp&quot;:&quot;0&quot;,&quot;copyright&quot;:&quot;&quot;,&quot;focal_length&quot;:&quot;0&quot;,&quot;iso&quot;:&quot;0&quot;,&quot;shutter_speed&quot;:&quot;0&quot;,&quot;title&quot;:&quot;&quot;,&quot;orientation&quot;:&quot;0&quot;}\" data-image-title=\"IMG_6684_WR\" data-image-description=\"\" data-image-caption=\"&lt;p&gt;fot. Wojciech Roeding&lt;\/p&gt;\n\" data-medium-file=\"http:\/\/www.gdansk.baptysci.pl\/wp-content\/uploads\/2015\/02\/IMG_6684_WR-200x300.jpg\" data-large-file=\"http:\/\/www.gdansk.baptysci.pl\/wp-content\/uploads\/2015\/02\/IMG_6684_WR.jpg\" data-attachment-id=\"1355\" data-permalink=\"http:\/\/www.gdansk.baptysci.pl\/index.php\/2015\/03\/15\/chrzest-wiary\/img_6684_wr\/\" data-orig-file=\"http:\/\/www.gdansk.baptysci.pl\/wp-content\/uploads\/2015\/02\/IMG_6684_WR.jpg\" data-orig-size=\"512,768\" data-comments-opened=\"1\" data-image-meta=\"{&quot;aperture&quot;:&quot;0&quot;,&quot;credit&quot;:&quot;&quot;,&quot;camera&quot;:&quot;&quot;,&quot;caption&quot;:&quot;&quot;,&quot;created_timestamp&quot;:&quot;0&quot;,&quot;copyright&quot;:&quot;&quot;,&quot;focal_length&quot;:&quot;0&quot;,&quot;iso&quot;:&quot;0&quot;,&quot;shutter_speed&quot;:&quot;0&quot;,&quot;title&quot;:&quot;&quot;,&quot;orientation&quot;:&quot;0&quot;}\" data-image-title=\"IMG_6684_WR\" data-image-description=\"\" data-image-caption=\"&lt;p&gt;fot. Wojciech Roeding&lt;\/p&gt;\n\" data-medium-file=\"http:\/\/www.gdansk.baptysci.pl\/wp-content\/uploads\/2015\/02\/IMG_6684_WR-200x300.jpg\" data-large-file=\"http:\/\/www.gdansk.baptysci.pl\/wp-content\/uploads\/2015\/02\/IMG_6684_WR.jpg\" decoding=\"async\" data-attachment-id=\"1355\" data-permalink=\"http:\/\/www.gdansk.baptysci.pl\/index.php\/2015\/03\/15\/chrzest-wiary\/img_6684_wr\/\" data-orig-file=\"http:\/\/www.gdansk.baptysci.pl\/wp-content\/uploads\/2015\/02\/IMG_6684_WR.jpg\" data-orig-size=\"512,768\" data-comments-opened=\"1\" data-image-meta=\"{&quot;aperture&quot;:&quot;0&quot;,&quot;credit&quot;:&quot;&quot;,&quot;camera&quot;:&quot;&quot;,&quot;caption&quot;:&quot;&quot;,&quot;created_timestamp&quot;:&quot;0&quot;,&quot;copyright&quot;:&quot;&quot;,&quot;focal_length&quot;:&quot;0&quot;,&quot;iso&quot;:&quot;0&quot;,&quot;shutter_speed&quot;:&quot;0&quot;,&quot;title&quot;:&quot;&quot;,&quot;orientation&quot;:&quot;0&quot;}\" data-image-title=\"IMG_6684_WR\" data-image-description=\"\" data-image-caption=\"&lt;p&gt;fot. Wojciech Roeding&lt;\/p&gt;\n\" data-medium-file=\"http:\/\/www.gdansk.baptysci.pl\/wp-content\/uploads\/2015\/02\/IMG_6684_WR-200x300.jpg\" data-large-file=\"http:\/\/www.gdansk.baptysci.pl\/wp-content\/uploads\/2015\/02\/IMG_6684_WR.jpg\" srcset=\"https:\/\/i1.wp.com\/www.gdansk.baptysci.pl\/wp-content\/uploads\/2015\/02\/IMG_6684_WR.jpg?strip=info&#038;w=512 512w\" alt=\"\" data-height=\"768\" data-id=\"1355\" data-link=\"http:\/\/www.gdansk.baptysci.pl\/index.php\/2015\/02\/22\/chrzest-wiary\/img_6684_wr\/\" data-url=\"http:\/\/www.gdansk.baptysci.pl\/wp-content\/uploads\/2015\/02\/IMG_6684_WR.jpg\" data-width=\"512\" src=\"https:\/\/i1.wp.com\/www.gdansk.baptysci.pl\/wp-content\/uploads\/2015\/02\/IMG_6684_WR.jpg\" data-amp-layout=\"responsive\"\/><\/figure><\/div><div class=\"tiled-gallery__col\" style=\"flex-basis:25.00000%\"><figure class=\"tiled-gallery__item\"><img data-attachment-id=\"1356\" data-permalink=\"http:\/\/www.gdansk.baptysci.pl\/index.php\/2015\/03\/15\/chrzest-wiary\/img_6690_wr\/\" data-orig-file=\"http:\/\/www.gdansk.baptysci.pl\/wp-content\/uploads\/2015\/02\/IMG_6690_WR.jpg\" data-orig-size=\"512,768\" data-comments-opened=\"1\" data-image-meta=\"{&quot;aperture&quot;:&quot;0&quot;,&quot;credit&quot;:&quot;&quot;,&quot;camera&quot;:&quot;&quot;,&quot;caption&quot;:&quot;&quot;,&quot;created_timestamp&quot;:&quot;0&quot;,&quot;copyright&quot;:&quot;&quot;,&quot;focal_length&quot;:&quot;0&quot;,&quot;iso&quot;:&quot;0&quot;,&quot;shutter_speed&quot;:&quot;0&quot;,&quot;title&quot;:&quot;&quot;,&quot;orientation&quot;:&quot;0&quot;}\" data-image-title=\"IMG_6690_WR\" data-image-description=\"\" data-image-caption=\"&lt;p&gt;fot. Wojciech Roeding&lt;\/p&gt;\n\" data-medium-file=\"http:\/\/www.gdansk.baptysci.pl\/wp-content\/uploads\/2015\/02\/IMG_6690_WR-200x300.jpg\" data-large-file=\"http:\/\/www.gdansk.baptysci.pl\/wp-content\/uploads\/2015\/02\/IMG_6690_WR.jpg\" data-attachment-id=\"1356\" data-permalink=\"http:\/\/www.gdansk.baptysci.pl\/index.php\/2015\/03\/15\/chrzest-wiary\/img_6690_wr\/\" data-orig-file=\"http:\/\/www.gdansk.baptysci.pl\/wp-content\/uploads\/2015\/02\/IMG_6690_WR.jpg\" data-orig-size=\"512,768\" data-comments-opened=\"1\" data-image-meta=\"{&quot;aperture&quot;:&quot;0&quot;,&quot;credit&quot;:&quot;&quot;,&quot;camera&quot;:&quot;&quot;,&quot;caption&quot;:&quot;&quot;,&quot;created_timestamp&quot;:&quot;0&quot;,&quot;copyright&quot;:&quot;&quot;,&quot;focal_length&quot;:&quot;0&quot;,&quot;iso&quot;:&quot;0&quot;,&quot;shutter_speed&quot;:&quot;0&quot;,&quot;title&quot;:&quot;&quot;,&quot;orientation&quot;:&quot;0&quot;}\" data-image-title=\"IMG_6690_WR\" data-image-description=\"\" data-image-caption=\"&lt;p&gt;fot. Wojciech Roeding&lt;\/p&gt;\n\" data-medium-file=\"http:\/\/www.gdansk.baptysci.pl\/wp-content\/uploads\/2015\/02\/IMG_6690_WR-200x300.jpg\" data-large-file=\"http:\/\/www.gdansk.baptysci.pl\/wp-content\/uploads\/2015\/02\/IMG_6690_WR.jpg\" decoding=\"async\" data-attachment-id=\"1356\" data-permalink=\"http:\/\/www.gdansk.baptysci.pl\/index.php\/2015\/03\/15\/chrzest-wiary\/img_6690_wr\/\" data-orig-file=\"http:\/\/www.gdansk.baptysci.pl\/wp-content\/uploads\/2015\/02\/IMG_6690_WR.jpg\" data-orig-size=\"512,768\" data-comments-opened=\"1\" data-image-meta=\"{&quot;aperture&quot;:&quot;0&quot;,&quot;credit&quot;:&quot;&quot;,&quot;camera&quot;:&quot;&quot;,&quot;caption&quot;:&quot;&quot;,&quot;created_timestamp&quot;:&quot;0&quot;,&quot;copyright&quot;:&quot;&quot;,&quot;focal_length&quot;:&quot;0&quot;,&quot;iso&quot;:&quot;0&quot;,&quot;shutter_speed&quot;:&quot;0&quot;,&quot;title&quot;:&quot;&quot;,&quot;orientation&quot;:&quot;0&quot;}\" data-image-title=\"IMG_6690_WR\" data-image-description=\"\" data-image-caption=\"&lt;p&gt;fot. Wojciech Roeding&lt;\/p&gt;\n\" data-medium-file=\"http:\/\/www.gdansk.baptysci.pl\/wp-content\/uploads\/2015\/02\/IMG_6690_WR-200x300.jpg\" data-large-file=\"http:\/\/www.gdansk.baptysci.pl\/wp-content\/uploads\/2015\/02\/IMG_6690_WR.jpg\" srcset=\"https:\/\/i1.wp.com\/www.gdansk.baptysci.pl\/wp-content\/uploads\/2015\/02\/IMG_6690_WR.jpg?strip=info&#038;w=512 512w\" alt=\"\" data-height=\"768\" data-id=\"1356\" data-link=\"http:\/\/www.gdansk.baptysci.pl\/index.php\/2015\/02\/22\/chrzest-wiary\/img_6690_wr\/\" data-url=\"http:\/\/www.gdansk.baptysci.pl\/wp-content\/uploads\/2015\/02\/IMG_6690_WR.jpg\" data-width=\"512\" src=\"https:\/\/i1.wp.com\/www.gdansk.baptysci.pl\/wp-content\/uploads\/2015\/02\/IMG_6690_WR.jpg\" data-amp-layout=\"responsive\"\/><\/figure><\/div><div class=\"tiled-gallery__col\" style=\"flex-basis:25.00000%\"><figure class=\"tiled-gallery__item\"><img data-attachment-id=\"1357\" data-permalink=\"http:\/\/www.gdansk.baptysci.pl\/index.php\/2015\/03\/15\/chrzest-wiary\/img_6696_wr\/\" data-orig-file=\"http:\/\/www.gdansk.baptysci.pl\/wp-content\/uploads\/2015\/02\/IMG_6696_WR.jpg\" data-orig-size=\"512,768\" data-comments-opened=\"1\" data-image-meta=\"{&quot;aperture&quot;:&quot;0&quot;,&quot;credit&quot;:&quot;&quot;,&quot;camera&quot;:&quot;&quot;,&quot;caption&quot;:&quot;&quot;,&quot;created_timestamp&quot;:&quot;0&quot;,&quot;copyright&quot;:&quot;&quot;,&quot;focal_length&quot;:&quot;0&quot;,&quot;iso&quot;:&quot;0&quot;,&quot;shutter_speed&quot;:&quot;0&quot;,&quot;title&quot;:&quot;&quot;,&quot;orientation&quot;:&quot;0&quot;}\" data-image-title=\"IMG_6696_WR\" data-image-description=\"\" data-image-caption=\"&lt;p&gt;fot. Wojciech Roeding&lt;\/p&gt;\n\" data-medium-file=\"http:\/\/www.gdansk.baptysci.pl\/wp-content\/uploads\/2015\/02\/IMG_6696_WR-200x300.jpg\" data-large-file=\"http:\/\/www.gdansk.baptysci.pl\/wp-content\/uploads\/2015\/02\/IMG_6696_WR.jpg\" data-attachment-id=\"1357\" data-permalink=\"http:\/\/www.gdansk.baptysci.pl\/index.php\/2015\/03\/15\/chrzest-wiary\/img_6696_wr\/\" data-orig-file=\"http:\/\/www.gdansk.baptysci.pl\/wp-content\/uploads\/2015\/02\/IMG_6696_WR.jpg\" data-orig-size=\"512,768\" data-comments-opened=\"1\" data-image-meta=\"{&quot;aperture&quot;:&quot;0&quot;,&quot;credit&quot;:&quot;&quot;,&quot;camera&quot;:&quot;&quot;,&quot;caption&quot;:&quot;&quot;,&quot;created_timestamp&quot;:&quot;0&quot;,&quot;copyright&quot;:&quot;&quot;,&quot;focal_length&quot;:&quot;0&quot;,&quot;iso&quot;:&quot;0&quot;,&quot;shutter_speed&quot;:&quot;0&quot;,&quot;title&quot;:&quot;&quot;,&quot;orientation&quot;:&quot;0&quot;}\" data-image-title=\"IMG_6696_WR\" data-image-description=\"\" data-image-caption=\"&lt;p&gt;fot. Wojciech Roeding&lt;\/p&gt;\n\" data-medium-file=\"http:\/\/www.gdansk.baptysci.pl\/wp-content\/uploads\/2015\/02\/IMG_6696_WR-200x300.jpg\" data-large-file=\"http:\/\/www.gdansk.baptysci.pl\/wp-content\/uploads\/2015\/02\/IMG_6696_WR.jpg\" decoding=\"async\" data-attachment-id=\"1357\" data-permalink=\"http:\/\/www.gdansk.baptysci.pl\/index.php\/2015\/03\/15\/chrzest-wiary\/img_6696_wr\/\" data-orig-file=\"http:\/\/www.gdansk.baptysci.pl\/wp-content\/uploads\/2015\/02\/IMG_6696_WR.jpg\" data-orig-size=\"512,768\" data-comments-opened=\"1\" data-image-meta=\"{&quot;aperture&quot;:&quot;0&quot;,&quot;credit&quot;:&quot;&quot;,&quot;camera&quot;:&quot;&quot;,&quot;caption&quot;:&quot;&quot;,&quot;created_timestamp&quot;:&quot;0&quot;,&quot;copyright&quot;:&quot;&quot;,&quot;focal_length&quot;:&quot;0&quot;,&quot;iso&quot;:&quot;0&quot;,&quot;shutter_speed&quot;:&quot;0&quot;,&quot;title&quot;:&quot;&quot;,&quot;orientation&quot;:&quot;0&quot;}\" data-image-title=\"IMG_6696_WR\" data-image-description=\"\" data-image-caption=\"&lt;p&gt;fot. Wojciech Roeding&lt;\/p&gt;\n\" data-medium-file=\"http:\/\/www.gdansk.baptysci.pl\/wp-content\/uploads\/2015\/02\/IMG_6696_WR-200x300.jpg\" data-large-file=\"http:\/\/www.gdansk.baptysci.pl\/wp-content\/uploads\/2015\/02\/IMG_6696_WR.jpg\" srcset=\"https:\/\/i0.wp.com\/www.gdansk.baptysci.pl\/wp-content\/uploads\/2015\/02\/IMG_6696_WR.jpg?strip=info&#038;w=512 512w\" alt=\"\" data-height=\"768\" data-id=\"1357\" data-link=\"http:\/\/www.gdansk.baptysci.pl\/index.php\/2015\/02\/22\/chrzest-wiary\/img_6696_wr\/\" data-url=\"http:\/\/www.gdansk.baptysci.pl\/wp-content\/uploads\/2015\/02\/IMG_6696_WR.jpg\" data-width=\"512\" src=\"https:\/\/i0.wp.com\/www.gdansk.baptysci.pl\/wp-content\/uploads\/2015\/02\/IMG_6696_WR.jpg\" data-amp-layout=\"responsive\"\/><\/figure><\/div><div class=\"tiled-gallery__col\" style=\"flex-basis:25.00000%\"><figure class=\"tiled-gallery__item\"><img data-attachment-id=\"1358\" data-permalink=\"http:\/\/www.gdansk.baptysci.pl\/index.php\/2015\/03\/15\/chrzest-wiary\/img_6701_wr\/\" data-orig-file=\"http:\/\/www.gdansk.baptysci.pl\/wp-content\/uploads\/2015\/02\/IMG_6701_WR.jpg\" data-orig-size=\"512,768\" data-comments-opened=\"1\" data-image-meta=\"{&quot;aperture&quot;:&quot;0&quot;,&quot;credit&quot;:&quot;&quot;,&quot;camera&quot;:&quot;&quot;,&quot;caption&quot;:&quot;&quot;,&quot;created_timestamp&quot;:&quot;0&quot;,&quot;copyright&quot;:&quot;&quot;,&quot;focal_length&quot;:&quot;0&quot;,&quot;iso&quot;:&quot;0&quot;,&quot;shutter_speed&quot;:&quot;0&quot;,&quot;title&quot;:&quot;&quot;,&quot;orientation&quot;:&quot;0&quot;}\" data-image-title=\"IMG_6701_WR\" data-image-description=\"\" data-image-caption=\"&lt;p&gt;fot. Wojciech Roeding&lt;\/p&gt;\n\" data-medium-file=\"http:\/\/www.gdansk.baptysci.pl\/wp-content\/uploads\/2015\/02\/IMG_6701_WR-200x300.jpg\" data-large-file=\"http:\/\/www.gdansk.baptysci.pl\/wp-content\/uploads\/2015\/02\/IMG_6701_WR.jpg\" data-attachment-id=\"1358\" data-permalink=\"http:\/\/www.gdansk.baptysci.pl\/index.php\/2015\/03\/15\/chrzest-wiary\/img_6701_wr\/\" data-orig-file=\"http:\/\/www.gdansk.baptysci.pl\/wp-content\/uploads\/2015\/02\/IMG_6701_WR.jpg\" data-orig-size=\"512,768\" data-comments-opened=\"1\" data-image-meta=\"{&quot;aperture&quot;:&quot;0&quot;,&quot;credit&quot;:&quot;&quot;,&quot;camera&quot;:&quot;&quot;,&quot;caption&quot;:&quot;&quot;,&quot;created_timestamp&quot;:&quot;0&quot;,&quot;copyright&quot;:&quot;&quot;,&quot;focal_length&quot;:&quot;0&quot;,&quot;iso&quot;:&quot;0&quot;,&quot;shutter_speed&quot;:&quot;0&quot;,&quot;title&quot;:&quot;&quot;,&quot;orientation&quot;:&quot;0&quot;}\" data-image-title=\"IMG_6701_WR\" data-image-description=\"\" data-image-caption=\"&lt;p&gt;fot. Wojciech Roeding&lt;\/p&gt;\n\" data-medium-file=\"http:\/\/www.gdansk.baptysci.pl\/wp-content\/uploads\/2015\/02\/IMG_6701_WR-200x300.jpg\" data-large-file=\"http:\/\/www.gdansk.baptysci.pl\/wp-content\/uploads\/2015\/02\/IMG_6701_WR.jpg\" decoding=\"async\" data-attachment-id=\"1358\" data-permalink=\"http:\/\/www.gdansk.baptysci.pl\/index.php\/2015\/03\/15\/chrzest-wiary\/img_6701_wr\/\" data-orig-file=\"http:\/\/www.gdansk.baptysci.pl\/wp-content\/uploads\/2015\/02\/IMG_6701_WR.jpg\" data-orig-size=\"512,768\" data-comments-opened=\"1\" data-image-meta=\"{&quot;aperture&quot;:&quot;0&quot;,&quot;credit&quot;:&quot;&quot;,&quot;camera&quot;:&quot;&quot;,&quot;caption&quot;:&quot;&quot;,&quot;created_timestamp&quot;:&quot;0&quot;,&quot;copyright&quot;:&quot;&quot;,&quot;focal_length&quot;:&quot;0&quot;,&quot;iso&quot;:&quot;0&quot;,&quot;shutter_speed&quot;:&quot;0&quot;,&quot;title&quot;:&quot;&quot;,&quot;orientation&quot;:&quot;0&quot;}\" data-image-title=\"IMG_6701_WR\" data-image-description=\"\" data-image-caption=\"&lt;p&gt;fot. Wojciech Roeding&lt;\/p&gt;\n\" data-medium-file=\"http:\/\/www.gdansk.baptysci.pl\/wp-content\/uploads\/2015\/02\/IMG_6701_WR-200x300.jpg\" data-large-file=\"http:\/\/www.gdansk.baptysci.pl\/wp-content\/uploads\/2015\/02\/IMG_6701_WR.jpg\" srcset=\"https:\/\/i2.wp.com\/www.gdansk.baptysci.pl\/wp-content\/uploads\/2015\/02\/IMG_6701_WR.jpg?strip=info&#038;w=512 512w\" alt=\"\" data-height=\"768\" data-id=\"1358\" data-link=\"http:\/\/www.gdansk.baptysci.pl\/index.php\/2015\/02\/22\/chrzest-wiary\/img_6701_wr\/\" data-url=\"http:\/\/www.gdansk.baptysci.pl\/wp-content\/uploads\/2015\/02\/IMG_6701_WR.jpg\" data-width=\"512\" src=\"https:\/\/i2.wp.com\/www.gdansk.baptysci.pl\/wp-content\/uploads\/2015\/02\/IMG_6701_WR.jpg\" data-amp-layout=\"responsive\"\/><\/figure><\/div><\/div><div class=\"tiled-gallery__row\"><div class=\"tiled-gallery__col\" style=\"flex-basis:50.00000%\"><figure class=\"tiled-gallery__item\"><img data-attachment-id=\"1359\" data-permalink=\"http:\/\/www.gdansk.baptysci.pl\/index.php\/2015\/03\/15\/chrzest-wiary\/img_6706_wr\/\" data-orig-file=\"http:\/\/www.gdansk.baptysci.pl\/wp-content\/uploads\/2015\/02\/IMG_6706_WR.jpg\" data-orig-size=\"512,768\" data-comments-opened=\"1\" data-image-meta=\"{&quot;aperture&quot;:&quot;0&quot;,&quot;credit&quot;:&quot;&quot;,&quot;camera&quot;:&quot;&quot;,&quot;caption&quot;:&quot;&quot;,&quot;created_timestamp&quot;:&quot;0&quot;,&quot;copyright&quot;:&quot;&quot;,&quot;focal_length&quot;:&quot;0&quot;,&quot;iso&quot;:&quot;0&quot;,&quot;shutter_speed&quot;:&quot;0&quot;,&quot;title&quot;:&quot;&quot;,&quot;orientation&quot;:&quot;0&quot;}\" data-image-title=\"IMG_6706_WR\" data-image-description=\"\" data-image-caption=\"&lt;p&gt;fot. Wojciech Roeding&lt;\/p&gt;\n\" data-medium-file=\"http:\/\/www.gdansk.baptysci.pl\/wp-content\/uploads\/2015\/02\/IMG_6706_WR-200x300.jpg\" data-large-file=\"http:\/\/www.gdansk.baptysci.pl\/wp-content\/uploads\/2015\/02\/IMG_6706_WR.jpg\" data-attachment-id=\"1359\" data-permalink=\"http:\/\/www.gdansk.baptysci.pl\/index.php\/2015\/03\/15\/chrzest-wiary\/img_6706_wr\/\" data-orig-file=\"http:\/\/www.gdansk.baptysci.pl\/wp-content\/uploads\/2015\/02\/IMG_6706_WR.jpg\" data-orig-size=\"512,768\" data-comments-opened=\"1\" data-image-meta=\"{&quot;aperture&quot;:&quot;0&quot;,&quot;credit&quot;:&quot;&quot;,&quot;camera&quot;:&quot;&quot;,&quot;caption&quot;:&quot;&quot;,&quot;created_timestamp&quot;:&quot;0&quot;,&quot;copyright&quot;:&quot;&quot;,&quot;focal_length&quot;:&quot;0&quot;,&quot;iso&quot;:&quot;0&quot;,&quot;shutter_speed&quot;:&quot;0&quot;,&quot;title&quot;:&quot;&quot;,&quot;orientation&quot;:&quot;0&quot;}\" data-image-title=\"IMG_6706_WR\" data-image-description=\"\" data-image-caption=\"&lt;p&gt;fot. Wojciech Roeding&lt;\/p&gt;\n\" data-medium-file=\"http:\/\/www.gdansk.baptysci.pl\/wp-content\/uploads\/2015\/02\/IMG_6706_WR-200x300.jpg\" data-large-file=\"http:\/\/www.gdansk.baptysci.pl\/wp-content\/uploads\/2015\/02\/IMG_6706_WR.jpg\" decoding=\"async\" data-attachment-id=\"1359\" data-permalink=\"http:\/\/www.gdansk.baptysci.pl\/index.php\/2015\/03\/15\/chrzest-wiary\/img_6706_wr\/\" data-orig-file=\"http:\/\/www.gdansk.baptysci.pl\/wp-content\/uploads\/2015\/02\/IMG_6706_WR.jpg\" data-orig-size=\"512,768\" data-comments-opened=\"1\" data-image-meta=\"{&quot;aperture&quot;:&quot;0&quot;,&quot;credit&quot;:&quot;&quot;,&quot;camera&quot;:&quot;&quot;,&quot;caption&quot;:&quot;&quot;,&quot;created_timestamp&quot;:&quot;0&quot;,&quot;copyright&quot;:&quot;&quot;,&quot;focal_length&quot;:&quot;0&quot;,&quot;iso&quot;:&quot;0&quot;,&quot;shutter_speed&quot;:&quot;0&quot;,&quot;title&quot;:&quot;&quot;,&quot;orientation&quot;:&quot;0&quot;}\" data-image-title=\"IMG_6706_WR\" data-image-description=\"\" data-image-caption=\"&lt;p&gt;fot. Wojciech Roeding&lt;\/p&gt;\n\" data-medium-file=\"http:\/\/www.gdansk.baptysci.pl\/wp-content\/uploads\/2015\/02\/IMG_6706_WR-200x300.jpg\" data-large-file=\"http:\/\/www.gdansk.baptysci.pl\/wp-content\/uploads\/2015\/02\/IMG_6706_WR.jpg\" srcset=\"https:\/\/i2.wp.com\/www.gdansk.baptysci.pl\/wp-content\/uploads\/2015\/02\/IMG_6706_WR.jpg?strip=info&#038;w=512 512w\" alt=\"\" data-height=\"768\" data-id=\"1359\" data-link=\"http:\/\/www.gdansk.baptysci.pl\/index.php\/2015\/02\/22\/chrzest-wiary\/img_6706_wr\/\" data-url=\"http:\/\/www.gdansk.baptysci.pl\/wp-content\/uploads\/2015\/02\/IMG_6706_WR.jpg\" data-width=\"512\" src=\"https:\/\/i2.wp.com\/www.gdansk.baptysci.pl\/wp-content\/uploads\/2015\/02\/IMG_6706_WR.jpg\" data-amp-layout=\"responsive\"\/><\/figure><\/div><div class=\"tiled-gallery__col\" style=\"flex-basis:50.00000%\"><figure class=\"tiled-gallery__item\"><img data-attachment-id=\"1360\" data-permalink=\"http:\/\/www.gdansk.baptysci.pl\/index.php\/2015\/03\/15\/chrzest-wiary\/img_6711_wr\/\" data-orig-file=\"http:\/\/www.gdansk.baptysci.pl\/wp-content\/uploads\/2015\/02\/IMG_6711_WR.jpg\" data-orig-size=\"512,768\" data-comments-opened=\"1\" data-image-meta=\"{&quot;aperture&quot;:&quot;0&quot;,&quot;credit&quot;:&quot;&quot;,&quot;camera&quot;:&quot;&quot;,&quot;caption&quot;:&quot;&quot;,&quot;created_timestamp&quot;:&quot;0&quot;,&quot;copyright&quot;:&quot;&quot;,&quot;focal_length&quot;:&quot;0&quot;,&quot;iso&quot;:&quot;0&quot;,&quot;shutter_speed&quot;:&quot;0&quot;,&quot;title&quot;:&quot;&quot;,&quot;orientation&quot;:&quot;0&quot;}\" data-image-title=\"IMG_6711_WR\" data-image-description=\"\" data-image-caption=\"&lt;p&gt;fot. Wojciech Roeding&lt;\/p&gt;\n\" data-medium-file=\"http:\/\/www.gdansk.baptysci.pl\/wp-content\/uploads\/2015\/02\/IMG_6711_WR-200x300.jpg\" data-large-file=\"http:\/\/www.gdansk.baptysci.pl\/wp-content\/uploads\/2015\/02\/IMG_6711_WR.jpg\" data-attachment-id=\"1360\" data-permalink=\"http:\/\/www.gdansk.baptysci.pl\/index.php\/2015\/03\/15\/chrzest-wiary\/img_6711_wr\/\" data-orig-file=\"http:\/\/www.gdansk.baptysci.pl\/wp-content\/uploads\/2015\/02\/IMG_6711_WR.jpg\" data-orig-size=\"512,768\" data-comments-opened=\"1\" data-image-meta=\"{&quot;aperture&quot;:&quot;0&quot;,&quot;credit&quot;:&quot;&quot;,&quot;camera&quot;:&quot;&quot;,&quot;caption&quot;:&quot;&quot;,&quot;created_timestamp&quot;:&quot;0&quot;,&quot;copyright&quot;:&quot;&quot;,&quot;focal_length&quot;:&quot;0&quot;,&quot;iso&quot;:&quot;0&quot;,&quot;shutter_speed&quot;:&quot;0&quot;,&quot;title&quot;:&quot;&quot;,&quot;orientation&quot;:&quot;0&quot;}\" data-image-title=\"IMG_6711_WR\" data-image-description=\"\" data-image-caption=\"&lt;p&gt;fot. Wojciech Roeding&lt;\/p&gt;\n\" data-medium-file=\"http:\/\/www.gdansk.baptysci.pl\/wp-content\/uploads\/2015\/02\/IMG_6711_WR-200x300.jpg\" data-large-file=\"http:\/\/www.gdansk.baptysci.pl\/wp-content\/uploads\/2015\/02\/IMG_6711_WR.jpg\" decoding=\"async\" data-attachment-id=\"1360\" data-permalink=\"http:\/\/www.gdansk.baptysci.pl\/index.php\/2015\/03\/15\/chrzest-wiary\/img_6711_wr\/\" data-orig-file=\"http:\/\/www.gdansk.baptysci.pl\/wp-content\/uploads\/2015\/02\/IMG_6711_WR.jpg\" data-orig-size=\"512,768\" data-comments-opened=\"1\" data-image-meta=\"{&quot;aperture&quot;:&quot;0&quot;,&quot;credit&quot;:&quot;&quot;,&quot;camera&quot;:&quot;&quot;,&quot;caption&quot;:&quot;&quot;,&quot;created_timestamp&quot;:&quot;0&quot;,&quot;copyright&quot;:&quot;&quot;,&quot;focal_length&quot;:&quot;0&quot;,&quot;iso&quot;:&quot;0&quot;,&quot;shutter_speed&quot;:&quot;0&quot;,&quot;title&quot;:&quot;&quot;,&quot;orientation&quot;:&quot;0&quot;}\" data-image-title=\"IMG_6711_WR\" data-image-description=\"\" data-image-caption=\"&lt;p&gt;fot. Wojciech Roeding&lt;\/p&gt;\n\" data-medium-file=\"http:\/\/www.gdansk.baptysci.pl\/wp-content\/uploads\/2015\/02\/IMG_6711_WR-200x300.jpg\" data-large-file=\"http:\/\/www.gdansk.baptysci.pl\/wp-content\/uploads\/2015\/02\/IMG_6711_WR.jpg\" srcset=\"https:\/\/i0.wp.com\/www.gdansk.baptysci.pl\/wp-content\/uploads\/2015\/02\/IMG_6711_WR.jpg?strip=info&#038;w=512 512w\" alt=\"\" data-height=\"768\" data-id=\"1360\" data-link=\"http:\/\/www.gdansk.baptysci.pl\/index.php\/2015\/02\/22\/chrzest-wiary\/img_6711_wr\/\" data-url=\"http:\/\/www.gdansk.baptysci.pl\/wp-content\/uploads\/2015\/02\/IMG_6711_WR.jpg\" data-width=\"512\" src=\"https:\/\/i0.wp.com\/www.gdansk.baptysci.pl\/wp-content\/uploads\/2015\/02\/IMG_6711_WR.jpg\" data-amp-layout=\"responsive\"\/><\/figure><\/div><\/div><div class=\"tiled-gallery__row\"><div class=\"tiled-gallery__col\" style=\"flex-basis:25.18373%\"><figure class=\"tiled-gallery__item\"><img data-attachment-id=\"1361\" data-permalink=\"http:\/\/www.gdansk.baptysci.pl\/index.php\/2015\/03\/15\/chrzest-wiary\/img_6717_wr\/\" data-orig-file=\"http:\/\/www.gdansk.baptysci.pl\/wp-content\/uploads\/2015\/02\/IMG_6717_WR.jpg\" data-orig-size=\"512,768\" data-comments-opened=\"1\" data-image-meta=\"{&quot;aperture&quot;:&quot;0&quot;,&quot;credit&quot;:&quot;&quot;,&quot;camera&quot;:&quot;&quot;,&quot;caption&quot;:&quot;&quot;,&quot;created_timestamp&quot;:&quot;0&quot;,&quot;copyright&quot;:&quot;&quot;,&quot;focal_length&quot;:&quot;0&quot;,&quot;iso&quot;:&quot;0&quot;,&quot;shutter_speed&quot;:&quot;0&quot;,&quot;title&quot;:&quot;&quot;,&quot;orientation&quot;:&quot;0&quot;}\" data-image-title=\"IMG_6717_WR\" data-image-description=\"\" data-image-caption=\"&lt;p&gt;fot. Wojciech Roeding&lt;\/p&gt;\n\" data-medium-file=\"http:\/\/www.gdansk.baptysci.pl\/wp-content\/uploads\/2015\/02\/IMG_6717_WR-200x300.jpg\" data-large-file=\"http:\/\/www.gdansk.baptysci.pl\/wp-content\/uploads\/2015\/02\/IMG_6717_WR.jpg\" data-attachment-id=\"1361\" data-permalink=\"http:\/\/www.gdansk.baptysci.pl\/index.php\/2015\/03\/15\/chrzest-wiary\/img_6717_wr\/\" data-orig-file=\"http:\/\/www.gdansk.baptysci.pl\/wp-content\/uploads\/2015\/02\/IMG_6717_WR.jpg\" data-orig-size=\"512,768\" data-comments-opened=\"1\" data-image-meta=\"{&quot;aperture&quot;:&quot;0&quot;,&quot;credit&quot;:&quot;&quot;,&quot;camera&quot;:&quot;&quot;,&quot;caption&quot;:&quot;&quot;,&quot;created_timestamp&quot;:&quot;0&quot;,&quot;copyright&quot;:&quot;&quot;,&quot;focal_length&quot;:&quot;0&quot;,&quot;iso&quot;:&quot;0&quot;,&quot;shutter_speed&quot;:&quot;0&quot;,&quot;title&quot;:&quot;&quot;,&quot;orientation&quot;:&quot;0&quot;}\" data-image-title=\"IMG_6717_WR\" data-image-description=\"\" data-image-caption=\"&lt;p&gt;fot. Wojciech Roeding&lt;\/p&gt;\n\" data-medium-file=\"http:\/\/www.gdansk.baptysci.pl\/wp-content\/uploads\/2015\/02\/IMG_6717_WR-200x300.jpg\" data-large-file=\"http:\/\/www.gdansk.baptysci.pl\/wp-content\/uploads\/2015\/02\/IMG_6717_WR.jpg\" decoding=\"async\" data-attachment-id=\"1361\" data-permalink=\"http:\/\/www.gdansk.baptysci.pl\/index.php\/2015\/03\/15\/chrzest-wiary\/img_6717_wr\/\" data-orig-file=\"http:\/\/www.gdansk.baptysci.pl\/wp-content\/uploads\/2015\/02\/IMG_6717_WR.jpg\" data-orig-size=\"512,768\" data-comments-opened=\"1\" data-image-meta=\"{&quot;aperture&quot;:&quot;0&quot;,&quot;credit&quot;:&quot;&quot;,&quot;camera&quot;:&quot;&quot;,&quot;caption&quot;:&quot;&quot;,&quot;created_timestamp&quot;:&quot;0&quot;,&quot;copyright&quot;:&quot;&quot;,&quot;focal_length&quot;:&quot;0&quot;,&quot;iso&quot;:&quot;0&quot;,&quot;shutter_speed&quot;:&quot;0&quot;,&quot;title&quot;:&quot;&quot;,&quot;orientation&quot;:&quot;0&quot;}\" data-image-title=\"IMG_6717_WR\" data-image-description=\"\" data-image-caption=\"&lt;p&gt;fot. Wojciech Roeding&lt;\/p&gt;\n\" data-medium-file=\"http:\/\/www.gdansk.baptysci.pl\/wp-content\/uploads\/2015\/02\/IMG_6717_WR-200x300.jpg\" data-large-file=\"http:\/\/www.gdansk.baptysci.pl\/wp-content\/uploads\/2015\/02\/IMG_6717_WR.jpg\" srcset=\"https:\/\/i0.wp.com\/www.gdansk.baptysci.pl\/wp-content\/uploads\/2015\/02\/IMG_6717_WR.jpg?strip=info&#038;w=512 512w\" alt=\"\" data-height=\"768\" data-id=\"1361\" data-link=\"http:\/\/www.gdansk.baptysci.pl\/index.php\/2015\/02\/22\/chrzest-wiary\/img_6717_wr\/\" data-url=\"http:\/\/www.gdansk.baptysci.pl\/wp-content\/uploads\/2015\/02\/IMG_6717_WR.jpg\" data-width=\"512\" src=\"https:\/\/i0.wp.com\/www.gdansk.baptysci.pl\/wp-content\/uploads\/2015\/02\/IMG_6717_WR.jpg\" data-amp-layout=\"responsive\"\/><\/figure><\/div><div class=\"tiled-gallery__col\" style=\"flex-basis:25.18373%\"><figure class=\"tiled-gallery__item\"><img data-attachment-id=\"1362\" data-permalink=\"http:\/\/www.gdansk.baptysci.pl\/index.php\/2015\/03\/15\/chrzest-wiary\/img_6728_wr\/\" data-orig-file=\"http:\/\/www.gdansk.baptysci.pl\/wp-content\/uploads\/2015\/02\/IMG_6728_WR.jpg\" data-orig-size=\"512,768\" data-comments-opened=\"1\" data-image-meta=\"{&quot;aperture&quot;:&quot;0&quot;,&quot;credit&quot;:&quot;&quot;,&quot;camera&quot;:&quot;&quot;,&quot;caption&quot;:&quot;&quot;,&quot;created_timestamp&quot;:&quot;0&quot;,&quot;copyright&quot;:&quot;&quot;,&quot;focal_length&quot;:&quot;0&quot;,&quot;iso&quot;:&quot;0&quot;,&quot;shutter_speed&quot;:&quot;0&quot;,&quot;title&quot;:&quot;&quot;,&quot;orientation&quot;:&quot;0&quot;}\" data-image-title=\"IMG_6728_WR\" data-image-description=\"\" data-image-caption=\"&lt;p&gt;fot. Wojciech Roeding&lt;\/p&gt;\n\" data-medium-file=\"http:\/\/www.gdansk.baptysci.pl\/wp-content\/uploads\/2015\/02\/IMG_6728_WR-200x300.jpg\" data-large-file=\"http:\/\/www.gdansk.baptysci.pl\/wp-content\/uploads\/2015\/02\/IMG_6728_WR.jpg\" data-attachment-id=\"1362\" data-permalink=\"http:\/\/www.gdansk.baptysci.pl\/index.php\/2015\/03\/15\/chrzest-wiary\/img_6728_wr\/\" data-orig-file=\"http:\/\/www.gdansk.baptysci.pl\/wp-content\/uploads\/2015\/02\/IMG_6728_WR.jpg\" data-orig-size=\"512,768\" data-comments-opened=\"1\" data-image-meta=\"{&quot;aperture&quot;:&quot;0&quot;,&quot;credit&quot;:&quot;&quot;,&quot;camera&quot;:&quot;&quot;,&quot;caption&quot;:&quot;&quot;,&quot;created_timestamp&quot;:&quot;0&quot;,&quot;copyright&quot;:&quot;&quot;,&quot;focal_length&quot;:&quot;0&quot;,&quot;iso&quot;:&quot;0&quot;,&quot;shutter_speed&quot;:&quot;0&quot;,&quot;title&quot;:&quot;&quot;,&quot;orientation&quot;:&quot;0&quot;}\" data-image-title=\"IMG_6728_WR\" data-image-description=\"\" data-image-caption=\"&lt;p&gt;fot. Wojciech Roeding&lt;\/p&gt;\n\" data-medium-file=\"http:\/\/www.gdansk.baptysci.pl\/wp-content\/uploads\/2015\/02\/IMG_6728_WR-200x300.jpg\" data-large-file=\"http:\/\/www.gdansk.baptysci.pl\/wp-content\/uploads\/2015\/02\/IMG_6728_WR.jpg\" decoding=\"async\" data-attachment-id=\"1362\" data-permalink=\"http:\/\/www.gdansk.baptysci.pl\/index.php\/2015\/03\/15\/chrzest-wiary\/img_6728_wr\/\" data-orig-file=\"http:\/\/www.gdansk.baptysci.pl\/wp-content\/uploads\/2015\/02\/IMG_6728_WR.jpg\" data-orig-size=\"512,768\" data-comments-opened=\"1\" data-image-meta=\"{&quot;aperture&quot;:&quot;0&quot;,&quot;credit&quot;:&quot;&quot;,&quot;camera&quot;:&quot;&quot;,&quot;caption&quot;:&quot;&quot;,&quot;created_timestamp&quot;:&quot;0&quot;,&quot;copyright&quot;:&quot;&quot;,&quot;focal_length&quot;:&quot;0&quot;,&quot;iso&quot;:&quot;0&quot;,&quot;shutter_speed&quot;:&quot;0&quot;,&quot;title&quot;:&quot;&quot;,&quot;orientation&quot;:&quot;0&quot;}\" data-image-title=\"IMG_6728_WR\" data-image-description=\"\" data-image-caption=\"&lt;p&gt;fot. Wojciech Roeding&lt;\/p&gt;\n\" data-medium-file=\"http:\/\/www.gdansk.baptysci.pl\/wp-content\/uploads\/2015\/02\/IMG_6728_WR-200x300.jpg\" data-large-file=\"http:\/\/www.gdansk.baptysci.pl\/wp-content\/uploads\/2015\/02\/IMG_6728_WR.jpg\" srcset=\"https:\/\/i2.wp.com\/www.gdansk.baptysci.pl\/wp-content\/uploads\/2015\/02\/IMG_6728_WR.jpg?strip=info&#038;w=512 512w\" alt=\"\" data-height=\"768\" data-id=\"1362\" data-link=\"http:\/\/www.gdansk.baptysci.pl\/index.php\/2015\/02\/22\/chrzest-wiary\/img_6728_wr\/\" data-url=\"http:\/\/www.gdansk.baptysci.pl\/wp-content\/uploads\/2015\/02\/IMG_6728_WR.jpg\" data-width=\"512\" src=\"https:\/\/i2.wp.com\/www.gdansk.baptysci.pl\/wp-content\/uploads\/2015\/02\/IMG_6728_WR.jpg\" data-amp-layout=\"responsive\"\/><\/figure><\/div><div class=\"tiled-gallery__col\" style=\"flex-basis:25.18373%\"><figure class=\"tiled-gallery__item\"><img data-attachment-id=\"1364\" data-permalink=\"http:\/\/www.gdansk.baptysci.pl\/index.php\/2015\/03\/15\/chrzest-wiary\/img_6742_wr\/\" data-orig-file=\"http:\/\/www.gdansk.baptysci.pl\/wp-content\/uploads\/2015\/02\/IMG_6742_WR.jpg\" data-orig-size=\"512,768\" data-comments-opened=\"1\" data-image-meta=\"{&quot;aperture&quot;:&quot;0&quot;,&quot;credit&quot;:&quot;&quot;,&quot;camera&quot;:&quot;&quot;,&quot;caption&quot;:&quot;&quot;,&quot;created_timestamp&quot;:&quot;0&quot;,&quot;copyright&quot;:&quot;&quot;,&quot;focal_length&quot;:&quot;0&quot;,&quot;iso&quot;:&quot;0&quot;,&quot;shutter_speed&quot;:&quot;0&quot;,&quot;title&quot;:&quot;&quot;,&quot;orientation&quot;:&quot;0&quot;}\" data-image-title=\"IMG_6742_WR\" data-image-description=\"\" data-image-caption=\"&lt;p&gt;fot. Wojciech Roeding&lt;\/p&gt;\n\" data-medium-file=\"http:\/\/www.gdansk.baptysci.pl\/wp-content\/uploads\/2015\/02\/IMG_6742_WR-200x300.jpg\" data-large-file=\"http:\/\/www.gdansk.baptysci.pl\/wp-content\/uploads\/2015\/02\/IMG_6742_WR.jpg\" data-attachment-id=\"1364\" data-permalink=\"http:\/\/www.gdansk.baptysci.pl\/index.php\/2015\/03\/15\/chrzest-wiary\/img_6742_wr\/\" data-orig-file=\"http:\/\/www.gdansk.baptysci.pl\/wp-content\/uploads\/2015\/02\/IMG_6742_WR.jpg\" data-orig-size=\"512,768\" data-comments-opened=\"1\" data-image-meta=\"{&quot;aperture&quot;:&quot;0&quot;,&quot;credit&quot;:&quot;&quot;,&quot;camera&quot;:&quot;&quot;,&quot;caption&quot;:&quot;&quot;,&quot;created_timestamp&quot;:&quot;0&quot;,&quot;copyright&quot;:&quot;&quot;,&quot;focal_length&quot;:&quot;0&quot;,&quot;iso&quot;:&quot;0&quot;,&quot;shutter_speed&quot;:&quot;0&quot;,&quot;title&quot;:&quot;&quot;,&quot;orientation&quot;:&quot;0&quot;}\" data-image-title=\"IMG_6742_WR\" data-image-description=\"\" data-image-caption=\"&lt;p&gt;fot. Wojciech Roeding&lt;\/p&gt;\n\" data-medium-file=\"http:\/\/www.gdansk.baptysci.pl\/wp-content\/uploads\/2015\/02\/IMG_6742_WR-200x300.jpg\" data-large-file=\"http:\/\/www.gdansk.baptysci.pl\/wp-content\/uploads\/2015\/02\/IMG_6742_WR.jpg\" decoding=\"async\" data-attachment-id=\"1364\" data-permalink=\"http:\/\/www.gdansk.baptysci.pl\/index.php\/2015\/03\/15\/chrzest-wiary\/img_6742_wr\/\" data-orig-file=\"http:\/\/www.gdansk.baptysci.pl\/wp-content\/uploads\/2015\/02\/IMG_6742_WR.jpg\" data-orig-size=\"512,768\" data-comments-opened=\"1\" data-image-meta=\"{&quot;aperture&quot;:&quot;0&quot;,&quot;credit&quot;:&quot;&quot;,&quot;camera&quot;:&quot;&quot;,&quot;caption&quot;:&quot;&quot;,&quot;created_timestamp&quot;:&quot;0&quot;,&quot;copyright&quot;:&quot;&quot;,&quot;focal_length&quot;:&quot;0&quot;,&quot;iso&quot;:&quot;0&quot;,&quot;shutter_speed&quot;:&quot;0&quot;,&quot;title&quot;:&quot;&quot;,&quot;orientation&quot;:&quot;0&quot;}\" data-image-title=\"IMG_6742_WR\" data-image-description=\"\" data-image-caption=\"&lt;p&gt;fot. Wojciech Roeding&lt;\/p&gt;\n\" data-medium-file=\"http:\/\/www.gdansk.baptysci.pl\/wp-content\/uploads\/2015\/02\/IMG_6742_WR-200x300.jpg\" data-large-file=\"http:\/\/www.gdansk.baptysci.pl\/wp-content\/uploads\/2015\/02\/IMG_6742_WR.jpg\" srcset=\"https:\/\/i2.wp.com\/www.gdansk.baptysci.pl\/wp-content\/uploads\/2015\/02\/IMG_6742_WR.jpg?strip=info&#038;w=512 512w\" alt=\"\" data-height=\"768\" data-id=\"1364\" data-link=\"http:\/\/www.gdansk.baptysci.pl\/index.php\/2015\/02\/22\/chrzest-wiary\/img_6742_wr\/\" data-url=\"http:\/\/www.gdansk.baptysci.pl\/wp-content\/uploads\/2015\/02\/IMG_6742_WR.jpg\" data-width=\"512\" src=\"https:\/\/i2.wp.com\/www.gdansk.baptysci.pl\/wp-content\/uploads\/2015\/02\/IMG_6742_WR.jpg\" data-amp-layout=\"responsive\"\/><\/figure><\/div><div class=\"tiled-gallery__col\" style=\"flex-basis:24.44882%\"><figure class=\"tiled-gallery__item\"><img data-attachment-id=\"1365\" data-permalink=\"http:\/\/www.gdansk.baptysci.pl\/index.php\/2015\/03\/15\/chrzest-wiary\/img_6748_wr\/\" data-orig-file=\"http:\/\/www.gdansk.baptysci.pl\/wp-content\/uploads\/2015\/02\/IMG_6748_WR.jpg\" data-orig-size=\"497,768\" data-comments-opened=\"1\" data-image-meta=\"{&quot;aperture&quot;:&quot;0&quot;,&quot;credit&quot;:&quot;&quot;,&quot;camera&quot;:&quot;&quot;,&quot;caption&quot;:&quot;&quot;,&quot;created_timestamp&quot;:&quot;0&quot;,&quot;copyright&quot;:&quot;&quot;,&quot;focal_length&quot;:&quot;0&quot;,&quot;iso&quot;:&quot;0&quot;,&quot;shutter_speed&quot;:&quot;0&quot;,&quot;title&quot;:&quot;&quot;,&quot;orientation&quot;:&quot;0&quot;}\" data-image-title=\"IMG_6748_WR\" data-image-description=\"\" data-image-caption=\"&lt;p&gt;fot. Wojciech Roeding&lt;\/p&gt;\n\" data-medium-file=\"http:\/\/www.gdansk.baptysci.pl\/wp-content\/uploads\/2015\/02\/IMG_6748_WR-194x300.jpg\" data-large-file=\"http:\/\/www.gdansk.baptysci.pl\/wp-content\/uploads\/2015\/02\/IMG_6748_WR.jpg\" data-attachment-id=\"1365\" data-permalink=\"http:\/\/www.gdansk.baptysci.pl\/index.php\/2015\/03\/15\/chrzest-wiary\/img_6748_wr\/\" data-orig-file=\"http:\/\/www.gdansk.baptysci.pl\/wp-content\/uploads\/2015\/02\/IMG_6748_WR.jpg\" data-orig-size=\"497,768\" data-comments-opened=\"1\" data-image-meta=\"{&quot;aperture&quot;:&quot;0&quot;,&quot;credit&quot;:&quot;&quot;,&quot;camera&quot;:&quot;&quot;,&quot;caption&quot;:&quot;&quot;,&quot;created_timestamp&quot;:&quot;0&quot;,&quot;copyright&quot;:&quot;&quot;,&quot;focal_length&quot;:&quot;0&quot;,&quot;iso&quot;:&quot;0&quot;,&quot;shutter_speed&quot;:&quot;0&quot;,&quot;title&quot;:&quot;&quot;,&quot;orientation&quot;:&quot;0&quot;}\" data-image-title=\"IMG_6748_WR\" data-image-description=\"\" data-image-caption=\"&lt;p&gt;fot. Wojciech Roeding&lt;\/p&gt;\n\" data-medium-file=\"http:\/\/www.gdansk.baptysci.pl\/wp-content\/uploads\/2015\/02\/IMG_6748_WR-194x300.jpg\" data-large-file=\"http:\/\/www.gdansk.baptysci.pl\/wp-content\/uploads\/2015\/02\/IMG_6748_WR.jpg\" decoding=\"async\" data-attachment-id=\"1365\" data-permalink=\"http:\/\/www.gdansk.baptysci.pl\/index.php\/2015\/03\/15\/chrzest-wiary\/img_6748_wr\/\" data-orig-file=\"http:\/\/www.gdansk.baptysci.pl\/wp-content\/uploads\/2015\/02\/IMG_6748_WR.jpg\" data-orig-size=\"497,768\" data-comments-opened=\"1\" data-image-meta=\"{&quot;aperture&quot;:&quot;0&quot;,&quot;credit&quot;:&quot;&quot;,&quot;camera&quot;:&quot;&quot;,&quot;caption&quot;:&quot;&quot;,&quot;created_timestamp&quot;:&quot;0&quot;,&quot;copyright&quot;:&quot;&quot;,&quot;focal_length&quot;:&quot;0&quot;,&quot;iso&quot;:&quot;0&quot;,&quot;shutter_speed&quot;:&quot;0&quot;,&quot;title&quot;:&quot;&quot;,&quot;orientation&quot;:&quot;0&quot;}\" data-image-title=\"IMG_6748_WR\" data-image-description=\"\" data-image-caption=\"&lt;p&gt;fot. Wojciech Roeding&lt;\/p&gt;\n\" data-medium-file=\"http:\/\/www.gdansk.baptysci.pl\/wp-content\/uploads\/2015\/02\/IMG_6748_WR-194x300.jpg\" data-large-file=\"http:\/\/www.gdansk.baptysci.pl\/wp-content\/uploads\/2015\/02\/IMG_6748_WR.jpg\" srcset=\"https:\/\/i0.wp.com\/www.gdansk.baptysci.pl\/wp-content\/uploads\/2015\/02\/IMG_6748_WR.jpg?strip=info&#038;w=497 497w\" alt=\"\" data-height=\"768\" data-id=\"1365\" data-link=\"http:\/\/www.gdansk.baptysci.pl\/index.php\/2015\/02\/22\/chrzest-wiary\/img_6748_wr\/\" data-url=\"http:\/\/www.gdansk.baptysci.pl\/wp-content\/uploads\/2015\/02\/IMG_6748_WR.jpg\" data-width=\"497\" src=\"https:\/\/i0.wp.com\/www.gdansk.baptysci.pl\/wp-content\/uploads\/2015\/02\/IMG_6748_WR.jpg\" data-amp-layout=\"responsive\"\/><\/figure><\/div><\/div><div class=\"tiled-gallery__row\"><div class=\"tiled-gallery__col\" style=\"flex-basis:33.66110%\"><figure class=\"tiled-gallery__item\"><img data-attachment-id=\"1366\" data-permalink=\"http:\/\/www.gdansk.baptysci.pl\/index.php\/2015\/03\/15\/chrzest-wiary\/img_6753_wr\/\" data-orig-file=\"http:\/\/www.gdansk.baptysci.pl\/wp-content\/uploads\/2015\/02\/IMG_6753_WR.jpg\" data-orig-size=\"512,768\" data-comments-opened=\"1\" data-image-meta=\"{&quot;aperture&quot;:&quot;0&quot;,&quot;credit&quot;:&quot;&quot;,&quot;camera&quot;:&quot;&quot;,&quot;caption&quot;:&quot;&quot;,&quot;created_timestamp&quot;:&quot;0&quot;,&quot;copyright&quot;:&quot;&quot;,&quot;focal_length&quot;:&quot;0&quot;,&quot;iso&quot;:&quot;0&quot;,&quot;shutter_speed&quot;:&quot;0&quot;,&quot;title&quot;:&quot;&quot;,&quot;orientation&quot;:&quot;0&quot;}\" data-image-title=\"IMG_6753_WR\" data-image-description=\"\" data-image-caption=\"&lt;p&gt;fot. Wojciech Roeding&lt;\/p&gt;\n\" data-medium-file=\"http:\/\/www.gdansk.baptysci.pl\/wp-content\/uploads\/2015\/02\/IMG_6753_WR-200x300.jpg\" data-large-file=\"http:\/\/www.gdansk.baptysci.pl\/wp-content\/uploads\/2015\/02\/IMG_6753_WR.jpg\" data-attachment-id=\"1366\" data-permalink=\"http:\/\/www.gdansk.baptysci.pl\/index.php\/2015\/03\/15\/chrzest-wiary\/img_6753_wr\/\" data-orig-file=\"http:\/\/www.gdansk.baptysci.pl\/wp-content\/uploads\/2015\/02\/IMG_6753_WR.jpg\" data-orig-size=\"512,768\" data-comments-opened=\"1\" data-image-meta=\"{&quot;aperture&quot;:&quot;0&quot;,&quot;credit&quot;:&quot;&quot;,&quot;camera&quot;:&quot;&quot;,&quot;caption&quot;:&quot;&quot;,&quot;created_timestamp&quot;:&quot;0&quot;,&quot;copyright&quot;:&quot;&quot;,&quot;focal_length&quot;:&quot;0&quot;,&quot;iso&quot;:&quot;0&quot;,&quot;shutter_speed&quot;:&quot;0&quot;,&quot;title&quot;:&quot;&quot;,&quot;orientation&quot;:&quot;0&quot;}\" data-image-title=\"IMG_6753_WR\" data-image-description=\"\" data-image-caption=\"&lt;p&gt;fot. Wojciech Roeding&lt;\/p&gt;\n\" data-medium-file=\"http:\/\/www.gdansk.baptysci.pl\/wp-content\/uploads\/2015\/02\/IMG_6753_WR-200x300.jpg\" data-large-file=\"http:\/\/www.gdansk.baptysci.pl\/wp-content\/uploads\/2015\/02\/IMG_6753_WR.jpg\" decoding=\"async\" data-attachment-id=\"1366\" data-permalink=\"http:\/\/www.gdansk.baptysci.pl\/index.php\/2015\/03\/15\/chrzest-wiary\/img_6753_wr\/\" data-orig-file=\"http:\/\/www.gdansk.baptysci.pl\/wp-content\/uploads\/2015\/02\/IMG_6753_WR.jpg\" data-orig-size=\"512,768\" data-comments-opened=\"1\" data-image-meta=\"{&quot;aperture&quot;:&quot;0&quot;,&quot;credit&quot;:&quot;&quot;,&quot;camera&quot;:&quot;&quot;,&quot;caption&quot;:&quot;&quot;,&quot;created_timestamp&quot;:&quot;0&quot;,&quot;copyright&quot;:&quot;&quot;,&quot;focal_length&quot;:&quot;0&quot;,&quot;iso&quot;:&quot;0&quot;,&quot;shutter_speed&quot;:&quot;0&quot;,&quot;title&quot;:&quot;&quot;,&quot;orientation&quot;:&quot;0&quot;}\" data-image-title=\"IMG_6753_WR\" data-image-description=\"\" data-image-caption=\"&lt;p&gt;fot. Wojciech Roeding&lt;\/p&gt;\n\" data-medium-file=\"http:\/\/www.gdansk.baptysci.pl\/wp-content\/uploads\/2015\/02\/IMG_6753_WR-200x300.jpg\" data-large-file=\"http:\/\/www.gdansk.baptysci.pl\/wp-content\/uploads\/2015\/02\/IMG_6753_WR.jpg\" srcset=\"https:\/\/i2.wp.com\/www.gdansk.baptysci.pl\/wp-content\/uploads\/2015\/02\/IMG_6753_WR.jpg?strip=info&#038;w=512 512w\" alt=\"\" data-height=\"768\" data-id=\"1366\" data-link=\"http:\/\/www.gdansk.baptysci.pl\/index.php\/2015\/02\/22\/chrzest-wiary\/img_6753_wr\/\" data-url=\"http:\/\/www.gdansk.baptysci.pl\/wp-content\/uploads\/2015\/02\/IMG_6753_WR.jpg\" data-width=\"512\" src=\"https:\/\/i2.wp.com\/www.gdansk.baptysci.pl\/wp-content\/uploads\/2015\/02\/IMG_6753_WR.jpg\" data-amp-layout=\"responsive\"\/><\/figure><\/div><div class=\"tiled-gallery__col\" style=\"flex-basis:33.66110%\"><figure class=\"tiled-gallery__item\"><img data-attachment-id=\"1363\" data-permalink=\"http:\/\/www.gdansk.baptysci.pl\/index.php\/2015\/03\/15\/chrzest-wiary\/img_6737_wr\/\" data-orig-file=\"http:\/\/www.gdansk.baptysci.pl\/wp-content\/uploads\/2015\/02\/IMG_6737_WR.jpg\" data-orig-size=\"512,768\" data-comments-opened=\"1\" data-image-meta=\"{&quot;aperture&quot;:&quot;0&quot;,&quot;credit&quot;:&quot;&quot;,&quot;camera&quot;:&quot;&quot;,&quot;caption&quot;:&quot;&quot;,&quot;created_timestamp&quot;:&quot;0&quot;,&quot;copyright&quot;:&quot;&quot;,&quot;focal_length&quot;:&quot;0&quot;,&quot;iso&quot;:&quot;0&quot;,&quot;shutter_speed&quot;:&quot;0&quot;,&quot;title&quot;:&quot;&quot;,&quot;orientation&quot;:&quot;0&quot;}\" data-image-title=\"IMG_6737_WR\" data-image-description=\"\" data-image-caption=\"&lt;p&gt;fot. Wojciech Roeding&lt;\/p&gt;\n\" data-medium-file=\"http:\/\/www.gdansk.baptysci.pl\/wp-content\/uploads\/2015\/02\/IMG_6737_WR-200x300.jpg\" data-large-file=\"http:\/\/www.gdansk.baptysci.pl\/wp-content\/uploads\/2015\/02\/IMG_6737_WR.jpg\" data-attachment-id=\"1363\" data-permalink=\"http:\/\/www.gdansk.baptysci.pl\/index.php\/2015\/03\/15\/chrzest-wiary\/img_6737_wr\/\" data-orig-file=\"http:\/\/www.gdansk.baptysci.pl\/wp-content\/uploads\/2015\/02\/IMG_6737_WR.jpg\" data-orig-size=\"512,768\" data-comments-opened=\"1\" data-image-meta=\"{&quot;aperture&quot;:&quot;0&quot;,&quot;credit&quot;:&quot;&quot;,&quot;camera&quot;:&quot;&quot;,&quot;caption&quot;:&quot;&quot;,&quot;created_timestamp&quot;:&quot;0&quot;,&quot;copyright&quot;:&quot;&quot;,&quot;focal_length&quot;:&quot;0&quot;,&quot;iso&quot;:&quot;0&quot;,&quot;shutter_speed&quot;:&quot;0&quot;,&quot;title&quot;:&quot;&quot;,&quot;orientation&quot;:&quot;0&quot;}\" data-image-title=\"IMG_6737_WR\" data-image-description=\"\" data-image-caption=\"&lt;p&gt;fot. Wojciech Roeding&lt;\/p&gt;\n\" data-medium-file=\"http:\/\/www.gdansk.baptysci.pl\/wp-content\/uploads\/2015\/02\/IMG_6737_WR-200x300.jpg\" data-large-file=\"http:\/\/www.gdansk.baptysci.pl\/wp-content\/uploads\/2015\/02\/IMG_6737_WR.jpg\" decoding=\"async\" data-attachment-id=\"1363\" data-permalink=\"http:\/\/www.gdansk.baptysci.pl\/index.php\/2015\/03\/15\/chrzest-wiary\/img_6737_wr\/\" data-orig-file=\"http:\/\/www.gdansk.baptysci.pl\/wp-content\/uploads\/2015\/02\/IMG_6737_WR.jpg\" data-orig-size=\"512,768\" data-comments-opened=\"1\" data-image-meta=\"{&quot;aperture&quot;:&quot;0&quot;,&quot;credit&quot;:&quot;&quot;,&quot;camera&quot;:&quot;&quot;,&quot;caption&quot;:&quot;&quot;,&quot;created_timestamp&quot;:&quot;0&quot;,&quot;copyright&quot;:&quot;&quot;,&quot;focal_length&quot;:&quot;0&quot;,&quot;iso&quot;:&quot;0&quot;,&quot;shutter_speed&quot;:&quot;0&quot;,&quot;title&quot;:&quot;&quot;,&quot;orientation&quot;:&quot;0&quot;}\" data-image-title=\"IMG_6737_WR\" data-image-description=\"\" data-image-caption=\"&lt;p&gt;fot. Wojciech Roeding&lt;\/p&gt;\n\" data-medium-file=\"http:\/\/www.gdansk.baptysci.pl\/wp-content\/uploads\/2015\/02\/IMG_6737_WR-200x300.jpg\" data-large-file=\"http:\/\/www.gdansk.baptysci.pl\/wp-content\/uploads\/2015\/02\/IMG_6737_WR.jpg\" srcset=\"https:\/\/i2.wp.com\/www.gdansk.baptysci.pl\/wp-content\/uploads\/2015\/02\/IMG_6737_WR.jpg?strip=info&#038;w=512 512w\" alt=\"\" data-height=\"768\" data-id=\"1363\" data-link=\"http:\/\/www.gdansk.baptysci.pl\/index.php\/2015\/02\/22\/chrzest-wiary\/img_6737_wr\/\" data-url=\"http:\/\/www.gdansk.baptysci.pl\/wp-content\/uploads\/2015\/02\/IMG_6737_WR.jpg\" data-width=\"512\" src=\"https:\/\/i2.wp.com\/www.gdansk.baptysci.pl\/wp-content\/uploads\/2015\/02\/IMG_6737_WR.jpg\" data-amp-layout=\"responsive\"\/><\/figure><\/div><div class=\"tiled-gallery__col\" style=\"flex-basis:32.67780%\"><figure class=\"tiled-gallery__item\"><img data-attachment-id=\"1367\" data-permalink=\"http:\/\/www.gdansk.baptysci.pl\/index.php\/2015\/03\/15\/chrzest-wiary\/img_6761_wr\/\" data-orig-file=\"http:\/\/www.gdansk.baptysci.pl\/wp-content\/uploads\/2015\/02\/IMG_6761_WR.jpg\" data-orig-size=\"497,768\" data-comments-opened=\"1\" data-image-meta=\"{&quot;aperture&quot;:&quot;0&quot;,&quot;credit&quot;:&quot;&quot;,&quot;camera&quot;:&quot;&quot;,&quot;caption&quot;:&quot;&quot;,&quot;created_timestamp&quot;:&quot;0&quot;,&quot;copyright&quot;:&quot;&quot;,&quot;focal_length&quot;:&quot;0&quot;,&quot;iso&quot;:&quot;0&quot;,&quot;shutter_speed&quot;:&quot;0&quot;,&quot;title&quot;:&quot;&quot;,&quot;orientation&quot;:&quot;0&quot;}\" data-image-title=\"IMG_6761_WR\" data-image-description=\"\" data-image-caption=\"&lt;p&gt;fot. Wojciech Roeding&lt;\/p&gt;\n\" data-medium-file=\"http:\/\/www.gdansk.baptysci.pl\/wp-content\/uploads\/2015\/02\/IMG_6761_WR-194x300.jpg\" data-large-file=\"http:\/\/www.gdansk.baptysci.pl\/wp-content\/uploads\/2015\/02\/IMG_6761_WR.jpg\" data-attachment-id=\"1367\" data-permalink=\"http:\/\/www.gdansk.baptysci.pl\/index.php\/2015\/03\/15\/chrzest-wiary\/img_6761_wr\/\" data-orig-file=\"http:\/\/www.gdansk.baptysci.pl\/wp-content\/uploads\/2015\/02\/IMG_6761_WR.jpg\" data-orig-size=\"497,768\" data-comments-opened=\"1\" data-image-meta=\"{&quot;aperture&quot;:&quot;0&quot;,&quot;credit&quot;:&quot;&quot;,&quot;camera&quot;:&quot;&quot;,&quot;caption&quot;:&quot;&quot;,&quot;created_timestamp&quot;:&quot;0&quot;,&quot;copyright&quot;:&quot;&quot;,&quot;focal_length&quot;:&quot;0&quot;,&quot;iso&quot;:&quot;0&quot;,&quot;shutter_speed&quot;:&quot;0&quot;,&quot;title&quot;:&quot;&quot;,&quot;orientation&quot;:&quot;0&quot;}\" data-image-title=\"IMG_6761_WR\" data-image-description=\"\" data-image-caption=\"&lt;p&gt;fot. Wojciech Roeding&lt;\/p&gt;\n\" data-medium-file=\"http:\/\/www.gdansk.baptysci.pl\/wp-content\/uploads\/2015\/02\/IMG_6761_WR-194x300.jpg\" data-large-file=\"http:\/\/www.gdansk.baptysci.pl\/wp-content\/uploads\/2015\/02\/IMG_6761_WR.jpg\" decoding=\"async\" data-attachment-id=\"1367\" data-permalink=\"http:\/\/www.gdansk.baptysci.pl\/index.php\/2015\/03\/15\/chrzest-wiary\/img_6761_wr\/\" data-orig-file=\"http:\/\/www.gdansk.baptysci.pl\/wp-content\/uploads\/2015\/02\/IMG_6761_WR.jpg\" data-orig-size=\"497,768\" data-comments-opened=\"1\" data-image-meta=\"{&quot;aperture&quot;:&quot;0&quot;,&quot;credit&quot;:&quot;&quot;,&quot;camera&quot;:&quot;&quot;,&quot;caption&quot;:&quot;&quot;,&quot;created_timestamp&quot;:&quot;0&quot;,&quot;copyright&quot;:&quot;&quot;,&quot;focal_length&quot;:&quot;0&quot;,&quot;iso&quot;:&quot;0&quot;,&quot;shutter_speed&quot;:&quot;0&quot;,&quot;title&quot;:&quot;&quot;,&quot;orientation&quot;:&quot;0&quot;}\" data-image-title=\"IMG_6761_WR\" data-image-description=\"\" data-image-caption=\"&lt;p&gt;fot. Wojciech Roeding&lt;\/p&gt;\n\" data-medium-file=\"http:\/\/www.gdansk.baptysci.pl\/wp-content\/uploads\/2015\/02\/IMG_6761_WR-194x300.jpg\" data-large-file=\"http:\/\/www.gdansk.baptysci.pl\/wp-content\/uploads\/2015\/02\/IMG_6761_WR.jpg\" srcset=\"https:\/\/i2.wp.com\/www.gdansk.baptysci.pl\/wp-content\/uploads\/2015\/02\/IMG_6761_WR.jpg?strip=info&#038;w=497 497w\" alt=\"\" data-height=\"768\" data-id=\"1367\" data-link=\"http:\/\/www.gdansk.baptysci.pl\/index.php\/2015\/02\/22\/chrzest-wiary\/img_6761_wr\/\" data-url=\"http:\/\/www.gdansk.baptysci.pl\/wp-content\/uploads\/2015\/02\/IMG_6761_WR.jpg\" data-width=\"497\" src=\"https:\/\/i2.wp.com\/www.gdansk.baptysci.pl\/wp-content\/uploads\/2015\/02\/IMG_6761_WR.jpg\" data-amp-layout=\"responsive\"\/><\/figure><\/div><\/div><div class=\"tiled-gallery__row\"><div class=\"tiled-gallery__col\" style=\"flex-basis:50.00000%\"><figure class=\"tiled-gallery__item\"><img data-attachment-id=\"1368\" data-permalink=\"http:\/\/www.gdansk.baptysci.pl\/index.php\/2015\/03\/15\/chrzest-wiary\/img_6768_wr\/\" data-orig-file=\"http:\/\/www.gdansk.baptysci.pl\/wp-content\/uploads\/2015\/02\/IMG_6768_WR.jpg\" data-orig-size=\"497,768\" data-comments-opened=\"1\" data-image-meta=\"{&quot;aperture&quot;:&quot;0&quot;,&quot;credit&quot;:&quot;&quot;,&quot;camera&quot;:&quot;&quot;,&quot;caption&quot;:&quot;&quot;,&quot;created_timestamp&quot;:&quot;0&quot;,&quot;copyright&quot;:&quot;&quot;,&quot;focal_length&quot;:&quot;0&quot;,&quot;iso&quot;:&quot;0&quot;,&quot;shutter_speed&quot;:&quot;0&quot;,&quot;title&quot;:&quot;&quot;,&quot;orientation&quot;:&quot;0&quot;}\" data-image-title=\"IMG_6768_WR\" data-image-description=\"\" data-image-caption=\"&lt;p&gt;fot. Wojciech Roeding&lt;\/p&gt;\n\" data-medium-file=\"http:\/\/www.gdansk.baptysci.pl\/wp-content\/uploads\/2015\/02\/IMG_6768_WR-194x300.jpg\" data-large-file=\"http:\/\/www.gdansk.baptysci.pl\/wp-content\/uploads\/2015\/02\/IMG_6768_WR.jpg\" data-attachment-id=\"1368\" data-permalink=\"http:\/\/www.gdansk.baptysci.pl\/index.php\/2015\/03\/15\/chrzest-wiary\/img_6768_wr\/\" data-orig-file=\"http:\/\/www.gdansk.baptysci.pl\/wp-content\/uploads\/2015\/02\/IMG_6768_WR.jpg\" data-orig-size=\"497,768\" data-comments-opened=\"1\" data-image-meta=\"{&quot;aperture&quot;:&quot;0&quot;,&quot;credit&quot;:&quot;&quot;,&quot;camera&quot;:&quot;&quot;,&quot;caption&quot;:&quot;&quot;,&quot;created_timestamp&quot;:&quot;0&quot;,&quot;copyright&quot;:&quot;&quot;,&quot;focal_length&quot;:&quot;0&quot;,&quot;iso&quot;:&quot;0&quot;,&quot;shutter_speed&quot;:&quot;0&quot;,&quot;title&quot;:&quot;&quot;,&quot;orientation&quot;:&quot;0&quot;}\" data-image-title=\"IMG_6768_WR\" data-image-description=\"\" data-image-caption=\"&lt;p&gt;fot. Wojciech Roeding&lt;\/p&gt;\n\" data-medium-file=\"http:\/\/www.gdansk.baptysci.pl\/wp-content\/uploads\/2015\/02\/IMG_6768_WR-194x300.jpg\" data-large-file=\"http:\/\/www.gdansk.baptysci.pl\/wp-content\/uploads\/2015\/02\/IMG_6768_WR.jpg\" decoding=\"async\" data-attachment-id=\"1368\" data-permalink=\"http:\/\/www.gdansk.baptysci.pl\/index.php\/2015\/03\/15\/chrzest-wiary\/img_6768_wr\/\" data-orig-file=\"http:\/\/www.gdansk.baptysci.pl\/wp-content\/uploads\/2015\/02\/IMG_6768_WR.jpg\" data-orig-size=\"497,768\" data-comments-opened=\"1\" data-image-meta=\"{&quot;aperture&quot;:&quot;0&quot;,&quot;credit&quot;:&quot;&quot;,&quot;camera&quot;:&quot;&quot;,&quot;caption&quot;:&quot;&quot;,&quot;created_timestamp&quot;:&quot;0&quot;,&quot;copyright&quot;:&quot;&quot;,&quot;focal_length&quot;:&quot;0&quot;,&quot;iso&quot;:&quot;0&quot;,&quot;shutter_speed&quot;:&quot;0&quot;,&quot;title&quot;:&quot;&quot;,&quot;orientation&quot;:&quot;0&quot;}\" data-image-title=\"IMG_6768_WR\" data-image-description=\"\" data-image-caption=\"&lt;p&gt;fot. Wojciech Roeding&lt;\/p&gt;\n\" data-medium-file=\"http:\/\/www.gdansk.baptysci.pl\/wp-content\/uploads\/2015\/02\/IMG_6768_WR-194x300.jpg\" data-large-file=\"http:\/\/www.gdansk.baptysci.pl\/wp-content\/uploads\/2015\/02\/IMG_6768_WR.jpg\" srcset=\"https:\/\/i2.wp.com\/www.gdansk.baptysci.pl\/wp-content\/uploads\/2015\/02\/IMG_6768_WR.jpg?strip=info&#038;w=497 497w\" alt=\"\" data-height=\"768\" data-id=\"1368\" data-link=\"http:\/\/www.gdansk.baptysci.pl\/index.php\/2015\/02\/22\/chrzest-wiary\/img_6768_wr\/\" data-url=\"http:\/\/www.gdansk.baptysci.pl\/wp-content\/uploads\/2015\/02\/IMG_6768_WR.jpg\" data-width=\"497\" src=\"https:\/\/i2.wp.com\/www.gdansk.baptysci.pl\/wp-content\/uploads\/2015\/02\/IMG_6768_WR.jpg\" data-amp-layout=\"responsive\"\/><\/figure><\/div><div class=\"tiled-gallery__col\" style=\"flex-basis:50.00000%\"><figure class=\"tiled-gallery__item\"><img data-attachment-id=\"1369\" data-permalink=\"http:\/\/www.gdansk.baptysci.pl\/index.php\/2015\/03\/15\/chrzest-wiary\/img_6776_wr\/\" data-orig-file=\"http:\/\/www.gdansk.baptysci.pl\/wp-content\/uploads\/2015\/02\/IMG_6776_WR.jpg\" data-orig-size=\"497,768\" data-comments-opened=\"1\" data-image-meta=\"{&quot;aperture&quot;:&quot;0&quot;,&quot;credit&quot;:&quot;&quot;,&quot;camera&quot;:&quot;&quot;,&quot;caption&quot;:&quot;&quot;,&quot;created_timestamp&quot;:&quot;0&quot;,&quot;copyright&quot;:&quot;&quot;,&quot;focal_length&quot;:&quot;0&quot;,&quot;iso&quot;:&quot;0&quot;,&quot;shutter_speed&quot;:&quot;0&quot;,&quot;title&quot;:&quot;&quot;,&quot;orientation&quot;:&quot;0&quot;}\" data-image-title=\"IMG_6776_WR\" data-image-description=\"\" data-image-caption=\"&lt;p&gt;fot. Wojciech Roeding&lt;\/p&gt;\n\" data-medium-file=\"http:\/\/www.gdansk.baptysci.pl\/wp-content\/uploads\/2015\/02\/IMG_6776_WR-194x300.jpg\" data-large-file=\"http:\/\/www.gdansk.baptysci.pl\/wp-content\/uploads\/2015\/02\/IMG_6776_WR.jpg\" data-attachment-id=\"1369\" data-permalink=\"http:\/\/www.gdansk.baptysci.pl\/index.php\/2015\/03\/15\/chrzest-wiary\/img_6776_wr\/\" data-orig-file=\"http:\/\/www.gdansk.baptysci.pl\/wp-content\/uploads\/2015\/02\/IMG_6776_WR.jpg\" data-orig-size=\"497,768\" data-comments-opened=\"1\" data-image-meta=\"{&quot;aperture&quot;:&quot;0&quot;,&quot;credit&quot;:&quot;&quot;,&quot;camera&quot;:&quot;&quot;,&quot;caption&quot;:&quot;&quot;,&quot;created_timestamp&quot;:&quot;0&quot;,&quot;copyright&quot;:&quot;&quot;,&quot;focal_length&quot;:&quot;0&quot;,&quot;iso&quot;:&quot;0&quot;,&quot;shutter_speed&quot;:&quot;0&quot;,&quot;title&quot;:&quot;&quot;,&quot;orientation&quot;:&quot;0&quot;}\" data-image-title=\"IMG_6776_WR\" data-image-description=\"\" data-image-caption=\"&lt;p&gt;fot. Wojciech Roeding&lt;\/p&gt;\n\" data-medium-file=\"http:\/\/www.gdansk.baptysci.pl\/wp-content\/uploads\/2015\/02\/IMG_6776_WR-194x300.jpg\" data-large-file=\"http:\/\/www.gdansk.baptysci.pl\/wp-content\/uploads\/2015\/02\/IMG_6776_WR.jpg\" decoding=\"async\" data-attachment-id=\"1369\" data-permalink=\"http:\/\/www.gdansk.baptysci.pl\/index.php\/2015\/03\/15\/chrzest-wiary\/img_6776_wr\/\" data-orig-file=\"http:\/\/www.gdansk.baptysci.pl\/wp-content\/uploads\/2015\/02\/IMG_6776_WR.jpg\" data-orig-size=\"497,768\" data-comments-opened=\"1\" data-image-meta=\"{&quot;aperture&quot;:&quot;0&quot;,&quot;credit&quot;:&quot;&quot;,&quot;camera&quot;:&quot;&quot;,&quot;caption&quot;:&quot;&quot;,&quot;created_timestamp&quot;:&quot;0&quot;,&quot;copyright&quot;:&quot;&quot;,&quot;focal_length&quot;:&quot;0&quot;,&quot;iso&quot;:&quot;0&quot;,&quot;shutter_speed&quot;:&quot;0&quot;,&quot;title&quot;:&quot;&quot;,&quot;orientation&quot;:&quot;0&quot;}\" data-image-title=\"IMG_6776_WR\" data-image-description=\"\" data-image-caption=\"&lt;p&gt;fot. Wojciech Roeding&lt;\/p&gt;\n\" data-medium-file=\"http:\/\/www.gdansk.baptysci.pl\/wp-content\/uploads\/2015\/02\/IMG_6776_WR-194x300.jpg\" data-large-file=\"http:\/\/www.gdansk.baptysci.pl\/wp-content\/uploads\/2015\/02\/IMG_6776_WR.jpg\" srcset=\"https:\/\/i0.wp.com\/www.gdansk.baptysci.pl\/wp-content\/uploads\/2015\/02\/IMG_6776_WR.jpg?strip=info&#038;w=497 497w\" alt=\"\" data-height=\"768\" data-id=\"1369\" data-link=\"http:\/\/www.gdansk.baptysci.pl\/index.php\/2015\/02\/22\/chrzest-wiary\/img_6776_wr\/\" data-url=\"http:\/\/www.gdansk.baptysci.pl\/wp-content\/uploads\/2015\/02\/IMG_6776_WR.jpg\" data-width=\"497\" src=\"https:\/\/i0.wp.com\/www.gdansk.baptysci.pl\/wp-content\/uploads\/2015\/02\/IMG_6776_WR.jpg\" data-amp-layout=\"responsive\"\/><\/figure><\/div><\/div><\/div><\/div>\n<\/div>\n\n\n<hr class=\"wp-block-separator has-text-color has-dark-gray-color has-alpha-channel-opacity has-dark-gray-background-color has-background is-style-wide\"\/>\n\n<\/li><li class=\"wp-block-post post-1303 post type-post status-publish format-gallery has-post-thumbnail hentry category-multimedia category-multimedia-2015 post_format-post-format-gallery\">\n\n<div class=\"is-vertical is-layout-flex wp-container-16 wp-block-group\">\n<div class=\"is-vertical is-layout-flex wp-container-15 wp-block-group\">\n<div class=\"is-vertical is-layout-flex wp-container-14 wp-block-group\"><h2 class=\"wp-block-post-title\">Ko\u015bci\u00f3\u0142 to ludzie<\/h2><\/div>\n<\/div>\n<\/div>\n\n\n<div class=\"is-layout-flow entry-content wp-block-post-content\">\n<div data-carousel-extra='{\"blog_id\":1,\"permalink\":\"http:\\\/\\\/www.gdansk.baptysci.pl\\\/index.php\\\/2015\\\/03\\\/22\\\/kosciol-to-ludzie\\\/\"}'  class=\"wp-block-jetpack-tiled-gallery aligncenter is-style-rectangular\"><div class=\"tiled-gallery__gallery\"><div class=\"tiled-gallery__row\"><div class=\"tiled-gallery__col\" style=\"flex-basis:24.39150%\"><figure class=\"tiled-gallery__item\"><img data-attachment-id=\"1304\" data-permalink=\"http:\/\/www.gdansk.baptysci.pl\/index.php\/2015\/03\/22\/kosciol-to-ludzie\/10379940_878858972128097_6504205556554178032_o\/\" data-orig-file=\"http:\/\/www.gdansk.baptysci.pl\/wp-content\/uploads\/2015\/03\/10379940_878858972128097_6504205556554178032_o.jpg\" data-orig-size=\"1536,2048\" data-comments-opened=\"1\" data-image-meta=\"{&quot;aperture&quot;:&quot;0&quot;,&quot;credit&quot;:&quot;Picasa&quot;,&quot;camera&quot;:&quot;&quot;,&quot;caption&quot;:&quot;&quot;,&quot;created_timestamp&quot;:&quot;0&quot;,&quot;copyright&quot;:&quot;&quot;,&quot;focal_length&quot;:&quot;0&quot;,&quot;iso&quot;:&quot;0&quot;,&quot;shutter_speed&quot;:&quot;0&quot;,&quot;title&quot;:&quot;&quot;,&quot;orientation&quot;:&quot;0&quot;}\" data-image-title=\"IMG_019\" data-image-description=\"\" data-image-caption=\"&lt;p&gt;fot. Artur Grybek&lt;\/p&gt;\n\" data-medium-file=\"http:\/\/www.gdansk.baptysci.pl\/wp-content\/uploads\/2015\/03\/10379940_878858972128097_6504205556554178032_o-225x300.jpg\" data-large-file=\"http:\/\/www.gdansk.baptysci.pl\/wp-content\/uploads\/2015\/03\/10379940_878858972128097_6504205556554178032_o-768x1024.jpg\" data-attachment-id=\"1304\" data-permalink=\"http:\/\/www.gdansk.baptysci.pl\/index.php\/2015\/03\/22\/kosciol-to-ludzie\/10379940_878858972128097_6504205556554178032_o\/\" data-orig-file=\"http:\/\/www.gdansk.baptysci.pl\/wp-content\/uploads\/2015\/03\/10379940_878858972128097_6504205556554178032_o.jpg\" data-orig-size=\"1536,2048\" data-comments-opened=\"1\" data-image-meta=\"{&quot;aperture&quot;:&quot;0&quot;,&quot;credit&quot;:&quot;Picasa&quot;,&quot;camera&quot;:&quot;&quot;,&quot;caption&quot;:&quot;&quot;,&quot;created_timestamp&quot;:&quot;0&quot;,&quot;copyright&quot;:&quot;&quot;,&quot;focal_length&quot;:&quot;0&quot;,&quot;iso&quot;:&quot;0&quot;,&quot;shutter_speed&quot;:&quot;0&quot;,&quot;title&quot;:&quot;&quot;,&quot;orientation&quot;:&quot;0&quot;}\" data-image-title=\"IMG_019\" data-image-description=\"\" data-image-caption=\"&lt;p&gt;fot. Artur Grybek&lt;\/p&gt;\n\" data-medium-file=\"http:\/\/www.gdansk.baptysci.pl\/wp-content\/uploads\/2015\/03\/10379940_878858972128097_6504205556554178032_o-225x300.jpg\" data-large-file=\"http:\/\/www.gdansk.baptysci.pl\/wp-content\/uploads\/2015\/03\/10379940_878858972128097_6504205556554178032_o-768x1024.jpg\" decoding=\"async\" data-attachment-id=\"1304\" data-permalink=\"http:\/\/www.gdansk.baptysci.pl\/index.php\/2015\/03\/22\/kosciol-to-ludzie\/10379940_878858972128097_6504205556554178032_o\/\" data-orig-file=\"http:\/\/www.gdansk.baptysci.pl\/wp-content\/uploads\/2015\/03\/10379940_878858972128097_6504205556554178032_o.jpg\" data-orig-size=\"1536,2048\" data-comments-opened=\"1\" data-image-meta=\"{&quot;aperture&quot;:&quot;0&quot;,&quot;credit&quot;:&quot;Picasa&quot;,&quot;camera&quot;:&quot;&quot;,&quot;caption&quot;:&quot;&quot;,&quot;created_timestamp&quot;:&quot;0&quot;,&quot;copyright&quot;:&quot;&quot;,&quot;focal_length&quot;:&quot;0&quot;,&quot;iso&quot;:&quot;0&quot;,&quot;shutter_speed&quot;:&quot;0&quot;,&quot;title&quot;:&quot;&quot;,&quot;orientation&quot;:&quot;0&quot;}\" data-image-title=\"IMG_019\" data-image-description=\"\" data-image-caption=\"&lt;p&gt;fot. Artur Grybek&lt;\/p&gt;\n\" data-medium-file=\"http:\/\/www.gdansk.baptysci.pl\/wp-content\/uploads\/2015\/03\/10379940_878858972128097_6504205556554178032_o-225x300.jpg\" data-large-file=\"http:\/\/www.gdansk.baptysci.pl\/wp-content\/uploads\/2015\/03\/10379940_878858972128097_6504205556554178032_o-768x1024.jpg\" srcset=\"https:\/\/i2.wp.com\/www.gdansk.baptysci.pl\/wp-content\/uploads\/2015\/03\/10379940_878858972128097_6504205556554178032_o-768x1024.jpg?strip=info&#038;w=600 600w,https:\/\/i2.wp.com\/www.gdansk.baptysci.pl\/wp-content\/uploads\/2015\/03\/10379940_878858972128097_6504205556554178032_o-768x1024.jpg?strip=info&#038;w=900 900w,https:\/\/i2.wp.com\/www.gdansk.baptysci.pl\/wp-content\/uploads\/2015\/03\/10379940_878858972128097_6504205556554178032_o-768x1024.jpg?strip=info&#038;w=1200 1200w,https:\/\/i2.wp.com\/www.gdansk.baptysci.pl\/wp-content\/uploads\/2015\/03\/10379940_878858972128097_6504205556554178032_o-768x1024.jpg?strip=info&#038;w=1500 1500w,https:\/\/i2.wp.com\/www.gdansk.baptysci.pl\/wp-content\/uploads\/2015\/03\/10379940_878858972128097_6504205556554178032_o-768x1024.jpg?strip=info&#038;w=1536 1536w\" alt=\"\" data-height=\"2048\" data-id=\"1304\" data-link=\"http:\/\/www.gdansk.baptysci.pl\/index.php\/2015\/03\/07\/kosciol-to-ludzie\/10379940_878858972128097_6504205556554178032_o\/\" data-url=\"http:\/\/www.gdansk.baptysci.pl\/wp-content\/uploads\/2015\/03\/10379940_878858972128097_6504205556554178032_o-768x1024.jpg\" data-width=\"1536\" src=\"https:\/\/i2.wp.com\/www.gdansk.baptysci.pl\/wp-content\/uploads\/2015\/03\/10379940_878858972128097_6504205556554178032_o-768x1024.jpg\" data-amp-layout=\"responsive\"\/><\/figure><\/div><div class=\"tiled-gallery__col\" style=\"flex-basis:21.56237%\"><figure class=\"tiled-gallery__item\"><img data-attachment-id=\"1305\" data-permalink=\"http:\/\/www.gdansk.baptysci.pl\/index.php\/2015\/03\/22\/kosciol-to-ludzie\/10479878_878854618795199_392825890825206_o\/\" data-orig-file=\"http:\/\/www.gdansk.baptysci.pl\/wp-content\/uploads\/2015\/03\/10479878_878854618795199_392825890825206_o.jpg\" data-orig-size=\"1357,2048\" data-comments-opened=\"1\" data-image-meta=\"{&quot;aperture&quot;:&quot;0&quot;,&quot;credit&quot;:&quot;Picasa&quot;,&quot;camera&quot;:&quot;&quot;,&quot;caption&quot;:&quot;&quot;,&quot;created_timestamp&quot;:&quot;0&quot;,&quot;copyright&quot;:&quot;&quot;,&quot;focal_length&quot;:&quot;0&quot;,&quot;iso&quot;:&quot;0&quot;,&quot;shutter_speed&quot;:&quot;0&quot;,&quot;title&quot;:&quot;&quot;,&quot;orientation&quot;:&quot;0&quot;}\" data-image-title=\"IMG_018\" data-image-description=\"\" data-image-caption=\"&lt;p&gt;fot. Artur Grybek&lt;\/p&gt;\n\" data-medium-file=\"http:\/\/www.gdansk.baptysci.pl\/wp-content\/uploads\/2015\/03\/10479878_878854618795199_392825890825206_o-199x300.jpg\" data-large-file=\"http:\/\/www.gdansk.baptysci.pl\/wp-content\/uploads\/2015\/03\/10479878_878854618795199_392825890825206_o-679x1024.jpg\" data-attachment-id=\"1305\" data-permalink=\"http:\/\/www.gdansk.baptysci.pl\/index.php\/2015\/03\/22\/kosciol-to-ludzie\/10479878_878854618795199_392825890825206_o\/\" data-orig-file=\"http:\/\/www.gdansk.baptysci.pl\/wp-content\/uploads\/2015\/03\/10479878_878854618795199_392825890825206_o.jpg\" data-orig-size=\"1357,2048\" data-comments-opened=\"1\" data-image-meta=\"{&quot;aperture&quot;:&quot;0&quot;,&quot;credit&quot;:&quot;Picasa&quot;,&quot;camera&quot;:&quot;&quot;,&quot;caption&quot;:&quot;&quot;,&quot;created_timestamp&quot;:&quot;0&quot;,&quot;copyright&quot;:&quot;&quot;,&quot;focal_length&quot;:&quot;0&quot;,&quot;iso&quot;:&quot;0&quot;,&quot;shutter_speed&quot;:&quot;0&quot;,&quot;title&quot;:&quot;&quot;,&quot;orientation&quot;:&quot;0&quot;}\" data-image-title=\"IMG_018\" data-image-description=\"\" data-image-caption=\"&lt;p&gt;fot. Artur Grybek&lt;\/p&gt;\n\" data-medium-file=\"http:\/\/www.gdansk.baptysci.pl\/wp-content\/uploads\/2015\/03\/10479878_878854618795199_392825890825206_o-199x300.jpg\" data-large-file=\"http:\/\/www.gdansk.baptysci.pl\/wp-content\/uploads\/2015\/03\/10479878_878854618795199_392825890825206_o-679x1024.jpg\" decoding=\"async\" data-attachment-id=\"1305\" data-permalink=\"http:\/\/www.gdansk.baptysci.pl\/index.php\/2015\/03\/22\/kosciol-to-ludzie\/10479878_878854618795199_392825890825206_o\/\" data-orig-file=\"http:\/\/www.gdansk.baptysci.pl\/wp-content\/uploads\/2015\/03\/10479878_878854618795199_392825890825206_o.jpg\" data-orig-size=\"1357,2048\" data-comments-opened=\"1\" data-image-meta=\"{&quot;aperture&quot;:&quot;0&quot;,&quot;credit&quot;:&quot;Picasa&quot;,&quot;camera&quot;:&quot;&quot;,&quot;caption&quot;:&quot;&quot;,&quot;created_timestamp&quot;:&quot;0&quot;,&quot;copyright&quot;:&quot;&quot;,&quot;focal_length&quot;:&quot;0&quot;,&quot;iso&quot;:&quot;0&quot;,&quot;shutter_speed&quot;:&quot;0&quot;,&quot;title&quot;:&quot;&quot;,&quot;orientation&quot;:&quot;0&quot;}\" data-image-title=\"IMG_018\" data-image-description=\"\" data-image-caption=\"&lt;p&gt;fot. Artur Grybek&lt;\/p&gt;\n\" data-medium-file=\"http:\/\/www.gdansk.baptysci.pl\/wp-content\/uploads\/2015\/03\/10479878_878854618795199_392825890825206_o-199x300.jpg\" data-large-file=\"http:\/\/www.gdansk.baptysci.pl\/wp-content\/uploads\/2015\/03\/10479878_878854618795199_392825890825206_o-679x1024.jpg\" srcset=\"https:\/\/i1.wp.com\/www.gdansk.baptysci.pl\/wp-content\/uploads\/2015\/03\/10479878_878854618795199_392825890825206_o-679x1024.jpg?strip=info&#038;w=600 600w,https:\/\/i1.wp.com\/www.gdansk.baptysci.pl\/wp-content\/uploads\/2015\/03\/10479878_878854618795199_392825890825206_o-679x1024.jpg?strip=info&#038;w=900 900w,https:\/\/i1.wp.com\/www.gdansk.baptysci.pl\/wp-content\/uploads\/2015\/03\/10479878_878854618795199_392825890825206_o-679x1024.jpg?strip=info&#038;w=1200 1200w,https:\/\/i1.wp.com\/www.gdansk.baptysci.pl\/wp-content\/uploads\/2015\/03\/10479878_878854618795199_392825890825206_o-679x1024.jpg?strip=info&#038;w=1357 1357w\" alt=\"\" data-height=\"2048\" data-id=\"1305\" data-link=\"http:\/\/www.gdansk.baptysci.pl\/index.php\/2015\/03\/07\/kosciol-to-ludzie\/10479878_878854618795199_392825890825206_o\/\" data-url=\"http:\/\/www.gdansk.baptysci.pl\/wp-content\/uploads\/2015\/03\/10479878_878854618795199_392825890825206_o-679x1024.jpg\" data-width=\"1357\" src=\"https:\/\/i1.wp.com\/www.gdansk.baptysci.pl\/wp-content\/uploads\/2015\/03\/10479878_878854618795199_392825890825206_o-679x1024.jpg\" data-amp-layout=\"responsive\"\/><\/figure><\/div><div class=\"tiled-gallery__col\" style=\"flex-basis:32.48375%\"><figure class=\"tiled-gallery__item\"><img data-attachment-id=\"1306\" data-permalink=\"http:\/\/www.gdansk.baptysci.pl\/index.php\/2015\/03\/22\/kosciol-to-ludzie\/10493018_878854858795175_3832651899078594082_o\/\" data-orig-file=\"http:\/\/www.gdansk.baptysci.pl\/wp-content\/uploads\/2015\/03\/10493018_878854858795175_3832651899078594082_o.jpg\" data-orig-size=\"960,960\" data-comments-opened=\"1\" data-image-meta=\"{&quot;aperture&quot;:&quot;0&quot;,&quot;credit&quot;:&quot;Picasa&quot;,&quot;camera&quot;:&quot;&quot;,&quot;caption&quot;:&quot;&quot;,&quot;created_timestamp&quot;:&quot;0&quot;,&quot;copyright&quot;:&quot;&quot;,&quot;focal_length&quot;:&quot;0&quot;,&quot;iso&quot;:&quot;0&quot;,&quot;shutter_speed&quot;:&quot;0&quot;,&quot;title&quot;:&quot;&quot;,&quot;orientation&quot;:&quot;0&quot;}\" data-image-title=\"IMG_018\" data-image-description=\"\" data-image-caption=\"&lt;p&gt;fot. Artur Grybek&lt;\/p&gt;\n\" data-medium-file=\"http:\/\/www.gdansk.baptysci.pl\/wp-content\/uploads\/2015\/03\/10493018_878854858795175_3832651899078594082_o-300x300.jpg\" data-large-file=\"http:\/\/www.gdansk.baptysci.pl\/wp-content\/uploads\/2015\/03\/10493018_878854858795175_3832651899078594082_o.jpg\" data-attachment-id=\"1306\" data-permalink=\"http:\/\/www.gdansk.baptysci.pl\/index.php\/2015\/03\/22\/kosciol-to-ludzie\/10493018_878854858795175_3832651899078594082_o\/\" data-orig-file=\"http:\/\/www.gdansk.baptysci.pl\/wp-content\/uploads\/2015\/03\/10493018_878854858795175_3832651899078594082_o.jpg\" data-orig-size=\"960,960\" data-comments-opened=\"1\" data-image-meta=\"{&quot;aperture&quot;:&quot;0&quot;,&quot;credit&quot;:&quot;Picasa&quot;,&quot;camera&quot;:&quot;&quot;,&quot;caption&quot;:&quot;&quot;,&quot;created_timestamp&quot;:&quot;0&quot;,&quot;copyright&quot;:&quot;&quot;,&quot;focal_length&quot;:&quot;0&quot;,&quot;iso&quot;:&quot;0&quot;,&quot;shutter_speed&quot;:&quot;0&quot;,&quot;title&quot;:&quot;&quot;,&quot;orientation&quot;:&quot;0&quot;}\" data-image-title=\"IMG_018\" data-image-description=\"\" data-image-caption=\"&lt;p&gt;fot. Artur Grybek&lt;\/p&gt;\n\" data-medium-file=\"http:\/\/www.gdansk.baptysci.pl\/wp-content\/uploads\/2015\/03\/10493018_878854858795175_3832651899078594082_o-300x300.jpg\" data-large-file=\"http:\/\/www.gdansk.baptysci.pl\/wp-content\/uploads\/2015\/03\/10493018_878854858795175_3832651899078594082_o.jpg\" decoding=\"async\" data-attachment-id=\"1306\" data-permalink=\"http:\/\/www.gdansk.baptysci.pl\/index.php\/2015\/03\/22\/kosciol-to-ludzie\/10493018_878854858795175_3832651899078594082_o\/\" data-orig-file=\"http:\/\/www.gdansk.baptysci.pl\/wp-content\/uploads\/2015\/03\/10493018_878854858795175_3832651899078594082_o.jpg\" data-orig-size=\"960,960\" data-comments-opened=\"1\" data-image-meta=\"{&quot;aperture&quot;:&quot;0&quot;,&quot;credit&quot;:&quot;Picasa&quot;,&quot;camera&quot;:&quot;&quot;,&quot;caption&quot;:&quot;&quot;,&quot;created_timestamp&quot;:&quot;0&quot;,&quot;copyright&quot;:&quot;&quot;,&quot;focal_length&quot;:&quot;0&quot;,&quot;iso&quot;:&quot;0&quot;,&quot;shutter_speed&quot;:&quot;0&quot;,&quot;title&quot;:&quot;&quot;,&quot;orientation&quot;:&quot;0&quot;}\" data-image-title=\"IMG_018\" data-image-description=\"\" data-image-caption=\"&lt;p&gt;fot. Artur Grybek&lt;\/p&gt;\n\" data-medium-file=\"http:\/\/www.gdansk.baptysci.pl\/wp-content\/uploads\/2015\/03\/10493018_878854858795175_3832651899078594082_o-300x300.jpg\" data-large-file=\"http:\/\/www.gdansk.baptysci.pl\/wp-content\/uploads\/2015\/03\/10493018_878854858795175_3832651899078594082_o.jpg\" srcset=\"https:\/\/i2.wp.com\/www.gdansk.baptysci.pl\/wp-content\/uploads\/2015\/03\/10493018_878854858795175_3832651899078594082_o.jpg?strip=info&#038;w=600 600w,https:\/\/i2.wp.com\/www.gdansk.baptysci.pl\/wp-content\/uploads\/2015\/03\/10493018_878854858795175_3832651899078594082_o.jpg?strip=info&#038;w=900 900w,https:\/\/i2.wp.com\/www.gdansk.baptysci.pl\/wp-content\/uploads\/2015\/03\/10493018_878854858795175_3832651899078594082_o.jpg?strip=info&#038;w=960 960w\" alt=\"\" data-height=\"960\" data-id=\"1306\" data-link=\"http:\/\/www.gdansk.baptysci.pl\/index.php\/2015\/03\/07\/kosciol-to-ludzie\/10493018_878854858795175_3832651899078594082_o\/\" data-url=\"http:\/\/www.gdansk.baptysci.pl\/wp-content\/uploads\/2015\/03\/10493018_878854858795175_3832651899078594082_o.jpg\" data-width=\"960\" src=\"https:\/\/i2.wp.com\/www.gdansk.baptysci.pl\/wp-content\/uploads\/2015\/03\/10493018_878854858795175_3832651899078594082_o.jpg\" data-amp-layout=\"responsive\"\/><\/figure><\/div><div class=\"tiled-gallery__col\" style=\"flex-basis:21.56237%\"><figure class=\"tiled-gallery__item\"><img data-attachment-id=\"1307\" data-permalink=\"http:\/\/www.gdansk.baptysci.pl\/index.php\/2015\/03\/22\/kosciol-to-ludzie\/10494435_878854912128503_3740710899902135208_o\/\" data-orig-file=\"http:\/\/www.gdansk.baptysci.pl\/wp-content\/uploads\/2015\/03\/10494435_878854912128503_3740710899902135208_o.jpg\" data-orig-size=\"1357,2048\" data-comments-opened=\"1\" data-image-meta=\"{&quot;aperture&quot;:&quot;0&quot;,&quot;credit&quot;:&quot;Picasa&quot;,&quot;camera&quot;:&quot;&quot;,&quot;caption&quot;:&quot;&quot;,&quot;created_timestamp&quot;:&quot;0&quot;,&quot;copyright&quot;:&quot;&quot;,&quot;focal_length&quot;:&quot;0&quot;,&quot;iso&quot;:&quot;0&quot;,&quot;shutter_speed&quot;:&quot;0&quot;,&quot;title&quot;:&quot;&quot;,&quot;orientation&quot;:&quot;0&quot;}\" data-image-title=\"IMG_017\" data-image-description=\"\" data-image-caption=\"&lt;p&gt;fot. Artur Grybek&lt;\/p&gt;\n\" data-medium-file=\"http:\/\/www.gdansk.baptysci.pl\/wp-content\/uploads\/2015\/03\/10494435_878854912128503_3740710899902135208_o-199x300.jpg\" data-large-file=\"http:\/\/www.gdansk.baptysci.pl\/wp-content\/uploads\/2015\/03\/10494435_878854912128503_3740710899902135208_o-679x1024.jpg\" data-attachment-id=\"1307\" data-permalink=\"http:\/\/www.gdansk.baptysci.pl\/index.php\/2015\/03\/22\/kosciol-to-ludzie\/10494435_878854912128503_3740710899902135208_o\/\" data-orig-file=\"http:\/\/www.gdansk.baptysci.pl\/wp-content\/uploads\/2015\/03\/10494435_878854912128503_3740710899902135208_o.jpg\" data-orig-size=\"1357,2048\" data-comments-opened=\"1\" data-image-meta=\"{&quot;aperture&quot;:&quot;0&quot;,&quot;credit&quot;:&quot;Picasa&quot;,&quot;camera&quot;:&quot;&quot;,&quot;caption&quot;:&quot;&quot;,&quot;created_timestamp&quot;:&quot;0&quot;,&quot;copyright&quot;:&quot;&quot;,&quot;focal_length&quot;:&quot;0&quot;,&quot;iso&quot;:&quot;0&quot;,&quot;shutter_speed&quot;:&quot;0&quot;,&quot;title&quot;:&quot;&quot;,&quot;orientation&quot;:&quot;0&quot;}\" data-image-title=\"IMG_017\" data-image-description=\"\" data-image-caption=\"&lt;p&gt;fot. Artur Grybek&lt;\/p&gt;\n\" data-medium-file=\"http:\/\/www.gdansk.baptysci.pl\/wp-content\/uploads\/2015\/03\/10494435_878854912128503_3740710899902135208_o-199x300.jpg\" data-large-file=\"http:\/\/www.gdansk.baptysci.pl\/wp-content\/uploads\/2015\/03\/10494435_878854912128503_3740710899902135208_o-679x1024.jpg\" decoding=\"async\" data-attachment-id=\"1307\" data-permalink=\"http:\/\/www.gdansk.baptysci.pl\/index.php\/2015\/03\/22\/kosciol-to-ludzie\/10494435_878854912128503_3740710899902135208_o\/\" data-orig-file=\"http:\/\/www.gdansk.baptysci.pl\/wp-content\/uploads\/2015\/03\/10494435_878854912128503_3740710899902135208_o.jpg\" data-orig-size=\"1357,2048\" data-comments-opened=\"1\" data-image-meta=\"{&quot;aperture&quot;:&quot;0&quot;,&quot;credit&quot;:&quot;Picasa&quot;,&quot;camera&quot;:&quot;&quot;,&quot;caption&quot;:&quot;&quot;,&quot;created_timestamp&quot;:&quot;0&quot;,&quot;copyright&quot;:&quot;&quot;,&quot;focal_length&quot;:&quot;0&quot;,&quot;iso&quot;:&quot;0&quot;,&quot;shutter_speed&quot;:&quot;0&quot;,&quot;title&quot;:&quot;&quot;,&quot;orientation&quot;:&quot;0&quot;}\" data-image-title=\"IMG_017\" data-image-description=\"\" data-image-caption=\"&lt;p&gt;fot. Artur Grybek&lt;\/p&gt;\n\" data-medium-file=\"http:\/\/www.gdansk.baptysci.pl\/wp-content\/uploads\/2015\/03\/10494435_878854912128503_3740710899902135208_o-199x300.jpg\" data-large-file=\"http:\/\/www.gdansk.baptysci.pl\/wp-content\/uploads\/2015\/03\/10494435_878854912128503_3740710899902135208_o-679x1024.jpg\" srcset=\"https:\/\/i2.wp.com\/www.gdansk.baptysci.pl\/wp-content\/uploads\/2015\/03\/10494435_878854912128503_3740710899902135208_o-679x1024.jpg?strip=info&#038;w=600 600w,https:\/\/i2.wp.com\/www.gdansk.baptysci.pl\/wp-content\/uploads\/2015\/03\/10494435_878854912128503_3740710899902135208_o-679x1024.jpg?strip=info&#038;w=900 900w,https:\/\/i2.wp.com\/www.gdansk.baptysci.pl\/wp-content\/uploads\/2015\/03\/10494435_878854912128503_3740710899902135208_o-679x1024.jpg?strip=info&#038;w=1200 1200w,https:\/\/i2.wp.com\/www.gdansk.baptysci.pl\/wp-content\/uploads\/2015\/03\/10494435_878854912128503_3740710899902135208_o-679x1024.jpg?strip=info&#038;w=1357 1357w\" alt=\"\" data-height=\"2048\" data-id=\"1307\" data-link=\"http:\/\/www.gdansk.baptysci.pl\/index.php\/2015\/03\/07\/kosciol-to-ludzie\/10494435_878854912128503_3740710899902135208_o\/\" data-url=\"http:\/\/www.gdansk.baptysci.pl\/wp-content\/uploads\/2015\/03\/10494435_878854912128503_3740710899902135208_o-679x1024.jpg\" data-width=\"1357\" src=\"https:\/\/i2.wp.com\/www.gdansk.baptysci.pl\/wp-content\/uploads\/2015\/03\/10494435_878854912128503_3740710899902135208_o-679x1024.jpg\" data-amp-layout=\"responsive\"\/><\/figure><\/div><\/div><div class=\"tiled-gallery__row\"><div class=\"tiled-gallery__col\" style=\"flex-basis:66.87960%\"><figure class=\"tiled-gallery__item\"><img data-attachment-id=\"1308\" data-permalink=\"http:\/\/www.gdansk.baptysci.pl\/index.php\/2015\/03\/22\/kosciol-to-ludzie\/10497306_878856458795015_1505240654666076189_o\/\" data-orig-file=\"http:\/\/www.gdansk.baptysci.pl\/wp-content\/uploads\/2015\/03\/10497306_878856458795015_1505240654666076189_o.jpg\" data-orig-size=\"2048,1357\" data-comments-opened=\"1\" data-image-meta=\"{&quot;aperture&quot;:&quot;0&quot;,&quot;credit&quot;:&quot;&quot;,&quot;camera&quot;:&quot;&quot;,&quot;caption&quot;:&quot;&quot;,&quot;created_timestamp&quot;:&quot;0&quot;,&quot;copyright&quot;:&quot;&quot;,&quot;focal_length&quot;:&quot;0&quot;,&quot;iso&quot;:&quot;0&quot;,&quot;shutter_speed&quot;:&quot;0&quot;,&quot;title&quot;:&quot;&quot;,&quot;orientation&quot;:&quot;0&quot;}\" data-image-title=\"IMG_016\" data-image-description=\"\" data-image-caption=\"&lt;p&gt;fot. Artur Grybek&lt;\/p&gt;\n\" data-medium-file=\"http:\/\/www.gdansk.baptysci.pl\/wp-content\/uploads\/2015\/03\/10497306_878856458795015_1505240654666076189_o-300x199.jpg\" data-large-file=\"http:\/\/www.gdansk.baptysci.pl\/wp-content\/uploads\/2015\/03\/10497306_878856458795015_1505240654666076189_o-1024x679.jpg\" data-attachment-id=\"1308\" data-permalink=\"http:\/\/www.gdansk.baptysci.pl\/index.php\/2015\/03\/22\/kosciol-to-ludzie\/10497306_878856458795015_1505240654666076189_o\/\" data-orig-file=\"http:\/\/www.gdansk.baptysci.pl\/wp-content\/uploads\/2015\/03\/10497306_878856458795015_1505240654666076189_o.jpg\" data-orig-size=\"2048,1357\" data-comments-opened=\"1\" data-image-meta=\"{&quot;aperture&quot;:&quot;0&quot;,&quot;credit&quot;:&quot;&quot;,&quot;camera&quot;:&quot;&quot;,&quot;caption&quot;:&quot;&quot;,&quot;created_timestamp&quot;:&quot;0&quot;,&quot;copyright&quot;:&quot;&quot;,&quot;focal_length&quot;:&quot;0&quot;,&quot;iso&quot;:&quot;0&quot;,&quot;shutter_speed&quot;:&quot;0&quot;,&quot;title&quot;:&quot;&quot;,&quot;orientation&quot;:&quot;0&quot;}\" data-image-title=\"IMG_016\" data-image-description=\"\" data-image-caption=\"&lt;p&gt;fot. Artur Grybek&lt;\/p&gt;\n\" data-medium-file=\"http:\/\/www.gdansk.baptysci.pl\/wp-content\/uploads\/2015\/03\/10497306_878856458795015_1505240654666076189_o-300x199.jpg\" data-large-file=\"http:\/\/www.gdansk.baptysci.pl\/wp-content\/uploads\/2015\/03\/10497306_878856458795015_1505240654666076189_o-1024x679.jpg\" decoding=\"async\" data-attachment-id=\"1308\" data-permalink=\"http:\/\/www.gdansk.baptysci.pl\/index.php\/2015\/03\/22\/kosciol-to-ludzie\/10497306_878856458795015_1505240654666076189_o\/\" data-orig-file=\"http:\/\/www.gdansk.baptysci.pl\/wp-content\/uploads\/2015\/03\/10497306_878856458795015_1505240654666076189_o.jpg\" data-orig-size=\"2048,1357\" data-comments-opened=\"1\" data-image-meta=\"{&quot;aperture&quot;:&quot;0&quot;,&quot;credit&quot;:&quot;&quot;,&quot;camera&quot;:&quot;&quot;,&quot;caption&quot;:&quot;&quot;,&quot;created_timestamp&quot;:&quot;0&quot;,&quot;copyright&quot;:&quot;&quot;,&quot;focal_length&quot;:&quot;0&quot;,&quot;iso&quot;:&quot;0&quot;,&quot;shutter_speed&quot;:&quot;0&quot;,&quot;title&quot;:&quot;&quot;,&quot;orientation&quot;:&quot;0&quot;}\" data-image-title=\"IMG_016\" data-image-description=\"\" data-image-caption=\"&lt;p&gt;fot. Artur Grybek&lt;\/p&gt;\n\" data-medium-file=\"http:\/\/www.gdansk.baptysci.pl\/wp-content\/uploads\/2015\/03\/10497306_878856458795015_1505240654666076189_o-300x199.jpg\" data-large-file=\"http:\/\/www.gdansk.baptysci.pl\/wp-content\/uploads\/2015\/03\/10497306_878856458795015_1505240654666076189_o-1024x679.jpg\" srcset=\"https:\/\/i1.wp.com\/www.gdansk.baptysci.pl\/wp-content\/uploads\/2015\/03\/10497306_878856458795015_1505240654666076189_o-1024x679.jpg?strip=info&#038;w=600 600w,https:\/\/i1.wp.com\/www.gdansk.baptysci.pl\/wp-content\/uploads\/2015\/03\/10497306_878856458795015_1505240654666076189_o-1024x679.jpg?strip=info&#038;w=900 900w,https:\/\/i1.wp.com\/www.gdansk.baptysci.pl\/wp-content\/uploads\/2015\/03\/10497306_878856458795015_1505240654666076189_o-1024x679.jpg?strip=info&#038;w=1200 1200w,https:\/\/i1.wp.com\/www.gdansk.baptysci.pl\/wp-content\/uploads\/2015\/03\/10497306_878856458795015_1505240654666076189_o-1024x679.jpg?strip=info&#038;w=1500 1500w,https:\/\/i1.wp.com\/www.gdansk.baptysci.pl\/wp-content\/uploads\/2015\/03\/10497306_878856458795015_1505240654666076189_o-1024x679.jpg?strip=info&#038;w=1800 1800w,https:\/\/i1.wp.com\/www.gdansk.baptysci.pl\/wp-content\/uploads\/2015\/03\/10497306_878856458795015_1505240654666076189_o-1024x679.jpg?strip=info&#038;w=2000 2000w\" alt=\"\" data-height=\"1357\" data-id=\"1308\" data-link=\"http:\/\/www.gdansk.baptysci.pl\/index.php\/2015\/03\/07\/kosciol-to-ludzie\/10497306_878856458795015_1505240654666076189_o\/\" data-url=\"http:\/\/www.gdansk.baptysci.pl\/wp-content\/uploads\/2015\/03\/10497306_878856458795015_1505240654666076189_o-1024x679.jpg\" data-width=\"2048\" src=\"https:\/\/i1.wp.com\/www.gdansk.baptysci.pl\/wp-content\/uploads\/2015\/03\/10497306_878856458795015_1505240654666076189_o-1024x679.jpg\" data-amp-layout=\"responsive\"\/><\/figure><\/div><div class=\"tiled-gallery__col\" style=\"flex-basis:33.12040%\"><figure class=\"tiled-gallery__item\"><img data-attachment-id=\"1309\" data-permalink=\"http:\/\/www.gdansk.baptysci.pl\/index.php\/2015\/03\/22\/kosciol-to-ludzie\/10497946_878856452128349_6869573774334591587_o\/\" data-orig-file=\"http:\/\/www.gdansk.baptysci.pl\/wp-content\/uploads\/2015\/03\/10497946_878856452128349_6869573774334591587_o.jpg\" data-orig-size=\"2048,1357\" data-comments-opened=\"1\" data-image-meta=\"{&quot;aperture&quot;:&quot;0&quot;,&quot;credit&quot;:&quot;&quot;,&quot;camera&quot;:&quot;&quot;,&quot;caption&quot;:&quot;&quot;,&quot;created_timestamp&quot;:&quot;0&quot;,&quot;copyright&quot;:&quot;&quot;,&quot;focal_length&quot;:&quot;0&quot;,&quot;iso&quot;:&quot;0&quot;,&quot;shutter_speed&quot;:&quot;0&quot;,&quot;title&quot;:&quot;&quot;,&quot;orientation&quot;:&quot;0&quot;}\" data-image-title=\"IMG_015\" data-image-description=\"\" data-image-caption=\"&lt;p&gt;fot. Artur Grybek&lt;\/p&gt;\n\" data-medium-file=\"http:\/\/www.gdansk.baptysci.pl\/wp-content\/uploads\/2015\/03\/10497946_878856452128349_6869573774334591587_o-300x199.jpg\" data-large-file=\"http:\/\/www.gdansk.baptysci.pl\/wp-content\/uploads\/2015\/03\/10497946_878856452128349_6869573774334591587_o-1024x679.jpg\" data-attachment-id=\"1309\" data-permalink=\"http:\/\/www.gdansk.baptysci.pl\/index.php\/2015\/03\/22\/kosciol-to-ludzie\/10497946_878856452128349_6869573774334591587_o\/\" data-orig-file=\"http:\/\/www.gdansk.baptysci.pl\/wp-content\/uploads\/2015\/03\/10497946_878856452128349_6869573774334591587_o.jpg\" data-orig-size=\"2048,1357\" data-comments-opened=\"1\" data-image-meta=\"{&quot;aperture&quot;:&quot;0&quot;,&quot;credit&quot;:&quot;&quot;,&quot;camera&quot;:&quot;&quot;,&quot;caption&quot;:&quot;&quot;,&quot;created_timestamp&quot;:&quot;0&quot;,&quot;copyright&quot;:&quot;&quot;,&quot;focal_length&quot;:&quot;0&quot;,&quot;iso&quot;:&quot;0&quot;,&quot;shutter_speed&quot;:&quot;0&quot;,&quot;title&quot;:&quot;&quot;,&quot;orientation&quot;:&quot;0&quot;}\" data-image-title=\"IMG_015\" data-image-description=\"\" data-image-caption=\"&lt;p&gt;fot. Artur Grybek&lt;\/p&gt;\n\" data-medium-file=\"http:\/\/www.gdansk.baptysci.pl\/wp-content\/uploads\/2015\/03\/10497946_878856452128349_6869573774334591587_o-300x199.jpg\" data-large-file=\"http:\/\/www.gdansk.baptysci.pl\/wp-content\/uploads\/2015\/03\/10497946_878856452128349_6869573774334591587_o-1024x679.jpg\" decoding=\"async\" data-attachment-id=\"1309\" data-permalink=\"http:\/\/www.gdansk.baptysci.pl\/index.php\/2015\/03\/22\/kosciol-to-ludzie\/10497946_878856452128349_6869573774334591587_o\/\" data-orig-file=\"http:\/\/www.gdansk.baptysci.pl\/wp-content\/uploads\/2015\/03\/10497946_878856452128349_6869573774334591587_o.jpg\" data-orig-size=\"2048,1357\" data-comments-opened=\"1\" data-image-meta=\"{&quot;aperture&quot;:&quot;0&quot;,&quot;credit&quot;:&quot;&quot;,&quot;camera&quot;:&quot;&quot;,&quot;caption&quot;:&quot;&quot;,&quot;created_timestamp&quot;:&quot;0&quot;,&quot;copyright&quot;:&quot;&quot;,&quot;focal_length&quot;:&quot;0&quot;,&quot;iso&quot;:&quot;0&quot;,&quot;shutter_speed&quot;:&quot;0&quot;,&quot;title&quot;:&quot;&quot;,&quot;orientation&quot;:&quot;0&quot;}\" data-image-title=\"IMG_015\" data-image-description=\"\" data-image-caption=\"&lt;p&gt;fot. Artur Grybek&lt;\/p&gt;\n\" data-medium-file=\"http:\/\/www.gdansk.baptysci.pl\/wp-content\/uploads\/2015\/03\/10497946_878856452128349_6869573774334591587_o-300x199.jpg\" data-large-file=\"http:\/\/www.gdansk.baptysci.pl\/wp-content\/uploads\/2015\/03\/10497946_878856452128349_6869573774334591587_o-1024x679.jpg\" srcset=\"https:\/\/i2.wp.com\/www.gdansk.baptysci.pl\/wp-content\/uploads\/2015\/03\/10497946_878856452128349_6869573774334591587_o-1024x679.jpg?strip=info&#038;w=600 600w,https:\/\/i2.wp.com\/www.gdansk.baptysci.pl\/wp-content\/uploads\/2015\/03\/10497946_878856452128349_6869573774334591587_o-1024x679.jpg?strip=info&#038;w=900 900w,https:\/\/i2.wp.com\/www.gdansk.baptysci.pl\/wp-content\/uploads\/2015\/03\/10497946_878856452128349_6869573774334591587_o-1024x679.jpg?strip=info&#038;w=1200 1200w,https:\/\/i2.wp.com\/www.gdansk.baptysci.pl\/wp-content\/uploads\/2015\/03\/10497946_878856452128349_6869573774334591587_o-1024x679.jpg?strip=info&#038;w=1500 1500w,https:\/\/i2.wp.com\/www.gdansk.baptysci.pl\/wp-content\/uploads\/2015\/03\/10497946_878856452128349_6869573774334591587_o-1024x679.jpg?strip=info&#038;w=1800 1800w,https:\/\/i2.wp.com\/www.gdansk.baptysci.pl\/wp-content\/uploads\/2015\/03\/10497946_878856452128349_6869573774334591587_o-1024x679.jpg?strip=info&#038;w=2000 2000w\" alt=\"\" data-height=\"1357\" data-id=\"1309\" data-link=\"http:\/\/www.gdansk.baptysci.pl\/index.php\/2015\/03\/07\/kosciol-to-ludzie\/10497946_878856452128349_6869573774334591587_o\/\" data-url=\"http:\/\/www.gdansk.baptysci.pl\/wp-content\/uploads\/2015\/03\/10497946_878856452128349_6869573774334591587_o-1024x679.jpg\" data-width=\"2048\" src=\"https:\/\/i2.wp.com\/www.gdansk.baptysci.pl\/wp-content\/uploads\/2015\/03\/10497946_878856452128349_6869573774334591587_o-1024x679.jpg\" data-amp-layout=\"responsive\"\/><\/figure><figure class=\"tiled-gallery__item\"><img data-attachment-id=\"1310\" data-permalink=\"http:\/\/www.gdansk.baptysci.pl\/index.php\/2015\/03\/22\/kosciol-to-ludzie\/10498089_878854555461872_1972329030655765161_o\/\" data-orig-file=\"http:\/\/www.gdansk.baptysci.pl\/wp-content\/uploads\/2015\/03\/10498089_878854555461872_1972329030655765161_o.jpg\" data-orig-size=\"2048,1365\" data-comments-opened=\"1\" data-image-meta=\"{&quot;aperture&quot;:&quot;0&quot;,&quot;credit&quot;:&quot;Picasa&quot;,&quot;camera&quot;:&quot;&quot;,&quot;caption&quot;:&quot;&quot;,&quot;created_timestamp&quot;:&quot;0&quot;,&quot;copyright&quot;:&quot;&quot;,&quot;focal_length&quot;:&quot;0&quot;,&quot;iso&quot;:&quot;0&quot;,&quot;shutter_speed&quot;:&quot;0&quot;,&quot;title&quot;:&quot;&quot;,&quot;orientation&quot;:&quot;0&quot;}\" data-image-title=\"IMG_013\" data-image-description=\"\" data-image-caption=\"&lt;p&gt;fot. Artur Grybek&lt;\/p&gt;\n\" data-medium-file=\"http:\/\/www.gdansk.baptysci.pl\/wp-content\/uploads\/2015\/03\/10498089_878854555461872_1972329030655765161_o-300x200.jpg\" data-large-file=\"http:\/\/www.gdansk.baptysci.pl\/wp-content\/uploads\/2015\/03\/10498089_878854555461872_1972329030655765161_o-1024x683.jpg\" data-attachment-id=\"1310\" data-permalink=\"http:\/\/www.gdansk.baptysci.pl\/index.php\/2015\/03\/22\/kosciol-to-ludzie\/10498089_878854555461872_1972329030655765161_o\/\" data-orig-file=\"http:\/\/www.gdansk.baptysci.pl\/wp-content\/uploads\/2015\/03\/10498089_878854555461872_1972329030655765161_o.jpg\" data-orig-size=\"2048,1365\" data-comments-opened=\"1\" data-image-meta=\"{&quot;aperture&quot;:&quot;0&quot;,&quot;credit&quot;:&quot;Picasa&quot;,&quot;camera&quot;:&quot;&quot;,&quot;caption&quot;:&quot;&quot;,&quot;created_timestamp&quot;:&quot;0&quot;,&quot;copyright&quot;:&quot;&quot;,&quot;focal_length&quot;:&quot;0&quot;,&quot;iso&quot;:&quot;0&quot;,&quot;shutter_speed&quot;:&quot;0&quot;,&quot;title&quot;:&quot;&quot;,&quot;orientation&quot;:&quot;0&quot;}\" data-image-title=\"IMG_013\" data-image-description=\"\" data-image-caption=\"&lt;p&gt;fot. Artur Grybek&lt;\/p&gt;\n\" data-medium-file=\"http:\/\/www.gdansk.baptysci.pl\/wp-content\/uploads\/2015\/03\/10498089_878854555461872_1972329030655765161_o-300x200.jpg\" data-large-file=\"http:\/\/www.gdansk.baptysci.pl\/wp-content\/uploads\/2015\/03\/10498089_878854555461872_1972329030655765161_o-1024x683.jpg\" decoding=\"async\" data-attachment-id=\"1310\" data-permalink=\"http:\/\/www.gdansk.baptysci.pl\/index.php\/2015\/03\/22\/kosciol-to-ludzie\/10498089_878854555461872_1972329030655765161_o\/\" data-orig-file=\"http:\/\/www.gdansk.baptysci.pl\/wp-content\/uploads\/2015\/03\/10498089_878854555461872_1972329030655765161_o.jpg\" data-orig-size=\"2048,1365\" data-comments-opened=\"1\" data-image-meta=\"{&quot;aperture&quot;:&quot;0&quot;,&quot;credit&quot;:&quot;Picasa&quot;,&quot;camera&quot;:&quot;&quot;,&quot;caption&quot;:&quot;&quot;,&quot;created_timestamp&quot;:&quot;0&quot;,&quot;copyright&quot;:&quot;&quot;,&quot;focal_length&quot;:&quot;0&quot;,&quot;iso&quot;:&quot;0&quot;,&quot;shutter_speed&quot;:&quot;0&quot;,&quot;title&quot;:&quot;&quot;,&quot;orientation&quot;:&quot;0&quot;}\" data-image-title=\"IMG_013\" data-image-description=\"\" data-image-caption=\"&lt;p&gt;fot. Artur Grybek&lt;\/p&gt;\n\" data-medium-file=\"http:\/\/www.gdansk.baptysci.pl\/wp-content\/uploads\/2015\/03\/10498089_878854555461872_1972329030655765161_o-300x200.jpg\" data-large-file=\"http:\/\/www.gdansk.baptysci.pl\/wp-content\/uploads\/2015\/03\/10498089_878854555461872_1972329030655765161_o-1024x683.jpg\" srcset=\"https:\/\/i0.wp.com\/www.gdansk.baptysci.pl\/wp-content\/uploads\/2015\/03\/10498089_878854555461872_1972329030655765161_o-1024x683.jpg?strip=info&#038;w=600 600w,https:\/\/i0.wp.com\/www.gdansk.baptysci.pl\/wp-content\/uploads\/2015\/03\/10498089_878854555461872_1972329030655765161_o-1024x683.jpg?strip=info&#038;w=900 900w,https:\/\/i0.wp.com\/www.gdansk.baptysci.pl\/wp-content\/uploads\/2015\/03\/10498089_878854555461872_1972329030655765161_o-1024x683.jpg?strip=info&#038;w=1200 1200w,https:\/\/i0.wp.com\/www.gdansk.baptysci.pl\/wp-content\/uploads\/2015\/03\/10498089_878854555461872_1972329030655765161_o-1024x683.jpg?strip=info&#038;w=1500 1500w,https:\/\/i0.wp.com\/www.gdansk.baptysci.pl\/wp-content\/uploads\/2015\/03\/10498089_878854555461872_1972329030655765161_o-1024x683.jpg?strip=info&#038;w=1800 1800w,https:\/\/i0.wp.com\/www.gdansk.baptysci.pl\/wp-content\/uploads\/2015\/03\/10498089_878854555461872_1972329030655765161_o-1024x683.jpg?strip=info&#038;w=2000 2000w\" alt=\"\" data-height=\"1365\" data-id=\"1310\" data-link=\"http:\/\/www.gdansk.baptysci.pl\/index.php\/2015\/03\/07\/kosciol-to-ludzie\/10498089_878854555461872_1972329030655765161_o\/\" data-url=\"http:\/\/www.gdansk.baptysci.pl\/wp-content\/uploads\/2015\/03\/10498089_878854555461872_1972329030655765161_o-1024x683.jpg\" data-width=\"2048\" src=\"https:\/\/i0.wp.com\/www.gdansk.baptysci.pl\/wp-content\/uploads\/2015\/03\/10498089_878854555461872_1972329030655765161_o-1024x683.jpg\" data-amp-layout=\"responsive\"\/><\/figure><\/div><\/div><div class=\"tiled-gallery__row\"><div class=\"tiled-gallery__col\" style=\"flex-basis:69.17968%\"><figure class=\"tiled-gallery__item\"><img data-attachment-id=\"1311\" data-permalink=\"http:\/\/www.gdansk.baptysci.pl\/index.php\/2015\/03\/22\/kosciol-to-ludzie\/10505000_878854515461876_8136673763347990328_o\/\" data-orig-file=\"http:\/\/www.gdansk.baptysci.pl\/wp-content\/uploads\/2015\/03\/10505000_878854515461876_8136673763347990328_o.jpg\" data-orig-size=\"2048,1365\" data-comments-opened=\"1\" data-image-meta=\"{&quot;aperture&quot;:&quot;0&quot;,&quot;credit&quot;:&quot;Picasa&quot;,&quot;camera&quot;:&quot;&quot;,&quot;caption&quot;:&quot;&quot;,&quot;created_timestamp&quot;:&quot;0&quot;,&quot;copyright&quot;:&quot;&quot;,&quot;focal_length&quot;:&quot;0&quot;,&quot;iso&quot;:&quot;0&quot;,&quot;shutter_speed&quot;:&quot;0&quot;,&quot;title&quot;:&quot;&quot;,&quot;orientation&quot;:&quot;0&quot;}\" data-image-title=\"IMG_012\" data-image-description=\"\" data-image-caption=\"&lt;p&gt;fot. Artur Grybek&lt;\/p&gt;\n\" data-medium-file=\"http:\/\/www.gdansk.baptysci.pl\/wp-content\/uploads\/2015\/03\/10505000_878854515461876_8136673763347990328_o-300x200.jpg\" data-large-file=\"http:\/\/www.gdansk.baptysci.pl\/wp-content\/uploads\/2015\/03\/10505000_878854515461876_8136673763347990328_o-1024x683.jpg\" data-attachment-id=\"1311\" data-permalink=\"http:\/\/www.gdansk.baptysci.pl\/index.php\/2015\/03\/22\/kosciol-to-ludzie\/10505000_878854515461876_8136673763347990328_o\/\" data-orig-file=\"http:\/\/www.gdansk.baptysci.pl\/wp-content\/uploads\/2015\/03\/10505000_878854515461876_8136673763347990328_o.jpg\" data-orig-size=\"2048,1365\" data-comments-opened=\"1\" data-image-meta=\"{&quot;aperture&quot;:&quot;0&quot;,&quot;credit&quot;:&quot;Picasa&quot;,&quot;camera&quot;:&quot;&quot;,&quot;caption&quot;:&quot;&quot;,&quot;created_timestamp&quot;:&quot;0&quot;,&quot;copyright&quot;:&quot;&quot;,&quot;focal_length&quot;:&quot;0&quot;,&quot;iso&quot;:&quot;0&quot;,&quot;shutter_speed&quot;:&quot;0&quot;,&quot;title&quot;:&quot;&quot;,&quot;orientation&quot;:&quot;0&quot;}\" data-image-title=\"IMG_012\" data-image-description=\"\" data-image-caption=\"&lt;p&gt;fot. Artur Grybek&lt;\/p&gt;\n\" data-medium-file=\"http:\/\/www.gdansk.baptysci.pl\/wp-content\/uploads\/2015\/03\/10505000_878854515461876_8136673763347990328_o-300x200.jpg\" data-large-file=\"http:\/\/www.gdansk.baptysci.pl\/wp-content\/uploads\/2015\/03\/10505000_878854515461876_8136673763347990328_o-1024x683.jpg\" decoding=\"async\" data-attachment-id=\"1311\" data-permalink=\"http:\/\/www.gdansk.baptysci.pl\/index.php\/2015\/03\/22\/kosciol-to-ludzie\/10505000_878854515461876_8136673763347990328_o\/\" data-orig-file=\"http:\/\/www.gdansk.baptysci.pl\/wp-content\/uploads\/2015\/03\/10505000_878854515461876_8136673763347990328_o.jpg\" data-orig-size=\"2048,1365\" data-comments-opened=\"1\" data-image-meta=\"{&quot;aperture&quot;:&quot;0&quot;,&quot;credit&quot;:&quot;Picasa&quot;,&quot;camera&quot;:&quot;&quot;,&quot;caption&quot;:&quot;&quot;,&quot;created_timestamp&quot;:&quot;0&quot;,&quot;copyright&quot;:&quot;&quot;,&quot;focal_length&quot;:&quot;0&quot;,&quot;iso&quot;:&quot;0&quot;,&quot;shutter_speed&quot;:&quot;0&quot;,&quot;title&quot;:&quot;&quot;,&quot;orientation&quot;:&quot;0&quot;}\" data-image-title=\"IMG_012\" data-image-description=\"\" data-image-caption=\"&lt;p&gt;fot. Artur Grybek&lt;\/p&gt;\n\" data-medium-file=\"http:\/\/www.gdansk.baptysci.pl\/wp-content\/uploads\/2015\/03\/10505000_878854515461876_8136673763347990328_o-300x200.jpg\" data-large-file=\"http:\/\/www.gdansk.baptysci.pl\/wp-content\/uploads\/2015\/03\/10505000_878854515461876_8136673763347990328_o-1024x683.jpg\" srcset=\"https:\/\/i1.wp.com\/www.gdansk.baptysci.pl\/wp-content\/uploads\/2015\/03\/10505000_878854515461876_8136673763347990328_o-1024x683.jpg?strip=info&#038;w=600 600w,https:\/\/i1.wp.com\/www.gdansk.baptysci.pl\/wp-content\/uploads\/2015\/03\/10505000_878854515461876_8136673763347990328_o-1024x683.jpg?strip=info&#038;w=900 900w,https:\/\/i1.wp.com\/www.gdansk.baptysci.pl\/wp-content\/uploads\/2015\/03\/10505000_878854515461876_8136673763347990328_o-1024x683.jpg?strip=info&#038;w=1200 1200w,https:\/\/i1.wp.com\/www.gdansk.baptysci.pl\/wp-content\/uploads\/2015\/03\/10505000_878854515461876_8136673763347990328_o-1024x683.jpg?strip=info&#038;w=1500 1500w,https:\/\/i1.wp.com\/www.gdansk.baptysci.pl\/wp-content\/uploads\/2015\/03\/10505000_878854515461876_8136673763347990328_o-1024x683.jpg?strip=info&#038;w=1800 1800w,https:\/\/i1.wp.com\/www.gdansk.baptysci.pl\/wp-content\/uploads\/2015\/03\/10505000_878854515461876_8136673763347990328_o-1024x683.jpg?strip=info&#038;w=2000 2000w\" alt=\"\" data-height=\"1365\" data-id=\"1311\" data-link=\"http:\/\/www.gdansk.baptysci.pl\/index.php\/2015\/03\/07\/kosciol-to-ludzie\/10505000_878854515461876_8136673763347990328_o\/\" data-url=\"http:\/\/www.gdansk.baptysci.pl\/wp-content\/uploads\/2015\/03\/10505000_878854515461876_8136673763347990328_o-1024x683.jpg\" data-width=\"2048\" src=\"https:\/\/i1.wp.com\/www.gdansk.baptysci.pl\/wp-content\/uploads\/2015\/03\/10505000_878854515461876_8136673763347990328_o-1024x683.jpg\" data-amp-layout=\"responsive\"\/><\/figure><\/div><div class=\"tiled-gallery__col\" style=\"flex-basis:30.82032%\"><figure class=\"tiled-gallery__item\"><img data-attachment-id=\"1312\" data-permalink=\"http:\/\/www.gdansk.baptysci.pl\/index.php\/2015\/03\/22\/kosciol-to-ludzie\/10507137_878854812128513_2831584509595834922_o\/\" data-orig-file=\"http:\/\/www.gdansk.baptysci.pl\/wp-content\/uploads\/2015\/03\/10507137_878854812128513_2831584509595834922_o.jpg\" data-orig-size=\"1365,2048\" data-comments-opened=\"1\" data-image-meta=\"{&quot;aperture&quot;:&quot;0&quot;,&quot;credit&quot;:&quot;Picasa&quot;,&quot;camera&quot;:&quot;&quot;,&quot;caption&quot;:&quot;&quot;,&quot;created_timestamp&quot;:&quot;0&quot;,&quot;copyright&quot;:&quot;&quot;,&quot;focal_length&quot;:&quot;0&quot;,&quot;iso&quot;:&quot;0&quot;,&quot;shutter_speed&quot;:&quot;0&quot;,&quot;title&quot;:&quot;&quot;,&quot;orientation&quot;:&quot;0&quot;}\" data-image-title=\"IMG_011\" data-image-description=\"\" data-image-caption=\"&lt;p&gt;fot. Artur Grybek&lt;\/p&gt;\n\" data-medium-file=\"http:\/\/www.gdansk.baptysci.pl\/wp-content\/uploads\/2015\/03\/10507137_878854812128513_2831584509595834922_o-200x300.jpg\" data-large-file=\"http:\/\/www.gdansk.baptysci.pl\/wp-content\/uploads\/2015\/03\/10507137_878854812128513_2831584509595834922_o-683x1024.jpg\" data-attachment-id=\"1312\" data-permalink=\"http:\/\/www.gdansk.baptysci.pl\/index.php\/2015\/03\/22\/kosciol-to-ludzie\/10507137_878854812128513_2831584509595834922_o\/\" data-orig-file=\"http:\/\/www.gdansk.baptysci.pl\/wp-content\/uploads\/2015\/03\/10507137_878854812128513_2831584509595834922_o.jpg\" data-orig-size=\"1365,2048\" data-comments-opened=\"1\" data-image-meta=\"{&quot;aperture&quot;:&quot;0&quot;,&quot;credit&quot;:&quot;Picasa&quot;,&quot;camera&quot;:&quot;&quot;,&quot;caption&quot;:&quot;&quot;,&quot;created_timestamp&quot;:&quot;0&quot;,&quot;copyright&quot;:&quot;&quot;,&quot;focal_length&quot;:&quot;0&quot;,&quot;iso&quot;:&quot;0&quot;,&quot;shutter_speed&quot;:&quot;0&quot;,&quot;title&quot;:&quot;&quot;,&quot;orientation&quot;:&quot;0&quot;}\" data-image-title=\"IMG_011\" data-image-description=\"\" data-image-caption=\"&lt;p&gt;fot. Artur Grybek&lt;\/p&gt;\n\" data-medium-file=\"http:\/\/www.gdansk.baptysci.pl\/wp-content\/uploads\/2015\/03\/10507137_878854812128513_2831584509595834922_o-200x300.jpg\" data-large-file=\"http:\/\/www.gdansk.baptysci.pl\/wp-content\/uploads\/2015\/03\/10507137_878854812128513_2831584509595834922_o-683x1024.jpg\" decoding=\"async\" data-attachment-id=\"1312\" data-permalink=\"http:\/\/www.gdansk.baptysci.pl\/index.php\/2015\/03\/22\/kosciol-to-ludzie\/10507137_878854812128513_2831584509595834922_o\/\" data-orig-file=\"http:\/\/www.gdansk.baptysci.pl\/wp-content\/uploads\/2015\/03\/10507137_878854812128513_2831584509595834922_o.jpg\" data-orig-size=\"1365,2048\" data-comments-opened=\"1\" data-image-meta=\"{&quot;aperture&quot;:&quot;0&quot;,&quot;credit&quot;:&quot;Picasa&quot;,&quot;camera&quot;:&quot;&quot;,&quot;caption&quot;:&quot;&quot;,&quot;created_timestamp&quot;:&quot;0&quot;,&quot;copyright&quot;:&quot;&quot;,&quot;focal_length&quot;:&quot;0&quot;,&quot;iso&quot;:&quot;0&quot;,&quot;shutter_speed&quot;:&quot;0&quot;,&quot;title&quot;:&quot;&quot;,&quot;orientation&quot;:&quot;0&quot;}\" data-image-title=\"IMG_011\" data-image-description=\"\" data-image-caption=\"&lt;p&gt;fot. Artur Grybek&lt;\/p&gt;\n\" data-medium-file=\"http:\/\/www.gdansk.baptysci.pl\/wp-content\/uploads\/2015\/03\/10507137_878854812128513_2831584509595834922_o-200x300.jpg\" data-large-file=\"http:\/\/www.gdansk.baptysci.pl\/wp-content\/uploads\/2015\/03\/10507137_878854812128513_2831584509595834922_o-683x1024.jpg\" srcset=\"https:\/\/i2.wp.com\/www.gdansk.baptysci.pl\/wp-content\/uploads\/2015\/03\/10507137_878854812128513_2831584509595834922_o-683x1024.jpg?strip=info&#038;w=600 600w,https:\/\/i2.wp.com\/www.gdansk.baptysci.pl\/wp-content\/uploads\/2015\/03\/10507137_878854812128513_2831584509595834922_o-683x1024.jpg?strip=info&#038;w=900 900w,https:\/\/i2.wp.com\/www.gdansk.baptysci.pl\/wp-content\/uploads\/2015\/03\/10507137_878854812128513_2831584509595834922_o-683x1024.jpg?strip=info&#038;w=1200 1200w,https:\/\/i2.wp.com\/www.gdansk.baptysci.pl\/wp-content\/uploads\/2015\/03\/10507137_878854812128513_2831584509595834922_o-683x1024.jpg?strip=info&#038;w=1365 1365w\" alt=\"\" data-height=\"2048\" data-id=\"1312\" data-link=\"http:\/\/www.gdansk.baptysci.pl\/index.php\/2015\/03\/07\/kosciol-to-ludzie\/10507137_878854812128513_2831584509595834922_o\/\" data-url=\"http:\/\/www.gdansk.baptysci.pl\/wp-content\/uploads\/2015\/03\/10507137_878854812128513_2831584509595834922_o-683x1024.jpg\" data-width=\"1365\" src=\"https:\/\/i2.wp.com\/www.gdansk.baptysci.pl\/wp-content\/uploads\/2015\/03\/10507137_878854812128513_2831584509595834922_o-683x1024.jpg\" data-amp-layout=\"responsive\"\/><\/figure><\/div><\/div><div class=\"tiled-gallery__row\"><div class=\"tiled-gallery__col\" style=\"flex-basis:69.35072%\"><figure class=\"tiled-gallery__item\"><img data-attachment-id=\"1313\" data-permalink=\"http:\/\/www.gdansk.baptysci.pl\/index.php\/2015\/03\/22\/kosciol-to-ludzie\/10708623_1055325611148098_3861723768209040845_o\/\" data-orig-file=\"http:\/\/www.gdansk.baptysci.pl\/wp-content\/uploads\/2015\/03\/10708623_1055325611148098_3861723768209040845_o.jpg\" data-orig-size=\"2048,1356\" data-comments-opened=\"1\" data-image-meta=\"{&quot;aperture&quot;:&quot;0&quot;,&quot;credit&quot;:&quot;&quot;,&quot;camera&quot;:&quot;&quot;,&quot;caption&quot;:&quot;&quot;,&quot;created_timestamp&quot;:&quot;0&quot;,&quot;copyright&quot;:&quot;&quot;,&quot;focal_length&quot;:&quot;0&quot;,&quot;iso&quot;:&quot;0&quot;,&quot;shutter_speed&quot;:&quot;0&quot;,&quot;title&quot;:&quot;&quot;,&quot;orientation&quot;:&quot;0&quot;}\" data-image-title=\"IMG_010\" data-image-description=\"\" data-image-caption=\"&lt;p&gt;fot. Artur Grybek&lt;\/p&gt;\n\" data-medium-file=\"http:\/\/www.gdansk.baptysci.pl\/wp-content\/uploads\/2015\/03\/10708623_1055325611148098_3861723768209040845_o-300x199.jpg\" data-large-file=\"http:\/\/www.gdansk.baptysci.pl\/wp-content\/uploads\/2015\/03\/10708623_1055325611148098_3861723768209040845_o-1024x678.jpg\" data-attachment-id=\"1313\" data-permalink=\"http:\/\/www.gdansk.baptysci.pl\/index.php\/2015\/03\/22\/kosciol-to-ludzie\/10708623_1055325611148098_3861723768209040845_o\/\" data-orig-file=\"http:\/\/www.gdansk.baptysci.pl\/wp-content\/uploads\/2015\/03\/10708623_1055325611148098_3861723768209040845_o.jpg\" data-orig-size=\"2048,1356\" data-comments-opened=\"1\" data-image-meta=\"{&quot;aperture&quot;:&quot;0&quot;,&quot;credit&quot;:&quot;&quot;,&quot;camera&quot;:&quot;&quot;,&quot;caption&quot;:&quot;&quot;,&quot;created_timestamp&quot;:&quot;0&quot;,&quot;copyright&quot;:&quot;&quot;,&quot;focal_length&quot;:&quot;0&quot;,&quot;iso&quot;:&quot;0&quot;,&quot;shutter_speed&quot;:&quot;0&quot;,&quot;title&quot;:&quot;&quot;,&quot;orientation&quot;:&quot;0&quot;}\" data-image-title=\"IMG_010\" data-image-description=\"\" data-image-caption=\"&lt;p&gt;fot. Artur Grybek&lt;\/p&gt;\n\" data-medium-file=\"http:\/\/www.gdansk.baptysci.pl\/wp-content\/uploads\/2015\/03\/10708623_1055325611148098_3861723768209040845_o-300x199.jpg\" data-large-file=\"http:\/\/www.gdansk.baptysci.pl\/wp-content\/uploads\/2015\/03\/10708623_1055325611148098_3861723768209040845_o-1024x678.jpg\" decoding=\"async\" data-attachment-id=\"1313\" data-permalink=\"http:\/\/www.gdansk.baptysci.pl\/index.php\/2015\/03\/22\/kosciol-to-ludzie\/10708623_1055325611148098_3861723768209040845_o\/\" data-orig-file=\"http:\/\/www.gdansk.baptysci.pl\/wp-content\/uploads\/2015\/03\/10708623_1055325611148098_3861723768209040845_o.jpg\" data-orig-size=\"2048,1356\" data-comments-opened=\"1\" data-image-meta=\"{&quot;aperture&quot;:&quot;0&quot;,&quot;credit&quot;:&quot;&quot;,&quot;camera&quot;:&quot;&quot;,&quot;caption&quot;:&quot;&quot;,&quot;created_timestamp&quot;:&quot;0&quot;,&quot;copyright&quot;:&quot;&quot;,&quot;focal_length&quot;:&quot;0&quot;,&quot;iso&quot;:&quot;0&quot;,&quot;shutter_speed&quot;:&quot;0&quot;,&quot;title&quot;:&quot;&quot;,&quot;orientation&quot;:&quot;0&quot;}\" data-image-title=\"IMG_010\" data-image-description=\"\" data-image-caption=\"&lt;p&gt;fot. Artur Grybek&lt;\/p&gt;\n\" data-medium-file=\"http:\/\/www.gdansk.baptysci.pl\/wp-content\/uploads\/2015\/03\/10708623_1055325611148098_3861723768209040845_o-300x199.jpg\" data-large-file=\"http:\/\/www.gdansk.baptysci.pl\/wp-content\/uploads\/2015\/03\/10708623_1055325611148098_3861723768209040845_o-1024x678.jpg\" srcset=\"https:\/\/i1.wp.com\/www.gdansk.baptysci.pl\/wp-content\/uploads\/2015\/03\/10708623_1055325611148098_3861723768209040845_o-1024x678.jpg?strip=info&#038;w=600 600w,https:\/\/i1.wp.com\/www.gdansk.baptysci.pl\/wp-content\/uploads\/2015\/03\/10708623_1055325611148098_3861723768209040845_o-1024x678.jpg?strip=info&#038;w=900 900w,https:\/\/i1.wp.com\/www.gdansk.baptysci.pl\/wp-content\/uploads\/2015\/03\/10708623_1055325611148098_3861723768209040845_o-1024x678.jpg?strip=info&#038;w=1200 1200w,https:\/\/i1.wp.com\/www.gdansk.baptysci.pl\/wp-content\/uploads\/2015\/03\/10708623_1055325611148098_3861723768209040845_o-1024x678.jpg?strip=info&#038;w=1500 1500w,https:\/\/i1.wp.com\/www.gdansk.baptysci.pl\/wp-content\/uploads\/2015\/03\/10708623_1055325611148098_3861723768209040845_o-1024x678.jpg?strip=info&#038;w=1800 1800w,https:\/\/i1.wp.com\/www.gdansk.baptysci.pl\/wp-content\/uploads\/2015\/03\/10708623_1055325611148098_3861723768209040845_o-1024x678.jpg?strip=info&#038;w=2000 2000w\" alt=\"\" data-height=\"1356\" data-id=\"1313\" data-link=\"http:\/\/www.gdansk.baptysci.pl\/index.php\/2015\/03\/07\/kosciol-to-ludzie\/10708623_1055325611148098_3861723768209040845_o\/\" data-url=\"http:\/\/www.gdansk.baptysci.pl\/wp-content\/uploads\/2015\/03\/10708623_1055325611148098_3861723768209040845_o-1024x678.jpg\" data-width=\"2048\" src=\"https:\/\/i1.wp.com\/www.gdansk.baptysci.pl\/wp-content\/uploads\/2015\/03\/10708623_1055325611148098_3861723768209040845_o-1024x678.jpg\" data-amp-layout=\"responsive\"\/><\/figure><\/div><div class=\"tiled-gallery__col\" style=\"flex-basis:30.64928%\"><figure class=\"tiled-gallery__item\"><img data-attachment-id=\"1314\" data-permalink=\"http:\/\/www.gdansk.baptysci.pl\/index.php\/2015\/03\/22\/kosciol-to-ludzie\/10923301_1055325704481422_7512994039290279049_o\/\" data-orig-file=\"http:\/\/www.gdansk.baptysci.pl\/wp-content\/uploads\/2015\/03\/10923301_1055325704481422_7512994039290279049_o.jpg\" data-orig-size=\"1363,2048\" data-comments-opened=\"1\" data-image-meta=\"{&quot;aperture&quot;:&quot;0&quot;,&quot;credit&quot;:&quot;Picasa&quot;,&quot;camera&quot;:&quot;&quot;,&quot;caption&quot;:&quot;&quot;,&quot;created_timestamp&quot;:&quot;0&quot;,&quot;copyright&quot;:&quot;&quot;,&quot;focal_length&quot;:&quot;0&quot;,&quot;iso&quot;:&quot;0&quot;,&quot;shutter_speed&quot;:&quot;0&quot;,&quot;title&quot;:&quot;&quot;,&quot;orientation&quot;:&quot;0&quot;}\" data-image-title=\"IMG_009\" data-image-description=\"\" data-image-caption=\"&lt;p&gt;fot. Artur Grybek&lt;\/p&gt;\n\" data-medium-file=\"http:\/\/www.gdansk.baptysci.pl\/wp-content\/uploads\/2015\/03\/10923301_1055325704481422_7512994039290279049_o-200x300.jpg\" data-large-file=\"http:\/\/www.gdansk.baptysci.pl\/wp-content\/uploads\/2015\/03\/10923301_1055325704481422_7512994039290279049_o-682x1024.jpg\" data-attachment-id=\"1314\" data-permalink=\"http:\/\/www.gdansk.baptysci.pl\/index.php\/2015\/03\/22\/kosciol-to-ludzie\/10923301_1055325704481422_7512994039290279049_o\/\" data-orig-file=\"http:\/\/www.gdansk.baptysci.pl\/wp-content\/uploads\/2015\/03\/10923301_1055325704481422_7512994039290279049_o.jpg\" data-orig-size=\"1363,2048\" data-comments-opened=\"1\" data-image-meta=\"{&quot;aperture&quot;:&quot;0&quot;,&quot;credit&quot;:&quot;Picasa&quot;,&quot;camera&quot;:&quot;&quot;,&quot;caption&quot;:&quot;&quot;,&quot;created_timestamp&quot;:&quot;0&quot;,&quot;copyright&quot;:&quot;&quot;,&quot;focal_length&quot;:&quot;0&quot;,&quot;iso&quot;:&quot;0&quot;,&quot;shutter_speed&quot;:&quot;0&quot;,&quot;title&quot;:&quot;&quot;,&quot;orientation&quot;:&quot;0&quot;}\" data-image-title=\"IMG_009\" data-image-description=\"\" data-image-caption=\"&lt;p&gt;fot. Artur Grybek&lt;\/p&gt;\n\" data-medium-file=\"http:\/\/www.gdansk.baptysci.pl\/wp-content\/uploads\/2015\/03\/10923301_1055325704481422_7512994039290279049_o-200x300.jpg\" data-large-file=\"http:\/\/www.gdansk.baptysci.pl\/wp-content\/uploads\/2015\/03\/10923301_1055325704481422_7512994039290279049_o-682x1024.jpg\" decoding=\"async\" data-attachment-id=\"1314\" data-permalink=\"http:\/\/www.gdansk.baptysci.pl\/index.php\/2015\/03\/22\/kosciol-to-ludzie\/10923301_1055325704481422_7512994039290279049_o\/\" data-orig-file=\"http:\/\/www.gdansk.baptysci.pl\/wp-content\/uploads\/2015\/03\/10923301_1055325704481422_7512994039290279049_o.jpg\" data-orig-size=\"1363,2048\" data-comments-opened=\"1\" data-image-meta=\"{&quot;aperture&quot;:&quot;0&quot;,&quot;credit&quot;:&quot;Picasa&quot;,&quot;camera&quot;:&quot;&quot;,&quot;caption&quot;:&quot;&quot;,&quot;created_timestamp&quot;:&quot;0&quot;,&quot;copyright&quot;:&quot;&quot;,&quot;focal_length&quot;:&quot;0&quot;,&quot;iso&quot;:&quot;0&quot;,&quot;shutter_speed&quot;:&quot;0&quot;,&quot;title&quot;:&quot;&quot;,&quot;orientation&quot;:&quot;0&quot;}\" data-image-title=\"IMG_009\" data-image-description=\"\" data-image-caption=\"&lt;p&gt;fot. Artur Grybek&lt;\/p&gt;\n\" data-medium-file=\"http:\/\/www.gdansk.baptysci.pl\/wp-content\/uploads\/2015\/03\/10923301_1055325704481422_7512994039290279049_o-200x300.jpg\" data-large-file=\"http:\/\/www.gdansk.baptysci.pl\/wp-content\/uploads\/2015\/03\/10923301_1055325704481422_7512994039290279049_o-682x1024.jpg\" srcset=\"https:\/\/i2.wp.com\/www.gdansk.baptysci.pl\/wp-content\/uploads\/2015\/03\/10923301_1055325704481422_7512994039290279049_o-682x1024.jpg?strip=info&#038;w=600 600w,https:\/\/i2.wp.com\/www.gdansk.baptysci.pl\/wp-content\/uploads\/2015\/03\/10923301_1055325704481422_7512994039290279049_o-682x1024.jpg?strip=info&#038;w=900 900w,https:\/\/i2.wp.com\/www.gdansk.baptysci.pl\/wp-content\/uploads\/2015\/03\/10923301_1055325704481422_7512994039290279049_o-682x1024.jpg?strip=info&#038;w=1200 1200w,https:\/\/i2.wp.com\/www.gdansk.baptysci.pl\/wp-content\/uploads\/2015\/03\/10923301_1055325704481422_7512994039290279049_o-682x1024.jpg?strip=info&#038;w=1363 1363w\" alt=\"\" data-height=\"2048\" data-id=\"1314\" data-link=\"http:\/\/www.gdansk.baptysci.pl\/index.php\/2015\/03\/07\/kosciol-to-ludzie\/10923301_1055325704481422_7512994039290279049_o\/\" data-url=\"http:\/\/www.gdansk.baptysci.pl\/wp-content\/uploads\/2015\/03\/10923301_1055325704481422_7512994039290279049_o-682x1024.jpg\" data-width=\"1363\" src=\"https:\/\/i2.wp.com\/www.gdansk.baptysci.pl\/wp-content\/uploads\/2015\/03\/10923301_1055325704481422_7512994039290279049_o-682x1024.jpg\" data-amp-layout=\"responsive\"\/><\/figure><\/div><\/div><div class=\"tiled-gallery__row\"><div class=\"tiled-gallery__col\" style=\"flex-basis:24.95875%\"><figure class=\"tiled-gallery__item\"><img data-attachment-id=\"1315\" data-permalink=\"http:\/\/www.gdansk.baptysci.pl\/index.php\/2015\/03\/22\/kosciol-to-ludzie\/10991675_1055325777814748_1754186868481465597_o\/\" data-orig-file=\"http:\/\/www.gdansk.baptysci.pl\/wp-content\/uploads\/2015\/03\/10991675_1055325777814748_1754186868481465597_o.jpg\" data-orig-size=\"1356,2048\" data-comments-opened=\"1\" data-image-meta=\"{&quot;aperture&quot;:&quot;0&quot;,&quot;credit&quot;:&quot;&quot;,&quot;camera&quot;:&quot;&quot;,&quot;caption&quot;:&quot;&quot;,&quot;created_timestamp&quot;:&quot;0&quot;,&quot;copyright&quot;:&quot;&quot;,&quot;focal_length&quot;:&quot;0&quot;,&quot;iso&quot;:&quot;0&quot;,&quot;shutter_speed&quot;:&quot;0&quot;,&quot;title&quot;:&quot;&quot;,&quot;orientation&quot;:&quot;0&quot;}\" data-image-title=\"IMG_008\" data-image-description=\"\" data-image-caption=\"&lt;p&gt;fot. Artur Grybek&lt;\/p&gt;\n\" data-medium-file=\"http:\/\/www.gdansk.baptysci.pl\/wp-content\/uploads\/2015\/03\/10991675_1055325777814748_1754186868481465597_o-199x300.jpg\" data-large-file=\"http:\/\/www.gdansk.baptysci.pl\/wp-content\/uploads\/2015\/03\/10991675_1055325777814748_1754186868481465597_o-678x1024.jpg\" data-attachment-id=\"1315\" data-permalink=\"http:\/\/www.gdansk.baptysci.pl\/index.php\/2015\/03\/22\/kosciol-to-ludzie\/10991675_1055325777814748_1754186868481465597_o\/\" data-orig-file=\"http:\/\/www.gdansk.baptysci.pl\/wp-content\/uploads\/2015\/03\/10991675_1055325777814748_1754186868481465597_o.jpg\" data-orig-size=\"1356,2048\" data-comments-opened=\"1\" data-image-meta=\"{&quot;aperture&quot;:&quot;0&quot;,&quot;credit&quot;:&quot;&quot;,&quot;camera&quot;:&quot;&quot;,&quot;caption&quot;:&quot;&quot;,&quot;created_timestamp&quot;:&quot;0&quot;,&quot;copyright&quot;:&quot;&quot;,&quot;focal_length&quot;:&quot;0&quot;,&quot;iso&quot;:&quot;0&quot;,&quot;shutter_speed&quot;:&quot;0&quot;,&quot;title&quot;:&quot;&quot;,&quot;orientation&quot;:&quot;0&quot;}\" data-image-title=\"IMG_008\" data-image-description=\"\" data-image-caption=\"&lt;p&gt;fot. Artur Grybek&lt;\/p&gt;\n\" data-medium-file=\"http:\/\/www.gdansk.baptysci.pl\/wp-content\/uploads\/2015\/03\/10991675_1055325777814748_1754186868481465597_o-199x300.jpg\" data-large-file=\"http:\/\/www.gdansk.baptysci.pl\/wp-content\/uploads\/2015\/03\/10991675_1055325777814748_1754186868481465597_o-678x1024.jpg\" decoding=\"async\" data-attachment-id=\"1315\" data-permalink=\"http:\/\/www.gdansk.baptysci.pl\/index.php\/2015\/03\/22\/kosciol-to-ludzie\/10991675_1055325777814748_1754186868481465597_o\/\" data-orig-file=\"http:\/\/www.gdansk.baptysci.pl\/wp-content\/uploads\/2015\/03\/10991675_1055325777814748_1754186868481465597_o.jpg\" data-orig-size=\"1356,2048\" data-comments-opened=\"1\" data-image-meta=\"{&quot;aperture&quot;:&quot;0&quot;,&quot;credit&quot;:&quot;&quot;,&quot;camera&quot;:&quot;&quot;,&quot;caption&quot;:&quot;&quot;,&quot;created_timestamp&quot;:&quot;0&quot;,&quot;copyright&quot;:&quot;&quot;,&quot;focal_length&quot;:&quot;0&quot;,&quot;iso&quot;:&quot;0&quot;,&quot;shutter_speed&quot;:&quot;0&quot;,&quot;title&quot;:&quot;&quot;,&quot;orientation&quot;:&quot;0&quot;}\" data-image-title=\"IMG_008\" data-image-description=\"\" data-image-caption=\"&lt;p&gt;fot. Artur Grybek&lt;\/p&gt;\n\" data-medium-file=\"http:\/\/www.gdansk.baptysci.pl\/wp-content\/uploads\/2015\/03\/10991675_1055325777814748_1754186868481465597_o-199x300.jpg\" data-large-file=\"http:\/\/www.gdansk.baptysci.pl\/wp-content\/uploads\/2015\/03\/10991675_1055325777814748_1754186868481465597_o-678x1024.jpg\" srcset=\"https:\/\/i2.wp.com\/www.gdansk.baptysci.pl\/wp-content\/uploads\/2015\/03\/10991675_1055325777814748_1754186868481465597_o-678x1024.jpg?strip=info&#038;w=600 600w,https:\/\/i2.wp.com\/www.gdansk.baptysci.pl\/wp-content\/uploads\/2015\/03\/10991675_1055325777814748_1754186868481465597_o-678x1024.jpg?strip=info&#038;w=900 900w,https:\/\/i2.wp.com\/www.gdansk.baptysci.pl\/wp-content\/uploads\/2015\/03\/10991675_1055325777814748_1754186868481465597_o-678x1024.jpg?strip=info&#038;w=1200 1200w,https:\/\/i2.wp.com\/www.gdansk.baptysci.pl\/wp-content\/uploads\/2015\/03\/10991675_1055325777814748_1754186868481465597_o-678x1024.jpg?strip=info&#038;w=1356 1356w\" alt=\"\" data-height=\"2048\" data-id=\"1315\" data-link=\"http:\/\/www.gdansk.baptysci.pl\/index.php\/2015\/03\/07\/kosciol-to-ludzie\/10991675_1055325777814748_1754186868481465597_o\/\" data-url=\"http:\/\/www.gdansk.baptysci.pl\/wp-content\/uploads\/2015\/03\/10991675_1055325777814748_1754186868481465597_o-678x1024.jpg\" data-width=\"1356\" src=\"https:\/\/i2.wp.com\/www.gdansk.baptysci.pl\/wp-content\/uploads\/2015\/03\/10991675_1055325777814748_1754186868481465597_o-678x1024.jpg\" data-amp-layout=\"responsive\"\/><\/figure><\/div><div class=\"tiled-gallery__col\" style=\"flex-basis:24.95875%\"><figure class=\"tiled-gallery__item\"><img data-attachment-id=\"1316\" data-permalink=\"http:\/\/www.gdansk.baptysci.pl\/index.php\/2015\/03\/22\/kosciol-to-ludzie\/11054376_1055325701148089_5722395788364598273_o\/\" data-orig-file=\"http:\/\/www.gdansk.baptysci.pl\/wp-content\/uploads\/2015\/03\/11054376_1055325701148089_5722395788364598273_o.jpg\" data-orig-size=\"1356,2048\" data-comments-opened=\"1\" data-image-meta=\"{&quot;aperture&quot;:&quot;0&quot;,&quot;credit&quot;:&quot;&quot;,&quot;camera&quot;:&quot;&quot;,&quot;caption&quot;:&quot;&quot;,&quot;created_timestamp&quot;:&quot;0&quot;,&quot;copyright&quot;:&quot;&quot;,&quot;focal_length&quot;:&quot;0&quot;,&quot;iso&quot;:&quot;0&quot;,&quot;shutter_speed&quot;:&quot;0&quot;,&quot;title&quot;:&quot;&quot;,&quot;orientation&quot;:&quot;0&quot;}\" data-image-title=\"IMG_007\" data-image-description=\"\" data-image-caption=\"&lt;p&gt;fot. Artur Grybek&lt;\/p&gt;\n\" data-medium-file=\"http:\/\/www.gdansk.baptysci.pl\/wp-content\/uploads\/2015\/03\/11054376_1055325701148089_5722395788364598273_o-199x300.jpg\" data-large-file=\"http:\/\/www.gdansk.baptysci.pl\/wp-content\/uploads\/2015\/03\/11054376_1055325701148089_5722395788364598273_o-678x1024.jpg\" data-attachment-id=\"1316\" data-permalink=\"http:\/\/www.gdansk.baptysci.pl\/index.php\/2015\/03\/22\/kosciol-to-ludzie\/11054376_1055325701148089_5722395788364598273_o\/\" data-orig-file=\"http:\/\/www.gdansk.baptysci.pl\/wp-content\/uploads\/2015\/03\/11054376_1055325701148089_5722395788364598273_o.jpg\" data-orig-size=\"1356,2048\" data-comments-opened=\"1\" data-image-meta=\"{&quot;aperture&quot;:&quot;0&quot;,&quot;credit&quot;:&quot;&quot;,&quot;camera&quot;:&quot;&quot;,&quot;caption&quot;:&quot;&quot;,&quot;created_timestamp&quot;:&quot;0&quot;,&quot;copyright&quot;:&quot;&quot;,&quot;focal_length&quot;:&quot;0&quot;,&quot;iso&quot;:&quot;0&quot;,&quot;shutter_speed&quot;:&quot;0&quot;,&quot;title&quot;:&quot;&quot;,&quot;orientation&quot;:&quot;0&quot;}\" data-image-title=\"IMG_007\" data-image-description=\"\" data-image-caption=\"&lt;p&gt;fot. Artur Grybek&lt;\/p&gt;\n\" data-medium-file=\"http:\/\/www.gdansk.baptysci.pl\/wp-content\/uploads\/2015\/03\/11054376_1055325701148089_5722395788364598273_o-199x300.jpg\" data-large-file=\"http:\/\/www.gdansk.baptysci.pl\/wp-content\/uploads\/2015\/03\/11054376_1055325701148089_5722395788364598273_o-678x1024.jpg\" decoding=\"async\" data-attachment-id=\"1316\" data-permalink=\"http:\/\/www.gdansk.baptysci.pl\/index.php\/2015\/03\/22\/kosciol-to-ludzie\/11054376_1055325701148089_5722395788364598273_o\/\" data-orig-file=\"http:\/\/www.gdansk.baptysci.pl\/wp-content\/uploads\/2015\/03\/11054376_1055325701148089_5722395788364598273_o.jpg\" data-orig-size=\"1356,2048\" data-comments-opened=\"1\" data-image-meta=\"{&quot;aperture&quot;:&quot;0&quot;,&quot;credit&quot;:&quot;&quot;,&quot;camera&quot;:&quot;&quot;,&quot;caption&quot;:&quot;&quot;,&quot;created_timestamp&quot;:&quot;0&quot;,&quot;copyright&quot;:&quot;&quot;,&quot;focal_length&quot;:&quot;0&quot;,&quot;iso&quot;:&quot;0&quot;,&quot;shutter_speed&quot;:&quot;0&quot;,&quot;title&quot;:&quot;&quot;,&quot;orientation&quot;:&quot;0&quot;}\" data-image-title=\"IMG_007\" data-image-description=\"\" data-image-caption=\"&lt;p&gt;fot. Artur Grybek&lt;\/p&gt;\n\" data-medium-file=\"http:\/\/www.gdansk.baptysci.pl\/wp-content\/uploads\/2015\/03\/11054376_1055325701148089_5722395788364598273_o-199x300.jpg\" data-large-file=\"http:\/\/www.gdansk.baptysci.pl\/wp-content\/uploads\/2015\/03\/11054376_1055325701148089_5722395788364598273_o-678x1024.jpg\" srcset=\"https:\/\/i0.wp.com\/www.gdansk.baptysci.pl\/wp-content\/uploads\/2015\/03\/11054376_1055325701148089_5722395788364598273_o-678x1024.jpg?strip=info&#038;w=600 600w,https:\/\/i0.wp.com\/www.gdansk.baptysci.pl\/wp-content\/uploads\/2015\/03\/11054376_1055325701148089_5722395788364598273_o-678x1024.jpg?strip=info&#038;w=900 900w,https:\/\/i0.wp.com\/www.gdansk.baptysci.pl\/wp-content\/uploads\/2015\/03\/11054376_1055325701148089_5722395788364598273_o-678x1024.jpg?strip=info&#038;w=1200 1200w,https:\/\/i0.wp.com\/www.gdansk.baptysci.pl\/wp-content\/uploads\/2015\/03\/11054376_1055325701148089_5722395788364598273_o-678x1024.jpg?strip=info&#038;w=1356 1356w\" alt=\"\" data-height=\"2048\" data-id=\"1316\" data-link=\"http:\/\/www.gdansk.baptysci.pl\/index.php\/2015\/03\/07\/kosciol-to-ludzie\/11054376_1055325701148089_5722395788364598273_o\/\" data-url=\"http:\/\/www.gdansk.baptysci.pl\/wp-content\/uploads\/2015\/03\/11054376_1055325701148089_5722395788364598273_o-678x1024.jpg\" data-width=\"1356\" src=\"https:\/\/i0.wp.com\/www.gdansk.baptysci.pl\/wp-content\/uploads\/2015\/03\/11054376_1055325701148089_5722395788364598273_o-678x1024.jpg\" data-amp-layout=\"responsive\"\/><\/figure><\/div><div class=\"tiled-gallery__col\" style=\"flex-basis:24.95875%\"><figure class=\"tiled-gallery__item\"><img data-attachment-id=\"1317\" data-permalink=\"http:\/\/www.gdansk.baptysci.pl\/index.php\/2015\/03\/22\/kosciol-to-ludzie\/11058659_1055325854481407_259485106020839081_o\/\" data-orig-file=\"http:\/\/www.gdansk.baptysci.pl\/wp-content\/uploads\/2015\/03\/11058659_1055325854481407_259485106020839081_o.jpg\" data-orig-size=\"1356,2048\" data-comments-opened=\"1\" data-image-meta=\"{&quot;aperture&quot;:&quot;0&quot;,&quot;credit&quot;:&quot;&quot;,&quot;camera&quot;:&quot;&quot;,&quot;caption&quot;:&quot;&quot;,&quot;created_timestamp&quot;:&quot;0&quot;,&quot;copyright&quot;:&quot;&quot;,&quot;focal_length&quot;:&quot;0&quot;,&quot;iso&quot;:&quot;0&quot;,&quot;shutter_speed&quot;:&quot;0&quot;,&quot;title&quot;:&quot;&quot;,&quot;orientation&quot;:&quot;0&quot;}\" data-image-title=\"IMG_006\" data-image-description=\"\" data-image-caption=\"&lt;p&gt;fot. Artur Grybek&lt;\/p&gt;\n\" data-medium-file=\"http:\/\/www.gdansk.baptysci.pl\/wp-content\/uploads\/2015\/03\/11058659_1055325854481407_259485106020839081_o-199x300.jpg\" data-large-file=\"http:\/\/www.gdansk.baptysci.pl\/wp-content\/uploads\/2015\/03\/11058659_1055325854481407_259485106020839081_o-678x1024.jpg\" data-attachment-id=\"1317\" data-permalink=\"http:\/\/www.gdansk.baptysci.pl\/index.php\/2015\/03\/22\/kosciol-to-ludzie\/11058659_1055325854481407_259485106020839081_o\/\" data-orig-file=\"http:\/\/www.gdansk.baptysci.pl\/wp-content\/uploads\/2015\/03\/11058659_1055325854481407_259485106020839081_o.jpg\" data-orig-size=\"1356,2048\" data-comments-opened=\"1\" data-image-meta=\"{&quot;aperture&quot;:&quot;0&quot;,&quot;credit&quot;:&quot;&quot;,&quot;camera&quot;:&quot;&quot;,&quot;caption&quot;:&quot;&quot;,&quot;created_timestamp&quot;:&quot;0&quot;,&quot;copyright&quot;:&quot;&quot;,&quot;focal_length&quot;:&quot;0&quot;,&quot;iso&quot;:&quot;0&quot;,&quot;shutter_speed&quot;:&quot;0&quot;,&quot;title&quot;:&quot;&quot;,&quot;orientation&quot;:&quot;0&quot;}\" data-image-title=\"IMG_006\" data-image-description=\"\" data-image-caption=\"&lt;p&gt;fot. Artur Grybek&lt;\/p&gt;\n\" data-medium-file=\"http:\/\/www.gdansk.baptysci.pl\/wp-content\/uploads\/2015\/03\/11058659_1055325854481407_259485106020839081_o-199x300.jpg\" data-large-file=\"http:\/\/www.gdansk.baptysci.pl\/wp-content\/uploads\/2015\/03\/11058659_1055325854481407_259485106020839081_o-678x1024.jpg\" decoding=\"async\" data-attachment-id=\"1317\" data-permalink=\"http:\/\/www.gdansk.baptysci.pl\/index.php\/2015\/03\/22\/kosciol-to-ludzie\/11058659_1055325854481407_259485106020839081_o\/\" data-orig-file=\"http:\/\/www.gdansk.baptysci.pl\/wp-content\/uploads\/2015\/03\/11058659_1055325854481407_259485106020839081_o.jpg\" data-orig-size=\"1356,2048\" data-comments-opened=\"1\" data-image-meta=\"{&quot;aperture&quot;:&quot;0&quot;,&quot;credit&quot;:&quot;&quot;,&quot;camera&quot;:&quot;&quot;,&quot;caption&quot;:&quot;&quot;,&quot;created_timestamp&quot;:&quot;0&quot;,&quot;copyright&quot;:&quot;&quot;,&quot;focal_length&quot;:&quot;0&quot;,&quot;iso&quot;:&quot;0&quot;,&quot;shutter_speed&quot;:&quot;0&quot;,&quot;title&quot;:&quot;&quot;,&quot;orientation&quot;:&quot;0&quot;}\" data-image-title=\"IMG_006\" data-image-description=\"\" data-image-caption=\"&lt;p&gt;fot. Artur Grybek&lt;\/p&gt;\n\" data-medium-file=\"http:\/\/www.gdansk.baptysci.pl\/wp-content\/uploads\/2015\/03\/11058659_1055325854481407_259485106020839081_o-199x300.jpg\" data-large-file=\"http:\/\/www.gdansk.baptysci.pl\/wp-content\/uploads\/2015\/03\/11058659_1055325854481407_259485106020839081_o-678x1024.jpg\" srcset=\"https:\/\/i0.wp.com\/www.gdansk.baptysci.pl\/wp-content\/uploads\/2015\/03\/11058659_1055325854481407_259485106020839081_o-678x1024.jpg?strip=info&#038;w=600 600w,https:\/\/i0.wp.com\/www.gdansk.baptysci.pl\/wp-content\/uploads\/2015\/03\/11058659_1055325854481407_259485106020839081_o-678x1024.jpg?strip=info&#038;w=900 900w,https:\/\/i0.wp.com\/www.gdansk.baptysci.pl\/wp-content\/uploads\/2015\/03\/11058659_1055325854481407_259485106020839081_o-678x1024.jpg?strip=info&#038;w=1200 1200w,https:\/\/i0.wp.com\/www.gdansk.baptysci.pl\/wp-content\/uploads\/2015\/03\/11058659_1055325854481407_259485106020839081_o-678x1024.jpg?strip=info&#038;w=1356 1356w\" alt=\"\" data-height=\"2048\" data-id=\"1317\" data-link=\"http:\/\/www.gdansk.baptysci.pl\/index.php\/2015\/03\/07\/kosciol-to-ludzie\/11058659_1055325854481407_259485106020839081_o\/\" data-url=\"http:\/\/www.gdansk.baptysci.pl\/wp-content\/uploads\/2015\/03\/11058659_1055325854481407_259485106020839081_o-678x1024.jpg\" data-width=\"1356\" src=\"https:\/\/i0.wp.com\/www.gdansk.baptysci.pl\/wp-content\/uploads\/2015\/03\/11058659_1055325854481407_259485106020839081_o-678x1024.jpg\" data-amp-layout=\"responsive\"\/><\/figure><\/div><div class=\"tiled-gallery__col\" style=\"flex-basis:25.12375%\"><figure class=\"tiled-gallery__item\"><img data-attachment-id=\"1318\" data-permalink=\"http:\/\/www.gdansk.baptysci.pl\/index.php\/2015\/03\/22\/kosciol-to-ludzie\/11062560_1055321034481889_3719769757693959767_o\/\" data-orig-file=\"http:\/\/www.gdansk.baptysci.pl\/wp-content\/uploads\/2015\/03\/11062560_1055321034481889_3719769757693959767_o.jpg\" data-orig-size=\"1365,2048\" data-comments-opened=\"1\" data-image-meta=\"{&quot;aperture&quot;:&quot;0&quot;,&quot;credit&quot;:&quot;Picasa&quot;,&quot;camera&quot;:&quot;&quot;,&quot;caption&quot;:&quot;&quot;,&quot;created_timestamp&quot;:&quot;0&quot;,&quot;copyright&quot;:&quot;&quot;,&quot;focal_length&quot;:&quot;0&quot;,&quot;iso&quot;:&quot;0&quot;,&quot;shutter_speed&quot;:&quot;0&quot;,&quot;title&quot;:&quot;&quot;,&quot;orientation&quot;:&quot;0&quot;}\" data-image-title=\"IMG_005_WR\" data-image-description=\"\" data-image-caption=\"&lt;p&gt;fot. Artur Grybek&lt;\/p&gt;\n\" data-medium-file=\"http:\/\/www.gdansk.baptysci.pl\/wp-content\/uploads\/2015\/03\/11062560_1055321034481889_3719769757693959767_o-200x300.jpg\" data-large-file=\"http:\/\/www.gdansk.baptysci.pl\/wp-content\/uploads\/2015\/03\/11062560_1055321034481889_3719769757693959767_o-683x1024.jpg\" data-attachment-id=\"1318\" data-permalink=\"http:\/\/www.gdansk.baptysci.pl\/index.php\/2015\/03\/22\/kosciol-to-ludzie\/11062560_1055321034481889_3719769757693959767_o\/\" data-orig-file=\"http:\/\/www.gdansk.baptysci.pl\/wp-content\/uploads\/2015\/03\/11062560_1055321034481889_3719769757693959767_o.jpg\" data-orig-size=\"1365,2048\" data-comments-opened=\"1\" data-image-meta=\"{&quot;aperture&quot;:&quot;0&quot;,&quot;credit&quot;:&quot;Picasa&quot;,&quot;camera&quot;:&quot;&quot;,&quot;caption&quot;:&quot;&quot;,&quot;created_timestamp&quot;:&quot;0&quot;,&quot;copyright&quot;:&quot;&quot;,&quot;focal_length&quot;:&quot;0&quot;,&quot;iso&quot;:&quot;0&quot;,&quot;shutter_speed&quot;:&quot;0&quot;,&quot;title&quot;:&quot;&quot;,&quot;orientation&quot;:&quot;0&quot;}\" data-image-title=\"IMG_005_WR\" data-image-description=\"\" data-image-caption=\"&lt;p&gt;fot. Artur Grybek&lt;\/p&gt;\n\" data-medium-file=\"http:\/\/www.gdansk.baptysci.pl\/wp-content\/uploads\/2015\/03\/11062560_1055321034481889_3719769757693959767_o-200x300.jpg\" data-large-file=\"http:\/\/www.gdansk.baptysci.pl\/wp-content\/uploads\/2015\/03\/11062560_1055321034481889_3719769757693959767_o-683x1024.jpg\" decoding=\"async\" data-attachment-id=\"1318\" data-permalink=\"http:\/\/www.gdansk.baptysci.pl\/index.php\/2015\/03\/22\/kosciol-to-ludzie\/11062560_1055321034481889_3719769757693959767_o\/\" data-orig-file=\"http:\/\/www.gdansk.baptysci.pl\/wp-content\/uploads\/2015\/03\/11062560_1055321034481889_3719769757693959767_o.jpg\" data-orig-size=\"1365,2048\" data-comments-opened=\"1\" data-image-meta=\"{&quot;aperture&quot;:&quot;0&quot;,&quot;credit&quot;:&quot;Picasa&quot;,&quot;camera&quot;:&quot;&quot;,&quot;caption&quot;:&quot;&quot;,&quot;created_timestamp&quot;:&quot;0&quot;,&quot;copyright&quot;:&quot;&quot;,&quot;focal_length&quot;:&quot;0&quot;,&quot;iso&quot;:&quot;0&quot;,&quot;shutter_speed&quot;:&quot;0&quot;,&quot;title&quot;:&quot;&quot;,&quot;orientation&quot;:&quot;0&quot;}\" data-image-title=\"IMG_005_WR\" data-image-description=\"\" data-image-caption=\"&lt;p&gt;fot. Artur Grybek&lt;\/p&gt;\n\" data-medium-file=\"http:\/\/www.gdansk.baptysci.pl\/wp-content\/uploads\/2015\/03\/11062560_1055321034481889_3719769757693959767_o-200x300.jpg\" data-large-file=\"http:\/\/www.gdansk.baptysci.pl\/wp-content\/uploads\/2015\/03\/11062560_1055321034481889_3719769757693959767_o-683x1024.jpg\" srcset=\"https:\/\/i2.wp.com\/www.gdansk.baptysci.pl\/wp-content\/uploads\/2015\/03\/11062560_1055321034481889_3719769757693959767_o-683x1024.jpg?strip=info&#038;w=600 600w,https:\/\/i2.wp.com\/www.gdansk.baptysci.pl\/wp-content\/uploads\/2015\/03\/11062560_1055321034481889_3719769757693959767_o-683x1024.jpg?strip=info&#038;w=900 900w,https:\/\/i2.wp.com\/www.gdansk.baptysci.pl\/wp-content\/uploads\/2015\/03\/11062560_1055321034481889_3719769757693959767_o-683x1024.jpg?strip=info&#038;w=1200 1200w,https:\/\/i2.wp.com\/www.gdansk.baptysci.pl\/wp-content\/uploads\/2015\/03\/11062560_1055321034481889_3719769757693959767_o-683x1024.jpg?strip=info&#038;w=1365 1365w\" alt=\"\" data-height=\"2048\" data-id=\"1318\" data-link=\"http:\/\/www.gdansk.baptysci.pl\/index.php\/2015\/03\/07\/kosciol-to-ludzie\/11062560_1055321034481889_3719769757693959767_o\/\" data-url=\"http:\/\/www.gdansk.baptysci.pl\/wp-content\/uploads\/2015\/03\/11062560_1055321034481889_3719769757693959767_o-683x1024.jpg\" data-width=\"1365\" src=\"https:\/\/i2.wp.com\/www.gdansk.baptysci.pl\/wp-content\/uploads\/2015\/03\/11062560_1055321034481889_3719769757693959767_o-683x1024.jpg\" data-amp-layout=\"responsive\"\/><\/figure><\/div><\/div><div class=\"tiled-gallery__row\"><div class=\"tiled-gallery__col\" style=\"flex-basis:69.45968%\"><figure class=\"tiled-gallery__item\"><img data-attachment-id=\"1319\" data-permalink=\"http:\/\/www.gdansk.baptysci.pl\/index.php\/2015\/03\/22\/kosciol-to-ludzie\/11067145_1055325597814766_6535291076815345664_o\/\" data-orig-file=\"http:\/\/www.gdansk.baptysci.pl\/wp-content\/uploads\/2015\/03\/11067145_1055325597814766_6535291076815345664_o.jpg\" data-orig-size=\"2048,1356\" data-comments-opened=\"1\" data-image-meta=\"{&quot;aperture&quot;:&quot;0&quot;,&quot;credit&quot;:&quot;&quot;,&quot;camera&quot;:&quot;&quot;,&quot;caption&quot;:&quot;&quot;,&quot;created_timestamp&quot;:&quot;0&quot;,&quot;copyright&quot;:&quot;&quot;,&quot;focal_length&quot;:&quot;0&quot;,&quot;iso&quot;:&quot;0&quot;,&quot;shutter_speed&quot;:&quot;0&quot;,&quot;title&quot;:&quot;&quot;,&quot;orientation&quot;:&quot;0&quot;}\" data-image-title=\"IMG_003_WR\" data-image-description=\"\" data-image-caption=\"&lt;p&gt;fot. Artur Grybek&lt;\/p&gt;\n\" data-medium-file=\"http:\/\/www.gdansk.baptysci.pl\/wp-content\/uploads\/2015\/03\/11067145_1055325597814766_6535291076815345664_o-300x199.jpg\" data-large-file=\"http:\/\/www.gdansk.baptysci.pl\/wp-content\/uploads\/2015\/03\/11067145_1055325597814766_6535291076815345664_o-1024x678.jpg\" data-attachment-id=\"1319\" data-permalink=\"http:\/\/www.gdansk.baptysci.pl\/index.php\/2015\/03\/22\/kosciol-to-ludzie\/11067145_1055325597814766_6535291076815345664_o\/\" data-orig-file=\"http:\/\/www.gdansk.baptysci.pl\/wp-content\/uploads\/2015\/03\/11067145_1055325597814766_6535291076815345664_o.jpg\" data-orig-size=\"2048,1356\" data-comments-opened=\"1\" data-image-meta=\"{&quot;aperture&quot;:&quot;0&quot;,&quot;credit&quot;:&quot;&quot;,&quot;camera&quot;:&quot;&quot;,&quot;caption&quot;:&quot;&quot;,&quot;created_timestamp&quot;:&quot;0&quot;,&quot;copyright&quot;:&quot;&quot;,&quot;focal_length&quot;:&quot;0&quot;,&quot;iso&quot;:&quot;0&quot;,&quot;shutter_speed&quot;:&quot;0&quot;,&quot;title&quot;:&quot;&quot;,&quot;orientation&quot;:&quot;0&quot;}\" data-image-title=\"IMG_003_WR\" data-image-description=\"\" data-image-caption=\"&lt;p&gt;fot. Artur Grybek&lt;\/p&gt;\n\" data-medium-file=\"http:\/\/www.gdansk.baptysci.pl\/wp-content\/uploads\/2015\/03\/11067145_1055325597814766_6535291076815345664_o-300x199.jpg\" data-large-file=\"http:\/\/www.gdansk.baptysci.pl\/wp-content\/uploads\/2015\/03\/11067145_1055325597814766_6535291076815345664_o-1024x678.jpg\" decoding=\"async\" data-attachment-id=\"1319\" data-permalink=\"http:\/\/www.gdansk.baptysci.pl\/index.php\/2015\/03\/22\/kosciol-to-ludzie\/11067145_1055325597814766_6535291076815345664_o\/\" data-orig-file=\"http:\/\/www.gdansk.baptysci.pl\/wp-content\/uploads\/2015\/03\/11067145_1055325597814766_6535291076815345664_o.jpg\" data-orig-size=\"2048,1356\" data-comments-opened=\"1\" data-image-meta=\"{&quot;aperture&quot;:&quot;0&quot;,&quot;credit&quot;:&quot;&quot;,&quot;camera&quot;:&quot;&quot;,&quot;caption&quot;:&quot;&quot;,&quot;created_timestamp&quot;:&quot;0&quot;,&quot;copyright&quot;:&quot;&quot;,&quot;focal_length&quot;:&quot;0&quot;,&quot;iso&quot;:&quot;0&quot;,&quot;shutter_speed&quot;:&quot;0&quot;,&quot;title&quot;:&quot;&quot;,&quot;orientation&quot;:&quot;0&quot;}\" data-image-title=\"IMG_003_WR\" data-image-description=\"\" data-image-caption=\"&lt;p&gt;fot. Artur Grybek&lt;\/p&gt;\n\" data-medium-file=\"http:\/\/www.gdansk.baptysci.pl\/wp-content\/uploads\/2015\/03\/11067145_1055325597814766_6535291076815345664_o-300x199.jpg\" data-large-file=\"http:\/\/www.gdansk.baptysci.pl\/wp-content\/uploads\/2015\/03\/11067145_1055325597814766_6535291076815345664_o-1024x678.jpg\" srcset=\"https:\/\/i1.wp.com\/www.gdansk.baptysci.pl\/wp-content\/uploads\/2015\/03\/11067145_1055325597814766_6535291076815345664_o-1024x678.jpg?strip=info&#038;w=600 600w,https:\/\/i1.wp.com\/www.gdansk.baptysci.pl\/wp-content\/uploads\/2015\/03\/11067145_1055325597814766_6535291076815345664_o-1024x678.jpg?strip=info&#038;w=900 900w,https:\/\/i1.wp.com\/www.gdansk.baptysci.pl\/wp-content\/uploads\/2015\/03\/11067145_1055325597814766_6535291076815345664_o-1024x678.jpg?strip=info&#038;w=1200 1200w,https:\/\/i1.wp.com\/www.gdansk.baptysci.pl\/wp-content\/uploads\/2015\/03\/11067145_1055325597814766_6535291076815345664_o-1024x678.jpg?strip=info&#038;w=1500 1500w,https:\/\/i1.wp.com\/www.gdansk.baptysci.pl\/wp-content\/uploads\/2015\/03\/11067145_1055325597814766_6535291076815345664_o-1024x678.jpg?strip=info&#038;w=1800 1800w,https:\/\/i1.wp.com\/www.gdansk.baptysci.pl\/wp-content\/uploads\/2015\/03\/11067145_1055325597814766_6535291076815345664_o-1024x678.jpg?strip=info&#038;w=2000 2000w\" alt=\"\" data-height=\"1356\" data-id=\"1319\" data-link=\"http:\/\/www.gdansk.baptysci.pl\/index.php\/2015\/03\/07\/kosciol-to-ludzie\/11067145_1055325597814766_6535291076815345664_o\/\" data-url=\"http:\/\/www.gdansk.baptysci.pl\/wp-content\/uploads\/2015\/03\/11067145_1055325597814766_6535291076815345664_o-1024x678.jpg\" data-width=\"2048\" src=\"https:\/\/i1.wp.com\/www.gdansk.baptysci.pl\/wp-content\/uploads\/2015\/03\/11067145_1055325597814766_6535291076815345664_o-1024x678.jpg\" data-amp-layout=\"responsive\"\/><\/figure><\/div><div class=\"tiled-gallery__col\" style=\"flex-basis:30.54032%\"><figure class=\"tiled-gallery__item\"><img data-attachment-id=\"1320\" data-permalink=\"http:\/\/www.gdansk.baptysci.pl\/index.php\/2015\/03\/22\/kosciol-to-ludzie\/11071793_1055320957815230_3484167727222838192_o\/\" data-orig-file=\"http:\/\/www.gdansk.baptysci.pl\/wp-content\/uploads\/2015\/03\/11071793_1055320957815230_3484167727222838192_o.jpg\" data-orig-size=\"1356,2048\" data-comments-opened=\"1\" data-image-meta=\"{&quot;aperture&quot;:&quot;0&quot;,&quot;credit&quot;:&quot;&quot;,&quot;camera&quot;:&quot;&quot;,&quot;caption&quot;:&quot;&quot;,&quot;created_timestamp&quot;:&quot;0&quot;,&quot;copyright&quot;:&quot;&quot;,&quot;focal_length&quot;:&quot;0&quot;,&quot;iso&quot;:&quot;0&quot;,&quot;shutter_speed&quot;:&quot;0&quot;,&quot;title&quot;:&quot;&quot;,&quot;orientation&quot;:&quot;0&quot;}\" data-image-title=\"IMG_002_WR\" data-image-description=\"\" data-image-caption=\"&lt;p&gt;fot. Artur Grybek&lt;\/p&gt;\n\" data-medium-file=\"http:\/\/www.gdansk.baptysci.pl\/wp-content\/uploads\/2015\/03\/11071793_1055320957815230_3484167727222838192_o-199x300.jpg\" data-large-file=\"http:\/\/www.gdansk.baptysci.pl\/wp-content\/uploads\/2015\/03\/11071793_1055320957815230_3484167727222838192_o-678x1024.jpg\" data-attachment-id=\"1320\" data-permalink=\"http:\/\/www.gdansk.baptysci.pl\/index.php\/2015\/03\/22\/kosciol-to-ludzie\/11071793_1055320957815230_3484167727222838192_o\/\" data-orig-file=\"http:\/\/www.gdansk.baptysci.pl\/wp-content\/uploads\/2015\/03\/11071793_1055320957815230_3484167727222838192_o.jpg\" data-orig-size=\"1356,2048\" data-comments-opened=\"1\" data-image-meta=\"{&quot;aperture&quot;:&quot;0&quot;,&quot;credit&quot;:&quot;&quot;,&quot;camera&quot;:&quot;&quot;,&quot;caption&quot;:&quot;&quot;,&quot;created_timestamp&quot;:&quot;0&quot;,&quot;copyright&quot;:&quot;&quot;,&quot;focal_length&quot;:&quot;0&quot;,&quot;iso&quot;:&quot;0&quot;,&quot;shutter_speed&quot;:&quot;0&quot;,&quot;title&quot;:&quot;&quot;,&quot;orientation&quot;:&quot;0&quot;}\" data-image-title=\"IMG_002_WR\" data-image-description=\"\" data-image-caption=\"&lt;p&gt;fot. Artur Grybek&lt;\/p&gt;\n\" data-medium-file=\"http:\/\/www.gdansk.baptysci.pl\/wp-content\/uploads\/2015\/03\/11071793_1055320957815230_3484167727222838192_o-199x300.jpg\" data-large-file=\"http:\/\/www.gdansk.baptysci.pl\/wp-content\/uploads\/2015\/03\/11071793_1055320957815230_3484167727222838192_o-678x1024.jpg\" decoding=\"async\" data-attachment-id=\"1320\" data-permalink=\"http:\/\/www.gdansk.baptysci.pl\/index.php\/2015\/03\/22\/kosciol-to-ludzie\/11071793_1055320957815230_3484167727222838192_o\/\" data-orig-file=\"http:\/\/www.gdansk.baptysci.pl\/wp-content\/uploads\/2015\/03\/11071793_1055320957815230_3484167727222838192_o.jpg\" data-orig-size=\"1356,2048\" data-comments-opened=\"1\" data-image-meta=\"{&quot;aperture&quot;:&quot;0&quot;,&quot;credit&quot;:&quot;&quot;,&quot;camera&quot;:&quot;&quot;,&quot;caption&quot;:&quot;&quot;,&quot;created_timestamp&quot;:&quot;0&quot;,&quot;copyright&quot;:&quot;&quot;,&quot;focal_length&quot;:&quot;0&quot;,&quot;iso&quot;:&quot;0&quot;,&quot;shutter_speed&quot;:&quot;0&quot;,&quot;title&quot;:&quot;&quot;,&quot;orientation&quot;:&quot;0&quot;}\" data-image-title=\"IMG_002_WR\" data-image-description=\"\" data-image-caption=\"&lt;p&gt;fot. Artur Grybek&lt;\/p&gt;\n\" data-medium-file=\"http:\/\/www.gdansk.baptysci.pl\/wp-content\/uploads\/2015\/03\/11071793_1055320957815230_3484167727222838192_o-199x300.jpg\" data-large-file=\"http:\/\/www.gdansk.baptysci.pl\/wp-content\/uploads\/2015\/03\/11071793_1055320957815230_3484167727222838192_o-678x1024.jpg\" srcset=\"https:\/\/i2.wp.com\/www.gdansk.baptysci.pl\/wp-content\/uploads\/2015\/03\/11071793_1055320957815230_3484167727222838192_o-678x1024.jpg?strip=info&#038;w=600 600w,https:\/\/i2.wp.com\/www.gdansk.baptysci.pl\/wp-content\/uploads\/2015\/03\/11071793_1055320957815230_3484167727222838192_o-678x1024.jpg?strip=info&#038;w=900 900w,https:\/\/i2.wp.com\/www.gdansk.baptysci.pl\/wp-content\/uploads\/2015\/03\/11071793_1055320957815230_3484167727222838192_o-678x1024.jpg?strip=info&#038;w=1200 1200w,https:\/\/i2.wp.com\/www.gdansk.baptysci.pl\/wp-content\/uploads\/2015\/03\/11071793_1055320957815230_3484167727222838192_o-678x1024.jpg?strip=info&#038;w=1356 1356w\" alt=\"\" data-height=\"2048\" data-id=\"1320\" data-link=\"http:\/\/www.gdansk.baptysci.pl\/index.php\/2015\/03\/07\/kosciol-to-ludzie\/11071793_1055320957815230_3484167727222838192_o\/\" data-url=\"http:\/\/www.gdansk.baptysci.pl\/wp-content\/uploads\/2015\/03\/11071793_1055320957815230_3484167727222838192_o-678x1024.jpg\" data-width=\"1356\" src=\"https:\/\/i2.wp.com\/www.gdansk.baptysci.pl\/wp-content\/uploads\/2015\/03\/11071793_1055320957815230_3484167727222838192_o-678x1024.jpg\" data-amp-layout=\"responsive\"\/><\/figure><\/div><\/div><div class=\"tiled-gallery__row\"><div class=\"tiled-gallery__col\" style=\"flex-basis:33.33333%\"><figure class=\"tiled-gallery__item\"><img data-attachment-id=\"1321\" data-permalink=\"http:\/\/www.gdansk.baptysci.pl\/index.php\/2015\/03\/22\/kosciol-to-ludzie\/11082339_1055325604481432_1740764534136502576_o\/\" data-orig-file=\"http:\/\/www.gdansk.baptysci.pl\/wp-content\/uploads\/2015\/03\/11082339_1055325604481432_1740764534136502576_o.jpg\" data-orig-size=\"1356,2048\" data-comments-opened=\"1\" data-image-meta=\"{&quot;aperture&quot;:&quot;0&quot;,&quot;credit&quot;:&quot;&quot;,&quot;camera&quot;:&quot;&quot;,&quot;caption&quot;:&quot;&quot;,&quot;created_timestamp&quot;:&quot;0&quot;,&quot;copyright&quot;:&quot;&quot;,&quot;focal_length&quot;:&quot;0&quot;,&quot;iso&quot;:&quot;0&quot;,&quot;shutter_speed&quot;:&quot;0&quot;,&quot;title&quot;:&quot;&quot;,&quot;orientation&quot;:&quot;0&quot;}\" data-image-title=\"IMG_0001_WR\" data-image-description=\"\" data-image-caption=\"&lt;p&gt;fot. Artur Grybek&lt;\/p&gt;\n\" data-medium-file=\"http:\/\/www.gdansk.baptysci.pl\/wp-content\/uploads\/2015\/03\/11082339_1055325604481432_1740764534136502576_o-199x300.jpg\" data-large-file=\"http:\/\/www.gdansk.baptysci.pl\/wp-content\/uploads\/2015\/03\/11082339_1055325604481432_1740764534136502576_o-678x1024.jpg\" data-attachment-id=\"1321\" data-permalink=\"http:\/\/www.gdansk.baptysci.pl\/index.php\/2015\/03\/22\/kosciol-to-ludzie\/11082339_1055325604481432_1740764534136502576_o\/\" data-orig-file=\"http:\/\/www.gdansk.baptysci.pl\/wp-content\/uploads\/2015\/03\/11082339_1055325604481432_1740764534136502576_o.jpg\" data-orig-size=\"1356,2048\" data-comments-opened=\"1\" data-image-meta=\"{&quot;aperture&quot;:&quot;0&quot;,&quot;credit&quot;:&quot;&quot;,&quot;camera&quot;:&quot;&quot;,&quot;caption&quot;:&quot;&quot;,&quot;created_timestamp&quot;:&quot;0&quot;,&quot;copyright&quot;:&quot;&quot;,&quot;focal_length&quot;:&quot;0&quot;,&quot;iso&quot;:&quot;0&quot;,&quot;shutter_speed&quot;:&quot;0&quot;,&quot;title&quot;:&quot;&quot;,&quot;orientation&quot;:&quot;0&quot;}\" data-image-title=\"IMG_0001_WR\" data-image-description=\"\" data-image-caption=\"&lt;p&gt;fot. Artur Grybek&lt;\/p&gt;\n\" data-medium-file=\"http:\/\/www.gdansk.baptysci.pl\/wp-content\/uploads\/2015\/03\/11082339_1055325604481432_1740764534136502576_o-199x300.jpg\" data-large-file=\"http:\/\/www.gdansk.baptysci.pl\/wp-content\/uploads\/2015\/03\/11082339_1055325604481432_1740764534136502576_o-678x1024.jpg\" decoding=\"async\" data-attachment-id=\"1321\" data-permalink=\"http:\/\/www.gdansk.baptysci.pl\/index.php\/2015\/03\/22\/kosciol-to-ludzie\/11082339_1055325604481432_1740764534136502576_o\/\" data-orig-file=\"http:\/\/www.gdansk.baptysci.pl\/wp-content\/uploads\/2015\/03\/11082339_1055325604481432_1740764534136502576_o.jpg\" data-orig-size=\"1356,2048\" data-comments-opened=\"1\" data-image-meta=\"{&quot;aperture&quot;:&quot;0&quot;,&quot;credit&quot;:&quot;&quot;,&quot;camera&quot;:&quot;&quot;,&quot;caption&quot;:&quot;&quot;,&quot;created_timestamp&quot;:&quot;0&quot;,&quot;copyright&quot;:&quot;&quot;,&quot;focal_length&quot;:&quot;0&quot;,&quot;iso&quot;:&quot;0&quot;,&quot;shutter_speed&quot;:&quot;0&quot;,&quot;title&quot;:&quot;&quot;,&quot;orientation&quot;:&quot;0&quot;}\" data-image-title=\"IMG_0001_WR\" data-image-description=\"\" data-image-caption=\"&lt;p&gt;fot. Artur Grybek&lt;\/p&gt;\n\" data-medium-file=\"http:\/\/www.gdansk.baptysci.pl\/wp-content\/uploads\/2015\/03\/11082339_1055325604481432_1740764534136502576_o-199x300.jpg\" data-large-file=\"http:\/\/www.gdansk.baptysci.pl\/wp-content\/uploads\/2015\/03\/11082339_1055325604481432_1740764534136502576_o-678x1024.jpg\" srcset=\"https:\/\/i2.wp.com\/www.gdansk.baptysci.pl\/wp-content\/uploads\/2015\/03\/11082339_1055325604481432_1740764534136502576_o-678x1024.jpg?strip=info&#038;w=600 600w,https:\/\/i2.wp.com\/www.gdansk.baptysci.pl\/wp-content\/uploads\/2015\/03\/11082339_1055325604481432_1740764534136502576_o-678x1024.jpg?strip=info&#038;w=900 900w,https:\/\/i2.wp.com\/www.gdansk.baptysci.pl\/wp-content\/uploads\/2015\/03\/11082339_1055325604481432_1740764534136502576_o-678x1024.jpg?strip=info&#038;w=1200 1200w,https:\/\/i2.wp.com\/www.gdansk.baptysci.pl\/wp-content\/uploads\/2015\/03\/11082339_1055325604481432_1740764534136502576_o-678x1024.jpg?strip=info&#038;w=1356 1356w\" alt=\"\" data-height=\"2048\" data-id=\"1321\" data-link=\"http:\/\/www.gdansk.baptysci.pl\/index.php\/2015\/03\/07\/kosciol-to-ludzie\/11082339_1055325604481432_1740764534136502576_o\/\" data-url=\"http:\/\/www.gdansk.baptysci.pl\/wp-content\/uploads\/2015\/03\/11082339_1055325604481432_1740764534136502576_o-678x1024.jpg\" data-width=\"1356\" src=\"https:\/\/i2.wp.com\/www.gdansk.baptysci.pl\/wp-content\/uploads\/2015\/03\/11082339_1055325604481432_1740764534136502576_o-678x1024.jpg\" data-amp-layout=\"responsive\"\/><\/figure><\/div><div class=\"tiled-gallery__col\" style=\"flex-basis:33.33333%\"><figure class=\"tiled-gallery__item\"><img data-attachment-id=\"1278\" data-permalink=\"http:\/\/www.gdansk.baptysci.pl\/index.php\/2015\/03\/15\/chrzest-wiary\/11075250_1055314301149229_6564761149260784319_o\/\" data-orig-file=\"http:\/\/www.gdansk.baptysci.pl\/wp-content\/uploads\/2015\/02\/11075250_1055314301149229_6564761149260784319_o.jpg\" data-orig-size=\"1356,2048\" data-comments-opened=\"1\" data-image-meta=\"{&quot;aperture&quot;:&quot;0&quot;,&quot;credit&quot;:&quot;&quot;,&quot;camera&quot;:&quot;&quot;,&quot;caption&quot;:&quot;&quot;,&quot;created_timestamp&quot;:&quot;0&quot;,&quot;copyright&quot;:&quot;&quot;,&quot;focal_length&quot;:&quot;0&quot;,&quot;iso&quot;:&quot;0&quot;,&quot;shutter_speed&quot;:&quot;0&quot;,&quot;title&quot;:&quot;&quot;,&quot;orientation&quot;:&quot;0&quot;}\" data-image-title=\"11075250_1055314301149229_6564761149260784319_o\" data-image-description=\"\" data-image-caption=\"&lt;p&gt;fot. Artur Grybek&lt;\/p&gt;\n\" data-medium-file=\"http:\/\/www.gdansk.baptysci.pl\/wp-content\/uploads\/2015\/02\/11075250_1055314301149229_6564761149260784319_o-199x300.jpg\" data-large-file=\"http:\/\/www.gdansk.baptysci.pl\/wp-content\/uploads\/2015\/02\/11075250_1055314301149229_6564761149260784319_o-678x1024.jpg\" data-attachment-id=\"1278\" data-permalink=\"http:\/\/www.gdansk.baptysci.pl\/index.php\/2015\/03\/15\/chrzest-wiary\/11075250_1055314301149229_6564761149260784319_o\/\" data-orig-file=\"http:\/\/www.gdansk.baptysci.pl\/wp-content\/uploads\/2015\/02\/11075250_1055314301149229_6564761149260784319_o.jpg\" data-orig-size=\"1356,2048\" data-comments-opened=\"1\" data-image-meta=\"{&quot;aperture&quot;:&quot;0&quot;,&quot;credit&quot;:&quot;&quot;,&quot;camera&quot;:&quot;&quot;,&quot;caption&quot;:&quot;&quot;,&quot;created_timestamp&quot;:&quot;0&quot;,&quot;copyright&quot;:&quot;&quot;,&quot;focal_length&quot;:&quot;0&quot;,&quot;iso&quot;:&quot;0&quot;,&quot;shutter_speed&quot;:&quot;0&quot;,&quot;title&quot;:&quot;&quot;,&quot;orientation&quot;:&quot;0&quot;}\" data-image-title=\"11075250_1055314301149229_6564761149260784319_o\" data-image-description=\"\" data-image-caption=\"&lt;p&gt;fot. Artur Grybek&lt;\/p&gt;\n\" data-medium-file=\"http:\/\/www.gdansk.baptysci.pl\/wp-content\/uploads\/2015\/02\/11075250_1055314301149229_6564761149260784319_o-199x300.jpg\" data-large-file=\"http:\/\/www.gdansk.baptysci.pl\/wp-content\/uploads\/2015\/02\/11075250_1055314301149229_6564761149260784319_o-678x1024.jpg\" decoding=\"async\" data-attachment-id=\"1278\" data-permalink=\"http:\/\/www.gdansk.baptysci.pl\/index.php\/2015\/03\/15\/chrzest-wiary\/11075250_1055314301149229_6564761149260784319_o\/\" data-orig-file=\"http:\/\/www.gdansk.baptysci.pl\/wp-content\/uploads\/2015\/02\/11075250_1055314301149229_6564761149260784319_o.jpg\" data-orig-size=\"1356,2048\" data-comments-opened=\"1\" data-image-meta=\"{&quot;aperture&quot;:&quot;0&quot;,&quot;credit&quot;:&quot;&quot;,&quot;camera&quot;:&quot;&quot;,&quot;caption&quot;:&quot;&quot;,&quot;created_timestamp&quot;:&quot;0&quot;,&quot;copyright&quot;:&quot;&quot;,&quot;focal_length&quot;:&quot;0&quot;,&quot;iso&quot;:&quot;0&quot;,&quot;shutter_speed&quot;:&quot;0&quot;,&quot;title&quot;:&quot;&quot;,&quot;orientation&quot;:&quot;0&quot;}\" data-image-title=\"11075250_1055314301149229_6564761149260784319_o\" data-image-description=\"\" data-image-caption=\"&lt;p&gt;fot. Artur Grybek&lt;\/p&gt;\n\" data-medium-file=\"http:\/\/www.gdansk.baptysci.pl\/wp-content\/uploads\/2015\/02\/11075250_1055314301149229_6564761149260784319_o-199x300.jpg\" data-large-file=\"http:\/\/www.gdansk.baptysci.pl\/wp-content\/uploads\/2015\/02\/11075250_1055314301149229_6564761149260784319_o-678x1024.jpg\" srcset=\"https:\/\/i1.wp.com\/www.gdansk.baptysci.pl\/wp-content\/uploads\/2015\/02\/11075250_1055314301149229_6564761149260784319_o-678x1024.jpg?strip=info&#038;w=600 600w,https:\/\/i1.wp.com\/www.gdansk.baptysci.pl\/wp-content\/uploads\/2015\/02\/11075250_1055314301149229_6564761149260784319_o-678x1024.jpg?strip=info&#038;w=900 900w,https:\/\/i1.wp.com\/www.gdansk.baptysci.pl\/wp-content\/uploads\/2015\/02\/11075250_1055314301149229_6564761149260784319_o-678x1024.jpg?strip=info&#038;w=1200 1200w,https:\/\/i1.wp.com\/www.gdansk.baptysci.pl\/wp-content\/uploads\/2015\/02\/11075250_1055314301149229_6564761149260784319_o-678x1024.jpg?strip=info&#038;w=1356 1356w\" alt=\"\" data-height=\"2048\" data-id=\"1278\" data-link=\"http:\/\/www.gdansk.baptysci.pl\/index.php\/2015\/03\/15\/chrzest-wiary\/11075250_1055314301149229_6564761149260784319_o\/\" data-url=\"http:\/\/www.gdansk.baptysci.pl\/wp-content\/uploads\/2015\/02\/11075250_1055314301149229_6564761149260784319_o-678x1024.jpg\" data-width=\"1356\" src=\"https:\/\/i1.wp.com\/www.gdansk.baptysci.pl\/wp-content\/uploads\/2015\/02\/11075250_1055314301149229_6564761149260784319_o-678x1024.jpg\" data-amp-layout=\"responsive\"\/><\/figure><\/div><div class=\"tiled-gallery__col\" style=\"flex-basis:33.33333%\"><figure class=\"tiled-gallery__item\"><img data-attachment-id=\"1257\" data-permalink=\"http:\/\/www.gdansk.baptysci.pl\/index.php\/2015\/03\/15\/chrzest-wiary\/10980197_1055317771148882_2862128224859709178_o\/\" data-orig-file=\"http:\/\/www.gdansk.baptysci.pl\/wp-content\/uploads\/2015\/02\/10980197_1055317771148882_2862128224859709178_o.jpg\" data-orig-size=\"1356,2048\" data-comments-opened=\"1\" data-image-meta=\"{&quot;aperture&quot;:&quot;0&quot;,&quot;credit&quot;:&quot;&quot;,&quot;camera&quot;:&quot;&quot;,&quot;caption&quot;:&quot;&quot;,&quot;created_timestamp&quot;:&quot;0&quot;,&quot;copyright&quot;:&quot;&quot;,&quot;focal_length&quot;:&quot;0&quot;,&quot;iso&quot;:&quot;0&quot;,&quot;shutter_speed&quot;:&quot;0&quot;,&quot;title&quot;:&quot;&quot;,&quot;orientation&quot;:&quot;0&quot;}\" data-image-title=\"10980197_1055317771148882_2862128224859709178_o\" data-image-description=\"\" data-image-caption=\"&lt;p&gt;fot. Artur Grybek&lt;\/p&gt;\n\" data-medium-file=\"http:\/\/www.gdansk.baptysci.pl\/wp-content\/uploads\/2015\/02\/10980197_1055317771148882_2862128224859709178_o-199x300.jpg\" data-large-file=\"http:\/\/www.gdansk.baptysci.pl\/wp-content\/uploads\/2015\/02\/10980197_1055317771148882_2862128224859709178_o-678x1024.jpg\" data-attachment-id=\"1257\" data-permalink=\"http:\/\/www.gdansk.baptysci.pl\/index.php\/2015\/03\/15\/chrzest-wiary\/10980197_1055317771148882_2862128224859709178_o\/\" data-orig-file=\"http:\/\/www.gdansk.baptysci.pl\/wp-content\/uploads\/2015\/02\/10980197_1055317771148882_2862128224859709178_o.jpg\" data-orig-size=\"1356,2048\" data-comments-opened=\"1\" data-image-meta=\"{&quot;aperture&quot;:&quot;0&quot;,&quot;credit&quot;:&quot;&quot;,&quot;camera&quot;:&quot;&quot;,&quot;caption&quot;:&quot;&quot;,&quot;created_timestamp&quot;:&quot;0&quot;,&quot;copyright&quot;:&quot;&quot;,&quot;focal_length&quot;:&quot;0&quot;,&quot;iso&quot;:&quot;0&quot;,&quot;shutter_speed&quot;:&quot;0&quot;,&quot;title&quot;:&quot;&quot;,&quot;orientation&quot;:&quot;0&quot;}\" data-image-title=\"10980197_1055317771148882_2862128224859709178_o\" data-image-description=\"\" data-image-caption=\"&lt;p&gt;fot. Artur Grybek&lt;\/p&gt;\n\" data-medium-file=\"http:\/\/www.gdansk.baptysci.pl\/wp-content\/uploads\/2015\/02\/10980197_1055317771148882_2862128224859709178_o-199x300.jpg\" data-large-file=\"http:\/\/www.gdansk.baptysci.pl\/wp-content\/uploads\/2015\/02\/10980197_1055317771148882_2862128224859709178_o-678x1024.jpg\" decoding=\"async\" data-attachment-id=\"1257\" data-permalink=\"http:\/\/www.gdansk.baptysci.pl\/index.php\/2015\/03\/15\/chrzest-wiary\/10980197_1055317771148882_2862128224859709178_o\/\" data-orig-file=\"http:\/\/www.gdansk.baptysci.pl\/wp-content\/uploads\/2015\/02\/10980197_1055317771148882_2862128224859709178_o.jpg\" data-orig-size=\"1356,2048\" data-comments-opened=\"1\" data-image-meta=\"{&quot;aperture&quot;:&quot;0&quot;,&quot;credit&quot;:&quot;&quot;,&quot;camera&quot;:&quot;&quot;,&quot;caption&quot;:&quot;&quot;,&quot;created_timestamp&quot;:&quot;0&quot;,&quot;copyright&quot;:&quot;&quot;,&quot;focal_length&quot;:&quot;0&quot;,&quot;iso&quot;:&quot;0&quot;,&quot;shutter_speed&quot;:&quot;0&quot;,&quot;title&quot;:&quot;&quot;,&quot;orientation&quot;:&quot;0&quot;}\" data-image-title=\"10980197_1055317771148882_2862128224859709178_o\" data-image-description=\"\" data-image-caption=\"&lt;p&gt;fot. Artur Grybek&lt;\/p&gt;\n\" data-medium-file=\"http:\/\/www.gdansk.baptysci.pl\/wp-content\/uploads\/2015\/02\/10980197_1055317771148882_2862128224859709178_o-199x300.jpg\" data-large-file=\"http:\/\/www.gdansk.baptysci.pl\/wp-content\/uploads\/2015\/02\/10980197_1055317771148882_2862128224859709178_o-678x1024.jpg\" srcset=\"https:\/\/i2.wp.com\/www.gdansk.baptysci.pl\/wp-content\/uploads\/2015\/02\/10980197_1055317771148882_2862128224859709178_o-678x1024.jpg?strip=info&#038;w=600 600w,https:\/\/i2.wp.com\/www.gdansk.baptysci.pl\/wp-content\/uploads\/2015\/02\/10980197_1055317771148882_2862128224859709178_o-678x1024.jpg?strip=info&#038;w=900 900w,https:\/\/i2.wp.com\/www.gdansk.baptysci.pl\/wp-content\/uploads\/2015\/02\/10980197_1055317771148882_2862128224859709178_o-678x1024.jpg?strip=info&#038;w=1200 1200w,https:\/\/i2.wp.com\/www.gdansk.baptysci.pl\/wp-content\/uploads\/2015\/02\/10980197_1055317771148882_2862128224859709178_o-678x1024.jpg?strip=info&#038;w=1356 1356w\" alt=\"\" data-height=\"2048\" data-id=\"1257\" data-link=\"http:\/\/www.gdansk.baptysci.pl\/index.php\/2015\/03\/15\/chrzest-wiary\/10980197_1055317771148882_2862128224859709178_o\/\" data-url=\"http:\/\/www.gdansk.baptysci.pl\/wp-content\/uploads\/2015\/02\/10980197_1055317771148882_2862128224859709178_o-678x1024.jpg\" data-width=\"1356\" src=\"https:\/\/i2.wp.com\/www.gdansk.baptysci.pl\/wp-content\/uploads\/2015\/02\/10980197_1055317771148882_2862128224859709178_o-678x1024.jpg\" data-amp-layout=\"responsive\"\/><\/figure><\/div><\/div><\/div><\/div>\n<\/div>\n\n\n<hr class=\"wp-block-separator has-text-color has-dark-gray-color has-alpha-channel-opacity has-dark-gray-background-color has-background is-style-wide\"\/>\n\n<\/li><li class=\"wp-block-post post-21223 post type-post status-publish format-audio hentry category-swiadectwa category-multimedia-2015 post_format-post-format-audio\">\n\n<div class=\"is-vertical is-layout-flex wp-container-20 wp-block-group\">\n<div class=\"is-vertical is-layout-flex wp-container-19 wp-block-group\">\n<div class=\"is-vertical is-layout-flex wp-container-18 wp-block-group\"><h2 class=\"wp-block-post-title\">2015.05.17 &#8211; \u015awiadectwo Tatiany z Ukrainy<\/h2><\/div>\n<\/div>\n<\/div>\n\n\n<div class=\"is-layout-flow entry-content wp-block-post-content\">\n<figure class=\"wp-block-audio\"><audio controls src=\"https:\/\/onedrive.live.com\/download?cid=DEE334F5CF11DD5D&amp;resid=DEE334F5CF11DD5D%211187&amp;authkey=ACKC9W9lRKNPuU4\"><\/audio><\/figure>\n<\/div>\n\n\n<hr class=\"wp-block-separator has-text-color has-dark-gray-color has-alpha-channel-opacity has-dark-gray-background-color has-background is-style-wide\"\/>\n\n<\/li><li class=\"wp-block-post post-1644 post type-post status-publish format-standard has-post-thumbnail hentry category-swiadectwa category-multimedia category-multimedia-2015\">\n\n<div class=\"is-vertical is-layout-flex wp-container-24 wp-block-group\">\n<div class=\"is-vertical is-layout-flex wp-container-23 wp-block-group\">\n<div class=\"is-vertical is-layout-flex wp-container-22 wp-block-group\"><h2 class=\"wp-block-post-title\">Reporta\u017c TVP 2<\/h2><\/div>\n<\/div>\n<\/div>\n\n\n<div class=\"is-layout-flow entry-content wp-block-post-content\">\n<p><strong>Reporta\u017c &#8222;Mi\u0142ujcie nieprzyjaci\u00f3\u0142 waszych&#8221; &#8211; 19 maja, godz. 6.20 w TVP 2.<\/strong><br>To opowie\u015b\u0107, kt\u00f3ra porusza serce!&nbsp;Maksym z rodzin\u0105 musieli opu\u015bci\u0107 wschodni\u0105 Ukrain\u0119. Teraz zaczynaj\u0105 nowe \u017cycie w Polsce.<\/p>\n\n\n\n<div class=\"is-layout-flex wp-container-26 wp-block-columns\">\n<div class=\"is-layout-flow wp-block-column\" style=\"flex-basis:100%\">\n<figure class=\"wp-block-embed is-type-video is-provider-youtube wp-block-embed-youtube wp-embed-aspect-16-9 wp-has-aspect-ratio\"><div class=\"wp-block-embed__wrapper\">\n<iframe loading=\"lazy\" title=\"\u041f\u043e\u043c\u043e\u0449\u044c \u043f\u043e\u043b\u044c\u0441\u043a\u043e\u0439 \u0446\u0435\u0440\u043a\u0432\u0438 \u0434\u043b\u044f \u0443\u043a\u0440\u0430\u0438\u043d\u0446\u0435\u0432.\" width=\"840\" height=\"473\" src=\"https:\/\/www.youtube.com\/embed\/ABzedBRPWR4?feature=oembed\" frameborder=\"0\" allow=\"accelerometer; autoplay; clipboard-write; encrypted-media; gyroscope; picture-in-picture\" allowfullscreen><\/iframe>\n<\/div><\/figure>\n<\/div>\n<\/div>\n<\/div>\n\n\n<hr class=\"wp-block-separator has-text-color has-dark-gray-color has-alpha-channel-opacity has-dark-gray-background-color has-background is-style-wide\"\/>\n\n<\/li><\/ul>\n\n\n\n<\/div>\n<\/div>\n\n\n\n<div class=\"is-layout-flow wp-block-column\" style=\"flex-basis:25%\"><\/div>\n<\/div>\n","protected":false},"excerpt":{"rendered":"<p>2022 >> 2021 >> 2020 >> 2016 >> 2015 >> 2013 >> 2012 >> 2011 >> 2009<\/p>\n","protected":false},"author":33,"featured_media":0,"parent":0,"menu_order":0,"comment_status":"closed","ping_status":"closed","template":"","meta":[],"jetpack_sharing_enabled":true,"_links":{"self":[{"href":"http:\/\/www.gdansk.baptysci.pl\/index.php\/wp-json\/wp\/v2\/pages\/18923"}],"collection":[{"href":"http:\/\/www.gdansk.baptysci.pl\/index.php\/wp-json\/wp\/v2\/pages"}],"about":[{"href":"http:\/\/www.gdansk.baptysci.pl\/index.php\/wp-json\/wp\/v2\/types\/page"}],"author":[{"embeddable":true,"href":"http:\/\/www.gdansk.baptysci.pl\/index.php\/wp-json\/wp\/v2\/users\/33"}],"replies":[{"embeddable":true,"href":"http:\/\/www.gdansk.baptysci.pl\/index.php\/wp-json\/wp\/v2\/comments?post=18923"}],"version-history":[{"count":18,"href":"http:\/\/www.gdansk.baptysci.pl\/index.php\/wp-json\/wp\/v2\/pages\/18923\/revisions"}],"predecessor-version":[{"id":20403,"href":"http:\/\/www.gdansk.baptysci.pl\/index.php\/wp-json\/wp\/v2\/pages\/18923\/revisions\/20403"}],"wp:attachment":[{"href":"http:\/\/www.gdansk.baptysci.pl\/index.php\/wp-json\/wp\/v2\/media?parent=18923"}],"curies":[{"name":"wp","href":"https:\/\/api.w.org\/{rel}","templated":true}]}}